			{"id":286513,"date":"2024-09-12T09:59:07","date_gmt":"2024-09-12T13:59:07","guid":{"rendered":"https:\/\/fsc-ccf.ca\/?post_type=research&#038;p=286513"},"modified":"2024-09-12T10:15:24","modified_gmt":"2024-09-12T14:15:24","slug":"le-chomage-au-canada-rapport-du-sondage-sur-lemploi-et-les-competences","status":"publish","type":"research","link":"https:\/\/fsc-ccf.ca\/fr\/recherche\/le-chomage-au-canada-rapport-du-sondage-sur-lemploi-et-les-competences\/","title":{"rendered":"Le ch\u00f4mage au Canada : Rapport du sondage sur l\u2019emploi et les comp\u00e9tences"},"content":{"rendered":"\n<p class=\"is-style-midsize\">La pand\u00e9mie de la COVID-19 a perturb\u00e9 l\u2019emploi \u00e0 bien des \u00e9gards et a remodel\u00e9 les mod\u00e8les de travail. Le pr\u00e9sent rapport s\u2019efforce de mieux comprendre les conditions qui exercent une influence sur le ch\u00f4mage et qui emp\u00eachent les personnes de trouver un emploi qui leur convient. Il se concentre sur le ch\u00f4mage en examinant les personnes au ch\u00f4mage qui sont \u00e0 la recherche d\u2019un emploi et celles au ch\u00f4mage mais qui ne sont pas \u00e0 la recherche d\u2019un emploi. Cette distinction met en \u00e9vidence les pr\u00e9occupations li\u00e9es au d\u00e9couragement g\u00e9n\u00e9ralis\u00e9 comme cause premi\u00e8re du d\u00e9sengagement de la population active.<\/p>\n\n\n\n<p class=\"is-style-midsize\">Il est essentiel de comprendre les dynamiques qui conduisent au ch\u00f4mage de longue dur\u00e9e pour \u00e9laborer des strat\u00e9gies visant \u00e0 d\u00e9velopper les comp\u00e9tences et \u00e0 cr\u00e9er des perspectives d\u2019emploi pour toute personne. Plus pr\u00e9cis\u00e9ment, l\u2019objectif de cette analyse \u00e9tait d\u2019approfondir, plus en d\u00e9tail, les questions de recherche suivantes: Quels sont les groupes d\u00e9mographiques les plus susceptibles de se retrouver au ch\u00f4mage de longue dur\u00e9e? En quoi les personnes au ch\u00f4mage qui sont \u00e0 la recherche d\u2019un emploi diff\u00e8rent-elles des personnes au ch\u00f4mage mais qui ne sont pas \u00e0 la recherche d\u2019un emploi? Constate-t-on des diff\u00e9rences d\u00e9mographiques bas\u00e9es sur des variables telles que le niveau d\u2019\u00e9ducation, la sant\u00e9 physique ou la situation de handicap? Quelles sont les raisons pour lesquelles certaines personnes au ch\u00f4mage ne cherchent pas d\u2019emploi?<\/p>\n\n\n\n<div style=\"height:25px\" aria-hidden=\"true\" class=\"wp-block-spacer\"><\/div>\n\n\n\n<figure class=\"wp-block-image size-medium\"><a href=\"https:\/\/fsc-ccf.ca\/wp-content\/uploads\/2024\/09\/Le-chomage-au-Canada-rapport_2024.pdf\" target=\"_blank\" rel=\"noreferrer noopener\"><img loading=\"lazy\" decoding=\"async\" width=\"300\" height=\"61\" src=\"https:\/\/fsc-ccf.ca\/wp-content\/uploads\/2023\/11\/Artboard-13-300x61.png\" alt=\"telecharger\" class=\"wp-image-272517\" srcset=\"https:\/\/fsc-ccf.ca\/wp-content\/uploads\/2023\/11\/Artboard-13-300x61.png 300w, https:\/\/fsc-ccf.ca\/wp-content\/uploads\/2023\/11\/Artboard-13-1024x210.png 1024w, https:\/\/fsc-ccf.ca\/wp-content\/uploads\/2023\/11\/Artboard-13-768x157.png 768w, https:\/\/fsc-ccf.ca\/wp-content\/uploads\/2023\/11\/Artboard-13-1536x315.png 1536w, https:\/\/fsc-ccf.ca\/wp-content\/uploads\/2023\/11\/Artboard-13-10x2.png 10w, https:\/\/fsc-ccf.ca\/wp-content\/uploads\/2023\/11\/Artboard-13.png 1761w\" sizes=\"auto, (max-width: 300px) 100vw, 300px\" \/><\/a><\/figure>\n\n\n\n<div style=\"height:25px\" aria-hidden=\"true\" class=\"wp-block-spacer\"><\/div>\n\n\n\n<figure class=\"wp-block-image size-large is-resized\"><img loading=\"lazy\" decoding=\"async\" width=\"1024\" height=\"864\" src=\"https:\/\/fsc-ccf.ca\/wp-content\/uploads\/2024\/09\/cover-image-Unemployment_in_Canada-report_2024-1024x864.jpg\" alt=\"\" class=\"wp-image-286510\" style=\"width:692px;height:auto\" srcset=\"https:\/\/fsc-ccf.ca\/wp-content\/uploads\/2024\/09\/cover-image-Unemployment_in_Canada-report_2024-1024x864.jpg 1024w, https:\/\/fsc-ccf.ca\/wp-content\/uploads\/2024\/09\/cover-image-Unemployment_in_Canada-report_2024-300x253.jpg 300w, https:\/\/fsc-ccf.ca\/wp-content\/uploads\/2024\/09\/cover-image-Unemployment_in_Canada-report_2024-768x648.jpg 768w, https:\/\/fsc-ccf.ca\/wp-content\/uploads\/2024\/09\/cover-image-Unemployment_in_Canada-report_2024-1536x1297.jpg 1536w, https:\/\/fsc-ccf.ca\/wp-content\/uploads\/2024\/09\/cover-image-Unemployment_in_Canada-report_2024-10x8.jpg 10w, https:\/\/fsc-ccf.ca\/wp-content\/uploads\/2024\/09\/cover-image-Unemployment_in_Canada-report_2024.jpg 1700w\" sizes=\"auto, (max-width: 1024px) 100vw, 1024px\" \/><\/figure>\n\n\n\n<div class=\"wp-block-ob-blocks-content-cards has-numbers\">\n<div class=\"wp-block-ob-blocks-content-card wp-block-ob-blocks-content-card--title\"><h3 class=\"numbered-card__title\" style=\"color:#000000\">Principaux constats<\/h3><div class=\"numbered-card__text\" style=\"color:#4e0047\"><\/div><div class=\"numbered-card__background\" style=\"background-color:#4e0047\"><\/div><div class=\"numbered-card__number\"><\/div><\/div>\n\n\n\n<div class=\"wp-block-ob-blocks-content-card\"><h3 class=\"numbered-card__title\" style=\"color:#4e0047\"><\/h3><div class=\"numbered-card__text\" style=\"color:#000000\"><p>Les personnes dont la dur\u00e9e de ch\u00f4mage est plus courte (15 mois ou moins) sont plus susceptibles d\u2019\u00eatre \u00e2g\u00e9es de moins de 35 ans et de d\u00e9clarer que leur sant\u00e9 physique et mentale est excellente ou tr\u00e8s bonne, d\u2019\u00eatre moins susceptibles d\u2019avoir un handicap et plus susceptibles d\u2019avoir fait des \u00e9tudes postsecondaires.<\/p><\/div><div class=\"numbered-card__background\" style=\"background-color:#4e0047\"><\/div><div class=\"numbered-card__number\"><\/div><\/div>\n\n\n\n<div class=\"wp-block-ob-blocks-content-card\"><h3 class=\"numbered-card__title\" style=\"color:#4e0047\"><\/h3><div class=\"numbered-card__text\" style=\"color:#000000\"><p>Le ch\u00f4mage prolong\u00e9 a un impact significatif sur les revenus potentiels tout au long de la vie. Plus les individus passent de temps au ch\u00f4mage, plus ils sont priv\u00e9s d\u2019avancements de carri\u00e8re et d\u2019augmentations de salaire, ce qui affecte cumulativement leur stabilit\u00e9 financi\u00e8re et leur s\u00e9curit\u00e9 \u00e9conomique \u00e0 long terme.<\/p><\/div><div class=\"numbered-card__background\" style=\"background-color:#4e0047\"><\/div><div class=\"numbered-card__number\"><\/div><\/div>\n\n\n\n<div class=\"wp-block-ob-blocks-content-card\"><h3 class=\"numbered-card__title\" style=\"color:#4e0047\"><\/h3><div class=\"numbered-card__text\" style=\"color:#000000\"><p>La raison la plus fr\u00e9quente de ne pas chercher de travail est li\u00e9e \u00e0 la sant\u00e9. Selon les r\u00e9sultats du sondage, 63 % des r\u00e9pondants d\u00e9clarent ne pas chercher de travail en raison de probl\u00e8mes de sant\u00e9 physique ou mentale.<\/p><\/div><div class=\"numbered-card__background\" style=\"background-color:#4e0047\"><\/div><div class=\"numbered-card__number\"><\/div><\/div>\n<\/div>\n\n\n<div class=\"page-block cards-grid full-width-block card-style--default display-style--default page-block--grey  \" >\n\t<div class=\"container container--with-overflow\">\n\t\t<h2 class=\"cards-grid__section-title heading-content section-title\">Plus de CCF<\/h2>\t\t\t\t<div class=\"overflow\">\n\t\t\t\n\t\t\t<div class=\"overflow__content cards-grid__grid large\">\n\t\t\t\n\t\t\t<div class=\"content-card content-card--project\">\n\t\t\t<div class=\"content-card__image\">\n\t\t\t<a href=\"https:\/\/fsc-ccf.ca\/fr\/projets\/testing-innovative-ai\/\" target=\"_self\"><img decoding=\"async\" src=\"https:\/\/fsc-ccf.ca\/wp-content\/uploads\/2026\/08\/corporate-office-with-professionals-working-on-com-2026-01-09-06-43-23-utc-800x600.jpg\" alt=\"Group of young coworkers analyzing data while sitting in front of computers while one of them looking through notes in notebook\"><\/a>\n\t\t<\/div>\n\t\t\t<div class=\"content-card__content\">\n\t\t<div class=\"content-card__text\">\n\t\t\t\t\t\t\t<div class=\"content-card__type\">\n\t\t\t\t\t<span href=\"https:\/\/fsc-ccf.ca\/fr\/projets\/\">Projet<\/span>\t\t\t\t<\/div>\n\t\t\t\n\t\t\t\n\t\t\t\t\t\t<h3 class=\"content-card__title\">\n\t\t\t\t<a href=\"https:\/\/fsc-ccf.ca\/fr\/projets\/testing-innovative-ai\/\" target=\"_self\">Mettre \u00e0 l\u2019essai l\u2019IA innovante pour l\u2019orientation professionnelle et le perfectionnement des comp\u00e9tences<\/a>\n\t\t\t<\/h3>\n\n\t\t\t<div class=\"metadata metadata--event\">\n\t<ul>\n\t\t<li class=\"metadata__date\">\n\t\t\t<div class=\"metadata__icon\"><svg width=\"10\" height=\"12\" viewBox=\"0 0 10 12\" fill=\"none\" xmlns=\"http:\/\/www.w3.org\/2000\/svg\">\n<path id=\"calendar_today\" d=\"M1.11111 11.5477C0.805556 11.5477 0.543982 11.4358 0.326389 11.212C0.108796 10.9882 0 10.7191 0 10.4049V2.40486C0 2.09057 0.108796 1.82152 0.326389 1.59771C0.543982 1.3739 0.805556 1.262 1.11111 1.262H1.66667V0.119141H2.77778V1.262H7.22222V0.119141H8.33333V1.262H8.88889C9.19444 1.262 9.45602 1.3739 9.67361 1.59771C9.8912 1.82152 10 2.09057 10 2.40486V10.4049C10 10.7191 9.8912 10.9882 9.67361 11.212C9.45602 11.4358 9.19444 11.5477 8.88889 11.5477H1.11111ZM1.11111 10.4049H8.88889V4.69057H1.11111V10.4049Z\" fill=\"#71136C\"\/>\n<\/svg>\n<\/div>\n\t\t\tAo\u00fbt 2026\t\t<\/li>\n\n\t\t\t\t\t<li class=\"metadata__partners\">\n\t\t\t\t<div class=\"metadata__icon\"><svg width=\"12\" height=\"9\" viewBox=\"0 0 12 9\" fill=\"none\" xmlns=\"http:\/\/www.w3.org\/2000\/svg\">\n<path id=\"Parnter Icon\" d=\"M0 9.00014V7.50014C0 7.19657 0.0795454 6.91755 0.238636 6.66309C0.397727 6.40862 0.609091 6.21443 0.872727 6.0805C1.43636 5.80371 2.00909 5.59612 2.59091 5.45773C3.17273 5.31934 3.76364 5.25014 4.36364 5.25014C4.96364 5.25014 5.55455 5.31934 6.13636 5.45773C6.71818 5.59612 7.29091 5.80371 7.85455 6.0805C8.11818 6.21443 8.32955 6.40862 8.48864 6.66309C8.64773 6.91755 8.72727 7.19657 8.72727 7.50014V9.00014H0ZM9.81818 9.00014V7.393C9.81818 7.00014 9.70682 6.62291 9.48409 6.2613C9.26136 5.89969 8.94546 5.58943 8.53636 5.3305C9 5.38407 9.43636 5.47559 9.84546 5.60505C10.2545 5.73451 10.6364 5.893 10.9909 6.0805C11.3182 6.25907 11.5682 6.45773 11.7409 6.67648C11.9136 6.89523 12 7.13407 12 7.393V9.00014H9.81818ZM4.36364 4.71443C3.76364 4.71443 3.25 4.5046 2.82273 4.08496C2.39545 3.66532 2.18182 3.16085 2.18182 2.57157C2.18182 1.98228 2.39545 1.47782 2.82273 1.05818C3.25 0.638532 3.76364 0.428711 4.36364 0.428711C4.96364 0.428711 5.47727 0.638532 5.90455 1.05818C6.33182 1.47782 6.54545 1.98228 6.54545 2.57157C6.54545 3.16085 6.33182 3.66532 5.90455 4.08496C5.47727 4.5046 4.96364 4.71443 4.36364 4.71443ZM9.81818 2.57157C9.81818 3.16085 9.60455 3.66532 9.17727 4.08496C8.75 4.5046 8.23636 4.71443 7.63636 4.71443C7.53636 4.71443 7.40909 4.70326 7.25455 4.68094C7.1 4.65862 6.97273 4.63407 6.87273 4.60728C7.11818 4.32157 7.30682 4.0046 7.43864 3.65639C7.57045 3.30818 7.63636 2.94657 7.63636 2.57157C7.63636 2.19657 7.57045 1.83496 7.43864 1.48675C7.30682 1.13853 7.11818 0.821568 6.87273 0.535854C7 0.491211 7.12727 0.462193 7.25455 0.4488C7.38182 0.435407 7.50909 0.428711 7.63636 0.428711C8.23636 0.428711 8.75 0.638532 9.17727 1.05818C9.60455 1.47782 9.81818 1.98228 9.81818 2.57157Z\" fill=\"#71136C\"\/>\n<\/svg>\n<\/div>\n\t\t\t\t<div class=\"metadata__list\">\n\t\t\t\t\t<span>GuruLink<\/span>\t\t\t\t<\/div>\n\t\t\t<\/li>\n\t\t\t<\/ul>\n<\/div>\t\t\t<div class=\"content-card__deck\">\n\t\t\t\tThis project investigated the feasibility, value, and implementation conditions of using generative AI to support career navigation. It did so across two related phases.\t\t\t<\/div>\n\n\t\t\t\t\t\t\t\t\t\t\t\t\t<ul class=\"content-card__terms\">\n\t\t\t\t\t\t\t\t\t\t\t\t\t\t\t\t\t\t\t\t\t\t\t\t<\/ul>\n\t\t\t\t\t\t\n\t\t<\/div>\n\t\t\n\t<details class=\"related-reports\">\n\t\t<summary class=\"related-reports__summary\">\n\t\t\t<span class=\"related-reports__count\">2<\/span>\n\t\t\t<span class=\"related-reports__title\">Rapports associ\u00e9s<\/span>\n\t\t\t<span class=\"related-reports__icon\"><\/span>\n\t\t<\/summary>\n\t\t<ul class=\"related-reports__reports\">\n\t\t\t\t\t\t\t\t<li class=\"related-reports__report\">\n\t\t\t\t\t\t<a href=\"https:\/\/fsc-ccf.ca\/wp-content\/uploads\/2026\/08\/FSC-DARO-PathPilot-Evaluation-Report-Feb2026-.pdf\" target=\"_blank\">\n\t\t\t\t\t\t\t<div class=\"related-reports__tags\">\n\t\t\t\t\t\t\t\t<span class=\"related-reports__tag related-reports__tag--primary\">Rapport d\u2019\u00e9valuation<\/span><span class=\"related-reports__tag related-reports__tag--secondary\">PDF<\/span><span class=\"related-reports__tag related-reports__tag--secondary\">F\u00e9vrier 2026<\/span>\t\t\t\t\t\t\t<\/div>\n\n\t\t\t\t\t\t\tRapport d\u2019\u00e9valuation de Path Pilot\t\t\t\t\t\t<\/a>\n\t\t\t\t\t<\/li>\n\t\t\t\t\t\t\t\t\t\t<li class=\"related-reports__report\">\n\t\t\t\t\t<a href=\"https:\/\/fsc-ccf.ca\/wp-content\/uploads\/2026\/08\/mettre-a-lessai-lia-innovante-pour-lorientation-professionnelle-et-le-perfectionnement-des-competences.pdf\" target=\"_blank\">\n\t\t\t\t\t\t<div class=\"related-reports__tags\">\n\t\t\t\t\t\t\t<span class=\"related-reports__tag related-reports__tag--primary\">Rapport de Perspectives<\/span><span class=\"related-reports__tag related-reports__tag--secondary\">PDF<\/span>\t\t\t\t\t\t<\/div>\n\n\t\t\t\t\t\tT\u00e9l\u00e9charger le rapport de perspective\t\t\t\t\t<\/a>\n\t\t\t\t<\/li>\n\t\t\t\t\t<\/ul>\n\t<\/details>\n\t<\/div>\n<\/div><div class=\"content-card content-card--project\">\n\t\t\t<div class=\"content-card__image\">\n\t\t\t<a href=\"https:\/\/fsc-ccf.ca\/fr\/projets\/bold-displaced-workers\/\" target=\"_self\"><img decoding=\"async\" src=\"https:\/\/fsc-ccf.ca\/wp-content\/uploads\/2026\/08\/2.3.2.2_Better-Outcomes-in-Layoffs-and-Downsizing-BOLD-e1566917139257-2000x1333-1-800x600.jpg\" alt=\"Construction workers on a building site\"><\/a>\n\t\t<\/div>\n\t\t\t<div class=\"content-card__content\">\n\t\t<div class=\"content-card__text\">\n\t\t\t\t\t\t\t<div class=\"content-card__type\">\n\t\t\t\t\t<span href=\"https:\/\/fsc-ccf.ca\/fr\/projets\/\">Projet<\/span>\t\t\t\t<\/div>\n\t\t\t\n\t\t\t\n\t\t\t\t\t\t<h3 class=\"content-card__title\">\n\t\t\t\t<a href=\"https:\/\/fsc-ccf.ca\/fr\/projets\/bold-displaced-workers\/\" target=\"_self\">Projet BOLD: De meilleurs r\u00e9sultats pour les travailleurs licenci\u00e9s d\u00e9plac\u00e9s<\/a>\n\t\t\t<\/h3>\n\n\t\t\t<div class=\"metadata metadata--event\">\n\t<ul>\n\t\t<li class=\"metadata__date\">\n\t\t\t<div class=\"metadata__icon\"><svg width=\"10\" height=\"12\" viewBox=\"0 0 10 12\" fill=\"none\" xmlns=\"http:\/\/www.w3.org\/2000\/svg\">\n<path id=\"calendar_today\" d=\"M1.11111 11.5477C0.805556 11.5477 0.543982 11.4358 0.326389 11.212C0.108796 10.9882 0 10.7191 0 10.4049V2.40486C0 2.09057 0.108796 1.82152 0.326389 1.59771C0.543982 1.3739 0.805556 1.262 1.11111 1.262H1.66667V0.119141H2.77778V1.262H7.22222V0.119141H8.33333V1.262H8.88889C9.19444 1.262 9.45602 1.3739 9.67361 1.59771C9.8912 1.82152 10 2.09057 10 2.40486V10.4049C10 10.7191 9.8912 10.9882 9.67361 11.212C9.45602 11.4358 9.19444 11.5477 8.88889 11.5477H1.11111ZM1.11111 10.4049H8.88889V4.69057H1.11111V10.4049Z\" fill=\"#71136C\"\/>\n<\/svg>\n<\/div>\n\t\t\tAo\u00fbt 2026\t\t<\/li>\n\n\t\t\t\t\t<li class=\"metadata__partners\">\n\t\t\t\t<div class=\"metadata__icon\"><svg width=\"12\" height=\"9\" viewBox=\"0 0 12 9\" fill=\"none\" xmlns=\"http:\/\/www.w3.org\/2000\/svg\">\n<path id=\"Parnter Icon\" d=\"M0 9.00014V7.50014C0 7.19657 0.0795454 6.91755 0.238636 6.66309C0.397727 6.40862 0.609091 6.21443 0.872727 6.0805C1.43636 5.80371 2.00909 5.59612 2.59091 5.45773C3.17273 5.31934 3.76364 5.25014 4.36364 5.25014C4.96364 5.25014 5.55455 5.31934 6.13636 5.45773C6.71818 5.59612 7.29091 5.80371 7.85455 6.0805C8.11818 6.21443 8.32955 6.40862 8.48864 6.66309C8.64773 6.91755 8.72727 7.19657 8.72727 7.50014V9.00014H0ZM9.81818 9.00014V7.393C9.81818 7.00014 9.70682 6.62291 9.48409 6.2613C9.26136 5.89969 8.94546 5.58943 8.53636 5.3305C9 5.38407 9.43636 5.47559 9.84546 5.60505C10.2545 5.73451 10.6364 5.893 10.9909 6.0805C11.3182 6.25907 11.5682 6.45773 11.7409 6.67648C11.9136 6.89523 12 7.13407 12 7.393V9.00014H9.81818ZM4.36364 4.71443C3.76364 4.71443 3.25 4.5046 2.82273 4.08496C2.39545 3.66532 2.18182 3.16085 2.18182 2.57157C2.18182 1.98228 2.39545 1.47782 2.82273 1.05818C3.25 0.638532 3.76364 0.428711 4.36364 0.428711C4.96364 0.428711 5.47727 0.638532 5.90455 1.05818C6.33182 1.47782 6.54545 1.98228 6.54545 2.57157C6.54545 3.16085 6.33182 3.66532 5.90455 4.08496C5.47727 4.5046 4.96364 4.71443 4.36364 4.71443ZM9.81818 2.57157C9.81818 3.16085 9.60455 3.66532 9.17727 4.08496C8.75 4.5046 8.23636 4.71443 7.63636 4.71443C7.53636 4.71443 7.40909 4.70326 7.25455 4.68094C7.1 4.65862 6.97273 4.63407 6.87273 4.60728C7.11818 4.32157 7.30682 4.0046 7.43864 3.65639C7.57045 3.30818 7.63636 2.94657 7.63636 2.57157C7.63636 2.19657 7.57045 1.83496 7.43864 1.48675C7.30682 1.13853 7.11818 0.821568 6.87273 0.535854C7 0.491211 7.12727 0.462193 7.25455 0.4488C7.38182 0.435407 7.50909 0.428711 7.63636 0.428711C8.23636 0.428711 8.75 0.638532 9.17727 1.05818C9.60455 1.47782 9.81818 1.98228 9.81818 2.57157Z\" fill=\"#71136C\"\/>\n<\/svg>\n<\/div>\n\t\t\t\t<div class=\"metadata__list\">\n\t\t\t\t\t<span>Canadian Skills Training &#038; Employment Coalition<\/span>\t\t\t\t<\/div>\n\t\t\t<\/li>\n\t\t\t<\/ul>\n<\/div>\t\t\t<div class=\"content-card__deck\">\n\t\t\t\tLe projet BOLD (Better Outcomes in Layoffs and Downsizing) visait \u00e0 mettre \u00e0 l\u2019essai un mod\u00e8le de pr\u00e9vention des mises \u00e0 pied aupr\u00e8s de la main-d\u2019\u0153uvre du secteur manufacturier de l\u2019Ontario, en adaptant et en d\u00e9ployant le mod\u00e8le am\u00e9ricain. Le projet s\u2019est associ\u00e9 \u00e0 des employeurs et \u00e0 des syndicats du secteur manufacturier afin de soutenir le maintien en poste de la main-d\u2019\u0153uvre dans des p\u00e9riodes d\u2019incertitude \u00e9conomique et de perturbations sectorielles.\t\t\t<\/div>\n\n\t\t\t\t\t\t\t\t\t\t\t\t\t<ul class=\"content-card__terms\">\n\t\t\t\t\t\t\t\t\t\t\t\t<li>\n\t\t\t\t\t\t\t\t\t\t\t\t\t\t\t\t\t<span class=\"term-square\" style=\"background-color:#d218c0\"><\/span>\n\t\t\t\t\t\t\t\t\t\t\t\t\t\t\t\t<a href=\"https:\/\/fsc-ccf.ca\/fr\/themes\/economie-inclusive\/\">\u00c9conomie inclusive<\/a>\n\t\t\t\t\t\t\t<\/li>\n\t\t\t\t\t\t\t\t\t\t\t\t\t\t\t\t\t\t<li>\n\t\t\t\t\t\t\t\t\t\t\t\t\t\t\t\t\t<span class=\"term-square\" style=\"background-color:#ec008c\"><\/span>\n\t\t\t\t\t\t\t\t\t\t\t\t\t\t\t\t<a href=\"https:\/\/fsc-ccf.ca\/fr\/themes\/parcours-vers-lemploi\/\">Parcours vers L\u2019emploi<\/a>\n\t\t\t\t\t\t\t<\/li>\n\t\t\t\t\t\t\t\t\t\t\t\t\t\t\t<\/ul>\n\t\t\t\t\t\t\n\t\t<\/div>\n\t\t\n\t<details class=\"related-reports\">\n\t\t<summary class=\"related-reports__summary\">\n\t\t\t<span class=\"related-reports__count\">3<\/span>\n\t\t\t<span class=\"related-reports__title\">Rapports associ\u00e9s<\/span>\n\t\t\t<span class=\"related-reports__icon\"><\/span>\n\t\t<\/summary>\n\t\t<ul class=\"related-reports__reports\">\n\t\t\t\t\t\t\t\t<li class=\"related-reports__report\">\n\t\t\t\t\t\t<a href=\"https:\/\/fsc-ccf.ca\/wp-content\/uploads\/2025\/03\/FSC-CSTEC-LAP-Evaluation-Report_Mar2026-.pdf\" target=\"_blank\">\n\t\t\t\t\t\t\t<div class=\"related-reports__tags\">\n\t\t\t\t\t\t\t\t<span class=\"related-reports__tag related-reports__tag--primary\">Rapport d\u2019\u00e9valuation<\/span><span class=\"related-reports__tag related-reports__tag--secondary\">PDF<\/span><span class=\"related-reports__tag related-reports__tag--secondary\">Mars 2026<\/span>\t\t\t\t\t\t\t<\/div>\n\n\t\t\t\t\t\t\tLa formation professionnelle et l\u2019emploi : Programme d\u2019\u00e9vitement des licenciements\t\t\t\t\t\t<\/a>\n\t\t\t\t\t<\/li>\n\t\t\t\t\t\t\t\t<li class=\"related-reports__report\">\n\t\t\t\t\t\t<a href=\"https:\/\/fsc-ccf.ca\/wp-content\/uploads\/2024\/04\/FSC_Prism-Evaluation-Report-on-BOLD-Feb-1-2022.pdf\" target=\"_blank\">\n\t\t\t\t\t\t\t<div class=\"related-reports__tags\">\n\t\t\t\t\t\t\t\t<span class=\"related-reports__tag related-reports__tag--primary\">Rapport d\u2019\u00e9valuation<\/span><span class=\"related-reports__tag related-reports__tag--secondary\">PDF<\/span><span class=\"related-reports__tag related-reports__tag--secondary\">F\u00e9vrier 2022<\/span>\t\t\t\t\t\t\t<\/div>\n\n\t\t\t\t\t\t\tRapport d\u2019\u00e9valuation du programme \u00ab De meilleurs r\u00e9sultats pour les travailleurs mis \u00e0 pied \u00bb (BOLD)\t\t\t\t\t\t<\/a>\n\t\t\t\t\t<\/li>\n\t\t\t\t\t\t\t\t\t\t<li class=\"related-reports__report\">\n\t\t\t\t\t<a href=\"https:\/\/fsc-ccf.ca\/wp-content\/uploads\/2026\/08\/projet-bold-de-meilleurs-resultats-pour-les-travailleurs-licencies-deplaces.pdf\" target=\"_blank\">\n\t\t\t\t\t\t<div class=\"related-reports__tags\">\n\t\t\t\t\t\t\t<span class=\"related-reports__tag related-reports__tag--primary\">Rapport de Perspectives<\/span><span class=\"related-reports__tag related-reports__tag--secondary\">PDF<\/span>\t\t\t\t\t\t<\/div>\n\n\t\t\t\t\t\tT\u00e9l\u00e9charger le rapport de perspective\t\t\t\t\t<\/a>\n\t\t\t\t<\/li>\n\t\t\t\t\t<\/ul>\n\t<\/details>\n\t<\/div>\n<\/div><div class=\"content-card content-card--research\">\n\t\t\t<div class=\"content-card__image\">\n\t\t\t<a href=\"https:\/\/fsc-ccf.ca\/fr\/recherche\/amped-up-upskilling\/\" target=\"_self\"><img decoding=\"async\" src=\"https:\/\/fsc-ccf.ca\/wp-content\/uploads\/2026\/08\/man-working-on-car-engine-with-multimeter-2026-03-24-21-31-12-utc-800x600.jpg\" alt=\"Mechanic maintenance\"><\/a>\n\t\t<\/div>\n\t\t\t<div class=\"content-card__content\">\n\t\t<div class=\"content-card__text\">\n\t\t\t\t\t\t\t<div class=\"content-card__type\">\n\t\t\t\t\t<span href=\"https:\/\/fsc-ccf.ca\/fr\/recherche\/\">Recherche<\/span>\t\t\t\t<\/div>\n\t\t\t\n\t\t\t\n\t\t\t\t\t\t<h3 class=\"content-card__title\">\n\t\t\t\t<a href=\"https:\/\/fsc-ccf.ca\/fr\/recherche\/amped-up-upskilling\/\" target=\"_self\">Amped Up : Le Rehaussement des Comp\u00e9tences des M\u00e9caniciens de V\u00e9hicules Lourds au Canada pour Soutenir la Transition vers les Autobus Scolaires \u00e9lectriques<\/a>\n\t\t\t<\/h3>\n\n\t\t\t<div class=\"metadata metadata--event\">\n\t<ul>\n\t\t<li class=\"metadata__date\">\n\t\t\t<div class=\"metadata__icon\"><svg width=\"10\" height=\"12\" viewBox=\"0 0 10 12\" fill=\"none\" xmlns=\"http:\/\/www.w3.org\/2000\/svg\">\n<path id=\"calendar_today\" d=\"M1.11111 11.5477C0.805556 11.5477 0.543982 11.4358 0.326389 11.212C0.108796 10.9882 0 10.7191 0 10.4049V2.40486C0 2.09057 0.108796 1.82152 0.326389 1.59771C0.543982 1.3739 0.805556 1.262 1.11111 1.262H1.66667V0.119141H2.77778V1.262H7.22222V0.119141H8.33333V1.262H8.88889C9.19444 1.262 9.45602 1.3739 9.67361 1.59771C9.8912 1.82152 10 2.09057 10 2.40486V10.4049C10 10.7191 9.8912 10.9882 9.67361 11.212C9.45602 11.4358 9.19444 11.5477 8.88889 11.5477H1.11111ZM1.11111 10.4049H8.88889V4.69057H1.11111V10.4049Z\" fill=\"#71136C\"\/>\n<\/svg>\n<\/div>\n\t\t\tAo\u00fbt 2026\t\t<\/li>\n\n\t\t\t\t\t<li class=\"metadata__partners\">\n\t\t\t\t<div class=\"metadata__icon\"><svg width=\"12\" height=\"9\" viewBox=\"0 0 12 9\" fill=\"none\" xmlns=\"http:\/\/www.w3.org\/2000\/svg\">\n<path id=\"Parnter Icon\" d=\"M0 9.00014V7.50014C0 7.19657 0.0795454 6.91755 0.238636 6.66309C0.397727 6.40862 0.609091 6.21443 0.872727 6.0805C1.43636 5.80371 2.00909 5.59612 2.59091 5.45773C3.17273 5.31934 3.76364 5.25014 4.36364 5.25014C4.96364 5.25014 5.55455 5.31934 6.13636 5.45773C6.71818 5.59612 7.29091 5.80371 7.85455 6.0805C8.11818 6.21443 8.32955 6.40862 8.48864 6.66309C8.64773 6.91755 8.72727 7.19657 8.72727 7.50014V9.00014H0ZM9.81818 9.00014V7.393C9.81818 7.00014 9.70682 6.62291 9.48409 6.2613C9.26136 5.89969 8.94546 5.58943 8.53636 5.3305C9 5.38407 9.43636 5.47559 9.84546 5.60505C10.2545 5.73451 10.6364 5.893 10.9909 6.0805C11.3182 6.25907 11.5682 6.45773 11.7409 6.67648C11.9136 6.89523 12 7.13407 12 7.393V9.00014H9.81818ZM4.36364 4.71443C3.76364 4.71443 3.25 4.5046 2.82273 4.08496C2.39545 3.66532 2.18182 3.16085 2.18182 2.57157C2.18182 1.98228 2.39545 1.47782 2.82273 1.05818C3.25 0.638532 3.76364 0.428711 4.36364 0.428711C4.96364 0.428711 5.47727 0.638532 5.90455 1.05818C6.33182 1.47782 6.54545 1.98228 6.54545 2.57157C6.54545 3.16085 6.33182 3.66532 5.90455 4.08496C5.47727 4.5046 4.96364 4.71443 4.36364 4.71443ZM9.81818 2.57157C9.81818 3.16085 9.60455 3.66532 9.17727 4.08496C8.75 4.5046 8.23636 4.71443 7.63636 4.71443C7.53636 4.71443 7.40909 4.70326 7.25455 4.68094C7.1 4.65862 6.97273 4.63407 6.87273 4.60728C7.11818 4.32157 7.30682 4.0046 7.43864 3.65639C7.57045 3.30818 7.63636 2.94657 7.63636 2.57157C7.63636 2.19657 7.57045 1.83496 7.43864 1.48675C7.30682 1.13853 7.11818 0.821568 6.87273 0.535854C7 0.491211 7.12727 0.462193 7.25455 0.4488C7.38182 0.435407 7.50909 0.428711 7.63636 0.428711C8.23636 0.428711 8.75 0.638532 9.17727 1.05818C9.60455 1.47782 9.81818 1.98228 9.81818 2.57157Z\" fill=\"#71136C\"\/>\n<\/svg>\n<\/div>\n\t\t\t\t<div class=\"metadata__list\">\n\t\t\t\t\t<span>The Pollution Probe Foundation<\/span>\t\t\t\t<\/div>\n\t\t\t<\/li>\n\t\t\t<\/ul>\n<\/div>\t\t\t<div class=\"content-card__deck\">\n\t\t\t\tCe projet a examin\u00e9 comment rehausser efficacement les comp\u00e9tences des m\u00e9caniciens de v\u00e9hicules diesel lourds afin d\u2019appuyer la transition vers les autobus scolaires \u00e9lectriques.\t\t\t<\/div>\n\n\t\t\t\t\t\t\t\t\t\t\t\t\t<ul class=\"content-card__terms\">\n\t\t\t\t\t\t\t\t\t\t\t\t<li>\n\t\t\t\t\t\t\t\t\t\t\t\t\t\t\t\t\t<span class=\"term-square\" style=\"background-color:#c9ef50\"><\/span>\n\t\t\t\t\t\t\t\t\t\t\t\t\t\t\t\t<a href=\"https:\/\/fsc-ccf.ca\/fr\/themes\/emplois-durables\/\">Emplois durables<\/a>\n\t\t\t\t\t\t\t<\/li>\n\t\t\t\t\t\t\t\t\t\t\t\t\t\t\t\t\t\t\t\t\t\t\t\t\t<\/ul>\n\t\t\t\t\t\t\n\t\t<\/div>\n\t\t\n\t<details class=\"related-reports\">\n\t\t<summary class=\"related-reports__summary\">\n\t\t\t<span class=\"related-reports__count\">2<\/span>\n\t\t\t<span class=\"related-reports__title\">Rapports associ\u00e9s<\/span>\n\t\t\t<span class=\"related-reports__icon\"><\/span>\n\t\t<\/summary>\n\t\t<ul class=\"related-reports__reports\">\n\t\t\t\t\t\t\t\t<li class=\"related-reports__report\">\n\t\t\t\t\t\t<a href=\"https:\/\/fsc-ccf.ca\/wp-content\/uploads\/2026\/08\/FSC-PPF-Canadas-heavy-duty-vehicle-mechanics-Research-Report-2026.pdf\" target=\"_blank\">\n\t\t\t\t\t\t\t<div class=\"related-reports__tags\">\n\t\t\t\t\t\t\t\t<span class=\"related-reports__tag related-reports__tag--primary\">Rapport de recherche complet<\/span><span class=\"related-reports__tag related-reports__tag--secondary\">PDF<\/span>\t\t\t\t\t\t\t<\/div>\n\n\t\t\t\t\t\t\tAmped Up : Le rehaussement des comp\u00e9tences des m\u00e9caniciens de v\u00e9hicules lourds au Canada pour soutenir la transition vers les autobus scolaires \u00e9lectriques\t\t\t\t\t\t<\/a>\n\t\t\t\t\t<\/li>\n\t\t\t\t\t\t\t\t\t\t<li class=\"related-reports__report\">\n\t\t\t\t\t<a href=\"https:\/\/fsc-ccf.ca\/wp-content\/uploads\/2026\/08\/amped-up-le-rehaussement-des-competences-des-mecaniciens-de-vehicules-lourds-au-canada-pour-soutenir-la-transition-vers-les-autobus-scolaires-electriques-1.pdf\" target=\"_blank\">\n\t\t\t\t\t\t<div class=\"related-reports__tags\">\n\t\t\t\t\t\t\t<span class=\"related-reports__tag related-reports__tag--primary\">Rapport de Perspectives<\/span><span class=\"related-reports__tag related-reports__tag--secondary\">PDF<\/span>\t\t\t\t\t\t<\/div>\n\n\t\t\t\t\t\tT\u00e9l\u00e9charger le rapport de perspective\t\t\t\t\t<\/a>\n\t\t\t\t<\/li>\n\t\t\t\t\t<\/ul>\n\t<\/details>\n\t<\/div>\n<\/div>\t\t\t<\/div>\n\t\t\t\t\t<\/div>\n\t\t\t\t\t\t<!-- I know this is a messy conditional but can't figure out how to pull in the correct FR translations otherwise -->\n\t\t\t\t\t\t\t\t\t<a href=\"https:\/\/fsc-ccf.ca\/fr\/\/research?lang=fr\" class=\"cards-grid__view-all heading-content\"><span>Afficher toute la recherche <\/span><span class=\"triangle triangle--right\"><\/span><\/a>\n\t\t\t\t\t\t\t\t\t\t<\/div>\n<\/div>\n","protected":false},"excerpt":{"rendered":"<p>La pand\u00e9mie de la COVID-19 a perturb\u00e9 l\u2019emploi \u00e0 bien des \u00e9gards et a remodel\u00e9 les mod\u00e8les de travail. Le pr\u00e9sent rapport s\u2019efforce de mieux&#8230;<\/p>\n","protected":false},"menu_order":0,"template":"","tags":[753,726,940],"region":[1319],"research_type":[],"populations":[],"themes":[1629,1553],"class_list":["post-286513","research","type-research","status-publish","hentry","tag-diversity-institute-fr","tag-diversity-institute-de-luniversite-ryerson","tag-environics-institute-fr","region-across-canada-fr","themes-lmi-fr","themes-parcours-vers-lemploi"],"acf":{"hero_image":{"ID":286510,"id":286510,"title":"cover image Unemployment_in_Canada report_2024","filename":"cover-image-Unemployment_in_Canada-report_2024.jpg","filesize":190334,"url":"https:\/\/fsc-ccf.ca\/wp-content\/uploads\/2024\/09\/cover-image-Unemployment_in_Canada-report_2024.jpg","link":"https:\/\/fsc-ccf.ca\/fr\/recherche\/le-chomage-au-canada-rapport-du-sondage-sur-lemploi-et-les-competences\/cover-image-unemployment_in_canada-report_2024-2\/","alt":"","author":"8","description":"","caption":"","name":"cover-image-unemployment_in_canada-report_2024-2","status":"inherit","uploaded_to":286513,"date":"2024-09-12 13:43:31","modified":"2024-09-12 14:08:22","menu_order":0,"mime_type":"image\/jpeg","type":"image","subtype":"jpeg","icon":"https:\/\/fsc-ccf.ca\/wp-includes\/images\/media\/default.png","width":1700,"height":1435,"sizes":{"thumbnail":"https:\/\/fsc-ccf.ca\/wp-content\/uploads\/2024\/09\/cover-image-Unemployment_in_Canada-report_2024-150x150.jpg","thumbnail-width":150,"thumbnail-height":150,"medium":"https:\/\/fsc-ccf.ca\/wp-content\/uploads\/2024\/09\/cover-image-Unemployment_in_Canada-report_2024-300x253.jpg","medium-width":300,"medium-height":253,"medium_large":"https:\/\/fsc-ccf.ca\/wp-content\/uploads\/2024\/09\/cover-image-Unemployment_in_Canada-report_2024-768x648.jpg","medium_large-width":768,"medium_large-height":648,"large":"https:\/\/fsc-ccf.ca\/wp-content\/uploads\/2024\/09\/cover-image-Unemployment_in_Canada-report_2024-1024x864.jpg","large-width":1024,"large-height":864,"1536x1536":"https:\/\/fsc-ccf.ca\/wp-content\/uploads\/2024\/09\/cover-image-Unemployment_in_Canada-report_2024-1536x1297.jpg","1536x1536-width":1536,"1536x1536-height":1297,"2048x2048":"https:\/\/fsc-ccf.ca\/wp-content\/uploads\/2024\/09\/cover-image-Unemployment_in_Canada-report_2024.jpg","2048x2048-width":1700,"2048x2048-height":1435,"preview":"https:\/\/fsc-ccf.ca\/wp-content\/uploads\/2024\/09\/cover-image-Unemployment_in_Canada-report_2024-10x8.jpg","preview-width":10,"preview-height":8,"content-card-thumbnail":"https:\/\/fsc-ccf.ca\/wp-content\/uploads\/2024\/09\/cover-image-Unemployment_in_Canada-report_2024-800x600.jpg","content-card-thumbnail-width":800,"content-card-thumbnail-height":600,"slider-image":"https:\/\/fsc-ccf.ca\/wp-content\/uploads\/2024\/09\/cover-image-Unemployment_in_Canada-report_2024-1600x1200.jpg","slider-image-width":1600,"slider-image-height":1200,"hero-image":"https:\/\/fsc-ccf.ca\/wp-content\/uploads\/2024\/09\/cover-image-Unemployment_in_Canada-report_2024.jpg","hero-image-width":1700,"hero-image-height":1435,"inline-image":"https:\/\/fsc-ccf.ca\/wp-content\/uploads\/2024\/09\/cover-image-Unemployment_in_Canada-report_2024-1024x512.jpg","inline-image-width":1024,"inline-image-height":512,"content-card-thumbnail-vertical":"https:\/\/fsc-ccf.ca\/wp-content\/uploads\/2024\/09\/cover-image-Unemployment_in_Canada-report_2024-400x600.jpg","content-card-thumbnail-vertical-width":400,"content-card-thumbnail-vertical-height":600}},"thumbnail_image":{"ID":286510,"id":286510,"title":"cover image Unemployment_in_Canada report_2024","filename":"cover-image-Unemployment_in_Canada-report_2024.jpg","filesize":190334,"url":"https:\/\/fsc-ccf.ca\/wp-content\/uploads\/2024\/09\/cover-image-Unemployment_in_Canada-report_2024.jpg","link":"https:\/\/fsc-ccf.ca\/fr\/recherche\/le-chomage-au-canada-rapport-du-sondage-sur-lemploi-et-les-competences\/cover-image-unemployment_in_canada-report_2024-2\/","alt":"","author":"8","description":"","caption":"","name":"cover-image-unemployment_in_canada-report_2024-2","status":"inherit","uploaded_to":286513,"date":"2024-09-12 13:43:31","modified":"2024-09-12 14:08:22","menu_order":0,"mime_type":"image\/jpeg","type":"image","subtype":"jpeg","icon":"https:\/\/fsc-ccf.ca\/wp-includes\/images\/media\/default.png","width":1700,"height":1435,"sizes":{"thumbnail":"https:\/\/fsc-ccf.ca\/wp-content\/uploads\/2024\/09\/cover-image-Unemployment_in_Canada-report_2024-150x150.jpg","thumbnail-width":150,"thumbnail-height":150,"medium":"https:\/\/fsc-ccf.ca\/wp-content\/uploads\/2024\/09\/cover-image-Unemployment_in_Canada-report_2024-300x253.jpg","medium-width":300,"medium-height":253,"medium_large":"https:\/\/fsc-ccf.ca\/wp-content\/uploads\/2024\/09\/cover-image-Unemployment_in_Canada-report_2024-768x648.jpg","medium_large-width":768,"medium_large-height":648,"large":"https:\/\/fsc-ccf.ca\/wp-content\/uploads\/2024\/09\/cover-image-Unemployment_in_Canada-report_2024-1024x864.jpg","large-width":1024,"large-height":864,"1536x1536":"https:\/\/fsc-ccf.ca\/wp-content\/uploads\/2024\/09\/cover-image-Unemployment_in_Canada-report_2024-1536x1297.jpg","1536x1536-width":1536,"1536x1536-height":1297,"2048x2048":"https:\/\/fsc-ccf.ca\/wp-content\/uploads\/2024\/09\/cover-image-Unemployment_in_Canada-report_2024.jpg","2048x2048-width":1700,"2048x2048-height":1435,"preview":"https:\/\/fsc-ccf.ca\/wp-content\/uploads\/2024\/09\/cover-image-Unemployment_in_Canada-report_2024-10x8.jpg","preview-width":10,"preview-height":8,"content-card-thumbnail":"https:\/\/fsc-ccf.ca\/wp-content\/uploads\/2024\/09\/cover-image-Unemployment_in_Canada-report_2024-800x600.jpg","content-card-thumbnail-width":800,"content-card-thumbnail-height":600,"slider-image":"https:\/\/fsc-ccf.ca\/wp-content\/uploads\/2024\/09\/cover-image-Unemployment_in_Canada-report_2024-1600x1200.jpg","slider-image-width":1600,"slider-image-height":1200,"hero-image":"https:\/\/fsc-ccf.ca\/wp-content\/uploads\/2024\/09\/cover-image-Unemployment_in_Canada-report_2024.jpg","hero-image-width":1700,"hero-image-height":1435,"inline-image":"https:\/\/fsc-ccf.ca\/wp-content\/uploads\/2024\/09\/cover-image-Unemployment_in_Canada-report_2024-1024x512.jpg","inline-image-width":1024,"inline-image-height":512,"content-card-thumbnail-vertical":"https:\/\/fsc-ccf.ca\/wp-content\/uploads\/2024\/09\/cover-image-Unemployment_in_Canada-report_2024-400x600.jpg","content-card-thumbnail-vertical-width":400,"content-card-thumbnail-vertical-height":600}},"slider_image":false,"report":true,"file_upload":{"ID":286526,"id":286526,"title":"Le ch\u00f4mage au Canada rapport_2024","filename":"Le-chomage-au-Canada-rapport_2024.pdf","filesize":4084092,"url":"https:\/\/fsc-ccf.ca\/wp-content\/uploads\/2024\/09\/Le-chomage-au-Canada-rapport_2024.pdf","link":"https:\/\/fsc-ccf.ca\/fr\/recherche\/le-chomage-au-canada-rapport-du-sondage-sur-lemploi-et-les-competences\/le-chomage-au-canada-rapport_2024\/","alt":"","author":"8","description":"","caption":"","name":"le-chomage-au-canada-rapport_2024","status":"inherit","uploaded_to":286513,"date":"2024-09-12 14:14:53","modified":"2024-09-12 14:15:24","menu_order":0,"mime_type":"application\/pdf","type":"application","subtype":"pdf","icon":"https:\/\/fsc-ccf.ca\/wp-includes\/images\/media\/document.png"},"report_sort_name":"Le ch\u00f4mage au Canada : Rapport du sondage sur l\u2019emploi et les comp\u00e9tences","report_image":false,"report_link":"https:\/\/fsc-ccf.ca\/wp-content\/uploads\/2024\/09\/Le-chomage-au-Canada-rapport_2024.pdf","reports_rows":{"report":false},"contributors":"","scorecard_content":false,"authors":"<p>Date de sortie : septembre 2024<\/p>\n<p>Projet : <a href=\"https:\/\/fsc-ccf.ca\/fr\/recherche\/sondage-2020-sur-lemploi-et-les-competences\/\" rel=\"noopener\" target=\"_blank\">Sondage sur l\u2019emploi et les comp\u00e9tences<\/a><\/p>\n","authors_colour":["grey"],"show_post_date":[],"external_linkout":[],"investment":"0","partners":[{"ID":8361,"post_author":"25","post_date":"2019-10-08 15:57:27","post_date_gmt":"2019-10-08 19:57:27","post_content":"<!-- wp:image {\"id\":536,\"sizeSlug\":\"large\",\"linkDestination\":\"custom\"} -->\n<figure class=\"wp-block-image size-large\"><a href=\"https:\/\/www.ryerson.ca\/diversity\/\" target=\"_blank\" rel=\"noreferrer noopener\"><img src=\"https:\/\/fsc-ccf.ca\/wp-content\/uploads\/2019\/07\/TRSM_DiversityInstitute_tealblk_RGB-1024x224.png\" alt=\"Diversity Institute\" class=\"wp-image-536\"\/><\/a><\/figure>\n<!-- \/wp:image -->","post_title":"Diversity Institute","post_excerpt":"","post_status":"publish","comment_status":"closed","ping_status":"closed","post_password":"","post_name":"diversity-institute","to_ping":"","pinged":"","post_modified":"2025-12-16 10:46:35","post_modified_gmt":"2025-12-16 15:46:35","post_content_filtered":"","post_parent":0,"guid":"http:\/\/fscccf.alphabureau.ca\/partner\/diversity-institute\/","menu_order":0,"post_type":"partner","post_mime_type":"","comment_count":"0","filter":"raw"},{"ID":21890,"post_author":"1","post_date":"2020-05-07 11:36:01","post_date_gmt":"2020-05-07 15:36:01","post_content":"","post_title":"Environics Institute","post_excerpt":"","post_status":"publish","comment_status":"closed","ping_status":"closed","post_password":"","post_name":"environics-institute","to_ping":"","pinged":"","post_modified":"2020-05-07 11:36:04","post_modified_gmt":"2020-05-07 15:36:04","post_content_filtered":"","post_parent":0,"guid":"https:\/\/fsc-ccf.ca\/?post_type=partner&#038;p=21890","menu_order":0,"post_type":"partner","post_mime_type":"","comment_count":"0","filter":"raw"}]},"yoast_head":"<!-- This site is optimized with the Yoast SEO plugin v28.4 - https:\/\/yoast.com\/product\/yoast-seo-wordpress\/ -->\n<title>Le ch\u00f4mage au Canada : Rapport du sondage sur l\u2019emploi et les comp\u00e9tences - Future Skills Centre \u2022 Centre des Comp\u00e9tences futures<\/title>\n<meta name=\"description\" content=\"La pand\u00e9mie de la COVID-19 a perturb\u00e9 l\u2019emploi \u00e0 bien des \u00e9gards et a remodel\u00e9 les mod\u00e8les de travail. Le pr\u00e9sent rapport s\u2019efforce de mieux comprendre\" \/>\n<meta name=\"robots\" content=\"index, follow, max-snippet:-1, max-image-preview:large, max-video-preview:-1\" \/>\n<link rel=\"canonical\" href=\"https:\/\/fsc-ccf.ca\/fr\/recherche\/le-chomage-au-canada-rapport-du-sondage-sur-lemploi-et-les-competences\/\" \/>\n<meta name=\"twitter:label1\" content=\"Est. reading time\" \/>\n\t<meta name=\"twitter:data1\" content=\"3 minutes\" \/>\n<script type=\"application\/ld+json\" class=\"yoast-schema-graph\">{\"@context\":\"https:\\\/\\\/schema.org\",\"@graph\":[{\"@type\":\"WebPage\",\"@id\":\"https:\\\/\\\/fsc-ccf.ca\\\/fr\\\/recherche\\\/le-chomage-au-canada-rapport-du-sondage-sur-lemploi-et-les-competences\\\/\",\"url\":\"https:\\\/\\\/fsc-ccf.ca\\\/fr\\\/recherche\\\/le-chomage-au-canada-rapport-du-sondage-sur-lemploi-et-les-competences\\\/\",\"name\":\"Le ch\u00f4mage au Canada : Rapport du sondage sur l\u2019emploi et les comp\u00e9tences - Future Skills Centre \u2022 Centre des Comp\u00e9tences futures\",\"isPartOf\":{\"@id\":\"https:\\\/\\\/fsc-ccf.ca\\\/fr\\\/#website\"},\"primaryImageOfPage\":{\"@id\":\"https:\\\/\\\/fsc-ccf.ca\\\/fr\\\/recherche\\\/le-chomage-au-canada-rapport-du-sondage-sur-lemploi-et-les-competences\\\/#primaryimage\"},\"image\":{\"@id\":\"https:\\\/\\\/fsc-ccf.ca\\\/fr\\\/recherche\\\/le-chomage-au-canada-rapport-du-sondage-sur-lemploi-et-les-competences\\\/#primaryimage\"},\"thumbnailUrl\":\"https:\\\/\\\/fsc-ccf.ca\\\/wp-content\\\/uploads\\\/2023\\\/11\\\/Artboard-13-300x61.png\",\"datePublished\":\"2024-09-12T13:59:07+00:00\",\"dateModified\":\"2024-09-12T14:15:24+00:00\",\"description\":\"La pand\u00e9mie de la COVID-19 a perturb\u00e9 l\u2019emploi \u00e0 bien des \u00e9gards et a remodel\u00e9 les mod\u00e8les de travail. Le pr\u00e9sent rapport s\u2019efforce de mieux comprendre\",\"breadcrumb\":{\"@id\":\"https:\\\/\\\/fsc-ccf.ca\\\/fr\\\/recherche\\\/le-chomage-au-canada-rapport-du-sondage-sur-lemploi-et-les-competences\\\/#breadcrumb\"},\"inLanguage\":\"fr-FR\",\"potentialAction\":[{\"@type\":\"ReadAction\",\"target\":[\"https:\\\/\\\/fsc-ccf.ca\\\/fr\\\/recherche\\\/le-chomage-au-canada-rapport-du-sondage-sur-lemploi-et-les-competences\\\/\"]}]},{\"@type\":\"ImageObject\",\"inLanguage\":\"fr-FR\",\"@id\":\"https:\\\/\\\/fsc-ccf.ca\\\/fr\\\/recherche\\\/le-chomage-au-canada-rapport-du-sondage-sur-lemploi-et-les-competences\\\/#primaryimage\",\"url\":\"https:\\\/\\\/fsc-ccf.ca\\\/wp-content\\\/uploads\\\/2023\\\/11\\\/Artboard-13-300x61.png\",\"contentUrl\":\"https:\\\/\\\/fsc-ccf.ca\\\/wp-content\\\/uploads\\\/2023\\\/11\\\/Artboard-13-300x61.png\"},{\"@type\":\"BreadcrumbList\",\"@id\":\"https:\\\/\\\/fsc-ccf.ca\\\/fr\\\/recherche\\\/le-chomage-au-canada-rapport-du-sondage-sur-lemploi-et-les-competences\\\/#breadcrumb\",\"itemListElement\":[{\"@type\":\"ListItem\",\"position\":1,\"name\":\"Home\",\"item\":\"https:\\\/\\\/fsc-ccf.ca\\\/fr\\\/\"},{\"@type\":\"ListItem\",\"position\":2,\"name\":\"Recherche\",\"item\":\"https:\\\/\\\/fsc-ccf.ca\\\/fr\\\/recherche\\\/\"},{\"@type\":\"ListItem\",\"position\":3,\"name\":\"Le ch\u00f4mage au Canada : Rapport du sondage sur l\u2019emploi et les comp\u00e9tences\"}]},{\"@type\":\"WebSite\",\"@id\":\"https:\\\/\\\/fsc-ccf.ca\\\/fr\\\/#website\",\"url\":\"https:\\\/\\\/fsc-ccf.ca\\\/fr\\\/\",\"name\":\"Future Skills Centre \u2022 Centre des Comp\u00e9tences futures\",\"description\":\"\",\"publisher\":{\"@id\":\"https:\\\/\\\/fsc-ccf.ca\\\/fr\\\/#organization\"},\"potentialAction\":[{\"@type\":\"SearchAction\",\"target\":{\"@type\":\"EntryPoint\",\"urlTemplate\":\"https:\\\/\\\/fsc-ccf.ca\\\/fr\\\/?s={search_term_string}\"},\"query-input\":{\"@type\":\"PropertyValueSpecification\",\"valueRequired\":true,\"valueName\":\"search_term_string\"}}],\"inLanguage\":\"fr-FR\"},{\"@type\":\"Organization\",\"@id\":\"https:\\\/\\\/fsc-ccf.ca\\\/fr\\\/#organization\",\"name\":\"Future Skills Centre \u2022 Centre des Comp\u00e9tences futures\",\"url\":\"https:\\\/\\\/fsc-ccf.ca\\\/fr\\\/\",\"logo\":{\"@type\":\"ImageObject\",\"inLanguage\":\"fr-FR\",\"@id\":\"https:\\\/\\\/fsc-ccf.ca\\\/fr\\\/#\\\/schema\\\/logo\\\/image\\\/\",\"url\":\"https:\\\/\\\/fsc-ccf.ca\\\/wp-content\\\/uploads\\\/2019\\\/08\\\/FSC_logo_colour_rgb_positive_ENG.png\",\"contentUrl\":\"https:\\\/\\\/fsc-ccf.ca\\\/wp-content\\\/uploads\\\/2019\\\/08\\\/FSC_logo_colour_rgb_positive_ENG.png\",\"width\":618,\"height\":528,\"caption\":\"Future Skills Centre \u2022 Centre des Comp\u00e9tences futures\"},\"image\":{\"@id\":\"https:\\\/\\\/fsc-ccf.ca\\\/fr\\\/#\\\/schema\\\/logo\\\/image\\\/\"},\"sameAs\":[\"https:\\\/\\\/www.facebook.com\\\/2161871137193201\\\/\",\"https:\\\/\\\/x.com\\\/fsc_ccf_en\",\"https:\\\/\\\/www.instagram.com\\\/fsc_ccf\\\/\",\"https:\\\/\\\/www.linkedin.com\\\/company\\\/fsc-ccf\\\/\"]}]}<\/script>\n<!-- \/ Yoast SEO plugin. -->","yoast_head_json":{"title":"Le ch\u00f4mage au Canada : Rapport du sondage sur l\u2019emploi et les comp\u00e9tences - Future Skills Centre \u2022 Centre des Comp\u00e9tences futures","description":"La pand\u00e9mie de la COVID-19 a perturb\u00e9 l\u2019emploi \u00e0 bien des \u00e9gards et a remodel\u00e9 les mod\u00e8les de travail. Le pr\u00e9sent rapport s\u2019efforce de mieux comprendre","robots":{"index":"index","follow":"follow","max-snippet":"max-snippet:-1","max-image-preview":"max-image-preview:large","max-video-preview":"max-video-preview:-1"},"canonical":"https:\/\/fsc-ccf.ca\/fr\/recherche\/le-chomage-au-canada-rapport-du-sondage-sur-lemploi-et-les-competences\/","twitter_misc":{"Est. reading time":"3 minutes"},"schema":{"@context":"https:\/\/schema.org","@graph":[{"@type":"WebPage","@id":"https:\/\/fsc-ccf.ca\/fr\/recherche\/le-chomage-au-canada-rapport-du-sondage-sur-lemploi-et-les-competences\/","url":"https:\/\/fsc-ccf.ca\/fr\/recherche\/le-chomage-au-canada-rapport-du-sondage-sur-lemploi-et-les-competences\/","name":"Le ch\u00f4mage au Canada : Rapport du sondage sur l\u2019emploi et les comp\u00e9tences - Future Skills Centre \u2022 Centre des Comp\u00e9tences futures","isPartOf":{"@id":"https:\/\/fsc-ccf.ca\/fr\/#website"},"primaryImageOfPage":{"@id":"https:\/\/fsc-ccf.ca\/fr\/recherche\/le-chomage-au-canada-rapport-du-sondage-sur-lemploi-et-les-competences\/#primaryimage"},"image":{"@id":"https:\/\/fsc-ccf.ca\/fr\/recherche\/le-chomage-au-canada-rapport-du-sondage-sur-lemploi-et-les-competences\/#primaryimage"},"thumbnailUrl":"https:\/\/fsc-ccf.ca\/wp-content\/uploads\/2023\/11\/Artboard-13-300x61.png","datePublished":"2024-09-12T13:59:07+00:00","dateModified":"2024-09-12T14:15:24+00:00","description":"La pand\u00e9mie de la COVID-19 a perturb\u00e9 l\u2019emploi \u00e0 bien des \u00e9gards et a remodel\u00e9 les mod\u00e8les de travail. Le pr\u00e9sent rapport s\u2019efforce de mieux comprendre","breadcrumb":{"@id":"https:\/\/fsc-ccf.ca\/fr\/recherche\/le-chomage-au-canada-rapport-du-sondage-sur-lemploi-et-les-competences\/#breadcrumb"},"inLanguage":"fr-FR","potentialAction":[{"@type":"ReadAction","target":["https:\/\/fsc-ccf.ca\/fr\/recherche\/le-chomage-au-canada-rapport-du-sondage-sur-lemploi-et-les-competences\/"]}]},{"@type":"ImageObject","inLanguage":"fr-FR","@id":"https:\/\/fsc-ccf.ca\/fr\/recherche\/le-chomage-au-canada-rapport-du-sondage-sur-lemploi-et-les-competences\/#primaryimage","url":"https:\/\/fsc-ccf.ca\/wp-content\/uploads\/2023\/11\/Artboard-13-300x61.png","contentUrl":"https:\/\/fsc-ccf.ca\/wp-content\/uploads\/2023\/11\/Artboard-13-300x61.png"},{"@type":"BreadcrumbList","@id":"https:\/\/fsc-ccf.ca\/fr\/recherche\/le-chomage-au-canada-rapport-du-sondage-sur-lemploi-et-les-competences\/#breadcrumb","itemListElement":[{"@type":"ListItem","position":1,"name":"Home","item":"https:\/\/fsc-ccf.ca\/fr\/"},{"@type":"ListItem","position":2,"name":"Recherche","item":"https:\/\/fsc-ccf.ca\/fr\/recherche\/"},{"@type":"ListItem","position":3,"name":"Le ch\u00f4mage au Canada : Rapport du sondage sur l\u2019emploi et les comp\u00e9tences"}]},{"@type":"WebSite","@id":"https:\/\/fsc-ccf.ca\/fr\/#website","url":"https:\/\/fsc-ccf.ca\/fr\/","name":"Future Skills Centre \u2022 Centre des Comp\u00e9tences futures","description":"","publisher":{"@id":"https:\/\/fsc-ccf.ca\/fr\/#organization"},"potentialAction":[{"@type":"SearchAction","target":{"@type":"EntryPoint","urlTemplate":"https:\/\/fsc-ccf.ca\/fr\/?s={search_term_string}"},"query-input":{"@type":"PropertyValueSpecification","valueRequired":true,"valueName":"search_term_string"}}],"inLanguage":"fr-FR"},{"@type":"Organization","@id":"https:\/\/fsc-ccf.ca\/fr\/#organization","name":"Future Skills Centre \u2022 Centre des Comp\u00e9tences futures","url":"https:\/\/fsc-ccf.ca\/fr\/","logo":{"@type":"ImageObject","inLanguage":"fr-FR","@id":"https:\/\/fsc-ccf.ca\/fr\/#\/schema\/logo\/image\/","url":"https:\/\/fsc-ccf.ca\/wp-content\/uploads\/2019\/08\/FSC_logo_colour_rgb_positive_ENG.png","contentUrl":"https:\/\/fsc-ccf.ca\/wp-content\/uploads\/2019\/08\/FSC_logo_colour_rgb_positive_ENG.png","width":618,"height":528,"caption":"Future Skills Centre \u2022 Centre des Comp\u00e9tences futures"},"image":{"@id":"https:\/\/fsc-ccf.ca\/fr\/#\/schema\/logo\/image\/"},"sameAs":["https:\/\/www.facebook.com\/2161871137193201\/","https:\/\/x.com\/fsc_ccf_en","https:\/\/www.instagram.com\/fsc_ccf\/","https:\/\/www.linkedin.com\/company\/fsc-ccf\/"]}]}},"_links":{"self":[{"href":"https:\/\/fsc-ccf.ca\/fr\/wp-json\/wp\/v2\/research\/286513","targetHints":{"allow":["GET"]}}],"collection":[{"href":"https:\/\/fsc-ccf.ca\/fr\/wp-json\/wp\/v2\/research"}],"about":[{"href":"https:\/\/fsc-ccf.ca\/fr\/wp-json\/wp\/v2\/types\/research"}],"version-history":[{"count":4,"href":"https:\/\/fsc-ccf.ca\/fr\/wp-json\/wp\/v2\/research\/286513\/revisions"}],"predecessor-version":[{"id":286528,"href":"https:\/\/fsc-ccf.ca\/fr\/wp-json\/wp\/v2\/research\/286513\/revisions\/286528"}],"wp:attachment":[{"href":"https:\/\/fsc-ccf.ca\/fr\/wp-json\/wp\/v2\/media?parent=286513"}],"wp:term":[{"taxonomy":"post_tag","embeddable":true,"href":"https:\/\/fsc-ccf.ca\/fr\/wp-json\/wp\/v2\/tags?post=286513"},{"taxonomy":"region","embeddable":true,"href":"https:\/\/fsc-ccf.ca\/fr\/wp-json\/wp\/v2\/region?post=286513"},{"taxonomy":"research_type","embeddable":true,"href":"https:\/\/fsc-ccf.ca\/fr\/wp-json\/wp\/v2\/research_type?post=286513"},{"taxonomy":"populations","embeddable":true,"href":"https:\/\/fsc-ccf.ca\/fr\/wp-json\/wp\/v2\/populations?post=286513"},{"taxonomy":"themes","embeddable":true,"href":"https:\/\/fsc-ccf.ca\/fr\/wp-json\/wp\/v2\/themes?post=286513"}],"curies":[{"name":"wp","href":"https:\/\/api.w.org\/{rel}","templated":true}]}}