			{"id":250196,"date":"2022-08-04T10:36:00","date_gmt":"2022-08-04T14:36:00","guid":{"rendered":"https:\/\/fsc-ccf.ca\/?post_type=research&#038;p=250196"},"modified":"2022-08-30T10:55:00","modified_gmt":"2022-08-30T14:55:00","slug":"covid-19-et-logistique-changements-et-defis-en-matiere-de-demande-pratiques-commerciales-et-gestion-des-effectifs","status":"publish","type":"research","link":"https:\/\/fsc-ccf.ca\/fr\/recherche\/covid-19-et-logistique-changements-et-defis-en-matiere-de-demande-pratiques-commerciales-et-gestion-des-effectifs\/","title":{"rendered":"COVID-19 et logistique : Changements et d\u00e9fis en mati\u00e8re de demande, pratiques commerciales et gestion des effectifs"},"content":{"rendered":"\n<p class=\"is-style-midsize\">La pr\u00e9sente \u00e9tude vise \u00e0 comprendre l\u2019impact de la pand\u00e9mie sur la demande en services de la cha\u00eene d\u2019approvisionnement et de logistique au Canada, et le pouvoir d\u2019adaptation des entreprises aux protocoles sanitaires et de s\u00e9curit\u00e9, li\u00e9s \u00e0 la pand\u00e9mie.<\/p>\n\n\n\n<p>La pand\u00e9mie de COVID-19 a \u00e9t\u00e9 un d\u00e9fi pour l\u2019\u00e9conomie canadienne, qui a vu chuter son activit\u00e9 en raison des interventions de la sant\u00e9 publique pour ma\u00eetriser la propagation du virus, telles que la fermeture des fronti\u00e8res, les confinements et la distanciation sociale. Cependant, le caract\u00e8re in\u00e9dit de la pand\u00e9mie a mis en avant le r\u00f4le essentiel de nombreux secteurs dans l\u2019\u00e9conomie nationale globale. L\u2019un de ces secteurs est celui de la cha\u00eene d\u2019approvisionnement et de la logistique, qui comprend l\u2019acquisition, le stockage et la circulation des biens et des services. Les entreprises relevant de la cha\u00eene d\u2019approvisionnement et de la logistique, et leurs services, ont \u00e9t\u00e9 consid\u00e9r\u00e9s comme \u00e9tant essentiels par le gouvernement f\u00e9d\u00e9ral, et donc exempt\u00e9s des mesures de confinement, pour faciliter les \u00e9changes commerciaux et la distribution des produits.<\/p>\n\n\n\n<p>Ce rapport met en \u00e9vidence \u00e9galement les lacunes en mati\u00e8re de comp\u00e9tences au sein du secteur r\u00e9v\u00e9l\u00e9es par la pand\u00e9mie, les difficult\u00e9s rencontr\u00e9es par les entreprises pour combler ces lacunes, et les besoins en ressources et en formation pour aider les travailleurs \u00e0 am\u00e9liorer leurs comp\u00e9tences.<\/p>\n\n\n<div id=\"buttons-block-block_630e2261c3f81\" class=\"buttons-block \">\n    <ul class=\"buttons-block__buttons\">\n                                    <li class=\"buttons-block__item button-item section-title button-item--button\">\n                    <a class=\"btn btn--download btn-dark\" href=\"https:\/\/fsc-ccf.ca\/wp-content\/uploads\/2022\/08\/COVID-19-and-Logistics-report_FR.pdf\" download>COVID-19 et logistique Changements et d\u00e9fis en mati\u00e8re de demande, pratiques commerciales et gestion des effectifs <span class=\"filesize\">PDF 3.60 MB<\/span><\/a>\n                <\/li>\n                        <\/ul>\n<\/div>\n\n\n\n<figure class=\"wp-block-image size-large is-resized\"><img loading=\"lazy\" decoding=\"async\" src=\"https:\/\/fsc-ccf.ca\/wp-content\/uploads\/2022\/08\/Logistics-cover-element-1-1024x690.jpg\" alt=\"Two workers moving a large cardboard box each on a dolly\" class=\"wp-image-250164\" width=\"768\" height=\"518\" srcset=\"https:\/\/fsc-ccf.ca\/wp-content\/uploads\/2022\/08\/Logistics-cover-element-1-1024x690.jpg 1024w, https:\/\/fsc-ccf.ca\/wp-content\/uploads\/2022\/08\/Logistics-cover-element-1-300x202.jpg 300w, https:\/\/fsc-ccf.ca\/wp-content\/uploads\/2022\/08\/Logistics-cover-element-1-768x517.jpg 768w, https:\/\/fsc-ccf.ca\/wp-content\/uploads\/2022\/08\/Logistics-cover-element-1-1536x1035.jpg 1536w, https:\/\/fsc-ccf.ca\/wp-content\/uploads\/2022\/08\/Logistics-cover-element-1-2048x1380.jpg 2048w, https:\/\/fsc-ccf.ca\/wp-content\/uploads\/2022\/08\/Logistics-cover-element-1-10x7.jpg 10w, https:\/\/fsc-ccf.ca\/wp-content\/uploads\/2022\/08\/Logistics-cover-element-1-2000x1347.jpg 2000w\" sizes=\"auto, (max-width: 768px) 100vw, 768px\" \/><\/figure>\n\n\n\n<div class=\"wp-block-ob-blocks-content-cards has-numbers\">\n<div class=\"wp-block-ob-blocks-content-card wp-block-ob-blocks-content-card--title\"><h3 class=\"numbered-card__title\" style=\"color:#000000\">Principaux constats<\/h3><div class=\"numbered-card__text\" style=\"color:#4e0047\"><\/div><div class=\"numbered-card__background\" style=\"background-color:#4e0047\"><\/div><div class=\"numbered-card__number\"><\/div><\/div>\n\n\n\n<div class=\"wp-block-ob-blocks-content-card\"><h3 class=\"numbered-card__title\" style=\"color:#4e0047\"><\/h3><div class=\"numbered-card__text\" style=\"color:#000000\"><p>La pand\u00e9mie a eu un impact mitig\u00e9 sur le secteur, avec un d\u00e9clin global de l\u2019activit\u00e9, mais une hausse importante de la demande et de la productivit\u00e9 pour des services associ\u00e9s \u00e0 certaines cat\u00e9gories de biens dont la demande a augment\u00e9.<\/p><\/div><div class=\"numbered-card__background\" style=\"background-color:#4e0047\"><\/div><div class=\"numbered-card__number\"><\/div><\/div>\n\n\n\n<div class=\"wp-block-ob-blocks-content-card\"><h3 class=\"numbered-card__title\" style=\"color:#4e0047\"><\/h3><div class=\"numbered-card__text\" style=\"color:#000000\"><p>La r\u00e9action des entreprises \u00e0 la pand\u00e9mie a \u00e9t\u00e9 diff\u00e9rente selon les types de produits ou de biens qu\u2019elles produisaient et l\u2019\u00e9tendue des mesures provinciales mises en place pour limiter la propagation de la COVID-19. Le succ\u00e8s des entreprises d\u00e9pendait \u00e9galement de leur volont\u00e9 et de leur capacit\u00e9 d\u2019adaptation.<\/p><\/div><div class=\"numbered-card__background\" style=\"background-color:#4e0047\"><\/div><div class=\"numbered-card__number\"><\/div><\/div>\n\n\n\n<div class=\"wp-block-ob-blocks-content-card\"><h3 class=\"numbered-card__title\" style=\"color:#4e0047\"><\/h3><div class=\"numbered-card__text\" style=\"color:#000000\"><p>La pand\u00e9mie a mis en \u00e9vidence un manque de comp\u00e9tences en mati\u00e8re de gestion, d\u2019apprentissage, de communication et d\u2019interaction entre les travailleurs. Des comp\u00e9tences telles que la num\u00e9ratie et la litt\u00e9ratie sont devenues cruciales durant la pand\u00e9mie.<\/p><\/div><div class=\"numbered-card__background\" style=\"background-color:#4e0047\"><\/div><div class=\"numbered-card__number\"><\/div><\/div>\n<\/div>\n\n\n<div class=\"page-block cards-grid full-width-block card-style--default display-style--default page-block--grey  \" >\n\t<div class=\"container container--with-overflow\">\n\t\t<h2 class=\"cards-grid__section-title heading-content section-title\">Contenu connexe<\/h2>\t\t\t\t<div class=\"overflow\">\n\t\t\t\n\t\t\t<div class=\"overflow__content cards-grid__grid large\">\n\t\t\t\n\t\t\t<div class=\"content-card content-card--research\">\n\t\t\t<div class=\"content-card__image\">\n\t\t\t<a href=\"https:\/\/fsc-ccf.ca\/fr\/recherche\/parcours-vers-lopportunite\/\" target=\"_self\"><img decoding=\"async\" src=\"https:\/\/fsc-ccf.ca\/wp-content\/uploads\/2026\/04\/happy-entrepreneurs-analyzing-lecture-notes-while-2026-03-17-07-06-31-utc-800x600.jpg\" alt=\"A woman in a grey blazer and a man in a blue shirt sit on wooden tiered seating, focused on a digital tablet they are holding together in a modern, sunlit atrium.\"><\/a>\n\t\t<\/div>\n\t\t\t<div class=\"content-card__content\">\n\t\t<div class=\"content-card__text\">\n\t\t\t\t\t\t\t<div class=\"content-card__type\">\n\t\t\t\t\t<span href=\"https:\/\/fsc-ccf.ca\/fr\/recherche\/\">Recherche<\/span>\t\t\t\t<\/div>\n\t\t\t\n\t\t\t\n\t\t\t\t\t\t<h3 class=\"content-card__title\">\n\t\t\t\t<a href=\"https:\/\/fsc-ccf.ca\/fr\/recherche\/parcours-vers-lopportunite\/\" target=\"_self\">Parcours vers l&#8217;opportunit\u00e9 : Relever les barri\u00e8res \u00e0 la participation au march\u00e9 du travail dans un monde du travail en \u00e9volution<\/a>\n\t\t\t<\/h3>\n\n\t\t\t<div class=\"metadata metadata--event\">\n\t<ul>\n\t\t<li class=\"metadata__date\">\n\t\t\t<div class=\"metadata__icon\"><svg width=\"10\" height=\"12\" viewBox=\"0 0 10 12\" fill=\"none\" xmlns=\"http:\/\/www.w3.org\/2000\/svg\">\n<path id=\"calendar_today\" d=\"M1.11111 11.5477C0.805556 11.5477 0.543982 11.4358 0.326389 11.212C0.108796 10.9882 0 10.7191 0 10.4049V2.40486C0 2.09057 0.108796 1.82152 0.326389 1.59771C0.543982 1.3739 0.805556 1.262 1.11111 1.262H1.66667V0.119141H2.77778V1.262H7.22222V0.119141H8.33333V1.262H8.88889C9.19444 1.262 9.45602 1.3739 9.67361 1.59771C9.8912 1.82152 10 2.09057 10 2.40486V10.4049C10 10.7191 9.8912 10.9882 9.67361 11.212C9.45602 11.4358 9.19444 11.5477 8.88889 11.5477H1.11111ZM1.11111 10.4049H8.88889V4.69057H1.11111V10.4049Z\" fill=\"#71136C\"\/>\n<\/svg>\n<\/div>\n\t\t\tAvril 2026\t\t<\/li>\n\n\t\t\t\t\t<li class=\"metadata__partners\">\n\t\t\t\t<div class=\"metadata__icon\"><svg width=\"12\" height=\"9\" viewBox=\"0 0 12 9\" fill=\"none\" xmlns=\"http:\/\/www.w3.org\/2000\/svg\">\n<path id=\"Parnter Icon\" d=\"M0 9.00014V7.50014C0 7.19657 0.0795454 6.91755 0.238636 6.66309C0.397727 6.40862 0.609091 6.21443 0.872727 6.0805C1.43636 5.80371 2.00909 5.59612 2.59091 5.45773C3.17273 5.31934 3.76364 5.25014 4.36364 5.25014C4.96364 5.25014 5.55455 5.31934 6.13636 5.45773C6.71818 5.59612 7.29091 5.80371 7.85455 6.0805C8.11818 6.21443 8.32955 6.40862 8.48864 6.66309C8.64773 6.91755 8.72727 7.19657 8.72727 7.50014V9.00014H0ZM9.81818 9.00014V7.393C9.81818 7.00014 9.70682 6.62291 9.48409 6.2613C9.26136 5.89969 8.94546 5.58943 8.53636 5.3305C9 5.38407 9.43636 5.47559 9.84546 5.60505C10.2545 5.73451 10.6364 5.893 10.9909 6.0805C11.3182 6.25907 11.5682 6.45773 11.7409 6.67648C11.9136 6.89523 12 7.13407 12 7.393V9.00014H9.81818ZM4.36364 4.71443C3.76364 4.71443 3.25 4.5046 2.82273 4.08496C2.39545 3.66532 2.18182 3.16085 2.18182 2.57157C2.18182 1.98228 2.39545 1.47782 2.82273 1.05818C3.25 0.638532 3.76364 0.428711 4.36364 0.428711C4.96364 0.428711 5.47727 0.638532 5.90455 1.05818C6.33182 1.47782 6.54545 1.98228 6.54545 2.57157C6.54545 3.16085 6.33182 3.66532 5.90455 4.08496C5.47727 4.5046 4.96364 4.71443 4.36364 4.71443ZM9.81818 2.57157C9.81818 3.16085 9.60455 3.66532 9.17727 4.08496C8.75 4.5046 8.23636 4.71443 7.63636 4.71443C7.53636 4.71443 7.40909 4.70326 7.25455 4.68094C7.1 4.65862 6.97273 4.63407 6.87273 4.60728C7.11818 4.32157 7.30682 4.0046 7.43864 3.65639C7.57045 3.30818 7.63636 2.94657 7.63636 2.57157C7.63636 2.19657 7.57045 1.83496 7.43864 1.48675C7.30682 1.13853 7.11818 0.821568 6.87273 0.535854C7 0.491211 7.12727 0.462193 7.25455 0.4488C7.38182 0.435407 7.50909 0.428711 7.63636 0.428711C8.23636 0.428711 8.75 0.638532 9.17727 1.05818C9.60455 1.47782 9.81818 1.98228 9.81818 2.57157Z\" fill=\"#71136C\"\/>\n<\/svg>\n<\/div>\n\t\t\t\t<div class=\"metadata__list\">\n\t\t\t\t\t<span>Blueprint ADE<\/span>\t\t\t\t<\/div>\n\t\t\t<\/li>\n\t\t\t<\/ul>\n<\/div>\t\t\t<div class=\"content-card__deck\">\n\t\t\t\tParcours vers l&#8217;opportunit\u00e9 est un projet pilote fond\u00e9 sur des donn\u00e9es probantes qui soutient les clients d&#8217;aide sociale confront\u00e9s \u00e0 des barri\u00e8res complexes \u00e0 l&#8217;emploi.\t\t\t<\/div>\n\n\t\t\t\t\t\t\t\t\t\t\t\t\t<ul class=\"content-card__terms\">\n\t\t\t\t\t\t\t\t\t\t\t\t<li>\n\t\t\t\t\t\t\t\t\t\t\t\t\t\t\t\t\t<span class=\"term-square\" style=\"background-color:#d218c0\"><\/span>\n\t\t\t\t\t\t\t\t\t\t\t\t\t\t\t\t<a href=\"https:\/\/fsc-ccf.ca\/fr\/themes\/economie-inclusive\/\">\u00c9conomie inclusive<\/a>\n\t\t\t\t\t\t\t<\/li>\n\t\t\t\t\t\t\t\t\t\t\t\t\t\t\t\t\t\t<li>\n\t\t\t\t\t\t\t\t\t\t\t\t\t\t\t\t\t<span class=\"term-square\" style=\"background-color:#ec008c\"><\/span>\n\t\t\t\t\t\t\t\t\t\t\t\t\t\t\t\t<a href=\"https:\/\/fsc-ccf.ca\/fr\/themes\/parcours-vers-lemploi\/\">Parcours vers L\u2019emploi<\/a>\n\t\t\t\t\t\t\t<\/li>\n\t\t\t\t\t\t\t\t\t\t\t\t\t\t\t\t\t\t\t\t<\/ul>\n\t\t\t\t\t\t\n\t\t<\/div>\n\t\t\n\t<details class=\"related-reports\">\n\t\t<summary class=\"related-reports__summary\">\n\t\t\t<span class=\"related-reports__count\">1<\/span>\n\t\t\t<span class=\"related-reports__title\">Rapports associ\u00e9s<\/span>\n\t\t\t<span class=\"related-reports__icon\"><\/span>\n\t\t<\/summary>\n\t\t<ul class=\"related-reports__reports\">\n\t\t\t\t\t\t\t\t<li class=\"related-reports__report\">\n\t\t\t\t\t\t<a href=\"https:\/\/fsc-ccf.ca\/wp-content\/uploads\/2026\/04\/Pathways-to-Opportunity-BlueprintADE-2025.pdf\" target=\"_blank\">\n\t\t\t\t\t\t\t<div class=\"related-reports__tags\">\n\t\t\t\t\t\t\t\t<span class=\"related-reports__tag related-reports__tag--primary\">Rapport de recherche complet<\/span><span class=\"related-reports__tag related-reports__tag--secondary\">PDF<\/span>\t\t\t\t\t\t\t<\/div>\n\n\t\t\t\t\t\t\tPathways to Opportunity-BlueprintADE-2025\t\t\t\t\t\t<\/a>\n\t\t\t\t\t<\/li>\n\t\t\t\t\t\t\t\t<\/ul>\n\t<\/details>\n\t<\/div>\n<\/div><div class=\"content-card content-card--research\">\n\t\t\t<div class=\"content-card__image\">\n\t\t\t<a href=\"https:\/\/fsc-ccf.ca\/fr\/recherche\/cartographier-les-parcours-des-jeunes\/\" target=\"_self\"><img decoding=\"async\" src=\"https:\/\/fsc-ccf.ca\/wp-content\/uploads\/2026\/04\/female-high-school-tutor-sitting-at-table-with-pup-2026-01-05-22-50-04-utc-800x600.jpg\" alt=\"A diverse group of high school students sits around a table in a bright classroom, listening to a teacher who is perched on a desk near a whiteboard with math equations.\"><\/a>\n\t\t<\/div>\n\t\t\t<div class=\"content-card__content\">\n\t\t<div class=\"content-card__text\">\n\t\t\t\t\t\t\t<div class=\"content-card__type\">\n\t\t\t\t\t<span href=\"https:\/\/fsc-ccf.ca\/fr\/recherche\/\">Recherche<\/span>\t\t\t\t<\/div>\n\t\t\t\n\t\t\t\n\t\t\t\t\t\t<h3 class=\"content-card__title\">\n\t\t\t\t<a href=\"https:\/\/fsc-ccf.ca\/fr\/recherche\/cartographier-les-parcours-des-jeunes\/\" target=\"_self\">Cartographier les parcours des jeunes de l\u2019\u00e9ducation \u00e0 l\u2019emploi : \u00c9tat des connaissances et renforcement des mesures de soutien \u00e0 travers le Canada<\/a>\n\t\t\t<\/h3>\n\n\t\t\t<div class=\"metadata metadata--event\">\n\t<ul>\n\t\t<li class=\"metadata__date\">\n\t\t\t<div class=\"metadata__icon\"><svg width=\"10\" height=\"12\" viewBox=\"0 0 10 12\" fill=\"none\" xmlns=\"http:\/\/www.w3.org\/2000\/svg\">\n<path id=\"calendar_today\" d=\"M1.11111 11.5477C0.805556 11.5477 0.543982 11.4358 0.326389 11.212C0.108796 10.9882 0 10.7191 0 10.4049V2.40486C0 2.09057 0.108796 1.82152 0.326389 1.59771C0.543982 1.3739 0.805556 1.262 1.11111 1.262H1.66667V0.119141H2.77778V1.262H7.22222V0.119141H8.33333V1.262H8.88889C9.19444 1.262 9.45602 1.3739 9.67361 1.59771C9.8912 1.82152 10 2.09057 10 2.40486V10.4049C10 10.7191 9.8912 10.9882 9.67361 11.212C9.45602 11.4358 9.19444 11.5477 8.88889 11.5477H1.11111ZM1.11111 10.4049H8.88889V4.69057H1.11111V10.4049Z\" fill=\"#71136C\"\/>\n<\/svg>\n<\/div>\n\t\t\tAvril 2026\t\t<\/li>\n\n\t\t\t\t\t<li class=\"metadata__partners\">\n\t\t\t\t<div class=\"metadata__icon\"><svg width=\"12\" height=\"9\" viewBox=\"0 0 12 9\" fill=\"none\" xmlns=\"http:\/\/www.w3.org\/2000\/svg\">\n<path id=\"Parnter Icon\" d=\"M0 9.00014V7.50014C0 7.19657 0.0795454 6.91755 0.238636 6.66309C0.397727 6.40862 0.609091 6.21443 0.872727 6.0805C1.43636 5.80371 2.00909 5.59612 2.59091 5.45773C3.17273 5.31934 3.76364 5.25014 4.36364 5.25014C4.96364 5.25014 5.55455 5.31934 6.13636 5.45773C6.71818 5.59612 7.29091 5.80371 7.85455 6.0805C8.11818 6.21443 8.32955 6.40862 8.48864 6.66309C8.64773 6.91755 8.72727 7.19657 8.72727 7.50014V9.00014H0ZM9.81818 9.00014V7.393C9.81818 7.00014 9.70682 6.62291 9.48409 6.2613C9.26136 5.89969 8.94546 5.58943 8.53636 5.3305C9 5.38407 9.43636 5.47559 9.84546 5.60505C10.2545 5.73451 10.6364 5.893 10.9909 6.0805C11.3182 6.25907 11.5682 6.45773 11.7409 6.67648C11.9136 6.89523 12 7.13407 12 7.393V9.00014H9.81818ZM4.36364 4.71443C3.76364 4.71443 3.25 4.5046 2.82273 4.08496C2.39545 3.66532 2.18182 3.16085 2.18182 2.57157C2.18182 1.98228 2.39545 1.47782 2.82273 1.05818C3.25 0.638532 3.76364 0.428711 4.36364 0.428711C4.96364 0.428711 5.47727 0.638532 5.90455 1.05818C6.33182 1.47782 6.54545 1.98228 6.54545 2.57157C6.54545 3.16085 6.33182 3.66532 5.90455 4.08496C5.47727 4.5046 4.96364 4.71443 4.36364 4.71443ZM9.81818 2.57157C9.81818 3.16085 9.60455 3.66532 9.17727 4.08496C8.75 4.5046 8.23636 4.71443 7.63636 4.71443C7.53636 4.71443 7.40909 4.70326 7.25455 4.68094C7.1 4.65862 6.97273 4.63407 6.87273 4.60728C7.11818 4.32157 7.30682 4.0046 7.43864 3.65639C7.57045 3.30818 7.63636 2.94657 7.63636 2.57157C7.63636 2.19657 7.57045 1.83496 7.43864 1.48675C7.30682 1.13853 7.11818 0.821568 6.87273 0.535854C7 0.491211 7.12727 0.462193 7.25455 0.4488C7.38182 0.435407 7.50909 0.428711 7.63636 0.428711C8.23636 0.428711 8.75 0.638532 9.17727 1.05818C9.60455 1.47782 9.81818 1.98228 9.81818 2.57157Z\" fill=\"#71136C\"\/>\n<\/svg>\n<\/div>\n\t\t\t\t<div class=\"metadata__list\">\n\t\t\t\t\t<span>Blueprint ADE<\/span>\t\t\t\t<\/div>\n\t\t\t<\/li>\n\t\t\t<\/ul>\n<\/div>\t\t\t<div class=\"content-card__deck\">\n\t\t\t\tCette note de recherche s\u2019inscrit dans un effort plus large visant \u00e0 approfondir la compr\u00e9hension du Canada sur les meilleures fa\u00e7ons de soutenir les jeunes dans leur parcours de l\u2019\u00e9ducation \u00e0 l\u2019emploi.\t\t\t<\/div>\n\n\t\t\t\t\t\t\t\t\t\t\t\t\t<ul class=\"content-card__terms\">\n\t\t\t\t\t\t\t\t\t\t\t\t<li>\n\t\t\t\t\t\t\t\t\t\t\t\t\t\t\t\t\t<span class=\"term-square\" style=\"background-color:#d218c0\"><\/span>\n\t\t\t\t\t\t\t\t\t\t\t\t\t\t\t\t<a href=\"https:\/\/fsc-ccf.ca\/fr\/themes\/economie-inclusive\/\">\u00c9conomie inclusive<\/a>\n\t\t\t\t\t\t\t<\/li>\n\t\t\t\t\t\t\t\t\t\t\t\t\t\t\t\t\t\t<li>\n\t\t\t\t\t\t\t\t\t\t\t\t\t\t\t\t\t<span class=\"term-square\" style=\"background-color:#ec008c\"><\/span>\n\t\t\t\t\t\t\t\t\t\t\t\t\t\t\t\t<a href=\"https:\/\/fsc-ccf.ca\/fr\/themes\/parcours-vers-lemploi\/\">Parcours vers L\u2019emploi<\/a>\n\t\t\t\t\t\t\t<\/li>\n\t\t\t\t\t\t\t\t\t\t\t\t\t\t\t\t\t\t\t\t<\/ul>\n\t\t\t\t\t\t\n\t\t<\/div>\n\t\t\n\t<details class=\"related-reports\">\n\t\t<summary class=\"related-reports__summary\">\n\t\t\t<span class=\"related-reports__count\">1<\/span>\n\t\t\t<span class=\"related-reports__title\">Rapports associ\u00e9s<\/span>\n\t\t\t<span class=\"related-reports__icon\"><\/span>\n\t\t<\/summary>\n\t\t<ul class=\"related-reports__reports\">\n\t\t\t\t\t\t\t\t<li class=\"related-reports__report\">\n\t\t\t\t\t\t<a href=\"https:\/\/fsc-ccf.ca\/wp-content\/uploads\/2026\/04\/Mapping-Youth-Pathways-Blueprint-2025.pdf\" target=\"_blank\">\n\t\t\t\t\t\t\t<div class=\"related-reports__tags\">\n\t\t\t\t\t\t\t\t<span class=\"related-reports__tag related-reports__tag--primary\">Rapport de recherche complet<\/span><span class=\"related-reports__tag related-reports__tag--secondary\">PDF<\/span>\t\t\t\t\t\t\t<\/div>\n\n\t\t\t\t\t\t\tMapping Youth Pathways-Blueprint-2025\t\t\t\t\t\t<\/a>\n\t\t\t\t\t<\/li>\n\t\t\t\t\t\t\t\t<\/ul>\n\t<\/details>\n\t<\/div>\n<\/div><div class=\"content-card content-card--research\">\n\t\t\t<div class=\"content-card__image\">\n\t\t\t<a href=\"https:\/\/fsc-ccf.ca\/fr\/recherche\/lapprentissage-inclusif-integre-au-travail\/\" target=\"_self\"><img decoding=\"async\" src=\"https:\/\/fsc-ccf.ca\/wp-content\/uploads\/2026\/04\/Train-in-New-CX-Initiatives-800x600.jpg\" alt=\"Two coworkers smiling and collaborating at a computer in an office.\"><\/a>\n\t\t<\/div>\n\t\t\t<div class=\"content-card__content\">\n\t\t<div class=\"content-card__text\">\n\t\t\t\t\t\t\t<div class=\"content-card__type\">\n\t\t\t\t\t<span href=\"https:\/\/fsc-ccf.ca\/fr\/recherche\/\">Recherche<\/span>\t\t\t\t<\/div>\n\t\t\t\n\t\t\t\n\t\t\t\t\t\t<h3 class=\"content-card__title\">\n\t\t\t\t<a href=\"https:\/\/fsc-ccf.ca\/fr\/recherche\/lapprentissage-inclusif-integre-au-travail\/\" target=\"_self\">Soutenir l\u2019apprentissage inclusif int\u00e9gr\u00e9 au travail en tant qu\u2019employeur<\/a>\n\t\t\t<\/h3>\n\n\t\t\t<div class=\"metadata metadata--event\">\n\t<ul>\n\t\t<li class=\"metadata__date\">\n\t\t\t<div class=\"metadata__icon\"><svg width=\"10\" height=\"12\" viewBox=\"0 0 10 12\" fill=\"none\" xmlns=\"http:\/\/www.w3.org\/2000\/svg\">\n<path id=\"calendar_today\" d=\"M1.11111 11.5477C0.805556 11.5477 0.543982 11.4358 0.326389 11.212C0.108796 10.9882 0 10.7191 0 10.4049V2.40486C0 2.09057 0.108796 1.82152 0.326389 1.59771C0.543982 1.3739 0.805556 1.262 1.11111 1.262H1.66667V0.119141H2.77778V1.262H7.22222V0.119141H8.33333V1.262H8.88889C9.19444 1.262 9.45602 1.3739 9.67361 1.59771C9.8912 1.82152 10 2.09057 10 2.40486V10.4049C10 10.7191 9.8912 10.9882 9.67361 11.212C9.45602 11.4358 9.19444 11.5477 8.88889 11.5477H1.11111ZM1.11111 10.4049H8.88889V4.69057H1.11111V10.4049Z\" fill=\"#71136C\"\/>\n<\/svg>\n<\/div>\n\t\t\tAvril 2026\t\t<\/li>\n\n\t\t\t\t\t<li class=\"metadata__partners\">\n\t\t\t\t<div class=\"metadata__icon\"><svg width=\"12\" height=\"9\" viewBox=\"0 0 12 9\" fill=\"none\" xmlns=\"http:\/\/www.w3.org\/2000\/svg\">\n<path id=\"Parnter Icon\" d=\"M0 9.00014V7.50014C0 7.19657 0.0795454 6.91755 0.238636 6.66309C0.397727 6.40862 0.609091 6.21443 0.872727 6.0805C1.43636 5.80371 2.00909 5.59612 2.59091 5.45773C3.17273 5.31934 3.76364 5.25014 4.36364 5.25014C4.96364 5.25014 5.55455 5.31934 6.13636 5.45773C6.71818 5.59612 7.29091 5.80371 7.85455 6.0805C8.11818 6.21443 8.32955 6.40862 8.48864 6.66309C8.64773 6.91755 8.72727 7.19657 8.72727 7.50014V9.00014H0ZM9.81818 9.00014V7.393C9.81818 7.00014 9.70682 6.62291 9.48409 6.2613C9.26136 5.89969 8.94546 5.58943 8.53636 5.3305C9 5.38407 9.43636 5.47559 9.84546 5.60505C10.2545 5.73451 10.6364 5.893 10.9909 6.0805C11.3182 6.25907 11.5682 6.45773 11.7409 6.67648C11.9136 6.89523 12 7.13407 12 7.393V9.00014H9.81818ZM4.36364 4.71443C3.76364 4.71443 3.25 4.5046 2.82273 4.08496C2.39545 3.66532 2.18182 3.16085 2.18182 2.57157C2.18182 1.98228 2.39545 1.47782 2.82273 1.05818C3.25 0.638532 3.76364 0.428711 4.36364 0.428711C4.96364 0.428711 5.47727 0.638532 5.90455 1.05818C6.33182 1.47782 6.54545 1.98228 6.54545 2.57157C6.54545 3.16085 6.33182 3.66532 5.90455 4.08496C5.47727 4.5046 4.96364 4.71443 4.36364 4.71443ZM9.81818 2.57157C9.81818 3.16085 9.60455 3.66532 9.17727 4.08496C8.75 4.5046 8.23636 4.71443 7.63636 4.71443C7.53636 4.71443 7.40909 4.70326 7.25455 4.68094C7.1 4.65862 6.97273 4.63407 6.87273 4.60728C7.11818 4.32157 7.30682 4.0046 7.43864 3.65639C7.57045 3.30818 7.63636 2.94657 7.63636 2.57157C7.63636 2.19657 7.57045 1.83496 7.43864 1.48675C7.30682 1.13853 7.11818 0.821568 6.87273 0.535854C7 0.491211 7.12727 0.462193 7.25455 0.4488C7.38182 0.435407 7.50909 0.428711 7.63636 0.428711C8.23636 0.428711 8.75 0.638532 9.17727 1.05818C9.60455 1.47782 9.81818 1.98228 9.81818 2.57157Z\" fill=\"#71136C\"\/>\n<\/svg>\n<\/div>\n\t\t\t\t<div class=\"metadata__list\">\n\t\t\t\t\t<span>Signal49 Recherche<\/span>\t\t\t\t<\/div>\n\t\t\t<\/li>\n\t\t\t<\/ul>\n<\/div>\t\t\t<div class=\"content-card__deck\">\n\t\t\t\tL\u2019apprentissage int\u00e9gr\u00e9 au travail et les stages constituent des passerelles essentielles vers l\u2019emploi. Les employeurs qui proposent des stages inclusifs peuvent acc\u00e9der \u00e0 un bassin de talents plus large, am\u00e9liorer la fid\u00e9lisation et le rendement, et favoriser l\u2019innovation gr\u00e2ce \u00e0 la diversit\u00e9 des points de vue.\t\t\t<\/div>\n\n\t\t\t\t\t\t\t\t\t\t\t\t\t<ul class=\"content-card__terms\">\n\t\t\t\t\t\t\t\t\t\t\t\t\t\t\t\t\t<li>\n\t\t\t\t\t\t\t\t\t\t\t\t\t\t\t\t\t<span class=\"term-square\" style=\"background-color:#d218c0\"><\/span>\n\t\t\t\t\t\t\t\t\t\t\t\t\t\t\t\t<a href=\"https:\/\/fsc-ccf.ca\/fr\/themes\/economie-inclusive\/\">\u00c9conomie inclusive<\/a>\n\t\t\t\t\t\t\t<\/li>\n\t\t\t\t\t\t\t\t\t\t\t\t\t\t\t<\/ul>\n\t\t\t\t\t\t\n\t\t<\/div>\n\t\t\n\t<details class=\"related-reports\">\n\t\t<summary class=\"related-reports__summary\">\n\t\t\t<span class=\"related-reports__count\">1<\/span>\n\t\t\t<span class=\"related-reports__title\">Rapports associ\u00e9s<\/span>\n\t\t\t<span class=\"related-reports__icon\"><\/span>\n\t\t<\/summary>\n\t\t<ul class=\"related-reports__reports\">\n\t\t\t\t\t\t\t\t<li class=\"related-reports__report\">\n\t\t\t\t\t\t<a href=\"https:\/\/fsc-ccf.ca\/wp-content\/uploads\/2026\/04\/soutenir-lapprentissage-inclusif-integre-au-travail_jan2026.pdf\" target=\"_blank\">\n\t\t\t\t\t\t\t<div class=\"related-reports__tags\">\n\t\t\t\t\t\t\t\t<span class=\"related-reports__tag related-reports__tag--primary\">Rapport de recherche complet<\/span><span class=\"related-reports__tag related-reports__tag--secondary\">PDF<\/span>\t\t\t\t\t\t\t<\/div>\n\n\t\t\t\t\t\t\tsoutenir-lapprentissage-inclusif-integre-au-travail_jan2026\t\t\t\t\t\t<\/a>\n\t\t\t\t\t<\/li>\n\t\t\t\t\t\t\t\t<\/ul>\n\t<\/details>\n\t<\/div>\n<\/div>\t\t\t<\/div>\n\t\t\t\t\t<\/div>\n\t\t\t\t\t\t<!-- I know this is a messy conditional but can't figure out how to pull in the correct FR translations otherwise -->\n\t\t\t\t\t\t\t\t\t<a href=\"https:\/\/fsc-ccf.ca\/fr\/\/research?lang=fr\" class=\"cards-grid__view-all heading-content\"><span>Afficher toute la recherche <\/span><span class=\"triangle triangle--right\"><\/span><\/a>\n\t\t\t\t\t\t\t\t\t\t<\/div>\n<\/div>\n","protected":false},"excerpt":{"rendered":"<p>La pr\u00e9sente \u00e9tude vise \u00e0 comprendre l\u2019impact de la pand\u00e9mie sur la demande en services de la cha\u00eene d\u2019approvisionnement et de logistique au Canada, et le pouvoir d\u2019adaptation des entreprises aux protocoles sanitaires et de s\u00e9curit\u00e9, li\u00e9s \u00e0 la pand\u00e9mie.<\/p>\n","protected":false},"menu_order":0,"template":"","tags":[753,1148,1560],"region":[211],"research_type":[],"populations":[],"themes":[1553,1552],"class_list":["post-250196","research","type-research","status-publish","hentry","tag-diversity-institute-fr","tag-diversity-institute-2","tag-labour-market-and-skills-information-fr","region-across-canada","themes-parcours-vers-lemploi","themes-sectors"],"acf":{"hero_image":{"ID":250162,"id":250162,"title":"Logistics-cover-element","filename":"Logistics-cover-element.png","filesize":973116,"url":"https:\/\/fsc-ccf.ca\/wp-content\/uploads\/2022\/08\/Logistics-cover-element.png","link":"https:\/\/fsc-ccf.ca\/fr\/recherche\/covid-19-et-logistique-changements-et-defis-en-matiere-de-demande-pratiques-commerciales-et-gestion-des-effectifs\/logistics-cover-element-2\/","alt":"Two workers moving a large cardboard box each on a dolly","author":"8","description":"","caption":"","name":"logistics-cover-element-2","status":"inherit","uploaded_to":250196,"date":"2022-08-30 13:52:09","modified":"2022-08-30 14:48:11","menu_order":0,"mime_type":"image\/png","type":"image","subtype":"png","icon":"https:\/\/fsc-ccf.ca\/wp-includes\/images\/media\/default.png","width":2860,"height":600,"sizes":{"thumbnail":"https:\/\/fsc-ccf.ca\/wp-content\/uploads\/2022\/08\/Logistics-cover-element-150x150.png","thumbnail-width":150,"thumbnail-height":150,"medium":"https:\/\/fsc-ccf.ca\/wp-content\/uploads\/2022\/08\/Logistics-cover-element-300x63.png","medium-width":300,"medium-height":63,"medium_large":"https:\/\/fsc-ccf.ca\/wp-content\/uploads\/2022\/08\/Logistics-cover-element-768x161.png","medium_large-width":768,"medium_large-height":161,"large":"https:\/\/fsc-ccf.ca\/wp-content\/uploads\/2022\/08\/Logistics-cover-element-1024x215.png","large-width":1024,"large-height":215,"1536x1536":"https:\/\/fsc-ccf.ca\/wp-content\/uploads\/2022\/08\/Logistics-cover-element-1536x322.png","1536x1536-width":1536,"1536x1536-height":322,"2048x2048":"https:\/\/fsc-ccf.ca\/wp-content\/uploads\/2022\/08\/Logistics-cover-element-2048x430.png","2048x2048-width":2048,"2048x2048-height":430,"preview":"https:\/\/fsc-ccf.ca\/wp-content\/uploads\/2022\/08\/Logistics-cover-element-10x2.png","preview-width":10,"preview-height":2,"content-card-thumbnail":"https:\/\/fsc-ccf.ca\/wp-content\/uploads\/2022\/08\/Logistics-cover-element-800x600.png","content-card-thumbnail-width":800,"content-card-thumbnail-height":600,"slider-image":"https:\/\/fsc-ccf.ca\/wp-content\/uploads\/2022\/08\/Logistics-cover-element-1600x600.png","slider-image-width":1600,"slider-image-height":600,"hero-image":"https:\/\/fsc-ccf.ca\/wp-content\/uploads\/2022\/08\/Logistics-cover-element-2000x420.png","hero-image-width":2000,"hero-image-height":420,"inline-image":"https:\/\/fsc-ccf.ca\/wp-content\/uploads\/2022\/08\/Logistics-cover-element-1024x512.png","inline-image-width":1024,"inline-image-height":512,"content-card-thumbnail-vertical":"https:\/\/fsc-ccf.ca\/wp-content\/uploads\/2022\/08\/Logistics-cover-element-400x600.png","content-card-thumbnail-vertical-width":400,"content-card-thumbnail-vertical-height":600}},"thumbnail_image":{"ID":250164,"id":250164,"title":"Logistics-cover-element-1","filename":"Logistics-cover-element-1-scaled.jpg","filesize":287626,"url":"https:\/\/fsc-ccf.ca\/wp-content\/uploads\/2022\/08\/Logistics-cover-element-1-scaled.jpg","link":"https:\/\/fsc-ccf.ca\/fr\/recherche\/covid-19-et-logistique-changements-et-defis-en-matiere-de-demande-pratiques-commerciales-et-gestion-des-effectifs\/logistics-cover-element-1-2\/","alt":"Two workers moving a large cardboard box each on a dolly","author":"8","description":"","caption":"","name":"logistics-cover-element-1-2","status":"inherit","uploaded_to":250196,"date":"2022-08-30 13:53:34","modified":"2022-08-30 14:48:11","menu_order":0,"mime_type":"image\/jpeg","type":"image","subtype":"jpeg","icon":"https:\/\/fsc-ccf.ca\/wp-includes\/images\/media\/default.png","width":2560,"height":1725,"sizes":{"thumbnail":"https:\/\/fsc-ccf.ca\/wp-content\/uploads\/2022\/08\/Logistics-cover-element-1-150x150.jpg","thumbnail-width":150,"thumbnail-height":150,"medium":"https:\/\/fsc-ccf.ca\/wp-content\/uploads\/2022\/08\/Logistics-cover-element-1-300x202.jpg","medium-width":300,"medium-height":202,"medium_large":"https:\/\/fsc-ccf.ca\/wp-content\/uploads\/2022\/08\/Logistics-cover-element-1-768x517.jpg","medium_large-width":768,"medium_large-height":517,"large":"https:\/\/fsc-ccf.ca\/wp-content\/uploads\/2022\/08\/Logistics-cover-element-1-1024x690.jpg","large-width":1024,"large-height":690,"1536x1536":"https:\/\/fsc-ccf.ca\/wp-content\/uploads\/2022\/08\/Logistics-cover-element-1-1536x1035.jpg","1536x1536-width":1536,"1536x1536-height":1035,"2048x2048":"https:\/\/fsc-ccf.ca\/wp-content\/uploads\/2022\/08\/Logistics-cover-element-1-2048x1380.jpg","2048x2048-width":2048,"2048x2048-height":1380,"preview":"https:\/\/fsc-ccf.ca\/wp-content\/uploads\/2022\/08\/Logistics-cover-element-1-10x7.jpg","preview-width":10,"preview-height":7,"content-card-thumbnail":"https:\/\/fsc-ccf.ca\/wp-content\/uploads\/2022\/08\/Logistics-cover-element-1-800x600.jpg","content-card-thumbnail-width":800,"content-card-thumbnail-height":600,"slider-image":"https:\/\/fsc-ccf.ca\/wp-content\/uploads\/2022\/08\/Logistics-cover-element-1-1600x1200.jpg","slider-image-width":1600,"slider-image-height":1200,"hero-image":"https:\/\/fsc-ccf.ca\/wp-content\/uploads\/2022\/08\/Logistics-cover-element-1-2000x1347.jpg","hero-image-width":2000,"hero-image-height":1347,"inline-image":"https:\/\/fsc-ccf.ca\/wp-content\/uploads\/2022\/08\/Logistics-cover-element-1-1024x512.jpg","inline-image-width":1024,"inline-image-height":512,"content-card-thumbnail-vertical":"https:\/\/fsc-ccf.ca\/wp-content\/uploads\/2022\/08\/Logistics-cover-element-1-400x600.jpg","content-card-thumbnail-vertical-width":400,"content-card-thumbnail-vertical-height":600}},"slider_image":false,"scorecard_content":false,"authors":"<p>Date de sortie : 4 ao\u00fbt 2022<\/p>\n<hr \/>\n<p>&nbsp;<br \/>\nAuteurs<\/p>\n<p>Dr. Yemi Adediji<br \/>\nToronto Metropolitan University<\/p>\n<p>Liam Donaldson<br \/>\nToronto Metropolitan University<\/p>\n<p>Dr. Murtaza Haider<br \/>\nToronto Metropolitan University<\/p>\n<p>Dr. Alexandra Marin<br \/>\nToronto Metropolitan University<\/p>\n","authors_colour":["grey"],"show_post_date":[],"external_linkout":[],"report":true,"file_upload":{"ID":250197,"id":250197,"title":"COVID-19 et logistique Changements et d\u00e9fis en mati\u00e8re de demande, pratiques commerciales et gestion des effectifs","filename":"COVID-19-and-Logistics-report_FR.pdf","filesize":3776174,"url":"https:\/\/fsc-ccf.ca\/wp-content\/uploads\/2022\/08\/COVID-19-and-Logistics-report_FR.pdf","link":"https:\/\/fsc-ccf.ca\/fr\/recherche\/covid-19-et-logistique-changements-et-defis-en-matiere-de-demande-pratiques-commerciales-et-gestion-des-effectifs\/covid-19-and-logistics-report_fr\/","alt":"","author":"8","description":"","caption":"","name":"covid-19-and-logistics-report_fr","status":"inherit","uploaded_to":250196,"date":"2022-08-30 14:47:06","modified":"2022-08-30 14:47:14","menu_order":0,"mime_type":"application\/pdf","type":"application","subtype":"pdf","icon":"https:\/\/fsc-ccf.ca\/wp-includes\/images\/media\/document.png"},"report_sort_name":"COVID-19 et logistique Changements et d\u00e9fis en mati\u00e8re de demande, pratiques commerciales et gestion des effectifs","report_link":"","partners":[{"ID":8361,"post_author":"25","post_date":"2019-10-08 15:57:27","post_date_gmt":"2019-10-08 19:57:27","post_content":"<!-- wp:image {\"id\":536,\"sizeSlug\":\"large\",\"linkDestination\":\"custom\"} -->\n<figure class=\"wp-block-image size-large\"><a href=\"https:\/\/www.ryerson.ca\/diversity\/\" target=\"_blank\" rel=\"noreferrer noopener\"><img src=\"https:\/\/fsc-ccf.ca\/wp-content\/uploads\/2019\/07\/TRSM_DiversityInstitute_tealblk_RGB-1024x224.png\" alt=\"Diversity Institute\" class=\"wp-image-536\"\/><\/a><\/figure>\n<!-- \/wp:image -->","post_title":"Diversity Institute","post_excerpt":"","post_status":"publish","comment_status":"closed","ping_status":"closed","post_password":"","post_name":"diversity-institute","to_ping":"","pinged":"","post_modified":"2025-12-16 10:46:35","post_modified_gmt":"2025-12-16 15:46:35","post_content_filtered":"","post_parent":0,"guid":"http:\/\/fscccf.alphabureau.ca\/partner\/diversity-institute\/","menu_order":0,"post_type":"partner","post_mime_type":"","comment_count":"0","filter":"raw"},{"ID":250177,"post_author":"8","post_date":"2022-08-30 10:01:48","post_date_gmt":"2022-08-30 14:01:48","post_content":"","post_title":"Urban Analytics Institute","post_excerpt":"","post_status":"publish","comment_status":"closed","ping_status":"closed","post_password":"","post_name":"urban-analytics-institute","to_ping":"","pinged":"","post_modified":"2022-08-30 10:03:41","post_modified_gmt":"2022-08-30 14:03:41","post_content_filtered":"","post_parent":0,"guid":"https:\/\/fsc-ccf.ca\/?post_type=partner&#038;p=250177","menu_order":0,"post_type":"partner","post_mime_type":"","comment_count":"0","filter":"raw"},{"ID":250180,"post_author":"8","post_date":"2022-08-30 10:04:49","post_date_gmt":"2022-08-30 14:04:49","post_content":"","post_title":"The Logistics Institute","post_excerpt":"","post_status":"publish","comment_status":"closed","ping_status":"closed","post_password":"","post_name":"the-logistics-institute","to_ping":"","pinged":"","post_modified":"2022-08-30 10:04:51","post_modified_gmt":"2022-08-30 14:04:51","post_content_filtered":"","post_parent":0,"guid":"https:\/\/fsc-ccf.ca\/?post_type=partner&#038;p=250180","menu_order":0,"post_type":"partner","post_mime_type":"","comment_count":"0","filter":"raw"}]},"yoast_head":"<!-- This site is optimized with the Yoast SEO plugin v27.4 - https:\/\/yoast.com\/product\/yoast-seo-wordpress\/ -->\n<title>COVID-19 et logistique : Changements et d\u00e9fis en mati\u00e8re de demande, pratiques commerciales et gestion des effectifs - Future Skills Centre \u2022 Centre des Comp\u00e9tences futures<\/title>\n<meta name=\"description\" content=\"La pr\u00e9sente \u00e9tude vise \u00e0 comprendre l\u2019impact de la pand\u00e9mie sur la demande en services de la cha\u00eene d\u2019approvisionnement et de logistique au Canada, et le pouvoir d\u2019adaptation des entreprises aux protocoles sanitaires et de s\u00e9curit\u00e9, li\u00e9s \u00e0 la pand\u00e9mie.\" \/>\n<meta name=\"robots\" content=\"index, follow, max-snippet:-1, max-image-preview:large, max-video-preview:-1\" \/>\n<link rel=\"canonical\" href=\"https:\/\/fsc-ccf.ca\/fr\/recherche\/covid-19-et-logistique-changements-et-defis-en-matiere-de-demande-pratiques-commerciales-et-gestion-des-effectifs\/\" \/>\n<meta name=\"twitter:label1\" content=\"Est. reading time\" \/>\n\t<meta name=\"twitter:data1\" content=\"2 minutes\" \/>\n<script type=\"application\/ld+json\" class=\"yoast-schema-graph\">{\"@context\":\"https:\\\/\\\/schema.org\",\"@graph\":[{\"@type\":\"WebPage\",\"@id\":\"https:\\\/\\\/fsc-ccf.ca\\\/fr\\\/recherche\\\/covid-19-et-logistique-changements-et-defis-en-matiere-de-demande-pratiques-commerciales-et-gestion-des-effectifs\\\/\",\"url\":\"https:\\\/\\\/fsc-ccf.ca\\\/fr\\\/recherche\\\/covid-19-et-logistique-changements-et-defis-en-matiere-de-demande-pratiques-commerciales-et-gestion-des-effectifs\\\/\",\"name\":\"COVID-19 et logistique : Changements et d\u00e9fis en mati\u00e8re de demande, pratiques commerciales et gestion des effectifs - Future Skills Centre \u2022 Centre des Comp\u00e9tences futures\",\"isPartOf\":{\"@id\":\"https:\\\/\\\/fsc-ccf.ca\\\/fr\\\/#website\"},\"primaryImageOfPage\":{\"@id\":\"https:\\\/\\\/fsc-ccf.ca\\\/fr\\\/recherche\\\/covid-19-et-logistique-changements-et-defis-en-matiere-de-demande-pratiques-commerciales-et-gestion-des-effectifs\\\/#primaryimage\"},\"image\":{\"@id\":\"https:\\\/\\\/fsc-ccf.ca\\\/fr\\\/recherche\\\/covid-19-et-logistique-changements-et-defis-en-matiere-de-demande-pratiques-commerciales-et-gestion-des-effectifs\\\/#primaryimage\"},\"thumbnailUrl\":\"https:\\\/\\\/fsc-ccf.ca\\\/wp-content\\\/uploads\\\/2022\\\/08\\\/Logistics-cover-element-1-1024x690.jpg\",\"datePublished\":\"2022-08-04T14:36:00+00:00\",\"dateModified\":\"2022-08-30T14:55:00+00:00\",\"description\":\"La pr\u00e9sente \u00e9tude vise \u00e0 comprendre l\u2019impact de la pand\u00e9mie sur la demande en services de la cha\u00eene d\u2019approvisionnement et de logistique au Canada, et le pouvoir d\u2019adaptation des entreprises aux protocoles sanitaires et de s\u00e9curit\u00e9, li\u00e9s \u00e0 la pand\u00e9mie.\",\"breadcrumb\":{\"@id\":\"https:\\\/\\\/fsc-ccf.ca\\\/fr\\\/recherche\\\/covid-19-et-logistique-changements-et-defis-en-matiere-de-demande-pratiques-commerciales-et-gestion-des-effectifs\\\/#breadcrumb\"},\"inLanguage\":\"fr-FR\",\"potentialAction\":[{\"@type\":\"ReadAction\",\"target\":[\"https:\\\/\\\/fsc-ccf.ca\\\/fr\\\/recherche\\\/covid-19-et-logistique-changements-et-defis-en-matiere-de-demande-pratiques-commerciales-et-gestion-des-effectifs\\\/\"]}]},{\"@type\":\"ImageObject\",\"inLanguage\":\"fr-FR\",\"@id\":\"https:\\\/\\\/fsc-ccf.ca\\\/fr\\\/recherche\\\/covid-19-et-logistique-changements-et-defis-en-matiere-de-demande-pratiques-commerciales-et-gestion-des-effectifs\\\/#primaryimage\",\"url\":\"https:\\\/\\\/fsc-ccf.ca\\\/wp-content\\\/uploads\\\/2022\\\/08\\\/Logistics-cover-element-1-1024x690.jpg\",\"contentUrl\":\"https:\\\/\\\/fsc-ccf.ca\\\/wp-content\\\/uploads\\\/2022\\\/08\\\/Logistics-cover-element-1-1024x690.jpg\"},{\"@type\":\"BreadcrumbList\",\"@id\":\"https:\\\/\\\/fsc-ccf.ca\\\/fr\\\/recherche\\\/covid-19-et-logistique-changements-et-defis-en-matiere-de-demande-pratiques-commerciales-et-gestion-des-effectifs\\\/#breadcrumb\",\"itemListElement\":[{\"@type\":\"ListItem\",\"position\":1,\"name\":\"Home\",\"item\":\"https:\\\/\\\/fsc-ccf.ca\\\/fr\\\/\"},{\"@type\":\"ListItem\",\"position\":2,\"name\":\"Recherche\",\"item\":\"https:\\\/\\\/fsc-ccf.ca\\\/fr\\\/recherche\\\/\"},{\"@type\":\"ListItem\",\"position\":3,\"name\":\"COVID-19 et logistique : Changements et d\u00e9fis en mati\u00e8re de demande, pratiques commerciales et gestion des effectifs\"}]},{\"@type\":\"WebSite\",\"@id\":\"https:\\\/\\\/fsc-ccf.ca\\\/fr\\\/#website\",\"url\":\"https:\\\/\\\/fsc-ccf.ca\\\/fr\\\/\",\"name\":\"Future Skills Centre \u2022 Centre des Comp\u00e9tences futures\",\"description\":\"\",\"publisher\":{\"@id\":\"https:\\\/\\\/fsc-ccf.ca\\\/fr\\\/#organization\"},\"potentialAction\":[{\"@type\":\"SearchAction\",\"target\":{\"@type\":\"EntryPoint\",\"urlTemplate\":\"https:\\\/\\\/fsc-ccf.ca\\\/fr\\\/?s={search_term_string}\"},\"query-input\":{\"@type\":\"PropertyValueSpecification\",\"valueRequired\":true,\"valueName\":\"search_term_string\"}}],\"inLanguage\":\"fr-FR\"},{\"@type\":\"Organization\",\"@id\":\"https:\\\/\\\/fsc-ccf.ca\\\/fr\\\/#organization\",\"name\":\"Future Skills Centre \u2022 Centre des Comp\u00e9tences futures\",\"url\":\"https:\\\/\\\/fsc-ccf.ca\\\/fr\\\/\",\"logo\":{\"@type\":\"ImageObject\",\"inLanguage\":\"fr-FR\",\"@id\":\"https:\\\/\\\/fsc-ccf.ca\\\/fr\\\/#\\\/schema\\\/logo\\\/image\\\/\",\"url\":\"https:\\\/\\\/fsc-ccf.ca\\\/wp-content\\\/uploads\\\/2019\\\/08\\\/FSC_logo_colour_rgb_positive_ENG.png\",\"contentUrl\":\"https:\\\/\\\/fsc-ccf.ca\\\/wp-content\\\/uploads\\\/2019\\\/08\\\/FSC_logo_colour_rgb_positive_ENG.png\",\"width\":618,\"height\":528,\"caption\":\"Future Skills Centre \u2022 Centre des Comp\u00e9tences futures\"},\"image\":{\"@id\":\"https:\\\/\\\/fsc-ccf.ca\\\/fr\\\/#\\\/schema\\\/logo\\\/image\\\/\"},\"sameAs\":[\"https:\\\/\\\/www.facebook.com\\\/2161871137193201\\\/\",\"https:\\\/\\\/x.com\\\/fsc_ccf_en\",\"https:\\\/\\\/www.instagram.com\\\/fsc_ccf\\\/\",\"https:\\\/\\\/www.linkedin.com\\\/company\\\/fsc-ccf\\\/\"]}]}<\/script>\n<!-- \/ Yoast SEO plugin. -->","yoast_head_json":{"title":"COVID-19 et logistique : Changements et d\u00e9fis en mati\u00e8re de demande, pratiques commerciales et gestion des effectifs - Future Skills Centre \u2022 Centre des Comp\u00e9tences futures","description":"La pr\u00e9sente \u00e9tude vise \u00e0 comprendre l\u2019impact de la pand\u00e9mie sur la demande en services de la cha\u00eene d\u2019approvisionnement et de logistique au Canada, et le pouvoir d\u2019adaptation des entreprises aux protocoles sanitaires et de s\u00e9curit\u00e9, li\u00e9s \u00e0 la pand\u00e9mie.","robots":{"index":"index","follow":"follow","max-snippet":"max-snippet:-1","max-image-preview":"max-image-preview:large","max-video-preview":"max-video-preview:-1"},"canonical":"https:\/\/fsc-ccf.ca\/fr\/recherche\/covid-19-et-logistique-changements-et-defis-en-matiere-de-demande-pratiques-commerciales-et-gestion-des-effectifs\/","twitter_misc":{"Est. reading time":"2 minutes"},"schema":{"@context":"https:\/\/schema.org","@graph":[{"@type":"WebPage","@id":"https:\/\/fsc-ccf.ca\/fr\/recherche\/covid-19-et-logistique-changements-et-defis-en-matiere-de-demande-pratiques-commerciales-et-gestion-des-effectifs\/","url":"https:\/\/fsc-ccf.ca\/fr\/recherche\/covid-19-et-logistique-changements-et-defis-en-matiere-de-demande-pratiques-commerciales-et-gestion-des-effectifs\/","name":"COVID-19 et logistique : Changements et d\u00e9fis en mati\u00e8re de demande, pratiques commerciales et gestion des effectifs - Future Skills Centre \u2022 Centre des Comp\u00e9tences futures","isPartOf":{"@id":"https:\/\/fsc-ccf.ca\/fr\/#website"},"primaryImageOfPage":{"@id":"https:\/\/fsc-ccf.ca\/fr\/recherche\/covid-19-et-logistique-changements-et-defis-en-matiere-de-demande-pratiques-commerciales-et-gestion-des-effectifs\/#primaryimage"},"image":{"@id":"https:\/\/fsc-ccf.ca\/fr\/recherche\/covid-19-et-logistique-changements-et-defis-en-matiere-de-demande-pratiques-commerciales-et-gestion-des-effectifs\/#primaryimage"},"thumbnailUrl":"https:\/\/fsc-ccf.ca\/wp-content\/uploads\/2022\/08\/Logistics-cover-element-1-1024x690.jpg","datePublished":"2022-08-04T14:36:00+00:00","dateModified":"2022-08-30T14:55:00+00:00","description":"La pr\u00e9sente \u00e9tude vise \u00e0 comprendre l\u2019impact de la pand\u00e9mie sur la demande en services de la cha\u00eene d\u2019approvisionnement et de logistique au Canada, et le pouvoir d\u2019adaptation des entreprises aux protocoles sanitaires et de s\u00e9curit\u00e9, li\u00e9s \u00e0 la pand\u00e9mie.","breadcrumb":{"@id":"https:\/\/fsc-ccf.ca\/fr\/recherche\/covid-19-et-logistique-changements-et-defis-en-matiere-de-demande-pratiques-commerciales-et-gestion-des-effectifs\/#breadcrumb"},"inLanguage":"fr-FR","potentialAction":[{"@type":"ReadAction","target":["https:\/\/fsc-ccf.ca\/fr\/recherche\/covid-19-et-logistique-changements-et-defis-en-matiere-de-demande-pratiques-commerciales-et-gestion-des-effectifs\/"]}]},{"@type":"ImageObject","inLanguage":"fr-FR","@id":"https:\/\/fsc-ccf.ca\/fr\/recherche\/covid-19-et-logistique-changements-et-defis-en-matiere-de-demande-pratiques-commerciales-et-gestion-des-effectifs\/#primaryimage","url":"https:\/\/fsc-ccf.ca\/wp-content\/uploads\/2022\/08\/Logistics-cover-element-1-1024x690.jpg","contentUrl":"https:\/\/fsc-ccf.ca\/wp-content\/uploads\/2022\/08\/Logistics-cover-element-1-1024x690.jpg"},{"@type":"BreadcrumbList","@id":"https:\/\/fsc-ccf.ca\/fr\/recherche\/covid-19-et-logistique-changements-et-defis-en-matiere-de-demande-pratiques-commerciales-et-gestion-des-effectifs\/#breadcrumb","itemListElement":[{"@type":"ListItem","position":1,"name":"Home","item":"https:\/\/fsc-ccf.ca\/fr\/"},{"@type":"ListItem","position":2,"name":"Recherche","item":"https:\/\/fsc-ccf.ca\/fr\/recherche\/"},{"@type":"ListItem","position":3,"name":"COVID-19 et logistique : Changements et d\u00e9fis en mati\u00e8re de demande, pratiques commerciales et gestion des effectifs"}]},{"@type":"WebSite","@id":"https:\/\/fsc-ccf.ca\/fr\/#website","url":"https:\/\/fsc-ccf.ca\/fr\/","name":"Future Skills Centre \u2022 Centre des Comp\u00e9tences futures","description":"","publisher":{"@id":"https:\/\/fsc-ccf.ca\/fr\/#organization"},"potentialAction":[{"@type":"SearchAction","target":{"@type":"EntryPoint","urlTemplate":"https:\/\/fsc-ccf.ca\/fr\/?s={search_term_string}"},"query-input":{"@type":"PropertyValueSpecification","valueRequired":true,"valueName":"search_term_string"}}],"inLanguage":"fr-FR"},{"@type":"Organization","@id":"https:\/\/fsc-ccf.ca\/fr\/#organization","name":"Future Skills Centre \u2022 Centre des Comp\u00e9tences futures","url":"https:\/\/fsc-ccf.ca\/fr\/","logo":{"@type":"ImageObject","inLanguage":"fr-FR","@id":"https:\/\/fsc-ccf.ca\/fr\/#\/schema\/logo\/image\/","url":"https:\/\/fsc-ccf.ca\/wp-content\/uploads\/2019\/08\/FSC_logo_colour_rgb_positive_ENG.png","contentUrl":"https:\/\/fsc-ccf.ca\/wp-content\/uploads\/2019\/08\/FSC_logo_colour_rgb_positive_ENG.png","width":618,"height":528,"caption":"Future Skills Centre \u2022 Centre des Comp\u00e9tences futures"},"image":{"@id":"https:\/\/fsc-ccf.ca\/fr\/#\/schema\/logo\/image\/"},"sameAs":["https:\/\/www.facebook.com\/2161871137193201\/","https:\/\/x.com\/fsc_ccf_en","https:\/\/www.instagram.com\/fsc_ccf\/","https:\/\/www.linkedin.com\/company\/fsc-ccf\/"]}]}},"_links":{"self":[{"href":"https:\/\/fsc-ccf.ca\/fr\/wp-json\/wp\/v2\/research\/250196","targetHints":{"allow":["GET"]}}],"collection":[{"href":"https:\/\/fsc-ccf.ca\/fr\/wp-json\/wp\/v2\/research"}],"about":[{"href":"https:\/\/fsc-ccf.ca\/fr\/wp-json\/wp\/v2\/types\/research"}],"version-history":[{"count":6,"href":"https:\/\/fsc-ccf.ca\/fr\/wp-json\/wp\/v2\/research\/250196\/revisions"}],"predecessor-version":[{"id":250206,"href":"https:\/\/fsc-ccf.ca\/fr\/wp-json\/wp\/v2\/research\/250196\/revisions\/250206"}],"wp:attachment":[{"href":"https:\/\/fsc-ccf.ca\/fr\/wp-json\/wp\/v2\/media?parent=250196"}],"wp:term":[{"taxonomy":"post_tag","embeddable":true,"href":"https:\/\/fsc-ccf.ca\/fr\/wp-json\/wp\/v2\/tags?post=250196"},{"taxonomy":"region","embeddable":true,"href":"https:\/\/fsc-ccf.ca\/fr\/wp-json\/wp\/v2\/region?post=250196"},{"taxonomy":"research_type","embeddable":true,"href":"https:\/\/fsc-ccf.ca\/fr\/wp-json\/wp\/v2\/research_type?post=250196"},{"taxonomy":"populations","embeddable":true,"href":"https:\/\/fsc-ccf.ca\/fr\/wp-json\/wp\/v2\/populations?post=250196"},{"taxonomy":"themes","embeddable":true,"href":"https:\/\/fsc-ccf.ca\/fr\/wp-json\/wp\/v2\/themes?post=250196"}],"curies":[{"name":"wp","href":"https:\/\/api.w.org\/{rel}","templated":true}]}}