			{"id":221613,"date":"2021-09-08T08:35:09","date_gmt":"2021-09-08T12:35:09","guid":{"rendered":"https:\/\/fsc-ccf.ca\/?post_type=research&#038;p=221613"},"modified":"2022-07-29T12:06:39","modified_gmt":"2022-07-29T16:06:39","slug":"nouvelle-donne-evolution-de-lemploi-dans-le-secteur-manufacturier-du-canada-2003-a-2018-2","status":"publish","type":"research","link":"https:\/\/fsc-ccf.ca\/fr\/recherche\/nouvelle-donne-evolution-de-lemploi-dans-le-secteur-manufacturier-du-canada-2003-a-2018-2\/","title":{"rendered":"Nouvelle donne : \u00c9volution de l\u2019emploi dans le secteur manufacturier du Canada, 2003 \u00e0 2018"},"content":{"rendered":"\n<p class=\"is-style-large-paragraph\">Si les pertes d\u2019emploi subies par le secteur manufacturier canadien ont fait globalement l\u2019objet d\u2019une attention marqu\u00e9e, nous disposons toutefois de donn\u00e9es tr\u00e8s limit\u00e9es sur l\u2019\u00e9volution des r\u00e9gions depuis le d\u00e9clin qui a touch\u00e9 l\u2019emploi manufacturier entre 2003 et 2009 sous les effets conjugu\u00e9s de la concurrence accrue des pays \u00e9trangers, de la hausse du dollar canadien et de la Grande R\u00e9cession de 2008-2009.<\/p>\n\n\n<div id=\"buttons-block-block_6137b937d5c8a\" class=\"buttons-block \">\n    <ul class=\"buttons-block__buttons\">\n                                    <li class=\"buttons-block__item button-item section-title button-item--button\">\n                    <a class=\"btn btn--download btn-dark\" href=\"https:\/\/fsc-ccf.ca\/wp-content\/uploads\/2021\/09\/Nouvelle_donne_Rapport_complet.pdf\" download>Nouvelle donne : \u00c9volution de l\u2019emploi dans le secteur manufacturier du Canada, 2003 \u00e0 2018 <span class=\"filesize\">PDF 3.65 MB<\/span><\/a>\n                <\/li>\n                        <\/ul>\n<\/div>\n\n\n\n<h2 class=\"wp-block-heading\">Points importants<\/h2>\n\n\n\n<div class=\"buttons-block bucket-block__items three-up\">\n\t<div class=\"bucket-block__item bucket-item \">\n\t\t<div class=\"bucket-item__number\">1<\/div>\n\t\t<div class=\"bucket-item__content\">\n\t\t\t<div class=\"bucket-item__text\">\n\t\t\t\t<p> Les emplois manufacturiers canadiens perdus depuis 2003 n\u2019ont \u00e9t\u00e9 que partiellement remplac\u00e9s par des postes \u00e9quivalents dans la construction, la vente en gros et le camionnage dans les grands centres m\u00e9tropolitains de Toronto, Montr\u00e9al et Vancouver ainsi que dans les collectivit\u00e9s situ\u00e9es dans la zone de navettage de ces trois villes.<\/p>\n\t\t\t<\/div>\n\t\t<\/div>\n\t<\/div>\n\t<div class=\"bucket-block__item bucket-item \">\n\t\t<div class=\"bucket-item__number\">2<\/div>\n\t\t<div class=\"bucket-item__content\">\n\t\t\t<div class=\"bucket-item__text\">\n\t\t\t\t<p>Dans la mesure o\u00f9 ils comptaient plus d\u2019emplois manufacturiers que la moyenne nationale, des agglom\u00e9rations telles que Miramichi, Oshawa, St. Catharines-Niagara, Prince Albert, Kitchener-Cambridge-Waterloo et Windsor ont connu un bouleversement disproportionnellement \u00e9lev\u00e9 de leur niveau d\u2019emploi en raison du d\u00e9clin de l\u2019emploi dans le secteur manufacturier.<\/p>\n\t\t\t<\/div>\n\t\t<\/div>\n\t<\/div><div class=\"bucket-block__item bucket-item \">\n\t\t<div class=\"bucket-item__number\">3<\/div>\n\t\t<div class=\"bucket-item__content\">\n\t\t\t<div class=\"bucket-item__text\">\n\t\t\t\t<p>Le nombre d\u2019emplois manufacturiers au Canada a peu chang\u00e9 depuis 2009, mais on observe un virage vers des professions plus sp\u00e9cialis\u00e9es au sein de ce secteur. La formation professionnelle est essentielle pour offrir aux travailleurs les comp\u00e9tences dont ils ont besoin pour acc\u00e9der \u00e0 ces emplois dans les industries de la construction et de la fabrication.<\/p>\n\t\t\t<\/div>\n\t\t<\/div>\n\t<\/div>\n<\/div>\n\n\n\n<figure class=\"wp-block-image size-large\"><img loading=\"lazy\" decoding=\"async\" width=\"1024\" height=\"576\" src=\"https:\/\/fsc-ccf.ca\/wp-content\/uploads\/2021\/09\/Aerial-view-of-the-inside-of-a-manufacturing-warehouse-edited-1-1024x576.jpg\" alt=\"Aerial view of the inside of a manufacturing warehouse\" class=\"wp-image-221638\" srcset=\"https:\/\/fsc-ccf.ca\/wp-content\/uploads\/2021\/09\/Aerial-view-of-the-inside-of-a-manufacturing-warehouse-edited-1-1024x576.jpg 1024w, https:\/\/fsc-ccf.ca\/wp-content\/uploads\/2021\/09\/Aerial-view-of-the-inside-of-a-manufacturing-warehouse-edited-1-300x169.jpg 300w, https:\/\/fsc-ccf.ca\/wp-content\/uploads\/2021\/09\/Aerial-view-of-the-inside-of-a-manufacturing-warehouse-edited-1-768x432.jpg 768w, https:\/\/fsc-ccf.ca\/wp-content\/uploads\/2021\/09\/Aerial-view-of-the-inside-of-a-manufacturing-warehouse-edited-1-1536x863.jpg 1536w, https:\/\/fsc-ccf.ca\/wp-content\/uploads\/2021\/09\/Aerial-view-of-the-inside-of-a-manufacturing-warehouse-edited-1-scaled.jpg 2048w, https:\/\/fsc-ccf.ca\/wp-content\/uploads\/2021\/09\/Aerial-view-of-the-inside-of-a-manufacturing-warehouse-edited-1-10x6.jpg 10w, https:\/\/fsc-ccf.ca\/wp-content\/uploads\/2021\/09\/Aerial-view-of-the-inside-of-a-manufacturing-warehouse-edited-1-2000x1124.jpg 2000w\" sizes=\"auto, (max-width: 1024px) 100vw, 1024px\" \/><\/figure>\n\n\n\n<h2 class=\"wp-block-heading\">R\u00e9sum\u00e9<\/h2>\n\n\n\n<p>Au Canada, le secteur manufacturier a accus\u00e9 une perte de plus de 500 000 emplois entre 2003 et 2009, dont plus de 300 000 avant la Grande R\u00e9cession de 2008-2009. Dans le sillage de cette crise, la croissance de l\u2019emploi dans le secteur a \u00e9t\u00e9 quasiment nulle. Cette \u00e9tude vise \u00e0 r\u00e9pondre \u00e0 quelques questions simples : quels travailleurs ont \u00e9t\u00e9 affect\u00e9s par cette perte d\u2019emplois, que sont-ils devenus et qu\u2019est-il advenu des collectivit\u00e9s dans lesquelles ils travaillaient? Les emplois du secteur manufacturier ont-ils \u00e9t\u00e9 remplac\u00e9s par des postes \u00e9quivalents en mati\u00e8re de niveau de comp\u00e9tences et de r\u00e9mun\u00e9ration dans les collectivit\u00e9s o\u00f9 ils ont disparus?<\/p>\n\n\n\n<p>Pour r\u00e9pondre bri\u00e8vement, ces emplois n\u2019ont \u00e9t\u00e9 que partiellement remplac\u00e9s par des postes \u00e9quivalents dans la construction, la vente en gros et le camionnage dans les grands centres m\u00e9tropolitains de Toronto, Montr\u00e9al et Vancouver ainsi que dans les collectivit\u00e9s situ\u00e9es dans la zone de navettage de ces trois villes. D\u2019autres collectivit\u00e9s manufacturi\u00e8res historiques, telles que Windsor et St. Catharines-Niagara, ont connu une croissance consid\u00e9rablement inf\u00e9rieure dans ces industries et un recul plus important de leur taux d\u2019emploi.<\/p>\n\n\n\n<p>Une baisse du niveau d\u2019emploi dans une industrie exerce une influence \u00e0 la fois sur les travailleurs de cette industrie et sur ceux ayant un profil de comp\u00e9tences similaire, ainsi que sur les collectivit\u00e9s abritant cette industrie. Dans le cadre de cette \u00e9tude, nous avons \u00e9labor\u00e9 une m\u00e9thode visant \u00e0 identifier un recul constant de l\u2019emploi. Nous avons alors \u00e9tabli que 55 industries distinctes \u00e9taient concern\u00e9es sur la p\u00e9riode comprise entre 1997 et 2018. Parmi ces 55 industries, 35 appartiennent au secteur manufacturier. De plus, 34 de ces 35 industries manufacturi\u00e8res ont enregistr\u00e9 un pic de l\u2019emploi apr\u00e8s 1996 (entre 1997 et 2004), ce qui montre que le d\u00e9clin de l\u2019emploi dans ce secteur a commenc\u00e9 bien avant la Grande R\u00e9cession de 2008-2009, m\u00eame s\u2019il s\u2019est acc\u00e9l\u00e9r\u00e9 au cours de cette crise. En effet, le d\u00e9clin global de l\u2019emploi observ\u00e9 dans ces industries est essentiellement survenu avant la Grande R\u00e9cession, probablement \u00e0 cause d\u2019une combinaison entre concurrence \u00e9trang\u00e8re, hausse du dollar canadien et acc\u00e9l\u00e9ration de l\u2019automatisation.<\/p>\n\n\n\n<p>Dans cette \u00e9tude, nous examinons les industries manufacturi\u00e8res touch\u00e9es par un recul constant et les incidences sur les types de travailleurs traditionnellement employ\u00e9s dans ces industries. Nous analysons \u00e9galement la question du d\u00e9placement de l\u2019emploi sous l\u2019angle de la profession et de la g\u00e9ographie. D\u2019ailleurs, nous ne nous concentrons pas uniquement sur les anciens travailleurs de ce secteur, car certains des impacts \u00e9conomiques sont li\u00e9s \u00e0 une baisse des embauches et des d\u00e9bouch\u00e9s caus\u00e9e par la disparition de ces emplois.<\/p>\n\n\n<div class=\"page-block cards-grid full-width-block card-style--default display-style--default page-block--grey  \" >\n\t<div class=\"container container--with-overflow\">\n\t\t<h2 class=\"cards-grid__section-title heading-content section-title\">Contenu connexe<\/h2>\t\t\t\t<div class=\"overflow\">\n\t\t\t\n\t\t\t<div class=\"overflow__content cards-grid__grid large\">\n\t\t\t\n\t\t\t<div class=\"content-card content-card--research\">\n\t\t\t<div class=\"content-card__image\">\n\t\t\t<a href=\"https:\/\/fsc-ccf.ca\/fr\/recherche\/parcours-vers-lopportunite\/\" target=\"_self\"><img decoding=\"async\" src=\"https:\/\/fsc-ccf.ca\/wp-content\/uploads\/2026\/04\/happy-entrepreneurs-analyzing-lecture-notes-while-2026-03-17-07-06-31-utc-800x600.jpg\" alt=\"A woman in a grey blazer and a man in a blue shirt sit on wooden tiered seating, focused on a digital tablet they are holding together in a modern, sunlit atrium.\"><\/a>\n\t\t<\/div>\n\t\t\t<div class=\"content-card__content\">\n\t\t<div class=\"content-card__text\">\n\t\t\t\t\t\t\t<div class=\"content-card__type\">\n\t\t\t\t\t<span href=\"https:\/\/fsc-ccf.ca\/fr\/recherche\/\">Recherche<\/span>\t\t\t\t<\/div>\n\t\t\t\n\t\t\t\n\t\t\t\t\t\t<h3 class=\"content-card__title\">\n\t\t\t\t<a href=\"https:\/\/fsc-ccf.ca\/fr\/recherche\/parcours-vers-lopportunite\/\" target=\"_self\">Parcours vers l&#8217;opportunit\u00e9 : Relever les barri\u00e8res \u00e0 la participation au march\u00e9 du travail dans un monde du travail en \u00e9volution<\/a>\n\t\t\t<\/h3>\n\n\t\t\t<div class=\"metadata metadata--event\">\n\t<ul>\n\t\t<li class=\"metadata__date\">\n\t\t\t<div class=\"metadata__icon\"><svg width=\"10\" height=\"12\" viewBox=\"0 0 10 12\" fill=\"none\" xmlns=\"http:\/\/www.w3.org\/2000\/svg\">\n<path id=\"calendar_today\" d=\"M1.11111 11.5477C0.805556 11.5477 0.543982 11.4358 0.326389 11.212C0.108796 10.9882 0 10.7191 0 10.4049V2.40486C0 2.09057 0.108796 1.82152 0.326389 1.59771C0.543982 1.3739 0.805556 1.262 1.11111 1.262H1.66667V0.119141H2.77778V1.262H7.22222V0.119141H8.33333V1.262H8.88889C9.19444 1.262 9.45602 1.3739 9.67361 1.59771C9.8912 1.82152 10 2.09057 10 2.40486V10.4049C10 10.7191 9.8912 10.9882 9.67361 11.212C9.45602 11.4358 9.19444 11.5477 8.88889 11.5477H1.11111ZM1.11111 10.4049H8.88889V4.69057H1.11111V10.4049Z\" fill=\"#71136C\"\/>\n<\/svg>\n<\/div>\n\t\t\tAvril 2026\t\t<\/li>\n\n\t\t\t\t\t<li class=\"metadata__partners\">\n\t\t\t\t<div class=\"metadata__icon\"><svg width=\"12\" height=\"9\" viewBox=\"0 0 12 9\" fill=\"none\" xmlns=\"http:\/\/www.w3.org\/2000\/svg\">\n<path id=\"Parnter Icon\" d=\"M0 9.00014V7.50014C0 7.19657 0.0795454 6.91755 0.238636 6.66309C0.397727 6.40862 0.609091 6.21443 0.872727 6.0805C1.43636 5.80371 2.00909 5.59612 2.59091 5.45773C3.17273 5.31934 3.76364 5.25014 4.36364 5.25014C4.96364 5.25014 5.55455 5.31934 6.13636 5.45773C6.71818 5.59612 7.29091 5.80371 7.85455 6.0805C8.11818 6.21443 8.32955 6.40862 8.48864 6.66309C8.64773 6.91755 8.72727 7.19657 8.72727 7.50014V9.00014H0ZM9.81818 9.00014V7.393C9.81818 7.00014 9.70682 6.62291 9.48409 6.2613C9.26136 5.89969 8.94546 5.58943 8.53636 5.3305C9 5.38407 9.43636 5.47559 9.84546 5.60505C10.2545 5.73451 10.6364 5.893 10.9909 6.0805C11.3182 6.25907 11.5682 6.45773 11.7409 6.67648C11.9136 6.89523 12 7.13407 12 7.393V9.00014H9.81818ZM4.36364 4.71443C3.76364 4.71443 3.25 4.5046 2.82273 4.08496C2.39545 3.66532 2.18182 3.16085 2.18182 2.57157C2.18182 1.98228 2.39545 1.47782 2.82273 1.05818C3.25 0.638532 3.76364 0.428711 4.36364 0.428711C4.96364 0.428711 5.47727 0.638532 5.90455 1.05818C6.33182 1.47782 6.54545 1.98228 6.54545 2.57157C6.54545 3.16085 6.33182 3.66532 5.90455 4.08496C5.47727 4.5046 4.96364 4.71443 4.36364 4.71443ZM9.81818 2.57157C9.81818 3.16085 9.60455 3.66532 9.17727 4.08496C8.75 4.5046 8.23636 4.71443 7.63636 4.71443C7.53636 4.71443 7.40909 4.70326 7.25455 4.68094C7.1 4.65862 6.97273 4.63407 6.87273 4.60728C7.11818 4.32157 7.30682 4.0046 7.43864 3.65639C7.57045 3.30818 7.63636 2.94657 7.63636 2.57157C7.63636 2.19657 7.57045 1.83496 7.43864 1.48675C7.30682 1.13853 7.11818 0.821568 6.87273 0.535854C7 0.491211 7.12727 0.462193 7.25455 0.4488C7.38182 0.435407 7.50909 0.428711 7.63636 0.428711C8.23636 0.428711 8.75 0.638532 9.17727 1.05818C9.60455 1.47782 9.81818 1.98228 9.81818 2.57157Z\" fill=\"#71136C\"\/>\n<\/svg>\n<\/div>\n\t\t\t\t<div class=\"metadata__list\">\n\t\t\t\t\t<span>Blueprint ADE<\/span>\t\t\t\t<\/div>\n\t\t\t<\/li>\n\t\t\t<\/ul>\n<\/div>\t\t\t<div class=\"content-card__deck\">\n\t\t\t\tParcours vers l&#8217;opportunit\u00e9 est un projet pilote fond\u00e9 sur des donn\u00e9es probantes qui soutient les clients d&#8217;aide sociale confront\u00e9s \u00e0 des barri\u00e8res complexes \u00e0 l&#8217;emploi.\t\t\t<\/div>\n\n\t\t\t\t\t\t\t\t\t\t\t\t\t<ul class=\"content-card__terms\">\n\t\t\t\t\t\t\t\t\t\t\t\t<li>\n\t\t\t\t\t\t\t\t\t\t\t\t\t\t\t\t\t<span class=\"term-square\" style=\"background-color:#d218c0\"><\/span>\n\t\t\t\t\t\t\t\t\t\t\t\t\t\t\t\t<a href=\"https:\/\/fsc-ccf.ca\/fr\/themes\/economie-inclusive\/\">\u00c9conomie inclusive<\/a>\n\t\t\t\t\t\t\t<\/li>\n\t\t\t\t\t\t\t\t\t\t\t\t\t\t\t\t\t\t<li>\n\t\t\t\t\t\t\t\t\t\t\t\t\t\t\t\t\t<span class=\"term-square\" style=\"background-color:#ec008c\"><\/span>\n\t\t\t\t\t\t\t\t\t\t\t\t\t\t\t\t<a href=\"https:\/\/fsc-ccf.ca\/fr\/themes\/parcours-vers-lemploi\/\">Parcours vers L\u2019emploi<\/a>\n\t\t\t\t\t\t\t<\/li>\n\t\t\t\t\t\t\t\t\t\t\t\t\t\t\t\t\t\t\t\t<\/ul>\n\t\t\t\t\t\t\n\t\t<\/div>\n\t\t\n\t<details class=\"related-reports\">\n\t\t<summary class=\"related-reports__summary\">\n\t\t\t<span class=\"related-reports__count\">1<\/span>\n\t\t\t<span class=\"related-reports__title\">Rapports associ\u00e9s<\/span>\n\t\t\t<span class=\"related-reports__icon\"><\/span>\n\t\t<\/summary>\n\t\t<ul class=\"related-reports__reports\">\n\t\t\t\t\t\t\t\t<li class=\"related-reports__report\">\n\t\t\t\t\t\t<a href=\"https:\/\/fsc-ccf.ca\/wp-content\/uploads\/2026\/04\/Pathways-to-Opportunity-BlueprintADE-2025.pdf\" target=\"_blank\">\n\t\t\t\t\t\t\t<div class=\"related-reports__tags\">\n\t\t\t\t\t\t\t\t<span class=\"related-reports__tag related-reports__tag--primary\">Rapport de recherche complet<\/span><span class=\"related-reports__tag related-reports__tag--secondary\">PDF<\/span>\t\t\t\t\t\t\t<\/div>\n\n\t\t\t\t\t\t\tPathways to Opportunity-BlueprintADE-2025\t\t\t\t\t\t<\/a>\n\t\t\t\t\t<\/li>\n\t\t\t\t\t\t\t\t<\/ul>\n\t<\/details>\n\t<\/div>\n<\/div><div class=\"content-card content-card--research\">\n\t\t\t<div class=\"content-card__image\">\n\t\t\t<a href=\"https:\/\/fsc-ccf.ca\/fr\/recherche\/cartographier-les-parcours-des-jeunes\/\" target=\"_self\"><img decoding=\"async\" src=\"https:\/\/fsc-ccf.ca\/wp-content\/uploads\/2026\/04\/female-high-school-tutor-sitting-at-table-with-pup-2026-01-05-22-50-04-utc-800x600.jpg\" alt=\"A diverse group of high school students sits around a table in a bright classroom, listening to a teacher who is perched on a desk near a whiteboard with math equations.\"><\/a>\n\t\t<\/div>\n\t\t\t<div class=\"content-card__content\">\n\t\t<div class=\"content-card__text\">\n\t\t\t\t\t\t\t<div class=\"content-card__type\">\n\t\t\t\t\t<span href=\"https:\/\/fsc-ccf.ca\/fr\/recherche\/\">Recherche<\/span>\t\t\t\t<\/div>\n\t\t\t\n\t\t\t\n\t\t\t\t\t\t<h3 class=\"content-card__title\">\n\t\t\t\t<a href=\"https:\/\/fsc-ccf.ca\/fr\/recherche\/cartographier-les-parcours-des-jeunes\/\" target=\"_self\">Cartographier les parcours des jeunes de l\u2019\u00e9ducation \u00e0 l\u2019emploi : \u00c9tat des connaissances et renforcement des mesures de soutien \u00e0 travers le Canada<\/a>\n\t\t\t<\/h3>\n\n\t\t\t<div class=\"metadata metadata--event\">\n\t<ul>\n\t\t<li class=\"metadata__date\">\n\t\t\t<div class=\"metadata__icon\"><svg width=\"10\" height=\"12\" viewBox=\"0 0 10 12\" fill=\"none\" xmlns=\"http:\/\/www.w3.org\/2000\/svg\">\n<path id=\"calendar_today\" d=\"M1.11111 11.5477C0.805556 11.5477 0.543982 11.4358 0.326389 11.212C0.108796 10.9882 0 10.7191 0 10.4049V2.40486C0 2.09057 0.108796 1.82152 0.326389 1.59771C0.543982 1.3739 0.805556 1.262 1.11111 1.262H1.66667V0.119141H2.77778V1.262H7.22222V0.119141H8.33333V1.262H8.88889C9.19444 1.262 9.45602 1.3739 9.67361 1.59771C9.8912 1.82152 10 2.09057 10 2.40486V10.4049C10 10.7191 9.8912 10.9882 9.67361 11.212C9.45602 11.4358 9.19444 11.5477 8.88889 11.5477H1.11111ZM1.11111 10.4049H8.88889V4.69057H1.11111V10.4049Z\" fill=\"#71136C\"\/>\n<\/svg>\n<\/div>\n\t\t\tAvril 2026\t\t<\/li>\n\n\t\t\t\t\t<li class=\"metadata__partners\">\n\t\t\t\t<div class=\"metadata__icon\"><svg width=\"12\" height=\"9\" viewBox=\"0 0 12 9\" fill=\"none\" xmlns=\"http:\/\/www.w3.org\/2000\/svg\">\n<path id=\"Parnter Icon\" d=\"M0 9.00014V7.50014C0 7.19657 0.0795454 6.91755 0.238636 6.66309C0.397727 6.40862 0.609091 6.21443 0.872727 6.0805C1.43636 5.80371 2.00909 5.59612 2.59091 5.45773C3.17273 5.31934 3.76364 5.25014 4.36364 5.25014C4.96364 5.25014 5.55455 5.31934 6.13636 5.45773C6.71818 5.59612 7.29091 5.80371 7.85455 6.0805C8.11818 6.21443 8.32955 6.40862 8.48864 6.66309C8.64773 6.91755 8.72727 7.19657 8.72727 7.50014V9.00014H0ZM9.81818 9.00014V7.393C9.81818 7.00014 9.70682 6.62291 9.48409 6.2613C9.26136 5.89969 8.94546 5.58943 8.53636 5.3305C9 5.38407 9.43636 5.47559 9.84546 5.60505C10.2545 5.73451 10.6364 5.893 10.9909 6.0805C11.3182 6.25907 11.5682 6.45773 11.7409 6.67648C11.9136 6.89523 12 7.13407 12 7.393V9.00014H9.81818ZM4.36364 4.71443C3.76364 4.71443 3.25 4.5046 2.82273 4.08496C2.39545 3.66532 2.18182 3.16085 2.18182 2.57157C2.18182 1.98228 2.39545 1.47782 2.82273 1.05818C3.25 0.638532 3.76364 0.428711 4.36364 0.428711C4.96364 0.428711 5.47727 0.638532 5.90455 1.05818C6.33182 1.47782 6.54545 1.98228 6.54545 2.57157C6.54545 3.16085 6.33182 3.66532 5.90455 4.08496C5.47727 4.5046 4.96364 4.71443 4.36364 4.71443ZM9.81818 2.57157C9.81818 3.16085 9.60455 3.66532 9.17727 4.08496C8.75 4.5046 8.23636 4.71443 7.63636 4.71443C7.53636 4.71443 7.40909 4.70326 7.25455 4.68094C7.1 4.65862 6.97273 4.63407 6.87273 4.60728C7.11818 4.32157 7.30682 4.0046 7.43864 3.65639C7.57045 3.30818 7.63636 2.94657 7.63636 2.57157C7.63636 2.19657 7.57045 1.83496 7.43864 1.48675C7.30682 1.13853 7.11818 0.821568 6.87273 0.535854C7 0.491211 7.12727 0.462193 7.25455 0.4488C7.38182 0.435407 7.50909 0.428711 7.63636 0.428711C8.23636 0.428711 8.75 0.638532 9.17727 1.05818C9.60455 1.47782 9.81818 1.98228 9.81818 2.57157Z\" fill=\"#71136C\"\/>\n<\/svg>\n<\/div>\n\t\t\t\t<div class=\"metadata__list\">\n\t\t\t\t\t<span>Blueprint ADE<\/span>\t\t\t\t<\/div>\n\t\t\t<\/li>\n\t\t\t<\/ul>\n<\/div>\t\t\t<div class=\"content-card__deck\">\n\t\t\t\tCette note de recherche s\u2019inscrit dans un effort plus large visant \u00e0 approfondir la compr\u00e9hension du Canada sur les meilleures fa\u00e7ons de soutenir les jeunes dans leur parcours de l\u2019\u00e9ducation \u00e0 l\u2019emploi.\t\t\t<\/div>\n\n\t\t\t\t\t\t\t\t\t\t\t\t\t<ul class=\"content-card__terms\">\n\t\t\t\t\t\t\t\t\t\t\t\t<li>\n\t\t\t\t\t\t\t\t\t\t\t\t\t\t\t\t\t<span class=\"term-square\" style=\"background-color:#d218c0\"><\/span>\n\t\t\t\t\t\t\t\t\t\t\t\t\t\t\t\t<a href=\"https:\/\/fsc-ccf.ca\/fr\/themes\/economie-inclusive\/\">\u00c9conomie inclusive<\/a>\n\t\t\t\t\t\t\t<\/li>\n\t\t\t\t\t\t\t\t\t\t\t\t\t\t\t\t\t\t<li>\n\t\t\t\t\t\t\t\t\t\t\t\t\t\t\t\t\t<span class=\"term-square\" style=\"background-color:#ec008c\"><\/span>\n\t\t\t\t\t\t\t\t\t\t\t\t\t\t\t\t<a href=\"https:\/\/fsc-ccf.ca\/fr\/themes\/parcours-vers-lemploi\/\">Parcours vers L\u2019emploi<\/a>\n\t\t\t\t\t\t\t<\/li>\n\t\t\t\t\t\t\t\t\t\t\t\t\t\t\t\t\t\t\t\t<\/ul>\n\t\t\t\t\t\t\n\t\t<\/div>\n\t\t\n\t<details class=\"related-reports\">\n\t\t<summary class=\"related-reports__summary\">\n\t\t\t<span class=\"related-reports__count\">1<\/span>\n\t\t\t<span class=\"related-reports__title\">Rapports associ\u00e9s<\/span>\n\t\t\t<span class=\"related-reports__icon\"><\/span>\n\t\t<\/summary>\n\t\t<ul class=\"related-reports__reports\">\n\t\t\t\t\t\t\t\t<li class=\"related-reports__report\">\n\t\t\t\t\t\t<a href=\"https:\/\/fsc-ccf.ca\/wp-content\/uploads\/2026\/04\/Mapping-Youth-Pathways-Blueprint-2025.pdf\" target=\"_blank\">\n\t\t\t\t\t\t\t<div class=\"related-reports__tags\">\n\t\t\t\t\t\t\t\t<span class=\"related-reports__tag related-reports__tag--primary\">Rapport de recherche complet<\/span><span class=\"related-reports__tag related-reports__tag--secondary\">PDF<\/span>\t\t\t\t\t\t\t<\/div>\n\n\t\t\t\t\t\t\tMapping Youth Pathways-Blueprint-2025\t\t\t\t\t\t<\/a>\n\t\t\t\t\t<\/li>\n\t\t\t\t\t\t\t\t<\/ul>\n\t<\/details>\n\t<\/div>\n<\/div><div class=\"content-card content-card--research\">\n\t\t\t<div class=\"content-card__image\">\n\t\t\t<a href=\"https:\/\/fsc-ccf.ca\/fr\/recherche\/lapprentissage-inclusif-integre-au-travail\/\" target=\"_self\"><img decoding=\"async\" src=\"https:\/\/fsc-ccf.ca\/wp-content\/uploads\/2026\/04\/Train-in-New-CX-Initiatives-800x600.jpg\" alt=\"Two coworkers smiling and collaborating at a computer in an office.\"><\/a>\n\t\t<\/div>\n\t\t\t<div class=\"content-card__content\">\n\t\t<div class=\"content-card__text\">\n\t\t\t\t\t\t\t<div class=\"content-card__type\">\n\t\t\t\t\t<span href=\"https:\/\/fsc-ccf.ca\/fr\/recherche\/\">Recherche<\/span>\t\t\t\t<\/div>\n\t\t\t\n\t\t\t\n\t\t\t\t\t\t<h3 class=\"content-card__title\">\n\t\t\t\t<a href=\"https:\/\/fsc-ccf.ca\/fr\/recherche\/lapprentissage-inclusif-integre-au-travail\/\" target=\"_self\">Soutenir l\u2019apprentissage inclusif int\u00e9gr\u00e9 au travail en tant qu\u2019employeur<\/a>\n\t\t\t<\/h3>\n\n\t\t\t<div class=\"metadata metadata--event\">\n\t<ul>\n\t\t<li class=\"metadata__date\">\n\t\t\t<div class=\"metadata__icon\"><svg width=\"10\" height=\"12\" viewBox=\"0 0 10 12\" fill=\"none\" xmlns=\"http:\/\/www.w3.org\/2000\/svg\">\n<path id=\"calendar_today\" d=\"M1.11111 11.5477C0.805556 11.5477 0.543982 11.4358 0.326389 11.212C0.108796 10.9882 0 10.7191 0 10.4049V2.40486C0 2.09057 0.108796 1.82152 0.326389 1.59771C0.543982 1.3739 0.805556 1.262 1.11111 1.262H1.66667V0.119141H2.77778V1.262H7.22222V0.119141H8.33333V1.262H8.88889C9.19444 1.262 9.45602 1.3739 9.67361 1.59771C9.8912 1.82152 10 2.09057 10 2.40486V10.4049C10 10.7191 9.8912 10.9882 9.67361 11.212C9.45602 11.4358 9.19444 11.5477 8.88889 11.5477H1.11111ZM1.11111 10.4049H8.88889V4.69057H1.11111V10.4049Z\" fill=\"#71136C\"\/>\n<\/svg>\n<\/div>\n\t\t\tAvril 2026\t\t<\/li>\n\n\t\t\t\t\t<li class=\"metadata__partners\">\n\t\t\t\t<div class=\"metadata__icon\"><svg width=\"12\" height=\"9\" viewBox=\"0 0 12 9\" fill=\"none\" xmlns=\"http:\/\/www.w3.org\/2000\/svg\">\n<path id=\"Parnter Icon\" d=\"M0 9.00014V7.50014C0 7.19657 0.0795454 6.91755 0.238636 6.66309C0.397727 6.40862 0.609091 6.21443 0.872727 6.0805C1.43636 5.80371 2.00909 5.59612 2.59091 5.45773C3.17273 5.31934 3.76364 5.25014 4.36364 5.25014C4.96364 5.25014 5.55455 5.31934 6.13636 5.45773C6.71818 5.59612 7.29091 5.80371 7.85455 6.0805C8.11818 6.21443 8.32955 6.40862 8.48864 6.66309C8.64773 6.91755 8.72727 7.19657 8.72727 7.50014V9.00014H0ZM9.81818 9.00014V7.393C9.81818 7.00014 9.70682 6.62291 9.48409 6.2613C9.26136 5.89969 8.94546 5.58943 8.53636 5.3305C9 5.38407 9.43636 5.47559 9.84546 5.60505C10.2545 5.73451 10.6364 5.893 10.9909 6.0805C11.3182 6.25907 11.5682 6.45773 11.7409 6.67648C11.9136 6.89523 12 7.13407 12 7.393V9.00014H9.81818ZM4.36364 4.71443C3.76364 4.71443 3.25 4.5046 2.82273 4.08496C2.39545 3.66532 2.18182 3.16085 2.18182 2.57157C2.18182 1.98228 2.39545 1.47782 2.82273 1.05818C3.25 0.638532 3.76364 0.428711 4.36364 0.428711C4.96364 0.428711 5.47727 0.638532 5.90455 1.05818C6.33182 1.47782 6.54545 1.98228 6.54545 2.57157C6.54545 3.16085 6.33182 3.66532 5.90455 4.08496C5.47727 4.5046 4.96364 4.71443 4.36364 4.71443ZM9.81818 2.57157C9.81818 3.16085 9.60455 3.66532 9.17727 4.08496C8.75 4.5046 8.23636 4.71443 7.63636 4.71443C7.53636 4.71443 7.40909 4.70326 7.25455 4.68094C7.1 4.65862 6.97273 4.63407 6.87273 4.60728C7.11818 4.32157 7.30682 4.0046 7.43864 3.65639C7.57045 3.30818 7.63636 2.94657 7.63636 2.57157C7.63636 2.19657 7.57045 1.83496 7.43864 1.48675C7.30682 1.13853 7.11818 0.821568 6.87273 0.535854C7 0.491211 7.12727 0.462193 7.25455 0.4488C7.38182 0.435407 7.50909 0.428711 7.63636 0.428711C8.23636 0.428711 8.75 0.638532 9.17727 1.05818C9.60455 1.47782 9.81818 1.98228 9.81818 2.57157Z\" fill=\"#71136C\"\/>\n<\/svg>\n<\/div>\n\t\t\t\t<div class=\"metadata__list\">\n\t\t\t\t\t<span>Signal49 Recherche<\/span>\t\t\t\t<\/div>\n\t\t\t<\/li>\n\t\t\t<\/ul>\n<\/div>\t\t\t<div class=\"content-card__deck\">\n\t\t\t\tL\u2019apprentissage int\u00e9gr\u00e9 au travail et les stages constituent des passerelles essentielles vers l\u2019emploi. Les employeurs qui proposent des stages inclusifs peuvent acc\u00e9der \u00e0 un bassin de talents plus large, am\u00e9liorer la fid\u00e9lisation et le rendement, et favoriser l\u2019innovation gr\u00e2ce \u00e0 la diversit\u00e9 des points de vue.\t\t\t<\/div>\n\n\t\t\t\t\t\t\t\t\t\t\t\t\t<ul class=\"content-card__terms\">\n\t\t\t\t\t\t\t\t\t\t\t\t\t\t\t\t\t<li>\n\t\t\t\t\t\t\t\t\t\t\t\t\t\t\t\t\t<span class=\"term-square\" style=\"background-color:#d218c0\"><\/span>\n\t\t\t\t\t\t\t\t\t\t\t\t\t\t\t\t<a href=\"https:\/\/fsc-ccf.ca\/fr\/themes\/economie-inclusive\/\">\u00c9conomie inclusive<\/a>\n\t\t\t\t\t\t\t<\/li>\n\t\t\t\t\t\t\t\t\t\t\t\t\t\t\t<\/ul>\n\t\t\t\t\t\t\n\t\t<\/div>\n\t\t\n\t<details class=\"related-reports\">\n\t\t<summary class=\"related-reports__summary\">\n\t\t\t<span class=\"related-reports__count\">1<\/span>\n\t\t\t<span class=\"related-reports__title\">Rapports associ\u00e9s<\/span>\n\t\t\t<span class=\"related-reports__icon\"><\/span>\n\t\t<\/summary>\n\t\t<ul class=\"related-reports__reports\">\n\t\t\t\t\t\t\t\t<li class=\"related-reports__report\">\n\t\t\t\t\t\t<a href=\"https:\/\/fsc-ccf.ca\/wp-content\/uploads\/2026\/04\/soutenir-lapprentissage-inclusif-integre-au-travail_jan2026.pdf\" target=\"_blank\">\n\t\t\t\t\t\t\t<div class=\"related-reports__tags\">\n\t\t\t\t\t\t\t\t<span class=\"related-reports__tag related-reports__tag--primary\">Rapport de recherche complet<\/span><span class=\"related-reports__tag related-reports__tag--secondary\">PDF<\/span>\t\t\t\t\t\t\t<\/div>\n\n\t\t\t\t\t\t\tsoutenir-lapprentissage-inclusif-integre-au-travail_jan2026\t\t\t\t\t\t<\/a>\n\t\t\t\t\t<\/li>\n\t\t\t\t\t\t\t\t<\/ul>\n\t<\/details>\n\t<\/div>\n<\/div>\t\t\t<\/div>\n\t\t\t\t\t<\/div>\n\t\t\t\t\t\t<!-- I know this is a messy conditional but can't figure out how to pull in the correct FR translations otherwise -->\n\t\t\t\t\t\t\t\t\t<a href=\"https:\/\/fsc-ccf.ca\/fr\/\/research?lang=fr\" class=\"cards-grid__view-all heading-content\"><span>Afficher toute la recherche <\/span><span class=\"triangle triangle--right\"><\/span><\/a>\n\t\t\t\t\t\t\t\t\t\t<\/div>\n<\/div>\n\n\n<div class=\"page-block full-width-block bucket-block bucket-block--imagetext  page-block--white \">\n\t<div class=\"container \">\n\t\t\t\t<div class=\"bucket-block__items two-up\">\n\t\t\t\t\t\t\t<div class=\"bucket-block__item bucket-item \">\n\t\t\t\t\t\t\t\t\t\t\t\t\t\t\t\t<div class=\"bucket-item__image\">\n\t\t\t\t\t\t\t\t\t\t\t\t\t\t\t\t\t\t\t\t\t<img decoding=\"async\" src=\"\" alt=\"\">\n\t\t\t\t\t\t\t\t\t\t\t\t\t<\/div>\n\t\t\t\t\t\t\t\t\t\t\t\t\t\t\t\t\t\t\t\t\t\t\t\t\t\t<div class=\"bucket-item__content\">\n\t\t\t\t\t\t\t\t\t\t\t\t\t\t\t\t\t\t<\/div>\n\t\t\t\t\t\t\t\t\t<\/div>\n\t\t\t\t\t<\/div>\n\t<\/div>\n<\/div>","protected":false},"excerpt":{"rendered":"<p>Si les pertes d\u2019emploi subies par le secteur manufacturier canadien ont fait globalement l\u2019objet d\u2019une attention marqu\u00e9e, nous disposons toutefois de donn\u00e9es tr\u00e8s limit\u00e9es sur l\u2019\u00e9volution des r\u00e9gions depuis le d\u00e9clin qui a touch\u00e9 l\u2019emploi manufacturier entre 2003 et 2009 sous les effets conjugu\u00e9s de la concurrence accrue des pays \u00e9trangers, de la hausse du dollar canadien et de la Grande R\u00e9cession de 2008-2009.<\/p>\n","protected":false},"menu_order":0,"template":"","tags":[753,1148,1560],"region":[211,1319],"research_type":[],"populations":[],"themes":[1553,1556,1552],"class_list":["post-221613","research","type-research","status-publish","hentry","tag-diversity-institute-fr","tag-diversity-institute-2","tag-labour-market-and-skills-information-fr","region-across-canada","region-across-canada-fr","themes-parcours-vers-lemploi","themes-secteurs","themes-sectors"],"acf":{"hero_image":{"ID":221596,"id":221596,"title":"Aerial view of the inside of a manufacturing warehouse","filename":"Aerial-view-of-the-inside-of-a-manufacturing-warehouse-scaled.jpg","filesize":628042,"url":"https:\/\/fsc-ccf.ca\/wp-content\/uploads\/2021\/09\/Aerial-view-of-the-inside-of-a-manufacturing-warehouse-scaled.jpg","link":"https:\/\/fsc-ccf.ca\/fr\/recherche\/nouvelle-donne-evolution-de-lemploi-dans-le-secteur-manufacturier-du-canada-2003-a-2018-2\/aerial-view-of-the-inside-of-a-manufacturing-warehouse-2\/","alt":"Aerial view of the inside of a manufacturing warehouse","author":"8","description":"","caption":"","name":"aerial-view-of-the-inside-of-a-manufacturing-warehouse-2","status":"inherit","uploaded_to":221613,"date":"2021-09-07 18:55:10","modified":"2021-09-07 19:16:03","menu_order":0,"mime_type":"image\/jpeg","type":"image","subtype":"jpeg","icon":"https:\/\/fsc-ccf.ca\/wp-includes\/images\/media\/default.png","width":2048,"height":1356,"sizes":{"thumbnail":"https:\/\/fsc-ccf.ca\/wp-content\/uploads\/2021\/09\/Aerial-view-of-the-inside-of-a-manufacturing-warehouse-150x150.jpg","thumbnail-width":150,"thumbnail-height":150,"medium":"https:\/\/fsc-ccf.ca\/wp-content\/uploads\/2021\/09\/Aerial-view-of-the-inside-of-a-manufacturing-warehouse-300x199.jpg","medium-width":300,"medium-height":199,"medium_large":"https:\/\/fsc-ccf.ca\/wp-content\/uploads\/2021\/09\/Aerial-view-of-the-inside-of-a-manufacturing-warehouse-768x508.jpg","medium_large-width":768,"medium_large-height":508,"large":"https:\/\/fsc-ccf.ca\/wp-content\/uploads\/2021\/09\/Aerial-view-of-the-inside-of-a-manufacturing-warehouse-1024x678.jpg","large-width":1024,"large-height":678,"1536x1536":"https:\/\/fsc-ccf.ca\/wp-content\/uploads\/2021\/09\/Aerial-view-of-the-inside-of-a-manufacturing-warehouse-1536x1017.jpg","1536x1536-width":1536,"1536x1536-height":1017,"2048x2048":"https:\/\/fsc-ccf.ca\/wp-content\/uploads\/2021\/09\/Aerial-view-of-the-inside-of-a-manufacturing-warehouse-2048x1356.jpg","2048x2048-width":2048,"2048x2048-height":1356,"preview":"https:\/\/fsc-ccf.ca\/wp-content\/uploads\/2021\/09\/Aerial-view-of-the-inside-of-a-manufacturing-warehouse-10x7.jpg","preview-width":10,"preview-height":7,"content-card-thumbnail":"https:\/\/fsc-ccf.ca\/wp-content\/uploads\/2021\/09\/Aerial-view-of-the-inside-of-a-manufacturing-warehouse-800x600.jpg","content-card-thumbnail-width":800,"content-card-thumbnail-height":600,"slider-image":"https:\/\/fsc-ccf.ca\/wp-content\/uploads\/2021\/09\/Aerial-view-of-the-inside-of-a-manufacturing-warehouse-1600x1200.jpg","slider-image-width":1600,"slider-image-height":1200,"hero-image":"https:\/\/fsc-ccf.ca\/wp-content\/uploads\/2021\/09\/Aerial-view-of-the-inside-of-a-manufacturing-warehouse-2000x1324.jpg","hero-image-width":2000,"hero-image-height":1324,"inline-image":"https:\/\/fsc-ccf.ca\/wp-content\/uploads\/2021\/09\/Aerial-view-of-the-inside-of-a-manufacturing-warehouse-1024x512.jpg","inline-image-width":1024,"inline-image-height":512,"content-card-thumbnail-vertical":"https:\/\/fsc-ccf.ca\/wp-content\/uploads\/2021\/09\/Aerial-view-of-the-inside-of-a-manufacturing-warehouse-400x600.jpg","content-card-thumbnail-vertical-width":400,"content-card-thumbnail-vertical-height":600}},"slider_image":false,"scorecard_content":false,"authors":"<p>\u200bDate de sortie : 8 septembre 2021<\/p>\n<hr data-mce-fragment=\"1\" \/>\n<p><strong>Auteur<\/strong><\/p>\n<p><strong>Mike P. Moffat, Ph.D.<\/strong><br \/>\nInstitut pour l\u2019IntelliProsp\u00e9rit\u00e9<\/p>\n","authors_colour":["grey"],"show_post_date":[],"external_linkout":[],"report":true,"file_upload":{"ID":221619,"id":221619,"title":"Nouvelle donne : \u00c9volution de l\u2019emploi dans le secteur manufacturier du Canada, 2003 \u00e0 2018","filename":"Nouvelle_donne_Rapport_complet.pdf","filesize":3822682,"url":"https:\/\/fsc-ccf.ca\/wp-content\/uploads\/2021\/09\/Nouvelle_donne_Rapport_complet.pdf","link":"https:\/\/fsc-ccf.ca\/fr\/recherche\/nouvelle-donne-evolution-de-lemploi-dans-le-secteur-manufacturier-du-canada-2003-a-2018-2\/nouvelle_donne_rapport_complet\/","alt":"","author":"8","description":"Si les pertes d\u2019emploi subies par le secteur manufacturier canadien ont fait globalement l\u2019objet d\u2019une attention marqu\u00e9e, nous disposons toutefois de donn\u00e9es tr\u00e8s limit\u00e9es sur l\u2019\u00e9volution des r\u00e9gions depuis le d\u00e9clin qui a touch\u00e9 l\u2019emploi manufacturier entre 2003 et 2009 sous les effets conjugu\u00e9s de la concurrence accrue des pays \u00e9trangers, de la hausse du dollar canadien et de la Grande R\u00e9cession de 2008-2009.","caption":"","name":"nouvelle_donne_rapport_complet","status":"inherit","uploaded_to":221613,"date":"2021-09-07 19:17:24","modified":"2022-07-14 15:56:14","menu_order":0,"mime_type":"application\/pdf","type":"application","subtype":"pdf","icon":"https:\/\/fsc-ccf.ca\/wp-includes\/images\/media\/document.png"},"report_sort_name":"Nouvelle donne : \u00c9volution de l\u2019emploi dans le secteur manufacturier du Canada, 2003 \u00e0 2018","thumbnail_image":{"ID":221596,"id":221596,"title":"Aerial view of the inside of a manufacturing warehouse","filename":"Aerial-view-of-the-inside-of-a-manufacturing-warehouse-scaled.jpg","filesize":628042,"url":"https:\/\/fsc-ccf.ca\/wp-content\/uploads\/2021\/09\/Aerial-view-of-the-inside-of-a-manufacturing-warehouse-scaled.jpg","link":"https:\/\/fsc-ccf.ca\/fr\/recherche\/nouvelle-donne-evolution-de-lemploi-dans-le-secteur-manufacturier-du-canada-2003-a-2018-2\/aerial-view-of-the-inside-of-a-manufacturing-warehouse-2\/","alt":"Aerial view of the inside of a manufacturing warehouse","author":"8","description":"","caption":"","name":"aerial-view-of-the-inside-of-a-manufacturing-warehouse-2","status":"inherit","uploaded_to":221613,"date":"2021-09-07 18:55:10","modified":"2021-09-07 19:16:03","menu_order":0,"mime_type":"image\/jpeg","type":"image","subtype":"jpeg","icon":"https:\/\/fsc-ccf.ca\/wp-includes\/images\/media\/default.png","width":2048,"height":1356,"sizes":{"thumbnail":"https:\/\/fsc-ccf.ca\/wp-content\/uploads\/2021\/09\/Aerial-view-of-the-inside-of-a-manufacturing-warehouse-150x150.jpg","thumbnail-width":150,"thumbnail-height":150,"medium":"https:\/\/fsc-ccf.ca\/wp-content\/uploads\/2021\/09\/Aerial-view-of-the-inside-of-a-manufacturing-warehouse-300x199.jpg","medium-width":300,"medium-height":199,"medium_large":"https:\/\/fsc-ccf.ca\/wp-content\/uploads\/2021\/09\/Aerial-view-of-the-inside-of-a-manufacturing-warehouse-768x508.jpg","medium_large-width":768,"medium_large-height":508,"large":"https:\/\/fsc-ccf.ca\/wp-content\/uploads\/2021\/09\/Aerial-view-of-the-inside-of-a-manufacturing-warehouse-1024x678.jpg","large-width":1024,"large-height":678,"1536x1536":"https:\/\/fsc-ccf.ca\/wp-content\/uploads\/2021\/09\/Aerial-view-of-the-inside-of-a-manufacturing-warehouse-1536x1017.jpg","1536x1536-width":1536,"1536x1536-height":1017,"2048x2048":"https:\/\/fsc-ccf.ca\/wp-content\/uploads\/2021\/09\/Aerial-view-of-the-inside-of-a-manufacturing-warehouse-2048x1356.jpg","2048x2048-width":2048,"2048x2048-height":1356,"preview":"https:\/\/fsc-ccf.ca\/wp-content\/uploads\/2021\/09\/Aerial-view-of-the-inside-of-a-manufacturing-warehouse-10x7.jpg","preview-width":10,"preview-height":7,"content-card-thumbnail":"https:\/\/fsc-ccf.ca\/wp-content\/uploads\/2021\/09\/Aerial-view-of-the-inside-of-a-manufacturing-warehouse-800x600.jpg","content-card-thumbnail-width":800,"content-card-thumbnail-height":600,"slider-image":"https:\/\/fsc-ccf.ca\/wp-content\/uploads\/2021\/09\/Aerial-view-of-the-inside-of-a-manufacturing-warehouse-1600x1200.jpg","slider-image-width":1600,"slider-image-height":1200,"hero-image":"https:\/\/fsc-ccf.ca\/wp-content\/uploads\/2021\/09\/Aerial-view-of-the-inside-of-a-manufacturing-warehouse-2000x1324.jpg","hero-image-width":2000,"hero-image-height":1324,"inline-image":"https:\/\/fsc-ccf.ca\/wp-content\/uploads\/2021\/09\/Aerial-view-of-the-inside-of-a-manufacturing-warehouse-1024x512.jpg","inline-image-width":1024,"inline-image-height":512,"content-card-thumbnail-vertical":"https:\/\/fsc-ccf.ca\/wp-content\/uploads\/2021\/09\/Aerial-view-of-the-inside-of-a-manufacturing-warehouse-400x600.jpg","content-card-thumbnail-vertical-width":400,"content-card-thumbnail-vertical-height":600}},"partners":[{"ID":8361,"post_author":"25","post_date":"2019-10-08 15:57:27","post_date_gmt":"2019-10-08 19:57:27","post_content":"<!-- wp:image {\"id\":536,\"sizeSlug\":\"large\",\"linkDestination\":\"custom\"} -->\n<figure class=\"wp-block-image size-large\"><a href=\"https:\/\/www.ryerson.ca\/diversity\/\" target=\"_blank\" rel=\"noreferrer noopener\"><img src=\"https:\/\/fsc-ccf.ca\/wp-content\/uploads\/2019\/07\/TRSM_DiversityInstitute_tealblk_RGB-1024x224.png\" alt=\"Diversity Institute\" class=\"wp-image-536\"\/><\/a><\/figure>\n<!-- \/wp:image -->","post_title":"Diversity Institute","post_excerpt":"","post_status":"publish","comment_status":"closed","ping_status":"closed","post_password":"","post_name":"diversity-institute","to_ping":"","pinged":"","post_modified":"2025-12-16 10:46:35","post_modified_gmt":"2025-12-16 15:46:35","post_content_filtered":"","post_parent":0,"guid":"http:\/\/fscccf.alphabureau.ca\/partner\/diversity-institute\/","menu_order":0,"post_type":"partner","post_mime_type":"","comment_count":"0","filter":"raw"},{"ID":221602,"post_author":"8","post_date":"2021-09-07 15:02:02","post_date_gmt":"2021-09-07 19:02:02","post_content":"","post_title":"Institut pour l'int\u00e9lliProsp\u00e9rit\u00e9","post_excerpt":"","post_status":"publish","comment_status":"closed","ping_status":"closed","post_password":"","post_name":"institut-pour-lintelliprosperite","to_ping":"","pinged":"","post_modified":"2021-09-07 15:03:52","post_modified_gmt":"2021-09-07 19:03:52","post_content_filtered":"","post_parent":0,"guid":"https:\/\/fsc-ccf.ca\/?post_type=partner&#038;p=221602","menu_order":0,"post_type":"partner","post_mime_type":"","comment_count":"0","filter":"raw"}]},"yoast_head":"<!-- This site is optimized with the Yoast SEO plugin v27.5 - https:\/\/yoast.com\/product\/yoast-seo-wordpress\/ -->\n<title>Nouvelle donne : \u00c9volution de l\u2019emploi dans le secteur manufacturier du Canada, 2003 \u00e0 2018<\/title>\n<meta name=\"description\" content=\"Si les pertes d\u2019emploi subies par le secteur manufacturier canadien ont fait globalement l\u2019objet d\u2019une attention marqu\u00e9e, nous disposons toutefois de donn\u00e9es tr\u00e8s limit\u00e9es sur l\u2019\u00e9volution des r\u00e9gions depuis le d\u00e9clin qui a touch\u00e9 l\u2019emploi manufacturier entre 2003 et 2009 sous les effets conjugu\u00e9s de la concurrence accrue des pays \u00e9trangers, de la hausse du dollar canadien et de la Grande R\u00e9cession de 2008-2009.\" \/>\n<meta name=\"robots\" content=\"index, follow, max-snippet:-1, max-image-preview:large, max-video-preview:-1\" \/>\n<link rel=\"canonical\" href=\"https:\/\/fsc-ccf.ca\/fr\/recherche\/nouvelle-donne-evolution-de-lemploi-dans-le-secteur-manufacturier-du-canada-2003-a-2018-2\/\" \/>\n<meta name=\"twitter:label1\" content=\"Est. reading time\" \/>\n\t<meta name=\"twitter:data1\" content=\"4 minutes\" \/>\n<script type=\"application\/ld+json\" class=\"yoast-schema-graph\">{\"@context\":\"https:\\\/\\\/schema.org\",\"@graph\":[{\"@type\":\"WebPage\",\"@id\":\"https:\\\/\\\/fsc-ccf.ca\\\/fr\\\/recherche\\\/nouvelle-donne-evolution-de-lemploi-dans-le-secteur-manufacturier-du-canada-2003-a-2018-2\\\/\",\"url\":\"https:\\\/\\\/fsc-ccf.ca\\\/fr\\\/recherche\\\/nouvelle-donne-evolution-de-lemploi-dans-le-secteur-manufacturier-du-canada-2003-a-2018-2\\\/\",\"name\":\"Nouvelle donne : \u00c9volution de l\u2019emploi dans le secteur manufacturier du Canada, 2003 \u00e0 2018\",\"isPartOf\":{\"@id\":\"https:\\\/\\\/fsc-ccf.ca\\\/fr\\\/#website\"},\"primaryImageOfPage\":{\"@id\":\"https:\\\/\\\/fsc-ccf.ca\\\/fr\\\/recherche\\\/nouvelle-donne-evolution-de-lemploi-dans-le-secteur-manufacturier-du-canada-2003-a-2018-2\\\/#primaryimage\"},\"image\":{\"@id\":\"https:\\\/\\\/fsc-ccf.ca\\\/fr\\\/recherche\\\/nouvelle-donne-evolution-de-lemploi-dans-le-secteur-manufacturier-du-canada-2003-a-2018-2\\\/#primaryimage\"},\"thumbnailUrl\":\"https:\\\/\\\/fsc-ccf.ca\\\/wp-content\\\/uploads\\\/2021\\\/09\\\/Aerial-view-of-the-inside-of-a-manufacturing-warehouse-edited-1-1024x576.jpg\",\"datePublished\":\"2021-09-08T12:35:09+00:00\",\"dateModified\":\"2022-07-29T16:06:39+00:00\",\"description\":\"Si les pertes d\u2019emploi subies par le secteur manufacturier canadien ont fait globalement l\u2019objet d\u2019une attention marqu\u00e9e, nous disposons toutefois de donn\u00e9es tr\u00e8s limit\u00e9es sur l\u2019\u00e9volution des r\u00e9gions depuis le d\u00e9clin qui a touch\u00e9 l\u2019emploi manufacturier entre 2003 et 2009 sous les effets conjugu\u00e9s de la concurrence accrue des pays \u00e9trangers, de la hausse du dollar canadien et de la Grande R\u00e9cession de 2008-2009.\",\"breadcrumb\":{\"@id\":\"https:\\\/\\\/fsc-ccf.ca\\\/fr\\\/recherche\\\/nouvelle-donne-evolution-de-lemploi-dans-le-secteur-manufacturier-du-canada-2003-a-2018-2\\\/#breadcrumb\"},\"inLanguage\":\"fr-FR\",\"potentialAction\":[{\"@type\":\"ReadAction\",\"target\":[\"https:\\\/\\\/fsc-ccf.ca\\\/fr\\\/recherche\\\/nouvelle-donne-evolution-de-lemploi-dans-le-secteur-manufacturier-du-canada-2003-a-2018-2\\\/\"]}]},{\"@type\":\"ImageObject\",\"inLanguage\":\"fr-FR\",\"@id\":\"https:\\\/\\\/fsc-ccf.ca\\\/fr\\\/recherche\\\/nouvelle-donne-evolution-de-lemploi-dans-le-secteur-manufacturier-du-canada-2003-a-2018-2\\\/#primaryimage\",\"url\":\"https:\\\/\\\/fsc-ccf.ca\\\/wp-content\\\/uploads\\\/2021\\\/09\\\/Aerial-view-of-the-inside-of-a-manufacturing-warehouse-edited-1-1024x576.jpg\",\"contentUrl\":\"https:\\\/\\\/fsc-ccf.ca\\\/wp-content\\\/uploads\\\/2021\\\/09\\\/Aerial-view-of-the-inside-of-a-manufacturing-warehouse-edited-1-1024x576.jpg\"},{\"@type\":\"BreadcrumbList\",\"@id\":\"https:\\\/\\\/fsc-ccf.ca\\\/fr\\\/recherche\\\/nouvelle-donne-evolution-de-lemploi-dans-le-secteur-manufacturier-du-canada-2003-a-2018-2\\\/#breadcrumb\",\"itemListElement\":[{\"@type\":\"ListItem\",\"position\":1,\"name\":\"Home\",\"item\":\"https:\\\/\\\/fsc-ccf.ca\\\/fr\\\/\"},{\"@type\":\"ListItem\",\"position\":2,\"name\":\"Recherche\",\"item\":\"https:\\\/\\\/fsc-ccf.ca\\\/fr\\\/recherche\\\/\"},{\"@type\":\"ListItem\",\"position\":3,\"name\":\"Nouvelle donne : \u00c9volution de l\u2019emploi dans le secteur manufacturier du Canada, 2003 \u00e0 2018\"}]},{\"@type\":\"WebSite\",\"@id\":\"https:\\\/\\\/fsc-ccf.ca\\\/fr\\\/#website\",\"url\":\"https:\\\/\\\/fsc-ccf.ca\\\/fr\\\/\",\"name\":\"Future Skills Centre \u2022 Centre des Comp\u00e9tences futures\",\"description\":\"\",\"publisher\":{\"@id\":\"https:\\\/\\\/fsc-ccf.ca\\\/fr\\\/#organization\"},\"potentialAction\":[{\"@type\":\"SearchAction\",\"target\":{\"@type\":\"EntryPoint\",\"urlTemplate\":\"https:\\\/\\\/fsc-ccf.ca\\\/fr\\\/?s={search_term_string}\"},\"query-input\":{\"@type\":\"PropertyValueSpecification\",\"valueRequired\":true,\"valueName\":\"search_term_string\"}}],\"inLanguage\":\"fr-FR\"},{\"@type\":\"Organization\",\"@id\":\"https:\\\/\\\/fsc-ccf.ca\\\/fr\\\/#organization\",\"name\":\"Future Skills Centre \u2022 Centre des Comp\u00e9tences futures\",\"url\":\"https:\\\/\\\/fsc-ccf.ca\\\/fr\\\/\",\"logo\":{\"@type\":\"ImageObject\",\"inLanguage\":\"fr-FR\",\"@id\":\"https:\\\/\\\/fsc-ccf.ca\\\/fr\\\/#\\\/schema\\\/logo\\\/image\\\/\",\"url\":\"https:\\\/\\\/fsc-ccf.ca\\\/wp-content\\\/uploads\\\/2019\\\/08\\\/FSC_logo_colour_rgb_positive_ENG.png\",\"contentUrl\":\"https:\\\/\\\/fsc-ccf.ca\\\/wp-content\\\/uploads\\\/2019\\\/08\\\/FSC_logo_colour_rgb_positive_ENG.png\",\"width\":618,\"height\":528,\"caption\":\"Future Skills Centre \u2022 Centre des Comp\u00e9tences futures\"},\"image\":{\"@id\":\"https:\\\/\\\/fsc-ccf.ca\\\/fr\\\/#\\\/schema\\\/logo\\\/image\\\/\"},\"sameAs\":[\"https:\\\/\\\/www.facebook.com\\\/2161871137193201\\\/\",\"https:\\\/\\\/x.com\\\/fsc_ccf_en\",\"https:\\\/\\\/www.instagram.com\\\/fsc_ccf\\\/\",\"https:\\\/\\\/www.linkedin.com\\\/company\\\/fsc-ccf\\\/\"]}]}<\/script>\n<!-- \/ Yoast SEO plugin. -->","yoast_head_json":{"title":"Nouvelle donne : \u00c9volution de l\u2019emploi dans le secteur manufacturier du Canada, 2003 \u00e0 2018","description":"Si les pertes d\u2019emploi subies par le secteur manufacturier canadien ont fait globalement l\u2019objet d\u2019une attention marqu\u00e9e, nous disposons toutefois de donn\u00e9es tr\u00e8s limit\u00e9es sur l\u2019\u00e9volution des r\u00e9gions depuis le d\u00e9clin qui a touch\u00e9 l\u2019emploi manufacturier entre 2003 et 2009 sous les effets conjugu\u00e9s de la concurrence accrue des pays \u00e9trangers, de la hausse du dollar canadien et de la Grande R\u00e9cession de 2008-2009.","robots":{"index":"index","follow":"follow","max-snippet":"max-snippet:-1","max-image-preview":"max-image-preview:large","max-video-preview":"max-video-preview:-1"},"canonical":"https:\/\/fsc-ccf.ca\/fr\/recherche\/nouvelle-donne-evolution-de-lemploi-dans-le-secteur-manufacturier-du-canada-2003-a-2018-2\/","twitter_misc":{"Est. reading time":"4 minutes"},"schema":{"@context":"https:\/\/schema.org","@graph":[{"@type":"WebPage","@id":"https:\/\/fsc-ccf.ca\/fr\/recherche\/nouvelle-donne-evolution-de-lemploi-dans-le-secteur-manufacturier-du-canada-2003-a-2018-2\/","url":"https:\/\/fsc-ccf.ca\/fr\/recherche\/nouvelle-donne-evolution-de-lemploi-dans-le-secteur-manufacturier-du-canada-2003-a-2018-2\/","name":"Nouvelle donne : \u00c9volution de l\u2019emploi dans le secteur manufacturier du Canada, 2003 \u00e0 2018","isPartOf":{"@id":"https:\/\/fsc-ccf.ca\/fr\/#website"},"primaryImageOfPage":{"@id":"https:\/\/fsc-ccf.ca\/fr\/recherche\/nouvelle-donne-evolution-de-lemploi-dans-le-secteur-manufacturier-du-canada-2003-a-2018-2\/#primaryimage"},"image":{"@id":"https:\/\/fsc-ccf.ca\/fr\/recherche\/nouvelle-donne-evolution-de-lemploi-dans-le-secteur-manufacturier-du-canada-2003-a-2018-2\/#primaryimage"},"thumbnailUrl":"https:\/\/fsc-ccf.ca\/wp-content\/uploads\/2021\/09\/Aerial-view-of-the-inside-of-a-manufacturing-warehouse-edited-1-1024x576.jpg","datePublished":"2021-09-08T12:35:09+00:00","dateModified":"2022-07-29T16:06:39+00:00","description":"Si les pertes d\u2019emploi subies par le secteur manufacturier canadien ont fait globalement l\u2019objet d\u2019une attention marqu\u00e9e, nous disposons toutefois de donn\u00e9es tr\u00e8s limit\u00e9es sur l\u2019\u00e9volution des r\u00e9gions depuis le d\u00e9clin qui a touch\u00e9 l\u2019emploi manufacturier entre 2003 et 2009 sous les effets conjugu\u00e9s de la concurrence accrue des pays \u00e9trangers, de la hausse du dollar canadien et de la Grande R\u00e9cession de 2008-2009.","breadcrumb":{"@id":"https:\/\/fsc-ccf.ca\/fr\/recherche\/nouvelle-donne-evolution-de-lemploi-dans-le-secteur-manufacturier-du-canada-2003-a-2018-2\/#breadcrumb"},"inLanguage":"fr-FR","potentialAction":[{"@type":"ReadAction","target":["https:\/\/fsc-ccf.ca\/fr\/recherche\/nouvelle-donne-evolution-de-lemploi-dans-le-secteur-manufacturier-du-canada-2003-a-2018-2\/"]}]},{"@type":"ImageObject","inLanguage":"fr-FR","@id":"https:\/\/fsc-ccf.ca\/fr\/recherche\/nouvelle-donne-evolution-de-lemploi-dans-le-secteur-manufacturier-du-canada-2003-a-2018-2\/#primaryimage","url":"https:\/\/fsc-ccf.ca\/wp-content\/uploads\/2021\/09\/Aerial-view-of-the-inside-of-a-manufacturing-warehouse-edited-1-1024x576.jpg","contentUrl":"https:\/\/fsc-ccf.ca\/wp-content\/uploads\/2021\/09\/Aerial-view-of-the-inside-of-a-manufacturing-warehouse-edited-1-1024x576.jpg"},{"@type":"BreadcrumbList","@id":"https:\/\/fsc-ccf.ca\/fr\/recherche\/nouvelle-donne-evolution-de-lemploi-dans-le-secteur-manufacturier-du-canada-2003-a-2018-2\/#breadcrumb","itemListElement":[{"@type":"ListItem","position":1,"name":"Home","item":"https:\/\/fsc-ccf.ca\/fr\/"},{"@type":"ListItem","position":2,"name":"Recherche","item":"https:\/\/fsc-ccf.ca\/fr\/recherche\/"},{"@type":"ListItem","position":3,"name":"Nouvelle donne : \u00c9volution de l\u2019emploi dans le secteur manufacturier du Canada, 2003 \u00e0 2018"}]},{"@type":"WebSite","@id":"https:\/\/fsc-ccf.ca\/fr\/#website","url":"https:\/\/fsc-ccf.ca\/fr\/","name":"Future Skills Centre \u2022 Centre des Comp\u00e9tences futures","description":"","publisher":{"@id":"https:\/\/fsc-ccf.ca\/fr\/#organization"},"potentialAction":[{"@type":"SearchAction","target":{"@type":"EntryPoint","urlTemplate":"https:\/\/fsc-ccf.ca\/fr\/?s={search_term_string}"},"query-input":{"@type":"PropertyValueSpecification","valueRequired":true,"valueName":"search_term_string"}}],"inLanguage":"fr-FR"},{"@type":"Organization","@id":"https:\/\/fsc-ccf.ca\/fr\/#organization","name":"Future Skills Centre \u2022 Centre des Comp\u00e9tences futures","url":"https:\/\/fsc-ccf.ca\/fr\/","logo":{"@type":"ImageObject","inLanguage":"fr-FR","@id":"https:\/\/fsc-ccf.ca\/fr\/#\/schema\/logo\/image\/","url":"https:\/\/fsc-ccf.ca\/wp-content\/uploads\/2019\/08\/FSC_logo_colour_rgb_positive_ENG.png","contentUrl":"https:\/\/fsc-ccf.ca\/wp-content\/uploads\/2019\/08\/FSC_logo_colour_rgb_positive_ENG.png","width":618,"height":528,"caption":"Future Skills Centre \u2022 Centre des Comp\u00e9tences futures"},"image":{"@id":"https:\/\/fsc-ccf.ca\/fr\/#\/schema\/logo\/image\/"},"sameAs":["https:\/\/www.facebook.com\/2161871137193201\/","https:\/\/x.com\/fsc_ccf_en","https:\/\/www.instagram.com\/fsc_ccf\/","https:\/\/www.linkedin.com\/company\/fsc-ccf\/"]}]}},"_links":{"self":[{"href":"https:\/\/fsc-ccf.ca\/fr\/wp-json\/wp\/v2\/research\/221613","targetHints":{"allow":["GET"]}}],"collection":[{"href":"https:\/\/fsc-ccf.ca\/fr\/wp-json\/wp\/v2\/research"}],"about":[{"href":"https:\/\/fsc-ccf.ca\/fr\/wp-json\/wp\/v2\/types\/research"}],"version-history":[{"count":12,"href":"https:\/\/fsc-ccf.ca\/fr\/wp-json\/wp\/v2\/research\/221613\/revisions"}],"predecessor-version":[{"id":249172,"href":"https:\/\/fsc-ccf.ca\/fr\/wp-json\/wp\/v2\/research\/221613\/revisions\/249172"}],"wp:attachment":[{"href":"https:\/\/fsc-ccf.ca\/fr\/wp-json\/wp\/v2\/media?parent=221613"}],"wp:term":[{"taxonomy":"post_tag","embeddable":true,"href":"https:\/\/fsc-ccf.ca\/fr\/wp-json\/wp\/v2\/tags?post=221613"},{"taxonomy":"region","embeddable":true,"href":"https:\/\/fsc-ccf.ca\/fr\/wp-json\/wp\/v2\/region?post=221613"},{"taxonomy":"research_type","embeddable":true,"href":"https:\/\/fsc-ccf.ca\/fr\/wp-json\/wp\/v2\/research_type?post=221613"},{"taxonomy":"populations","embeddable":true,"href":"https:\/\/fsc-ccf.ca\/fr\/wp-json\/wp\/v2\/populations?post=221613"},{"taxonomy":"themes","embeddable":true,"href":"https:\/\/fsc-ccf.ca\/fr\/wp-json\/wp\/v2\/themes?post=221613"}],"curies":[{"name":"wp","href":"https:\/\/api.w.org\/{rel}","templated":true}]}}