			{"id":175332,"date":"2021-04-15T13:32:26","date_gmt":"2021-04-15T17:32:26","guid":{"rendered":"https:\/\/fsc-ccf.ca\/?post_type=research&#038;p=175332"},"modified":"2021-06-17T15:07:06","modified_gmt":"2021-06-17T19:07:06","slug":"les-competences-dans-un-monde-postpandemique","status":"publish","type":"research","link":"https:\/\/fsc-ccf.ca\/fr\/recherche\/les-competences-dans-un-monde-postpandemique\/","title":{"rendered":"Les comp\u00e9tences dans un monde postpand\u00e9mique"},"content":{"rendered":"\n<p class=\"is-style-large-paragraph\">L\u2019avenir du travail demeure un important domaine d\u2019int\u00e9r\u00eat pour le Centre des comp\u00e9tences futures et comme pour nos partenaires au <a href=\"https:\/\/ppforum.ca\/\" target=\"_blank\" rel=\"noreferrer noopener\">Forum des politiques publiques<\/a> et le <a href=\"https:\/\/www.ryerson.ca\/diversity\/\" target=\"_blank\" rel=\"noreferrer noopener\">Diversity Institute<\/a>. L\u2019arriv\u00e9e de la COVID-19 a rendu les ph\u00e9nom\u00e8nes et les changements li\u00e9s \u00e0 la nature changeante du travail \u00e0 la fois plus abruptes et plus radicaux.<\/p>\n\n\n\n<p>Les comp\u00e9tences dans un monde postpand\u00e9mique aborde des questions cl\u00e9s auxquelles sont confront\u00e9s les d\u00e9cideurs.euses politiques et les employeurs.euses. Il est urgent pour la soci\u00e9t\u00e9 de faire face aux profonds changements dans le march\u00e9 du travail que la pand\u00e9mie de COVID-19 a acc\u00e9l\u00e9r\u00e9s et pour de nombreux acteurs.trices de s\u2019adapter aux nouvelles r\u00e9alit\u00e9s d\u2019un monde postpand\u00e9mique. <\/p>\n\n\n\n<p>La pand\u00e9mie a fait de l\u2019avenir du travail une r\u00e9alit\u00e9 tr\u00e8s actuelle et susceptible de perdurer : num\u00e9risation, travail \u00e0 domicile et autres changements incluent. Elle a \u00e9galement intensifi\u00e9 certaines \u00e9volutions et accru certains virages bien document\u00e9s dans le discours sur l\u2019avenir du travail.<\/p>\n\n\n\n<p>S\u2019appuyant sur le succ\u00e8s de la s\u00e9rie collaborative <a href=\"https:\/\/fsc-ccf.ca\/fr\/recherche\/serie-competences-de-lavenir\/\" target=\"_blank\" rel=\"noreferrer noopener\">Comp\u00e9tences de l\u2019avenir<\/a>, le Forum des politiques publiques (FPP) et le Diversity Institute (DI), financ\u00e9s par le Centre des comp\u00e9tences futures (CCF) et avec un nouveau soutien de la part de Microsoft, font \u00e9quipe une fois de plus pour aborder de front ces rapides changements sociaux et \u00e9tudier les comp\u00e9tences, la formation et le recyclage professionnel de l\u2019avenir de fa\u00e7on \u00e0 dessiner une trajectoire \u00e0 suivre \u00e0 mesure que la pand\u00e9mie suit son cours.<\/p>\n\n\n\n<p>L\u2019objectif de cette s\u00e9rie est de constituer un solide \u00e9cosyst\u00e8me de politiques permettant la mobilit\u00e9 dont les travailleurs.euses et les employeurs.euses auront besoin pour se frayer un chemin dans la nouvelle r\u00e9alit\u00e9. Les changements cl\u00e9s et les th\u00e8mes de recherche de la s\u00e9rie ont \u00e9t\u00e9 identifi\u00e9 dans notre<a href=\"https:\/\/fsc-ccf.ca\/fr\/recherche\/les-competences-dans-un-monde-postpandemique-rapport-de-cadrage\/\" target=\"_blank\" rel=\"noreferrer noopener\"> <span class=\"has-inline-color has-purple-color\">rapport de cadrage<\/span><\/a> qui a lanc\u00e9 le projet. \u00c0 cette fin, nous nous pencherons sur huit principaux th\u00e8mes :<\/p>\n\n\n\n<ul class=\"wp-block-list\"><li><a href=\"https:\/\/fsc-ccf.ca\/fr\/recherche\/la-polarisation-de-lemploi-au-canada\/\" target=\"_blank\" rel=\"noreferrer noopener\">La polarisation de l\u2019emploi au Canada<\/a><\/li><li><a href=\"https:\/\/fsc-ccf.ca\/fr\/recherche\/linfrastructure-numerique-dans-un-monde-postpandemique\/\" target=\"_blank\" rel=\"noreferrer noopener\">L\u2019infrastructure num\u00e9rique dans un monde postpand\u00e9mique<\/a><\/li><li><a href=\"https:\/\/fsc-ccf.ca\/fr\/research\/nouvelles-organisations-du-travail\/\" target=\"_blank\" rel=\"noreferrer noopener\">N<\/a><a href=\"https:\/\/fsc-ccf.ca\/fr\/recherche\/nouvelles-organisations-du-travail\/\" target=\"_blank\" rel=\"noreferrer noopener\">ouvelles organisations du travail<\/a><\/li><li><a href=\"https:\/\/fsc-ccf.ca\/fr\/recherche\/batir-des-lieux-de-travail-inclusifs\/\" target=\"_blank\" rel=\"noreferrer noopener\">B\u00e2tir des lieux de travail inclusifs<\/a><\/li><li><a href=\"https:\/\/fsc-ccf.ca\/fr\/recherche\/immigration-canada-economie-post-pandemie\/\">Immigration et succ\u00e8s de l\u2019\u00e9conomie postpand\u00e9mique du Canada<\/a><\/li><li><a href=\"https:\/\/fsc-ccf.ca\/fr\/recherche\/linnovation-dans-lenseignement-postsecondaire\/\" target=\"_blank\" rel=\"noreferrer noopener\">L\u2019innovation dans l\u2019enseignement postsecondaire<\/a><\/li><li><a href=\"https:\/\/fsc-ccf.ca\/fr\/recherche\/de-la-necessite-nait-linvention-competences-pour-linnovation-dans-un-monde-postpandemique\/\" target=\"_blank\" rel=\"noreferrer noopener\">De la n\u00e9cessit\u00e9 na\u00eet l\u2019invention : Comp\u00e9tences pour l\u2019innovation dans un monde postpand\u00e9mique<\/a><\/li><li><a href=\"https:\/\/fsc-ccf.ca\/fr\/recherche\/soutenir-lentrepreneuriat-et-les-pme-un-programme-postpandemie-pour-les-competences-et-la-formation\/\" target=\"_blank\" rel=\"noreferrer noopener\">Appuyer les PMEs et les entrepreneurs: Un Programme postpand\u00e9mie pour les comp\u00e9tences et la formation<\/a><\/li><\/ul>\n\n\n\n<p>Restez \u00e0 l\u2019aff\u00fbt pour obtenir plus d\u2019information sur les rencontres et les consultations \u00e0 venir, ainsi que sur les rapports \u00e0 para\u00eetre.<\/p>\n\n\n\n<p>Pour plus de renseignements, veuillez communiquer avec Andr\u00e9e Loucks, charg\u00e9e de politiques, \u00e0 <a href=\"mailto:aloucks@ppforum.ca\" target=\"_blank\" rel=\"noreferrer noopener\">aloucks@ppforum.ca<\/a>.<\/p>\n\n\n\n<p>Les comp\u00e9tences dans un monde post-pand\u00e9mique est financ\u00e9 par le <a href=\"https:\/\/www.canada.ca\/fr\/emploi-developpement-social\/programmes\/competences-futures\/centre.html\" target=\"_blank\" rel=\"noreferrer noopener\">Programme des Comp\u00e9tences futures du gouvernement du Canada<\/a>.<\/p>\n\n\n<div class=\"page-block cards-grid full-width-block card-style--default display-style--default page-block--grey  \" >\n\t<div class=\"container container--with-overflow\">\n\t\t<h2 class=\"cards-grid__section-title heading-content section-title\">Recherche en vedette<\/h2>\t\t\t\t<div class=\"overflow\">\n\t\t\t\n\t\t\t<div class=\"overflow__content cards-grid__grid large\">\n\t\t\t\n\t\t\t<div class=\"content-card content-card--research\">\n\t\t\t<div class=\"content-card__image\">\n\t\t\t<a href=\"https:\/\/fsc-ccf.ca\/fr\/recherche\/parcours-vers-lopportunite\/\" target=\"_self\"><img decoding=\"async\" src=\"https:\/\/fsc-ccf.ca\/wp-content\/uploads\/2026\/04\/happy-entrepreneurs-analyzing-lecture-notes-while-2026-03-17-07-06-31-utc-800x600.jpg\" alt=\"A woman in a grey blazer and a man in a blue shirt sit on wooden tiered seating, focused on a digital tablet they are holding together in a modern, sunlit atrium.\"><\/a>\n\t\t<\/div>\n\t\t\t<div class=\"content-card__content\">\n\t\t<div class=\"content-card__text\">\n\t\t\t\t\t\t\t<div class=\"content-card__type\">\n\t\t\t\t\t<span href=\"https:\/\/fsc-ccf.ca\/fr\/recherche\/\">Recherche<\/span>\t\t\t\t<\/div>\n\t\t\t\n\t\t\t\n\t\t\t\t\t\t<h3 class=\"content-card__title\">\n\t\t\t\t<a href=\"https:\/\/fsc-ccf.ca\/fr\/recherche\/parcours-vers-lopportunite\/\" target=\"_self\">Parcours vers l&#8217;opportunit\u00e9 : Relever les barri\u00e8res \u00e0 la participation au march\u00e9 du travail dans un monde du travail en \u00e9volution<\/a>\n\t\t\t<\/h3>\n\n\t\t\t<div class=\"metadata metadata--event\">\n\t<ul>\n\t\t<li class=\"metadata__date\">\n\t\t\t<div class=\"metadata__icon\"><svg width=\"10\" height=\"12\" viewBox=\"0 0 10 12\" fill=\"none\" xmlns=\"http:\/\/www.w3.org\/2000\/svg\">\n<path id=\"calendar_today\" d=\"M1.11111 11.5477C0.805556 11.5477 0.543982 11.4358 0.326389 11.212C0.108796 10.9882 0 10.7191 0 10.4049V2.40486C0 2.09057 0.108796 1.82152 0.326389 1.59771C0.543982 1.3739 0.805556 1.262 1.11111 1.262H1.66667V0.119141H2.77778V1.262H7.22222V0.119141H8.33333V1.262H8.88889C9.19444 1.262 9.45602 1.3739 9.67361 1.59771C9.8912 1.82152 10 2.09057 10 2.40486V10.4049C10 10.7191 9.8912 10.9882 9.67361 11.212C9.45602 11.4358 9.19444 11.5477 8.88889 11.5477H1.11111ZM1.11111 10.4049H8.88889V4.69057H1.11111V10.4049Z\" fill=\"#71136C\"\/>\n<\/svg>\n<\/div>\n\t\t\tAvril 2026\t\t<\/li>\n\n\t\t\t\t\t<li class=\"metadata__partners\">\n\t\t\t\t<div class=\"metadata__icon\"><svg width=\"12\" height=\"9\" viewBox=\"0 0 12 9\" fill=\"none\" xmlns=\"http:\/\/www.w3.org\/2000\/svg\">\n<path id=\"Parnter Icon\" d=\"M0 9.00014V7.50014C0 7.19657 0.0795454 6.91755 0.238636 6.66309C0.397727 6.40862 0.609091 6.21443 0.872727 6.0805C1.43636 5.80371 2.00909 5.59612 2.59091 5.45773C3.17273 5.31934 3.76364 5.25014 4.36364 5.25014C4.96364 5.25014 5.55455 5.31934 6.13636 5.45773C6.71818 5.59612 7.29091 5.80371 7.85455 6.0805C8.11818 6.21443 8.32955 6.40862 8.48864 6.66309C8.64773 6.91755 8.72727 7.19657 8.72727 7.50014V9.00014H0ZM9.81818 9.00014V7.393C9.81818 7.00014 9.70682 6.62291 9.48409 6.2613C9.26136 5.89969 8.94546 5.58943 8.53636 5.3305C9 5.38407 9.43636 5.47559 9.84546 5.60505C10.2545 5.73451 10.6364 5.893 10.9909 6.0805C11.3182 6.25907 11.5682 6.45773 11.7409 6.67648C11.9136 6.89523 12 7.13407 12 7.393V9.00014H9.81818ZM4.36364 4.71443C3.76364 4.71443 3.25 4.5046 2.82273 4.08496C2.39545 3.66532 2.18182 3.16085 2.18182 2.57157C2.18182 1.98228 2.39545 1.47782 2.82273 1.05818C3.25 0.638532 3.76364 0.428711 4.36364 0.428711C4.96364 0.428711 5.47727 0.638532 5.90455 1.05818C6.33182 1.47782 6.54545 1.98228 6.54545 2.57157C6.54545 3.16085 6.33182 3.66532 5.90455 4.08496C5.47727 4.5046 4.96364 4.71443 4.36364 4.71443ZM9.81818 2.57157C9.81818 3.16085 9.60455 3.66532 9.17727 4.08496C8.75 4.5046 8.23636 4.71443 7.63636 4.71443C7.53636 4.71443 7.40909 4.70326 7.25455 4.68094C7.1 4.65862 6.97273 4.63407 6.87273 4.60728C7.11818 4.32157 7.30682 4.0046 7.43864 3.65639C7.57045 3.30818 7.63636 2.94657 7.63636 2.57157C7.63636 2.19657 7.57045 1.83496 7.43864 1.48675C7.30682 1.13853 7.11818 0.821568 6.87273 0.535854C7 0.491211 7.12727 0.462193 7.25455 0.4488C7.38182 0.435407 7.50909 0.428711 7.63636 0.428711C8.23636 0.428711 8.75 0.638532 9.17727 1.05818C9.60455 1.47782 9.81818 1.98228 9.81818 2.57157Z\" fill=\"#71136C\"\/>\n<\/svg>\n<\/div>\n\t\t\t\t<div class=\"metadata__list\">\n\t\t\t\t\t<span>Blueprint ADE<\/span>\t\t\t\t<\/div>\n\t\t\t<\/li>\n\t\t\t<\/ul>\n<\/div>\t\t\t<div class=\"content-card__deck\">\n\t\t\t\tParcours vers l&#8217;opportunit\u00e9 est un projet pilote fond\u00e9 sur des donn\u00e9es probantes qui soutient les clients d&#8217;aide sociale confront\u00e9s \u00e0 des barri\u00e8res complexes \u00e0 l&#8217;emploi.\t\t\t<\/div>\n\n\t\t\t\t\t\t\t\t\t\t\t\t\t<ul class=\"content-card__terms\">\n\t\t\t\t\t\t\t\t\t\t\t\t<li>\n\t\t\t\t\t\t\t\t\t\t\t\t\t\t\t\t\t<span class=\"term-square\" style=\"background-color:#d218c0\"><\/span>\n\t\t\t\t\t\t\t\t\t\t\t\t\t\t\t\t<a href=\"https:\/\/fsc-ccf.ca\/fr\/themes\/economie-inclusive\/\">\u00c9conomie inclusive<\/a>\n\t\t\t\t\t\t\t<\/li>\n\t\t\t\t\t\t\t\t\t\t\t\t\t\t\t\t\t\t<li>\n\t\t\t\t\t\t\t\t\t\t\t\t\t\t\t\t\t<span class=\"term-square\" style=\"background-color:#ec008c\"><\/span>\n\t\t\t\t\t\t\t\t\t\t\t\t\t\t\t\t<a href=\"https:\/\/fsc-ccf.ca\/fr\/themes\/parcours-vers-lemploi\/\">Parcours vers L\u2019emploi<\/a>\n\t\t\t\t\t\t\t<\/li>\n\t\t\t\t\t\t\t\t\t\t\t\t\t\t\t\t\t\t\t\t<\/ul>\n\t\t\t\t\t\t\n\t\t<\/div>\n\t\t\n\t<details class=\"related-reports\">\n\t\t<summary class=\"related-reports__summary\">\n\t\t\t<span class=\"related-reports__count\">1<\/span>\n\t\t\t<span class=\"related-reports__title\">Rapports associ\u00e9s<\/span>\n\t\t\t<span class=\"related-reports__icon\"><\/span>\n\t\t<\/summary>\n\t\t<ul class=\"related-reports__reports\">\n\t\t\t\t\t\t\t\t<li class=\"related-reports__report\">\n\t\t\t\t\t\t<a href=\"https:\/\/fsc-ccf.ca\/wp-content\/uploads\/2026\/04\/Pathways-to-Opportunity-BlueprintADE-2025.pdf\" target=\"_blank\">\n\t\t\t\t\t\t\t<div class=\"related-reports__tags\">\n\t\t\t\t\t\t\t\t<span class=\"related-reports__tag related-reports__tag--primary\">Rapport de recherche complet<\/span><span class=\"related-reports__tag related-reports__tag--secondary\">PDF<\/span>\t\t\t\t\t\t\t<\/div>\n\n\t\t\t\t\t\t\tPathways to Opportunity-BlueprintADE-2025\t\t\t\t\t\t<\/a>\n\t\t\t\t\t<\/li>\n\t\t\t\t\t\t\t\t<\/ul>\n\t<\/details>\n\t<\/div>\n<\/div><div class=\"content-card content-card--research\">\n\t\t\t<div class=\"content-card__image\">\n\t\t\t<a href=\"https:\/\/fsc-ccf.ca\/fr\/recherche\/cartographier-les-parcours-des-jeunes\/\" target=\"_self\"><img decoding=\"async\" src=\"https:\/\/fsc-ccf.ca\/wp-content\/uploads\/2026\/04\/female-high-school-tutor-sitting-at-table-with-pup-2026-01-05-22-50-04-utc-800x600.jpg\" alt=\"A diverse group of high school students sits around a table in a bright classroom, listening to a teacher who is perched on a desk near a whiteboard with math equations.\"><\/a>\n\t\t<\/div>\n\t\t\t<div class=\"content-card__content\">\n\t\t<div class=\"content-card__text\">\n\t\t\t\t\t\t\t<div class=\"content-card__type\">\n\t\t\t\t\t<span href=\"https:\/\/fsc-ccf.ca\/fr\/recherche\/\">Recherche<\/span>\t\t\t\t<\/div>\n\t\t\t\n\t\t\t\n\t\t\t\t\t\t<h3 class=\"content-card__title\">\n\t\t\t\t<a href=\"https:\/\/fsc-ccf.ca\/fr\/recherche\/cartographier-les-parcours-des-jeunes\/\" target=\"_self\">Cartographier les parcours des jeunes de l\u2019\u00e9ducation \u00e0 l\u2019emploi : \u00c9tat des connaissances et renforcement des mesures de soutien \u00e0 travers le Canada<\/a>\n\t\t\t<\/h3>\n\n\t\t\t<div class=\"metadata metadata--event\">\n\t<ul>\n\t\t<li class=\"metadata__date\">\n\t\t\t<div class=\"metadata__icon\"><svg width=\"10\" height=\"12\" viewBox=\"0 0 10 12\" fill=\"none\" xmlns=\"http:\/\/www.w3.org\/2000\/svg\">\n<path id=\"calendar_today\" d=\"M1.11111 11.5477C0.805556 11.5477 0.543982 11.4358 0.326389 11.212C0.108796 10.9882 0 10.7191 0 10.4049V2.40486C0 2.09057 0.108796 1.82152 0.326389 1.59771C0.543982 1.3739 0.805556 1.262 1.11111 1.262H1.66667V0.119141H2.77778V1.262H7.22222V0.119141H8.33333V1.262H8.88889C9.19444 1.262 9.45602 1.3739 9.67361 1.59771C9.8912 1.82152 10 2.09057 10 2.40486V10.4049C10 10.7191 9.8912 10.9882 9.67361 11.212C9.45602 11.4358 9.19444 11.5477 8.88889 11.5477H1.11111ZM1.11111 10.4049H8.88889V4.69057H1.11111V10.4049Z\" fill=\"#71136C\"\/>\n<\/svg>\n<\/div>\n\t\t\tAvril 2026\t\t<\/li>\n\n\t\t\t\t\t<li class=\"metadata__partners\">\n\t\t\t\t<div class=\"metadata__icon\"><svg width=\"12\" height=\"9\" viewBox=\"0 0 12 9\" fill=\"none\" xmlns=\"http:\/\/www.w3.org\/2000\/svg\">\n<path id=\"Parnter Icon\" d=\"M0 9.00014V7.50014C0 7.19657 0.0795454 6.91755 0.238636 6.66309C0.397727 6.40862 0.609091 6.21443 0.872727 6.0805C1.43636 5.80371 2.00909 5.59612 2.59091 5.45773C3.17273 5.31934 3.76364 5.25014 4.36364 5.25014C4.96364 5.25014 5.55455 5.31934 6.13636 5.45773C6.71818 5.59612 7.29091 5.80371 7.85455 6.0805C8.11818 6.21443 8.32955 6.40862 8.48864 6.66309C8.64773 6.91755 8.72727 7.19657 8.72727 7.50014V9.00014H0ZM9.81818 9.00014V7.393C9.81818 7.00014 9.70682 6.62291 9.48409 6.2613C9.26136 5.89969 8.94546 5.58943 8.53636 5.3305C9 5.38407 9.43636 5.47559 9.84546 5.60505C10.2545 5.73451 10.6364 5.893 10.9909 6.0805C11.3182 6.25907 11.5682 6.45773 11.7409 6.67648C11.9136 6.89523 12 7.13407 12 7.393V9.00014H9.81818ZM4.36364 4.71443C3.76364 4.71443 3.25 4.5046 2.82273 4.08496C2.39545 3.66532 2.18182 3.16085 2.18182 2.57157C2.18182 1.98228 2.39545 1.47782 2.82273 1.05818C3.25 0.638532 3.76364 0.428711 4.36364 0.428711C4.96364 0.428711 5.47727 0.638532 5.90455 1.05818C6.33182 1.47782 6.54545 1.98228 6.54545 2.57157C6.54545 3.16085 6.33182 3.66532 5.90455 4.08496C5.47727 4.5046 4.96364 4.71443 4.36364 4.71443ZM9.81818 2.57157C9.81818 3.16085 9.60455 3.66532 9.17727 4.08496C8.75 4.5046 8.23636 4.71443 7.63636 4.71443C7.53636 4.71443 7.40909 4.70326 7.25455 4.68094C7.1 4.65862 6.97273 4.63407 6.87273 4.60728C7.11818 4.32157 7.30682 4.0046 7.43864 3.65639C7.57045 3.30818 7.63636 2.94657 7.63636 2.57157C7.63636 2.19657 7.57045 1.83496 7.43864 1.48675C7.30682 1.13853 7.11818 0.821568 6.87273 0.535854C7 0.491211 7.12727 0.462193 7.25455 0.4488C7.38182 0.435407 7.50909 0.428711 7.63636 0.428711C8.23636 0.428711 8.75 0.638532 9.17727 1.05818C9.60455 1.47782 9.81818 1.98228 9.81818 2.57157Z\" fill=\"#71136C\"\/>\n<\/svg>\n<\/div>\n\t\t\t\t<div class=\"metadata__list\">\n\t\t\t\t\t<span>Blueprint ADE<\/span>\t\t\t\t<\/div>\n\t\t\t<\/li>\n\t\t\t<\/ul>\n<\/div>\t\t\t<div class=\"content-card__deck\">\n\t\t\t\tCette note de recherche s\u2019inscrit dans un effort plus large visant \u00e0 approfondir la compr\u00e9hension du Canada sur les meilleures fa\u00e7ons de soutenir les jeunes dans leur parcours de l\u2019\u00e9ducation \u00e0 l\u2019emploi.\t\t\t<\/div>\n\n\t\t\t\t\t\t\t\t\t\t\t\t\t<ul class=\"content-card__terms\">\n\t\t\t\t\t\t\t\t\t\t\t\t<li>\n\t\t\t\t\t\t\t\t\t\t\t\t\t\t\t\t\t<span class=\"term-square\" style=\"background-color:#d218c0\"><\/span>\n\t\t\t\t\t\t\t\t\t\t\t\t\t\t\t\t<a href=\"https:\/\/fsc-ccf.ca\/fr\/themes\/economie-inclusive\/\">\u00c9conomie inclusive<\/a>\n\t\t\t\t\t\t\t<\/li>\n\t\t\t\t\t\t\t\t\t\t\t\t\t\t\t\t\t\t<li>\n\t\t\t\t\t\t\t\t\t\t\t\t\t\t\t\t\t<span class=\"term-square\" style=\"background-color:#ec008c\"><\/span>\n\t\t\t\t\t\t\t\t\t\t\t\t\t\t\t\t<a href=\"https:\/\/fsc-ccf.ca\/fr\/themes\/parcours-vers-lemploi\/\">Parcours vers L\u2019emploi<\/a>\n\t\t\t\t\t\t\t<\/li>\n\t\t\t\t\t\t\t\t\t\t\t\t\t\t\t\t\t\t\t\t<\/ul>\n\t\t\t\t\t\t\n\t\t<\/div>\n\t\t\n\t<details class=\"related-reports\">\n\t\t<summary class=\"related-reports__summary\">\n\t\t\t<span class=\"related-reports__count\">1<\/span>\n\t\t\t<span class=\"related-reports__title\">Rapports associ\u00e9s<\/span>\n\t\t\t<span class=\"related-reports__icon\"><\/span>\n\t\t<\/summary>\n\t\t<ul class=\"related-reports__reports\">\n\t\t\t\t\t\t\t\t<li class=\"related-reports__report\">\n\t\t\t\t\t\t<a href=\"https:\/\/fsc-ccf.ca\/wp-content\/uploads\/2026\/04\/Mapping-Youth-Pathways-Blueprint-2025.pdf\" target=\"_blank\">\n\t\t\t\t\t\t\t<div class=\"related-reports__tags\">\n\t\t\t\t\t\t\t\t<span class=\"related-reports__tag related-reports__tag--primary\">Rapport de recherche complet<\/span><span class=\"related-reports__tag related-reports__tag--secondary\">PDF<\/span>\t\t\t\t\t\t\t<\/div>\n\n\t\t\t\t\t\t\tMapping Youth Pathways-Blueprint-2025\t\t\t\t\t\t<\/a>\n\t\t\t\t\t<\/li>\n\t\t\t\t\t\t\t\t<\/ul>\n\t<\/details>\n\t<\/div>\n<\/div><div class=\"content-card content-card--research\">\n\t\t\t<div class=\"content-card__image\">\n\t\t\t<a href=\"https:\/\/fsc-ccf.ca\/fr\/recherche\/lapprentissage-inclusif-integre-au-travail\/\" target=\"_self\"><img decoding=\"async\" src=\"https:\/\/fsc-ccf.ca\/wp-content\/uploads\/2026\/04\/Train-in-New-CX-Initiatives-800x600.jpg\" alt=\"Two coworkers smiling and collaborating at a computer in an office.\"><\/a>\n\t\t<\/div>\n\t\t\t<div class=\"content-card__content\">\n\t\t<div class=\"content-card__text\">\n\t\t\t\t\t\t\t<div class=\"content-card__type\">\n\t\t\t\t\t<span href=\"https:\/\/fsc-ccf.ca\/fr\/recherche\/\">Recherche<\/span>\t\t\t\t<\/div>\n\t\t\t\n\t\t\t\n\t\t\t\t\t\t<h3 class=\"content-card__title\">\n\t\t\t\t<a href=\"https:\/\/fsc-ccf.ca\/fr\/recherche\/lapprentissage-inclusif-integre-au-travail\/\" target=\"_self\">Soutenir l\u2019apprentissage inclusif int\u00e9gr\u00e9 au travail en tant qu\u2019employeur<\/a>\n\t\t\t<\/h3>\n\n\t\t\t<div class=\"metadata metadata--event\">\n\t<ul>\n\t\t<li class=\"metadata__date\">\n\t\t\t<div class=\"metadata__icon\"><svg width=\"10\" height=\"12\" viewBox=\"0 0 10 12\" fill=\"none\" xmlns=\"http:\/\/www.w3.org\/2000\/svg\">\n<path id=\"calendar_today\" d=\"M1.11111 11.5477C0.805556 11.5477 0.543982 11.4358 0.326389 11.212C0.108796 10.9882 0 10.7191 0 10.4049V2.40486C0 2.09057 0.108796 1.82152 0.326389 1.59771C0.543982 1.3739 0.805556 1.262 1.11111 1.262H1.66667V0.119141H2.77778V1.262H7.22222V0.119141H8.33333V1.262H8.88889C9.19444 1.262 9.45602 1.3739 9.67361 1.59771C9.8912 1.82152 10 2.09057 10 2.40486V10.4049C10 10.7191 9.8912 10.9882 9.67361 11.212C9.45602 11.4358 9.19444 11.5477 8.88889 11.5477H1.11111ZM1.11111 10.4049H8.88889V4.69057H1.11111V10.4049Z\" fill=\"#71136C\"\/>\n<\/svg>\n<\/div>\n\t\t\tAvril 2026\t\t<\/li>\n\n\t\t\t\t\t<li class=\"metadata__partners\">\n\t\t\t\t<div class=\"metadata__icon\"><svg width=\"12\" height=\"9\" viewBox=\"0 0 12 9\" fill=\"none\" xmlns=\"http:\/\/www.w3.org\/2000\/svg\">\n<path id=\"Parnter Icon\" d=\"M0 9.00014V7.50014C0 7.19657 0.0795454 6.91755 0.238636 6.66309C0.397727 6.40862 0.609091 6.21443 0.872727 6.0805C1.43636 5.80371 2.00909 5.59612 2.59091 5.45773C3.17273 5.31934 3.76364 5.25014 4.36364 5.25014C4.96364 5.25014 5.55455 5.31934 6.13636 5.45773C6.71818 5.59612 7.29091 5.80371 7.85455 6.0805C8.11818 6.21443 8.32955 6.40862 8.48864 6.66309C8.64773 6.91755 8.72727 7.19657 8.72727 7.50014V9.00014H0ZM9.81818 9.00014V7.393C9.81818 7.00014 9.70682 6.62291 9.48409 6.2613C9.26136 5.89969 8.94546 5.58943 8.53636 5.3305C9 5.38407 9.43636 5.47559 9.84546 5.60505C10.2545 5.73451 10.6364 5.893 10.9909 6.0805C11.3182 6.25907 11.5682 6.45773 11.7409 6.67648C11.9136 6.89523 12 7.13407 12 7.393V9.00014H9.81818ZM4.36364 4.71443C3.76364 4.71443 3.25 4.5046 2.82273 4.08496C2.39545 3.66532 2.18182 3.16085 2.18182 2.57157C2.18182 1.98228 2.39545 1.47782 2.82273 1.05818C3.25 0.638532 3.76364 0.428711 4.36364 0.428711C4.96364 0.428711 5.47727 0.638532 5.90455 1.05818C6.33182 1.47782 6.54545 1.98228 6.54545 2.57157C6.54545 3.16085 6.33182 3.66532 5.90455 4.08496C5.47727 4.5046 4.96364 4.71443 4.36364 4.71443ZM9.81818 2.57157C9.81818 3.16085 9.60455 3.66532 9.17727 4.08496C8.75 4.5046 8.23636 4.71443 7.63636 4.71443C7.53636 4.71443 7.40909 4.70326 7.25455 4.68094C7.1 4.65862 6.97273 4.63407 6.87273 4.60728C7.11818 4.32157 7.30682 4.0046 7.43864 3.65639C7.57045 3.30818 7.63636 2.94657 7.63636 2.57157C7.63636 2.19657 7.57045 1.83496 7.43864 1.48675C7.30682 1.13853 7.11818 0.821568 6.87273 0.535854C7 0.491211 7.12727 0.462193 7.25455 0.4488C7.38182 0.435407 7.50909 0.428711 7.63636 0.428711C8.23636 0.428711 8.75 0.638532 9.17727 1.05818C9.60455 1.47782 9.81818 1.98228 9.81818 2.57157Z\" fill=\"#71136C\"\/>\n<\/svg>\n<\/div>\n\t\t\t\t<div class=\"metadata__list\">\n\t\t\t\t\t<span>Signal49 Recherche<\/span>\t\t\t\t<\/div>\n\t\t\t<\/li>\n\t\t\t<\/ul>\n<\/div>\t\t\t<div class=\"content-card__deck\">\n\t\t\t\tL\u2019apprentissage int\u00e9gr\u00e9 au travail et les stages constituent des passerelles essentielles vers l\u2019emploi. Les employeurs qui proposent des stages inclusifs peuvent acc\u00e9der \u00e0 un bassin de talents plus large, am\u00e9liorer la fid\u00e9lisation et le rendement, et favoriser l\u2019innovation gr\u00e2ce \u00e0 la diversit\u00e9 des points de vue.\t\t\t<\/div>\n\n\t\t\t\t\t\t\t\t\t\t\t\t\t<ul class=\"content-card__terms\">\n\t\t\t\t\t\t\t\t\t\t\t\t\t\t\t\t\t<li>\n\t\t\t\t\t\t\t\t\t\t\t\t\t\t\t\t\t<span class=\"term-square\" style=\"background-color:#d218c0\"><\/span>\n\t\t\t\t\t\t\t\t\t\t\t\t\t\t\t\t<a href=\"https:\/\/fsc-ccf.ca\/fr\/themes\/economie-inclusive\/\">\u00c9conomie inclusive<\/a>\n\t\t\t\t\t\t\t<\/li>\n\t\t\t\t\t\t\t\t\t\t\t\t\t\t\t<\/ul>\n\t\t\t\t\t\t\n\t\t<\/div>\n\t\t\n\t<details class=\"related-reports\">\n\t\t<summary class=\"related-reports__summary\">\n\t\t\t<span class=\"related-reports__count\">1<\/span>\n\t\t\t<span class=\"related-reports__title\">Rapports associ\u00e9s<\/span>\n\t\t\t<span class=\"related-reports__icon\"><\/span>\n\t\t<\/summary>\n\t\t<ul class=\"related-reports__reports\">\n\t\t\t\t\t\t\t\t<li class=\"related-reports__report\">\n\t\t\t\t\t\t<a href=\"https:\/\/fsc-ccf.ca\/wp-content\/uploads\/2026\/04\/soutenir-lapprentissage-inclusif-integre-au-travail_jan2026.pdf\" target=\"_blank\">\n\t\t\t\t\t\t\t<div class=\"related-reports__tags\">\n\t\t\t\t\t\t\t\t<span class=\"related-reports__tag related-reports__tag--primary\">Rapport de recherche complet<\/span><span class=\"related-reports__tag related-reports__tag--secondary\">PDF<\/span>\t\t\t\t\t\t\t<\/div>\n\n\t\t\t\t\t\t\tsoutenir-lapprentissage-inclusif-integre-au-travail_jan2026\t\t\t\t\t\t<\/a>\n\t\t\t\t\t<\/li>\n\t\t\t\t\t\t\t\t<\/ul>\n\t<\/details>\n\t<\/div>\n<\/div>\t\t\t<\/div>\n\t\t\t\t\t<\/div>\n\t\t\t\t\t\t<!-- I know this is a messy conditional but can't figure out how to pull in the correct FR translations otherwise -->\n\t\t\t\t\t\t\t\t\t<a href=\"https:\/\/fsc-ccf.ca\/fr\/\/research?lang=fr\" class=\"cards-grid__view-all heading-content\"><span>Afficher toute la recherche <\/span><span class=\"triangle triangle--right\"><\/span><\/a>\n\t\t\t\t\t\t\t\t\t\t<\/div>\n<\/div>\n","protected":false},"excerpt":{"rendered":"<p>L\u2019avenir du travail demeure un important domaine d\u2019int\u00e9r\u00eat pour le Centre des comp\u00e9tences futures et comme pour nos partenaires au Forum des politiques publiques et le Diversity Institute.<\/p>\n","protected":false},"menu_order":0,"template":"","tags":[],"region":[],"research_type":[],"populations":[],"themes":[1548],"class_list":["post-175332","research","type-research","status-publish","hentry","themes-economie-inclusive"],"acf":{"hero_image":{"ID":193891,"id":193891,"title":"PPS-feature-animated","filename":"PPS-feature-animated.gif","filesize":963385,"url":"https:\/\/fsc-ccf.ca\/wp-content\/uploads\/2021\/04\/PPS-feature-animated.gif","link":"https:\/\/fsc-ccf.ca\/fr\/recherche\/les-competences-dans-un-monde-postpandemique\/pps-feature-animated\/","alt":"Skills for the Post-Pandemic World Series Animiated","author":"8","description":"","caption":"","name":"pps-feature-animated","status":"inherit","uploaded_to":175332,"date":"2021-06-17 19:05:46","modified":"2021-06-17 19:06:59","menu_order":0,"mime_type":"image\/gif","type":"image","subtype":"gif","icon":"https:\/\/fsc-ccf.ca\/wp-includes\/images\/media\/default.png","width":1980,"height":1127,"sizes":{"thumbnail":"https:\/\/fsc-ccf.ca\/wp-content\/uploads\/2021\/04\/PPS-feature-animated-150x150.gif","thumbnail-width":150,"thumbnail-height":150,"medium":"https:\/\/fsc-ccf.ca\/wp-content\/uploads\/2021\/04\/PPS-feature-animated-300x171.gif","medium-width":300,"medium-height":171,"medium_large":"https:\/\/fsc-ccf.ca\/wp-content\/uploads\/2021\/04\/PPS-feature-animated-768x437.gif","medium_large-width":768,"medium_large-height":437,"large":"https:\/\/fsc-ccf.ca\/wp-content\/uploads\/2021\/04\/PPS-feature-animated-1024x583.gif","large-width":1024,"large-height":583,"1536x1536":"https:\/\/fsc-ccf.ca\/wp-content\/uploads\/2021\/04\/PPS-feature-animated-1536x874.gif","1536x1536-width":1536,"1536x1536-height":874,"2048x2048":"https:\/\/fsc-ccf.ca\/wp-content\/uploads\/2021\/04\/PPS-feature-animated.gif","2048x2048-width":1980,"2048x2048-height":1127,"preview":"https:\/\/fsc-ccf.ca\/wp-content\/uploads\/2021\/04\/PPS-feature-animated-10x6.gif","preview-width":10,"preview-height":6,"content-card-thumbnail":"https:\/\/fsc-ccf.ca\/wp-content\/uploads\/2021\/04\/PPS-feature-animated-800x600.gif","content-card-thumbnail-width":800,"content-card-thumbnail-height":600,"slider-image":"https:\/\/fsc-ccf.ca\/wp-content\/uploads\/2021\/04\/PPS-feature-animated-1600x1127.gif","slider-image-width":1600,"slider-image-height":1127,"hero-image":"https:\/\/fsc-ccf.ca\/wp-content\/uploads\/2021\/04\/PPS-feature-animated.gif","hero-image-width":1980,"hero-image-height":1127,"inline-image":"https:\/\/fsc-ccf.ca\/wp-content\/uploads\/2021\/04\/PPS-feature-animated-1024x512.gif","inline-image-width":1024,"inline-image-height":512,"content-card-thumbnail-vertical":"https:\/\/fsc-ccf.ca\/wp-content\/uploads\/2021\/04\/PPS-feature-animated-400x600.gif","content-card-thumbnail-vertical-width":400,"content-card-thumbnail-vertical-height":600}},"thumbnail_image":{"ID":178918,"id":178918,"title":"","filename":"Post-Pandemic-Skills-feature-2-scaled.jpg","filesize":239052,"url":"https:\/\/fsc-ccf.ca\/wp-content\/uploads\/2021\/04\/Post-Pandemic-Skills-feature-2-scaled.jpg","link":"https:\/\/fsc-ccf.ca\/fr\/recherche\/les-competences-dans-un-monde-postpandemique\/post-pandemic-skills-feature-2-2\/","alt":"Cartoon person holding binoculars ","author":"8","description":"","caption":"","name":"post-pandemic-skills-feature-2-2","status":"inherit","uploaded_to":175332,"date":"2021-04-28 20:46:01","modified":"2021-05-03 16:58:25","menu_order":0,"mime_type":"image\/jpeg","type":"image","subtype":"jpeg","icon":"https:\/\/fsc-ccf.ca\/wp-includes\/images\/media\/default.png","width":2048,"height":1166,"sizes":{"thumbnail":"https:\/\/fsc-ccf.ca\/wp-content\/uploads\/2021\/04\/Post-Pandemic-Skills-feature-2-150x150.jpg","thumbnail-width":150,"thumbnail-height":150,"medium":"https:\/\/fsc-ccf.ca\/wp-content\/uploads\/2021\/04\/Post-Pandemic-Skills-feature-2-300x171.jpg","medium-width":300,"medium-height":171,"medium_large":"https:\/\/fsc-ccf.ca\/wp-content\/uploads\/2021\/04\/Post-Pandemic-Skills-feature-2-768x437.jpg","medium_large-width":768,"medium_large-height":437,"large":"https:\/\/fsc-ccf.ca\/wp-content\/uploads\/2021\/04\/Post-Pandemic-Skills-feature-2-1024x583.jpg","large-width":1024,"large-height":583,"1536x1536":"https:\/\/fsc-ccf.ca\/wp-content\/uploads\/2021\/04\/Post-Pandemic-Skills-feature-2-1536x874.jpg","1536x1536-width":1536,"1536x1536-height":874,"2048x2048":"https:\/\/fsc-ccf.ca\/wp-content\/uploads\/2021\/04\/Post-Pandemic-Skills-feature-2-2048x1166.jpg","2048x2048-width":2048,"2048x2048-height":1166,"preview":"https:\/\/fsc-ccf.ca\/wp-content\/uploads\/2021\/04\/Post-Pandemic-Skills-feature-2-10x6.jpg","preview-width":10,"preview-height":6,"content-card-thumbnail":"https:\/\/fsc-ccf.ca\/wp-content\/uploads\/2021\/04\/Post-Pandemic-Skills-feature-2-800x600.jpg","content-card-thumbnail-width":800,"content-card-thumbnail-height":600,"slider-image":"https:\/\/fsc-ccf.ca\/wp-content\/uploads\/2021\/04\/Post-Pandemic-Skills-feature-2-1600x1200.jpg","slider-image-width":1600,"slider-image-height":1200,"hero-image":"https:\/\/fsc-ccf.ca\/wp-content\/uploads\/2021\/04\/Post-Pandemic-Skills-feature-2-2000x1139.jpg","hero-image-width":2000,"hero-image-height":1139,"inline-image":"https:\/\/fsc-ccf.ca\/wp-content\/uploads\/2021\/04\/Post-Pandemic-Skills-feature-2-1024x512.jpg","inline-image-width":1024,"inline-image-height":512,"content-card-thumbnail-vertical":"https:\/\/fsc-ccf.ca\/wp-content\/uploads\/2021\/04\/Post-Pandemic-Skills-feature-2-400x600.jpg","content-card-thumbnail-vertical-width":400,"content-card-thumbnail-vertical-height":600}},"slider_image":false,"partners":[{"ID":8361,"post_author":"25","post_date":"2019-10-08 15:57:27","post_date_gmt":"2019-10-08 19:57:27","post_content":"<!-- wp:image {\"id\":536,\"sizeSlug\":\"large\",\"linkDestination\":\"custom\"} -->\n<figure class=\"wp-block-image size-large\"><a href=\"https:\/\/www.ryerson.ca\/diversity\/\" target=\"_blank\" rel=\"noreferrer noopener\"><img src=\"https:\/\/fsc-ccf.ca\/wp-content\/uploads\/2019\/07\/TRSM_DiversityInstitute_tealblk_RGB-1024x224.png\" alt=\"Diversity Institute\" class=\"wp-image-536\"\/><\/a><\/figure>\n<!-- \/wp:image -->","post_title":"Diversity Institute","post_excerpt":"","post_status":"publish","comment_status":"closed","ping_status":"closed","post_password":"","post_name":"diversity-institute","to_ping":"","pinged":"","post_modified":"2025-12-16 10:46:35","post_modified_gmt":"2025-12-16 15:46:35","post_content_filtered":"","post_parent":0,"guid":"http:\/\/fscccf.alphabureau.ca\/partner\/diversity-institute\/","menu_order":0,"post_type":"partner","post_mime_type":"","comment_count":"0","filter":"raw"},{"ID":7416,"post_author":"0","post_date":"2019-07-19 20:04:28","post_date_gmt":"2019-07-20 00:04:28","post_content":"","post_title":"Forum des politiques publiques","post_excerpt":"","post_status":"publish","comment_status":"closed","ping_status":"closed","post_password":"","post_name":"public-policy-forum","to_ping":"","pinged":"","post_modified":"2019-10-09 15:25:41","post_modified_gmt":"2019-10-09 19:25:41","post_content_filtered":"","post_parent":0,"guid":"http:\/\/fscccf.alphabureau.ca\/partner\/public-policy-forum\/","menu_order":8,"post_type":"partner","post_mime_type":"","comment_count":"0","filter":"raw"}],"authors":"","authors_colour":[],"show_post_date":[],"external_linkout":[],"scorecard_content":[{"title":"Exploration des r\u00e9percussions politiques","text":"de la pand\u00e9mie de la COVID-19 pour les travailleurs, les apprenants, les fournisseurs de formation et bien d\u2019autres."}]},"yoast_head":"<!-- This site is optimized with the Yoast SEO plugin v27.5 - https:\/\/yoast.com\/product\/yoast-seo-wordpress\/ -->\n<title>Les comp\u00e9tences dans un monde postpand\u00e9mique - Future Skills Centre \u2022 Centre des Comp\u00e9tences futures<\/title>\n<meta name=\"description\" content=\"L\u2019avenir du travail demeure un important domaine d\u2019int\u00e9r\u00eat pour le Centre des comp\u00e9tences futures et comme pour nos partenaires au Forum des politiques publiques et le Diversity Institute.\" \/>\n<meta name=\"robots\" content=\"index, follow, max-snippet:-1, max-image-preview:large, max-video-preview:-1\" \/>\n<link rel=\"canonical\" href=\"https:\/\/fsc-ccf.ca\/fr\/recherche\/les-competences-dans-un-monde-postpandemique\/\" \/>\n<meta name=\"twitter:label1\" content=\"Est. reading time\" \/>\n\t<meta name=\"twitter:data1\" content=\"2 minutes\" \/>\n<script type=\"application\/ld+json\" class=\"yoast-schema-graph\">{\"@context\":\"https:\\\/\\\/schema.org\",\"@graph\":[{\"@type\":\"WebPage\",\"@id\":\"https:\\\/\\\/fsc-ccf.ca\\\/fr\\\/recherche\\\/les-competences-dans-un-monde-postpandemique\\\/\",\"url\":\"https:\\\/\\\/fsc-ccf.ca\\\/fr\\\/recherche\\\/les-competences-dans-un-monde-postpandemique\\\/\",\"name\":\"Les comp\u00e9tences dans un monde postpand\u00e9mique - Future Skills Centre \u2022 Centre des Comp\u00e9tences futures\",\"isPartOf\":{\"@id\":\"https:\\\/\\\/fsc-ccf.ca\\\/fr\\\/#website\"},\"datePublished\":\"2021-04-15T17:32:26+00:00\",\"dateModified\":\"2021-06-17T19:07:06+00:00\",\"description\":\"L\u2019avenir du travail demeure un important domaine d\u2019int\u00e9r\u00eat pour le Centre des comp\u00e9tences futures et comme pour nos partenaires au Forum des politiques publiques et le Diversity Institute.\",\"breadcrumb\":{\"@id\":\"https:\\\/\\\/fsc-ccf.ca\\\/fr\\\/recherche\\\/les-competences-dans-un-monde-postpandemique\\\/#breadcrumb\"},\"inLanguage\":\"fr-FR\",\"potentialAction\":[{\"@type\":\"ReadAction\",\"target\":[\"https:\\\/\\\/fsc-ccf.ca\\\/fr\\\/recherche\\\/les-competences-dans-un-monde-postpandemique\\\/\"]}]},{\"@type\":\"BreadcrumbList\",\"@id\":\"https:\\\/\\\/fsc-ccf.ca\\\/fr\\\/recherche\\\/les-competences-dans-un-monde-postpandemique\\\/#breadcrumb\",\"itemListElement\":[{\"@type\":\"ListItem\",\"position\":1,\"name\":\"Home\",\"item\":\"https:\\\/\\\/fsc-ccf.ca\\\/fr\\\/\"},{\"@type\":\"ListItem\",\"position\":2,\"name\":\"Recherche\",\"item\":\"https:\\\/\\\/fsc-ccf.ca\\\/fr\\\/recherche\\\/\"},{\"@type\":\"ListItem\",\"position\":3,\"name\":\"Les comp\u00e9tences dans un monde postpand\u00e9mique\"}]},{\"@type\":\"WebSite\",\"@id\":\"https:\\\/\\\/fsc-ccf.ca\\\/fr\\\/#website\",\"url\":\"https:\\\/\\\/fsc-ccf.ca\\\/fr\\\/\",\"name\":\"Future Skills Centre \u2022 Centre des Comp\u00e9tences futures\",\"description\":\"\",\"publisher\":{\"@id\":\"https:\\\/\\\/fsc-ccf.ca\\\/fr\\\/#organization\"},\"potentialAction\":[{\"@type\":\"SearchAction\",\"target\":{\"@type\":\"EntryPoint\",\"urlTemplate\":\"https:\\\/\\\/fsc-ccf.ca\\\/fr\\\/?s={search_term_string}\"},\"query-input\":{\"@type\":\"PropertyValueSpecification\",\"valueRequired\":true,\"valueName\":\"search_term_string\"}}],\"inLanguage\":\"fr-FR\"},{\"@type\":\"Organization\",\"@id\":\"https:\\\/\\\/fsc-ccf.ca\\\/fr\\\/#organization\",\"name\":\"Future Skills Centre \u2022 Centre des Comp\u00e9tences futures\",\"url\":\"https:\\\/\\\/fsc-ccf.ca\\\/fr\\\/\",\"logo\":{\"@type\":\"ImageObject\",\"inLanguage\":\"fr-FR\",\"@id\":\"https:\\\/\\\/fsc-ccf.ca\\\/fr\\\/#\\\/schema\\\/logo\\\/image\\\/\",\"url\":\"https:\\\/\\\/fsc-ccf.ca\\\/wp-content\\\/uploads\\\/2019\\\/08\\\/FSC_logo_colour_rgb_positive_ENG.png\",\"contentUrl\":\"https:\\\/\\\/fsc-ccf.ca\\\/wp-content\\\/uploads\\\/2019\\\/08\\\/FSC_logo_colour_rgb_positive_ENG.png\",\"width\":618,\"height\":528,\"caption\":\"Future Skills Centre \u2022 Centre des Comp\u00e9tences futures\"},\"image\":{\"@id\":\"https:\\\/\\\/fsc-ccf.ca\\\/fr\\\/#\\\/schema\\\/logo\\\/image\\\/\"},\"sameAs\":[\"https:\\\/\\\/www.facebook.com\\\/2161871137193201\\\/\",\"https:\\\/\\\/x.com\\\/fsc_ccf_en\",\"https:\\\/\\\/www.instagram.com\\\/fsc_ccf\\\/\",\"https:\\\/\\\/www.linkedin.com\\\/company\\\/fsc-ccf\\\/\"]}]}<\/script>\n<!-- \/ Yoast SEO plugin. -->","yoast_head_json":{"title":"Les comp\u00e9tences dans un monde postpand\u00e9mique - Future Skills Centre \u2022 Centre des Comp\u00e9tences futures","description":"L\u2019avenir du travail demeure un important domaine d\u2019int\u00e9r\u00eat pour le Centre des comp\u00e9tences futures et comme pour nos partenaires au Forum des politiques publiques et le Diversity Institute.","robots":{"index":"index","follow":"follow","max-snippet":"max-snippet:-1","max-image-preview":"max-image-preview:large","max-video-preview":"max-video-preview:-1"},"canonical":"https:\/\/fsc-ccf.ca\/fr\/recherche\/les-competences-dans-un-monde-postpandemique\/","twitter_misc":{"Est. reading time":"2 minutes"},"schema":{"@context":"https:\/\/schema.org","@graph":[{"@type":"WebPage","@id":"https:\/\/fsc-ccf.ca\/fr\/recherche\/les-competences-dans-un-monde-postpandemique\/","url":"https:\/\/fsc-ccf.ca\/fr\/recherche\/les-competences-dans-un-monde-postpandemique\/","name":"Les comp\u00e9tences dans un monde postpand\u00e9mique - Future Skills Centre \u2022 Centre des Comp\u00e9tences futures","isPartOf":{"@id":"https:\/\/fsc-ccf.ca\/fr\/#website"},"datePublished":"2021-04-15T17:32:26+00:00","dateModified":"2021-06-17T19:07:06+00:00","description":"L\u2019avenir du travail demeure un important domaine d\u2019int\u00e9r\u00eat pour le Centre des comp\u00e9tences futures et comme pour nos partenaires au Forum des politiques publiques et le Diversity Institute.","breadcrumb":{"@id":"https:\/\/fsc-ccf.ca\/fr\/recherche\/les-competences-dans-un-monde-postpandemique\/#breadcrumb"},"inLanguage":"fr-FR","potentialAction":[{"@type":"ReadAction","target":["https:\/\/fsc-ccf.ca\/fr\/recherche\/les-competences-dans-un-monde-postpandemique\/"]}]},{"@type":"BreadcrumbList","@id":"https:\/\/fsc-ccf.ca\/fr\/recherche\/les-competences-dans-un-monde-postpandemique\/#breadcrumb","itemListElement":[{"@type":"ListItem","position":1,"name":"Home","item":"https:\/\/fsc-ccf.ca\/fr\/"},{"@type":"ListItem","position":2,"name":"Recherche","item":"https:\/\/fsc-ccf.ca\/fr\/recherche\/"},{"@type":"ListItem","position":3,"name":"Les comp\u00e9tences dans un monde postpand\u00e9mique"}]},{"@type":"WebSite","@id":"https:\/\/fsc-ccf.ca\/fr\/#website","url":"https:\/\/fsc-ccf.ca\/fr\/","name":"Future Skills Centre \u2022 Centre des Comp\u00e9tences futures","description":"","publisher":{"@id":"https:\/\/fsc-ccf.ca\/fr\/#organization"},"potentialAction":[{"@type":"SearchAction","target":{"@type":"EntryPoint","urlTemplate":"https:\/\/fsc-ccf.ca\/fr\/?s={search_term_string}"},"query-input":{"@type":"PropertyValueSpecification","valueRequired":true,"valueName":"search_term_string"}}],"inLanguage":"fr-FR"},{"@type":"Organization","@id":"https:\/\/fsc-ccf.ca\/fr\/#organization","name":"Future Skills Centre \u2022 Centre des Comp\u00e9tences futures","url":"https:\/\/fsc-ccf.ca\/fr\/","logo":{"@type":"ImageObject","inLanguage":"fr-FR","@id":"https:\/\/fsc-ccf.ca\/fr\/#\/schema\/logo\/image\/","url":"https:\/\/fsc-ccf.ca\/wp-content\/uploads\/2019\/08\/FSC_logo_colour_rgb_positive_ENG.png","contentUrl":"https:\/\/fsc-ccf.ca\/wp-content\/uploads\/2019\/08\/FSC_logo_colour_rgb_positive_ENG.png","width":618,"height":528,"caption":"Future Skills Centre \u2022 Centre des Comp\u00e9tences futures"},"image":{"@id":"https:\/\/fsc-ccf.ca\/fr\/#\/schema\/logo\/image\/"},"sameAs":["https:\/\/www.facebook.com\/2161871137193201\/","https:\/\/x.com\/fsc_ccf_en","https:\/\/www.instagram.com\/fsc_ccf\/","https:\/\/www.linkedin.com\/company\/fsc-ccf\/"]}]}},"_links":{"self":[{"href":"https:\/\/fsc-ccf.ca\/fr\/wp-json\/wp\/v2\/research\/175332","targetHints":{"allow":["GET"]}}],"collection":[{"href":"https:\/\/fsc-ccf.ca\/fr\/wp-json\/wp\/v2\/research"}],"about":[{"href":"https:\/\/fsc-ccf.ca\/fr\/wp-json\/wp\/v2\/types\/research"}],"version-history":[{"count":19,"href":"https:\/\/fsc-ccf.ca\/fr\/wp-json\/wp\/v2\/research\/175332\/revisions"}],"predecessor-version":[{"id":193893,"href":"https:\/\/fsc-ccf.ca\/fr\/wp-json\/wp\/v2\/research\/175332\/revisions\/193893"}],"wp:attachment":[{"href":"https:\/\/fsc-ccf.ca\/fr\/wp-json\/wp\/v2\/media?parent=175332"}],"wp:term":[{"taxonomy":"post_tag","embeddable":true,"href":"https:\/\/fsc-ccf.ca\/fr\/wp-json\/wp\/v2\/tags?post=175332"},{"taxonomy":"region","embeddable":true,"href":"https:\/\/fsc-ccf.ca\/fr\/wp-json\/wp\/v2\/region?post=175332"},{"taxonomy":"research_type","embeddable":true,"href":"https:\/\/fsc-ccf.ca\/fr\/wp-json\/wp\/v2\/research_type?post=175332"},{"taxonomy":"populations","embeddable":true,"href":"https:\/\/fsc-ccf.ca\/fr\/wp-json\/wp\/v2\/populations?post=175332"},{"taxonomy":"themes","embeddable":true,"href":"https:\/\/fsc-ccf.ca\/fr\/wp-json\/wp\/v2\/themes?post=175332"}],"curies":[{"name":"wp","href":"https:\/\/api.w.org\/{rel}","templated":true}]}}