			{"id":131295,"date":"2020-08-11T18:34:02","date_gmt":"2020-08-11T22:34:02","guid":{"rendered":"https:\/\/fsc-ccf.ca\/references\/the-underlying-causes-of-the-digital-gender-gap-and-possible-solutions-for-enhanced-digital-inclusion-of-women-and-girls-womens-rights-and-gender-equality-2\/"},"modified":"2020-08-11T18:34:02","modified_gmt":"2020-08-11T22:34:02","slug":"the-underlying-causes-of-the-digital-gender-gap-and-possible-solutions-for-enhanced-digital-inclusion-of-women-and-girls-womens-rights-and-gender-equality-2","status":"publish","type":"reference","link":"https:\/\/fsc-ccf.ca\/fr\/references\/the-underlying-causes-of-the-digital-gender-gap-and-possible-solutions-for-enhanced-digital-inclusion-of-women-and-girls-womens-rights-and-gender-equality-2\/","title":{"rendered":"The underlying causes of the digital gender gap and possible solutions for enhanced digital inclusion of women and girls: Women&#8217;s rights and gender equality"},"content":{"rendered":"<p>Cette \u00e9tude, command\u00e9e par le D\u00e9partement de la politique du Parlement europ\u00e9en pour les droits des citoyens et des affaires constitutionnelles \u00e0 la demande du Comit\u00e9 FEMM, tente de r\u00e9v\u00e9ler les liens entre les diff\u00e9rents facteurs (acc\u00e8s, comp\u00e9tences, socio-\u00e9conomique et culturel), qui emp\u00eachent les femmes de ayant un acc\u00e8s \u00e9gal \u00e0 la technologie num\u00e9rique. Il sugg\u00e8re alors fa\u00e7ons de traiter les in\u00e9galit\u00e9s en ligne et hors ligne \u00e0 l&#8217;effet de combler l&#8217;\u00e9cart num\u00e9rique entre les sexes et l&#8217;am\u00e9lioration des parcours professionnels li\u00e9s \u00e0 la technologie num\u00e9rique et l&#8217;inclusion futures des femmes et des filles. Traduit a\u0300 l'aide de Google Translate<\/p>\n","protected":false},"excerpt":{"rendered":"<p>Cette \u00e9tude, command\u00e9e par le D\u00e9partement de la politique du Parlement europ\u00e9en pour les droits des citoyens et des affaires constitutionnelles \u00e0 la demande du Comit\u00e9 FEMM, tente de r\u00e9v\u00e9ler les liens entre les diff\u00e9rents facteurs (acc\u00e8s, comp\u00e9tences, socio-\u00e9conomique et culturel), qui emp\u00eachent les femmes de ayant un acc\u00e8s \u00e9gal \u00e0 la technologie num\u00e9rique. Il sugg\u00e8re alors fa\u00e7ons de traiter les in\u00e9galit\u00e9s en ligne et hors ligne \u00e0 l&#8217;effet de combler l&#8217;\u00e9cart num\u00e9rique entre les sexes et l&#8217;am\u00e9lioration des parcours professionnels li\u00e9s \u00e0 la technologie num\u00e9rique et l&#8217;inclusion futures des femmes et des filles. [googletranslate_fr]<\/p>\n","protected":false},"template":"","reference-tag":[],"reference-type":[436],"class_list":["post-131295","reference","type-reference","status-publish","hentry","reference-type-white-paper"],"acf":{"citation":"Davaki, K. (2018). The underlying causes of the digital gender gap and possible solutions for enhanced digital inclusion of women and girls: Women's rights and gender equality. Brussels, Belgium: European Union. Retrieved from http:\/\/www.europarl.europa.eu\/thinktank\/en\/document.html?reference=IPOL_STU%282018%29604940.","authors":"Davaki, K.","org":"European Parliament","year":"2018","title_fr":null,"editors_hidden":"","publication":"","publication_fr":null,"volume":"","issue":"","Series":"","SeriesNumber":"","page_range":"","publisher_city":"Brussels","publisher_state":"Belgium","publisher":"European Union","abstract_en":null,"abstract_fr":null,"keywords":"","paywall":"0","doi":"","isbn":"9789284626465","url":"http:\/\/www.europarl.europa.eu\/thinktank\/en\/document.html?reference=IPOL_STU%282018%29604940","url_fr":null,"url_amazon":"","TRACK":"0"},"yoast_head":"<!-- This site is optimized with the Yoast SEO plugin v27.5 - https:\/\/yoast.com\/product\/yoast-seo-wordpress\/ -->\n<title>The underlying causes of the digital gender gap and possible solutions for enhanced digital inclusion of women and girls: Women&#039;s rights and gender equality - Future Skills Centre \u2022 Centre des Comp\u00e9tences futures<\/title>\n<meta name=\"robots\" content=\"index, follow, max-snippet:-1, max-image-preview:large, max-video-preview:-1\" \/>\n<link rel=\"canonical\" href=\"https:\/\/fsc-ccf.ca\/fr\/references\/the-underlying-causes-of-the-digital-gender-gap-and-possible-solutions-for-enhanced-digital-inclusion-of-women-and-girls-womens-rights-and-gender-equality-2\/\" \/>\n<meta name=\"twitter:label1\" content=\"Est. reading time\" \/>\n\t<meta name=\"twitter:data1\" content=\"1 minute\" \/>\n<script type=\"application\/ld+json\" class=\"yoast-schema-graph\">{\"@context\":\"https:\\\/\\\/schema.org\",\"@graph\":[{\"@type\":\"WebPage\",\"@id\":\"https:\\\/\\\/fsc-ccf.ca\\\/fr\\\/references\\\/the-underlying-causes-of-the-digital-gender-gap-and-possible-solutions-for-enhanced-digital-inclusion-of-women-and-girls-womens-rights-and-gender-equality-2\\\/\",\"url\":\"https:\\\/\\\/fsc-ccf.ca\\\/fr\\\/references\\\/the-underlying-causes-of-the-digital-gender-gap-and-possible-solutions-for-enhanced-digital-inclusion-of-women-and-girls-womens-rights-and-gender-equality-2\\\/\",\"name\":\"The underlying causes of the digital gender gap and possible solutions for enhanced digital inclusion of women and girls: Women's rights and gender equality - Future Skills Centre \u2022 Centre des Comp\u00e9tences futures\",\"isPartOf\":{\"@id\":\"https:\\\/\\\/fsc-ccf.ca\\\/fr\\\/#website\"},\"datePublished\":\"2020-08-11T22:34:02+00:00\",\"breadcrumb\":{\"@id\":\"https:\\\/\\\/fsc-ccf.ca\\\/fr\\\/references\\\/the-underlying-causes-of-the-digital-gender-gap-and-possible-solutions-for-enhanced-digital-inclusion-of-women-and-girls-womens-rights-and-gender-equality-2\\\/#breadcrumb\"},\"inLanguage\":\"fr-FR\",\"potentialAction\":[{\"@type\":\"ReadAction\",\"target\":[\"https:\\\/\\\/fsc-ccf.ca\\\/fr\\\/references\\\/the-underlying-causes-of-the-digital-gender-gap-and-possible-solutions-for-enhanced-digital-inclusion-of-women-and-girls-womens-rights-and-gender-equality-2\\\/\"]}]},{\"@type\":\"BreadcrumbList\",\"@id\":\"https:\\\/\\\/fsc-ccf.ca\\\/fr\\\/references\\\/the-underlying-causes-of-the-digital-gender-gap-and-possible-solutions-for-enhanced-digital-inclusion-of-women-and-girls-womens-rights-and-gender-equality-2\\\/#breadcrumb\",\"itemListElement\":[{\"@type\":\"ListItem\",\"position\":1,\"name\":\"Home\",\"item\":\"https:\\\/\\\/fsc-ccf.ca\\\/fr\\\/\"},{\"@type\":\"ListItem\",\"position\":2,\"name\":\"References\",\"item\":\"https:\\\/\\\/fsc-ccf.ca\\\/fr\\\/references\\\/\"},{\"@type\":\"ListItem\",\"position\":3,\"name\":\"The underlying causes of the digital gender gap and possible solutions for enhanced digital inclusion of women and girls: Women&#8217;s rights and gender equality\"}]},{\"@type\":\"WebSite\",\"@id\":\"https:\\\/\\\/fsc-ccf.ca\\\/fr\\\/#website\",\"url\":\"https:\\\/\\\/fsc-ccf.ca\\\/fr\\\/\",\"name\":\"Future Skills Centre \u2022 Centre des Comp\u00e9tences futures\",\"description\":\"\",\"publisher\":{\"@id\":\"https:\\\/\\\/fsc-ccf.ca\\\/fr\\\/#organization\"},\"potentialAction\":[{\"@type\":\"SearchAction\",\"target\":{\"@type\":\"EntryPoint\",\"urlTemplate\":\"https:\\\/\\\/fsc-ccf.ca\\\/fr\\\/?s={search_term_string}\"},\"query-input\":{\"@type\":\"PropertyValueSpecification\",\"valueRequired\":true,\"valueName\":\"search_term_string\"}}],\"inLanguage\":\"fr-FR\"},{\"@type\":\"Organization\",\"@id\":\"https:\\\/\\\/fsc-ccf.ca\\\/fr\\\/#organization\",\"name\":\"Future Skills Centre \u2022 Centre des Comp\u00e9tences futures\",\"url\":\"https:\\\/\\\/fsc-ccf.ca\\\/fr\\\/\",\"logo\":{\"@type\":\"ImageObject\",\"inLanguage\":\"fr-FR\",\"@id\":\"https:\\\/\\\/fsc-ccf.ca\\\/fr\\\/#\\\/schema\\\/logo\\\/image\\\/\",\"url\":\"https:\\\/\\\/fsc-ccf.ca\\\/wp-content\\\/uploads\\\/2019\\\/08\\\/FSC_logo_colour_rgb_positive_ENG.png\",\"contentUrl\":\"https:\\\/\\\/fsc-ccf.ca\\\/wp-content\\\/uploads\\\/2019\\\/08\\\/FSC_logo_colour_rgb_positive_ENG.png\",\"width\":618,\"height\":528,\"caption\":\"Future Skills Centre \u2022 Centre des Comp\u00e9tences futures\"},\"image\":{\"@id\":\"https:\\\/\\\/fsc-ccf.ca\\\/fr\\\/#\\\/schema\\\/logo\\\/image\\\/\"},\"sameAs\":[\"https:\\\/\\\/www.facebook.com\\\/2161871137193201\\\/\",\"https:\\\/\\\/x.com\\\/fsc_ccf_en\",\"https:\\\/\\\/www.instagram.com\\\/fsc_ccf\\\/\",\"https:\\\/\\\/www.linkedin.com\\\/company\\\/fsc-ccf\\\/\"]}]}<\/script>\n<!-- \/ Yoast SEO plugin. -->","yoast_head_json":{"title":"The underlying causes of the digital gender gap and possible solutions for enhanced digital inclusion of women and girls: Women's rights and gender equality - Future Skills Centre \u2022 Centre des Comp\u00e9tences futures","robots":{"index":"index","follow":"follow","max-snippet":"max-snippet:-1","max-image-preview":"max-image-preview:large","max-video-preview":"max-video-preview:-1"},"canonical":"https:\/\/fsc-ccf.ca\/fr\/references\/the-underlying-causes-of-the-digital-gender-gap-and-possible-solutions-for-enhanced-digital-inclusion-of-women-and-girls-womens-rights-and-gender-equality-2\/","twitter_misc":{"Est. reading time":"1 minute"},"schema":{"@context":"https:\/\/schema.org","@graph":[{"@type":"WebPage","@id":"https:\/\/fsc-ccf.ca\/fr\/references\/the-underlying-causes-of-the-digital-gender-gap-and-possible-solutions-for-enhanced-digital-inclusion-of-women-and-girls-womens-rights-and-gender-equality-2\/","url":"https:\/\/fsc-ccf.ca\/fr\/references\/the-underlying-causes-of-the-digital-gender-gap-and-possible-solutions-for-enhanced-digital-inclusion-of-women-and-girls-womens-rights-and-gender-equality-2\/","name":"The underlying causes of the digital gender gap and possible solutions for enhanced digital inclusion of women and girls: Women's rights and gender equality - Future Skills Centre \u2022 Centre des Comp\u00e9tences futures","isPartOf":{"@id":"https:\/\/fsc-ccf.ca\/fr\/#website"},"datePublished":"2020-08-11T22:34:02+00:00","breadcrumb":{"@id":"https:\/\/fsc-ccf.ca\/fr\/references\/the-underlying-causes-of-the-digital-gender-gap-and-possible-solutions-for-enhanced-digital-inclusion-of-women-and-girls-womens-rights-and-gender-equality-2\/#breadcrumb"},"inLanguage":"fr-FR","potentialAction":[{"@type":"ReadAction","target":["https:\/\/fsc-ccf.ca\/fr\/references\/the-underlying-causes-of-the-digital-gender-gap-and-possible-solutions-for-enhanced-digital-inclusion-of-women-and-girls-womens-rights-and-gender-equality-2\/"]}]},{"@type":"BreadcrumbList","@id":"https:\/\/fsc-ccf.ca\/fr\/references\/the-underlying-causes-of-the-digital-gender-gap-and-possible-solutions-for-enhanced-digital-inclusion-of-women-and-girls-womens-rights-and-gender-equality-2\/#breadcrumb","itemListElement":[{"@type":"ListItem","position":1,"name":"Home","item":"https:\/\/fsc-ccf.ca\/fr\/"},{"@type":"ListItem","position":2,"name":"References","item":"https:\/\/fsc-ccf.ca\/fr\/references\/"},{"@type":"ListItem","position":3,"name":"The underlying causes of the digital gender gap and possible solutions for enhanced digital inclusion of women and girls: Women&#8217;s rights and gender equality"}]},{"@type":"WebSite","@id":"https:\/\/fsc-ccf.ca\/fr\/#website","url":"https:\/\/fsc-ccf.ca\/fr\/","name":"Future Skills Centre \u2022 Centre des Comp\u00e9tences futures","description":"","publisher":{"@id":"https:\/\/fsc-ccf.ca\/fr\/#organization"},"potentialAction":[{"@type":"SearchAction","target":{"@type":"EntryPoint","urlTemplate":"https:\/\/fsc-ccf.ca\/fr\/?s={search_term_string}"},"query-input":{"@type":"PropertyValueSpecification","valueRequired":true,"valueName":"search_term_string"}}],"inLanguage":"fr-FR"},{"@type":"Organization","@id":"https:\/\/fsc-ccf.ca\/fr\/#organization","name":"Future Skills Centre \u2022 Centre des Comp\u00e9tences futures","url":"https:\/\/fsc-ccf.ca\/fr\/","logo":{"@type":"ImageObject","inLanguage":"fr-FR","@id":"https:\/\/fsc-ccf.ca\/fr\/#\/schema\/logo\/image\/","url":"https:\/\/fsc-ccf.ca\/wp-content\/uploads\/2019\/08\/FSC_logo_colour_rgb_positive_ENG.png","contentUrl":"https:\/\/fsc-ccf.ca\/wp-content\/uploads\/2019\/08\/FSC_logo_colour_rgb_positive_ENG.png","width":618,"height":528,"caption":"Future Skills Centre \u2022 Centre des Comp\u00e9tences futures"},"image":{"@id":"https:\/\/fsc-ccf.ca\/fr\/#\/schema\/logo\/image\/"},"sameAs":["https:\/\/www.facebook.com\/2161871137193201\/","https:\/\/x.com\/fsc_ccf_en","https:\/\/www.instagram.com\/fsc_ccf\/","https:\/\/www.linkedin.com\/company\/fsc-ccf\/"]}]}},"_links":{"self":[{"href":"https:\/\/fsc-ccf.ca\/fr\/wp-json\/wp\/v2\/reference\/131295","targetHints":{"allow":["GET"]}}],"collection":[{"href":"https:\/\/fsc-ccf.ca\/fr\/wp-json\/wp\/v2\/reference"}],"about":[{"href":"https:\/\/fsc-ccf.ca\/fr\/wp-json\/wp\/v2\/types\/reference"}],"version-history":[{"count":0,"href":"https:\/\/fsc-ccf.ca\/fr\/wp-json\/wp\/v2\/reference\/131295\/revisions"}],"wp:attachment":[{"href":"https:\/\/fsc-ccf.ca\/fr\/wp-json\/wp\/v2\/media?parent=131295"}],"wp:term":[{"taxonomy":"reference-tag","embeddable":true,"href":"https:\/\/fsc-ccf.ca\/fr\/wp-json\/wp\/v2\/reference-tag?post=131295"},{"taxonomy":"reference-type","embeddable":true,"href":"https:\/\/fsc-ccf.ca\/fr\/wp-json\/wp\/v2\/reference-type?post=131295"}],"curies":[{"name":"wp","href":"https:\/\/api.w.org\/{rel}","templated":true}]}}