			{"id":130045,"date":"2020-08-11T18:25:00","date_gmt":"2020-08-11T22:25:00","guid":{"rendered":"https:\/\/fsc-ccf.ca\/references\/time-for-action-skills-for-economic-growth-and-social-justice-2\/"},"modified":"2020-08-11T18:25:00","modified_gmt":"2020-08-11T22:25:00","slug":"time-for-action-skills-for-economic-growth-and-social-justice-2","status":"publish","type":"reference","link":"https:\/\/fsc-ccf.ca\/fr\/references\/time-for-action-skills-for-economic-growth-and-social-justice-2\/","title":{"rendered":"Time for action: Skills for economic growth and social justice"},"content":{"rendered":"<p>L&#8217;apprentissage et les comp\u00e9tences contribuent \u00e0 la croissance \u00e9conomique \u00e0 la fois directement, en am\u00e9liorant les comp\u00e9tences base disponibles pour les employeurs, et indirectement, en soutenant les cinq fondements de la productivit\u00e9 identifi\u00e9s par le gouvernement: les id\u00e9es, les gens, les infrastructures, l&#8217;environnement des affaires et des lieux. Tel est le cas pour tous les niveaux d&#8217;apprentissage de comp\u00e9tences de base au niveau du dipl\u00f4me universitaire &#8211; recherche clairement pr\u00e9sente les gains, l&#8217;emploi et les gains de productivit\u00e9 pour chaque niveau d&#8217;apprentissage. Comp\u00e9tences contribuent \u00e9galement \u00e0 la justice sociale, contribuant ainsi \u00e0 am\u00e9liorer la mobilit\u00e9 sociale (la mesure dans laquelle les chances dans la vie d&#8217;un individu font ou ne d\u00e9pendent pas de leur milieu familial) et de r\u00e9duire les in\u00e9galit\u00e9s (l&#8217;\u00e9cart entre les riches et les pauvres). L&#8217;acquisition de comp\u00e9tences de base permet d&#8217;acc\u00e9der \u00e0 des opportunit\u00e9s de personnes et d&#8217;\u00e9largir l&#8217;acc\u00e8s \u00e0 l&#8217;enseignement sup\u00e9rieur ouvre de nouvelles perspectives de carri\u00e8re. Cependant, la base de comp\u00e9tences du Royaume-Uni a longtemps \u00e9t\u00e9 inf\u00e9rieur \u00e0 celui des pays de comparaison, freinant la croissance \u00e9conomique et la justice sociale. Neuf millions de personnes en Angleterre manque d&#8217;alphab\u00e9tisation fonctionnelle et \/ ou calcul, et une proportion plus \u00e9lev\u00e9e de personnes ont des comp\u00e9tences faibles par rapport \u00e0 d&#8217;autres pays, en laissant le milieu de tableau au Royaume-Uni, au mieux dans les classements internationaux. Ceci est le r\u00e9sultat des compressions dans le financement public pour les comp\u00e9tences des adultes, aux c\u00f4t\u00e9s de la baisse des investissements des employeurs dans les comp\u00e9tences. Ce rapport montre que le Royaume-Uni est en voie de tomber plus loin en arri\u00e8re dans les tableaux de classements internationaux par 2030. Son profil de qualification est pr\u00e9vu pour am\u00e9liorer, mais cela ne peut toujours pas faire correspondre les autres taux des pays d&#8217;am\u00e9lioration. Le statu quo ne suffit pas bon et freinera la croissance \u00e9conomique et la justice sociale. Ce rapport analyse l&#8217;impact potentiel pour le Royaume-Uni d&#8217;une ambition plus bas\u00e9e sur: (1) L&#8217;augmentation de la proportion de personnes ayant l&#8217;alphab\u00e9tisation fonctionnelle et le calcul \u00e0 90% en 2030; (2) L&#8217;augmentation de la proportion des personnes ayant des qualifications moyennes avec davantage l&#8217;accent sur les qualifications de niveau 3. Cela signifierait d&#8217;ici 2030 20% et 30% des personnes ont le niveau 2 et 3 respectivement les qualifications; et (3) Le maintien du taux attendu de progr\u00e8s dans les qualifications \u00e9lev\u00e9es, de sorte que d&#8217;ici 2030, 43% des personnes ont des qualifications de niveau 4 ou sup\u00e9rieur. La r\u00e9alisation de ce sc\u00e9nario renforcerait l&#8217;\u00e9conomie britannique de 20 milliards de \u00a3 par an et soutenir 200.000 personnes suppl\u00e9mentaires dans le travail, ainsi que des \u00e9conomies importantes des contribuables. Il permettrait \u00e9galement d&#8217;am\u00e9liorer la justice sociale en \u00e9largissant l&#8217;occasion et faire en sorte que plus de gens ont les comp\u00e9tences fondamentales et des capacit\u00e9s de plus en plus n\u00e9cessaires \u00e0 l&#8217;int\u00e9gration \u00e9conomique et sociale, tout en apportant des avantages plus larges pour la sant\u00e9, le bien-\u00eatre et l&#8217;engagement civique. En fin de compte la prosp\u00e9rit\u00e9 future et de l&#8217;\u00e9quit\u00e9 du Royaume-Uni repose sur l&#8217;apprentissage de haute qualit\u00e9 et des comp\u00e9tences. Traduit a\u0300 l'aide de Google Translate<\/p>\n","protected":false},"excerpt":{"rendered":"<p>L&#8217;apprentissage et les comp\u00e9tences contribuent \u00e0 la croissance \u00e9conomique \u00e0 la fois directement, en am\u00e9liorant les comp\u00e9tences base disponibles pour les employeurs, et indirectement, en soutenant les cinq fondements de la productivit\u00e9 identifi\u00e9s par le gouvernement: les id\u00e9es, les gens, les infrastructures, l&#8217;environnement des affaires et des lieux. Tel est le cas pour tous les niveaux d&#8217;apprentissage de comp\u00e9tences de base au niveau du dipl\u00f4me universitaire &#8211; recherche clairement pr\u00e9sente les gains, l&#8217;emploi et les gains de productivit\u00e9 pour chaque niveau d&#8217;apprentissage. Comp\u00e9tences contribuent \u00e9galement \u00e0 la justice sociale, contribuant ainsi \u00e0 am\u00e9liorer la mobilit\u00e9 sociale (la mesure dans laquelle les chances dans la vie d&#8217;un individu font ou ne d\u00e9pendent pas de leur milieu familial) et de r\u00e9duire les in\u00e9galit\u00e9s (l&#8217;\u00e9cart entre les riches et les pauvres). L&#8217;acquisition de comp\u00e9tences de base permet d&#8217;acc\u00e9der \u00e0 des opportunit\u00e9s de personnes et d&#8217;\u00e9largir l&#8217;acc\u00e8s \u00e0 l&#8217;enseignement sup\u00e9rieur ouvre de nouvelles perspectives de carri\u00e8re. Cependant, la base de comp\u00e9tences du Royaume-Uni a longtemps \u00e9t\u00e9 inf\u00e9rieur \u00e0 celui des pays de comparaison, freinant la croissance \u00e9conomique et la justice sociale. Neuf millions de personnes en Angleterre manque d&#8217;alphab\u00e9tisation fonctionnelle et \/ ou calcul, et une proportion plus \u00e9lev\u00e9e de personnes ont des comp\u00e9tences faibles par rapport \u00e0 d&#8217;autres pays, en laissant le milieu de tableau au Royaume-Uni, au mieux dans les classements internationaux. Ceci est le r\u00e9sultat des compressions dans le financement public pour les comp\u00e9tences des adultes, aux c\u00f4t\u00e9s de la baisse des investissements des employeurs dans les comp\u00e9tences. Ce rapport montre que le Royaume-Uni est en voie de tomber plus loin en arri\u00e8re dans les tableaux de classements internationaux par 2030. Son profil de qualification est pr\u00e9vu pour am\u00e9liorer, mais cela ne peut toujours pas faire correspondre les autres taux des pays d&#8217;am\u00e9lioration. Le statu quo ne suffit pas bon et freinera la croissance \u00e9conomique et la justice sociale. Ce rapport analyse l&#8217;impact potentiel pour le Royaume-Uni d&#8217;une ambition plus bas\u00e9e sur: (1) L&#8217;augmentation de la proportion de personnes ayant l&#8217;alphab\u00e9tisation fonctionnelle et le calcul \u00e0 90% en 2030; (2) L&#8217;augmentation de la proportion des personnes ayant des qualifications moyennes avec davantage l&#8217;accent sur les qualifications de niveau 3. Cela signifierait d&#8217;ici 2030 20% et 30% des personnes ont le niveau 2 et 3 respectivement les qualifications; et (3) Le maintien du taux attendu de progr\u00e8s dans les qualifications \u00e9lev\u00e9es, de sorte que d&#8217;ici 2030, 43% des personnes ont des qualifications de niveau 4 ou sup\u00e9rieur. La r\u00e9alisation de ce sc\u00e9nario renforcerait l&#8217;\u00e9conomie britannique de 20 milliards de \u00a3 par an et soutenir 200.000 personnes suppl\u00e9mentaires dans le travail, ainsi que des \u00e9conomies importantes des contribuables. Il permettrait \u00e9galement d&#8217;am\u00e9liorer la justice sociale en \u00e9largissant l&#8217;occasion et faire en sorte que plus de gens ont les comp\u00e9tences fondamentales et des capacit\u00e9s de plus en plus n\u00e9cessaires \u00e0 l&#8217;int\u00e9gration \u00e9conomique et sociale, tout en apportant des avantages plus larges pour la sant\u00e9, le bien-\u00eatre et l&#8217;engagement civique. En fin de compte la prosp\u00e9rit\u00e9 future et de l&#8217;\u00e9quit\u00e9 du Royaume-Uni repose sur l&#8217;apprentissage de haute qualit\u00e9 et des comp\u00e9tences. [googletranslate_fr]<\/p>\n","protected":false},"template":"","reference-tag":[],"reference-type":[436],"class_list":["post-130045","reference","type-reference","status-publish","hentry","reference-type-white-paper"],"acf":{"citation":"Evans, S. and Egglestone, C. (2019). Time for action: Skills for economic growth and social justice. London, UK: . Retrieved from https:\/\/www.learningandwork.org.uk\/wp-content\/uploads\/2019\/03\/LW_timeforaction_skills-for-economic-growth-social-justice_WEB.pdf.","authors":"Evans, S. and Egglestone, C.","org":"Learning and Work Institute","year":"2019","title_fr":null,"editors_hidden":"","publication":"","publication_fr":null,"volume":"","issue":"","Series":"","SeriesNumber":"","page_range":"1-35","publisher_city":"London","publisher_state":"UK","publisher":"","abstract_en":null,"abstract_fr":null,"keywords":"Learning and Work Institute","paywall":"0","doi":"","isbn":"","url":"https:\/\/www.learningandwork.org.uk\/wp-content\/uploads\/2019\/03\/LW_timeforaction_skills-for-economic-growth-social-justice_WEB.pdf","url_fr":null,"url_amazon":"","TRACK":"0"},"yoast_head":"<!-- This site is optimized with the Yoast SEO plugin v27.4 - https:\/\/yoast.com\/product\/yoast-seo-wordpress\/ -->\n<title>Time for action: Skills for economic growth and social justice - Future Skills Centre \u2022 Centre des Comp\u00e9tences futures<\/title>\n<meta name=\"robots\" content=\"index, follow, max-snippet:-1, max-image-preview:large, max-video-preview:-1\" \/>\n<link rel=\"canonical\" href=\"https:\/\/fsc-ccf.ca\/fr\/references\/time-for-action-skills-for-economic-growth-and-social-justice-2\/\" \/>\n<meta name=\"twitter:label1\" content=\"Est. reading time\" \/>\n\t<meta name=\"twitter:data1\" content=\"3 minutes\" \/>\n<script type=\"application\/ld+json\" class=\"yoast-schema-graph\">{\"@context\":\"https:\\\/\\\/schema.org\",\"@graph\":[{\"@type\":\"WebPage\",\"@id\":\"https:\\\/\\\/fsc-ccf.ca\\\/fr\\\/references\\\/time-for-action-skills-for-economic-growth-and-social-justice-2\\\/\",\"url\":\"https:\\\/\\\/fsc-ccf.ca\\\/fr\\\/references\\\/time-for-action-skills-for-economic-growth-and-social-justice-2\\\/\",\"name\":\"Time for action: Skills for economic growth and social justice - Future Skills Centre \u2022 Centre des Comp\u00e9tences futures\",\"isPartOf\":{\"@id\":\"https:\\\/\\\/fsc-ccf.ca\\\/fr\\\/#website\"},\"datePublished\":\"2020-08-11T22:25:00+00:00\",\"breadcrumb\":{\"@id\":\"https:\\\/\\\/fsc-ccf.ca\\\/fr\\\/references\\\/time-for-action-skills-for-economic-growth-and-social-justice-2\\\/#breadcrumb\"},\"inLanguage\":\"fr-FR\",\"potentialAction\":[{\"@type\":\"ReadAction\",\"target\":[\"https:\\\/\\\/fsc-ccf.ca\\\/fr\\\/references\\\/time-for-action-skills-for-economic-growth-and-social-justice-2\\\/\"]}]},{\"@type\":\"BreadcrumbList\",\"@id\":\"https:\\\/\\\/fsc-ccf.ca\\\/fr\\\/references\\\/time-for-action-skills-for-economic-growth-and-social-justice-2\\\/#breadcrumb\",\"itemListElement\":[{\"@type\":\"ListItem\",\"position\":1,\"name\":\"Home\",\"item\":\"https:\\\/\\\/fsc-ccf.ca\\\/fr\\\/\"},{\"@type\":\"ListItem\",\"position\":2,\"name\":\"References\",\"item\":\"https:\\\/\\\/fsc-ccf.ca\\\/fr\\\/references\\\/\"},{\"@type\":\"ListItem\",\"position\":3,\"name\":\"Time for action: Skills for economic growth and social justice\"}]},{\"@type\":\"WebSite\",\"@id\":\"https:\\\/\\\/fsc-ccf.ca\\\/fr\\\/#website\",\"url\":\"https:\\\/\\\/fsc-ccf.ca\\\/fr\\\/\",\"name\":\"Future Skills Centre \u2022 Centre des Comp\u00e9tences futures\",\"description\":\"\",\"publisher\":{\"@id\":\"https:\\\/\\\/fsc-ccf.ca\\\/fr\\\/#organization\"},\"potentialAction\":[{\"@type\":\"SearchAction\",\"target\":{\"@type\":\"EntryPoint\",\"urlTemplate\":\"https:\\\/\\\/fsc-ccf.ca\\\/fr\\\/?s={search_term_string}\"},\"query-input\":{\"@type\":\"PropertyValueSpecification\",\"valueRequired\":true,\"valueName\":\"search_term_string\"}}],\"inLanguage\":\"fr-FR\"},{\"@type\":\"Organization\",\"@id\":\"https:\\\/\\\/fsc-ccf.ca\\\/fr\\\/#organization\",\"name\":\"Future Skills Centre \u2022 Centre des Comp\u00e9tences futures\",\"url\":\"https:\\\/\\\/fsc-ccf.ca\\\/fr\\\/\",\"logo\":{\"@type\":\"ImageObject\",\"inLanguage\":\"fr-FR\",\"@id\":\"https:\\\/\\\/fsc-ccf.ca\\\/fr\\\/#\\\/schema\\\/logo\\\/image\\\/\",\"url\":\"https:\\\/\\\/fsc-ccf.ca\\\/wp-content\\\/uploads\\\/2019\\\/08\\\/FSC_logo_colour_rgb_positive_ENG.png\",\"contentUrl\":\"https:\\\/\\\/fsc-ccf.ca\\\/wp-content\\\/uploads\\\/2019\\\/08\\\/FSC_logo_colour_rgb_positive_ENG.png\",\"width\":618,\"height\":528,\"caption\":\"Future Skills Centre \u2022 Centre des Comp\u00e9tences futures\"},\"image\":{\"@id\":\"https:\\\/\\\/fsc-ccf.ca\\\/fr\\\/#\\\/schema\\\/logo\\\/image\\\/\"},\"sameAs\":[\"https:\\\/\\\/www.facebook.com\\\/2161871137193201\\\/\",\"https:\\\/\\\/x.com\\\/fsc_ccf_en\",\"https:\\\/\\\/www.instagram.com\\\/fsc_ccf\\\/\",\"https:\\\/\\\/www.linkedin.com\\\/company\\\/fsc-ccf\\\/\"]}]}<\/script>\n<!-- \/ Yoast SEO plugin. -->","yoast_head_json":{"title":"Time for action: Skills for economic growth and social justice - Future Skills Centre \u2022 Centre des Comp\u00e9tences futures","robots":{"index":"index","follow":"follow","max-snippet":"max-snippet:-1","max-image-preview":"max-image-preview:large","max-video-preview":"max-video-preview:-1"},"canonical":"https:\/\/fsc-ccf.ca\/fr\/references\/time-for-action-skills-for-economic-growth-and-social-justice-2\/","twitter_misc":{"Est. reading time":"3 minutes"},"schema":{"@context":"https:\/\/schema.org","@graph":[{"@type":"WebPage","@id":"https:\/\/fsc-ccf.ca\/fr\/references\/time-for-action-skills-for-economic-growth-and-social-justice-2\/","url":"https:\/\/fsc-ccf.ca\/fr\/references\/time-for-action-skills-for-economic-growth-and-social-justice-2\/","name":"Time for action: Skills for economic growth and social justice - Future Skills Centre \u2022 Centre des Comp\u00e9tences futures","isPartOf":{"@id":"https:\/\/fsc-ccf.ca\/fr\/#website"},"datePublished":"2020-08-11T22:25:00+00:00","breadcrumb":{"@id":"https:\/\/fsc-ccf.ca\/fr\/references\/time-for-action-skills-for-economic-growth-and-social-justice-2\/#breadcrumb"},"inLanguage":"fr-FR","potentialAction":[{"@type":"ReadAction","target":["https:\/\/fsc-ccf.ca\/fr\/references\/time-for-action-skills-for-economic-growth-and-social-justice-2\/"]}]},{"@type":"BreadcrumbList","@id":"https:\/\/fsc-ccf.ca\/fr\/references\/time-for-action-skills-for-economic-growth-and-social-justice-2\/#breadcrumb","itemListElement":[{"@type":"ListItem","position":1,"name":"Home","item":"https:\/\/fsc-ccf.ca\/fr\/"},{"@type":"ListItem","position":2,"name":"References","item":"https:\/\/fsc-ccf.ca\/fr\/references\/"},{"@type":"ListItem","position":3,"name":"Time for action: Skills for economic growth and social justice"}]},{"@type":"WebSite","@id":"https:\/\/fsc-ccf.ca\/fr\/#website","url":"https:\/\/fsc-ccf.ca\/fr\/","name":"Future Skills Centre \u2022 Centre des Comp\u00e9tences futures","description":"","publisher":{"@id":"https:\/\/fsc-ccf.ca\/fr\/#organization"},"potentialAction":[{"@type":"SearchAction","target":{"@type":"EntryPoint","urlTemplate":"https:\/\/fsc-ccf.ca\/fr\/?s={search_term_string}"},"query-input":{"@type":"PropertyValueSpecification","valueRequired":true,"valueName":"search_term_string"}}],"inLanguage":"fr-FR"},{"@type":"Organization","@id":"https:\/\/fsc-ccf.ca\/fr\/#organization","name":"Future Skills Centre \u2022 Centre des Comp\u00e9tences futures","url":"https:\/\/fsc-ccf.ca\/fr\/","logo":{"@type":"ImageObject","inLanguage":"fr-FR","@id":"https:\/\/fsc-ccf.ca\/fr\/#\/schema\/logo\/image\/","url":"https:\/\/fsc-ccf.ca\/wp-content\/uploads\/2019\/08\/FSC_logo_colour_rgb_positive_ENG.png","contentUrl":"https:\/\/fsc-ccf.ca\/wp-content\/uploads\/2019\/08\/FSC_logo_colour_rgb_positive_ENG.png","width":618,"height":528,"caption":"Future Skills Centre \u2022 Centre des Comp\u00e9tences futures"},"image":{"@id":"https:\/\/fsc-ccf.ca\/fr\/#\/schema\/logo\/image\/"},"sameAs":["https:\/\/www.facebook.com\/2161871137193201\/","https:\/\/x.com\/fsc_ccf_en","https:\/\/www.instagram.com\/fsc_ccf\/","https:\/\/www.linkedin.com\/company\/fsc-ccf\/"]}]}},"_links":{"self":[{"href":"https:\/\/fsc-ccf.ca\/fr\/wp-json\/wp\/v2\/reference\/130045","targetHints":{"allow":["GET"]}}],"collection":[{"href":"https:\/\/fsc-ccf.ca\/fr\/wp-json\/wp\/v2\/reference"}],"about":[{"href":"https:\/\/fsc-ccf.ca\/fr\/wp-json\/wp\/v2\/types\/reference"}],"version-history":[{"count":0,"href":"https:\/\/fsc-ccf.ca\/fr\/wp-json\/wp\/v2\/reference\/130045\/revisions"}],"wp:attachment":[{"href":"https:\/\/fsc-ccf.ca\/fr\/wp-json\/wp\/v2\/media?parent=130045"}],"wp:term":[{"taxonomy":"reference-tag","embeddable":true,"href":"https:\/\/fsc-ccf.ca\/fr\/wp-json\/wp\/v2\/reference-tag?post=130045"},{"taxonomy":"reference-type","embeddable":true,"href":"https:\/\/fsc-ccf.ca\/fr\/wp-json\/wp\/v2\/reference-type?post=130045"}],"curies":[{"name":"wp","href":"https:\/\/api.w.org\/{rel}","templated":true}]}}