			{"id":129725,"date":"2020-08-11T18:22:42","date_gmt":"2020-08-11T22:22:42","guid":{"rendered":"https:\/\/fsc-ccf.ca\/references\/entrepreneurship-and-self-employment-by-people-with-disabilities-2\/"},"modified":"2020-08-11T18:22:42","modified_gmt":"2020-08-11T22:22:42","slug":"entrepreneurship-and-self-employment-by-people-with-disabilities-2","status":"publish","type":"reference","link":"https:\/\/fsc-ccf.ca\/fr\/references\/entrepreneurship-and-self-employment-by-people-with-disabilities-2\/","title":{"rendered":"Entrepreneurship and self-employment by people with disabilities"},"content":{"rendered":"<p>il objectif de ce document de r\u00e9f\u00e9rence est d&#8217;examiner la possibilit\u00e9 que l&#8217;esprit d&#8217;entreprise &#8211; d\u00e9fini comme un travail ind\u00e9pendant ou la propri\u00e9t\u00e9 des entreprises &#8211; offre une solution au d\u00e9triment du march\u00e9 du travail des personnes handicap\u00e9es et l&#8217;exclusion sociale. Plus pr\u00e9cis\u00e9ment, un certain nombre de questions sont abord\u00e9es: peut-\u00eatre l&#8217;esprit d&#8217;entreprise utilis\u00e9 pour d\u00e9placer les personnes handicap\u00e9es dans l&#8217;emploi? \u00c0 quelle fr\u00e9quence les personnes handicap\u00e9es et les entreprises commencent \u00e0 quels types d&#8217;entreprises commencent-ils? Quels obstacles les personnes handicap\u00e9es sont confront\u00e9es lors du d\u00e9marrage d&#8217;une entreprise? Sont ces obstacles diff\u00e9rents que ceux d&#8217;autres entrepreneurs? Faites diff\u00e9rents handicaps actuels diff\u00e9rents obstacles \u00e0 l&#8217;emploi ind\u00e9pendant ou la cr\u00e9ation d&#8217;entreprises (par exemple, les gens ayant un handicap physique sont confront\u00e9s \u00e0 diff\u00e9rents obstacles que les personnes handicap\u00e9es mentales)? Quels sont les principaux outils politiques disponibles pour aider les personnes handicap\u00e9es deviennent plus entreprenants? Comment les politiques actuelles am\u00e9liorer? L&#8217;examen se fonde sur les documents publi\u00e9s et les sources de donn\u00e9es provenant de plusieurs pays, bien que le travail de la langue anglaise est inclus. Les bases de donn\u00e9es disponibles gratuitement \u00e0 l&#8217;Universit\u00e9 de Kingston ont \u00e9t\u00e9 fouill\u00e9s en utilisant des termes tels que \u00ab l&#8217;esprit d&#8217;entreprise \u00bb, \u00ab petite entreprise \u00bb et \u00ab travail ind\u00e9pendant \u00bb, associ\u00e9e \u00e0 \u00ab handicap \u00bb et \u00ab d\u00e9ficience \u00bb, ont \u00e9t\u00e9 utilis\u00e9es pour identifier les sources possibles. Termes similaires ont \u00e9t\u00e9 utilis\u00e9s pour la recherche Google scholar et Internet de fa\u00e7on plus g\u00e9n\u00e9rale. Le rapport est structur\u00e9 comme suit; Tout d&#8217;abord, nous consid\u00e9rons le sens de \u00ab handicap \u00bb et, en particulier, mettre en \u00e9vidence la diversit\u00e9 des d\u00e9ficiences et des contextes sociaux, le terme se r\u00e9f\u00e8re \u00e0; D&#8217;autre part, les donn\u00e9es sont pr\u00e9sent\u00e9es sur les taux d&#8217;auto-emploi chez les personnes handicap\u00e9es, les types de personnes handicap\u00e9es qui cr\u00e9ent de nouvelles entreprises et les types d&#8217;entreprises, ils mis en place; Troisi\u00e8mement, la recherche sur les obstacles \u00e0 l&#8217;entrepreneuriat par les personnes handicap\u00e9es est pass\u00e9e en revue; quatri\u00e8me, les objectifs et les instruments politiques pour encourager et soutenir l&#8217;entrepreneuriat chez les personnes handicap\u00e9es sont discut\u00e9es. Des exemples sp\u00e9cifiques d&#8217;initiatives politiques destin\u00e9es \u00e0 aider les personnes handicap\u00e9es dans ou \u00e0 l&#8217;entrepreneuriat sont pr\u00e9sent\u00e9s. Traduit a\u0300 l'aide de Google Translate<\/p>\n","protected":false},"excerpt":{"rendered":"<p>il objectif de ce document de r\u00e9f\u00e9rence est d&#8217;examiner la possibilit\u00e9 que l&#8217;esprit d&#8217;entreprise &#8211; d\u00e9fini comme un travail ind\u00e9pendant ou la propri\u00e9t\u00e9 des entreprises &#8211; offre une solution au d\u00e9triment du march\u00e9 du travail des personnes handicap\u00e9es et l&#8217;exclusion sociale. Plus pr\u00e9cis\u00e9ment, un certain nombre de questions sont abord\u00e9es: peut-\u00eatre l&#8217;esprit d&#8217;entreprise utilis\u00e9 pour d\u00e9placer les personnes handicap\u00e9es dans l&#8217;emploi? \u00c0 quelle fr\u00e9quence les personnes handicap\u00e9es et les entreprises commencent \u00e0 quels types d&#8217;entreprises commencent-ils? Quels obstacles les personnes handicap\u00e9es sont confront\u00e9es lors du d\u00e9marrage d&#8217;une entreprise? Sont ces obstacles diff\u00e9rents que ceux d&#8217;autres entrepreneurs? Faites diff\u00e9rents handicaps actuels diff\u00e9rents obstacles \u00e0 l&#8217;emploi ind\u00e9pendant ou la cr\u00e9ation d&#8217;entreprises (par exemple, les gens ayant un handicap physique sont confront\u00e9s \u00e0 diff\u00e9rents obstacles que les personnes handicap\u00e9es mentales)? Quels sont les principaux outils politiques disponibles pour aider les personnes handicap\u00e9es deviennent plus entreprenants? Comment les politiques actuelles am\u00e9liorer? L&#8217;examen se fonde sur les documents publi\u00e9s et les sources de donn\u00e9es provenant de plusieurs pays, bien que le travail de la langue anglaise est inclus. Les bases de donn\u00e9es disponibles gratuitement \u00e0 l&#8217;Universit\u00e9 de Kingston ont \u00e9t\u00e9 fouill\u00e9s en utilisant des termes tels que \u00ab l&#8217;esprit d&#8217;entreprise \u00bb, \u00ab petite entreprise \u00bb et \u00ab travail ind\u00e9pendant \u00bb, associ\u00e9e \u00e0 \u00ab handicap \u00bb et \u00ab d\u00e9ficience \u00bb, ont \u00e9t\u00e9 utilis\u00e9es pour identifier les sources possibles. Termes similaires ont \u00e9t\u00e9 utilis\u00e9s pour la recherche Google scholar et Internet de fa\u00e7on plus g\u00e9n\u00e9rale. Le rapport est structur\u00e9 comme suit; Tout d&#8217;abord, nous consid\u00e9rons le sens de \u00ab handicap \u00bb et, en particulier, mettre en \u00e9vidence la diversit\u00e9 des d\u00e9ficiences et des contextes sociaux, le terme se r\u00e9f\u00e8re \u00e0; D&#8217;autre part, les donn\u00e9es sont pr\u00e9sent\u00e9es sur les taux d&#8217;auto-emploi chez les personnes handicap\u00e9es, les types de personnes handicap\u00e9es qui cr\u00e9ent de nouvelles entreprises et les types d&#8217;entreprises, ils mis en place; Troisi\u00e8mement, la recherche sur les obstacles \u00e0 l&#8217;entrepreneuriat par les personnes handicap\u00e9es est pass\u00e9e en revue; quatri\u00e8me, les objectifs et les instruments politiques pour encourager et soutenir l&#8217;entrepreneuriat chez les personnes handicap\u00e9es sont discut\u00e9es. Des exemples sp\u00e9cifiques d&#8217;initiatives politiques destin\u00e9es \u00e0 aider les personnes handicap\u00e9es dans ou \u00e0 l&#8217;entrepreneuriat sont pr\u00e9sent\u00e9s. [googletranslate_fr]<\/p>\n","protected":false},"template":"","reference-tag":[],"reference-type":[436],"class_list":["post-129725","reference","type-reference","status-publish","hentry","reference-type-white-paper"],"acf":{"citation":"Kitching, J. (2014). Entrepreneurship and self-employment by people with disabilities. Paris, France: . Retrieved from https:\/\/www.oecd.org\/cfe\/leed\/background-report-people-disabilities.pdf.","authors":"Kitching, J.","org":"Organisation for Economic Co-operation and Development (OECD)","year":"2014","title_fr":null,"editors_hidden":"","publication":"","publication_fr":null,"volume":"","issue":"","Series":"","SeriesNumber":"","page_range":"1\u201327","publisher_city":"Paris","publisher_state":"France","publisher":"","abstract_en":null,"abstract_fr":null,"keywords":"","paywall":"0","doi":"","isbn":"","url":"https:\/\/www.oecd.org\/cfe\/leed\/background-report-people-disabilities.pdf","url_fr":null,"url_amazon":"","TRACK":"0"},"yoast_head":"<!-- This site is optimized with the Yoast SEO plugin v27.4 - https:\/\/yoast.com\/product\/yoast-seo-wordpress\/ -->\n<title>Entrepreneurship and self-employment by people with disabilities - Future Skills Centre \u2022 Centre des Comp\u00e9tences futures<\/title>\n<meta name=\"robots\" content=\"index, follow, max-snippet:-1, max-image-preview:large, max-video-preview:-1\" \/>\n<link rel=\"canonical\" href=\"https:\/\/fsc-ccf.ca\/fr\/references\/entrepreneurship-and-self-employment-by-people-with-disabilities-2\/\" \/>\n<meta name=\"twitter:label1\" content=\"Est. reading time\" \/>\n\t<meta name=\"twitter:data1\" content=\"2 minutes\" \/>\n<script type=\"application\/ld+json\" class=\"yoast-schema-graph\">{\"@context\":\"https:\\\/\\\/schema.org\",\"@graph\":[{\"@type\":\"WebPage\",\"@id\":\"https:\\\/\\\/fsc-ccf.ca\\\/fr\\\/references\\\/entrepreneurship-and-self-employment-by-people-with-disabilities-2\\\/\",\"url\":\"https:\\\/\\\/fsc-ccf.ca\\\/fr\\\/references\\\/entrepreneurship-and-self-employment-by-people-with-disabilities-2\\\/\",\"name\":\"Entrepreneurship and self-employment by people with disabilities - Future Skills Centre \u2022 Centre des Comp\u00e9tences futures\",\"isPartOf\":{\"@id\":\"https:\\\/\\\/fsc-ccf.ca\\\/fr\\\/#website\"},\"datePublished\":\"2020-08-11T22:22:42+00:00\",\"breadcrumb\":{\"@id\":\"https:\\\/\\\/fsc-ccf.ca\\\/fr\\\/references\\\/entrepreneurship-and-self-employment-by-people-with-disabilities-2\\\/#breadcrumb\"},\"inLanguage\":\"fr-FR\",\"potentialAction\":[{\"@type\":\"ReadAction\",\"target\":[\"https:\\\/\\\/fsc-ccf.ca\\\/fr\\\/references\\\/entrepreneurship-and-self-employment-by-people-with-disabilities-2\\\/\"]}]},{\"@type\":\"BreadcrumbList\",\"@id\":\"https:\\\/\\\/fsc-ccf.ca\\\/fr\\\/references\\\/entrepreneurship-and-self-employment-by-people-with-disabilities-2\\\/#breadcrumb\",\"itemListElement\":[{\"@type\":\"ListItem\",\"position\":1,\"name\":\"Home\",\"item\":\"https:\\\/\\\/fsc-ccf.ca\\\/fr\\\/\"},{\"@type\":\"ListItem\",\"position\":2,\"name\":\"References\",\"item\":\"https:\\\/\\\/fsc-ccf.ca\\\/fr\\\/references\\\/\"},{\"@type\":\"ListItem\",\"position\":3,\"name\":\"Entrepreneurship and self-employment by people with disabilities\"}]},{\"@type\":\"WebSite\",\"@id\":\"https:\\\/\\\/fsc-ccf.ca\\\/fr\\\/#website\",\"url\":\"https:\\\/\\\/fsc-ccf.ca\\\/fr\\\/\",\"name\":\"Future Skills Centre \u2022 Centre des Comp\u00e9tences futures\",\"description\":\"\",\"publisher\":{\"@id\":\"https:\\\/\\\/fsc-ccf.ca\\\/fr\\\/#organization\"},\"potentialAction\":[{\"@type\":\"SearchAction\",\"target\":{\"@type\":\"EntryPoint\",\"urlTemplate\":\"https:\\\/\\\/fsc-ccf.ca\\\/fr\\\/?s={search_term_string}\"},\"query-input\":{\"@type\":\"PropertyValueSpecification\",\"valueRequired\":true,\"valueName\":\"search_term_string\"}}],\"inLanguage\":\"fr-FR\"},{\"@type\":\"Organization\",\"@id\":\"https:\\\/\\\/fsc-ccf.ca\\\/fr\\\/#organization\",\"name\":\"Future Skills Centre \u2022 Centre des Comp\u00e9tences futures\",\"url\":\"https:\\\/\\\/fsc-ccf.ca\\\/fr\\\/\",\"logo\":{\"@type\":\"ImageObject\",\"inLanguage\":\"fr-FR\",\"@id\":\"https:\\\/\\\/fsc-ccf.ca\\\/fr\\\/#\\\/schema\\\/logo\\\/image\\\/\",\"url\":\"https:\\\/\\\/fsc-ccf.ca\\\/wp-content\\\/uploads\\\/2019\\\/08\\\/FSC_logo_colour_rgb_positive_ENG.png\",\"contentUrl\":\"https:\\\/\\\/fsc-ccf.ca\\\/wp-content\\\/uploads\\\/2019\\\/08\\\/FSC_logo_colour_rgb_positive_ENG.png\",\"width\":618,\"height\":528,\"caption\":\"Future Skills Centre \u2022 Centre des Comp\u00e9tences futures\"},\"image\":{\"@id\":\"https:\\\/\\\/fsc-ccf.ca\\\/fr\\\/#\\\/schema\\\/logo\\\/image\\\/\"},\"sameAs\":[\"https:\\\/\\\/www.facebook.com\\\/2161871137193201\\\/\",\"https:\\\/\\\/x.com\\\/fsc_ccf_en\",\"https:\\\/\\\/www.instagram.com\\\/fsc_ccf\\\/\",\"https:\\\/\\\/www.linkedin.com\\\/company\\\/fsc-ccf\\\/\"]}]}<\/script>\n<!-- \/ Yoast SEO plugin. -->","yoast_head_json":{"title":"Entrepreneurship and self-employment by people with disabilities - Future Skills Centre \u2022 Centre des Comp\u00e9tences futures","robots":{"index":"index","follow":"follow","max-snippet":"max-snippet:-1","max-image-preview":"max-image-preview:large","max-video-preview":"max-video-preview:-1"},"canonical":"https:\/\/fsc-ccf.ca\/fr\/references\/entrepreneurship-and-self-employment-by-people-with-disabilities-2\/","twitter_misc":{"Est. reading time":"2 minutes"},"schema":{"@context":"https:\/\/schema.org","@graph":[{"@type":"WebPage","@id":"https:\/\/fsc-ccf.ca\/fr\/references\/entrepreneurship-and-self-employment-by-people-with-disabilities-2\/","url":"https:\/\/fsc-ccf.ca\/fr\/references\/entrepreneurship-and-self-employment-by-people-with-disabilities-2\/","name":"Entrepreneurship and self-employment by people with disabilities - Future Skills Centre \u2022 Centre des Comp\u00e9tences futures","isPartOf":{"@id":"https:\/\/fsc-ccf.ca\/fr\/#website"},"datePublished":"2020-08-11T22:22:42+00:00","breadcrumb":{"@id":"https:\/\/fsc-ccf.ca\/fr\/references\/entrepreneurship-and-self-employment-by-people-with-disabilities-2\/#breadcrumb"},"inLanguage":"fr-FR","potentialAction":[{"@type":"ReadAction","target":["https:\/\/fsc-ccf.ca\/fr\/references\/entrepreneurship-and-self-employment-by-people-with-disabilities-2\/"]}]},{"@type":"BreadcrumbList","@id":"https:\/\/fsc-ccf.ca\/fr\/references\/entrepreneurship-and-self-employment-by-people-with-disabilities-2\/#breadcrumb","itemListElement":[{"@type":"ListItem","position":1,"name":"Home","item":"https:\/\/fsc-ccf.ca\/fr\/"},{"@type":"ListItem","position":2,"name":"References","item":"https:\/\/fsc-ccf.ca\/fr\/references\/"},{"@type":"ListItem","position":3,"name":"Entrepreneurship and self-employment by people with disabilities"}]},{"@type":"WebSite","@id":"https:\/\/fsc-ccf.ca\/fr\/#website","url":"https:\/\/fsc-ccf.ca\/fr\/","name":"Future Skills Centre \u2022 Centre des Comp\u00e9tences futures","description":"","publisher":{"@id":"https:\/\/fsc-ccf.ca\/fr\/#organization"},"potentialAction":[{"@type":"SearchAction","target":{"@type":"EntryPoint","urlTemplate":"https:\/\/fsc-ccf.ca\/fr\/?s={search_term_string}"},"query-input":{"@type":"PropertyValueSpecification","valueRequired":true,"valueName":"search_term_string"}}],"inLanguage":"fr-FR"},{"@type":"Organization","@id":"https:\/\/fsc-ccf.ca\/fr\/#organization","name":"Future Skills Centre \u2022 Centre des Comp\u00e9tences futures","url":"https:\/\/fsc-ccf.ca\/fr\/","logo":{"@type":"ImageObject","inLanguage":"fr-FR","@id":"https:\/\/fsc-ccf.ca\/fr\/#\/schema\/logo\/image\/","url":"https:\/\/fsc-ccf.ca\/wp-content\/uploads\/2019\/08\/FSC_logo_colour_rgb_positive_ENG.png","contentUrl":"https:\/\/fsc-ccf.ca\/wp-content\/uploads\/2019\/08\/FSC_logo_colour_rgb_positive_ENG.png","width":618,"height":528,"caption":"Future Skills Centre \u2022 Centre des Comp\u00e9tences futures"},"image":{"@id":"https:\/\/fsc-ccf.ca\/fr\/#\/schema\/logo\/image\/"},"sameAs":["https:\/\/www.facebook.com\/2161871137193201\/","https:\/\/x.com\/fsc_ccf_en","https:\/\/www.instagram.com\/fsc_ccf\/","https:\/\/www.linkedin.com\/company\/fsc-ccf\/"]}]}},"_links":{"self":[{"href":"https:\/\/fsc-ccf.ca\/fr\/wp-json\/wp\/v2\/reference\/129725","targetHints":{"allow":["GET"]}}],"collection":[{"href":"https:\/\/fsc-ccf.ca\/fr\/wp-json\/wp\/v2\/reference"}],"about":[{"href":"https:\/\/fsc-ccf.ca\/fr\/wp-json\/wp\/v2\/types\/reference"}],"version-history":[{"count":0,"href":"https:\/\/fsc-ccf.ca\/fr\/wp-json\/wp\/v2\/reference\/129725\/revisions"}],"wp:attachment":[{"href":"https:\/\/fsc-ccf.ca\/fr\/wp-json\/wp\/v2\/media?parent=129725"}],"wp:term":[{"taxonomy":"reference-tag","embeddable":true,"href":"https:\/\/fsc-ccf.ca\/fr\/wp-json\/wp\/v2\/reference-tag?post=129725"},{"taxonomy":"reference-type","embeddable":true,"href":"https:\/\/fsc-ccf.ca\/fr\/wp-json\/wp\/v2\/reference-type?post=129725"}],"curies":[{"name":"wp","href":"https:\/\/api.w.org\/{rel}","templated":true}]}}