			{"id":129650,"date":"2020-08-11T18:22:11","date_gmt":"2020-08-11T22:22:11","guid":{"rendered":"https:\/\/fsc-ccf.ca\/references\/measuring-critical-thinking-skills-of-postsecondary-students-2\/"},"modified":"2020-08-11T18:22:11","modified_gmt":"2020-08-11T22:22:11","slug":"measuring-critical-thinking-skills-of-postsecondary-students-2","status":"publish","type":"reference","link":"https:\/\/fsc-ccf.ca\/fr\/references\/measuring-critical-thinking-skills-of-postsecondary-students-2\/","title":{"rendered":"Measuring critical-thinking skills of postsecondary students"},"content":{"rendered":"<p>Les comp\u00e9tences &#8211; ou comp\u00e9tences &#8211; que les individus d\u00e9veloppent jouent un r\u00f4le fondamental dans la d\u00e9termination de leurs possibilit\u00e9s du march\u00e9 du travail et plus g\u00e9n\u00e9ralement leurs chances dans la vie. Plus largement, le d\u00e9veloppement des comp\u00e9tences est essentiel \u00e0 la prosp\u00e9rit\u00e9 \u00e9conomique, le progr\u00e8s social et la qualit\u00e9 de vie au Canada. Bien que les comp\u00e9tences peuvent \u00eatre d\u00e9velopp\u00e9es tout au long de la vie d&#8217;un individu, le r\u00f4le de l&#8217;\u00e9ducation postsecondaire (de PSE) dans le d\u00e9veloppement de ces comp\u00e9tences est d&#8217;un grand int\u00e9r\u00eat pour les comp\u00e9tences des intervenants tels que les organismes gouvernementaux, les entreprises et les \u00e9tablissements d&#8217;enseignement postsecondaire. Les questions pertinentes sont les suivantes: Quelles comp\u00e9tences sont de valeur sur le march\u00e9 du travail et \u00e0 d&#8217;autres r\u00e9sultats de la vie? Laquelle de ces comp\u00e9tences peuvent \u00eatre d\u00e9velopp\u00e9es ou am\u00e9lior\u00e9es dans l&#8217;\u00e9ducation postsecondaire et comment? Dans ce contexte, le projet postsecondaire et la formation en milieu de travail (PAWS) a \u00e9t\u00e9 cr\u00e9\u00e9 comme un partenariat de collaboration entre un grand coll\u00e8ge de l&#8217;Ontario, une grande universit\u00e9 de l&#8217;Ontario, l&#8217;Initiative de recherche en politiques d&#8217;\u00e9ducation (EPRI) et le Conseil de la qualit\u00e9 de l&#8217;enseignement sup\u00e9rieur de l&#8217;Ontario (COQES), avec des fonds suppl\u00e9mentaires et le soutien de l&#8217;emploi et du d\u00e9veloppement social Canada (CESD). PAWS se concentre sur un ensemble particulier de comp\u00e9tences, \u00e0 savoir celles qui sont li\u00e9es \u00e0 la pens\u00e9e critique. Les objectifs du projet sont les suivants: 1. mesurer et comparer l&#8217;entr\u00e9e et ses \u00e9tudes de niveaux de la pens\u00e9e critique des \u00e9l\u00e8ves. 2. Identifier les relations entre les scores de pens\u00e9e critique et une gamme de caract\u00e9ristiques des \u00e9l\u00e8ves et du programme. 3. Identifier la valeur des comp\u00e9tences de pens\u00e9e critique sur le march\u00e9 du travail. Le pr\u00e9sent rapport porte sur les deux premi\u00e8res questions. La deuxi\u00e8me phase du projet impliquera concernant les niveaux de comp\u00e9tence de criticalthinking aux r\u00e9sultats sur le march\u00e9 du travail en liant les donn\u00e9es recueillies pour le projet aux donn\u00e9es fiscales d\u00e9tenues par Statistique Canada. Les r\u00e9sultats de la deuxi\u00e8me analyse seront pr\u00e9sent\u00e9s dans un rapport ult\u00e9rieur. Pour mesurer la pens\u00e9e critique, PAWS utilise l&#8217;\u00e9valuation de la pens\u00e9e critique renforcez &#8211; pour mesurer les comp\u00e9tences analytiques et synth\u00e9tiques des \u00e9tudiants coll\u00e9giaux et universitaires un test en ligne de 45 minutes d\u00e9velopp\u00e9 par l&#8217;Educational Testing Service (ETS). Au cours de l&#8217;ann\u00e9e scolaire 2016-2017, l&#8217;\u00e9valuation Renforcez a \u00e9t\u00e9 administr\u00e9 \u00e0 une s\u00e9lection d&#8217;\u00e9tudiants dans les classes qui entrent et obtiennent leur dipl\u00f4me dans chaque \u00e9tablissement. Traduit a\u0300 l'aide de Google Translate<\/p>\n","protected":false},"excerpt":{"rendered":"<p>Les comp\u00e9tences &#8211; ou comp\u00e9tences &#8211; que les individus d\u00e9veloppent jouent un r\u00f4le fondamental dans la d\u00e9termination de leurs possibilit\u00e9s du march\u00e9 du travail et plus g\u00e9n\u00e9ralement leurs chances dans la vie. Plus largement, le d\u00e9veloppement des comp\u00e9tences est essentiel \u00e0 la prosp\u00e9rit\u00e9 \u00e9conomique, le progr\u00e8s social et la qualit\u00e9 de vie au Canada. Bien que les comp\u00e9tences peuvent \u00eatre d\u00e9velopp\u00e9es tout au long de la vie d&#8217;un individu, le r\u00f4le de l&#8217;\u00e9ducation postsecondaire (de PSE) dans le d\u00e9veloppement de ces comp\u00e9tences est d&#8217;un grand int\u00e9r\u00eat pour les comp\u00e9tences des intervenants tels que les organismes gouvernementaux, les entreprises et les \u00e9tablissements d&#8217;enseignement postsecondaire. Les questions pertinentes sont les suivantes: Quelles comp\u00e9tences sont de valeur sur le march\u00e9 du travail et \u00e0 d&#8217;autres r\u00e9sultats de la vie? Laquelle de ces comp\u00e9tences peuvent \u00eatre d\u00e9velopp\u00e9es ou am\u00e9lior\u00e9es dans l&#8217;\u00e9ducation postsecondaire et comment? Dans ce contexte, le projet postsecondaire et la formation en milieu de travail (PAWS) a \u00e9t\u00e9 cr\u00e9\u00e9 comme un partenariat de collaboration entre un grand coll\u00e8ge de l&#8217;Ontario, une grande universit\u00e9 de l&#8217;Ontario, l&#8217;Initiative de recherche en politiques d&#8217;\u00e9ducation (EPRI) et le Conseil de la qualit\u00e9 de l&#8217;enseignement sup\u00e9rieur de l&#8217;Ontario (COQES), avec des fonds suppl\u00e9mentaires et le soutien de l&#8217;emploi et du d\u00e9veloppement social Canada (CESD). PAWS se concentre sur un ensemble particulier de comp\u00e9tences, \u00e0 savoir celles qui sont li\u00e9es \u00e0 la pens\u00e9e critique. Les objectifs du projet sont les suivants: 1. mesurer et comparer l&#8217;entr\u00e9e et ses \u00e9tudes de niveaux de la pens\u00e9e critique des \u00e9l\u00e8ves. 2. Identifier les relations entre les scores de pens\u00e9e critique et une gamme de caract\u00e9ristiques des \u00e9l\u00e8ves et du programme. 3. Identifier la valeur des comp\u00e9tences de pens\u00e9e critique sur le march\u00e9 du travail. Le pr\u00e9sent rapport porte sur les deux premi\u00e8res questions. La deuxi\u00e8me phase du projet impliquera concernant les niveaux de comp\u00e9tence de criticalthinking aux r\u00e9sultats sur le march\u00e9 du travail en liant les donn\u00e9es recueillies pour le projet aux donn\u00e9es fiscales d\u00e9tenues par Statistique Canada. Les r\u00e9sultats de la deuxi\u00e8me analyse seront pr\u00e9sent\u00e9s dans un rapport ult\u00e9rieur. Pour mesurer la pens\u00e9e critique, PAWS utilise l&#8217;\u00e9valuation de la pens\u00e9e critique renforcez &#8211; pour mesurer les comp\u00e9tences analytiques et synth\u00e9tiques des \u00e9tudiants coll\u00e9giaux et universitaires un test en ligne de 45 minutes d\u00e9velopp\u00e9 par l&#8217;Educational Testing Service (ETS). Au cours de l&#8217;ann\u00e9e scolaire 2016-2017, l&#8217;\u00e9valuation Renforcez a \u00e9t\u00e9 administr\u00e9 \u00e0 une s\u00e9lection d&#8217;\u00e9tudiants dans les classes qui entrent et obtiennent leur dipl\u00f4me dans chaque \u00e9tablissement. [googletranslate_fr]<\/p>\n","protected":false},"template":"","reference-tag":[],"reference-type":[436],"class_list":["post-129650","reference","type-reference","status-publish","hentry","reference-type-white-paper"],"acf":{"citation":"Finnie, R., Dubois, M., Pavlic, D., and Suleymanoglu, E. (2018). Measuring critical-thinking skills of postsecondary students. Toronto, ON: . Retrieved from http:\/\/www.heqco.ca\/SiteCollectionDocuments\/Formatted_PAWS_FINAL_FIX.pdf.","authors":"Finnie, R., Dubois, M., Pavlic, D., and Suleymanoglu, E.","org":"Higher Education Quality Council of Ontario (HEQCO)","year":"2018","title_fr":null,"editors_hidden":"","publication":"","publication_fr":null,"volume":"","issue":"","Series":"","SeriesNumber":"","page_range":"1\u201369","publisher_city":"Toronto","publisher_state":"ON","publisher":"","abstract_en":null,"abstract_fr":null,"keywords":"","paywall":"0","doi":"","isbn":"","url":"http:\/\/www.heqco.ca\/SiteCollectionDocuments\/Formatted_PAWS_FINAL_FIX.pdf","url_fr":null,"url_amazon":"","TRACK":"0"},"yoast_head":"<!-- This site is optimized with the Yoast SEO plugin v27.4 - https:\/\/yoast.com\/product\/yoast-seo-wordpress\/ -->\n<title>Measuring critical-thinking skills of postsecondary students - Future Skills Centre \u2022 Centre des Comp\u00e9tences futures<\/title>\n<meta name=\"robots\" content=\"index, follow, max-snippet:-1, max-image-preview:large, max-video-preview:-1\" \/>\n<link rel=\"canonical\" href=\"https:\/\/fsc-ccf.ca\/fr\/references\/measuring-critical-thinking-skills-of-postsecondary-students-2\/\" \/>\n<meta name=\"twitter:label1\" content=\"Est. reading time\" \/>\n\t<meta name=\"twitter:data1\" content=\"2 minutes\" \/>\n<script type=\"application\/ld+json\" class=\"yoast-schema-graph\">{\"@context\":\"https:\\\/\\\/schema.org\",\"@graph\":[{\"@type\":\"WebPage\",\"@id\":\"https:\\\/\\\/fsc-ccf.ca\\\/fr\\\/references\\\/measuring-critical-thinking-skills-of-postsecondary-students-2\\\/\",\"url\":\"https:\\\/\\\/fsc-ccf.ca\\\/fr\\\/references\\\/measuring-critical-thinking-skills-of-postsecondary-students-2\\\/\",\"name\":\"Measuring critical-thinking skills of postsecondary students - Future Skills Centre \u2022 Centre des Comp\u00e9tences futures\",\"isPartOf\":{\"@id\":\"https:\\\/\\\/fsc-ccf.ca\\\/fr\\\/#website\"},\"datePublished\":\"2020-08-11T22:22:11+00:00\",\"breadcrumb\":{\"@id\":\"https:\\\/\\\/fsc-ccf.ca\\\/fr\\\/references\\\/measuring-critical-thinking-skills-of-postsecondary-students-2\\\/#breadcrumb\"},\"inLanguage\":\"fr-FR\",\"potentialAction\":[{\"@type\":\"ReadAction\",\"target\":[\"https:\\\/\\\/fsc-ccf.ca\\\/fr\\\/references\\\/measuring-critical-thinking-skills-of-postsecondary-students-2\\\/\"]}]},{\"@type\":\"BreadcrumbList\",\"@id\":\"https:\\\/\\\/fsc-ccf.ca\\\/fr\\\/references\\\/measuring-critical-thinking-skills-of-postsecondary-students-2\\\/#breadcrumb\",\"itemListElement\":[{\"@type\":\"ListItem\",\"position\":1,\"name\":\"Home\",\"item\":\"https:\\\/\\\/fsc-ccf.ca\\\/fr\\\/\"},{\"@type\":\"ListItem\",\"position\":2,\"name\":\"References\",\"item\":\"https:\\\/\\\/fsc-ccf.ca\\\/fr\\\/references\\\/\"},{\"@type\":\"ListItem\",\"position\":3,\"name\":\"Measuring critical-thinking skills of postsecondary students\"}]},{\"@type\":\"WebSite\",\"@id\":\"https:\\\/\\\/fsc-ccf.ca\\\/fr\\\/#website\",\"url\":\"https:\\\/\\\/fsc-ccf.ca\\\/fr\\\/\",\"name\":\"Future Skills Centre \u2022 Centre des Comp\u00e9tences futures\",\"description\":\"\",\"publisher\":{\"@id\":\"https:\\\/\\\/fsc-ccf.ca\\\/fr\\\/#organization\"},\"potentialAction\":[{\"@type\":\"SearchAction\",\"target\":{\"@type\":\"EntryPoint\",\"urlTemplate\":\"https:\\\/\\\/fsc-ccf.ca\\\/fr\\\/?s={search_term_string}\"},\"query-input\":{\"@type\":\"PropertyValueSpecification\",\"valueRequired\":true,\"valueName\":\"search_term_string\"}}],\"inLanguage\":\"fr-FR\"},{\"@type\":\"Organization\",\"@id\":\"https:\\\/\\\/fsc-ccf.ca\\\/fr\\\/#organization\",\"name\":\"Future Skills Centre \u2022 Centre des Comp\u00e9tences futures\",\"url\":\"https:\\\/\\\/fsc-ccf.ca\\\/fr\\\/\",\"logo\":{\"@type\":\"ImageObject\",\"inLanguage\":\"fr-FR\",\"@id\":\"https:\\\/\\\/fsc-ccf.ca\\\/fr\\\/#\\\/schema\\\/logo\\\/image\\\/\",\"url\":\"https:\\\/\\\/fsc-ccf.ca\\\/wp-content\\\/uploads\\\/2019\\\/08\\\/FSC_logo_colour_rgb_positive_ENG.png\",\"contentUrl\":\"https:\\\/\\\/fsc-ccf.ca\\\/wp-content\\\/uploads\\\/2019\\\/08\\\/FSC_logo_colour_rgb_positive_ENG.png\",\"width\":618,\"height\":528,\"caption\":\"Future Skills Centre \u2022 Centre des Comp\u00e9tences futures\"},\"image\":{\"@id\":\"https:\\\/\\\/fsc-ccf.ca\\\/fr\\\/#\\\/schema\\\/logo\\\/image\\\/\"},\"sameAs\":[\"https:\\\/\\\/www.facebook.com\\\/2161871137193201\\\/\",\"https:\\\/\\\/x.com\\\/fsc_ccf_en\",\"https:\\\/\\\/www.instagram.com\\\/fsc_ccf\\\/\",\"https:\\\/\\\/www.linkedin.com\\\/company\\\/fsc-ccf\\\/\"]}]}<\/script>\n<!-- \/ Yoast SEO plugin. -->","yoast_head_json":{"title":"Measuring critical-thinking skills of postsecondary students - Future Skills Centre \u2022 Centre des Comp\u00e9tences futures","robots":{"index":"index","follow":"follow","max-snippet":"max-snippet:-1","max-image-preview":"max-image-preview:large","max-video-preview":"max-video-preview:-1"},"canonical":"https:\/\/fsc-ccf.ca\/fr\/references\/measuring-critical-thinking-skills-of-postsecondary-students-2\/","twitter_misc":{"Est. reading time":"2 minutes"},"schema":{"@context":"https:\/\/schema.org","@graph":[{"@type":"WebPage","@id":"https:\/\/fsc-ccf.ca\/fr\/references\/measuring-critical-thinking-skills-of-postsecondary-students-2\/","url":"https:\/\/fsc-ccf.ca\/fr\/references\/measuring-critical-thinking-skills-of-postsecondary-students-2\/","name":"Measuring critical-thinking skills of postsecondary students - Future Skills Centre \u2022 Centre des Comp\u00e9tences futures","isPartOf":{"@id":"https:\/\/fsc-ccf.ca\/fr\/#website"},"datePublished":"2020-08-11T22:22:11+00:00","breadcrumb":{"@id":"https:\/\/fsc-ccf.ca\/fr\/references\/measuring-critical-thinking-skills-of-postsecondary-students-2\/#breadcrumb"},"inLanguage":"fr-FR","potentialAction":[{"@type":"ReadAction","target":["https:\/\/fsc-ccf.ca\/fr\/references\/measuring-critical-thinking-skills-of-postsecondary-students-2\/"]}]},{"@type":"BreadcrumbList","@id":"https:\/\/fsc-ccf.ca\/fr\/references\/measuring-critical-thinking-skills-of-postsecondary-students-2\/#breadcrumb","itemListElement":[{"@type":"ListItem","position":1,"name":"Home","item":"https:\/\/fsc-ccf.ca\/fr\/"},{"@type":"ListItem","position":2,"name":"References","item":"https:\/\/fsc-ccf.ca\/fr\/references\/"},{"@type":"ListItem","position":3,"name":"Measuring critical-thinking skills of postsecondary students"}]},{"@type":"WebSite","@id":"https:\/\/fsc-ccf.ca\/fr\/#website","url":"https:\/\/fsc-ccf.ca\/fr\/","name":"Future Skills Centre \u2022 Centre des Comp\u00e9tences futures","description":"","publisher":{"@id":"https:\/\/fsc-ccf.ca\/fr\/#organization"},"potentialAction":[{"@type":"SearchAction","target":{"@type":"EntryPoint","urlTemplate":"https:\/\/fsc-ccf.ca\/fr\/?s={search_term_string}"},"query-input":{"@type":"PropertyValueSpecification","valueRequired":true,"valueName":"search_term_string"}}],"inLanguage":"fr-FR"},{"@type":"Organization","@id":"https:\/\/fsc-ccf.ca\/fr\/#organization","name":"Future Skills Centre \u2022 Centre des Comp\u00e9tences futures","url":"https:\/\/fsc-ccf.ca\/fr\/","logo":{"@type":"ImageObject","inLanguage":"fr-FR","@id":"https:\/\/fsc-ccf.ca\/fr\/#\/schema\/logo\/image\/","url":"https:\/\/fsc-ccf.ca\/wp-content\/uploads\/2019\/08\/FSC_logo_colour_rgb_positive_ENG.png","contentUrl":"https:\/\/fsc-ccf.ca\/wp-content\/uploads\/2019\/08\/FSC_logo_colour_rgb_positive_ENG.png","width":618,"height":528,"caption":"Future Skills Centre \u2022 Centre des Comp\u00e9tences futures"},"image":{"@id":"https:\/\/fsc-ccf.ca\/fr\/#\/schema\/logo\/image\/"},"sameAs":["https:\/\/www.facebook.com\/2161871137193201\/","https:\/\/x.com\/fsc_ccf_en","https:\/\/www.instagram.com\/fsc_ccf\/","https:\/\/www.linkedin.com\/company\/fsc-ccf\/"]}]}},"_links":{"self":[{"href":"https:\/\/fsc-ccf.ca\/fr\/wp-json\/wp\/v2\/reference\/129650","targetHints":{"allow":["GET"]}}],"collection":[{"href":"https:\/\/fsc-ccf.ca\/fr\/wp-json\/wp\/v2\/reference"}],"about":[{"href":"https:\/\/fsc-ccf.ca\/fr\/wp-json\/wp\/v2\/types\/reference"}],"version-history":[{"count":0,"href":"https:\/\/fsc-ccf.ca\/fr\/wp-json\/wp\/v2\/reference\/129650\/revisions"}],"wp:attachment":[{"href":"https:\/\/fsc-ccf.ca\/fr\/wp-json\/wp\/v2\/media?parent=129650"}],"wp:term":[{"taxonomy":"reference-tag","embeddable":true,"href":"https:\/\/fsc-ccf.ca\/fr\/wp-json\/wp\/v2\/reference-tag?post=129650"},{"taxonomy":"reference-type","embeddable":true,"href":"https:\/\/fsc-ccf.ca\/fr\/wp-json\/wp\/v2\/reference-type?post=129650"}],"curies":[{"name":"wp","href":"https:\/\/api.w.org\/{rel}","templated":true}]}}