			{"id":129642,"date":"2020-08-11T18:22:08","date_gmt":"2020-08-11T22:22:08","guid":{"rendered":"https:\/\/fsc-ccf.ca\/references\/the-smart-economy-reshaping-canadas-workforce-labour-market-outlook-2015-2019-3\/"},"modified":"2020-08-11T18:22:08","modified_gmt":"2020-08-11T22:22:08","slug":"the-smart-economy-reshaping-canadas-workforce-labour-market-outlook-2015-2019-3","status":"publish","type":"reference","link":"https:\/\/fsc-ccf.ca\/fr\/references\/the-smart-economy-reshaping-canadas-workforce-labour-market-outlook-2015-2019-3\/","title":{"rendered":"The smart economy reshaping Canada&#8217;s workforce: Labour market outlook 2015-2019"},"content":{"rendered":"<p>L&#8217;\u00e9dition du march\u00e9 du travail Perspectives est le quatri\u00e8me 2015 dans une s\u00e9rie de CTIC analyse qui a commenc\u00e9 avec la premi\u00e8re \u00e9dition publi\u00e9e en 2006. L&#8217;objectif de cette derni\u00e8re \u00e9dition de cette s\u00e9rie d&#8217;\u00e9tudes est de mettre en avant et de fournir de nouvelles perspectives sur les conditions affectant la main-d&#8217;\u0153uvre des TIC du Canada dans tous les secteurs \u00e9conomiques de perspectives et de l&#8217;offre par la demande c\u00f4t\u00e9. Ce parcours d&#8217;\u00e9tudes et de projets l&#8217;\u00e9volution des 15 professions des TIC dans 18 municipalit\u00e9s, 10 provinces, et l&#8217;ensemble du Canada. Les derni\u00e8res innovations en mati\u00e8re de TIC &#8211; en particulier l&#8217;Internet des objets (IOT) ainsi que Social, Mobile, Google Analytics, des applications et Cloud (SMAAC) &#8211; sont devenus les principaux moteurs de l&#8217;innovation, la productivit\u00e9 et la croissance. Ces technologies habilitantes ont chang\u00e9 les fa\u00e7ons dont les Canadiens communiquent et vivent leur vie quotidienne, et cr\u00e9ent de nouvelles opportunit\u00e9s d&#8217;affaires et d&#8217;emploi. Les transformations sociales et \u00e9conomiques ont chang\u00e9 la demande de comp\u00e9tences, et l&#8217;\u00e9volution des besoins de comp\u00e9tences remod\u00e8lent l&#8217;ensemble du march\u00e9 du travail dans tous les secteurs. Cette \u00e9tude vise \u00e0 fournir des preuves sur l&#8217;\u00e9volution future du march\u00e9 du travail pour aider la prise de d\u00e9cision \u00e9clair\u00e9e. Les r\u00e9sultats et les conclusions de cette \u00e9tude couvrent les aspects cl\u00e9s de la renaissance technologique et des perspectives \u00e9conomiques, d\u00e9mographiques et \u00e9ducatifs du point de vue de leurs impacts sur la demande et l&#8217;offre de talents des TIC et des comp\u00e9tences. Cette \u00e9tude met \u00e0 jour les pr\u00e9visions effectu\u00e9es en 2011 en appliquant une am\u00e9lioration des donn\u00e9es et des m\u00e9thodes et des pr\u00e9visions pour les comp\u00e9tences TIC demande et l&#8217;offre au Canada jusqu&#8217;au 2019. Le cadre d&#8217;analyse est bas\u00e9e sur la recherche et l&#8217;intelligence du march\u00e9 du travail robuste. Les donn\u00e9es pour l&#8217;ensemble des 15 professions identifi\u00e9es par les codes ont \u00e9t\u00e9 recueillies Classification nationale des professions (CNP) \u00e0 4 chiffres au niveau municipal et provincial, qui ont \u00e9t\u00e9 analys\u00e9es plus en profondeur, et r\u00e9capitul\u00e9s. Les perspectives du march\u00e9 du travail 2015-2019 a \u00e9t\u00e9 encore am\u00e9lior\u00e9e gr\u00e2ce \u00e0 l&#8217;utilisation des derni\u00e8res donn\u00e9es sur la population active disponible et l&#8217;utilisation de la r\u00e9troaction de l&#8217;industrie compl\u00e8te. Les pr\u00e9visions consid\u00e8rent les grandes tendances \u00e9conomiques et socio-d\u00e9mographiques et analyser les cons\u00e9quences pour les professions des TIC. Cela se fait en int\u00e9grant les tendances et les politiques pertinentes, les commentaires des consultations approfondies avec plus de 1 000 employeurs repr\u00e9sentatifs de l&#8217;ensemble du Canada, les entr\u00e9es de cinq discussions de groupes de discussion r\u00e9gionaux et webinaires de validation avec des repr\u00e9sentants de l&#8217;industrie et d&#8217;autres groupes d&#8217;intervenants, et des id\u00e9es pr\u00e9cieuses d&#8217;un 22- membre distingu\u00e9 Perspectives du Groupe consultatif sur le march\u00e9 du travail multinational dans le cadre analytique. Traduit a\u0300 l'aide de Google Translate<\/p>\n","protected":false},"excerpt":{"rendered":"<p>L&#8217;\u00e9dition du march\u00e9 du travail Perspectives est le quatri\u00e8me 2015 dans une s\u00e9rie de CTIC analyse qui a commenc\u00e9 avec la premi\u00e8re \u00e9dition publi\u00e9e en 2006. L&#8217;objectif de cette derni\u00e8re \u00e9dition de cette s\u00e9rie d&#8217;\u00e9tudes est de mettre en avant et de fournir de nouvelles perspectives sur les conditions affectant la main-d&#8217;\u0153uvre des TIC du Canada dans tous les secteurs \u00e9conomiques de perspectives et de l&#8217;offre par la demande c\u00f4t\u00e9. Ce parcours d&#8217;\u00e9tudes et de projets l&#8217;\u00e9volution des 15 professions des TIC dans 18 municipalit\u00e9s, 10 provinces, et l&#8217;ensemble du Canada. Les derni\u00e8res innovations en mati\u00e8re de TIC &#8211; en particulier l&#8217;Internet des objets (IOT) ainsi que Social, Mobile, Google Analytics, des applications et Cloud (SMAAC) &#8211; sont devenus les principaux moteurs de l&#8217;innovation, la productivit\u00e9 et la croissance. Ces technologies habilitantes ont chang\u00e9 les fa\u00e7ons dont les Canadiens communiquent et vivent leur vie quotidienne, et cr\u00e9ent de nouvelles opportunit\u00e9s d&#8217;affaires et d&#8217;emploi. Les transformations sociales et \u00e9conomiques ont chang\u00e9 la demande de comp\u00e9tences, et l&#8217;\u00e9volution des besoins de comp\u00e9tences remod\u00e8lent l&#8217;ensemble du march\u00e9 du travail dans tous les secteurs. Cette \u00e9tude vise \u00e0 fournir des preuves sur l&#8217;\u00e9volution future du march\u00e9 du travail pour aider la prise de d\u00e9cision \u00e9clair\u00e9e. Les r\u00e9sultats et les conclusions de cette \u00e9tude couvrent les aspects cl\u00e9s de la renaissance technologique et des perspectives \u00e9conomiques, d\u00e9mographiques et \u00e9ducatifs du point de vue de leurs impacts sur la demande et l&#8217;offre de talents des TIC et des comp\u00e9tences. Cette \u00e9tude met \u00e0 jour les pr\u00e9visions effectu\u00e9es en 2011 en appliquant une am\u00e9lioration des donn\u00e9es et des m\u00e9thodes et des pr\u00e9visions pour les comp\u00e9tences TIC demande et l&#8217;offre au Canada jusqu&#8217;au 2019. Le cadre d&#8217;analyse est bas\u00e9e sur la recherche et l&#8217;intelligence du march\u00e9 du travail robuste. Les donn\u00e9es pour l&#8217;ensemble des 15 professions identifi\u00e9es par les codes ont \u00e9t\u00e9 recueillies Classification nationale des professions (CNP) \u00e0 4 chiffres au niveau municipal et provincial, qui ont \u00e9t\u00e9 analys\u00e9es plus en profondeur, et r\u00e9capitul\u00e9s. Les perspectives du march\u00e9 du travail 2015-2019 a \u00e9t\u00e9 encore am\u00e9lior\u00e9e gr\u00e2ce \u00e0 l&#8217;utilisation des derni\u00e8res donn\u00e9es sur la population active disponible et l&#8217;utilisation de la r\u00e9troaction de l&#8217;industrie compl\u00e8te. Les pr\u00e9visions consid\u00e8rent les grandes tendances \u00e9conomiques et socio-d\u00e9mographiques et analyser les cons\u00e9quences pour les professions des TIC. Cela se fait en int\u00e9grant les tendances et les politiques pertinentes, les commentaires des consultations approfondies avec plus de 1 000 employeurs repr\u00e9sentatifs de l&#8217;ensemble du Canada, les entr\u00e9es de cinq discussions de groupes de discussion r\u00e9gionaux et webinaires de validation avec des repr\u00e9sentants de l&#8217;industrie et d&#8217;autres groupes d&#8217;intervenants, et des id\u00e9es pr\u00e9cieuses d&#8217;un 22- membre distingu\u00e9 Perspectives du Groupe consultatif sur le march\u00e9 du travail multinational dans le cadre analytique. [googletranslate_fr]<\/p>\n","protected":false},"template":"","reference-tag":[],"reference-type":[436],"class_list":["post-129642","reference","type-reference","status-publish","hentry","reference-type-white-paper"],"acf":{"citation":"Faisal, S., Asliturk, E., Bourgi, S., Savard, A., Aquilina, A., and Castillo, D. (2015). The smart economy reshaping Canada's workforce: Labour market outlook 2015-2019. Ottawa, ON: . Retrieved from https:\/\/storage.googleapis.com\/production-vec-uploads\/2015\/06\/Labour-Market-Outlook-2015-2019-by-ICTC-March-20151.pdf.","authors":"Faisal, S., Asliturk, E., Bourgi, S., Savard, A., Aquilina, A., and Castillo, D.","org":"Information and Communications Technology Council (ICTC)","year":"2015","title_fr":null,"editors_hidden":"","publication":"","publication_fr":null,"volume":"","issue":"","Series":"","SeriesNumber":"","page_range":"1\u201357","publisher_city":"Ottawa","publisher_state":"ON","publisher":"","abstract_en":null,"abstract_fr":null,"keywords":"","paywall":"0","doi":"","isbn":"","url":"https:\/\/storage.googleapis.com\/production-vec-uploads\/2015\/06\/Labour-Market-Outlook-2015-2019-by-ICTC-March-20151.pdf","url_fr":null,"url_amazon":"","TRACK":"0"},"yoast_head":"<!-- This site is optimized with the Yoast SEO plugin v27.4 - https:\/\/yoast.com\/product\/yoast-seo-wordpress\/ -->\n<title>The smart economy reshaping Canada&#039;s workforce: Labour market outlook 2015-2019 - Future Skills Centre \u2022 Centre des Comp\u00e9tences futures<\/title>\n<meta name=\"robots\" content=\"index, follow, max-snippet:-1, max-image-preview:large, max-video-preview:-1\" \/>\n<link rel=\"canonical\" href=\"https:\/\/fsc-ccf.ca\/fr\/references\/the-smart-economy-reshaping-canadas-workforce-labour-market-outlook-2015-2019-3\/\" \/>\n<meta name=\"twitter:label1\" content=\"Est. reading time\" \/>\n\t<meta name=\"twitter:data1\" content=\"2 minutes\" \/>\n<script type=\"application\/ld+json\" class=\"yoast-schema-graph\">{\"@context\":\"https:\\\/\\\/schema.org\",\"@graph\":[{\"@type\":\"WebPage\",\"@id\":\"https:\\\/\\\/fsc-ccf.ca\\\/fr\\\/references\\\/the-smart-economy-reshaping-canadas-workforce-labour-market-outlook-2015-2019-3\\\/\",\"url\":\"https:\\\/\\\/fsc-ccf.ca\\\/fr\\\/references\\\/the-smart-economy-reshaping-canadas-workforce-labour-market-outlook-2015-2019-3\\\/\",\"name\":\"The smart economy reshaping Canada's workforce: Labour market outlook 2015-2019 - Future Skills Centre \u2022 Centre des Comp\u00e9tences futures\",\"isPartOf\":{\"@id\":\"https:\\\/\\\/fsc-ccf.ca\\\/fr\\\/#website\"},\"datePublished\":\"2020-08-11T22:22:08+00:00\",\"breadcrumb\":{\"@id\":\"https:\\\/\\\/fsc-ccf.ca\\\/fr\\\/references\\\/the-smart-economy-reshaping-canadas-workforce-labour-market-outlook-2015-2019-3\\\/#breadcrumb\"},\"inLanguage\":\"fr-FR\",\"potentialAction\":[{\"@type\":\"ReadAction\",\"target\":[\"https:\\\/\\\/fsc-ccf.ca\\\/fr\\\/references\\\/the-smart-economy-reshaping-canadas-workforce-labour-market-outlook-2015-2019-3\\\/\"]}]},{\"@type\":\"BreadcrumbList\",\"@id\":\"https:\\\/\\\/fsc-ccf.ca\\\/fr\\\/references\\\/the-smart-economy-reshaping-canadas-workforce-labour-market-outlook-2015-2019-3\\\/#breadcrumb\",\"itemListElement\":[{\"@type\":\"ListItem\",\"position\":1,\"name\":\"Home\",\"item\":\"https:\\\/\\\/fsc-ccf.ca\\\/fr\\\/\"},{\"@type\":\"ListItem\",\"position\":2,\"name\":\"References\",\"item\":\"https:\\\/\\\/fsc-ccf.ca\\\/fr\\\/references\\\/\"},{\"@type\":\"ListItem\",\"position\":3,\"name\":\"The smart economy reshaping Canada&#8217;s workforce: Labour market outlook 2015-2019\"}]},{\"@type\":\"WebSite\",\"@id\":\"https:\\\/\\\/fsc-ccf.ca\\\/fr\\\/#website\",\"url\":\"https:\\\/\\\/fsc-ccf.ca\\\/fr\\\/\",\"name\":\"Future Skills Centre \u2022 Centre des Comp\u00e9tences futures\",\"description\":\"\",\"publisher\":{\"@id\":\"https:\\\/\\\/fsc-ccf.ca\\\/fr\\\/#organization\"},\"potentialAction\":[{\"@type\":\"SearchAction\",\"target\":{\"@type\":\"EntryPoint\",\"urlTemplate\":\"https:\\\/\\\/fsc-ccf.ca\\\/fr\\\/?s={search_term_string}\"},\"query-input\":{\"@type\":\"PropertyValueSpecification\",\"valueRequired\":true,\"valueName\":\"search_term_string\"}}],\"inLanguage\":\"fr-FR\"},{\"@type\":\"Organization\",\"@id\":\"https:\\\/\\\/fsc-ccf.ca\\\/fr\\\/#organization\",\"name\":\"Future Skills Centre \u2022 Centre des Comp\u00e9tences futures\",\"url\":\"https:\\\/\\\/fsc-ccf.ca\\\/fr\\\/\",\"logo\":{\"@type\":\"ImageObject\",\"inLanguage\":\"fr-FR\",\"@id\":\"https:\\\/\\\/fsc-ccf.ca\\\/fr\\\/#\\\/schema\\\/logo\\\/image\\\/\",\"url\":\"https:\\\/\\\/fsc-ccf.ca\\\/wp-content\\\/uploads\\\/2019\\\/08\\\/FSC_logo_colour_rgb_positive_ENG.png\",\"contentUrl\":\"https:\\\/\\\/fsc-ccf.ca\\\/wp-content\\\/uploads\\\/2019\\\/08\\\/FSC_logo_colour_rgb_positive_ENG.png\",\"width\":618,\"height\":528,\"caption\":\"Future Skills Centre \u2022 Centre des Comp\u00e9tences futures\"},\"image\":{\"@id\":\"https:\\\/\\\/fsc-ccf.ca\\\/fr\\\/#\\\/schema\\\/logo\\\/image\\\/\"},\"sameAs\":[\"https:\\\/\\\/www.facebook.com\\\/2161871137193201\\\/\",\"https:\\\/\\\/x.com\\\/fsc_ccf_en\",\"https:\\\/\\\/www.instagram.com\\\/fsc_ccf\\\/\",\"https:\\\/\\\/www.linkedin.com\\\/company\\\/fsc-ccf\\\/\"]}]}<\/script>\n<!-- \/ Yoast SEO plugin. -->","yoast_head_json":{"title":"The smart economy reshaping Canada's workforce: Labour market outlook 2015-2019 - Future Skills Centre \u2022 Centre des Comp\u00e9tences futures","robots":{"index":"index","follow":"follow","max-snippet":"max-snippet:-1","max-image-preview":"max-image-preview:large","max-video-preview":"max-video-preview:-1"},"canonical":"https:\/\/fsc-ccf.ca\/fr\/references\/the-smart-economy-reshaping-canadas-workforce-labour-market-outlook-2015-2019-3\/","twitter_misc":{"Est. reading time":"2 minutes"},"schema":{"@context":"https:\/\/schema.org","@graph":[{"@type":"WebPage","@id":"https:\/\/fsc-ccf.ca\/fr\/references\/the-smart-economy-reshaping-canadas-workforce-labour-market-outlook-2015-2019-3\/","url":"https:\/\/fsc-ccf.ca\/fr\/references\/the-smart-economy-reshaping-canadas-workforce-labour-market-outlook-2015-2019-3\/","name":"The smart economy reshaping Canada's workforce: Labour market outlook 2015-2019 - Future Skills Centre \u2022 Centre des Comp\u00e9tences futures","isPartOf":{"@id":"https:\/\/fsc-ccf.ca\/fr\/#website"},"datePublished":"2020-08-11T22:22:08+00:00","breadcrumb":{"@id":"https:\/\/fsc-ccf.ca\/fr\/references\/the-smart-economy-reshaping-canadas-workforce-labour-market-outlook-2015-2019-3\/#breadcrumb"},"inLanguage":"fr-FR","potentialAction":[{"@type":"ReadAction","target":["https:\/\/fsc-ccf.ca\/fr\/references\/the-smart-economy-reshaping-canadas-workforce-labour-market-outlook-2015-2019-3\/"]}]},{"@type":"BreadcrumbList","@id":"https:\/\/fsc-ccf.ca\/fr\/references\/the-smart-economy-reshaping-canadas-workforce-labour-market-outlook-2015-2019-3\/#breadcrumb","itemListElement":[{"@type":"ListItem","position":1,"name":"Home","item":"https:\/\/fsc-ccf.ca\/fr\/"},{"@type":"ListItem","position":2,"name":"References","item":"https:\/\/fsc-ccf.ca\/fr\/references\/"},{"@type":"ListItem","position":3,"name":"The smart economy reshaping Canada&#8217;s workforce: Labour market outlook 2015-2019"}]},{"@type":"WebSite","@id":"https:\/\/fsc-ccf.ca\/fr\/#website","url":"https:\/\/fsc-ccf.ca\/fr\/","name":"Future Skills Centre \u2022 Centre des Comp\u00e9tences futures","description":"","publisher":{"@id":"https:\/\/fsc-ccf.ca\/fr\/#organization"},"potentialAction":[{"@type":"SearchAction","target":{"@type":"EntryPoint","urlTemplate":"https:\/\/fsc-ccf.ca\/fr\/?s={search_term_string}"},"query-input":{"@type":"PropertyValueSpecification","valueRequired":true,"valueName":"search_term_string"}}],"inLanguage":"fr-FR"},{"@type":"Organization","@id":"https:\/\/fsc-ccf.ca\/fr\/#organization","name":"Future Skills Centre \u2022 Centre des Comp\u00e9tences futures","url":"https:\/\/fsc-ccf.ca\/fr\/","logo":{"@type":"ImageObject","inLanguage":"fr-FR","@id":"https:\/\/fsc-ccf.ca\/fr\/#\/schema\/logo\/image\/","url":"https:\/\/fsc-ccf.ca\/wp-content\/uploads\/2019\/08\/FSC_logo_colour_rgb_positive_ENG.png","contentUrl":"https:\/\/fsc-ccf.ca\/wp-content\/uploads\/2019\/08\/FSC_logo_colour_rgb_positive_ENG.png","width":618,"height":528,"caption":"Future Skills Centre \u2022 Centre des Comp\u00e9tences futures"},"image":{"@id":"https:\/\/fsc-ccf.ca\/fr\/#\/schema\/logo\/image\/"},"sameAs":["https:\/\/www.facebook.com\/2161871137193201\/","https:\/\/x.com\/fsc_ccf_en","https:\/\/www.instagram.com\/fsc_ccf\/","https:\/\/www.linkedin.com\/company\/fsc-ccf\/"]}]}},"_links":{"self":[{"href":"https:\/\/fsc-ccf.ca\/fr\/wp-json\/wp\/v2\/reference\/129642","targetHints":{"allow":["GET"]}}],"collection":[{"href":"https:\/\/fsc-ccf.ca\/fr\/wp-json\/wp\/v2\/reference"}],"about":[{"href":"https:\/\/fsc-ccf.ca\/fr\/wp-json\/wp\/v2\/types\/reference"}],"version-history":[{"count":0,"href":"https:\/\/fsc-ccf.ca\/fr\/wp-json\/wp\/v2\/reference\/129642\/revisions"}],"wp:attachment":[{"href":"https:\/\/fsc-ccf.ca\/fr\/wp-json\/wp\/v2\/media?parent=129642"}],"wp:term":[{"taxonomy":"reference-tag","embeddable":true,"href":"https:\/\/fsc-ccf.ca\/fr\/wp-json\/wp\/v2\/reference-tag?post=129642"},{"taxonomy":"reference-type","embeddable":true,"href":"https:\/\/fsc-ccf.ca\/fr\/wp-json\/wp\/v2\/reference-type?post=129642"}],"curies":[{"name":"wp","href":"https:\/\/api.w.org\/{rel}","templated":true}]}}