			{"id":129472,"date":"2020-08-11T18:20:53","date_gmt":"2020-08-11T22:20:53","guid":{"rendered":"https:\/\/fsc-ccf.ca\/references\/the-earnings-and-employment-outcomes-of-the-2005-cohort-of-canadian-postsecondary-graduates-with-disabilities-2\/"},"modified":"2020-08-11T18:20:53","modified_gmt":"2020-08-11T22:20:53","slug":"the-earnings-and-employment-outcomes-of-the-2005-cohort-of-canadian-postsecondary-graduates-with-disabilities-2","status":"publish","type":"reference","link":"https:\/\/fsc-ccf.ca\/fr\/references\/the-earnings-and-employment-outcomes-of-the-2005-cohort-of-canadian-postsecondary-graduates-with-disabilities-2\/","title":{"rendered":"The earnings and employment outcomes of the 2005 cohort of Canadian postsecondary graduates with disabilities"},"content":{"rendered":"<p>La crainte des comp\u00e9tences futures et des p\u00e9nuries de main du Canada a apport\u00e9 des jeunes handicap\u00e9s \u00e0 l&#8217;avant-garde de la politique publique. De nombreuses universit\u00e9s d\u00e9clarent maintenant qu&#8217;une proportion accrue de leurs \u00e9tudiants dipl\u00f4m\u00e9s identifient comme ayant un handicap, et en cons\u00e9quence, les programmes \u00e9ducatifs con\u00e7us Achievement-pour r\u00e9pondre aux besoins des \u00e9tudiants sont de plus en plus sur les campus. En d\u00e9pit de l&#8217;attention r\u00e9cente par les d\u00e9cideurs sur l&#8217;am\u00e9lioration des normes d&#8217;accessibilit\u00e9 et d&#8217;accro\u00eetre les incitations de l&#8217;employeur, les jeunes Canadiens handicap\u00e9s continuent de barri\u00e8res face dans leur transition vers la population active. La nature et l&#8217;ampleur des premi\u00e8res in\u00e9galit\u00e9s de la main-d&#8217;\u0153uvre auxquels sont confront\u00e9s les dipl\u00f4m\u00e9s handicap\u00e9s du niveau postsecondaire demeure peu claire. Le pr\u00e9sent document se fonde sur la cohorte de l&#8217;Enqu\u00eate nationale aupr\u00e8s des dipl\u00f4m\u00e9s de 2005 de Statistique Canada pour examiner les premiers r\u00e9sultats sur la main-d&#8217;\u0153uvre des dipl\u00f4m\u00e9s du postsecondaire ayant une d\u00e9ficience. Contrairement aux th\u00e9ories du capital humain, les r\u00e9sultats r\u00e9v\u00e8lent des \u00e9carts importants de r\u00e9mun\u00e9ration entre les dipl\u00f4m\u00e9s avec et sans handicap de divers domaines d&#8217;\u00e9tudes et les niveaux de scolarit\u00e9. En outre, les dipl\u00f4m\u00e9s ayant un handicap sont encore plus d\u00e9favoris\u00e9s en termes de trouver un emploi, car ils devaient occuper un emploi \u00e0 plein temps beaucoup moins probable, et \u00e9taient surrepr\u00e9sent\u00e9s parmi les ch\u00f4meurs et les travailleurs \u00e0 temps partiel dans divers domaines d&#8217;\u00e9tudes et niveaux d&#8217;\u00e9tudes postsecondaires. Traduit a\u0300 l'aide de Google Translate<\/p>\n","protected":false},"excerpt":{"rendered":"<p>La crainte des comp\u00e9tences futures et des p\u00e9nuries de main du Canada a apport\u00e9 des jeunes handicap\u00e9s \u00e0 l&#8217;avant-garde de la politique publique. De nombreuses universit\u00e9s d\u00e9clarent maintenant qu&#8217;une proportion accrue de leurs \u00e9tudiants dipl\u00f4m\u00e9s identifient comme ayant un handicap, et en cons\u00e9quence, les programmes \u00e9ducatifs con\u00e7us Achievement-pour r\u00e9pondre aux besoins des \u00e9tudiants sont de plus en plus sur les campus. En d\u00e9pit de l&#8217;attention r\u00e9cente par les d\u00e9cideurs sur l&#8217;am\u00e9lioration des normes d&#8217;accessibilit\u00e9 et d&#8217;accro\u00eetre les incitations de l&#8217;employeur, les jeunes Canadiens handicap\u00e9s continuent de barri\u00e8res face dans leur transition vers la population active. La nature et l&#8217;ampleur des premi\u00e8res in\u00e9galit\u00e9s de la main-d&#8217;\u0153uvre auxquels sont confront\u00e9s les dipl\u00f4m\u00e9s handicap\u00e9s du niveau postsecondaire demeure peu claire. Le pr\u00e9sent document se fonde sur la cohorte de l&#8217;Enqu\u00eate nationale aupr\u00e8s des dipl\u00f4m\u00e9s de 2005 de Statistique Canada pour examiner les premiers r\u00e9sultats sur la main-d&#8217;\u0153uvre des dipl\u00f4m\u00e9s du postsecondaire ayant une d\u00e9ficience. Contrairement aux th\u00e9ories du capital humain, les r\u00e9sultats r\u00e9v\u00e8lent des \u00e9carts importants de r\u00e9mun\u00e9ration entre les dipl\u00f4m\u00e9s avec et sans handicap de divers domaines d&#8217;\u00e9tudes et les niveaux de scolarit\u00e9. En outre, les dipl\u00f4m\u00e9s ayant un handicap sont encore plus d\u00e9favoris\u00e9s en termes de trouver un emploi, car ils devaient occuper un emploi \u00e0 plein temps beaucoup moins probable, et \u00e9taient surrepr\u00e9sent\u00e9s parmi les ch\u00f4meurs et les travailleurs \u00e0 temps partiel dans divers domaines d&#8217;\u00e9tudes et niveaux d&#8217;\u00e9tudes postsecondaires. [googletranslate_fr]<\/p>\n","protected":false},"template":"","reference-tag":[],"reference-type":[435],"class_list":["post-129472","reference","type-reference","status-publish","hentry","reference-type-journal-article"],"acf":{"citation":"Zarifa, D., Walters, D., and Seward, B. (2015). The earnings and employment outcomes of the 2005 cohort of Canadian postsecondary graduates with disabilities. Canadian Review of Sociology, 52(4), 343\u2013376. Retrieved from https:\/\/onlinelibrary.wiley.com\/doi\/abs\/10.1111\/cars.12082.","authors":"Zarifa, D., Walters, D., and Seward, B.","org":"","year":"2015","title_fr":null,"editors_hidden":"","publication":"Canadian Review of Sociology","publication_fr":null,"volume":"52","issue":"4","Series":"","SeriesNumber":"","page_range":"343\u2013376","publisher_city":"","publisher_state":"","publisher":"John Wiley and Sons","abstract_en":null,"abstract_fr":null,"keywords":"","paywall":"1","doi":"10.1111\/cars.12082","isbn":"","url":"https:\/\/onlinelibrary.wiley.com\/doi\/abs\/10.1111\/cars.12082","url_fr":null,"url_amazon":"","TRACK":"0"},"yoast_head":"<!-- This site is optimized with the Yoast SEO plugin v27.4 - https:\/\/yoast.com\/product\/yoast-seo-wordpress\/ -->\n<title>The earnings and employment outcomes of the 2005 cohort of Canadian postsecondary graduates with disabilities - Future Skills Centre \u2022 Centre des Comp\u00e9tences futures<\/title>\n<meta name=\"robots\" content=\"index, follow, max-snippet:-1, max-image-preview:large, max-video-preview:-1\" \/>\n<link rel=\"canonical\" href=\"https:\/\/fsc-ccf.ca\/fr\/references\/the-earnings-and-employment-outcomes-of-the-2005-cohort-of-canadian-postsecondary-graduates-with-disabilities-2\/\" \/>\n<meta name=\"twitter:label1\" content=\"Est. reading time\" \/>\n\t<meta name=\"twitter:data1\" content=\"1 minute\" \/>\n<script type=\"application\/ld+json\" class=\"yoast-schema-graph\">{\"@context\":\"https:\\\/\\\/schema.org\",\"@graph\":[{\"@type\":\"WebPage\",\"@id\":\"https:\\\/\\\/fsc-ccf.ca\\\/fr\\\/references\\\/the-earnings-and-employment-outcomes-of-the-2005-cohort-of-canadian-postsecondary-graduates-with-disabilities-2\\\/\",\"url\":\"https:\\\/\\\/fsc-ccf.ca\\\/fr\\\/references\\\/the-earnings-and-employment-outcomes-of-the-2005-cohort-of-canadian-postsecondary-graduates-with-disabilities-2\\\/\",\"name\":\"The earnings and employment outcomes of the 2005 cohort of Canadian postsecondary graduates with disabilities - Future Skills Centre \u2022 Centre des Comp\u00e9tences futures\",\"isPartOf\":{\"@id\":\"https:\\\/\\\/fsc-ccf.ca\\\/fr\\\/#website\"},\"datePublished\":\"2020-08-11T22:20:53+00:00\",\"breadcrumb\":{\"@id\":\"https:\\\/\\\/fsc-ccf.ca\\\/fr\\\/references\\\/the-earnings-and-employment-outcomes-of-the-2005-cohort-of-canadian-postsecondary-graduates-with-disabilities-2\\\/#breadcrumb\"},\"inLanguage\":\"fr-FR\",\"potentialAction\":[{\"@type\":\"ReadAction\",\"target\":[\"https:\\\/\\\/fsc-ccf.ca\\\/fr\\\/references\\\/the-earnings-and-employment-outcomes-of-the-2005-cohort-of-canadian-postsecondary-graduates-with-disabilities-2\\\/\"]}]},{\"@type\":\"BreadcrumbList\",\"@id\":\"https:\\\/\\\/fsc-ccf.ca\\\/fr\\\/references\\\/the-earnings-and-employment-outcomes-of-the-2005-cohort-of-canadian-postsecondary-graduates-with-disabilities-2\\\/#breadcrumb\",\"itemListElement\":[{\"@type\":\"ListItem\",\"position\":1,\"name\":\"Home\",\"item\":\"https:\\\/\\\/fsc-ccf.ca\\\/fr\\\/\"},{\"@type\":\"ListItem\",\"position\":2,\"name\":\"References\",\"item\":\"https:\\\/\\\/fsc-ccf.ca\\\/fr\\\/references\\\/\"},{\"@type\":\"ListItem\",\"position\":3,\"name\":\"The earnings and employment outcomes of the 2005 cohort of Canadian postsecondary graduates with disabilities\"}]},{\"@type\":\"WebSite\",\"@id\":\"https:\\\/\\\/fsc-ccf.ca\\\/fr\\\/#website\",\"url\":\"https:\\\/\\\/fsc-ccf.ca\\\/fr\\\/\",\"name\":\"Future Skills Centre \u2022 Centre des Comp\u00e9tences futures\",\"description\":\"\",\"publisher\":{\"@id\":\"https:\\\/\\\/fsc-ccf.ca\\\/fr\\\/#organization\"},\"potentialAction\":[{\"@type\":\"SearchAction\",\"target\":{\"@type\":\"EntryPoint\",\"urlTemplate\":\"https:\\\/\\\/fsc-ccf.ca\\\/fr\\\/?s={search_term_string}\"},\"query-input\":{\"@type\":\"PropertyValueSpecification\",\"valueRequired\":true,\"valueName\":\"search_term_string\"}}],\"inLanguage\":\"fr-FR\"},{\"@type\":\"Organization\",\"@id\":\"https:\\\/\\\/fsc-ccf.ca\\\/fr\\\/#organization\",\"name\":\"Future Skills Centre \u2022 Centre des Comp\u00e9tences futures\",\"url\":\"https:\\\/\\\/fsc-ccf.ca\\\/fr\\\/\",\"logo\":{\"@type\":\"ImageObject\",\"inLanguage\":\"fr-FR\",\"@id\":\"https:\\\/\\\/fsc-ccf.ca\\\/fr\\\/#\\\/schema\\\/logo\\\/image\\\/\",\"url\":\"https:\\\/\\\/fsc-ccf.ca\\\/wp-content\\\/uploads\\\/2019\\\/08\\\/FSC_logo_colour_rgb_positive_ENG.png\",\"contentUrl\":\"https:\\\/\\\/fsc-ccf.ca\\\/wp-content\\\/uploads\\\/2019\\\/08\\\/FSC_logo_colour_rgb_positive_ENG.png\",\"width\":618,\"height\":528,\"caption\":\"Future Skills Centre \u2022 Centre des Comp\u00e9tences futures\"},\"image\":{\"@id\":\"https:\\\/\\\/fsc-ccf.ca\\\/fr\\\/#\\\/schema\\\/logo\\\/image\\\/\"},\"sameAs\":[\"https:\\\/\\\/www.facebook.com\\\/2161871137193201\\\/\",\"https:\\\/\\\/x.com\\\/fsc_ccf_en\",\"https:\\\/\\\/www.instagram.com\\\/fsc_ccf\\\/\",\"https:\\\/\\\/www.linkedin.com\\\/company\\\/fsc-ccf\\\/\"]}]}<\/script>\n<!-- \/ Yoast SEO plugin. -->","yoast_head_json":{"title":"The earnings and employment outcomes of the 2005 cohort of Canadian postsecondary graduates with disabilities - Future Skills Centre \u2022 Centre des Comp\u00e9tences futures","robots":{"index":"index","follow":"follow","max-snippet":"max-snippet:-1","max-image-preview":"max-image-preview:large","max-video-preview":"max-video-preview:-1"},"canonical":"https:\/\/fsc-ccf.ca\/fr\/references\/the-earnings-and-employment-outcomes-of-the-2005-cohort-of-canadian-postsecondary-graduates-with-disabilities-2\/","twitter_misc":{"Est. reading time":"1 minute"},"schema":{"@context":"https:\/\/schema.org","@graph":[{"@type":"WebPage","@id":"https:\/\/fsc-ccf.ca\/fr\/references\/the-earnings-and-employment-outcomes-of-the-2005-cohort-of-canadian-postsecondary-graduates-with-disabilities-2\/","url":"https:\/\/fsc-ccf.ca\/fr\/references\/the-earnings-and-employment-outcomes-of-the-2005-cohort-of-canadian-postsecondary-graduates-with-disabilities-2\/","name":"The earnings and employment outcomes of the 2005 cohort of Canadian postsecondary graduates with disabilities - Future Skills Centre \u2022 Centre des Comp\u00e9tences futures","isPartOf":{"@id":"https:\/\/fsc-ccf.ca\/fr\/#website"},"datePublished":"2020-08-11T22:20:53+00:00","breadcrumb":{"@id":"https:\/\/fsc-ccf.ca\/fr\/references\/the-earnings-and-employment-outcomes-of-the-2005-cohort-of-canadian-postsecondary-graduates-with-disabilities-2\/#breadcrumb"},"inLanguage":"fr-FR","potentialAction":[{"@type":"ReadAction","target":["https:\/\/fsc-ccf.ca\/fr\/references\/the-earnings-and-employment-outcomes-of-the-2005-cohort-of-canadian-postsecondary-graduates-with-disabilities-2\/"]}]},{"@type":"BreadcrumbList","@id":"https:\/\/fsc-ccf.ca\/fr\/references\/the-earnings-and-employment-outcomes-of-the-2005-cohort-of-canadian-postsecondary-graduates-with-disabilities-2\/#breadcrumb","itemListElement":[{"@type":"ListItem","position":1,"name":"Home","item":"https:\/\/fsc-ccf.ca\/fr\/"},{"@type":"ListItem","position":2,"name":"References","item":"https:\/\/fsc-ccf.ca\/fr\/references\/"},{"@type":"ListItem","position":3,"name":"The earnings and employment outcomes of the 2005 cohort of Canadian postsecondary graduates with disabilities"}]},{"@type":"WebSite","@id":"https:\/\/fsc-ccf.ca\/fr\/#website","url":"https:\/\/fsc-ccf.ca\/fr\/","name":"Future Skills Centre \u2022 Centre des Comp\u00e9tences futures","description":"","publisher":{"@id":"https:\/\/fsc-ccf.ca\/fr\/#organization"},"potentialAction":[{"@type":"SearchAction","target":{"@type":"EntryPoint","urlTemplate":"https:\/\/fsc-ccf.ca\/fr\/?s={search_term_string}"},"query-input":{"@type":"PropertyValueSpecification","valueRequired":true,"valueName":"search_term_string"}}],"inLanguage":"fr-FR"},{"@type":"Organization","@id":"https:\/\/fsc-ccf.ca\/fr\/#organization","name":"Future Skills Centre \u2022 Centre des Comp\u00e9tences futures","url":"https:\/\/fsc-ccf.ca\/fr\/","logo":{"@type":"ImageObject","inLanguage":"fr-FR","@id":"https:\/\/fsc-ccf.ca\/fr\/#\/schema\/logo\/image\/","url":"https:\/\/fsc-ccf.ca\/wp-content\/uploads\/2019\/08\/FSC_logo_colour_rgb_positive_ENG.png","contentUrl":"https:\/\/fsc-ccf.ca\/wp-content\/uploads\/2019\/08\/FSC_logo_colour_rgb_positive_ENG.png","width":618,"height":528,"caption":"Future Skills Centre \u2022 Centre des Comp\u00e9tences futures"},"image":{"@id":"https:\/\/fsc-ccf.ca\/fr\/#\/schema\/logo\/image\/"},"sameAs":["https:\/\/www.facebook.com\/2161871137193201\/","https:\/\/x.com\/fsc_ccf_en","https:\/\/www.instagram.com\/fsc_ccf\/","https:\/\/www.linkedin.com\/company\/fsc-ccf\/"]}]}},"_links":{"self":[{"href":"https:\/\/fsc-ccf.ca\/fr\/wp-json\/wp\/v2\/reference\/129472","targetHints":{"allow":["GET"]}}],"collection":[{"href":"https:\/\/fsc-ccf.ca\/fr\/wp-json\/wp\/v2\/reference"}],"about":[{"href":"https:\/\/fsc-ccf.ca\/fr\/wp-json\/wp\/v2\/types\/reference"}],"version-history":[{"count":0,"href":"https:\/\/fsc-ccf.ca\/fr\/wp-json\/wp\/v2\/reference\/129472\/revisions"}],"wp:attachment":[{"href":"https:\/\/fsc-ccf.ca\/fr\/wp-json\/wp\/v2\/media?parent=129472"}],"wp:term":[{"taxonomy":"reference-tag","embeddable":true,"href":"https:\/\/fsc-ccf.ca\/fr\/wp-json\/wp\/v2\/reference-tag?post=129472"},{"taxonomy":"reference-type","embeddable":true,"href":"https:\/\/fsc-ccf.ca\/fr\/wp-json\/wp\/v2\/reference-type?post=129472"}],"curies":[{"name":"wp","href":"https:\/\/api.w.org\/{rel}","templated":true}]}}