			{"id":129468,"date":"2020-08-11T18:20:51","date_gmt":"2020-08-11T22:20:51","guid":{"rendered":"https:\/\/fsc-ccf.ca\/references\/reconstructing-and-rehabilitating-the-disabled-body-world-war-one-era-disability-policy-and-its-enduring-ramifications-2\/"},"modified":"2020-08-11T18:20:51","modified_gmt":"2020-08-11T22:20:51","slug":"reconstructing-and-rehabilitating-the-disabled-body-world-war-one-era-disability-policy-and-its-enduring-ramifications-2","status":"publish","type":"reference","link":"https:\/\/fsc-ccf.ca\/fr\/references\/reconstructing-and-rehabilitating-the-disabled-body-world-war-one-era-disability-policy-and-its-enduring-ramifications-2\/","title":{"rendered":"(Re)constructing and (re)habilitating the disabled body: World war one era disability policy and its enduring ramifications"},"content":{"rendered":"<p>Cet article examine l&#8217;\u00e9mergence de la r\u00e9adaptation et les programmes f\u00e9d\u00e9raux retraite pour les soldats handicap\u00e9s pendant la Premi\u00e8re Guerre mondiale au Canada. La r\u00e9habilitation est l&#8217;intervention sur le comportement des individus, des esprits et des corps pour les rapprocher des normes sociales et est souvent consid\u00e9r\u00e9e comme une bonne politique sociale dans sans probl\u00e8mes. Le handicap et la r\u00e9habilitation ont \u00e9t\u00e9 construits discursive pendant ce temps d&#8217;une mani\u00e8re qui a confirm\u00e9 les valeurs sociales actuelles et a appuy\u00e9 la production capitaliste. Conceptualisations d&#8217;invalidit\u00e9 ont \u00e9t\u00e9 ouvertement li\u00e9s \u00e0 une capacit\u00e9 de d&#8217;\u00eatre \u00e9conomiquement productive dans la politique f\u00e9d\u00e9rale et le discours. Le mod\u00e8le m\u00e9dical du handicap a \u00e9t\u00e9 constitutionnalis\u00e9s par cette politique. L&#8217;\u00e9mergence de programmes de r\u00e9adaptation du Canada pour les soldats bless\u00e9s reste importante \u00e0 la politique sociale du Canada \u00e0 la fois parce qu&#8217;elle a ouvert la voie pour le d\u00e9veloppement de la politique de bien-\u00eatre du Canada, et les r\u00e9sidus des principes disablist qui \u00e9taient fondamentales pour le programme se trouve dans la politique sociale contemporaine. Cet examen d\u00e9montre que, gr\u00e2ce \u00e0 ces programmes, le gouvernement f\u00e9d\u00e9ral a un handicap interverrouill\u00e9 avec la productivit\u00e9 \u00e9conomique dans sa politique et le discours, qui a travaill\u00e9 pour soutenir la mise en place du mod\u00e8le m\u00e9dical du handicap et de renforcer les id\u00e9es oppressives sur le genre et la citoyennet\u00e9. Traduit a\u0300 l'aide de Google Translate<\/p>\n","protected":false},"excerpt":{"rendered":"<p>Cet article examine l&#8217;\u00e9mergence de la r\u00e9adaptation et les programmes f\u00e9d\u00e9raux retraite pour les soldats handicap\u00e9s pendant la Premi\u00e8re Guerre mondiale au Canada. La r\u00e9habilitation est l&#8217;intervention sur le comportement des individus, des esprits et des corps pour les rapprocher des normes sociales et est souvent consid\u00e9r\u00e9e comme une bonne politique sociale dans sans probl\u00e8mes. Le handicap et la r\u00e9habilitation ont \u00e9t\u00e9 construits discursive pendant ce temps d&#8217;une mani\u00e8re qui a confirm\u00e9 les valeurs sociales actuelles et a appuy\u00e9 la production capitaliste. Conceptualisations d&#8217;invalidit\u00e9 ont \u00e9t\u00e9 ouvertement li\u00e9s \u00e0 une capacit\u00e9 de d&#8217;\u00eatre \u00e9conomiquement productive dans la politique f\u00e9d\u00e9rale et le discours. Le mod\u00e8le m\u00e9dical du handicap a \u00e9t\u00e9 constitutionnalis\u00e9s par cette politique. L&#8217;\u00e9mergence de programmes de r\u00e9adaptation du Canada pour les soldats bless\u00e9s reste importante \u00e0 la politique sociale du Canada \u00e0 la fois parce qu&#8217;elle a ouvert la voie pour le d\u00e9veloppement de la politique de bien-\u00eatre du Canada, et les r\u00e9sidus des principes disablist qui \u00e9taient fondamentales pour le programme se trouve dans la politique sociale contemporaine. Cet examen d\u00e9montre que, gr\u00e2ce \u00e0 ces programmes, le gouvernement f\u00e9d\u00e9ral a un handicap interverrouill\u00e9 avec la productivit\u00e9 \u00e9conomique dans sa politique et le discours, qui a travaill\u00e9 pour soutenir la mise en place du mod\u00e8le m\u00e9dical du handicap et de renforcer les id\u00e9es oppressives sur le genre et la citoyennet\u00e9. [googletranslate_fr]<\/p>\n","protected":false},"template":"","reference-tag":[],"reference-type":[435],"class_list":["post-129468","reference","type-reference","status-publish","hentry","reference-type-journal-article"],"acf":{"citation":"Withers, A. (2016). (Re)constructing and (re)habilitating the disabled body: World war one era disability policy and its enduring ramifications. Canadian Review of Social Policy, 75(75), 30\u201358. Retrieved from https:\/\/crsp.journals.yorku.ca\/index.php\/crsp\/article\/view\/40241.","authors":"Withers, A.","org":"","year":"2016","title_fr":null,"editors_hidden":"","publication":"Canadian Review of Social Policy","publication_fr":null,"volume":"75","issue":"75","Series":"","SeriesNumber":"","page_range":"30\u201358","publisher_city":"","publisher_state":"","publisher":"","abstract_en":null,"abstract_fr":null,"keywords":"Rehabilitation, Pensions, Disability, World War I, Productivity","paywall":"1","doi":"","isbn":"","url":"https:\/\/crsp.journals.yorku.ca\/index.php\/crsp\/article\/view\/40241","url_fr":null,"url_amazon":"","TRACK":"0"},"yoast_head":"<!-- This site is optimized with the Yoast SEO plugin v27.4 - https:\/\/yoast.com\/product\/yoast-seo-wordpress\/ -->\n<title>(Re)constructing and (re)habilitating the disabled body: World war one era disability policy and its enduring ramifications - Future Skills Centre \u2022 Centre des Comp\u00e9tences futures<\/title>\n<meta name=\"robots\" content=\"index, follow, max-snippet:-1, max-image-preview:large, max-video-preview:-1\" \/>\n<link rel=\"canonical\" href=\"https:\/\/fsc-ccf.ca\/fr\/references\/reconstructing-and-rehabilitating-the-disabled-body-world-war-one-era-disability-policy-and-its-enduring-ramifications-2\/\" \/>\n<meta name=\"twitter:label1\" content=\"Est. reading time\" \/>\n\t<meta name=\"twitter:data1\" content=\"1 minute\" \/>\n<script type=\"application\/ld+json\" class=\"yoast-schema-graph\">{\"@context\":\"https:\\\/\\\/schema.org\",\"@graph\":[{\"@type\":\"WebPage\",\"@id\":\"https:\\\/\\\/fsc-ccf.ca\\\/fr\\\/references\\\/reconstructing-and-rehabilitating-the-disabled-body-world-war-one-era-disability-policy-and-its-enduring-ramifications-2\\\/\",\"url\":\"https:\\\/\\\/fsc-ccf.ca\\\/fr\\\/references\\\/reconstructing-and-rehabilitating-the-disabled-body-world-war-one-era-disability-policy-and-its-enduring-ramifications-2\\\/\",\"name\":\"(Re)constructing and (re)habilitating the disabled body: World war one era disability policy and its enduring ramifications - Future Skills Centre \u2022 Centre des Comp\u00e9tences futures\",\"isPartOf\":{\"@id\":\"https:\\\/\\\/fsc-ccf.ca\\\/fr\\\/#website\"},\"datePublished\":\"2020-08-11T22:20:51+00:00\",\"breadcrumb\":{\"@id\":\"https:\\\/\\\/fsc-ccf.ca\\\/fr\\\/references\\\/reconstructing-and-rehabilitating-the-disabled-body-world-war-one-era-disability-policy-and-its-enduring-ramifications-2\\\/#breadcrumb\"},\"inLanguage\":\"fr-FR\",\"potentialAction\":[{\"@type\":\"ReadAction\",\"target\":[\"https:\\\/\\\/fsc-ccf.ca\\\/fr\\\/references\\\/reconstructing-and-rehabilitating-the-disabled-body-world-war-one-era-disability-policy-and-its-enduring-ramifications-2\\\/\"]}]},{\"@type\":\"BreadcrumbList\",\"@id\":\"https:\\\/\\\/fsc-ccf.ca\\\/fr\\\/references\\\/reconstructing-and-rehabilitating-the-disabled-body-world-war-one-era-disability-policy-and-its-enduring-ramifications-2\\\/#breadcrumb\",\"itemListElement\":[{\"@type\":\"ListItem\",\"position\":1,\"name\":\"Home\",\"item\":\"https:\\\/\\\/fsc-ccf.ca\\\/fr\\\/\"},{\"@type\":\"ListItem\",\"position\":2,\"name\":\"References\",\"item\":\"https:\\\/\\\/fsc-ccf.ca\\\/fr\\\/references\\\/\"},{\"@type\":\"ListItem\",\"position\":3,\"name\":\"(Re)constructing and (re)habilitating the disabled body: World war one era disability policy and its enduring ramifications\"}]},{\"@type\":\"WebSite\",\"@id\":\"https:\\\/\\\/fsc-ccf.ca\\\/fr\\\/#website\",\"url\":\"https:\\\/\\\/fsc-ccf.ca\\\/fr\\\/\",\"name\":\"Future Skills Centre \u2022 Centre des Comp\u00e9tences futures\",\"description\":\"\",\"publisher\":{\"@id\":\"https:\\\/\\\/fsc-ccf.ca\\\/fr\\\/#organization\"},\"potentialAction\":[{\"@type\":\"SearchAction\",\"target\":{\"@type\":\"EntryPoint\",\"urlTemplate\":\"https:\\\/\\\/fsc-ccf.ca\\\/fr\\\/?s={search_term_string}\"},\"query-input\":{\"@type\":\"PropertyValueSpecification\",\"valueRequired\":true,\"valueName\":\"search_term_string\"}}],\"inLanguage\":\"fr-FR\"},{\"@type\":\"Organization\",\"@id\":\"https:\\\/\\\/fsc-ccf.ca\\\/fr\\\/#organization\",\"name\":\"Future Skills Centre \u2022 Centre des Comp\u00e9tences futures\",\"url\":\"https:\\\/\\\/fsc-ccf.ca\\\/fr\\\/\",\"logo\":{\"@type\":\"ImageObject\",\"inLanguage\":\"fr-FR\",\"@id\":\"https:\\\/\\\/fsc-ccf.ca\\\/fr\\\/#\\\/schema\\\/logo\\\/image\\\/\",\"url\":\"https:\\\/\\\/fsc-ccf.ca\\\/wp-content\\\/uploads\\\/2019\\\/08\\\/FSC_logo_colour_rgb_positive_ENG.png\",\"contentUrl\":\"https:\\\/\\\/fsc-ccf.ca\\\/wp-content\\\/uploads\\\/2019\\\/08\\\/FSC_logo_colour_rgb_positive_ENG.png\",\"width\":618,\"height\":528,\"caption\":\"Future Skills Centre \u2022 Centre des Comp\u00e9tences futures\"},\"image\":{\"@id\":\"https:\\\/\\\/fsc-ccf.ca\\\/fr\\\/#\\\/schema\\\/logo\\\/image\\\/\"},\"sameAs\":[\"https:\\\/\\\/www.facebook.com\\\/2161871137193201\\\/\",\"https:\\\/\\\/x.com\\\/fsc_ccf_en\",\"https:\\\/\\\/www.instagram.com\\\/fsc_ccf\\\/\",\"https:\\\/\\\/www.linkedin.com\\\/company\\\/fsc-ccf\\\/\"]}]}<\/script>\n<!-- \/ Yoast SEO plugin. -->","yoast_head_json":{"title":"(Re)constructing and (re)habilitating the disabled body: World war one era disability policy and its enduring ramifications - Future Skills Centre \u2022 Centre des Comp\u00e9tences futures","robots":{"index":"index","follow":"follow","max-snippet":"max-snippet:-1","max-image-preview":"max-image-preview:large","max-video-preview":"max-video-preview:-1"},"canonical":"https:\/\/fsc-ccf.ca\/fr\/references\/reconstructing-and-rehabilitating-the-disabled-body-world-war-one-era-disability-policy-and-its-enduring-ramifications-2\/","twitter_misc":{"Est. reading time":"1 minute"},"schema":{"@context":"https:\/\/schema.org","@graph":[{"@type":"WebPage","@id":"https:\/\/fsc-ccf.ca\/fr\/references\/reconstructing-and-rehabilitating-the-disabled-body-world-war-one-era-disability-policy-and-its-enduring-ramifications-2\/","url":"https:\/\/fsc-ccf.ca\/fr\/references\/reconstructing-and-rehabilitating-the-disabled-body-world-war-one-era-disability-policy-and-its-enduring-ramifications-2\/","name":"(Re)constructing and (re)habilitating the disabled body: World war one era disability policy and its enduring ramifications - Future Skills Centre \u2022 Centre des Comp\u00e9tences futures","isPartOf":{"@id":"https:\/\/fsc-ccf.ca\/fr\/#website"},"datePublished":"2020-08-11T22:20:51+00:00","breadcrumb":{"@id":"https:\/\/fsc-ccf.ca\/fr\/references\/reconstructing-and-rehabilitating-the-disabled-body-world-war-one-era-disability-policy-and-its-enduring-ramifications-2\/#breadcrumb"},"inLanguage":"fr-FR","potentialAction":[{"@type":"ReadAction","target":["https:\/\/fsc-ccf.ca\/fr\/references\/reconstructing-and-rehabilitating-the-disabled-body-world-war-one-era-disability-policy-and-its-enduring-ramifications-2\/"]}]},{"@type":"BreadcrumbList","@id":"https:\/\/fsc-ccf.ca\/fr\/references\/reconstructing-and-rehabilitating-the-disabled-body-world-war-one-era-disability-policy-and-its-enduring-ramifications-2\/#breadcrumb","itemListElement":[{"@type":"ListItem","position":1,"name":"Home","item":"https:\/\/fsc-ccf.ca\/fr\/"},{"@type":"ListItem","position":2,"name":"References","item":"https:\/\/fsc-ccf.ca\/fr\/references\/"},{"@type":"ListItem","position":3,"name":"(Re)constructing and (re)habilitating the disabled body: World war one era disability policy and its enduring ramifications"}]},{"@type":"WebSite","@id":"https:\/\/fsc-ccf.ca\/fr\/#website","url":"https:\/\/fsc-ccf.ca\/fr\/","name":"Future Skills Centre \u2022 Centre des Comp\u00e9tences futures","description":"","publisher":{"@id":"https:\/\/fsc-ccf.ca\/fr\/#organization"},"potentialAction":[{"@type":"SearchAction","target":{"@type":"EntryPoint","urlTemplate":"https:\/\/fsc-ccf.ca\/fr\/?s={search_term_string}"},"query-input":{"@type":"PropertyValueSpecification","valueRequired":true,"valueName":"search_term_string"}}],"inLanguage":"fr-FR"},{"@type":"Organization","@id":"https:\/\/fsc-ccf.ca\/fr\/#organization","name":"Future Skills Centre \u2022 Centre des Comp\u00e9tences futures","url":"https:\/\/fsc-ccf.ca\/fr\/","logo":{"@type":"ImageObject","inLanguage":"fr-FR","@id":"https:\/\/fsc-ccf.ca\/fr\/#\/schema\/logo\/image\/","url":"https:\/\/fsc-ccf.ca\/wp-content\/uploads\/2019\/08\/FSC_logo_colour_rgb_positive_ENG.png","contentUrl":"https:\/\/fsc-ccf.ca\/wp-content\/uploads\/2019\/08\/FSC_logo_colour_rgb_positive_ENG.png","width":618,"height":528,"caption":"Future Skills Centre \u2022 Centre des Comp\u00e9tences futures"},"image":{"@id":"https:\/\/fsc-ccf.ca\/fr\/#\/schema\/logo\/image\/"},"sameAs":["https:\/\/www.facebook.com\/2161871137193201\/","https:\/\/x.com\/fsc_ccf_en","https:\/\/www.instagram.com\/fsc_ccf\/","https:\/\/www.linkedin.com\/company\/fsc-ccf\/"]}]}},"_links":{"self":[{"href":"https:\/\/fsc-ccf.ca\/fr\/wp-json\/wp\/v2\/reference\/129468","targetHints":{"allow":["GET"]}}],"collection":[{"href":"https:\/\/fsc-ccf.ca\/fr\/wp-json\/wp\/v2\/reference"}],"about":[{"href":"https:\/\/fsc-ccf.ca\/fr\/wp-json\/wp\/v2\/types\/reference"}],"version-history":[{"count":0,"href":"https:\/\/fsc-ccf.ca\/fr\/wp-json\/wp\/v2\/reference\/129468\/revisions"}],"wp:attachment":[{"href":"https:\/\/fsc-ccf.ca\/fr\/wp-json\/wp\/v2\/media?parent=129468"}],"wp:term":[{"taxonomy":"reference-tag","embeddable":true,"href":"https:\/\/fsc-ccf.ca\/fr\/wp-json\/wp\/v2\/reference-tag?post=129468"},{"taxonomy":"reference-type","embeddable":true,"href":"https:\/\/fsc-ccf.ca\/fr\/wp-json\/wp\/v2\/reference-type?post=129468"}],"curies":[{"name":"wp","href":"https:\/\/api.w.org\/{rel}","templated":true}]}}