			{"id":129456,"date":"2020-08-11T18:20:46","date_gmt":"2020-08-11T22:20:46","guid":{"rendered":"https:\/\/fsc-ccf.ca\/references\/inequalities-and-agencies-in-workplace-learning-experiences-international-student-perspectives-2\/"},"modified":"2020-08-11T18:20:46","modified_gmt":"2020-08-11T22:20:46","slug":"inequalities-and-agencies-in-workplace-learning-experiences-international-student-perspectives-2","status":"publish","type":"reference","link":"https:\/\/fsc-ccf.ca\/fr\/references\/inequalities-and-agencies-in-workplace-learning-experiences-international-student-perspectives-2\/","title":{"rendered":"Inequalities and agencies in workplace learning experiences: International student perspectives"},"content":{"rendered":"<p>Les syst\u00e8mes nationaux d&#8217;enseignement et de formation dans le monde entier font face \u00e0 la r\u00e9forme conduite par la qualit\u00e9, la mobilit\u00e9 internationale, et l&#8217;\u00e9quit\u00e9. Les faits montrent qu&#8217;il ya qualitativement des d\u00e9fis particuliers \u00e0 fournir et soutenir des exp\u00e9riences d&#8217;apprentissage en milieu de travail aux \u00e9tudiants \u00e9trangers. Cependant, en d\u00e9pit de plus en plus travaux conceptuels et empiriques, il y a peu de preuves de l&#8217;exp\u00e9rience de ces \u00e9l\u00e8ves entreprendre des possibilit\u00e9s d&#8217;apprentissage en milieu de travail dans le cadre des cours de formation professionnelle. Le pr\u00e9sent document se fonde sur une \u00e9tude de quatre ans financ\u00e9 par le Conseil australien de la recherche qui a impliqu\u00e9 105 entretiens approfondis avec le travail d&#8217;entreprise des \u00e9tudiants internationaux des stages d&#8217;apprentissage int\u00e9gr\u00e9s dans le cadre des cours de formation professionnelle en Australie. Les r\u00e9sultats indiquent que les \u00e9tudiants \u00e9trangers peuvent exp\u00e9rimenter diff\u00e9rentes formes de discrimination et de d\u00e9qualification, et que ceux-ci ont \u00e9t\u00e9 l\u00e9gitim\u00e9es par les \u00e9tudiants en fonction de leur compr\u00e9hension d&#8217;eux-m\u00eames comme \u00e9tudiant aninternational \u00bb(avec moins de droits). Cependant, les r\u00e9sultats ont \u00e9galement d\u00e9montr\u00e9 la fa\u00e7on dont les \u00e9tudiants \u00e9trangers ont exerc\u00e9 leur agence pour naviguer ou m\u00eame perturber ces circonstances, qui sont souvent inclus le d\u00e9veloppement de leur capital social et culturel. Cette \u00e9tude, par cons\u00e9quent, des appels \u00e0 des pratiques d&#8217;induction et de soutien plus proactive inclusifs qui favorisent la compr\u00e9hension r\u00e9ciproques et des capacit\u00e9s de navigation pour toutes les personnes impliqu\u00e9es dans la fourniture de l&#8217;apprentissage int\u00e9gr\u00e9 au travail. Ceci, soutient-on, serait non seulement \u00e9largir et enrichir les possibilit\u00e9s d&#8217;apprentissage pour les \u00e9tudiants \u00e9trangers, leurs tuteurs, les employeurs et les employ\u00e9s impliqu\u00e9s dans la fourniture de possibilit\u00e9s d&#8217;apprentissage en milieu de travail, mais il pourrait aussi \u00eatre un catalyseur pour promouvoir une plus grande appr\u00e9ciation mutuelle de la diversit\u00e9 dans le lieu de travail. Traduit a\u0300 l'aide de Google Translate<\/p>\n","protected":false},"excerpt":{"rendered":"<p>Les syst\u00e8mes nationaux d&#8217;enseignement et de formation dans le monde entier font face \u00e0 la r\u00e9forme conduite par la qualit\u00e9, la mobilit\u00e9 internationale, et l&#8217;\u00e9quit\u00e9. Les faits montrent qu&#8217;il ya qualitativement des d\u00e9fis particuliers \u00e0 fournir et soutenir des exp\u00e9riences d&#8217;apprentissage en milieu de travail aux \u00e9tudiants \u00e9trangers. Cependant, en d\u00e9pit de plus en plus travaux conceptuels et empiriques, il y a peu de preuves de l&#8217;exp\u00e9rience de ces \u00e9l\u00e8ves entreprendre des possibilit\u00e9s d&#8217;apprentissage en milieu de travail dans le cadre des cours de formation professionnelle. Le pr\u00e9sent document se fonde sur une \u00e9tude de quatre ans financ\u00e9 par le Conseil australien de la recherche qui a impliqu\u00e9 105 entretiens approfondis avec le travail d&#8217;entreprise des \u00e9tudiants internationaux des stages d&#8217;apprentissage int\u00e9gr\u00e9s dans le cadre des cours de formation professionnelle en Australie. Les r\u00e9sultats indiquent que les \u00e9tudiants \u00e9trangers peuvent exp\u00e9rimenter diff\u00e9rentes formes de discrimination et de d\u00e9qualification, et que ceux-ci ont \u00e9t\u00e9 l\u00e9gitim\u00e9es par les \u00e9tudiants en fonction de leur compr\u00e9hension d&#8217;eux-m\u00eames comme \u00e9tudiant aninternational \u00bb(avec moins de droits). Cependant, les r\u00e9sultats ont \u00e9galement d\u00e9montr\u00e9 la fa\u00e7on dont les \u00e9tudiants \u00e9trangers ont exerc\u00e9 leur agence pour naviguer ou m\u00eame perturber ces circonstances, qui sont souvent inclus le d\u00e9veloppement de leur capital social et culturel. Cette \u00e9tude, par cons\u00e9quent, des appels \u00e0 des pratiques d&#8217;induction et de soutien plus proactive inclusifs qui favorisent la compr\u00e9hension r\u00e9ciproques et des capacit\u00e9s de navigation pour toutes les personnes impliqu\u00e9es dans la fourniture de l&#8217;apprentissage int\u00e9gr\u00e9 au travail. Ceci, soutient-on, serait non seulement \u00e9largir et enrichir les possibilit\u00e9s d&#8217;apprentissage pour les \u00e9tudiants \u00e9trangers, leurs tuteurs, les employeurs et les employ\u00e9s impliqu\u00e9s dans la fourniture de possibilit\u00e9s d&#8217;apprentissage en milieu de travail, mais il pourrait aussi \u00eatre un catalyseur pour promouvoir une plus grande appr\u00e9ciation mutuelle de la diversit\u00e9 dans le lieu de travail. [googletranslate_fr]<\/p>\n","protected":false},"template":"","reference-tag":[],"reference-type":[435],"class_list":["post-129456","reference","type-reference","status-publish","hentry","reference-type-journal-article"],"acf":{"citation":"Wall, T., Tran, L., and Soejatminah, S. (2017). Inequalities and agencies in workplace learning experiences: International student perspectives. Vocations and Learning, 10(2), 141\u2013156. Retrieved from https:\/\/link.springer.com\/article\/10.1007\/s12186-016-9167-2.","authors":"Wall, T., Tran, L., and Soejatminah, S.","org":"","year":"2017","title_fr":null,"editors_hidden":"","publication":"Vocations and Learning","publication_fr":null,"volume":"10","issue":"2","Series":"","SeriesNumber":"","page_range":"141\u2013156","publisher_city":"","publisher_state":"","publisher":"Springer","abstract_en":null,"abstract_fr":null,"keywords":"Agency, Inequality, International education, International students, International workplace experience, Vocational education","paywall":"1","doi":"10.1007\/s12186-016-9167-2","isbn":"","url":"https:\/\/link.springer.com\/article\/10.1007\/s12186-016-9167-2","url_fr":null,"url_amazon":"","TRACK":"0"},"yoast_head":"<!-- This site is optimized with the Yoast SEO plugin v27.4 - https:\/\/yoast.com\/product\/yoast-seo-wordpress\/ -->\n<title>Inequalities and agencies in workplace learning experiences: International student perspectives - Future Skills Centre \u2022 Centre des Comp\u00e9tences futures<\/title>\n<meta name=\"robots\" content=\"index, follow, max-snippet:-1, max-image-preview:large, max-video-preview:-1\" \/>\n<link rel=\"canonical\" href=\"https:\/\/fsc-ccf.ca\/fr\/references\/inequalities-and-agencies-in-workplace-learning-experiences-international-student-perspectives-2\/\" \/>\n<meta name=\"twitter:label1\" content=\"Est. reading time\" \/>\n\t<meta name=\"twitter:data1\" content=\"2 minutes\" \/>\n<script type=\"application\/ld+json\" class=\"yoast-schema-graph\">{\"@context\":\"https:\\\/\\\/schema.org\",\"@graph\":[{\"@type\":\"WebPage\",\"@id\":\"https:\\\/\\\/fsc-ccf.ca\\\/fr\\\/references\\\/inequalities-and-agencies-in-workplace-learning-experiences-international-student-perspectives-2\\\/\",\"url\":\"https:\\\/\\\/fsc-ccf.ca\\\/fr\\\/references\\\/inequalities-and-agencies-in-workplace-learning-experiences-international-student-perspectives-2\\\/\",\"name\":\"Inequalities and agencies in workplace learning experiences: International student perspectives - Future Skills Centre \u2022 Centre des Comp\u00e9tences futures\",\"isPartOf\":{\"@id\":\"https:\\\/\\\/fsc-ccf.ca\\\/fr\\\/#website\"},\"datePublished\":\"2020-08-11T22:20:46+00:00\",\"breadcrumb\":{\"@id\":\"https:\\\/\\\/fsc-ccf.ca\\\/fr\\\/references\\\/inequalities-and-agencies-in-workplace-learning-experiences-international-student-perspectives-2\\\/#breadcrumb\"},\"inLanguage\":\"fr-FR\",\"potentialAction\":[{\"@type\":\"ReadAction\",\"target\":[\"https:\\\/\\\/fsc-ccf.ca\\\/fr\\\/references\\\/inequalities-and-agencies-in-workplace-learning-experiences-international-student-perspectives-2\\\/\"]}]},{\"@type\":\"BreadcrumbList\",\"@id\":\"https:\\\/\\\/fsc-ccf.ca\\\/fr\\\/references\\\/inequalities-and-agencies-in-workplace-learning-experiences-international-student-perspectives-2\\\/#breadcrumb\",\"itemListElement\":[{\"@type\":\"ListItem\",\"position\":1,\"name\":\"Home\",\"item\":\"https:\\\/\\\/fsc-ccf.ca\\\/fr\\\/\"},{\"@type\":\"ListItem\",\"position\":2,\"name\":\"References\",\"item\":\"https:\\\/\\\/fsc-ccf.ca\\\/fr\\\/references\\\/\"},{\"@type\":\"ListItem\",\"position\":3,\"name\":\"Inequalities and agencies in workplace learning experiences: International student perspectives\"}]},{\"@type\":\"WebSite\",\"@id\":\"https:\\\/\\\/fsc-ccf.ca\\\/fr\\\/#website\",\"url\":\"https:\\\/\\\/fsc-ccf.ca\\\/fr\\\/\",\"name\":\"Future Skills Centre \u2022 Centre des Comp\u00e9tences futures\",\"description\":\"\",\"publisher\":{\"@id\":\"https:\\\/\\\/fsc-ccf.ca\\\/fr\\\/#organization\"},\"potentialAction\":[{\"@type\":\"SearchAction\",\"target\":{\"@type\":\"EntryPoint\",\"urlTemplate\":\"https:\\\/\\\/fsc-ccf.ca\\\/fr\\\/?s={search_term_string}\"},\"query-input\":{\"@type\":\"PropertyValueSpecification\",\"valueRequired\":true,\"valueName\":\"search_term_string\"}}],\"inLanguage\":\"fr-FR\"},{\"@type\":\"Organization\",\"@id\":\"https:\\\/\\\/fsc-ccf.ca\\\/fr\\\/#organization\",\"name\":\"Future Skills Centre \u2022 Centre des Comp\u00e9tences futures\",\"url\":\"https:\\\/\\\/fsc-ccf.ca\\\/fr\\\/\",\"logo\":{\"@type\":\"ImageObject\",\"inLanguage\":\"fr-FR\",\"@id\":\"https:\\\/\\\/fsc-ccf.ca\\\/fr\\\/#\\\/schema\\\/logo\\\/image\\\/\",\"url\":\"https:\\\/\\\/fsc-ccf.ca\\\/wp-content\\\/uploads\\\/2019\\\/08\\\/FSC_logo_colour_rgb_positive_ENG.png\",\"contentUrl\":\"https:\\\/\\\/fsc-ccf.ca\\\/wp-content\\\/uploads\\\/2019\\\/08\\\/FSC_logo_colour_rgb_positive_ENG.png\",\"width\":618,\"height\":528,\"caption\":\"Future Skills Centre \u2022 Centre des Comp\u00e9tences futures\"},\"image\":{\"@id\":\"https:\\\/\\\/fsc-ccf.ca\\\/fr\\\/#\\\/schema\\\/logo\\\/image\\\/\"},\"sameAs\":[\"https:\\\/\\\/www.facebook.com\\\/2161871137193201\\\/\",\"https:\\\/\\\/x.com\\\/fsc_ccf_en\",\"https:\\\/\\\/www.instagram.com\\\/fsc_ccf\\\/\",\"https:\\\/\\\/www.linkedin.com\\\/company\\\/fsc-ccf\\\/\"]}]}<\/script>\n<!-- \/ Yoast SEO plugin. -->","yoast_head_json":{"title":"Inequalities and agencies in workplace learning experiences: International student perspectives - Future Skills Centre \u2022 Centre des Comp\u00e9tences futures","robots":{"index":"index","follow":"follow","max-snippet":"max-snippet:-1","max-image-preview":"max-image-preview:large","max-video-preview":"max-video-preview:-1"},"canonical":"https:\/\/fsc-ccf.ca\/fr\/references\/inequalities-and-agencies-in-workplace-learning-experiences-international-student-perspectives-2\/","twitter_misc":{"Est. reading time":"2 minutes"},"schema":{"@context":"https:\/\/schema.org","@graph":[{"@type":"WebPage","@id":"https:\/\/fsc-ccf.ca\/fr\/references\/inequalities-and-agencies-in-workplace-learning-experiences-international-student-perspectives-2\/","url":"https:\/\/fsc-ccf.ca\/fr\/references\/inequalities-and-agencies-in-workplace-learning-experiences-international-student-perspectives-2\/","name":"Inequalities and agencies in workplace learning experiences: International student perspectives - Future Skills Centre \u2022 Centre des Comp\u00e9tences futures","isPartOf":{"@id":"https:\/\/fsc-ccf.ca\/fr\/#website"},"datePublished":"2020-08-11T22:20:46+00:00","breadcrumb":{"@id":"https:\/\/fsc-ccf.ca\/fr\/references\/inequalities-and-agencies-in-workplace-learning-experiences-international-student-perspectives-2\/#breadcrumb"},"inLanguage":"fr-FR","potentialAction":[{"@type":"ReadAction","target":["https:\/\/fsc-ccf.ca\/fr\/references\/inequalities-and-agencies-in-workplace-learning-experiences-international-student-perspectives-2\/"]}]},{"@type":"BreadcrumbList","@id":"https:\/\/fsc-ccf.ca\/fr\/references\/inequalities-and-agencies-in-workplace-learning-experiences-international-student-perspectives-2\/#breadcrumb","itemListElement":[{"@type":"ListItem","position":1,"name":"Home","item":"https:\/\/fsc-ccf.ca\/fr\/"},{"@type":"ListItem","position":2,"name":"References","item":"https:\/\/fsc-ccf.ca\/fr\/references\/"},{"@type":"ListItem","position":3,"name":"Inequalities and agencies in workplace learning experiences: International student perspectives"}]},{"@type":"WebSite","@id":"https:\/\/fsc-ccf.ca\/fr\/#website","url":"https:\/\/fsc-ccf.ca\/fr\/","name":"Future Skills Centre \u2022 Centre des Comp\u00e9tences futures","description":"","publisher":{"@id":"https:\/\/fsc-ccf.ca\/fr\/#organization"},"potentialAction":[{"@type":"SearchAction","target":{"@type":"EntryPoint","urlTemplate":"https:\/\/fsc-ccf.ca\/fr\/?s={search_term_string}"},"query-input":{"@type":"PropertyValueSpecification","valueRequired":true,"valueName":"search_term_string"}}],"inLanguage":"fr-FR"},{"@type":"Organization","@id":"https:\/\/fsc-ccf.ca\/fr\/#organization","name":"Future Skills Centre \u2022 Centre des Comp\u00e9tences futures","url":"https:\/\/fsc-ccf.ca\/fr\/","logo":{"@type":"ImageObject","inLanguage":"fr-FR","@id":"https:\/\/fsc-ccf.ca\/fr\/#\/schema\/logo\/image\/","url":"https:\/\/fsc-ccf.ca\/wp-content\/uploads\/2019\/08\/FSC_logo_colour_rgb_positive_ENG.png","contentUrl":"https:\/\/fsc-ccf.ca\/wp-content\/uploads\/2019\/08\/FSC_logo_colour_rgb_positive_ENG.png","width":618,"height":528,"caption":"Future Skills Centre \u2022 Centre des Comp\u00e9tences futures"},"image":{"@id":"https:\/\/fsc-ccf.ca\/fr\/#\/schema\/logo\/image\/"},"sameAs":["https:\/\/www.facebook.com\/2161871137193201\/","https:\/\/x.com\/fsc_ccf_en","https:\/\/www.instagram.com\/fsc_ccf\/","https:\/\/www.linkedin.com\/company\/fsc-ccf\/"]}]}},"_links":{"self":[{"href":"https:\/\/fsc-ccf.ca\/fr\/wp-json\/wp\/v2\/reference\/129456","targetHints":{"allow":["GET"]}}],"collection":[{"href":"https:\/\/fsc-ccf.ca\/fr\/wp-json\/wp\/v2\/reference"}],"about":[{"href":"https:\/\/fsc-ccf.ca\/fr\/wp-json\/wp\/v2\/types\/reference"}],"version-history":[{"count":0,"href":"https:\/\/fsc-ccf.ca\/fr\/wp-json\/wp\/v2\/reference\/129456\/revisions"}],"wp:attachment":[{"href":"https:\/\/fsc-ccf.ca\/fr\/wp-json\/wp\/v2\/media?parent=129456"}],"wp:term":[{"taxonomy":"reference-tag","embeddable":true,"href":"https:\/\/fsc-ccf.ca\/fr\/wp-json\/wp\/v2\/reference-tag?post=129456"},{"taxonomy":"reference-type","embeddable":true,"href":"https:\/\/fsc-ccf.ca\/fr\/wp-json\/wp\/v2\/reference-type?post=129456"}],"curies":[{"name":"wp","href":"https:\/\/api.w.org\/{rel}","templated":true}]}}