			{"id":129442,"date":"2020-08-11T18:20:41","date_gmt":"2020-08-11T22:20:41","guid":{"rendered":"https:\/\/fsc-ccf.ca\/references\/a-model-of-factors-affecting-the-treatment-of-disabled-individuals-in-organizations-2\/"},"modified":"2020-08-11T18:20:40","modified_gmt":"2020-08-11T22:20:40","slug":"a-model-of-factors-affecting-the-treatment-of-disabled-individuals-in-organizations-2","status":"publish","type":"reference","link":"https:\/\/fsc-ccf.ca\/fr\/references\/a-model-of-factors-affecting-the-treatment-of-disabled-individuals-in-organizations-2\/","title":{"rendered":"A model of factors affecting the treatment of disabled individuals in organizations"},"content":{"rendered":"<p>Un mod\u00e8le de facteurs consid\u00e9r\u00e9s comme pouvant affecter le traitement des personnes handicap\u00e9es dans les organisations est pr\u00e9sent\u00e9. Plus pr\u00e9cis\u00e9ment, le mod\u00e8le sugg\u00e8re que les caract\u00e9ristiques de la personne (par exemple, les attributs de la personne handicap\u00e9e, les attributs de l&#8217;observateur), les facteurs environnementaux (par exemple, l\u00e9gislation), et les caract\u00e9ristiques organisationnelles (par exemple, les normes, les valeurs, les politiques, la nature des emplois, des syst\u00e8mes de r\u00e9compense ) se combinent pour affecter la fa\u00e7on dont les personnes handicap\u00e9es sont trait\u00e9es dans les organisations. En outre, le mod\u00e8le indique que les relations d\u00e9crites, sont m\u00e9di\u00e9s par les cognitions des observateurs (\u00e0 savoir, la cat\u00e9gorisation, les st\u00e9r\u00e9otypes, l&#8217;esp\u00e9rance) et les \u00e9tats affectifs. Enfin, le mod\u00e8le pr\u00e9dit que les r\u00e9ponses des personnes handicap\u00e9es r\u00e9alimentent modifier les attentes des observateurs et des caract\u00e9ristiques d&#8217;organisation. Implications pour mener des recherches sur les questions de handicap et faciliter l&#8217;int\u00e9gration des personnes handicap\u00e9es dans un cadre organisationnel sont discut\u00e9s. Traduit a\u0300 l'aide de Google Translate<\/p>\n","protected":false},"excerpt":{"rendered":"<p>Un mod\u00e8le de facteurs consid\u00e9r\u00e9s comme pouvant affecter le traitement des personnes handicap\u00e9es dans les organisations est pr\u00e9sent\u00e9. Plus pr\u00e9cis\u00e9ment, le mod\u00e8le sugg\u00e8re que les caract\u00e9ristiques de la personne (par exemple, les attributs de la personne handicap\u00e9e, les attributs de l&#8217;observateur), les facteurs environnementaux (par exemple, l\u00e9gislation), et les caract\u00e9ristiques organisationnelles (par exemple, les normes, les valeurs, les politiques, la nature des emplois, des syst\u00e8mes de r\u00e9compense ) se combinent pour affecter la fa\u00e7on dont les personnes handicap\u00e9es sont trait\u00e9es dans les organisations. En outre, le mod\u00e8le indique que les relations d\u00e9crites, sont m\u00e9di\u00e9s par les cognitions des observateurs (\u00e0 savoir, la cat\u00e9gorisation, les st\u00e9r\u00e9otypes, l&#8217;esp\u00e9rance) et les \u00e9tats affectifs. Enfin, le mod\u00e8le pr\u00e9dit que les r\u00e9ponses des personnes handicap\u00e9es r\u00e9alimentent modifier les attentes des observateurs et des caract\u00e9ristiques d&#8217;organisation. Implications pour mener des recherches sur les questions de handicap et faciliter l&#8217;int\u00e9gration des personnes handicap\u00e9es dans un cadre organisationnel sont discut\u00e9s. [googletranslate_fr]<\/p>\n","protected":false},"template":"","reference-tag":[],"reference-type":[435],"class_list":["post-129442","reference","type-reference","status-publish","hentry","reference-type-journal-article"],"acf":{"citation":"Stone, D. and Colella, A. (1996). A model of factors affecting the treatment of disabled individuals in organizations. Academy of Management Review, 21(2), 352\u2013401. Retrieved from https:\/\/www.jstor.org\/stable\/258666?seq=1#page_scan_tab_contents.","authors":"Stone, D. and Colella, A.","org":"","year":"1996","title_fr":null,"editors_hidden":"","publication":"Academy of Management Review","publication_fr":null,"volume":"21","issue":"2","Series":"","SeriesNumber":"","page_range":"352\u2013401","publisher_city":"","publisher_state":"","publisher":"Academy of Management","abstract_en":null,"abstract_fr":null,"keywords":"","paywall":"1","doi":"10.5465\/AMR.1996.9605060216","isbn":"","url":"https:\/\/www.jstor.org\/stable\/258666?seq=1#page_scan_tab_contents","url_fr":null,"url_amazon":"","TRACK":"0"},"yoast_head":"<!-- This site is optimized with the Yoast SEO plugin v27.4 - https:\/\/yoast.com\/product\/yoast-seo-wordpress\/ -->\n<title>A model of factors affecting the treatment of disabled individuals in organizations - Future Skills Centre \u2022 Centre des Comp\u00e9tences futures<\/title>\n<meta name=\"robots\" content=\"index, follow, max-snippet:-1, max-image-preview:large, max-video-preview:-1\" \/>\n<link rel=\"canonical\" href=\"https:\/\/fsc-ccf.ca\/fr\/references\/a-model-of-factors-affecting-the-treatment-of-disabled-individuals-in-organizations-2\/\" \/>\n<meta name=\"twitter:label1\" content=\"Est. reading time\" \/>\n\t<meta name=\"twitter:data1\" content=\"1 minute\" \/>\n<script type=\"application\/ld+json\" class=\"yoast-schema-graph\">{\"@context\":\"https:\\\/\\\/schema.org\",\"@graph\":[{\"@type\":\"WebPage\",\"@id\":\"https:\\\/\\\/fsc-ccf.ca\\\/fr\\\/references\\\/a-model-of-factors-affecting-the-treatment-of-disabled-individuals-in-organizations-2\\\/\",\"url\":\"https:\\\/\\\/fsc-ccf.ca\\\/fr\\\/references\\\/a-model-of-factors-affecting-the-treatment-of-disabled-individuals-in-organizations-2\\\/\",\"name\":\"A model of factors affecting the treatment of disabled individuals in organizations - Future Skills Centre \u2022 Centre des Comp\u00e9tences futures\",\"isPartOf\":{\"@id\":\"https:\\\/\\\/fsc-ccf.ca\\\/fr\\\/#website\"},\"datePublished\":\"2020-08-11T22:20:41+00:00\",\"breadcrumb\":{\"@id\":\"https:\\\/\\\/fsc-ccf.ca\\\/fr\\\/references\\\/a-model-of-factors-affecting-the-treatment-of-disabled-individuals-in-organizations-2\\\/#breadcrumb\"},\"inLanguage\":\"fr-FR\",\"potentialAction\":[{\"@type\":\"ReadAction\",\"target\":[\"https:\\\/\\\/fsc-ccf.ca\\\/fr\\\/references\\\/a-model-of-factors-affecting-the-treatment-of-disabled-individuals-in-organizations-2\\\/\"]}]},{\"@type\":\"BreadcrumbList\",\"@id\":\"https:\\\/\\\/fsc-ccf.ca\\\/fr\\\/references\\\/a-model-of-factors-affecting-the-treatment-of-disabled-individuals-in-organizations-2\\\/#breadcrumb\",\"itemListElement\":[{\"@type\":\"ListItem\",\"position\":1,\"name\":\"Home\",\"item\":\"https:\\\/\\\/fsc-ccf.ca\\\/fr\\\/\"},{\"@type\":\"ListItem\",\"position\":2,\"name\":\"References\",\"item\":\"https:\\\/\\\/fsc-ccf.ca\\\/fr\\\/references\\\/\"},{\"@type\":\"ListItem\",\"position\":3,\"name\":\"A model of factors affecting the treatment of disabled individuals in organizations\"}]},{\"@type\":\"WebSite\",\"@id\":\"https:\\\/\\\/fsc-ccf.ca\\\/fr\\\/#website\",\"url\":\"https:\\\/\\\/fsc-ccf.ca\\\/fr\\\/\",\"name\":\"Future Skills Centre \u2022 Centre des Comp\u00e9tences futures\",\"description\":\"\",\"publisher\":{\"@id\":\"https:\\\/\\\/fsc-ccf.ca\\\/fr\\\/#organization\"},\"potentialAction\":[{\"@type\":\"SearchAction\",\"target\":{\"@type\":\"EntryPoint\",\"urlTemplate\":\"https:\\\/\\\/fsc-ccf.ca\\\/fr\\\/?s={search_term_string}\"},\"query-input\":{\"@type\":\"PropertyValueSpecification\",\"valueRequired\":true,\"valueName\":\"search_term_string\"}}],\"inLanguage\":\"fr-FR\"},{\"@type\":\"Organization\",\"@id\":\"https:\\\/\\\/fsc-ccf.ca\\\/fr\\\/#organization\",\"name\":\"Future Skills Centre \u2022 Centre des Comp\u00e9tences futures\",\"url\":\"https:\\\/\\\/fsc-ccf.ca\\\/fr\\\/\",\"logo\":{\"@type\":\"ImageObject\",\"inLanguage\":\"fr-FR\",\"@id\":\"https:\\\/\\\/fsc-ccf.ca\\\/fr\\\/#\\\/schema\\\/logo\\\/image\\\/\",\"url\":\"https:\\\/\\\/fsc-ccf.ca\\\/wp-content\\\/uploads\\\/2019\\\/08\\\/FSC_logo_colour_rgb_positive_ENG.png\",\"contentUrl\":\"https:\\\/\\\/fsc-ccf.ca\\\/wp-content\\\/uploads\\\/2019\\\/08\\\/FSC_logo_colour_rgb_positive_ENG.png\",\"width\":618,\"height\":528,\"caption\":\"Future Skills Centre \u2022 Centre des Comp\u00e9tences futures\"},\"image\":{\"@id\":\"https:\\\/\\\/fsc-ccf.ca\\\/fr\\\/#\\\/schema\\\/logo\\\/image\\\/\"},\"sameAs\":[\"https:\\\/\\\/www.facebook.com\\\/2161871137193201\\\/\",\"https:\\\/\\\/x.com\\\/fsc_ccf_en\",\"https:\\\/\\\/www.instagram.com\\\/fsc_ccf\\\/\",\"https:\\\/\\\/www.linkedin.com\\\/company\\\/fsc-ccf\\\/\"]}]}<\/script>\n<!-- \/ Yoast SEO plugin. -->","yoast_head_json":{"title":"A model of factors affecting the treatment of disabled individuals in organizations - Future Skills Centre \u2022 Centre des Comp\u00e9tences futures","robots":{"index":"index","follow":"follow","max-snippet":"max-snippet:-1","max-image-preview":"max-image-preview:large","max-video-preview":"max-video-preview:-1"},"canonical":"https:\/\/fsc-ccf.ca\/fr\/references\/a-model-of-factors-affecting-the-treatment-of-disabled-individuals-in-organizations-2\/","twitter_misc":{"Est. reading time":"1 minute"},"schema":{"@context":"https:\/\/schema.org","@graph":[{"@type":"WebPage","@id":"https:\/\/fsc-ccf.ca\/fr\/references\/a-model-of-factors-affecting-the-treatment-of-disabled-individuals-in-organizations-2\/","url":"https:\/\/fsc-ccf.ca\/fr\/references\/a-model-of-factors-affecting-the-treatment-of-disabled-individuals-in-organizations-2\/","name":"A model of factors affecting the treatment of disabled individuals in organizations - Future Skills Centre \u2022 Centre des Comp\u00e9tences futures","isPartOf":{"@id":"https:\/\/fsc-ccf.ca\/fr\/#website"},"datePublished":"2020-08-11T22:20:41+00:00","breadcrumb":{"@id":"https:\/\/fsc-ccf.ca\/fr\/references\/a-model-of-factors-affecting-the-treatment-of-disabled-individuals-in-organizations-2\/#breadcrumb"},"inLanguage":"fr-FR","potentialAction":[{"@type":"ReadAction","target":["https:\/\/fsc-ccf.ca\/fr\/references\/a-model-of-factors-affecting-the-treatment-of-disabled-individuals-in-organizations-2\/"]}]},{"@type":"BreadcrumbList","@id":"https:\/\/fsc-ccf.ca\/fr\/references\/a-model-of-factors-affecting-the-treatment-of-disabled-individuals-in-organizations-2\/#breadcrumb","itemListElement":[{"@type":"ListItem","position":1,"name":"Home","item":"https:\/\/fsc-ccf.ca\/fr\/"},{"@type":"ListItem","position":2,"name":"References","item":"https:\/\/fsc-ccf.ca\/fr\/references\/"},{"@type":"ListItem","position":3,"name":"A model of factors affecting the treatment of disabled individuals in organizations"}]},{"@type":"WebSite","@id":"https:\/\/fsc-ccf.ca\/fr\/#website","url":"https:\/\/fsc-ccf.ca\/fr\/","name":"Future Skills Centre \u2022 Centre des Comp\u00e9tences futures","description":"","publisher":{"@id":"https:\/\/fsc-ccf.ca\/fr\/#organization"},"potentialAction":[{"@type":"SearchAction","target":{"@type":"EntryPoint","urlTemplate":"https:\/\/fsc-ccf.ca\/fr\/?s={search_term_string}"},"query-input":{"@type":"PropertyValueSpecification","valueRequired":true,"valueName":"search_term_string"}}],"inLanguage":"fr-FR"},{"@type":"Organization","@id":"https:\/\/fsc-ccf.ca\/fr\/#organization","name":"Future Skills Centre \u2022 Centre des Comp\u00e9tences futures","url":"https:\/\/fsc-ccf.ca\/fr\/","logo":{"@type":"ImageObject","inLanguage":"fr-FR","@id":"https:\/\/fsc-ccf.ca\/fr\/#\/schema\/logo\/image\/","url":"https:\/\/fsc-ccf.ca\/wp-content\/uploads\/2019\/08\/FSC_logo_colour_rgb_positive_ENG.png","contentUrl":"https:\/\/fsc-ccf.ca\/wp-content\/uploads\/2019\/08\/FSC_logo_colour_rgb_positive_ENG.png","width":618,"height":528,"caption":"Future Skills Centre \u2022 Centre des Comp\u00e9tences futures"},"image":{"@id":"https:\/\/fsc-ccf.ca\/fr\/#\/schema\/logo\/image\/"},"sameAs":["https:\/\/www.facebook.com\/2161871137193201\/","https:\/\/x.com\/fsc_ccf_en","https:\/\/www.instagram.com\/fsc_ccf\/","https:\/\/www.linkedin.com\/company\/fsc-ccf\/"]}]}},"_links":{"self":[{"href":"https:\/\/fsc-ccf.ca\/fr\/wp-json\/wp\/v2\/reference\/129442","targetHints":{"allow":["GET"]}}],"collection":[{"href":"https:\/\/fsc-ccf.ca\/fr\/wp-json\/wp\/v2\/reference"}],"about":[{"href":"https:\/\/fsc-ccf.ca\/fr\/wp-json\/wp\/v2\/types\/reference"}],"version-history":[{"count":0,"href":"https:\/\/fsc-ccf.ca\/fr\/wp-json\/wp\/v2\/reference\/129442\/revisions"}],"wp:attachment":[{"href":"https:\/\/fsc-ccf.ca\/fr\/wp-json\/wp\/v2\/media?parent=129442"}],"wp:term":[{"taxonomy":"reference-tag","embeddable":true,"href":"https:\/\/fsc-ccf.ca\/fr\/wp-json\/wp\/v2\/reference-tag?post=129442"},{"taxonomy":"reference-type","embeddable":true,"href":"https:\/\/fsc-ccf.ca\/fr\/wp-json\/wp\/v2\/reference-type?post=129442"}],"curies":[{"name":"wp","href":"https:\/\/api.w.org\/{rel}","templated":true}]}}