			{"id":129415,"date":"2020-08-11T18:20:28","date_gmt":"2020-08-11T22:20:28","guid":{"rendered":"https:\/\/fsc-ccf.ca\/references\/the-intersectionality-of-postsecondary-pathways-the-case-of-high-school-students-with-special-education-needs-2\/"},"modified":"2020-08-11T18:20:28","modified_gmt":"2020-08-11T22:20:28","slug":"the-intersectionality-of-postsecondary-pathways-the-case-of-high-school-students-with-special-education-needs-2","status":"publish","type":"reference","link":"https:\/\/fsc-ccf.ca\/fr\/references\/the-intersectionality-of-postsecondary-pathways-the-case-of-high-school-students-with-special-education-needs-2\/","title":{"rendered":"The intersectionality of postsecondary pathways: The case of high school students with special education needs"},"content":{"rendered":"<p>\u00c0 partir des donn\u00e9es de la Commission scolaire du district de Toronto, nous examinons les itin\u00e9raires d&#8217;\u00e9tudes des \u00e9l\u00e8ves ayant des besoins \u00e9ducatifs sp\u00e9ciaux (SEN). Nous consid\u00e9rons que les deux voies universitaires et coll\u00e9giaux, employant des r\u00e9gressions logistiques multinomiales \u00e0 plusieurs niveaux, conceptualiser nos r\u00e9sultats dans un cours de la vie et le cadre de l&#8217;intersectionnalit\u00e9. Nos r\u00e9sultats montrent que ayant des besoins \u00e9ducatifs r\u00e9duit la probabilit\u00e9 de confirmer l&#8217;universit\u00e9, mais augmente la probabilit\u00e9 de la confirmation de l&#8217;universit\u00e9. Nous examinons un ensemble de d\u00e9terminants connus des parcours des \u00e9tudes postsecondaires (EPS) qui ont \u00e9t\u00e9 tir\u00e9es de la litt\u00e9rature et emploient des interactions statistiques exploratoires pour examiner si l&#8217;intersection de diff\u00e9rents traits impacts diff\u00e9rents sur les trajectoires d&#8217;EPS des \u00e9l\u00e8ves ayant des besoins particuliers. Nos r\u00e9sultats montrent que l&#8217;\u00e9ducation parentale, la richesse du quartier, la race, et l&#8217;impact sur les flux d&#8217;\u00e9tudiants postsecondaires parcours \u00e0 besoins \u00e9ducatifs particuliers \u00e0 Toronto. Traduit a\u0300 l'aide de Google Translate<\/p>\n","protected":false},"excerpt":{"rendered":"<p>\u00c0 partir des donn\u00e9es de la Commission scolaire du district de Toronto, nous examinons les itin\u00e9raires d&#8217;\u00e9tudes des \u00e9l\u00e8ves ayant des besoins \u00e9ducatifs sp\u00e9ciaux (SEN). Nous consid\u00e9rons que les deux voies universitaires et coll\u00e9giaux, employant des r\u00e9gressions logistiques multinomiales \u00e0 plusieurs niveaux, conceptualiser nos r\u00e9sultats dans un cours de la vie et le cadre de l&#8217;intersectionnalit\u00e9. Nos r\u00e9sultats montrent que ayant des besoins \u00e9ducatifs r\u00e9duit la probabilit\u00e9 de confirmer l&#8217;universit\u00e9, mais augmente la probabilit\u00e9 de la confirmation de l&#8217;universit\u00e9. Nous examinons un ensemble de d\u00e9terminants connus des parcours des \u00e9tudes postsecondaires (EPS) qui ont \u00e9t\u00e9 tir\u00e9es de la litt\u00e9rature et emploient des interactions statistiques exploratoires pour examiner si l&#8217;intersection de diff\u00e9rents traits impacts diff\u00e9rents sur les trajectoires d&#8217;EPS des \u00e9l\u00e8ves ayant des besoins particuliers. Nos r\u00e9sultats montrent que l&#8217;\u00e9ducation parentale, la richesse du quartier, la race, et l&#8217;impact sur les flux d&#8217;\u00e9tudiants postsecondaires parcours \u00e0 besoins \u00e9ducatifs particuliers \u00e0 Toronto. [googletranslate_fr]<\/p>\n","protected":false},"template":"","reference-tag":[],"reference-type":[435],"class_list":["post-129415","reference","type-reference","status-publish","hentry","reference-type-journal-article"],"acf":{"citation":"Robson, K., Anisef, P., Brown, R., and Parekh, G. (2014). The intersectionality of postsecondary pathways: The case of high school students with special education needs. Canadian Review of Sociology, 51(3), 193\u2013215. Retrieved from https:\/\/onlinelibrary.wiley.com\/doi\/abs\/10.1111\/cars.12044.","authors":"Robson, K., Anisef, P., Brown, R., and Parekh, G.","org":"","year":"2014","title_fr":null,"editors_hidden":"","publication":"Canadian Review of Sociology","publication_fr":null,"volume":"51","issue":"3","Series":"","SeriesNumber":"","page_range":"193\u2013215","publisher_city":"","publisher_state":"","publisher":"John Wiley and Sons","abstract_en":null,"abstract_fr":null,"keywords":"","paywall":"1","doi":"10.1111\/cars.12044","isbn":"","url":"https:\/\/onlinelibrary.wiley.com\/doi\/abs\/10.1111\/cars.12044","url_fr":null,"url_amazon":"","TRACK":"0"},"yoast_head":"<!-- This site is optimized with the Yoast SEO plugin v27.4 - https:\/\/yoast.com\/product\/yoast-seo-wordpress\/ -->\n<title>The intersectionality of postsecondary pathways: The case of high school students with special education needs - Future Skills Centre \u2022 Centre des Comp\u00e9tences futures<\/title>\n<meta name=\"robots\" content=\"index, follow, max-snippet:-1, max-image-preview:large, max-video-preview:-1\" \/>\n<link rel=\"canonical\" href=\"https:\/\/fsc-ccf.ca\/fr\/references\/the-intersectionality-of-postsecondary-pathways-the-case-of-high-school-students-with-special-education-needs-2\/\" \/>\n<meta name=\"twitter:label1\" content=\"Est. reading time\" \/>\n\t<meta name=\"twitter:data1\" content=\"1 minute\" \/>\n<script type=\"application\/ld+json\" class=\"yoast-schema-graph\">{\"@context\":\"https:\\\/\\\/schema.org\",\"@graph\":[{\"@type\":\"WebPage\",\"@id\":\"https:\\\/\\\/fsc-ccf.ca\\\/fr\\\/references\\\/the-intersectionality-of-postsecondary-pathways-the-case-of-high-school-students-with-special-education-needs-2\\\/\",\"url\":\"https:\\\/\\\/fsc-ccf.ca\\\/fr\\\/references\\\/the-intersectionality-of-postsecondary-pathways-the-case-of-high-school-students-with-special-education-needs-2\\\/\",\"name\":\"The intersectionality of postsecondary pathways: The case of high school students with special education needs - Future Skills Centre \u2022 Centre des Comp\u00e9tences futures\",\"isPartOf\":{\"@id\":\"https:\\\/\\\/fsc-ccf.ca\\\/fr\\\/#website\"},\"datePublished\":\"2020-08-11T22:20:28+00:00\",\"breadcrumb\":{\"@id\":\"https:\\\/\\\/fsc-ccf.ca\\\/fr\\\/references\\\/the-intersectionality-of-postsecondary-pathways-the-case-of-high-school-students-with-special-education-needs-2\\\/#breadcrumb\"},\"inLanguage\":\"fr-FR\",\"potentialAction\":[{\"@type\":\"ReadAction\",\"target\":[\"https:\\\/\\\/fsc-ccf.ca\\\/fr\\\/references\\\/the-intersectionality-of-postsecondary-pathways-the-case-of-high-school-students-with-special-education-needs-2\\\/\"]}]},{\"@type\":\"BreadcrumbList\",\"@id\":\"https:\\\/\\\/fsc-ccf.ca\\\/fr\\\/references\\\/the-intersectionality-of-postsecondary-pathways-the-case-of-high-school-students-with-special-education-needs-2\\\/#breadcrumb\",\"itemListElement\":[{\"@type\":\"ListItem\",\"position\":1,\"name\":\"Home\",\"item\":\"https:\\\/\\\/fsc-ccf.ca\\\/fr\\\/\"},{\"@type\":\"ListItem\",\"position\":2,\"name\":\"References\",\"item\":\"https:\\\/\\\/fsc-ccf.ca\\\/fr\\\/references\\\/\"},{\"@type\":\"ListItem\",\"position\":3,\"name\":\"The intersectionality of postsecondary pathways: The case of high school students with special education needs\"}]},{\"@type\":\"WebSite\",\"@id\":\"https:\\\/\\\/fsc-ccf.ca\\\/fr\\\/#website\",\"url\":\"https:\\\/\\\/fsc-ccf.ca\\\/fr\\\/\",\"name\":\"Future Skills Centre \u2022 Centre des Comp\u00e9tences futures\",\"description\":\"\",\"publisher\":{\"@id\":\"https:\\\/\\\/fsc-ccf.ca\\\/fr\\\/#organization\"},\"potentialAction\":[{\"@type\":\"SearchAction\",\"target\":{\"@type\":\"EntryPoint\",\"urlTemplate\":\"https:\\\/\\\/fsc-ccf.ca\\\/fr\\\/?s={search_term_string}\"},\"query-input\":{\"@type\":\"PropertyValueSpecification\",\"valueRequired\":true,\"valueName\":\"search_term_string\"}}],\"inLanguage\":\"fr-FR\"},{\"@type\":\"Organization\",\"@id\":\"https:\\\/\\\/fsc-ccf.ca\\\/fr\\\/#organization\",\"name\":\"Future Skills Centre \u2022 Centre des Comp\u00e9tences futures\",\"url\":\"https:\\\/\\\/fsc-ccf.ca\\\/fr\\\/\",\"logo\":{\"@type\":\"ImageObject\",\"inLanguage\":\"fr-FR\",\"@id\":\"https:\\\/\\\/fsc-ccf.ca\\\/fr\\\/#\\\/schema\\\/logo\\\/image\\\/\",\"url\":\"https:\\\/\\\/fsc-ccf.ca\\\/wp-content\\\/uploads\\\/2019\\\/08\\\/FSC_logo_colour_rgb_positive_ENG.png\",\"contentUrl\":\"https:\\\/\\\/fsc-ccf.ca\\\/wp-content\\\/uploads\\\/2019\\\/08\\\/FSC_logo_colour_rgb_positive_ENG.png\",\"width\":618,\"height\":528,\"caption\":\"Future Skills Centre \u2022 Centre des Comp\u00e9tences futures\"},\"image\":{\"@id\":\"https:\\\/\\\/fsc-ccf.ca\\\/fr\\\/#\\\/schema\\\/logo\\\/image\\\/\"},\"sameAs\":[\"https:\\\/\\\/www.facebook.com\\\/2161871137193201\\\/\",\"https:\\\/\\\/x.com\\\/fsc_ccf_en\",\"https:\\\/\\\/www.instagram.com\\\/fsc_ccf\\\/\",\"https:\\\/\\\/www.linkedin.com\\\/company\\\/fsc-ccf\\\/\"]}]}<\/script>\n<!-- \/ Yoast SEO plugin. -->","yoast_head_json":{"title":"The intersectionality of postsecondary pathways: The case of high school students with special education needs - Future Skills Centre \u2022 Centre des Comp\u00e9tences futures","robots":{"index":"index","follow":"follow","max-snippet":"max-snippet:-1","max-image-preview":"max-image-preview:large","max-video-preview":"max-video-preview:-1"},"canonical":"https:\/\/fsc-ccf.ca\/fr\/references\/the-intersectionality-of-postsecondary-pathways-the-case-of-high-school-students-with-special-education-needs-2\/","twitter_misc":{"Est. reading time":"1 minute"},"schema":{"@context":"https:\/\/schema.org","@graph":[{"@type":"WebPage","@id":"https:\/\/fsc-ccf.ca\/fr\/references\/the-intersectionality-of-postsecondary-pathways-the-case-of-high-school-students-with-special-education-needs-2\/","url":"https:\/\/fsc-ccf.ca\/fr\/references\/the-intersectionality-of-postsecondary-pathways-the-case-of-high-school-students-with-special-education-needs-2\/","name":"The intersectionality of postsecondary pathways: The case of high school students with special education needs - Future Skills Centre \u2022 Centre des Comp\u00e9tences futures","isPartOf":{"@id":"https:\/\/fsc-ccf.ca\/fr\/#website"},"datePublished":"2020-08-11T22:20:28+00:00","breadcrumb":{"@id":"https:\/\/fsc-ccf.ca\/fr\/references\/the-intersectionality-of-postsecondary-pathways-the-case-of-high-school-students-with-special-education-needs-2\/#breadcrumb"},"inLanguage":"fr-FR","potentialAction":[{"@type":"ReadAction","target":["https:\/\/fsc-ccf.ca\/fr\/references\/the-intersectionality-of-postsecondary-pathways-the-case-of-high-school-students-with-special-education-needs-2\/"]}]},{"@type":"BreadcrumbList","@id":"https:\/\/fsc-ccf.ca\/fr\/references\/the-intersectionality-of-postsecondary-pathways-the-case-of-high-school-students-with-special-education-needs-2\/#breadcrumb","itemListElement":[{"@type":"ListItem","position":1,"name":"Home","item":"https:\/\/fsc-ccf.ca\/fr\/"},{"@type":"ListItem","position":2,"name":"References","item":"https:\/\/fsc-ccf.ca\/fr\/references\/"},{"@type":"ListItem","position":3,"name":"The intersectionality of postsecondary pathways: The case of high school students with special education needs"}]},{"@type":"WebSite","@id":"https:\/\/fsc-ccf.ca\/fr\/#website","url":"https:\/\/fsc-ccf.ca\/fr\/","name":"Future Skills Centre \u2022 Centre des Comp\u00e9tences futures","description":"","publisher":{"@id":"https:\/\/fsc-ccf.ca\/fr\/#organization"},"potentialAction":[{"@type":"SearchAction","target":{"@type":"EntryPoint","urlTemplate":"https:\/\/fsc-ccf.ca\/fr\/?s={search_term_string}"},"query-input":{"@type":"PropertyValueSpecification","valueRequired":true,"valueName":"search_term_string"}}],"inLanguage":"fr-FR"},{"@type":"Organization","@id":"https:\/\/fsc-ccf.ca\/fr\/#organization","name":"Future Skills Centre \u2022 Centre des Comp\u00e9tences futures","url":"https:\/\/fsc-ccf.ca\/fr\/","logo":{"@type":"ImageObject","inLanguage":"fr-FR","@id":"https:\/\/fsc-ccf.ca\/fr\/#\/schema\/logo\/image\/","url":"https:\/\/fsc-ccf.ca\/wp-content\/uploads\/2019\/08\/FSC_logo_colour_rgb_positive_ENG.png","contentUrl":"https:\/\/fsc-ccf.ca\/wp-content\/uploads\/2019\/08\/FSC_logo_colour_rgb_positive_ENG.png","width":618,"height":528,"caption":"Future Skills Centre \u2022 Centre des Comp\u00e9tences futures"},"image":{"@id":"https:\/\/fsc-ccf.ca\/fr\/#\/schema\/logo\/image\/"},"sameAs":["https:\/\/www.facebook.com\/2161871137193201\/","https:\/\/x.com\/fsc_ccf_en","https:\/\/www.instagram.com\/fsc_ccf\/","https:\/\/www.linkedin.com\/company\/fsc-ccf\/"]}]}},"_links":{"self":[{"href":"https:\/\/fsc-ccf.ca\/fr\/wp-json\/wp\/v2\/reference\/129415","targetHints":{"allow":["GET"]}}],"collection":[{"href":"https:\/\/fsc-ccf.ca\/fr\/wp-json\/wp\/v2\/reference"}],"about":[{"href":"https:\/\/fsc-ccf.ca\/fr\/wp-json\/wp\/v2\/types\/reference"}],"version-history":[{"count":0,"href":"https:\/\/fsc-ccf.ca\/fr\/wp-json\/wp\/v2\/reference\/129415\/revisions"}],"wp:attachment":[{"href":"https:\/\/fsc-ccf.ca\/fr\/wp-json\/wp\/v2\/media?parent=129415"}],"wp:term":[{"taxonomy":"reference-tag","embeddable":true,"href":"https:\/\/fsc-ccf.ca\/fr\/wp-json\/wp\/v2\/reference-tag?post=129415"},{"taxonomy":"reference-type","embeddable":true,"href":"https:\/\/fsc-ccf.ca\/fr\/wp-json\/wp\/v2\/reference-type?post=129415"}],"curies":[{"name":"wp","href":"https:\/\/api.w.org\/{rel}","templated":true}]}}