			{"id":129346,"date":"2020-08-11T18:19:59","date_gmt":"2020-08-11T22:19:59","guid":{"rendered":"https:\/\/fsc-ccf.ca\/references\/supported-employment-for-people-with-severe-mental-illness-systematic-review-and-meta-analysis-of-the-international-evidence-2\/"},"modified":"2020-08-11T18:19:59","modified_gmt":"2020-08-11T22:19:59","slug":"supported-employment-for-people-with-severe-mental-illness-systematic-review-and-meta-analysis-of-the-international-evidence-2","status":"publish","type":"reference","link":"https:\/\/fsc-ccf.ca\/fr\/references\/supported-employment-for-people-with-severe-mental-illness-systematic-review-and-meta-analysis-of-the-international-evidence-2\/","title":{"rendered":"Supported employment for people with severe mental illness: Systematic review and meta-analysis of the international evidence"},"content":{"rendered":"<p>placement individuel et de soutien (IPS) est un programme de r\u00e9adaptation professionnelle qui a \u00e9t\u00e9 d\u00e9velopp\u00e9 aux \u00c9tats-Unis afin d&#8217;am\u00e9liorer les possibilit\u00e9s d&#8217;emploi pour les personnes ayant une maladie mentale grave. Sa capacit\u00e9 \u00e0 \u00eatre g\u00e9n\u00e9ralis\u00e9e \u00e0 d&#8217;autres pays et de son efficacit\u00e9 dans diverses conditions \u00e9conomiques reste \u00e0 d\u00e9terminer. Pour d\u00e9terminer si IPS est efficace dans un contexte international et dans diff\u00e9rentes conditions \u00e9conomiques. Une revue syst\u00e9matique et m\u00e9ta-analyse d&#8217;essais contr\u00f4l\u00e9s randomis\u00e9s comparant IPS avec des services professionnels traditionnels a \u00e9t\u00e9 entreprise; 17 \u00e9tudes, ainsi que 2 \u00e9tudes de suivi ont \u00e9t\u00e9 inclus. Les m\u00e9ta-r\u00e9gressions ont \u00e9t\u00e9 r\u00e9alis\u00e9es pour d\u00e9terminer si l&#8217;efficacit\u00e9 IPS varie en fonction de la situation g\u00e9ographique, les taux de ch\u00f4mage ou d&#8217;un produit int\u00e9rieur brut (PIB). Le ratio de risque global mis en commun pour l&#8217;emploi concurrentiel avec IPS par rapport \u00e0 la r\u00e9adaptation professionnelle traditionnelle \u00e9tait de 2,40 (IC \u00e0 95% 1.99&#8217;2.90). Les m\u00e9ta-r\u00e9gressions indiquent que ni zone g\u00e9ographique, ni les taux de ch\u00f4mage affect\u00e9 l&#8217;efficacit\u00e9 globale de l&#8217;IPS. M\u00eame quand une croissance du PIB du pays a moins de 2% IPS \u00e9tait significativement plus efficace que la formation professionnelle traditionnelle et ses avantages \u00e9vidents sont rest\u00e9s plus de 2 ans. placement individuel et de soutien est une intervention efficace dans divers contextes et conditions \u00e9conomiques et est plus de deux fois plus susceptibles de conduire \u00e0 l&#8217;emploi concurrentiel par rapport \u00e0 la r\u00e9adaptation professionnelle traditionnelle. Traduit a\u0300 l'aide de Google Translate<\/p>\n","protected":false},"excerpt":{"rendered":"<p>placement individuel et de soutien (IPS) est un programme de r\u00e9adaptation professionnelle qui a \u00e9t\u00e9 d\u00e9velopp\u00e9 aux \u00c9tats-Unis afin d&#8217;am\u00e9liorer les possibilit\u00e9s d&#8217;emploi pour les personnes ayant une maladie mentale grave. Sa capacit\u00e9 \u00e0 \u00eatre g\u00e9n\u00e9ralis\u00e9e \u00e0 d&#8217;autres pays et de son efficacit\u00e9 dans diverses conditions \u00e9conomiques reste \u00e0 d\u00e9terminer. Pour d\u00e9terminer si IPS est efficace dans un contexte international et dans diff\u00e9rentes conditions \u00e9conomiques. Une revue syst\u00e9matique et m\u00e9ta-analyse d&#8217;essais contr\u00f4l\u00e9s randomis\u00e9s comparant IPS avec des services professionnels traditionnels a \u00e9t\u00e9 entreprise; 17 \u00e9tudes, ainsi que 2 \u00e9tudes de suivi ont \u00e9t\u00e9 inclus. Les m\u00e9ta-r\u00e9gressions ont \u00e9t\u00e9 r\u00e9alis\u00e9es pour d\u00e9terminer si l&#8217;efficacit\u00e9 IPS varie en fonction de la situation g\u00e9ographique, les taux de ch\u00f4mage ou d&#8217;un produit int\u00e9rieur brut (PIB). Le ratio de risque global mis en commun pour l&#8217;emploi concurrentiel avec IPS par rapport \u00e0 la r\u00e9adaptation professionnelle traditionnelle \u00e9tait de 2,40 (IC \u00e0 95% 1.99&#8217;2.90). Les m\u00e9ta-r\u00e9gressions indiquent que ni zone g\u00e9ographique, ni les taux de ch\u00f4mage affect\u00e9 l&#8217;efficacit\u00e9 globale de l&#8217;IPS. M\u00eame quand une croissance du PIB du pays a moins de 2% IPS \u00e9tait significativement plus efficace que la formation professionnelle traditionnelle et ses avantages \u00e9vidents sont rest\u00e9s plus de 2 ans. placement individuel et de soutien est une intervention efficace dans divers contextes et conditions \u00e9conomiques et est plus de deux fois plus susceptibles de conduire \u00e0 l&#8217;emploi concurrentiel par rapport \u00e0 la r\u00e9adaptation professionnelle traditionnelle. [googletranslate_fr]<\/p>\n","protected":false},"template":"","reference-tag":[],"reference-type":[435],"class_list":["post-129346","reference","type-reference","status-publish","hentry","reference-type-journal-article"],"acf":{"citation":"Modini, M., Tan, L., Brinchmann, B., Wang, M., Killackey, E., Glozier, N., Mykletun, A., and Harvey, S. (2016). Supported employment for people with severe mental illness: Systematic review and meta-analysis of the international evidence. British Journal of Psychiatry, 209(1), 14\u201322. Retrieved from https:\/\/www.cambridge.org\/core\/journals\/the-british-journal-of-psychiatry\/article\/supported-employment-forpeople-with-severe-mental-illness-systematic-review-and-metaanalysis-of-the-internationalevidence\/D87504A18AB7E908624FF3FC94AF8F5C.","authors":"Modini, M., Tan, L., Brinchmann, B., Wang, M., Killackey, E., Glozier, N., Mykletun, A., and Harvey, S.","org":"","year":"2016","title_fr":null,"editors_hidden":"","publication":"British Journal of Psychiatry","publication_fr":null,"volume":"209","issue":"1","Series":"","SeriesNumber":"","page_range":"14\u201322","publisher_city":"","publisher_state":"","publisher":"Cambridge University Press","abstract_en":null,"abstract_fr":null,"keywords":"","paywall":"1","doi":"10.1192\/bjp.bp.115.165092","isbn":"","url":"https:\/\/www.cambridge.org\/core\/journals\/the-british-journal-of-psychiatry\/article\/supported-employment-forpeople-with-severe-mental-illness-systematic-review-and-metaanalysis-of-the-internationalevidence\/D87504A18AB7E908624FF3FC94AF8F5C","url_fr":null,"url_amazon":"","TRACK":"0"},"yoast_head":"<!-- This site is optimized with the Yoast SEO plugin v27.4 - https:\/\/yoast.com\/product\/yoast-seo-wordpress\/ -->\n<title>Supported employment for people with severe mental illness: Systematic review and meta-analysis of the international evidence - Future Skills Centre \u2022 Centre des Comp\u00e9tences futures<\/title>\n<meta name=\"robots\" content=\"index, follow, max-snippet:-1, max-image-preview:large, max-video-preview:-1\" \/>\n<link rel=\"canonical\" href=\"https:\/\/fsc-ccf.ca\/fr\/references\/supported-employment-for-people-with-severe-mental-illness-systematic-review-and-meta-analysis-of-the-international-evidence-2\/\" \/>\n<meta name=\"twitter:label1\" content=\"Est. reading time\" \/>\n\t<meta name=\"twitter:data1\" content=\"1 minute\" \/>\n<script type=\"application\/ld+json\" class=\"yoast-schema-graph\">{\"@context\":\"https:\\\/\\\/schema.org\",\"@graph\":[{\"@type\":\"WebPage\",\"@id\":\"https:\\\/\\\/fsc-ccf.ca\\\/fr\\\/references\\\/supported-employment-for-people-with-severe-mental-illness-systematic-review-and-meta-analysis-of-the-international-evidence-2\\\/\",\"url\":\"https:\\\/\\\/fsc-ccf.ca\\\/fr\\\/references\\\/supported-employment-for-people-with-severe-mental-illness-systematic-review-and-meta-analysis-of-the-international-evidence-2\\\/\",\"name\":\"Supported employment for people with severe mental illness: Systematic review and meta-analysis of the international evidence - Future Skills Centre \u2022 Centre des Comp\u00e9tences futures\",\"isPartOf\":{\"@id\":\"https:\\\/\\\/fsc-ccf.ca\\\/fr\\\/#website\"},\"datePublished\":\"2020-08-11T22:19:59+00:00\",\"breadcrumb\":{\"@id\":\"https:\\\/\\\/fsc-ccf.ca\\\/fr\\\/references\\\/supported-employment-for-people-with-severe-mental-illness-systematic-review-and-meta-analysis-of-the-international-evidence-2\\\/#breadcrumb\"},\"inLanguage\":\"fr-FR\",\"potentialAction\":[{\"@type\":\"ReadAction\",\"target\":[\"https:\\\/\\\/fsc-ccf.ca\\\/fr\\\/references\\\/supported-employment-for-people-with-severe-mental-illness-systematic-review-and-meta-analysis-of-the-international-evidence-2\\\/\"]}]},{\"@type\":\"BreadcrumbList\",\"@id\":\"https:\\\/\\\/fsc-ccf.ca\\\/fr\\\/references\\\/supported-employment-for-people-with-severe-mental-illness-systematic-review-and-meta-analysis-of-the-international-evidence-2\\\/#breadcrumb\",\"itemListElement\":[{\"@type\":\"ListItem\",\"position\":1,\"name\":\"Home\",\"item\":\"https:\\\/\\\/fsc-ccf.ca\\\/fr\\\/\"},{\"@type\":\"ListItem\",\"position\":2,\"name\":\"References\",\"item\":\"https:\\\/\\\/fsc-ccf.ca\\\/fr\\\/references\\\/\"},{\"@type\":\"ListItem\",\"position\":3,\"name\":\"Supported employment for people with severe mental illness: Systematic review and meta-analysis of the international evidence\"}]},{\"@type\":\"WebSite\",\"@id\":\"https:\\\/\\\/fsc-ccf.ca\\\/fr\\\/#website\",\"url\":\"https:\\\/\\\/fsc-ccf.ca\\\/fr\\\/\",\"name\":\"Future Skills Centre \u2022 Centre des Comp\u00e9tences futures\",\"description\":\"\",\"publisher\":{\"@id\":\"https:\\\/\\\/fsc-ccf.ca\\\/fr\\\/#organization\"},\"potentialAction\":[{\"@type\":\"SearchAction\",\"target\":{\"@type\":\"EntryPoint\",\"urlTemplate\":\"https:\\\/\\\/fsc-ccf.ca\\\/fr\\\/?s={search_term_string}\"},\"query-input\":{\"@type\":\"PropertyValueSpecification\",\"valueRequired\":true,\"valueName\":\"search_term_string\"}}],\"inLanguage\":\"fr-FR\"},{\"@type\":\"Organization\",\"@id\":\"https:\\\/\\\/fsc-ccf.ca\\\/fr\\\/#organization\",\"name\":\"Future Skills Centre \u2022 Centre des Comp\u00e9tences futures\",\"url\":\"https:\\\/\\\/fsc-ccf.ca\\\/fr\\\/\",\"logo\":{\"@type\":\"ImageObject\",\"inLanguage\":\"fr-FR\",\"@id\":\"https:\\\/\\\/fsc-ccf.ca\\\/fr\\\/#\\\/schema\\\/logo\\\/image\\\/\",\"url\":\"https:\\\/\\\/fsc-ccf.ca\\\/wp-content\\\/uploads\\\/2019\\\/08\\\/FSC_logo_colour_rgb_positive_ENG.png\",\"contentUrl\":\"https:\\\/\\\/fsc-ccf.ca\\\/wp-content\\\/uploads\\\/2019\\\/08\\\/FSC_logo_colour_rgb_positive_ENG.png\",\"width\":618,\"height\":528,\"caption\":\"Future Skills Centre \u2022 Centre des Comp\u00e9tences futures\"},\"image\":{\"@id\":\"https:\\\/\\\/fsc-ccf.ca\\\/fr\\\/#\\\/schema\\\/logo\\\/image\\\/\"},\"sameAs\":[\"https:\\\/\\\/www.facebook.com\\\/2161871137193201\\\/\",\"https:\\\/\\\/x.com\\\/fsc_ccf_en\",\"https:\\\/\\\/www.instagram.com\\\/fsc_ccf\\\/\",\"https:\\\/\\\/www.linkedin.com\\\/company\\\/fsc-ccf\\\/\"]}]}<\/script>\n<!-- \/ Yoast SEO plugin. -->","yoast_head_json":{"title":"Supported employment for people with severe mental illness: Systematic review and meta-analysis of the international evidence - Future Skills Centre \u2022 Centre des Comp\u00e9tences futures","robots":{"index":"index","follow":"follow","max-snippet":"max-snippet:-1","max-image-preview":"max-image-preview:large","max-video-preview":"max-video-preview:-1"},"canonical":"https:\/\/fsc-ccf.ca\/fr\/references\/supported-employment-for-people-with-severe-mental-illness-systematic-review-and-meta-analysis-of-the-international-evidence-2\/","twitter_misc":{"Est. reading time":"1 minute"},"schema":{"@context":"https:\/\/schema.org","@graph":[{"@type":"WebPage","@id":"https:\/\/fsc-ccf.ca\/fr\/references\/supported-employment-for-people-with-severe-mental-illness-systematic-review-and-meta-analysis-of-the-international-evidence-2\/","url":"https:\/\/fsc-ccf.ca\/fr\/references\/supported-employment-for-people-with-severe-mental-illness-systematic-review-and-meta-analysis-of-the-international-evidence-2\/","name":"Supported employment for people with severe mental illness: Systematic review and meta-analysis of the international evidence - Future Skills Centre \u2022 Centre des Comp\u00e9tences futures","isPartOf":{"@id":"https:\/\/fsc-ccf.ca\/fr\/#website"},"datePublished":"2020-08-11T22:19:59+00:00","breadcrumb":{"@id":"https:\/\/fsc-ccf.ca\/fr\/references\/supported-employment-for-people-with-severe-mental-illness-systematic-review-and-meta-analysis-of-the-international-evidence-2\/#breadcrumb"},"inLanguage":"fr-FR","potentialAction":[{"@type":"ReadAction","target":["https:\/\/fsc-ccf.ca\/fr\/references\/supported-employment-for-people-with-severe-mental-illness-systematic-review-and-meta-analysis-of-the-international-evidence-2\/"]}]},{"@type":"BreadcrumbList","@id":"https:\/\/fsc-ccf.ca\/fr\/references\/supported-employment-for-people-with-severe-mental-illness-systematic-review-and-meta-analysis-of-the-international-evidence-2\/#breadcrumb","itemListElement":[{"@type":"ListItem","position":1,"name":"Home","item":"https:\/\/fsc-ccf.ca\/fr\/"},{"@type":"ListItem","position":2,"name":"References","item":"https:\/\/fsc-ccf.ca\/fr\/references\/"},{"@type":"ListItem","position":3,"name":"Supported employment for people with severe mental illness: Systematic review and meta-analysis of the international evidence"}]},{"@type":"WebSite","@id":"https:\/\/fsc-ccf.ca\/fr\/#website","url":"https:\/\/fsc-ccf.ca\/fr\/","name":"Future Skills Centre \u2022 Centre des Comp\u00e9tences futures","description":"","publisher":{"@id":"https:\/\/fsc-ccf.ca\/fr\/#organization"},"potentialAction":[{"@type":"SearchAction","target":{"@type":"EntryPoint","urlTemplate":"https:\/\/fsc-ccf.ca\/fr\/?s={search_term_string}"},"query-input":{"@type":"PropertyValueSpecification","valueRequired":true,"valueName":"search_term_string"}}],"inLanguage":"fr-FR"},{"@type":"Organization","@id":"https:\/\/fsc-ccf.ca\/fr\/#organization","name":"Future Skills Centre \u2022 Centre des Comp\u00e9tences futures","url":"https:\/\/fsc-ccf.ca\/fr\/","logo":{"@type":"ImageObject","inLanguage":"fr-FR","@id":"https:\/\/fsc-ccf.ca\/fr\/#\/schema\/logo\/image\/","url":"https:\/\/fsc-ccf.ca\/wp-content\/uploads\/2019\/08\/FSC_logo_colour_rgb_positive_ENG.png","contentUrl":"https:\/\/fsc-ccf.ca\/wp-content\/uploads\/2019\/08\/FSC_logo_colour_rgb_positive_ENG.png","width":618,"height":528,"caption":"Future Skills Centre \u2022 Centre des Comp\u00e9tences futures"},"image":{"@id":"https:\/\/fsc-ccf.ca\/fr\/#\/schema\/logo\/image\/"},"sameAs":["https:\/\/www.facebook.com\/2161871137193201\/","https:\/\/x.com\/fsc_ccf_en","https:\/\/www.instagram.com\/fsc_ccf\/","https:\/\/www.linkedin.com\/company\/fsc-ccf\/"]}]}},"_links":{"self":[{"href":"https:\/\/fsc-ccf.ca\/fr\/wp-json\/wp\/v2\/reference\/129346","targetHints":{"allow":["GET"]}}],"collection":[{"href":"https:\/\/fsc-ccf.ca\/fr\/wp-json\/wp\/v2\/reference"}],"about":[{"href":"https:\/\/fsc-ccf.ca\/fr\/wp-json\/wp\/v2\/types\/reference"}],"version-history":[{"count":0,"href":"https:\/\/fsc-ccf.ca\/fr\/wp-json\/wp\/v2\/reference\/129346\/revisions"}],"wp:attachment":[{"href":"https:\/\/fsc-ccf.ca\/fr\/wp-json\/wp\/v2\/media?parent=129346"}],"wp:term":[{"taxonomy":"reference-tag","embeddable":true,"href":"https:\/\/fsc-ccf.ca\/fr\/wp-json\/wp\/v2\/reference-tag?post=129346"},{"taxonomy":"reference-type","embeddable":true,"href":"https:\/\/fsc-ccf.ca\/fr\/wp-json\/wp\/v2\/reference-type?post=129346"}],"curies":[{"name":"wp","href":"https:\/\/api.w.org\/{rel}","templated":true}]}}