			{"id":129300,"date":"2020-08-11T18:19:39","date_gmt":"2020-08-11T22:19:39","guid":{"rendered":"https:\/\/fsc-ccf.ca\/references\/temporary-work-underemployment-and-workplace-accommodations-relationship-to-well-being-for-workers-with-disabilities-2\/"},"modified":"2020-08-11T18:19:38","modified_gmt":"2020-08-11T22:19:38","slug":"temporary-work-underemployment-and-workplace-accommodations-relationship-to-well-being-for-workers-with-disabilities-2","status":"publish","type":"reference","link":"https:\/\/fsc-ccf.ca\/fr\/references\/temporary-work-underemployment-and-workplace-accommodations-relationship-to-well-being-for-workers-with-disabilities-2\/","title":{"rendered":"Temporary work, underemployment and workplace accommodations: Relationship to well-being for workers with disabilities"},"content":{"rendered":"<p>Cette \u00e9tude examine si un h\u00e9bergement de statut d&#8217;emploi et le lieu de travail sont associ\u00e9s \u00e0 la perception du bien-\u00eatre des travailleurs handicap\u00e9s. Les donn\u00e9es de la participation et les limitations d&#8217;activit\u00e9s 2006 Enqu\u00eate r\u00e9alis\u00e9e par Statistique Canada ont \u00e9t\u00e9 utilis\u00e9s pour tester la relation entre le statut d&#8217;emploi, la r\u00e9ception de logements en milieu de travail et le bien-\u00eatre. Les r\u00e9sultats indiquent que les employ\u00e9s permanents pleinement utilis\u00e9s ont montr\u00e9 une plus grande satisfaction de la vie et moins per\u00e7u la discrimination li\u00e9e au handicap que soit les travailleurs temporaires ou les travailleurs permanents qui ont \u00e9t\u00e9 sous-employ\u00e9s. Ces r\u00e9sultats soutiennent la th\u00e9orie selon laquelle l&#8217;emploi inad\u00e9quat est associ\u00e9e \u00e0 des effets d\u00e9l\u00e9t\u00e8res sur le bien-\u00eatre en raison de la r\u00e9alisation des besoins inf\u00e9rieurs employ\u00e9s et r\u00e9duit le statut social. h\u00e9bergement en milieu de travail ont \u00e9t\u00e9 associ\u00e9s \u00e0 des niveaux plus \u00e9lev\u00e9s de bien-\u00eatre pour tous les travailleurs handicap\u00e9s et ont contribu\u00e9 \u00e0 att\u00e9nuer les effets n\u00e9gatifs du statut temporaire et le sous-emploi. Ces r\u00e9sultats ont appuy\u00e9 l&#8217;extension th\u00e9orique des effets principaux et des mod\u00e8les tampon de stress au travail \u00e0 la pr\u00e9vision de la discrimination en milieu de travail per\u00e7u. Traduit a\u0300 l'aide de Google Translate<\/p>\n","protected":false},"excerpt":{"rendered":"<p>Cette \u00e9tude examine si un h\u00e9bergement de statut d&#8217;emploi et le lieu de travail sont associ\u00e9s \u00e0 la perception du bien-\u00eatre des travailleurs handicap\u00e9s. Les donn\u00e9es de la participation et les limitations d&#8217;activit\u00e9s 2006 Enqu\u00eate r\u00e9alis\u00e9e par Statistique Canada ont \u00e9t\u00e9 utilis\u00e9s pour tester la relation entre le statut d&#8217;emploi, la r\u00e9ception de logements en milieu de travail et le bien-\u00eatre. Les r\u00e9sultats indiquent que les employ\u00e9s permanents pleinement utilis\u00e9s ont montr\u00e9 une plus grande satisfaction de la vie et moins per\u00e7u la discrimination li\u00e9e au handicap que soit les travailleurs temporaires ou les travailleurs permanents qui ont \u00e9t\u00e9 sous-employ\u00e9s. Ces r\u00e9sultats soutiennent la th\u00e9orie selon laquelle l&#8217;emploi inad\u00e9quat est associ\u00e9e \u00e0 des effets d\u00e9l\u00e9t\u00e8res sur le bien-\u00eatre en raison de la r\u00e9alisation des besoins inf\u00e9rieurs employ\u00e9s et r\u00e9duit le statut social. h\u00e9bergement en milieu de travail ont \u00e9t\u00e9 associ\u00e9s \u00e0 des niveaux plus \u00e9lev\u00e9s de bien-\u00eatre pour tous les travailleurs handicap\u00e9s et ont contribu\u00e9 \u00e0 att\u00e9nuer les effets n\u00e9gatifs du statut temporaire et le sous-emploi. Ces r\u00e9sultats ont appuy\u00e9 l&#8217;extension th\u00e9orique des effets principaux et des mod\u00e8les tampon de stress au travail \u00e0 la pr\u00e9vision de la discrimination en milieu de travail per\u00e7u. [googletranslate_fr]<\/p>\n","protected":false},"template":"","reference-tag":[],"reference-type":[435],"class_list":["post-129300","reference","type-reference","status-publish","hentry","reference-type-journal-article"],"acf":{"citation":"Konrad, A., Moore, M., Ng, E., Doherty, A., and Breward, K. (2013). Temporary work, underemployment and workplace accommodations: Relationship to well-being for workers with disabilities. British Journal of Management, 24(3), 367\u2013382. Retrieved from https:\/\/papers.ssrn.com\/sol3\/papers.cfm?abstract_id=2305470.","authors":"Konrad, A., Moore, M., Ng, E., Doherty, A., and Breward, K.","org":"","year":"2013","title_fr":null,"editors_hidden":"","publication":"British Journal of Management","publication_fr":null,"volume":"24","issue":"3","Series":"","SeriesNumber":"","page_range":"367\u2013382","publisher_city":"","publisher_state":"","publisher":"SSRN","abstract_en":null,"abstract_fr":null,"keywords":"","paywall":"1","doi":"10.1111\/j.1467-8551.2011.00809.x","isbn":"","url":"https:\/\/papers.ssrn.com\/sol3\/papers.cfm?abstract_id=2305470","url_fr":null,"url_amazon":"","TRACK":"0"},"yoast_head":"<!-- This site is optimized with the Yoast SEO plugin v27.4 - https:\/\/yoast.com\/product\/yoast-seo-wordpress\/ -->\n<title>Temporary work, underemployment and workplace accommodations: Relationship to well-being for workers with disabilities - Future Skills Centre \u2022 Centre des Comp\u00e9tences futures<\/title>\n<meta name=\"robots\" content=\"index, follow, max-snippet:-1, max-image-preview:large, max-video-preview:-1\" \/>\n<link rel=\"canonical\" href=\"https:\/\/fsc-ccf.ca\/fr\/references\/temporary-work-underemployment-and-workplace-accommodations-relationship-to-well-being-for-workers-with-disabilities-2\/\" \/>\n<meta name=\"twitter:label1\" content=\"Est. reading time\" \/>\n\t<meta name=\"twitter:data1\" content=\"1 minute\" \/>\n<script type=\"application\/ld+json\" class=\"yoast-schema-graph\">{\"@context\":\"https:\\\/\\\/schema.org\",\"@graph\":[{\"@type\":\"WebPage\",\"@id\":\"https:\\\/\\\/fsc-ccf.ca\\\/fr\\\/references\\\/temporary-work-underemployment-and-workplace-accommodations-relationship-to-well-being-for-workers-with-disabilities-2\\\/\",\"url\":\"https:\\\/\\\/fsc-ccf.ca\\\/fr\\\/references\\\/temporary-work-underemployment-and-workplace-accommodations-relationship-to-well-being-for-workers-with-disabilities-2\\\/\",\"name\":\"Temporary work, underemployment and workplace accommodations: Relationship to well-being for workers with disabilities - Future Skills Centre \u2022 Centre des Comp\u00e9tences futures\",\"isPartOf\":{\"@id\":\"https:\\\/\\\/fsc-ccf.ca\\\/fr\\\/#website\"},\"datePublished\":\"2020-08-11T22:19:39+00:00\",\"breadcrumb\":{\"@id\":\"https:\\\/\\\/fsc-ccf.ca\\\/fr\\\/references\\\/temporary-work-underemployment-and-workplace-accommodations-relationship-to-well-being-for-workers-with-disabilities-2\\\/#breadcrumb\"},\"inLanguage\":\"fr-FR\",\"potentialAction\":[{\"@type\":\"ReadAction\",\"target\":[\"https:\\\/\\\/fsc-ccf.ca\\\/fr\\\/references\\\/temporary-work-underemployment-and-workplace-accommodations-relationship-to-well-being-for-workers-with-disabilities-2\\\/\"]}]},{\"@type\":\"BreadcrumbList\",\"@id\":\"https:\\\/\\\/fsc-ccf.ca\\\/fr\\\/references\\\/temporary-work-underemployment-and-workplace-accommodations-relationship-to-well-being-for-workers-with-disabilities-2\\\/#breadcrumb\",\"itemListElement\":[{\"@type\":\"ListItem\",\"position\":1,\"name\":\"Home\",\"item\":\"https:\\\/\\\/fsc-ccf.ca\\\/fr\\\/\"},{\"@type\":\"ListItem\",\"position\":2,\"name\":\"References\",\"item\":\"https:\\\/\\\/fsc-ccf.ca\\\/fr\\\/references\\\/\"},{\"@type\":\"ListItem\",\"position\":3,\"name\":\"Temporary work, underemployment and workplace accommodations: Relationship to well-being for workers with disabilities\"}]},{\"@type\":\"WebSite\",\"@id\":\"https:\\\/\\\/fsc-ccf.ca\\\/fr\\\/#website\",\"url\":\"https:\\\/\\\/fsc-ccf.ca\\\/fr\\\/\",\"name\":\"Future Skills Centre \u2022 Centre des Comp\u00e9tences futures\",\"description\":\"\",\"publisher\":{\"@id\":\"https:\\\/\\\/fsc-ccf.ca\\\/fr\\\/#organization\"},\"potentialAction\":[{\"@type\":\"SearchAction\",\"target\":{\"@type\":\"EntryPoint\",\"urlTemplate\":\"https:\\\/\\\/fsc-ccf.ca\\\/fr\\\/?s={search_term_string}\"},\"query-input\":{\"@type\":\"PropertyValueSpecification\",\"valueRequired\":true,\"valueName\":\"search_term_string\"}}],\"inLanguage\":\"fr-FR\"},{\"@type\":\"Organization\",\"@id\":\"https:\\\/\\\/fsc-ccf.ca\\\/fr\\\/#organization\",\"name\":\"Future Skills Centre \u2022 Centre des Comp\u00e9tences futures\",\"url\":\"https:\\\/\\\/fsc-ccf.ca\\\/fr\\\/\",\"logo\":{\"@type\":\"ImageObject\",\"inLanguage\":\"fr-FR\",\"@id\":\"https:\\\/\\\/fsc-ccf.ca\\\/fr\\\/#\\\/schema\\\/logo\\\/image\\\/\",\"url\":\"https:\\\/\\\/fsc-ccf.ca\\\/wp-content\\\/uploads\\\/2019\\\/08\\\/FSC_logo_colour_rgb_positive_ENG.png\",\"contentUrl\":\"https:\\\/\\\/fsc-ccf.ca\\\/wp-content\\\/uploads\\\/2019\\\/08\\\/FSC_logo_colour_rgb_positive_ENG.png\",\"width\":618,\"height\":528,\"caption\":\"Future Skills Centre \u2022 Centre des Comp\u00e9tences futures\"},\"image\":{\"@id\":\"https:\\\/\\\/fsc-ccf.ca\\\/fr\\\/#\\\/schema\\\/logo\\\/image\\\/\"},\"sameAs\":[\"https:\\\/\\\/www.facebook.com\\\/2161871137193201\\\/\",\"https:\\\/\\\/x.com\\\/fsc_ccf_en\",\"https:\\\/\\\/www.instagram.com\\\/fsc_ccf\\\/\",\"https:\\\/\\\/www.linkedin.com\\\/company\\\/fsc-ccf\\\/\"]}]}<\/script>\n<!-- \/ Yoast SEO plugin. -->","yoast_head_json":{"title":"Temporary work, underemployment and workplace accommodations: Relationship to well-being for workers with disabilities - Future Skills Centre \u2022 Centre des Comp\u00e9tences futures","robots":{"index":"index","follow":"follow","max-snippet":"max-snippet:-1","max-image-preview":"max-image-preview:large","max-video-preview":"max-video-preview:-1"},"canonical":"https:\/\/fsc-ccf.ca\/fr\/references\/temporary-work-underemployment-and-workplace-accommodations-relationship-to-well-being-for-workers-with-disabilities-2\/","twitter_misc":{"Est. reading time":"1 minute"},"schema":{"@context":"https:\/\/schema.org","@graph":[{"@type":"WebPage","@id":"https:\/\/fsc-ccf.ca\/fr\/references\/temporary-work-underemployment-and-workplace-accommodations-relationship-to-well-being-for-workers-with-disabilities-2\/","url":"https:\/\/fsc-ccf.ca\/fr\/references\/temporary-work-underemployment-and-workplace-accommodations-relationship-to-well-being-for-workers-with-disabilities-2\/","name":"Temporary work, underemployment and workplace accommodations: Relationship to well-being for workers with disabilities - Future Skills Centre \u2022 Centre des Comp\u00e9tences futures","isPartOf":{"@id":"https:\/\/fsc-ccf.ca\/fr\/#website"},"datePublished":"2020-08-11T22:19:39+00:00","breadcrumb":{"@id":"https:\/\/fsc-ccf.ca\/fr\/references\/temporary-work-underemployment-and-workplace-accommodations-relationship-to-well-being-for-workers-with-disabilities-2\/#breadcrumb"},"inLanguage":"fr-FR","potentialAction":[{"@type":"ReadAction","target":["https:\/\/fsc-ccf.ca\/fr\/references\/temporary-work-underemployment-and-workplace-accommodations-relationship-to-well-being-for-workers-with-disabilities-2\/"]}]},{"@type":"BreadcrumbList","@id":"https:\/\/fsc-ccf.ca\/fr\/references\/temporary-work-underemployment-and-workplace-accommodations-relationship-to-well-being-for-workers-with-disabilities-2\/#breadcrumb","itemListElement":[{"@type":"ListItem","position":1,"name":"Home","item":"https:\/\/fsc-ccf.ca\/fr\/"},{"@type":"ListItem","position":2,"name":"References","item":"https:\/\/fsc-ccf.ca\/fr\/references\/"},{"@type":"ListItem","position":3,"name":"Temporary work, underemployment and workplace accommodations: Relationship to well-being for workers with disabilities"}]},{"@type":"WebSite","@id":"https:\/\/fsc-ccf.ca\/fr\/#website","url":"https:\/\/fsc-ccf.ca\/fr\/","name":"Future Skills Centre \u2022 Centre des Comp\u00e9tences futures","description":"","publisher":{"@id":"https:\/\/fsc-ccf.ca\/fr\/#organization"},"potentialAction":[{"@type":"SearchAction","target":{"@type":"EntryPoint","urlTemplate":"https:\/\/fsc-ccf.ca\/fr\/?s={search_term_string}"},"query-input":{"@type":"PropertyValueSpecification","valueRequired":true,"valueName":"search_term_string"}}],"inLanguage":"fr-FR"},{"@type":"Organization","@id":"https:\/\/fsc-ccf.ca\/fr\/#organization","name":"Future Skills Centre \u2022 Centre des Comp\u00e9tences futures","url":"https:\/\/fsc-ccf.ca\/fr\/","logo":{"@type":"ImageObject","inLanguage":"fr-FR","@id":"https:\/\/fsc-ccf.ca\/fr\/#\/schema\/logo\/image\/","url":"https:\/\/fsc-ccf.ca\/wp-content\/uploads\/2019\/08\/FSC_logo_colour_rgb_positive_ENG.png","contentUrl":"https:\/\/fsc-ccf.ca\/wp-content\/uploads\/2019\/08\/FSC_logo_colour_rgb_positive_ENG.png","width":618,"height":528,"caption":"Future Skills Centre \u2022 Centre des Comp\u00e9tences futures"},"image":{"@id":"https:\/\/fsc-ccf.ca\/fr\/#\/schema\/logo\/image\/"},"sameAs":["https:\/\/www.facebook.com\/2161871137193201\/","https:\/\/x.com\/fsc_ccf_en","https:\/\/www.instagram.com\/fsc_ccf\/","https:\/\/www.linkedin.com\/company\/fsc-ccf\/"]}]}},"_links":{"self":[{"href":"https:\/\/fsc-ccf.ca\/fr\/wp-json\/wp\/v2\/reference\/129300","targetHints":{"allow":["GET"]}}],"collection":[{"href":"https:\/\/fsc-ccf.ca\/fr\/wp-json\/wp\/v2\/reference"}],"about":[{"href":"https:\/\/fsc-ccf.ca\/fr\/wp-json\/wp\/v2\/types\/reference"}],"version-history":[{"count":0,"href":"https:\/\/fsc-ccf.ca\/fr\/wp-json\/wp\/v2\/reference\/129300\/revisions"}],"wp:attachment":[{"href":"https:\/\/fsc-ccf.ca\/fr\/wp-json\/wp\/v2\/media?parent=129300"}],"wp:term":[{"taxonomy":"reference-tag","embeddable":true,"href":"https:\/\/fsc-ccf.ca\/fr\/wp-json\/wp\/v2\/reference-tag?post=129300"},{"taxonomy":"reference-type","embeddable":true,"href":"https:\/\/fsc-ccf.ca\/fr\/wp-json\/wp\/v2\/reference-type?post=129300"}],"curies":[{"name":"wp","href":"https:\/\/api.w.org\/{rel}","templated":true}]}}