			{"id":129292,"date":"2020-08-11T18:19:35","date_gmt":"2020-08-11T22:19:35","guid":{"rendered":"https:\/\/fsc-ccf.ca\/references\/stuck-at-the-bottom-rung-occupational-characteristics-of-workers-with-disabilities-2\/"},"modified":"2020-08-11T18:19:35","modified_gmt":"2020-08-11T22:19:35","slug":"stuck-at-the-bottom-rung-occupational-characteristics-of-workers-with-disabilities-2","status":"publish","type":"reference","link":"https:\/\/fsc-ccf.ca\/fr\/references\/stuck-at-the-bottom-rung-occupational-characteristics-of-workers-with-disabilities-2\/","title":{"rendered":"Stuck at the bottom rung: Occupational characteristics of workers with disabilities"},"content":{"rendered":"<p>Introduction La proportion de travailleurs qui ont d\u00e9clar\u00e9 un handicap varie \u00e9norm\u00e9ment selon les professions. Bien que les diff\u00e9rences dans les distributions professionnelles peuvent expliquer en partie les grandes disparit\u00e9s de revenus et de s\u00e9curit\u00e9 de l&#8217;emploi entre les travailleurs avec et sans handicap, peu de donn\u00e9es sur les raisons pour lesquelles les travailleurs handicap\u00e9s sont sous-repr\u00e9sent\u00e9s dans certaines professions et surrepr\u00e9sent\u00e9es dans d&#8217;autres. Les m\u00e9thodes utilisant une grande enqu\u00eate nationale sur la population am\u00e9ricaine combin\u00e9e avec des donn\u00e9es officielles sur les besoins en comp\u00e9tences et l&#8217;exp\u00e9rience et les risques professionnels de 269 professions, une analyse de r\u00e9gression \u00e0 plusieurs niveaux a \u00e9t\u00e9 r\u00e9alis\u00e9e pour identifier les facteurs professionnels et individuels qui influent sur la repr\u00e9sentation des travailleurs handicap\u00e9s \u00e0 travers des professions . Les mod\u00e8les de handicap dans l&#8217;ensemble, sensorielle, la mobilit\u00e9 et cognitive ont \u00e9t\u00e9 construits pour les participants \u00e0 la population active en \u00e2ge de travailler, de m\u00eame que les mod\u00e8les d&#8217;incapacit\u00e9 globale pour les jeunes, entre les deux, et les travailleurs \u00e2g\u00e9s. R\u00e9sultats Au niveau du travail, a rapport\u00e9 le handicap est associ\u00e9 n\u00e9gativement aux exigences professionnelles pour les comp\u00e9tences d&#8217;information et de communication, ainsi que la quantit\u00e9 d&#8217;exp\u00e9rience de travail qui est n\u00e9cessaire, apr\u00e8s le contr\u00f4le des facteurs individuels tels que l&#8217;\u00e2ge et le niveau d&#8217;instruction. Peu de relation se trouve entre le statut d&#8217;invalidit\u00e9 et un ensemble de facteurs de risque professionnels. Ces r\u00e9sultats tiennent g\u00e9n\u00e9ralement vrai pour tous les types de handicap et les groupes d&#8217;\u00e2ge. Conclusions M\u00eame apr\u00e8s la prise en compte de leur niveau d&#8217;instruction moyen plus faible, les travailleurs handicap\u00e9s semblent \u00eatre rel\u00e9gu\u00e9s de fa\u00e7on disproportionn\u00e9e aux professions d&#8217;entr\u00e9e de gamme qui ne met pas l&#8217;accent des comp\u00e9tences professionnelles mieux r\u00e9mun\u00e9r\u00e9es. les r\u00e9sultats des salaires plus bas du sous-emploi et moins de s\u00e9curit\u00e9 et stabilit\u00e9 de l&#8217;emploi. Plusieurs raisons peuvent expliquer la discrimination des employeurs, de faibles attentes, les d\u00e9ficits des comp\u00e9tences ou exp\u00e9rience, et contre-incitations au travail. Traduit a\u0300 l'aide de Google Translate<\/p>\n","protected":false},"excerpt":{"rendered":"<p>Introduction La proportion de travailleurs qui ont d\u00e9clar\u00e9 un handicap varie \u00e9norm\u00e9ment selon les professions. Bien que les diff\u00e9rences dans les distributions professionnelles peuvent expliquer en partie les grandes disparit\u00e9s de revenus et de s\u00e9curit\u00e9 de l&#8217;emploi entre les travailleurs avec et sans handicap, peu de donn\u00e9es sur les raisons pour lesquelles les travailleurs handicap\u00e9s sont sous-repr\u00e9sent\u00e9s dans certaines professions et surrepr\u00e9sent\u00e9es dans d&#8217;autres. Les m\u00e9thodes utilisant une grande enqu\u00eate nationale sur la population am\u00e9ricaine combin\u00e9e avec des donn\u00e9es officielles sur les besoins en comp\u00e9tences et l&#8217;exp\u00e9rience et les risques professionnels de 269 professions, une analyse de r\u00e9gression \u00e0 plusieurs niveaux a \u00e9t\u00e9 r\u00e9alis\u00e9e pour identifier les facteurs professionnels et individuels qui influent sur la repr\u00e9sentation des travailleurs handicap\u00e9s \u00e0 travers des professions . Les mod\u00e8les de handicap dans l&#8217;ensemble, sensorielle, la mobilit\u00e9 et cognitive ont \u00e9t\u00e9 construits pour les participants \u00e0 la population active en \u00e2ge de travailler, de m\u00eame que les mod\u00e8les d&#8217;incapacit\u00e9 globale pour les jeunes, entre les deux, et les travailleurs \u00e2g\u00e9s. R\u00e9sultats Au niveau du travail, a rapport\u00e9 le handicap est associ\u00e9 n\u00e9gativement aux exigences professionnelles pour les comp\u00e9tences d&#8217;information et de communication, ainsi que la quantit\u00e9 d&#8217;exp\u00e9rience de travail qui est n\u00e9cessaire, apr\u00e8s le contr\u00f4le des facteurs individuels tels que l&#8217;\u00e2ge et le niveau d&#8217;instruction. Peu de relation se trouve entre le statut d&#8217;invalidit\u00e9 et un ensemble de facteurs de risque professionnels. Ces r\u00e9sultats tiennent g\u00e9n\u00e9ralement vrai pour tous les types de handicap et les groupes d&#8217;\u00e2ge. Conclusions M\u00eame apr\u00e8s la prise en compte de leur niveau d&#8217;instruction moyen plus faible, les travailleurs handicap\u00e9s semblent \u00eatre rel\u00e9gu\u00e9s de fa\u00e7on disproportionn\u00e9e aux professions d&#8217;entr\u00e9e de gamme qui ne met pas l&#8217;accent des comp\u00e9tences professionnelles mieux r\u00e9mun\u00e9r\u00e9es. les r\u00e9sultats des salaires plus bas du sous-emploi et moins de s\u00e9curit\u00e9 et stabilit\u00e9 de l&#8217;emploi. Plusieurs raisons peuvent expliquer la discrimination des employeurs, de faibles attentes, les d\u00e9ficits des comp\u00e9tences ou exp\u00e9rience, et contre-incitations au travail. [googletranslate_fr]<\/p>\n","protected":false},"template":"","reference-tag":[],"reference-type":[435],"class_list":["post-129292","reference","type-reference","status-publish","hentry","reference-type-journal-article"],"acf":{"citation":"Kaye, H. (2009). Stuck at the bottom rung: Occupational characteristics of workers with disabilities. Journal of Occupational Rehabilitation, 19(2), 115\u2013128. Retrieved from https:\/\/link.springer.com\/article\/10.1007\/s10926-009-9175-2.","authors":"Kaye, H.","org":"","year":"2009","title_fr":null,"editors_hidden":"","publication":"Journal of Occupational Rehabilitation","publication_fr":null,"volume":"19","issue":"2","Series":"","SeriesNumber":"","page_range":"115\u2013128","publisher_city":"","publisher_state":"","publisher":"Springer","abstract_en":null,"abstract_fr":null,"keywords":"Career mobility, Employment, Job skills, Occupations, People with disabilities","paywall":"1","doi":"10.1007\/s10926-009-9175-2","isbn":"","url":"https:\/\/link.springer.com\/article\/10.1007\/s10926-009-9175-2","url_fr":null,"url_amazon":"","TRACK":"0"},"yoast_head":"<!-- This site is optimized with the Yoast SEO plugin v27.4 - https:\/\/yoast.com\/product\/yoast-seo-wordpress\/ -->\n<title>Stuck at the bottom rung: Occupational characteristics of workers with disabilities - Future Skills Centre \u2022 Centre des Comp\u00e9tences futures<\/title>\n<meta name=\"robots\" content=\"index, follow, max-snippet:-1, max-image-preview:large, max-video-preview:-1\" \/>\n<link rel=\"canonical\" href=\"https:\/\/fsc-ccf.ca\/fr\/references\/stuck-at-the-bottom-rung-occupational-characteristics-of-workers-with-disabilities-2\/\" \/>\n<meta name=\"twitter:label1\" content=\"Est. reading time\" \/>\n\t<meta name=\"twitter:data1\" content=\"2 minutes\" \/>\n<script type=\"application\/ld+json\" class=\"yoast-schema-graph\">{\"@context\":\"https:\\\/\\\/schema.org\",\"@graph\":[{\"@type\":\"WebPage\",\"@id\":\"https:\\\/\\\/fsc-ccf.ca\\\/fr\\\/references\\\/stuck-at-the-bottom-rung-occupational-characteristics-of-workers-with-disabilities-2\\\/\",\"url\":\"https:\\\/\\\/fsc-ccf.ca\\\/fr\\\/references\\\/stuck-at-the-bottom-rung-occupational-characteristics-of-workers-with-disabilities-2\\\/\",\"name\":\"Stuck at the bottom rung: Occupational characteristics of workers with disabilities - Future Skills Centre \u2022 Centre des Comp\u00e9tences futures\",\"isPartOf\":{\"@id\":\"https:\\\/\\\/fsc-ccf.ca\\\/fr\\\/#website\"},\"datePublished\":\"2020-08-11T22:19:35+00:00\",\"breadcrumb\":{\"@id\":\"https:\\\/\\\/fsc-ccf.ca\\\/fr\\\/references\\\/stuck-at-the-bottom-rung-occupational-characteristics-of-workers-with-disabilities-2\\\/#breadcrumb\"},\"inLanguage\":\"fr-FR\",\"potentialAction\":[{\"@type\":\"ReadAction\",\"target\":[\"https:\\\/\\\/fsc-ccf.ca\\\/fr\\\/references\\\/stuck-at-the-bottom-rung-occupational-characteristics-of-workers-with-disabilities-2\\\/\"]}]},{\"@type\":\"BreadcrumbList\",\"@id\":\"https:\\\/\\\/fsc-ccf.ca\\\/fr\\\/references\\\/stuck-at-the-bottom-rung-occupational-characteristics-of-workers-with-disabilities-2\\\/#breadcrumb\",\"itemListElement\":[{\"@type\":\"ListItem\",\"position\":1,\"name\":\"Home\",\"item\":\"https:\\\/\\\/fsc-ccf.ca\\\/fr\\\/\"},{\"@type\":\"ListItem\",\"position\":2,\"name\":\"References\",\"item\":\"https:\\\/\\\/fsc-ccf.ca\\\/fr\\\/references\\\/\"},{\"@type\":\"ListItem\",\"position\":3,\"name\":\"Stuck at the bottom rung: Occupational characteristics of workers with disabilities\"}]},{\"@type\":\"WebSite\",\"@id\":\"https:\\\/\\\/fsc-ccf.ca\\\/fr\\\/#website\",\"url\":\"https:\\\/\\\/fsc-ccf.ca\\\/fr\\\/\",\"name\":\"Future Skills Centre \u2022 Centre des Comp\u00e9tences futures\",\"description\":\"\",\"publisher\":{\"@id\":\"https:\\\/\\\/fsc-ccf.ca\\\/fr\\\/#organization\"},\"potentialAction\":[{\"@type\":\"SearchAction\",\"target\":{\"@type\":\"EntryPoint\",\"urlTemplate\":\"https:\\\/\\\/fsc-ccf.ca\\\/fr\\\/?s={search_term_string}\"},\"query-input\":{\"@type\":\"PropertyValueSpecification\",\"valueRequired\":true,\"valueName\":\"search_term_string\"}}],\"inLanguage\":\"fr-FR\"},{\"@type\":\"Organization\",\"@id\":\"https:\\\/\\\/fsc-ccf.ca\\\/fr\\\/#organization\",\"name\":\"Future Skills Centre \u2022 Centre des Comp\u00e9tences futures\",\"url\":\"https:\\\/\\\/fsc-ccf.ca\\\/fr\\\/\",\"logo\":{\"@type\":\"ImageObject\",\"inLanguage\":\"fr-FR\",\"@id\":\"https:\\\/\\\/fsc-ccf.ca\\\/fr\\\/#\\\/schema\\\/logo\\\/image\\\/\",\"url\":\"https:\\\/\\\/fsc-ccf.ca\\\/wp-content\\\/uploads\\\/2019\\\/08\\\/FSC_logo_colour_rgb_positive_ENG.png\",\"contentUrl\":\"https:\\\/\\\/fsc-ccf.ca\\\/wp-content\\\/uploads\\\/2019\\\/08\\\/FSC_logo_colour_rgb_positive_ENG.png\",\"width\":618,\"height\":528,\"caption\":\"Future Skills Centre \u2022 Centre des Comp\u00e9tences futures\"},\"image\":{\"@id\":\"https:\\\/\\\/fsc-ccf.ca\\\/fr\\\/#\\\/schema\\\/logo\\\/image\\\/\"},\"sameAs\":[\"https:\\\/\\\/www.facebook.com\\\/2161871137193201\\\/\",\"https:\\\/\\\/x.com\\\/fsc_ccf_en\",\"https:\\\/\\\/www.instagram.com\\\/fsc_ccf\\\/\",\"https:\\\/\\\/www.linkedin.com\\\/company\\\/fsc-ccf\\\/\"]}]}<\/script>\n<!-- \/ Yoast SEO plugin. -->","yoast_head_json":{"title":"Stuck at the bottom rung: Occupational characteristics of workers with disabilities - Future Skills Centre \u2022 Centre des Comp\u00e9tences futures","robots":{"index":"index","follow":"follow","max-snippet":"max-snippet:-1","max-image-preview":"max-image-preview:large","max-video-preview":"max-video-preview:-1"},"canonical":"https:\/\/fsc-ccf.ca\/fr\/references\/stuck-at-the-bottom-rung-occupational-characteristics-of-workers-with-disabilities-2\/","twitter_misc":{"Est. reading time":"2 minutes"},"schema":{"@context":"https:\/\/schema.org","@graph":[{"@type":"WebPage","@id":"https:\/\/fsc-ccf.ca\/fr\/references\/stuck-at-the-bottom-rung-occupational-characteristics-of-workers-with-disabilities-2\/","url":"https:\/\/fsc-ccf.ca\/fr\/references\/stuck-at-the-bottom-rung-occupational-characteristics-of-workers-with-disabilities-2\/","name":"Stuck at the bottom rung: Occupational characteristics of workers with disabilities - Future Skills Centre \u2022 Centre des Comp\u00e9tences futures","isPartOf":{"@id":"https:\/\/fsc-ccf.ca\/fr\/#website"},"datePublished":"2020-08-11T22:19:35+00:00","breadcrumb":{"@id":"https:\/\/fsc-ccf.ca\/fr\/references\/stuck-at-the-bottom-rung-occupational-characteristics-of-workers-with-disabilities-2\/#breadcrumb"},"inLanguage":"fr-FR","potentialAction":[{"@type":"ReadAction","target":["https:\/\/fsc-ccf.ca\/fr\/references\/stuck-at-the-bottom-rung-occupational-characteristics-of-workers-with-disabilities-2\/"]}]},{"@type":"BreadcrumbList","@id":"https:\/\/fsc-ccf.ca\/fr\/references\/stuck-at-the-bottom-rung-occupational-characteristics-of-workers-with-disabilities-2\/#breadcrumb","itemListElement":[{"@type":"ListItem","position":1,"name":"Home","item":"https:\/\/fsc-ccf.ca\/fr\/"},{"@type":"ListItem","position":2,"name":"References","item":"https:\/\/fsc-ccf.ca\/fr\/references\/"},{"@type":"ListItem","position":3,"name":"Stuck at the bottom rung: Occupational characteristics of workers with disabilities"}]},{"@type":"WebSite","@id":"https:\/\/fsc-ccf.ca\/fr\/#website","url":"https:\/\/fsc-ccf.ca\/fr\/","name":"Future Skills Centre \u2022 Centre des Comp\u00e9tences futures","description":"","publisher":{"@id":"https:\/\/fsc-ccf.ca\/fr\/#organization"},"potentialAction":[{"@type":"SearchAction","target":{"@type":"EntryPoint","urlTemplate":"https:\/\/fsc-ccf.ca\/fr\/?s={search_term_string}"},"query-input":{"@type":"PropertyValueSpecification","valueRequired":true,"valueName":"search_term_string"}}],"inLanguage":"fr-FR"},{"@type":"Organization","@id":"https:\/\/fsc-ccf.ca\/fr\/#organization","name":"Future Skills Centre \u2022 Centre des Comp\u00e9tences futures","url":"https:\/\/fsc-ccf.ca\/fr\/","logo":{"@type":"ImageObject","inLanguage":"fr-FR","@id":"https:\/\/fsc-ccf.ca\/fr\/#\/schema\/logo\/image\/","url":"https:\/\/fsc-ccf.ca\/wp-content\/uploads\/2019\/08\/FSC_logo_colour_rgb_positive_ENG.png","contentUrl":"https:\/\/fsc-ccf.ca\/wp-content\/uploads\/2019\/08\/FSC_logo_colour_rgb_positive_ENG.png","width":618,"height":528,"caption":"Future Skills Centre \u2022 Centre des Comp\u00e9tences futures"},"image":{"@id":"https:\/\/fsc-ccf.ca\/fr\/#\/schema\/logo\/image\/"},"sameAs":["https:\/\/www.facebook.com\/2161871137193201\/","https:\/\/x.com\/fsc_ccf_en","https:\/\/www.instagram.com\/fsc_ccf\/","https:\/\/www.linkedin.com\/company\/fsc-ccf\/"]}]}},"_links":{"self":[{"href":"https:\/\/fsc-ccf.ca\/fr\/wp-json\/wp\/v2\/reference\/129292","targetHints":{"allow":["GET"]}}],"collection":[{"href":"https:\/\/fsc-ccf.ca\/fr\/wp-json\/wp\/v2\/reference"}],"about":[{"href":"https:\/\/fsc-ccf.ca\/fr\/wp-json\/wp\/v2\/types\/reference"}],"version-history":[{"count":0,"href":"https:\/\/fsc-ccf.ca\/fr\/wp-json\/wp\/v2\/reference\/129292\/revisions"}],"wp:attachment":[{"href":"https:\/\/fsc-ccf.ca\/fr\/wp-json\/wp\/v2\/media?parent=129292"}],"wp:term":[{"taxonomy":"reference-tag","embeddable":true,"href":"https:\/\/fsc-ccf.ca\/fr\/wp-json\/wp\/v2\/reference-tag?post=129292"},{"taxonomy":"reference-type","embeddable":true,"href":"https:\/\/fsc-ccf.ca\/fr\/wp-json\/wp\/v2\/reference-type?post=129292"}],"curies":[{"name":"wp","href":"https:\/\/api.w.org\/{rel}","templated":true}]}}