			{"id":129250,"date":"2020-08-11T18:19:17","date_gmt":"2020-08-11T22:19:17","guid":{"rendered":"https:\/\/fsc-ccf.ca\/references\/pay-discrimination-against-persons-with-disabilities-canadian-evidence-from-pals-2\/"},"modified":"2020-08-11T18:19:17","modified_gmt":"2020-08-11T22:19:17","slug":"pay-discrimination-against-persons-with-disabilities-canadian-evidence-from-pals-2","status":"publish","type":"reference","link":"https:\/\/fsc-ccf.ca\/fr\/references\/pay-discrimination-against-persons-with-disabilities-canadian-evidence-from-pals-2\/","title":{"rendered":"Pay discrimination against persons with disabilities: Canadian evidence from PALS"},"content":{"rendered":"<p>L&#8217;objectif de l&#8217;\u00e9tude est d&#8217;estimer l&#8217;ampleur de la discrimination salariale \u00e0 l&#8217;\u00e9gard des personnes handicap\u00e9es au Canada. La m\u00e9thode consiste \u00e0 d\u00e9composer ou diviser l&#8217;\u00e9cart salarial entre les personnes handicap\u00e9es et un groupe de comparaison des personnes non handicap\u00e9es dans une partie en raison des diff\u00e9rences dans les salaires, la d\u00e9termination des caract\u00e9ristiques et une partie en raison des diff\u00e9rences de r\u00e9mun\u00e9ration quand ils ont les m\u00eames caract\u00e9ristiques &#8211; commun\u00e9ment attribu\u00e9 \u00e0 la discrimination. Dans cette \u00e9tude, nous contr\u00f4lons davantage les diff\u00e9rences de performances en limitant l&#8217;analyse aux personnes ayant une d\u00e9ficience qui ne limite pas leur rendement au travail. Les donn\u00e9es sont de la participation et les limitations d&#8217;activit\u00e9s 2006 li\u00e9e au Recensement de 2006. Nous constatons que les personnes handicap\u00e9es qui ne touche pas leur rendement au travail sont toujours pay\u00e9s environ 10% de moins qu&#8217;un groupe de comparaison sans handicap, mais avec les m\u00eames caract\u00e9ristiques de r\u00e9mun\u00e9ration d\u00e9terminant. Traduit a\u0300 l'aide de Google Translate<\/p>\n","protected":false},"excerpt":{"rendered":"<p>L&#8217;objectif de l&#8217;\u00e9tude est d&#8217;estimer l&#8217;ampleur de la discrimination salariale \u00e0 l&#8217;\u00e9gard des personnes handicap\u00e9es au Canada. La m\u00e9thode consiste \u00e0 d\u00e9composer ou diviser l&#8217;\u00e9cart salarial entre les personnes handicap\u00e9es et un groupe de comparaison des personnes non handicap\u00e9es dans une partie en raison des diff\u00e9rences dans les salaires, la d\u00e9termination des caract\u00e9ristiques et une partie en raison des diff\u00e9rences de r\u00e9mun\u00e9ration quand ils ont les m\u00eames caract\u00e9ristiques &#8211; commun\u00e9ment attribu\u00e9 \u00e0 la discrimination. Dans cette \u00e9tude, nous contr\u00f4lons davantage les diff\u00e9rences de performances en limitant l&#8217;analyse aux personnes ayant une d\u00e9ficience qui ne limite pas leur rendement au travail. Les donn\u00e9es sont de la participation et les limitations d&#8217;activit\u00e9s 2006 li\u00e9e au Recensement de 2006. Nous constatons que les personnes handicap\u00e9es qui ne touche pas leur rendement au travail sont toujours pay\u00e9s environ 10% de moins qu&#8217;un groupe de comparaison sans handicap, mais avec les m\u00eames caract\u00e9ristiques de r\u00e9mun\u00e9ration d\u00e9terminant. [googletranslate_fr]<\/p>\n","protected":false},"template":"","reference-tag":[],"reference-type":[435],"class_list":["post-129250","reference","type-reference","status-publish","hentry","reference-type-journal-article"],"acf":{"citation":"Gunderson, M. and Lee, B. (2016). Pay discrimination against persons with disabilities: Canadian evidence from PALS. International Journal of Human Resource Management, 27(14), 1531\u20131549. Retrieved from https:\/\/www.tandfonline.com\/doi\/abs\/10.1080\/09585192.2015.1072106.","authors":"Gunderson, M. and Lee, B.","org":"","year":"2016","title_fr":null,"editors_hidden":"","publication":"International Journal of Human Resource Management","publication_fr":null,"volume":"27","issue":"14","Series":"","SeriesNumber":"","page_range":"1531\u20131549","publisher_city":"","publisher_state":"","publisher":"Taylor & Francis Group","abstract_en":null,"abstract_fr":null,"keywords":"Canada, Compensation, Disability, Labour, Pay","paywall":"1","doi":"10.1080\/09585192.2015.1072106","isbn":"","url":"https:\/\/www.tandfonline.com\/doi\/abs\/10.1080\/09585192.2015.1072106","url_fr":null,"url_amazon":"","TRACK":"0"},"yoast_head":"<!-- This site is optimized with the Yoast SEO plugin v27.4 - https:\/\/yoast.com\/product\/yoast-seo-wordpress\/ -->\n<title>Pay discrimination against persons with disabilities: Canadian evidence from PALS - Future Skills Centre \u2022 Centre des Comp\u00e9tences futures<\/title>\n<meta name=\"robots\" content=\"index, follow, max-snippet:-1, max-image-preview:large, max-video-preview:-1\" \/>\n<link rel=\"canonical\" href=\"https:\/\/fsc-ccf.ca\/fr\/references\/pay-discrimination-against-persons-with-disabilities-canadian-evidence-from-pals-2\/\" \/>\n<meta name=\"twitter:label1\" content=\"Est. reading time\" \/>\n\t<meta name=\"twitter:data1\" content=\"1 minute\" \/>\n<script type=\"application\/ld+json\" class=\"yoast-schema-graph\">{\"@context\":\"https:\\\/\\\/schema.org\",\"@graph\":[{\"@type\":\"WebPage\",\"@id\":\"https:\\\/\\\/fsc-ccf.ca\\\/fr\\\/references\\\/pay-discrimination-against-persons-with-disabilities-canadian-evidence-from-pals-2\\\/\",\"url\":\"https:\\\/\\\/fsc-ccf.ca\\\/fr\\\/references\\\/pay-discrimination-against-persons-with-disabilities-canadian-evidence-from-pals-2\\\/\",\"name\":\"Pay discrimination against persons with disabilities: Canadian evidence from PALS - Future Skills Centre \u2022 Centre des Comp\u00e9tences futures\",\"isPartOf\":{\"@id\":\"https:\\\/\\\/fsc-ccf.ca\\\/fr\\\/#website\"},\"datePublished\":\"2020-08-11T22:19:17+00:00\",\"breadcrumb\":{\"@id\":\"https:\\\/\\\/fsc-ccf.ca\\\/fr\\\/references\\\/pay-discrimination-against-persons-with-disabilities-canadian-evidence-from-pals-2\\\/#breadcrumb\"},\"inLanguage\":\"fr-FR\",\"potentialAction\":[{\"@type\":\"ReadAction\",\"target\":[\"https:\\\/\\\/fsc-ccf.ca\\\/fr\\\/references\\\/pay-discrimination-against-persons-with-disabilities-canadian-evidence-from-pals-2\\\/\"]}]},{\"@type\":\"BreadcrumbList\",\"@id\":\"https:\\\/\\\/fsc-ccf.ca\\\/fr\\\/references\\\/pay-discrimination-against-persons-with-disabilities-canadian-evidence-from-pals-2\\\/#breadcrumb\",\"itemListElement\":[{\"@type\":\"ListItem\",\"position\":1,\"name\":\"Home\",\"item\":\"https:\\\/\\\/fsc-ccf.ca\\\/fr\\\/\"},{\"@type\":\"ListItem\",\"position\":2,\"name\":\"References\",\"item\":\"https:\\\/\\\/fsc-ccf.ca\\\/fr\\\/references\\\/\"},{\"@type\":\"ListItem\",\"position\":3,\"name\":\"Pay discrimination against persons with disabilities: Canadian evidence from PALS\"}]},{\"@type\":\"WebSite\",\"@id\":\"https:\\\/\\\/fsc-ccf.ca\\\/fr\\\/#website\",\"url\":\"https:\\\/\\\/fsc-ccf.ca\\\/fr\\\/\",\"name\":\"Future Skills Centre \u2022 Centre des Comp\u00e9tences futures\",\"description\":\"\",\"publisher\":{\"@id\":\"https:\\\/\\\/fsc-ccf.ca\\\/fr\\\/#organization\"},\"potentialAction\":[{\"@type\":\"SearchAction\",\"target\":{\"@type\":\"EntryPoint\",\"urlTemplate\":\"https:\\\/\\\/fsc-ccf.ca\\\/fr\\\/?s={search_term_string}\"},\"query-input\":{\"@type\":\"PropertyValueSpecification\",\"valueRequired\":true,\"valueName\":\"search_term_string\"}}],\"inLanguage\":\"fr-FR\"},{\"@type\":\"Organization\",\"@id\":\"https:\\\/\\\/fsc-ccf.ca\\\/fr\\\/#organization\",\"name\":\"Future Skills Centre \u2022 Centre des Comp\u00e9tences futures\",\"url\":\"https:\\\/\\\/fsc-ccf.ca\\\/fr\\\/\",\"logo\":{\"@type\":\"ImageObject\",\"inLanguage\":\"fr-FR\",\"@id\":\"https:\\\/\\\/fsc-ccf.ca\\\/fr\\\/#\\\/schema\\\/logo\\\/image\\\/\",\"url\":\"https:\\\/\\\/fsc-ccf.ca\\\/wp-content\\\/uploads\\\/2019\\\/08\\\/FSC_logo_colour_rgb_positive_ENG.png\",\"contentUrl\":\"https:\\\/\\\/fsc-ccf.ca\\\/wp-content\\\/uploads\\\/2019\\\/08\\\/FSC_logo_colour_rgb_positive_ENG.png\",\"width\":618,\"height\":528,\"caption\":\"Future Skills Centre \u2022 Centre des Comp\u00e9tences futures\"},\"image\":{\"@id\":\"https:\\\/\\\/fsc-ccf.ca\\\/fr\\\/#\\\/schema\\\/logo\\\/image\\\/\"},\"sameAs\":[\"https:\\\/\\\/www.facebook.com\\\/2161871137193201\\\/\",\"https:\\\/\\\/x.com\\\/fsc_ccf_en\",\"https:\\\/\\\/www.instagram.com\\\/fsc_ccf\\\/\",\"https:\\\/\\\/www.linkedin.com\\\/company\\\/fsc-ccf\\\/\"]}]}<\/script>\n<!-- \/ Yoast SEO plugin. -->","yoast_head_json":{"title":"Pay discrimination against persons with disabilities: Canadian evidence from PALS - Future Skills Centre \u2022 Centre des Comp\u00e9tences futures","robots":{"index":"index","follow":"follow","max-snippet":"max-snippet:-1","max-image-preview":"max-image-preview:large","max-video-preview":"max-video-preview:-1"},"canonical":"https:\/\/fsc-ccf.ca\/fr\/references\/pay-discrimination-against-persons-with-disabilities-canadian-evidence-from-pals-2\/","twitter_misc":{"Est. reading time":"1 minute"},"schema":{"@context":"https:\/\/schema.org","@graph":[{"@type":"WebPage","@id":"https:\/\/fsc-ccf.ca\/fr\/references\/pay-discrimination-against-persons-with-disabilities-canadian-evidence-from-pals-2\/","url":"https:\/\/fsc-ccf.ca\/fr\/references\/pay-discrimination-against-persons-with-disabilities-canadian-evidence-from-pals-2\/","name":"Pay discrimination against persons with disabilities: Canadian evidence from PALS - Future Skills Centre \u2022 Centre des Comp\u00e9tences futures","isPartOf":{"@id":"https:\/\/fsc-ccf.ca\/fr\/#website"},"datePublished":"2020-08-11T22:19:17+00:00","breadcrumb":{"@id":"https:\/\/fsc-ccf.ca\/fr\/references\/pay-discrimination-against-persons-with-disabilities-canadian-evidence-from-pals-2\/#breadcrumb"},"inLanguage":"fr-FR","potentialAction":[{"@type":"ReadAction","target":["https:\/\/fsc-ccf.ca\/fr\/references\/pay-discrimination-against-persons-with-disabilities-canadian-evidence-from-pals-2\/"]}]},{"@type":"BreadcrumbList","@id":"https:\/\/fsc-ccf.ca\/fr\/references\/pay-discrimination-against-persons-with-disabilities-canadian-evidence-from-pals-2\/#breadcrumb","itemListElement":[{"@type":"ListItem","position":1,"name":"Home","item":"https:\/\/fsc-ccf.ca\/fr\/"},{"@type":"ListItem","position":2,"name":"References","item":"https:\/\/fsc-ccf.ca\/fr\/references\/"},{"@type":"ListItem","position":3,"name":"Pay discrimination against persons with disabilities: Canadian evidence from PALS"}]},{"@type":"WebSite","@id":"https:\/\/fsc-ccf.ca\/fr\/#website","url":"https:\/\/fsc-ccf.ca\/fr\/","name":"Future Skills Centre \u2022 Centre des Comp\u00e9tences futures","description":"","publisher":{"@id":"https:\/\/fsc-ccf.ca\/fr\/#organization"},"potentialAction":[{"@type":"SearchAction","target":{"@type":"EntryPoint","urlTemplate":"https:\/\/fsc-ccf.ca\/fr\/?s={search_term_string}"},"query-input":{"@type":"PropertyValueSpecification","valueRequired":true,"valueName":"search_term_string"}}],"inLanguage":"fr-FR"},{"@type":"Organization","@id":"https:\/\/fsc-ccf.ca\/fr\/#organization","name":"Future Skills Centre \u2022 Centre des Comp\u00e9tences futures","url":"https:\/\/fsc-ccf.ca\/fr\/","logo":{"@type":"ImageObject","inLanguage":"fr-FR","@id":"https:\/\/fsc-ccf.ca\/fr\/#\/schema\/logo\/image\/","url":"https:\/\/fsc-ccf.ca\/wp-content\/uploads\/2019\/08\/FSC_logo_colour_rgb_positive_ENG.png","contentUrl":"https:\/\/fsc-ccf.ca\/wp-content\/uploads\/2019\/08\/FSC_logo_colour_rgb_positive_ENG.png","width":618,"height":528,"caption":"Future Skills Centre \u2022 Centre des Comp\u00e9tences futures"},"image":{"@id":"https:\/\/fsc-ccf.ca\/fr\/#\/schema\/logo\/image\/"},"sameAs":["https:\/\/www.facebook.com\/2161871137193201\/","https:\/\/x.com\/fsc_ccf_en","https:\/\/www.instagram.com\/fsc_ccf\/","https:\/\/www.linkedin.com\/company\/fsc-ccf\/"]}]}},"_links":{"self":[{"href":"https:\/\/fsc-ccf.ca\/fr\/wp-json\/wp\/v2\/reference\/129250","targetHints":{"allow":["GET"]}}],"collection":[{"href":"https:\/\/fsc-ccf.ca\/fr\/wp-json\/wp\/v2\/reference"}],"about":[{"href":"https:\/\/fsc-ccf.ca\/fr\/wp-json\/wp\/v2\/types\/reference"}],"version-history":[{"count":0,"href":"https:\/\/fsc-ccf.ca\/fr\/wp-json\/wp\/v2\/reference\/129250\/revisions"}],"wp:attachment":[{"href":"https:\/\/fsc-ccf.ca\/fr\/wp-json\/wp\/v2\/media?parent=129250"}],"wp:term":[{"taxonomy":"reference-tag","embeddable":true,"href":"https:\/\/fsc-ccf.ca\/fr\/wp-json\/wp\/v2\/reference-tag?post=129250"},{"taxonomy":"reference-type","embeddable":true,"href":"https:\/\/fsc-ccf.ca\/fr\/wp-json\/wp\/v2\/reference-type?post=129250"}],"curies":[{"name":"wp","href":"https:\/\/api.w.org\/{rel}","templated":true}]}}