			{"id":129154,"date":"2020-08-11T18:18:35","date_gmt":"2020-08-11T22:18:35","guid":{"rendered":"https:\/\/fsc-ccf.ca\/references\/the-participation-of-people-with-disabilities-in-the-workplace-across-the-employment-cycle-employer-concerns-and-research-evidence-2\/"},"modified":"2020-08-11T18:18:35","modified_gmt":"2020-08-11T22:18:35","slug":"the-participation-of-people-with-disabilities-in-the-workplace-across-the-employment-cycle-employer-concerns-and-research-evidence-2","status":"publish","type":"reference","link":"https:\/\/fsc-ccf.ca\/fr\/references\/the-participation-of-people-with-disabilities-in-the-workplace-across-the-employment-cycle-employer-concerns-and-research-evidence-2\/","title":{"rendered":"The participation of people with disabilities in the workplace across the employment cycle: Employer concerns and research evidence"},"content":{"rendered":"<p>En d\u00e9pit de la l\u00e9gislation sur la diversit\u00e9 en milieu de travail, les personnes handicap\u00e9es ne toujours pas exp\u00e9rienc  e le m\u00eame acc\u00e8s aux possibilit\u00e9s de travail que leurs homologues non handicap\u00e9s. De nombreux employeurs ont \u00e9t\u00e9 montr\u00e9s pour port sinc\u00e8res vues encore mal fond\u00e9es sur les capacit\u00e9s li\u00e9es au travail des personnes handicap\u00e9es; ces points de vue n\u00e9gatifs sont souvent le r\u00e9sultat de pr\u00e9occupations interd\u00e9pendantes qui impr\u00e8gnent l&#8217;ensemble du cycle de l&#8217;emploi. Dans cet article, nous fournissons des r\u00e9ponses factuelles \u00e0 11 pr\u00e9occupations particuli\u00e8res que les employeurs ont sur les personnes handicap\u00e9es, de pr\u00e9-emploi et des exp\u00e9riences entr\u00e9e \u00e0 la dissolution finale de la relation de travail. A chaque \u00e9tape du cycle de l&#8217;emploi, nous r\u00e9sumons et d&#8217;\u00e9valuer les donn\u00e9es empiriques et formuler des recommandations pertinentes pour les organisations engag\u00e9es dans la cr\u00e9ation de lieux de travail plus efficace, \u00e9quitable et inclusive pour tous les individus. Nous proposons \u00e9galement des pistes de recherche future. Traduit a\u0300 l'aide de Google Translate<\/p>\n","protected":false},"excerpt":{"rendered":"<p>En d\u00e9pit de la l\u00e9gislation sur la diversit\u00e9 en milieu de travail, les personnes handicap\u00e9es ne toujours pas exp\u00e9rienc  e le m\u00eame acc\u00e8s aux possibilit\u00e9s de travail que leurs homologues non handicap\u00e9s. De nombreux employeurs ont \u00e9t\u00e9 montr\u00e9s pour port sinc\u00e8res vues encore mal fond\u00e9es sur les capacit\u00e9s li\u00e9es au travail des personnes handicap\u00e9es; ces points de vue n\u00e9gatifs sont souvent le r\u00e9sultat de pr\u00e9occupations interd\u00e9pendantes qui impr\u00e8gnent l&#8217;ensemble du cycle de l&#8217;emploi. Dans cet article, nous fournissons des r\u00e9ponses factuelles \u00e0 11 pr\u00e9occupations particuli\u00e8res que les employeurs ont sur les personnes handicap\u00e9es, de pr\u00e9-emploi et des exp\u00e9riences entr\u00e9e \u00e0 la dissolution finale de la relation de travail. A chaque \u00e9tape du cycle de l&#8217;emploi, nous r\u00e9sumons et d&#8217;\u00e9valuer les donn\u00e9es empiriques et formuler des recommandations pertinentes pour les organisations engag\u00e9es dans la cr\u00e9ation de lieux de travail plus efficace, \u00e9quitable et inclusive pour tous les individus. Nous proposons \u00e9galement des pistes de recherche future. [googletranslate_fr]<\/p>\n","protected":false},"template":"","reference-tag":[],"reference-type":[435],"class_list":["post-129154","reference","type-reference","status-publish","hentry","reference-type-journal-article"],"acf":{"citation":"Bonaccio, S., Connelly, C., Gellatly, I., Jetha, A., and Martin Ginis, K. (2019). The participation of people with disabilities in the workplace across the employment cycle: Employer concerns and research evidence. Journal of Business and Psychology, , . Retrieved from http:\/\/link.springer.com\/10.1007\/s10869-018-9602-5.","authors":"Bonaccio, S., Connelly, C., Gellatly, I., Jetha, A., and Martin Ginis, K.","org":"","year":"2019","title_fr":null,"editors_hidden":"","publication":"Journal of Business and Psychology","publication_fr":null,"volume":"","issue":"","Series":"","SeriesNumber":"","page_range":"","publisher_city":"","publisher_state":"","publisher":"Springer","abstract_en":null,"abstract_fr":null,"keywords":"Disabilities, Diversity, Employment cycle, Employment discrimination","paywall":"1","doi":"10.1007\/s10869-018-9602-5","isbn":"","url":"http:\/\/link.springer.com\/10.1007\/s10869-018-9602-5","url_fr":null,"url_amazon":"","TRACK":"0"},"yoast_head":"<!-- This site is optimized with the Yoast SEO plugin v27.4 - https:\/\/yoast.com\/product\/yoast-seo-wordpress\/ -->\n<title>The participation of people with disabilities in the workplace across the employment cycle: Employer concerns and research evidence - Future Skills Centre \u2022 Centre des Comp\u00e9tences futures<\/title>\n<meta name=\"robots\" content=\"index, follow, max-snippet:-1, max-image-preview:large, max-video-preview:-1\" \/>\n<link rel=\"canonical\" href=\"https:\/\/fsc-ccf.ca\/fr\/references\/the-participation-of-people-with-disabilities-in-the-workplace-across-the-employment-cycle-employer-concerns-and-research-evidence-2\/\" \/>\n<meta name=\"twitter:label1\" content=\"Est. reading time\" \/>\n\t<meta name=\"twitter:data1\" content=\"1 minute\" \/>\n<script type=\"application\/ld+json\" class=\"yoast-schema-graph\">{\"@context\":\"https:\\\/\\\/schema.org\",\"@graph\":[{\"@type\":\"WebPage\",\"@id\":\"https:\\\/\\\/fsc-ccf.ca\\\/fr\\\/references\\\/the-participation-of-people-with-disabilities-in-the-workplace-across-the-employment-cycle-employer-concerns-and-research-evidence-2\\\/\",\"url\":\"https:\\\/\\\/fsc-ccf.ca\\\/fr\\\/references\\\/the-participation-of-people-with-disabilities-in-the-workplace-across-the-employment-cycle-employer-concerns-and-research-evidence-2\\\/\",\"name\":\"The participation of people with disabilities in the workplace across the employment cycle: Employer concerns and research evidence - Future Skills Centre \u2022 Centre des Comp\u00e9tences futures\",\"isPartOf\":{\"@id\":\"https:\\\/\\\/fsc-ccf.ca\\\/fr\\\/#website\"},\"datePublished\":\"2020-08-11T22:18:35+00:00\",\"breadcrumb\":{\"@id\":\"https:\\\/\\\/fsc-ccf.ca\\\/fr\\\/references\\\/the-participation-of-people-with-disabilities-in-the-workplace-across-the-employment-cycle-employer-concerns-and-research-evidence-2\\\/#breadcrumb\"},\"inLanguage\":\"fr-FR\",\"potentialAction\":[{\"@type\":\"ReadAction\",\"target\":[\"https:\\\/\\\/fsc-ccf.ca\\\/fr\\\/references\\\/the-participation-of-people-with-disabilities-in-the-workplace-across-the-employment-cycle-employer-concerns-and-research-evidence-2\\\/\"]}]},{\"@type\":\"BreadcrumbList\",\"@id\":\"https:\\\/\\\/fsc-ccf.ca\\\/fr\\\/references\\\/the-participation-of-people-with-disabilities-in-the-workplace-across-the-employment-cycle-employer-concerns-and-research-evidence-2\\\/#breadcrumb\",\"itemListElement\":[{\"@type\":\"ListItem\",\"position\":1,\"name\":\"Home\",\"item\":\"https:\\\/\\\/fsc-ccf.ca\\\/fr\\\/\"},{\"@type\":\"ListItem\",\"position\":2,\"name\":\"References\",\"item\":\"https:\\\/\\\/fsc-ccf.ca\\\/fr\\\/references\\\/\"},{\"@type\":\"ListItem\",\"position\":3,\"name\":\"The participation of people with disabilities in the workplace across the employment cycle: Employer concerns and research evidence\"}]},{\"@type\":\"WebSite\",\"@id\":\"https:\\\/\\\/fsc-ccf.ca\\\/fr\\\/#website\",\"url\":\"https:\\\/\\\/fsc-ccf.ca\\\/fr\\\/\",\"name\":\"Future Skills Centre \u2022 Centre des Comp\u00e9tences futures\",\"description\":\"\",\"publisher\":{\"@id\":\"https:\\\/\\\/fsc-ccf.ca\\\/fr\\\/#organization\"},\"potentialAction\":[{\"@type\":\"SearchAction\",\"target\":{\"@type\":\"EntryPoint\",\"urlTemplate\":\"https:\\\/\\\/fsc-ccf.ca\\\/fr\\\/?s={search_term_string}\"},\"query-input\":{\"@type\":\"PropertyValueSpecification\",\"valueRequired\":true,\"valueName\":\"search_term_string\"}}],\"inLanguage\":\"fr-FR\"},{\"@type\":\"Organization\",\"@id\":\"https:\\\/\\\/fsc-ccf.ca\\\/fr\\\/#organization\",\"name\":\"Future Skills Centre \u2022 Centre des Comp\u00e9tences futures\",\"url\":\"https:\\\/\\\/fsc-ccf.ca\\\/fr\\\/\",\"logo\":{\"@type\":\"ImageObject\",\"inLanguage\":\"fr-FR\",\"@id\":\"https:\\\/\\\/fsc-ccf.ca\\\/fr\\\/#\\\/schema\\\/logo\\\/image\\\/\",\"url\":\"https:\\\/\\\/fsc-ccf.ca\\\/wp-content\\\/uploads\\\/2019\\\/08\\\/FSC_logo_colour_rgb_positive_ENG.png\",\"contentUrl\":\"https:\\\/\\\/fsc-ccf.ca\\\/wp-content\\\/uploads\\\/2019\\\/08\\\/FSC_logo_colour_rgb_positive_ENG.png\",\"width\":618,\"height\":528,\"caption\":\"Future Skills Centre \u2022 Centre des Comp\u00e9tences futures\"},\"image\":{\"@id\":\"https:\\\/\\\/fsc-ccf.ca\\\/fr\\\/#\\\/schema\\\/logo\\\/image\\\/\"},\"sameAs\":[\"https:\\\/\\\/www.facebook.com\\\/2161871137193201\\\/\",\"https:\\\/\\\/x.com\\\/fsc_ccf_en\",\"https:\\\/\\\/www.instagram.com\\\/fsc_ccf\\\/\",\"https:\\\/\\\/www.linkedin.com\\\/company\\\/fsc-ccf\\\/\"]}]}<\/script>\n<!-- \/ Yoast SEO plugin. -->","yoast_head_json":{"title":"The participation of people with disabilities in the workplace across the employment cycle: Employer concerns and research evidence - Future Skills Centre \u2022 Centre des Comp\u00e9tences futures","robots":{"index":"index","follow":"follow","max-snippet":"max-snippet:-1","max-image-preview":"max-image-preview:large","max-video-preview":"max-video-preview:-1"},"canonical":"https:\/\/fsc-ccf.ca\/fr\/references\/the-participation-of-people-with-disabilities-in-the-workplace-across-the-employment-cycle-employer-concerns-and-research-evidence-2\/","twitter_misc":{"Est. reading time":"1 minute"},"schema":{"@context":"https:\/\/schema.org","@graph":[{"@type":"WebPage","@id":"https:\/\/fsc-ccf.ca\/fr\/references\/the-participation-of-people-with-disabilities-in-the-workplace-across-the-employment-cycle-employer-concerns-and-research-evidence-2\/","url":"https:\/\/fsc-ccf.ca\/fr\/references\/the-participation-of-people-with-disabilities-in-the-workplace-across-the-employment-cycle-employer-concerns-and-research-evidence-2\/","name":"The participation of people with disabilities in the workplace across the employment cycle: Employer concerns and research evidence - Future Skills Centre \u2022 Centre des Comp\u00e9tences futures","isPartOf":{"@id":"https:\/\/fsc-ccf.ca\/fr\/#website"},"datePublished":"2020-08-11T22:18:35+00:00","breadcrumb":{"@id":"https:\/\/fsc-ccf.ca\/fr\/references\/the-participation-of-people-with-disabilities-in-the-workplace-across-the-employment-cycle-employer-concerns-and-research-evidence-2\/#breadcrumb"},"inLanguage":"fr-FR","potentialAction":[{"@type":"ReadAction","target":["https:\/\/fsc-ccf.ca\/fr\/references\/the-participation-of-people-with-disabilities-in-the-workplace-across-the-employment-cycle-employer-concerns-and-research-evidence-2\/"]}]},{"@type":"BreadcrumbList","@id":"https:\/\/fsc-ccf.ca\/fr\/references\/the-participation-of-people-with-disabilities-in-the-workplace-across-the-employment-cycle-employer-concerns-and-research-evidence-2\/#breadcrumb","itemListElement":[{"@type":"ListItem","position":1,"name":"Home","item":"https:\/\/fsc-ccf.ca\/fr\/"},{"@type":"ListItem","position":2,"name":"References","item":"https:\/\/fsc-ccf.ca\/fr\/references\/"},{"@type":"ListItem","position":3,"name":"The participation of people with disabilities in the workplace across the employment cycle: Employer concerns and research evidence"}]},{"@type":"WebSite","@id":"https:\/\/fsc-ccf.ca\/fr\/#website","url":"https:\/\/fsc-ccf.ca\/fr\/","name":"Future Skills Centre \u2022 Centre des Comp\u00e9tences futures","description":"","publisher":{"@id":"https:\/\/fsc-ccf.ca\/fr\/#organization"},"potentialAction":[{"@type":"SearchAction","target":{"@type":"EntryPoint","urlTemplate":"https:\/\/fsc-ccf.ca\/fr\/?s={search_term_string}"},"query-input":{"@type":"PropertyValueSpecification","valueRequired":true,"valueName":"search_term_string"}}],"inLanguage":"fr-FR"},{"@type":"Organization","@id":"https:\/\/fsc-ccf.ca\/fr\/#organization","name":"Future Skills Centre \u2022 Centre des Comp\u00e9tences futures","url":"https:\/\/fsc-ccf.ca\/fr\/","logo":{"@type":"ImageObject","inLanguage":"fr-FR","@id":"https:\/\/fsc-ccf.ca\/fr\/#\/schema\/logo\/image\/","url":"https:\/\/fsc-ccf.ca\/wp-content\/uploads\/2019\/08\/FSC_logo_colour_rgb_positive_ENG.png","contentUrl":"https:\/\/fsc-ccf.ca\/wp-content\/uploads\/2019\/08\/FSC_logo_colour_rgb_positive_ENG.png","width":618,"height":528,"caption":"Future Skills Centre \u2022 Centre des Comp\u00e9tences futures"},"image":{"@id":"https:\/\/fsc-ccf.ca\/fr\/#\/schema\/logo\/image\/"},"sameAs":["https:\/\/www.facebook.com\/2161871137193201\/","https:\/\/x.com\/fsc_ccf_en","https:\/\/www.instagram.com\/fsc_ccf\/","https:\/\/www.linkedin.com\/company\/fsc-ccf\/"]}]}},"_links":{"self":[{"href":"https:\/\/fsc-ccf.ca\/fr\/wp-json\/wp\/v2\/reference\/129154","targetHints":{"allow":["GET"]}}],"collection":[{"href":"https:\/\/fsc-ccf.ca\/fr\/wp-json\/wp\/v2\/reference"}],"about":[{"href":"https:\/\/fsc-ccf.ca\/fr\/wp-json\/wp\/v2\/types\/reference"}],"version-history":[{"count":0,"href":"https:\/\/fsc-ccf.ca\/fr\/wp-json\/wp\/v2\/reference\/129154\/revisions"}],"wp:attachment":[{"href":"https:\/\/fsc-ccf.ca\/fr\/wp-json\/wp\/v2\/media?parent=129154"}],"wp:term":[{"taxonomy":"reference-tag","embeddable":true,"href":"https:\/\/fsc-ccf.ca\/fr\/wp-json\/wp\/v2\/reference-tag?post=129154"},{"taxonomy":"reference-type","embeddable":true,"href":"https:\/\/fsc-ccf.ca\/fr\/wp-json\/wp\/v2\/reference-type?post=129154"}],"curies":[{"name":"wp","href":"https:\/\/api.w.org\/{rel}","templated":true}]}}