			{"id":129146,"date":"2020-08-11T18:18:32","date_gmt":"2020-08-11T22:18:32","guid":{"rendered":"https:\/\/fsc-ccf.ca\/references\/brain-abuse-or-the-devaluation-of-immigrant-labour-in-canada-2\/"},"modified":"2020-08-11T18:18:32","modified_gmt":"2020-08-11T22:18:32","slug":"brain-abuse-or-the-devaluation-of-immigrant-labour-in-canada-2","status":"publish","type":"reference","link":"https:\/\/fsc-ccf.ca\/fr\/references\/brain-abuse-or-the-devaluation-of-immigrant-labour-in-canada-2\/","title":{"rendered":"\u201cBrain abuse\u201d, or the devaluation of immigrant labour in Canada"},"content":{"rendered":"<p>De nombreux immigrants canadiens professionnels et qualifi\u00e9s souffrent de d\u00e9qualification et de la non-reconnaissance de leurs titres de comp\u00e9tence \u00e9trangers. Par cons\u00e9quent, ils sont sous-repr\u00e9sent\u00e9s dans les segments sup\u00e9rieurs du march\u00e9 du travail canadien. Plut\u00f4t que d&#8217;accepter cette d\u00e9valorisation du travail des immigrants comme une p\u00e9riode d&#8217;ajustement naturel, je sugg\u00e8re que les institutions r\u00e9glementaires excluent activement les immigrants des segments sup\u00e9rieurs du march\u00e9 du travail. En particulier, les associations professionnelles et les employeurs donnent la pr\u00e9f\u00e9rence aux travailleurs n\u00e9s au Canada et instruits et refuser l&#8217;acc\u00e8s des immigrants aux professions les plus recherch\u00e9s. La notion de capital culturel institutionnalis\u00e9 de Pierre Bourdieu et son point de vue du syst\u00e8me \u00e9ducatif comme un site de reproduction sociale constituent le point d&#8217;entr\u00e9e pour mon argument th\u00e9orique. Je trouve que la non-reconnaissance des titres de comp\u00e9tences \u00e9trangers et la r\u00e9vocation de l&#8217;exp\u00e9rience travail \u00e0 l&#8217;\u00e9tranger exclut syst\u00e9matiquement les travailleurs immigr\u00e9s des segments sup\u00e9rieurs du march\u00e9 du travail. Cette constatation est bas\u00e9e sur les donn\u00e9es d&#8217;entrevues avec les administrateurs des \u00e9tablissements et les employeurs du Grand Vancouver, qui les immigrants de service ou d&#8217;employer de l&#8217;Asie du Sud et l&#8217;ex-Yougoslavie. Traduit a\u0300 l'aide de Google Translate<\/p>\n","protected":false},"excerpt":{"rendered":"<p>De nombreux immigrants canadiens professionnels et qualifi\u00e9s souffrent de d\u00e9qualification et de la non-reconnaissance de leurs titres de comp\u00e9tence \u00e9trangers. Par cons\u00e9quent, ils sont sous-repr\u00e9sent\u00e9s dans les segments sup\u00e9rieurs du march\u00e9 du travail canadien. Plut\u00f4t que d&#8217;accepter cette d\u00e9valorisation du travail des immigrants comme une p\u00e9riode d&#8217;ajustement naturel, je sugg\u00e8re que les institutions r\u00e9glementaires excluent activement les immigrants des segments sup\u00e9rieurs du march\u00e9 du travail. En particulier, les associations professionnelles et les employeurs donnent la pr\u00e9f\u00e9rence aux travailleurs n\u00e9s au Canada et instruits et refuser l&#8217;acc\u00e8s des immigrants aux professions les plus recherch\u00e9s. La notion de capital culturel institutionnalis\u00e9 de Pierre Bourdieu et son point de vue du syst\u00e8me \u00e9ducatif comme un site de reproduction sociale constituent le point d&#8217;entr\u00e9e pour mon argument th\u00e9orique. Je trouve que la non-reconnaissance des titres de comp\u00e9tences \u00e9trangers et la r\u00e9vocation de l&#8217;exp\u00e9rience travail \u00e0 l&#8217;\u00e9tranger exclut syst\u00e9matiquement les travailleurs immigr\u00e9s des segments sup\u00e9rieurs du march\u00e9 du travail. Cette constatation est bas\u00e9e sur les donn\u00e9es d&#8217;entrevues avec les administrateurs des \u00e9tablissements et les employeurs du Grand Vancouver, qui les immigrants de service ou d&#8217;employer de l&#8217;Asie du Sud et l&#8217;ex-Yougoslavie. [googletranslate_fr]<\/p>\n","protected":false},"template":"","reference-tag":[],"reference-type":[435],"class_list":["post-129146","reference","type-reference","status-publish","hentry","reference-type-journal-article"],"acf":{"citation":"Bauder, H. (2003). \u201cBrain abuse\u201d, or the devaluation of immigrant labour in Canada. Antipode, 35(4), 699\u2013717. Retrieved from http:\/\/doi.wiley.com\/10.1046\/j.1467-8330.2003.00346.x.","authors":"Bauder, H.","org":"","year":"2003","title_fr":null,"editors_hidden":"","publication":"Antipode","publication_fr":null,"volume":"35","issue":"4","Series":"","SeriesNumber":"","page_range":"699\u2013717","publisher_city":"","publisher_state":"","publisher":"John Wiley and Sons","abstract_en":null,"abstract_fr":null,"keywords":"","paywall":"1","doi":"10.1046\/j.1467-8330.2003.00346.x","isbn":"","url":"http:\/\/doi.wiley.com\/10.1046\/j.1467-8330.2003.00346.x","url_fr":null,"url_amazon":"","TRACK":"0"},"yoast_head":"<!-- This site is optimized with the Yoast SEO plugin v27.4 - https:\/\/yoast.com\/product\/yoast-seo-wordpress\/ -->\n<title>\u201cBrain abuse\u201d, or the devaluation of immigrant labour in Canada - Future Skills Centre \u2022 Centre des Comp\u00e9tences futures<\/title>\n<meta name=\"robots\" content=\"index, follow, max-snippet:-1, max-image-preview:large, max-video-preview:-1\" \/>\n<link rel=\"canonical\" href=\"https:\/\/fsc-ccf.ca\/fr\/references\/brain-abuse-or-the-devaluation-of-immigrant-labour-in-canada-2\/\" \/>\n<meta name=\"twitter:label1\" content=\"Est. reading time\" \/>\n\t<meta name=\"twitter:data1\" content=\"1 minute\" \/>\n<script type=\"application\/ld+json\" class=\"yoast-schema-graph\">{\"@context\":\"https:\\\/\\\/schema.org\",\"@graph\":[{\"@type\":\"WebPage\",\"@id\":\"https:\\\/\\\/fsc-ccf.ca\\\/fr\\\/references\\\/brain-abuse-or-the-devaluation-of-immigrant-labour-in-canada-2\\\/\",\"url\":\"https:\\\/\\\/fsc-ccf.ca\\\/fr\\\/references\\\/brain-abuse-or-the-devaluation-of-immigrant-labour-in-canada-2\\\/\",\"name\":\"\u201cBrain abuse\u201d, or the devaluation of immigrant labour in Canada - Future Skills Centre \u2022 Centre des Comp\u00e9tences futures\",\"isPartOf\":{\"@id\":\"https:\\\/\\\/fsc-ccf.ca\\\/fr\\\/#website\"},\"datePublished\":\"2020-08-11T22:18:32+00:00\",\"breadcrumb\":{\"@id\":\"https:\\\/\\\/fsc-ccf.ca\\\/fr\\\/references\\\/brain-abuse-or-the-devaluation-of-immigrant-labour-in-canada-2\\\/#breadcrumb\"},\"inLanguage\":\"fr-FR\",\"potentialAction\":[{\"@type\":\"ReadAction\",\"target\":[\"https:\\\/\\\/fsc-ccf.ca\\\/fr\\\/references\\\/brain-abuse-or-the-devaluation-of-immigrant-labour-in-canada-2\\\/\"]}]},{\"@type\":\"BreadcrumbList\",\"@id\":\"https:\\\/\\\/fsc-ccf.ca\\\/fr\\\/references\\\/brain-abuse-or-the-devaluation-of-immigrant-labour-in-canada-2\\\/#breadcrumb\",\"itemListElement\":[{\"@type\":\"ListItem\",\"position\":1,\"name\":\"Home\",\"item\":\"https:\\\/\\\/fsc-ccf.ca\\\/fr\\\/\"},{\"@type\":\"ListItem\",\"position\":2,\"name\":\"References\",\"item\":\"https:\\\/\\\/fsc-ccf.ca\\\/fr\\\/references\\\/\"},{\"@type\":\"ListItem\",\"position\":3,\"name\":\"\u201cBrain abuse\u201d, or the devaluation of immigrant labour in Canada\"}]},{\"@type\":\"WebSite\",\"@id\":\"https:\\\/\\\/fsc-ccf.ca\\\/fr\\\/#website\",\"url\":\"https:\\\/\\\/fsc-ccf.ca\\\/fr\\\/\",\"name\":\"Future Skills Centre \u2022 Centre des Comp\u00e9tences futures\",\"description\":\"\",\"publisher\":{\"@id\":\"https:\\\/\\\/fsc-ccf.ca\\\/fr\\\/#organization\"},\"potentialAction\":[{\"@type\":\"SearchAction\",\"target\":{\"@type\":\"EntryPoint\",\"urlTemplate\":\"https:\\\/\\\/fsc-ccf.ca\\\/fr\\\/?s={search_term_string}\"},\"query-input\":{\"@type\":\"PropertyValueSpecification\",\"valueRequired\":true,\"valueName\":\"search_term_string\"}}],\"inLanguage\":\"fr-FR\"},{\"@type\":\"Organization\",\"@id\":\"https:\\\/\\\/fsc-ccf.ca\\\/fr\\\/#organization\",\"name\":\"Future Skills Centre \u2022 Centre des Comp\u00e9tences futures\",\"url\":\"https:\\\/\\\/fsc-ccf.ca\\\/fr\\\/\",\"logo\":{\"@type\":\"ImageObject\",\"inLanguage\":\"fr-FR\",\"@id\":\"https:\\\/\\\/fsc-ccf.ca\\\/fr\\\/#\\\/schema\\\/logo\\\/image\\\/\",\"url\":\"https:\\\/\\\/fsc-ccf.ca\\\/wp-content\\\/uploads\\\/2019\\\/08\\\/FSC_logo_colour_rgb_positive_ENG.png\",\"contentUrl\":\"https:\\\/\\\/fsc-ccf.ca\\\/wp-content\\\/uploads\\\/2019\\\/08\\\/FSC_logo_colour_rgb_positive_ENG.png\",\"width\":618,\"height\":528,\"caption\":\"Future Skills Centre \u2022 Centre des Comp\u00e9tences futures\"},\"image\":{\"@id\":\"https:\\\/\\\/fsc-ccf.ca\\\/fr\\\/#\\\/schema\\\/logo\\\/image\\\/\"},\"sameAs\":[\"https:\\\/\\\/www.facebook.com\\\/2161871137193201\\\/\",\"https:\\\/\\\/x.com\\\/fsc_ccf_en\",\"https:\\\/\\\/www.instagram.com\\\/fsc_ccf\\\/\",\"https:\\\/\\\/www.linkedin.com\\\/company\\\/fsc-ccf\\\/\"]}]}<\/script>\n<!-- \/ Yoast SEO plugin. -->","yoast_head_json":{"title":"\u201cBrain abuse\u201d, or the devaluation of immigrant labour in Canada - Future Skills Centre \u2022 Centre des Comp\u00e9tences futures","robots":{"index":"index","follow":"follow","max-snippet":"max-snippet:-1","max-image-preview":"max-image-preview:large","max-video-preview":"max-video-preview:-1"},"canonical":"https:\/\/fsc-ccf.ca\/fr\/references\/brain-abuse-or-the-devaluation-of-immigrant-labour-in-canada-2\/","twitter_misc":{"Est. reading time":"1 minute"},"schema":{"@context":"https:\/\/schema.org","@graph":[{"@type":"WebPage","@id":"https:\/\/fsc-ccf.ca\/fr\/references\/brain-abuse-or-the-devaluation-of-immigrant-labour-in-canada-2\/","url":"https:\/\/fsc-ccf.ca\/fr\/references\/brain-abuse-or-the-devaluation-of-immigrant-labour-in-canada-2\/","name":"\u201cBrain abuse\u201d, or the devaluation of immigrant labour in Canada - Future Skills Centre \u2022 Centre des Comp\u00e9tences futures","isPartOf":{"@id":"https:\/\/fsc-ccf.ca\/fr\/#website"},"datePublished":"2020-08-11T22:18:32+00:00","breadcrumb":{"@id":"https:\/\/fsc-ccf.ca\/fr\/references\/brain-abuse-or-the-devaluation-of-immigrant-labour-in-canada-2\/#breadcrumb"},"inLanguage":"fr-FR","potentialAction":[{"@type":"ReadAction","target":["https:\/\/fsc-ccf.ca\/fr\/references\/brain-abuse-or-the-devaluation-of-immigrant-labour-in-canada-2\/"]}]},{"@type":"BreadcrumbList","@id":"https:\/\/fsc-ccf.ca\/fr\/references\/brain-abuse-or-the-devaluation-of-immigrant-labour-in-canada-2\/#breadcrumb","itemListElement":[{"@type":"ListItem","position":1,"name":"Home","item":"https:\/\/fsc-ccf.ca\/fr\/"},{"@type":"ListItem","position":2,"name":"References","item":"https:\/\/fsc-ccf.ca\/fr\/references\/"},{"@type":"ListItem","position":3,"name":"\u201cBrain abuse\u201d, or the devaluation of immigrant labour in Canada"}]},{"@type":"WebSite","@id":"https:\/\/fsc-ccf.ca\/fr\/#website","url":"https:\/\/fsc-ccf.ca\/fr\/","name":"Future Skills Centre \u2022 Centre des Comp\u00e9tences futures","description":"","publisher":{"@id":"https:\/\/fsc-ccf.ca\/fr\/#organization"},"potentialAction":[{"@type":"SearchAction","target":{"@type":"EntryPoint","urlTemplate":"https:\/\/fsc-ccf.ca\/fr\/?s={search_term_string}"},"query-input":{"@type":"PropertyValueSpecification","valueRequired":true,"valueName":"search_term_string"}}],"inLanguage":"fr-FR"},{"@type":"Organization","@id":"https:\/\/fsc-ccf.ca\/fr\/#organization","name":"Future Skills Centre \u2022 Centre des Comp\u00e9tences futures","url":"https:\/\/fsc-ccf.ca\/fr\/","logo":{"@type":"ImageObject","inLanguage":"fr-FR","@id":"https:\/\/fsc-ccf.ca\/fr\/#\/schema\/logo\/image\/","url":"https:\/\/fsc-ccf.ca\/wp-content\/uploads\/2019\/08\/FSC_logo_colour_rgb_positive_ENG.png","contentUrl":"https:\/\/fsc-ccf.ca\/wp-content\/uploads\/2019\/08\/FSC_logo_colour_rgb_positive_ENG.png","width":618,"height":528,"caption":"Future Skills Centre \u2022 Centre des Comp\u00e9tences futures"},"image":{"@id":"https:\/\/fsc-ccf.ca\/fr\/#\/schema\/logo\/image\/"},"sameAs":["https:\/\/www.facebook.com\/2161871137193201\/","https:\/\/x.com\/fsc_ccf_en","https:\/\/www.instagram.com\/fsc_ccf\/","https:\/\/www.linkedin.com\/company\/fsc-ccf\/"]}]}},"_links":{"self":[{"href":"https:\/\/fsc-ccf.ca\/fr\/wp-json\/wp\/v2\/reference\/129146","targetHints":{"allow":["GET"]}}],"collection":[{"href":"https:\/\/fsc-ccf.ca\/fr\/wp-json\/wp\/v2\/reference"}],"about":[{"href":"https:\/\/fsc-ccf.ca\/fr\/wp-json\/wp\/v2\/types\/reference"}],"version-history":[{"count":0,"href":"https:\/\/fsc-ccf.ca\/fr\/wp-json\/wp\/v2\/reference\/129146\/revisions"}],"wp:attachment":[{"href":"https:\/\/fsc-ccf.ca\/fr\/wp-json\/wp\/v2\/media?parent=129146"}],"wp:term":[{"taxonomy":"reference-tag","embeddable":true,"href":"https:\/\/fsc-ccf.ca\/fr\/wp-json\/wp\/v2\/reference-tag?post=129146"},{"taxonomy":"reference-type","embeddable":true,"href":"https:\/\/fsc-ccf.ca\/fr\/wp-json\/wp\/v2\/reference-type?post=129146"}],"curies":[{"name":"wp","href":"https:\/\/api.w.org\/{rel}","templated":true}]}}