			{"id":129122,"date":"2020-08-11T18:18:21","date_gmt":"2020-08-11T22:18:21","guid":{"rendered":"https:\/\/fsc-ccf.ca\/references\/canadas-employment-equity-legislation-and-policy-1987-2000-the-gap-between-policy-and-practice-2\/"},"modified":"2020-08-11T18:18:20","modified_gmt":"2020-08-11T22:18:20","slug":"canadas-employment-equity-legislation-and-policy-1987-2000-the-gap-between-policy-and-practice-2","status":"publish","type":"reference","link":"https:\/\/fsc-ccf.ca\/fr\/references\/canadas-employment-equity-legislation-and-policy-1987-2000-the-gap-between-policy-and-practice-2\/","title":{"rendered":"Canada&#8217;s employment equity legislation and policy, 1987-2000: The gap between policy and practice"},"content":{"rendered":"<p>Au cours des 16 derni\u00e8res ann\u00e9es, un cadre l\u00e9gislatif et politique a \u00e9volu\u00e9 au Canada pour lutter contre la discrimination syst\u00e9mique en mati\u00e8re d&#8217;emploi dans la comp\u00e9tence f\u00e9d\u00e9rale, et dans les organisations que les biens de vente ou de services au gouvernement f\u00e9d\u00e9ral. Les donn\u00e9es recueillies en vertu de la Loi sur l&#8217;\u00e9quit\u00e9 en emploi, ainsi que les documents publi\u00e9s dans la litt\u00e9rature et le gouvernement, sont pass\u00e9s en revue afin de fournir une analyse critique du cadre de la politique f\u00e9d\u00e9rale comme indiqu\u00e9 en 1987 et r\u00e9vis\u00e9e en 1996. Cette r\u00e9vision est la base pour \u00e9valuer \u00e0 la fois progr\u00e8s et le manque d&#8217;am\u00e9lioration de la situation de l&#8217;emploi des minorit\u00e9s raciales, les femmes autochtones et des personnes handicap\u00e9es et les hommes, ainsi que les femmes blanches, dans le secteur f\u00e9d\u00e9ral. Les raisons de r\u00e9sultats limit\u00e9s sont propos\u00e9s, et les probl\u00e8mes pos\u00e9s par les tendances du march\u00e9 du travail contemporain sont identifi\u00e9s. On fait valoir que les r\u00e9sultats de la politique d&#8217;\u00e9quit\u00e9 en mati\u00e8re d&#8217;emploi sont d\u00e9cevants parce que la politique ne sont pas mis en \u0153uvre par les employeurs et effectivement appliqu\u00e9es afin qu&#8217;il y ait des cons\u00e9quences pour les \u00e9checs des employeurs de se conformer. En d&#8217;autres termes, il existe un \u00e9cart persistant entre la politique d&#8217;\u00e9quit\u00e9 en mati\u00e8re d&#8217;emploi et de la pratique. Cela pose \u00e9cart de difficult\u00e9s \u00e0 \u00e9valuer le contenu de la politique d&#8217;\u00e9quit\u00e9 en mati\u00e8re d&#8217;emploi, car il est impossible d&#8217;\u00e9valuer une politique qui ne sont pas mis en \u0153uvre. Traduit a\u0300 l'aide de Google Translate<\/p>\n","protected":false},"excerpt":{"rendered":"<p>Au cours des 16 derni\u00e8res ann\u00e9es, un cadre l\u00e9gislatif et politique a \u00e9volu\u00e9 au Canada pour lutter contre la discrimination syst\u00e9mique en mati\u00e8re d&#8217;emploi dans la comp\u00e9tence f\u00e9d\u00e9rale, et dans les organisations que les biens de vente ou de services au gouvernement f\u00e9d\u00e9ral. Les donn\u00e9es recueillies en vertu de la Loi sur l&#8217;\u00e9quit\u00e9 en emploi, ainsi que les documents publi\u00e9s dans la litt\u00e9rature et le gouvernement, sont pass\u00e9s en revue afin de fournir une analyse critique du cadre de la politique f\u00e9d\u00e9rale comme indiqu\u00e9 en 1987 et r\u00e9vis\u00e9e en 1996. Cette r\u00e9vision est la base pour \u00e9valuer \u00e0 la fois progr\u00e8s et le manque d&#8217;am\u00e9lioration de la situation de l&#8217;emploi des minorit\u00e9s raciales, les femmes autochtones et des personnes handicap\u00e9es et les hommes, ainsi que les femmes blanches, dans le secteur f\u00e9d\u00e9ral. Les raisons de r\u00e9sultats limit\u00e9s sont propos\u00e9s, et les probl\u00e8mes pos\u00e9s par les tendances du march\u00e9 du travail contemporain sont identifi\u00e9s. On fait valoir que les r\u00e9sultats de la politique d&#8217;\u00e9quit\u00e9 en mati\u00e8re d&#8217;emploi sont d\u00e9cevants parce que la politique ne sont pas mis en \u0153uvre par les employeurs et effectivement appliqu\u00e9es afin qu&#8217;il y ait des cons\u00e9quences pour les \u00e9checs des employeurs de se conformer. En d&#8217;autres termes, il existe un \u00e9cart persistant entre la politique d&#8217;\u00e9quit\u00e9 en mati\u00e8re d&#8217;emploi et de la pratique. Cela pose \u00e9cart de difficult\u00e9s \u00e0 \u00e9valuer le contenu de la politique d&#8217;\u00e9quit\u00e9 en mati\u00e8re d&#8217;emploi, car il est impossible d&#8217;\u00e9valuer une politique qui ne sont pas mis en \u0153uvre. [googletranslate_fr]<\/p>\n","protected":false},"template":"","reference-tag":[],"reference-type":[435],"class_list":["post-129122","reference","type-reference","status-publish","hentry","reference-type-journal-article"],"acf":{"citation":"Agocs, C. (2002). Canada's employment equity legislation and policy, 1987-2000: The gap between policy and practice. International Journal of Manpower, 23(3), 256\u2013276. Retrieved from https:\/\/www.emerald.com\/insight\/content\/doi\/10.1108\/01437720210432220\/full\/html.","authors":"Agocs, C.","org":"","year":"2002","title_fr":null,"editors_hidden":"","publication":"International Journal of Manpower","publication_fr":null,"volume":"23","issue":"3","Series":"","SeriesNumber":"","page_range":"256\u2013276","publisher_city":"","publisher_state":"","publisher":"Emerald Publishing Limited","abstract_en":null,"abstract_fr":null,"keywords":"Canada, Discrimination, Employment, Employment law, Organizational behaviour","paywall":"1","doi":"10.1108\/01437720210432220","isbn":"","url":"https:\/\/www.emerald.com\/insight\/content\/doi\/10.1108\/01437720210432220\/full\/html","url_fr":null,"url_amazon":"","TRACK":"0"},"yoast_head":"<!-- This site is optimized with the Yoast SEO plugin v27.4 - https:\/\/yoast.com\/product\/yoast-seo-wordpress\/ -->\n<title>Canada&#039;s employment equity legislation and policy, 1987-2000: The gap between policy and practice - Future Skills Centre \u2022 Centre des Comp\u00e9tences futures<\/title>\n<meta name=\"robots\" content=\"index, follow, max-snippet:-1, max-image-preview:large, max-video-preview:-1\" \/>\n<link rel=\"canonical\" href=\"https:\/\/fsc-ccf.ca\/fr\/references\/canadas-employment-equity-legislation-and-policy-1987-2000-the-gap-between-policy-and-practice-2\/\" \/>\n<meta name=\"twitter:label1\" content=\"Est. reading time\" \/>\n\t<meta name=\"twitter:data1\" content=\"1 minute\" \/>\n<script type=\"application\/ld+json\" class=\"yoast-schema-graph\">{\"@context\":\"https:\\\/\\\/schema.org\",\"@graph\":[{\"@type\":\"WebPage\",\"@id\":\"https:\\\/\\\/fsc-ccf.ca\\\/fr\\\/references\\\/canadas-employment-equity-legislation-and-policy-1987-2000-the-gap-between-policy-and-practice-2\\\/\",\"url\":\"https:\\\/\\\/fsc-ccf.ca\\\/fr\\\/references\\\/canadas-employment-equity-legislation-and-policy-1987-2000-the-gap-between-policy-and-practice-2\\\/\",\"name\":\"Canada's employment equity legislation and policy, 1987-2000: The gap between policy and practice - Future Skills Centre \u2022 Centre des Comp\u00e9tences futures\",\"isPartOf\":{\"@id\":\"https:\\\/\\\/fsc-ccf.ca\\\/fr\\\/#website\"},\"datePublished\":\"2020-08-11T22:18:21+00:00\",\"breadcrumb\":{\"@id\":\"https:\\\/\\\/fsc-ccf.ca\\\/fr\\\/references\\\/canadas-employment-equity-legislation-and-policy-1987-2000-the-gap-between-policy-and-practice-2\\\/#breadcrumb\"},\"inLanguage\":\"fr-FR\",\"potentialAction\":[{\"@type\":\"ReadAction\",\"target\":[\"https:\\\/\\\/fsc-ccf.ca\\\/fr\\\/references\\\/canadas-employment-equity-legislation-and-policy-1987-2000-the-gap-between-policy-and-practice-2\\\/\"]}]},{\"@type\":\"BreadcrumbList\",\"@id\":\"https:\\\/\\\/fsc-ccf.ca\\\/fr\\\/references\\\/canadas-employment-equity-legislation-and-policy-1987-2000-the-gap-between-policy-and-practice-2\\\/#breadcrumb\",\"itemListElement\":[{\"@type\":\"ListItem\",\"position\":1,\"name\":\"Home\",\"item\":\"https:\\\/\\\/fsc-ccf.ca\\\/fr\\\/\"},{\"@type\":\"ListItem\",\"position\":2,\"name\":\"References\",\"item\":\"https:\\\/\\\/fsc-ccf.ca\\\/fr\\\/references\\\/\"},{\"@type\":\"ListItem\",\"position\":3,\"name\":\"Canada&#8217;s employment equity legislation and policy, 1987-2000: The gap between policy and practice\"}]},{\"@type\":\"WebSite\",\"@id\":\"https:\\\/\\\/fsc-ccf.ca\\\/fr\\\/#website\",\"url\":\"https:\\\/\\\/fsc-ccf.ca\\\/fr\\\/\",\"name\":\"Future Skills Centre \u2022 Centre des Comp\u00e9tences futures\",\"description\":\"\",\"publisher\":{\"@id\":\"https:\\\/\\\/fsc-ccf.ca\\\/fr\\\/#organization\"},\"potentialAction\":[{\"@type\":\"SearchAction\",\"target\":{\"@type\":\"EntryPoint\",\"urlTemplate\":\"https:\\\/\\\/fsc-ccf.ca\\\/fr\\\/?s={search_term_string}\"},\"query-input\":{\"@type\":\"PropertyValueSpecification\",\"valueRequired\":true,\"valueName\":\"search_term_string\"}}],\"inLanguage\":\"fr-FR\"},{\"@type\":\"Organization\",\"@id\":\"https:\\\/\\\/fsc-ccf.ca\\\/fr\\\/#organization\",\"name\":\"Future Skills Centre \u2022 Centre des Comp\u00e9tences futures\",\"url\":\"https:\\\/\\\/fsc-ccf.ca\\\/fr\\\/\",\"logo\":{\"@type\":\"ImageObject\",\"inLanguage\":\"fr-FR\",\"@id\":\"https:\\\/\\\/fsc-ccf.ca\\\/fr\\\/#\\\/schema\\\/logo\\\/image\\\/\",\"url\":\"https:\\\/\\\/fsc-ccf.ca\\\/wp-content\\\/uploads\\\/2019\\\/08\\\/FSC_logo_colour_rgb_positive_ENG.png\",\"contentUrl\":\"https:\\\/\\\/fsc-ccf.ca\\\/wp-content\\\/uploads\\\/2019\\\/08\\\/FSC_logo_colour_rgb_positive_ENG.png\",\"width\":618,\"height\":528,\"caption\":\"Future Skills Centre \u2022 Centre des Comp\u00e9tences futures\"},\"image\":{\"@id\":\"https:\\\/\\\/fsc-ccf.ca\\\/fr\\\/#\\\/schema\\\/logo\\\/image\\\/\"},\"sameAs\":[\"https:\\\/\\\/www.facebook.com\\\/2161871137193201\\\/\",\"https:\\\/\\\/x.com\\\/fsc_ccf_en\",\"https:\\\/\\\/www.instagram.com\\\/fsc_ccf\\\/\",\"https:\\\/\\\/www.linkedin.com\\\/company\\\/fsc-ccf\\\/\"]}]}<\/script>\n<!-- \/ Yoast SEO plugin. -->","yoast_head_json":{"title":"Canada's employment equity legislation and policy, 1987-2000: The gap between policy and practice - Future Skills Centre \u2022 Centre des Comp\u00e9tences futures","robots":{"index":"index","follow":"follow","max-snippet":"max-snippet:-1","max-image-preview":"max-image-preview:large","max-video-preview":"max-video-preview:-1"},"canonical":"https:\/\/fsc-ccf.ca\/fr\/references\/canadas-employment-equity-legislation-and-policy-1987-2000-the-gap-between-policy-and-practice-2\/","twitter_misc":{"Est. reading time":"1 minute"},"schema":{"@context":"https:\/\/schema.org","@graph":[{"@type":"WebPage","@id":"https:\/\/fsc-ccf.ca\/fr\/references\/canadas-employment-equity-legislation-and-policy-1987-2000-the-gap-between-policy-and-practice-2\/","url":"https:\/\/fsc-ccf.ca\/fr\/references\/canadas-employment-equity-legislation-and-policy-1987-2000-the-gap-between-policy-and-practice-2\/","name":"Canada's employment equity legislation and policy, 1987-2000: The gap between policy and practice - Future Skills Centre \u2022 Centre des Comp\u00e9tences futures","isPartOf":{"@id":"https:\/\/fsc-ccf.ca\/fr\/#website"},"datePublished":"2020-08-11T22:18:21+00:00","breadcrumb":{"@id":"https:\/\/fsc-ccf.ca\/fr\/references\/canadas-employment-equity-legislation-and-policy-1987-2000-the-gap-between-policy-and-practice-2\/#breadcrumb"},"inLanguage":"fr-FR","potentialAction":[{"@type":"ReadAction","target":["https:\/\/fsc-ccf.ca\/fr\/references\/canadas-employment-equity-legislation-and-policy-1987-2000-the-gap-between-policy-and-practice-2\/"]}]},{"@type":"BreadcrumbList","@id":"https:\/\/fsc-ccf.ca\/fr\/references\/canadas-employment-equity-legislation-and-policy-1987-2000-the-gap-between-policy-and-practice-2\/#breadcrumb","itemListElement":[{"@type":"ListItem","position":1,"name":"Home","item":"https:\/\/fsc-ccf.ca\/fr\/"},{"@type":"ListItem","position":2,"name":"References","item":"https:\/\/fsc-ccf.ca\/fr\/references\/"},{"@type":"ListItem","position":3,"name":"Canada&#8217;s employment equity legislation and policy, 1987-2000: The gap between policy and practice"}]},{"@type":"WebSite","@id":"https:\/\/fsc-ccf.ca\/fr\/#website","url":"https:\/\/fsc-ccf.ca\/fr\/","name":"Future Skills Centre \u2022 Centre des Comp\u00e9tences futures","description":"","publisher":{"@id":"https:\/\/fsc-ccf.ca\/fr\/#organization"},"potentialAction":[{"@type":"SearchAction","target":{"@type":"EntryPoint","urlTemplate":"https:\/\/fsc-ccf.ca\/fr\/?s={search_term_string}"},"query-input":{"@type":"PropertyValueSpecification","valueRequired":true,"valueName":"search_term_string"}}],"inLanguage":"fr-FR"},{"@type":"Organization","@id":"https:\/\/fsc-ccf.ca\/fr\/#organization","name":"Future Skills Centre \u2022 Centre des Comp\u00e9tences futures","url":"https:\/\/fsc-ccf.ca\/fr\/","logo":{"@type":"ImageObject","inLanguage":"fr-FR","@id":"https:\/\/fsc-ccf.ca\/fr\/#\/schema\/logo\/image\/","url":"https:\/\/fsc-ccf.ca\/wp-content\/uploads\/2019\/08\/FSC_logo_colour_rgb_positive_ENG.png","contentUrl":"https:\/\/fsc-ccf.ca\/wp-content\/uploads\/2019\/08\/FSC_logo_colour_rgb_positive_ENG.png","width":618,"height":528,"caption":"Future Skills Centre \u2022 Centre des Comp\u00e9tences futures"},"image":{"@id":"https:\/\/fsc-ccf.ca\/fr\/#\/schema\/logo\/image\/"},"sameAs":["https:\/\/www.facebook.com\/2161871137193201\/","https:\/\/x.com\/fsc_ccf_en","https:\/\/www.instagram.com\/fsc_ccf\/","https:\/\/www.linkedin.com\/company\/fsc-ccf\/"]}]}},"_links":{"self":[{"href":"https:\/\/fsc-ccf.ca\/fr\/wp-json\/wp\/v2\/reference\/129122","targetHints":{"allow":["GET"]}}],"collection":[{"href":"https:\/\/fsc-ccf.ca\/fr\/wp-json\/wp\/v2\/reference"}],"about":[{"href":"https:\/\/fsc-ccf.ca\/fr\/wp-json\/wp\/v2\/types\/reference"}],"version-history":[{"count":0,"href":"https:\/\/fsc-ccf.ca\/fr\/wp-json\/wp\/v2\/reference\/129122\/revisions"}],"wp:attachment":[{"href":"https:\/\/fsc-ccf.ca\/fr\/wp-json\/wp\/v2\/media?parent=129122"}],"wp:term":[{"taxonomy":"reference-tag","embeddable":true,"href":"https:\/\/fsc-ccf.ca\/fr\/wp-json\/wp\/v2\/reference-tag?post=129122"},{"taxonomy":"reference-type","embeddable":true,"href":"https:\/\/fsc-ccf.ca\/fr\/wp-json\/wp\/v2\/reference-type?post=129122"}],"curies":[{"name":"wp","href":"https:\/\/api.w.org\/{rel}","templated":true}]}}