			{"id":129112,"date":"2020-08-11T18:18:17","date_gmt":"2020-08-11T22:18:17","guid":{"rendered":"https:\/\/fsc-ccf.ca\/references\/closing-the-gaps-between-skilled-immigration-and-canadian-labor-markets-emerging-policy-issues-and-priorities-2\/"},"modified":"2020-08-11T18:18:16","modified_gmt":"2020-08-11T22:18:16","slug":"closing-the-gaps-between-skilled-immigration-and-canadian-labor-markets-emerging-policy-issues-and-priorities-2","status":"publish","type":"reference","link":"https:\/\/fsc-ccf.ca\/fr\/references\/closing-the-gaps-between-skilled-immigration-and-canadian-labor-markets-emerging-policy-issues-and-priorities-2\/","title":{"rendered":"Closing the gaps between skilled immigration and Canadian labor markets: Emerging policy issues and priorities"},"content":{"rendered":"<p>Bien que la politique d&#8217;immigration du Canada a longtemps insist\u00e9 sur la s\u00e9lection de travailleurs hautement qualifi\u00e9s immigrants et depuis les ann\u00e9es 1990, de pr\u00e9f\u00e9rence ceux ayant des niveaux \u00e9lev\u00e9s d&#8217;certaines \u00e9tudes postsecondaires des lacunes importantes sont apparues entre l&#8217;accent mis sur l&#8217;immigration qualifi\u00e9e et ce qui se passe r\u00e9ellement sur le march\u00e9 du travail canadien. L&#8217;accent sur l&#8217;\u00e9ducation est g\u00e9n\u00e9ralement d\u00e9crit comme n\u00e9cessaire pour r\u00e9pondre \u00e0 la demande de travailleurs qualifi\u00e9s, devrait devenir plus s\u00e9v\u00e8re du temps de plus en raison des exigences d&#8217;une \u00e9conomie du savoir. Cependant, il existe trois grandes \u00ab lacunes \u00bb entre cette immigration qualifi\u00e9e et le r\u00f4le r\u00e9el des immigrants sur le march\u00e9 du travail au Canada. Traduit a\u0300 l'aide de Google Translate<\/p>\n","protected":false},"excerpt":{"rendered":"<p>Bien que la politique d&#8217;immigration du Canada a longtemps insist\u00e9 sur la s\u00e9lection de travailleurs hautement qualifi\u00e9s immigrants et depuis les ann\u00e9es 1990, de pr\u00e9f\u00e9rence ceux ayant des niveaux \u00e9lev\u00e9s d&#8217;certaines \u00e9tudes postsecondaires des lacunes importantes sont apparues entre l&#8217;accent mis sur l&#8217;immigration qualifi\u00e9e et ce qui se passe r\u00e9ellement sur le march\u00e9 du travail canadien. L&#8217;accent sur l&#8217;\u00e9ducation est g\u00e9n\u00e9ralement d\u00e9crit comme n\u00e9cessaire pour r\u00e9pondre \u00e0 la demande de travailleurs qualifi\u00e9s, devrait devenir plus s\u00e9v\u00e8re du temps de plus en raison des exigences d&#8217;une \u00e9conomie du savoir. Cependant, il existe trois grandes \u00ab lacunes \u00bb entre cette immigration qualifi\u00e9e et le r\u00f4le r\u00e9el des immigrants sur le march\u00e9 du travail au Canada. [googletranslate_fr]<\/p>\n","protected":false},"template":"","reference-tag":[],"reference-type":[438],"class_list":["post-129112","reference","type-reference","status-publish","hentry","reference-type-book-chapter"],"acf":{"citation":"Reitz, J. (2013). Closing the gaps between skilled immigration and Canadian labor markets: Emerging policy issues and priorities. In Triadafilopoulos, T. (Ed.) (pp. 147\u2013163). New York, NY: Springer. Retrieved from https:\/\/link.springer.com\/chapter\/10.1007\/978-1-4614-0082-0_8.","authors":"Reitz, J.","org":"","year":"2013","title_fr":null,"editors_hidden":"Triadafilopoulos, Triadafilos","publication":"","publication_fr":null,"volume":"","issue":"","Series":"","SeriesNumber":"","page_range":"147\u2013163","publisher_city":"New York","publisher_state":"NY","publisher":"Springer","abstract_en":null,"abstract_fr":null,"keywords":"Labor Market, Illegal Immigrant, Visible Minority, Skilled Immigration, Canadian Immigration","paywall":"1","doi":"10.1007\/978-1-4614-0082-0_8","isbn":"978-1489985682","url":"https:\/\/link.springer.com\/chapter\/10.1007\/978-1-4614-0082-0_8","url_fr":null,"url_amazon":"https:\/\/www.amazon.ca\/Wanted-Welcome-Immigrants-Comparative-Perspective\/dp\/1489985689\/ref=sr_1_1?keywords=Wanted+and+Welcome%3F%3A+Policies+for+Highly+Skilled+Immigrants+in+Comparative+Perspective&qid=1582348609&s=books&sr=1-1","TRACK":"0"},"yoast_head":"<!-- This site is optimized with the Yoast SEO plugin v27.4 - https:\/\/yoast.com\/product\/yoast-seo-wordpress\/ -->\n<title>Closing the gaps between skilled immigration and Canadian labor markets: Emerging policy issues and priorities - Future Skills Centre \u2022 Centre des Comp\u00e9tences futures<\/title>\n<meta name=\"robots\" content=\"index, follow, max-snippet:-1, max-image-preview:large, max-video-preview:-1\" \/>\n<link rel=\"canonical\" href=\"https:\/\/fsc-ccf.ca\/fr\/references\/closing-the-gaps-between-skilled-immigration-and-canadian-labor-markets-emerging-policy-issues-and-priorities-2\/\" \/>\n<meta name=\"twitter:label1\" content=\"Est. reading time\" \/>\n\t<meta name=\"twitter:data1\" content=\"1 minute\" \/>\n<script type=\"application\/ld+json\" class=\"yoast-schema-graph\">{\"@context\":\"https:\\\/\\\/schema.org\",\"@graph\":[{\"@type\":\"WebPage\",\"@id\":\"https:\\\/\\\/fsc-ccf.ca\\\/fr\\\/references\\\/closing-the-gaps-between-skilled-immigration-and-canadian-labor-markets-emerging-policy-issues-and-priorities-2\\\/\",\"url\":\"https:\\\/\\\/fsc-ccf.ca\\\/fr\\\/references\\\/closing-the-gaps-between-skilled-immigration-and-canadian-labor-markets-emerging-policy-issues-and-priorities-2\\\/\",\"name\":\"Closing the gaps between skilled immigration and Canadian labor markets: Emerging policy issues and priorities - Future Skills Centre \u2022 Centre des Comp\u00e9tences futures\",\"isPartOf\":{\"@id\":\"https:\\\/\\\/fsc-ccf.ca\\\/fr\\\/#website\"},\"datePublished\":\"2020-08-11T22:18:17+00:00\",\"breadcrumb\":{\"@id\":\"https:\\\/\\\/fsc-ccf.ca\\\/fr\\\/references\\\/closing-the-gaps-between-skilled-immigration-and-canadian-labor-markets-emerging-policy-issues-and-priorities-2\\\/#breadcrumb\"},\"inLanguage\":\"fr-FR\",\"potentialAction\":[{\"@type\":\"ReadAction\",\"target\":[\"https:\\\/\\\/fsc-ccf.ca\\\/fr\\\/references\\\/closing-the-gaps-between-skilled-immigration-and-canadian-labor-markets-emerging-policy-issues-and-priorities-2\\\/\"]}]},{\"@type\":\"BreadcrumbList\",\"@id\":\"https:\\\/\\\/fsc-ccf.ca\\\/fr\\\/references\\\/closing-the-gaps-between-skilled-immigration-and-canadian-labor-markets-emerging-policy-issues-and-priorities-2\\\/#breadcrumb\",\"itemListElement\":[{\"@type\":\"ListItem\",\"position\":1,\"name\":\"Home\",\"item\":\"https:\\\/\\\/fsc-ccf.ca\\\/fr\\\/\"},{\"@type\":\"ListItem\",\"position\":2,\"name\":\"References\",\"item\":\"https:\\\/\\\/fsc-ccf.ca\\\/fr\\\/references\\\/\"},{\"@type\":\"ListItem\",\"position\":3,\"name\":\"Closing the gaps between skilled immigration and Canadian labor markets: Emerging policy issues and priorities\"}]},{\"@type\":\"WebSite\",\"@id\":\"https:\\\/\\\/fsc-ccf.ca\\\/fr\\\/#website\",\"url\":\"https:\\\/\\\/fsc-ccf.ca\\\/fr\\\/\",\"name\":\"Future Skills Centre \u2022 Centre des Comp\u00e9tences futures\",\"description\":\"\",\"publisher\":{\"@id\":\"https:\\\/\\\/fsc-ccf.ca\\\/fr\\\/#organization\"},\"potentialAction\":[{\"@type\":\"SearchAction\",\"target\":{\"@type\":\"EntryPoint\",\"urlTemplate\":\"https:\\\/\\\/fsc-ccf.ca\\\/fr\\\/?s={search_term_string}\"},\"query-input\":{\"@type\":\"PropertyValueSpecification\",\"valueRequired\":true,\"valueName\":\"search_term_string\"}}],\"inLanguage\":\"fr-FR\"},{\"@type\":\"Organization\",\"@id\":\"https:\\\/\\\/fsc-ccf.ca\\\/fr\\\/#organization\",\"name\":\"Future Skills Centre \u2022 Centre des Comp\u00e9tences futures\",\"url\":\"https:\\\/\\\/fsc-ccf.ca\\\/fr\\\/\",\"logo\":{\"@type\":\"ImageObject\",\"inLanguage\":\"fr-FR\",\"@id\":\"https:\\\/\\\/fsc-ccf.ca\\\/fr\\\/#\\\/schema\\\/logo\\\/image\\\/\",\"url\":\"https:\\\/\\\/fsc-ccf.ca\\\/wp-content\\\/uploads\\\/2019\\\/08\\\/FSC_logo_colour_rgb_positive_ENG.png\",\"contentUrl\":\"https:\\\/\\\/fsc-ccf.ca\\\/wp-content\\\/uploads\\\/2019\\\/08\\\/FSC_logo_colour_rgb_positive_ENG.png\",\"width\":618,\"height\":528,\"caption\":\"Future Skills Centre \u2022 Centre des Comp\u00e9tences futures\"},\"image\":{\"@id\":\"https:\\\/\\\/fsc-ccf.ca\\\/fr\\\/#\\\/schema\\\/logo\\\/image\\\/\"},\"sameAs\":[\"https:\\\/\\\/www.facebook.com\\\/2161871137193201\\\/\",\"https:\\\/\\\/x.com\\\/fsc_ccf_en\",\"https:\\\/\\\/www.instagram.com\\\/fsc_ccf\\\/\",\"https:\\\/\\\/www.linkedin.com\\\/company\\\/fsc-ccf\\\/\"]}]}<\/script>\n<!-- \/ Yoast SEO plugin. -->","yoast_head_json":{"title":"Closing the gaps between skilled immigration and Canadian labor markets: Emerging policy issues and priorities - Future Skills Centre \u2022 Centre des Comp\u00e9tences futures","robots":{"index":"index","follow":"follow","max-snippet":"max-snippet:-1","max-image-preview":"max-image-preview:large","max-video-preview":"max-video-preview:-1"},"canonical":"https:\/\/fsc-ccf.ca\/fr\/references\/closing-the-gaps-between-skilled-immigration-and-canadian-labor-markets-emerging-policy-issues-and-priorities-2\/","twitter_misc":{"Est. reading time":"1 minute"},"schema":{"@context":"https:\/\/schema.org","@graph":[{"@type":"WebPage","@id":"https:\/\/fsc-ccf.ca\/fr\/references\/closing-the-gaps-between-skilled-immigration-and-canadian-labor-markets-emerging-policy-issues-and-priorities-2\/","url":"https:\/\/fsc-ccf.ca\/fr\/references\/closing-the-gaps-between-skilled-immigration-and-canadian-labor-markets-emerging-policy-issues-and-priorities-2\/","name":"Closing the gaps between skilled immigration and Canadian labor markets: Emerging policy issues and priorities - Future Skills Centre \u2022 Centre des Comp\u00e9tences futures","isPartOf":{"@id":"https:\/\/fsc-ccf.ca\/fr\/#website"},"datePublished":"2020-08-11T22:18:17+00:00","breadcrumb":{"@id":"https:\/\/fsc-ccf.ca\/fr\/references\/closing-the-gaps-between-skilled-immigration-and-canadian-labor-markets-emerging-policy-issues-and-priorities-2\/#breadcrumb"},"inLanguage":"fr-FR","potentialAction":[{"@type":"ReadAction","target":["https:\/\/fsc-ccf.ca\/fr\/references\/closing-the-gaps-between-skilled-immigration-and-canadian-labor-markets-emerging-policy-issues-and-priorities-2\/"]}]},{"@type":"BreadcrumbList","@id":"https:\/\/fsc-ccf.ca\/fr\/references\/closing-the-gaps-between-skilled-immigration-and-canadian-labor-markets-emerging-policy-issues-and-priorities-2\/#breadcrumb","itemListElement":[{"@type":"ListItem","position":1,"name":"Home","item":"https:\/\/fsc-ccf.ca\/fr\/"},{"@type":"ListItem","position":2,"name":"References","item":"https:\/\/fsc-ccf.ca\/fr\/references\/"},{"@type":"ListItem","position":3,"name":"Closing the gaps between skilled immigration and Canadian labor markets: Emerging policy issues and priorities"}]},{"@type":"WebSite","@id":"https:\/\/fsc-ccf.ca\/fr\/#website","url":"https:\/\/fsc-ccf.ca\/fr\/","name":"Future Skills Centre \u2022 Centre des Comp\u00e9tences futures","description":"","publisher":{"@id":"https:\/\/fsc-ccf.ca\/fr\/#organization"},"potentialAction":[{"@type":"SearchAction","target":{"@type":"EntryPoint","urlTemplate":"https:\/\/fsc-ccf.ca\/fr\/?s={search_term_string}"},"query-input":{"@type":"PropertyValueSpecification","valueRequired":true,"valueName":"search_term_string"}}],"inLanguage":"fr-FR"},{"@type":"Organization","@id":"https:\/\/fsc-ccf.ca\/fr\/#organization","name":"Future Skills Centre \u2022 Centre des Comp\u00e9tences futures","url":"https:\/\/fsc-ccf.ca\/fr\/","logo":{"@type":"ImageObject","inLanguage":"fr-FR","@id":"https:\/\/fsc-ccf.ca\/fr\/#\/schema\/logo\/image\/","url":"https:\/\/fsc-ccf.ca\/wp-content\/uploads\/2019\/08\/FSC_logo_colour_rgb_positive_ENG.png","contentUrl":"https:\/\/fsc-ccf.ca\/wp-content\/uploads\/2019\/08\/FSC_logo_colour_rgb_positive_ENG.png","width":618,"height":528,"caption":"Future Skills Centre \u2022 Centre des Comp\u00e9tences futures"},"image":{"@id":"https:\/\/fsc-ccf.ca\/fr\/#\/schema\/logo\/image\/"},"sameAs":["https:\/\/www.facebook.com\/2161871137193201\/","https:\/\/x.com\/fsc_ccf_en","https:\/\/www.instagram.com\/fsc_ccf\/","https:\/\/www.linkedin.com\/company\/fsc-ccf\/"]}]}},"_links":{"self":[{"href":"https:\/\/fsc-ccf.ca\/fr\/wp-json\/wp\/v2\/reference\/129112","targetHints":{"allow":["GET"]}}],"collection":[{"href":"https:\/\/fsc-ccf.ca\/fr\/wp-json\/wp\/v2\/reference"}],"about":[{"href":"https:\/\/fsc-ccf.ca\/fr\/wp-json\/wp\/v2\/types\/reference"}],"version-history":[{"count":0,"href":"https:\/\/fsc-ccf.ca\/fr\/wp-json\/wp\/v2\/reference\/129112\/revisions"}],"wp:attachment":[{"href":"https:\/\/fsc-ccf.ca\/fr\/wp-json\/wp\/v2\/media?parent=129112"}],"wp:term":[{"taxonomy":"reference-tag","embeddable":true,"href":"https:\/\/fsc-ccf.ca\/fr\/wp-json\/wp\/v2\/reference-tag?post=129112"},{"taxonomy":"reference-type","embeddable":true,"href":"https:\/\/fsc-ccf.ca\/fr\/wp-json\/wp\/v2\/reference-type?post=129112"}],"curies":[{"name":"wp","href":"https:\/\/api.w.org\/{rel}","templated":true}]}}