			{"id":129109,"date":"2020-08-11T18:18:16","date_gmt":"2020-08-11T22:18:16","guid":{"rendered":"https:\/\/fsc-ccf.ca\/references\/are-we-there-yet-advancing-women-at-work-in-canada-and-australia-2\/"},"modified":"2020-08-11T18:18:15","modified_gmt":"2020-08-11T22:18:15","slug":"are-we-there-yet-advancing-women-at-work-in-canada-and-australia-2","status":"publish","type":"reference","link":"https:\/\/fsc-ccf.ca\/fr\/references\/are-we-there-yet-advancing-women-at-work-in-canada-and-australia-2\/","title":{"rendered":"Are we there yet? advancing women at work in Canada and Australia"},"content":{"rendered":"<p>Les diff\u00e9rences dans les possibilit\u00e9s et les r\u00e9sultats en milieu de travail sont inh\u00e9rents \u00e0 un march\u00e9 libre et concurrentiel. Cependant, lorsque les diff\u00e9rences entre les individus et les groupes sont identifi\u00e9s comme r\u00e9sultant de politiques particuli\u00e8res, des comportements ou des attitudes, toute in\u00e9galit\u00e9 r\u00e9sultant peut \u00eatre identifi\u00e9e comme injuste. De plus en plus, les disparit\u00e9s injustes dans les soci\u00e9t\u00e9s et leurs lieux de travail sont r\u00e9guli\u00e8rement remis en cause. Un grand nombre des disparit\u00e9s injustes sont reconnus comme caus\u00e9s par une discrimination injuste (Anker, 1997). L&#8217;Organisation internationale du Travail Convention (OIT) n \u00b0 111 (OIT, 1958) d\u00e9finit la discrimination distinction asany, exclusion ou pr\u00e9f\u00e9rence fond\u00e9e sur la race, la couleur, le sexe, la religion, l&#8217;opinion politique, l&#8217;ascendance nationale ou l&#8217;origine sociale, qui a effet de d\u00e9truire ou d&#8217;alt\u00e9rer l&#8217;\u00e9galit\u00e9 des chances ou de traitement en mati\u00e8re d&#8217;emploi ou de profession \u00bb. Pourtant, l&#8217;argument pour r\u00e9soudre ce ofequality id\u00e9al d&#8217;opportunit\u00e9 \u00bb est complexe. Ekmekci (2013) identifie les difficult\u00e9s que la d\u00e9termination de savoir si un processus doit \u00eatre fond\u00e9 sur l&#8217;\u00e9galit\u00e9 des chances ou \u00e9galit\u00e9 des r\u00e9sultats. De plus, il y a la difficult\u00e9 de d\u00e9terminer ce qui constitue exactement un processus de r\u00e8glement des disparit\u00e9s injustes en raison de l&#8217;impr\u00e9cision de ce qui constitue la discrimination et la controverse au sens ainsi que les implications politiques de l&#8217;\u00e9galit\u00e9 (Tomei, 2003). Traduit a\u0300 l'aide de Google Translate<\/p>\n","protected":false},"excerpt":{"rendered":"<p>Les diff\u00e9rences dans les possibilit\u00e9s et les r\u00e9sultats en milieu de travail sont inh\u00e9rents \u00e0 un march\u00e9 libre et concurrentiel. Cependant, lorsque les diff\u00e9rences entre les individus et les groupes sont identifi\u00e9s comme r\u00e9sultant de politiques particuli\u00e8res, des comportements ou des attitudes, toute in\u00e9galit\u00e9 r\u00e9sultant peut \u00eatre identifi\u00e9e comme injuste. De plus en plus, les disparit\u00e9s injustes dans les soci\u00e9t\u00e9s et leurs lieux de travail sont r\u00e9guli\u00e8rement remis en cause. Un grand nombre des disparit\u00e9s injustes sont reconnus comme caus\u00e9s par une discrimination injuste (Anker, 1997). L&#8217;Organisation internationale du Travail Convention (OIT) n \u00b0 111 (OIT, 1958) d\u00e9finit la discrimination distinction asany, exclusion ou pr\u00e9f\u00e9rence fond\u00e9e sur la race, la couleur, le sexe, la religion, l&#8217;opinion politique, l&#8217;ascendance nationale ou l&#8217;origine sociale, qui a effet de d\u00e9truire ou d&#8217;alt\u00e9rer l&#8217;\u00e9galit\u00e9 des chances ou de traitement en mati\u00e8re d&#8217;emploi ou de profession \u00bb. Pourtant, l&#8217;argument pour r\u00e9soudre ce ofequality id\u00e9al d&#8217;opportunit\u00e9 \u00bb est complexe. Ekmekci (2013) identifie les difficult\u00e9s que la d\u00e9termination de savoir si un processus doit \u00eatre fond\u00e9 sur l&#8217;\u00e9galit\u00e9 des chances ou \u00e9galit\u00e9 des r\u00e9sultats. De plus, il y a la difficult\u00e9 de d\u00e9terminer ce qui constitue exactement un processus de r\u00e8glement des disparit\u00e9s injustes en raison de l&#8217;impr\u00e9cision de ce qui constitue la discrimination et la controverse au sens ainsi que les implications politiques de l&#8217;\u00e9galit\u00e9 (Tomei, 2003). [googletranslate_fr]<\/p>\n","protected":false},"template":"","reference-tag":[],"reference-type":[438],"class_list":["post-129109","reference","type-reference","status-publish","hentry","reference-type-book-chapter"],"acf":{"citation":"Ng, E. and French, E. (2018). Are we there yet? advancing women at work in Canada and Australia. In Reimer, M. (Ed.) (pp. 140\u2013161). New York, NY: Routledge. Retrieved from https:\/\/doi.org\/10.4324\/9781315207162.","authors":"Ng, E. and French, E.","org":"","year":"2018","title_fr":null,"editors_hidden":"Reimer, Marilee","publication":"","publication_fr":null,"volume":"","issue":"","Series":"","SeriesNumber":"","page_range":"140\u2013161","publisher_city":"New York","publisher_state":"NY","publisher":"Routledge","abstract_en":null,"abstract_fr":null,"keywords":"Development Studies, Environment, Social Work, Urban Studies, Economics, Finance, Business & Industry, Humanities, Social Sciences","paywall":"1","doi":"10.4324\/9781315207162-11","isbn":"978-1138633735","url":"https:\/\/doi.org\/10.4324\/9781315207162","url_fr":null,"url_amazon":"https:\/\/www.amazon.ca\/Women-Careers-Transnational-Studies-Employment\/dp\/1138633739\/ref=sr_1_1?keywords=Women+and+Careers%3A+Transnational+Studies+in+Public+Policy+and+Employment+Equity&qid=1582348662&s=books&sr=1-1","TRACK":"0"},"yoast_head":"<!-- This site is optimized with the Yoast SEO plugin v27.4 - https:\/\/yoast.com\/product\/yoast-seo-wordpress\/ -->\n<title>Are we there yet? advancing women at work in Canada and Australia - Future Skills Centre \u2022 Centre des Comp\u00e9tences futures<\/title>\n<meta name=\"robots\" content=\"index, follow, max-snippet:-1, max-image-preview:large, max-video-preview:-1\" \/>\n<link rel=\"canonical\" href=\"https:\/\/fsc-ccf.ca\/fr\/references\/are-we-there-yet-advancing-women-at-work-in-canada-and-australia-2\/\" \/>\n<meta name=\"twitter:label1\" content=\"Est. reading time\" \/>\n\t<meta name=\"twitter:data1\" content=\"1 minute\" \/>\n<script type=\"application\/ld+json\" class=\"yoast-schema-graph\">{\"@context\":\"https:\\\/\\\/schema.org\",\"@graph\":[{\"@type\":\"WebPage\",\"@id\":\"https:\\\/\\\/fsc-ccf.ca\\\/fr\\\/references\\\/are-we-there-yet-advancing-women-at-work-in-canada-and-australia-2\\\/\",\"url\":\"https:\\\/\\\/fsc-ccf.ca\\\/fr\\\/references\\\/are-we-there-yet-advancing-women-at-work-in-canada-and-australia-2\\\/\",\"name\":\"Are we there yet? advancing women at work in Canada and Australia - Future Skills Centre \u2022 Centre des Comp\u00e9tences futures\",\"isPartOf\":{\"@id\":\"https:\\\/\\\/fsc-ccf.ca\\\/fr\\\/#website\"},\"datePublished\":\"2020-08-11T22:18:16+00:00\",\"breadcrumb\":{\"@id\":\"https:\\\/\\\/fsc-ccf.ca\\\/fr\\\/references\\\/are-we-there-yet-advancing-women-at-work-in-canada-and-australia-2\\\/#breadcrumb\"},\"inLanguage\":\"fr-FR\",\"potentialAction\":[{\"@type\":\"ReadAction\",\"target\":[\"https:\\\/\\\/fsc-ccf.ca\\\/fr\\\/references\\\/are-we-there-yet-advancing-women-at-work-in-canada-and-australia-2\\\/\"]}]},{\"@type\":\"BreadcrumbList\",\"@id\":\"https:\\\/\\\/fsc-ccf.ca\\\/fr\\\/references\\\/are-we-there-yet-advancing-women-at-work-in-canada-and-australia-2\\\/#breadcrumb\",\"itemListElement\":[{\"@type\":\"ListItem\",\"position\":1,\"name\":\"Home\",\"item\":\"https:\\\/\\\/fsc-ccf.ca\\\/fr\\\/\"},{\"@type\":\"ListItem\",\"position\":2,\"name\":\"References\",\"item\":\"https:\\\/\\\/fsc-ccf.ca\\\/fr\\\/references\\\/\"},{\"@type\":\"ListItem\",\"position\":3,\"name\":\"Are we there yet? advancing women at work in Canada and Australia\"}]},{\"@type\":\"WebSite\",\"@id\":\"https:\\\/\\\/fsc-ccf.ca\\\/fr\\\/#website\",\"url\":\"https:\\\/\\\/fsc-ccf.ca\\\/fr\\\/\",\"name\":\"Future Skills Centre \u2022 Centre des Comp\u00e9tences futures\",\"description\":\"\",\"publisher\":{\"@id\":\"https:\\\/\\\/fsc-ccf.ca\\\/fr\\\/#organization\"},\"potentialAction\":[{\"@type\":\"SearchAction\",\"target\":{\"@type\":\"EntryPoint\",\"urlTemplate\":\"https:\\\/\\\/fsc-ccf.ca\\\/fr\\\/?s={search_term_string}\"},\"query-input\":{\"@type\":\"PropertyValueSpecification\",\"valueRequired\":true,\"valueName\":\"search_term_string\"}}],\"inLanguage\":\"fr-FR\"},{\"@type\":\"Organization\",\"@id\":\"https:\\\/\\\/fsc-ccf.ca\\\/fr\\\/#organization\",\"name\":\"Future Skills Centre \u2022 Centre des Comp\u00e9tences futures\",\"url\":\"https:\\\/\\\/fsc-ccf.ca\\\/fr\\\/\",\"logo\":{\"@type\":\"ImageObject\",\"inLanguage\":\"fr-FR\",\"@id\":\"https:\\\/\\\/fsc-ccf.ca\\\/fr\\\/#\\\/schema\\\/logo\\\/image\\\/\",\"url\":\"https:\\\/\\\/fsc-ccf.ca\\\/wp-content\\\/uploads\\\/2019\\\/08\\\/FSC_logo_colour_rgb_positive_ENG.png\",\"contentUrl\":\"https:\\\/\\\/fsc-ccf.ca\\\/wp-content\\\/uploads\\\/2019\\\/08\\\/FSC_logo_colour_rgb_positive_ENG.png\",\"width\":618,\"height\":528,\"caption\":\"Future Skills Centre \u2022 Centre des Comp\u00e9tences futures\"},\"image\":{\"@id\":\"https:\\\/\\\/fsc-ccf.ca\\\/fr\\\/#\\\/schema\\\/logo\\\/image\\\/\"},\"sameAs\":[\"https:\\\/\\\/www.facebook.com\\\/2161871137193201\\\/\",\"https:\\\/\\\/x.com\\\/fsc_ccf_en\",\"https:\\\/\\\/www.instagram.com\\\/fsc_ccf\\\/\",\"https:\\\/\\\/www.linkedin.com\\\/company\\\/fsc-ccf\\\/\"]}]}<\/script>\n<!-- \/ Yoast SEO plugin. -->","yoast_head_json":{"title":"Are we there yet? advancing women at work in Canada and Australia - Future Skills Centre \u2022 Centre des Comp\u00e9tences futures","robots":{"index":"index","follow":"follow","max-snippet":"max-snippet:-1","max-image-preview":"max-image-preview:large","max-video-preview":"max-video-preview:-1"},"canonical":"https:\/\/fsc-ccf.ca\/fr\/references\/are-we-there-yet-advancing-women-at-work-in-canada-and-australia-2\/","twitter_misc":{"Est. reading time":"1 minute"},"schema":{"@context":"https:\/\/schema.org","@graph":[{"@type":"WebPage","@id":"https:\/\/fsc-ccf.ca\/fr\/references\/are-we-there-yet-advancing-women-at-work-in-canada-and-australia-2\/","url":"https:\/\/fsc-ccf.ca\/fr\/references\/are-we-there-yet-advancing-women-at-work-in-canada-and-australia-2\/","name":"Are we there yet? advancing women at work in Canada and Australia - Future Skills Centre \u2022 Centre des Comp\u00e9tences futures","isPartOf":{"@id":"https:\/\/fsc-ccf.ca\/fr\/#website"},"datePublished":"2020-08-11T22:18:16+00:00","breadcrumb":{"@id":"https:\/\/fsc-ccf.ca\/fr\/references\/are-we-there-yet-advancing-women-at-work-in-canada-and-australia-2\/#breadcrumb"},"inLanguage":"fr-FR","potentialAction":[{"@type":"ReadAction","target":["https:\/\/fsc-ccf.ca\/fr\/references\/are-we-there-yet-advancing-women-at-work-in-canada-and-australia-2\/"]}]},{"@type":"BreadcrumbList","@id":"https:\/\/fsc-ccf.ca\/fr\/references\/are-we-there-yet-advancing-women-at-work-in-canada-and-australia-2\/#breadcrumb","itemListElement":[{"@type":"ListItem","position":1,"name":"Home","item":"https:\/\/fsc-ccf.ca\/fr\/"},{"@type":"ListItem","position":2,"name":"References","item":"https:\/\/fsc-ccf.ca\/fr\/references\/"},{"@type":"ListItem","position":3,"name":"Are we there yet? advancing women at work in Canada and Australia"}]},{"@type":"WebSite","@id":"https:\/\/fsc-ccf.ca\/fr\/#website","url":"https:\/\/fsc-ccf.ca\/fr\/","name":"Future Skills Centre \u2022 Centre des Comp\u00e9tences futures","description":"","publisher":{"@id":"https:\/\/fsc-ccf.ca\/fr\/#organization"},"potentialAction":[{"@type":"SearchAction","target":{"@type":"EntryPoint","urlTemplate":"https:\/\/fsc-ccf.ca\/fr\/?s={search_term_string}"},"query-input":{"@type":"PropertyValueSpecification","valueRequired":true,"valueName":"search_term_string"}}],"inLanguage":"fr-FR"},{"@type":"Organization","@id":"https:\/\/fsc-ccf.ca\/fr\/#organization","name":"Future Skills Centre \u2022 Centre des Comp\u00e9tences futures","url":"https:\/\/fsc-ccf.ca\/fr\/","logo":{"@type":"ImageObject","inLanguage":"fr-FR","@id":"https:\/\/fsc-ccf.ca\/fr\/#\/schema\/logo\/image\/","url":"https:\/\/fsc-ccf.ca\/wp-content\/uploads\/2019\/08\/FSC_logo_colour_rgb_positive_ENG.png","contentUrl":"https:\/\/fsc-ccf.ca\/wp-content\/uploads\/2019\/08\/FSC_logo_colour_rgb_positive_ENG.png","width":618,"height":528,"caption":"Future Skills Centre \u2022 Centre des Comp\u00e9tences futures"},"image":{"@id":"https:\/\/fsc-ccf.ca\/fr\/#\/schema\/logo\/image\/"},"sameAs":["https:\/\/www.facebook.com\/2161871137193201\/","https:\/\/x.com\/fsc_ccf_en","https:\/\/www.instagram.com\/fsc_ccf\/","https:\/\/www.linkedin.com\/company\/fsc-ccf\/"]}]}},"_links":{"self":[{"href":"https:\/\/fsc-ccf.ca\/fr\/wp-json\/wp\/v2\/reference\/129109","targetHints":{"allow":["GET"]}}],"collection":[{"href":"https:\/\/fsc-ccf.ca\/fr\/wp-json\/wp\/v2\/reference"}],"about":[{"href":"https:\/\/fsc-ccf.ca\/fr\/wp-json\/wp\/v2\/types\/reference"}],"version-history":[{"count":0,"href":"https:\/\/fsc-ccf.ca\/fr\/wp-json\/wp\/v2\/reference\/129109\/revisions"}],"wp:attachment":[{"href":"https:\/\/fsc-ccf.ca\/fr\/wp-json\/wp\/v2\/media?parent=129109"}],"wp:term":[{"taxonomy":"reference-tag","embeddable":true,"href":"https:\/\/fsc-ccf.ca\/fr\/wp-json\/wp\/v2\/reference-tag?post=129109"},{"taxonomy":"reference-type","embeddable":true,"href":"https:\/\/fsc-ccf.ca\/fr\/wp-json\/wp\/v2\/reference-type?post=129109"}],"curies":[{"name":"wp","href":"https:\/\/api.w.org\/{rel}","templated":true}]}}