			{"id":128930,"date":"2020-08-11T18:16:56","date_gmt":"2020-08-11T22:16:56","guid":{"rendered":"https:\/\/fsc-ccf.ca\/references\/vocational-education-and-school-to-work-transitions-in-norway-2\/"},"modified":"2020-08-11T18:16:55","modified_gmt":"2020-08-11T22:16:55","slug":"vocational-education-and-school-to-work-transitions-in-norway-2","status":"publish","type":"reference","link":"https:\/\/fsc-ccf.ca\/fr\/references\/vocational-education-and-school-to-work-transitions-in-norway-2\/","title":{"rendered":"Vocational education and school to work transitions in Norway"},"content":{"rendered":"<p>Dans les temps de la mondialisation de la d\u00e9r\u00e9glementation des march\u00e9s du travail et la restructuration du travail ont cr\u00e9\u00e9 des d\u00e9fis sur les march\u00e9s europ\u00e9ens du travail en g\u00e9n\u00e9ral et sur les march\u00e9s du travail des jeunes en particulier. La concurrence internationale accrue a conduit \u00e0 une plus grande incertitude sur l&#8217;\u00e9volution future du march\u00e9 du travail, ce qui rend les transitions de la jeunesse \u00e0 l&#8217;\u00e2ge adulte plus complexe. Traduit a\u0300 l'aide de Google Translate<\/p>\n","protected":false},"excerpt":{"rendered":"<p>Dans les temps de la mondialisation de la d\u00e9r\u00e9glementation des march\u00e9s du travail et la restructuration du travail ont cr\u00e9\u00e9 des d\u00e9fis sur les march\u00e9s europ\u00e9ens du travail en g\u00e9n\u00e9ral et sur les march\u00e9s du travail des jeunes en particulier. La concurrence internationale accrue a conduit \u00e0 une plus grande incertitude sur l&#8217;\u00e9volution future du march\u00e9 du travail, ce qui rend les transitions de la jeunesse \u00e0 l&#8217;\u00e2ge adulte plus complexe. [googletranslate_fr]<\/p>\n","protected":false},"template":"","reference-tag":[],"reference-type":[438],"class_list":["post-128930","reference","type-reference","status-publish","hentry","reference-type-book-chapter"],"acf":{"citation":"Nyen, T., Sk\u00e5lholt, A., and T\u00f8nder, A. (2015). Vocational education and school to work transitions in Norway. In Bohlinger, S., Haake, U., J\u00f8rgensen, C., Toiviainen, H., and Wallo, A. (Ed.) Working and learning in times of uncertainty (pp. 173-182). Rotterdam, Netherlands: Sense Publishers. Retrieved from https:\/\/link.springer.com\/chapter\/10.1007\/978-94-6300-244-8_13.","authors":"Nyen, T., Sk\u00e5lholt, A., and T\u00f8nder, A.","org":"","year":"2015","title_fr":null,"editors_hidden":"Bohlinger, Sandra\n Haake, Ulrika\n J\u00f8rgensen, Christian H.\n Toiviainen, Hanna\n Wallo, Andreas","publication":"Working and learning in times of uncertainty","publication_fr":null,"volume":"","issue":"","Series":"","SeriesNumber":"","page_range":"173-182","publisher_city":"Rotterdam","publisher_state":"Netherlands","publisher":"Sense Publishers","abstract_en":null,"abstract_fr":null,"keywords":"","paywall":"0","doi":"10.1007\/978-94-6300-244-8_13","isbn":"Online ISBN: 978-94-6300-244-8","url":"https:\/\/link.springer.com\/chapter\/10.1007\/978-94-6300-244-8_13","url_fr":null,"url_amazon":"","TRACK":"0"},"yoast_head":"<!-- This site is optimized with the Yoast SEO plugin v27.5 - https:\/\/yoast.com\/product\/yoast-seo-wordpress\/ -->\n<title>Vocational education and school to work transitions in Norway - Future Skills Centre \u2022 Centre des Comp\u00e9tences futures<\/title>\n<meta name=\"robots\" content=\"index, follow, max-snippet:-1, max-image-preview:large, max-video-preview:-1\" \/>\n<link rel=\"canonical\" href=\"https:\/\/fsc-ccf.ca\/fr\/references\/vocational-education-and-school-to-work-transitions-in-norway-2\/\" \/>\n<script type=\"application\/ld+json\" class=\"yoast-schema-graph\">{\"@context\":\"https:\\\/\\\/schema.org\",\"@graph\":[{\"@type\":\"WebPage\",\"@id\":\"https:\\\/\\\/fsc-ccf.ca\\\/fr\\\/references\\\/vocational-education-and-school-to-work-transitions-in-norway-2\\\/\",\"url\":\"https:\\\/\\\/fsc-ccf.ca\\\/fr\\\/references\\\/vocational-education-and-school-to-work-transitions-in-norway-2\\\/\",\"name\":\"Vocational education and school to work transitions in Norway - Future Skills Centre \u2022 Centre des Comp\u00e9tences futures\",\"isPartOf\":{\"@id\":\"https:\\\/\\\/fsc-ccf.ca\\\/fr\\\/#website\"},\"datePublished\":\"2020-08-11T22:16:56+00:00\",\"breadcrumb\":{\"@id\":\"https:\\\/\\\/fsc-ccf.ca\\\/fr\\\/references\\\/vocational-education-and-school-to-work-transitions-in-norway-2\\\/#breadcrumb\"},\"inLanguage\":\"fr-FR\",\"potentialAction\":[{\"@type\":\"ReadAction\",\"target\":[\"https:\\\/\\\/fsc-ccf.ca\\\/fr\\\/references\\\/vocational-education-and-school-to-work-transitions-in-norway-2\\\/\"]}]},{\"@type\":\"BreadcrumbList\",\"@id\":\"https:\\\/\\\/fsc-ccf.ca\\\/fr\\\/references\\\/vocational-education-and-school-to-work-transitions-in-norway-2\\\/#breadcrumb\",\"itemListElement\":[{\"@type\":\"ListItem\",\"position\":1,\"name\":\"Home\",\"item\":\"https:\\\/\\\/fsc-ccf.ca\\\/fr\\\/\"},{\"@type\":\"ListItem\",\"position\":2,\"name\":\"References\",\"item\":\"https:\\\/\\\/fsc-ccf.ca\\\/fr\\\/references\\\/\"},{\"@type\":\"ListItem\",\"position\":3,\"name\":\"Vocational education and school to work transitions in Norway\"}]},{\"@type\":\"WebSite\",\"@id\":\"https:\\\/\\\/fsc-ccf.ca\\\/fr\\\/#website\",\"url\":\"https:\\\/\\\/fsc-ccf.ca\\\/fr\\\/\",\"name\":\"Future Skills Centre \u2022 Centre des Comp\u00e9tences futures\",\"description\":\"\",\"publisher\":{\"@id\":\"https:\\\/\\\/fsc-ccf.ca\\\/fr\\\/#organization\"},\"potentialAction\":[{\"@type\":\"SearchAction\",\"target\":{\"@type\":\"EntryPoint\",\"urlTemplate\":\"https:\\\/\\\/fsc-ccf.ca\\\/fr\\\/?s={search_term_string}\"},\"query-input\":{\"@type\":\"PropertyValueSpecification\",\"valueRequired\":true,\"valueName\":\"search_term_string\"}}],\"inLanguage\":\"fr-FR\"},{\"@type\":\"Organization\",\"@id\":\"https:\\\/\\\/fsc-ccf.ca\\\/fr\\\/#organization\",\"name\":\"Future Skills Centre \u2022 Centre des Comp\u00e9tences futures\",\"url\":\"https:\\\/\\\/fsc-ccf.ca\\\/fr\\\/\",\"logo\":{\"@type\":\"ImageObject\",\"inLanguage\":\"fr-FR\",\"@id\":\"https:\\\/\\\/fsc-ccf.ca\\\/fr\\\/#\\\/schema\\\/logo\\\/image\\\/\",\"url\":\"https:\\\/\\\/fsc-ccf.ca\\\/wp-content\\\/uploads\\\/2019\\\/08\\\/FSC_logo_colour_rgb_positive_ENG.png\",\"contentUrl\":\"https:\\\/\\\/fsc-ccf.ca\\\/wp-content\\\/uploads\\\/2019\\\/08\\\/FSC_logo_colour_rgb_positive_ENG.png\",\"width\":618,\"height\":528,\"caption\":\"Future Skills Centre \u2022 Centre des Comp\u00e9tences futures\"},\"image\":{\"@id\":\"https:\\\/\\\/fsc-ccf.ca\\\/fr\\\/#\\\/schema\\\/logo\\\/image\\\/\"},\"sameAs\":[\"https:\\\/\\\/www.facebook.com\\\/2161871137193201\\\/\",\"https:\\\/\\\/x.com\\\/fsc_ccf_en\",\"https:\\\/\\\/www.instagram.com\\\/fsc_ccf\\\/\",\"https:\\\/\\\/www.linkedin.com\\\/company\\\/fsc-ccf\\\/\"]}]}<\/script>\n<!-- \/ Yoast SEO plugin. -->","yoast_head_json":{"title":"Vocational education and school to work transitions in Norway - Future Skills Centre \u2022 Centre des Comp\u00e9tences futures","robots":{"index":"index","follow":"follow","max-snippet":"max-snippet:-1","max-image-preview":"max-image-preview:large","max-video-preview":"max-video-preview:-1"},"canonical":"https:\/\/fsc-ccf.ca\/fr\/references\/vocational-education-and-school-to-work-transitions-in-norway-2\/","schema":{"@context":"https:\/\/schema.org","@graph":[{"@type":"WebPage","@id":"https:\/\/fsc-ccf.ca\/fr\/references\/vocational-education-and-school-to-work-transitions-in-norway-2\/","url":"https:\/\/fsc-ccf.ca\/fr\/references\/vocational-education-and-school-to-work-transitions-in-norway-2\/","name":"Vocational education and school to work transitions in Norway - Future Skills Centre \u2022 Centre des Comp\u00e9tences futures","isPartOf":{"@id":"https:\/\/fsc-ccf.ca\/fr\/#website"},"datePublished":"2020-08-11T22:16:56+00:00","breadcrumb":{"@id":"https:\/\/fsc-ccf.ca\/fr\/references\/vocational-education-and-school-to-work-transitions-in-norway-2\/#breadcrumb"},"inLanguage":"fr-FR","potentialAction":[{"@type":"ReadAction","target":["https:\/\/fsc-ccf.ca\/fr\/references\/vocational-education-and-school-to-work-transitions-in-norway-2\/"]}]},{"@type":"BreadcrumbList","@id":"https:\/\/fsc-ccf.ca\/fr\/references\/vocational-education-and-school-to-work-transitions-in-norway-2\/#breadcrumb","itemListElement":[{"@type":"ListItem","position":1,"name":"Home","item":"https:\/\/fsc-ccf.ca\/fr\/"},{"@type":"ListItem","position":2,"name":"References","item":"https:\/\/fsc-ccf.ca\/fr\/references\/"},{"@type":"ListItem","position":3,"name":"Vocational education and school to work transitions in Norway"}]},{"@type":"WebSite","@id":"https:\/\/fsc-ccf.ca\/fr\/#website","url":"https:\/\/fsc-ccf.ca\/fr\/","name":"Future Skills Centre \u2022 Centre des Comp\u00e9tences futures","description":"","publisher":{"@id":"https:\/\/fsc-ccf.ca\/fr\/#organization"},"potentialAction":[{"@type":"SearchAction","target":{"@type":"EntryPoint","urlTemplate":"https:\/\/fsc-ccf.ca\/fr\/?s={search_term_string}"},"query-input":{"@type":"PropertyValueSpecification","valueRequired":true,"valueName":"search_term_string"}}],"inLanguage":"fr-FR"},{"@type":"Organization","@id":"https:\/\/fsc-ccf.ca\/fr\/#organization","name":"Future Skills Centre \u2022 Centre des Comp\u00e9tences futures","url":"https:\/\/fsc-ccf.ca\/fr\/","logo":{"@type":"ImageObject","inLanguage":"fr-FR","@id":"https:\/\/fsc-ccf.ca\/fr\/#\/schema\/logo\/image\/","url":"https:\/\/fsc-ccf.ca\/wp-content\/uploads\/2019\/08\/FSC_logo_colour_rgb_positive_ENG.png","contentUrl":"https:\/\/fsc-ccf.ca\/wp-content\/uploads\/2019\/08\/FSC_logo_colour_rgb_positive_ENG.png","width":618,"height":528,"caption":"Future Skills Centre \u2022 Centre des Comp\u00e9tences futures"},"image":{"@id":"https:\/\/fsc-ccf.ca\/fr\/#\/schema\/logo\/image\/"},"sameAs":["https:\/\/www.facebook.com\/2161871137193201\/","https:\/\/x.com\/fsc_ccf_en","https:\/\/www.instagram.com\/fsc_ccf\/","https:\/\/www.linkedin.com\/company\/fsc-ccf\/"]}]}},"_links":{"self":[{"href":"https:\/\/fsc-ccf.ca\/fr\/wp-json\/wp\/v2\/reference\/128930","targetHints":{"allow":["GET"]}}],"collection":[{"href":"https:\/\/fsc-ccf.ca\/fr\/wp-json\/wp\/v2\/reference"}],"about":[{"href":"https:\/\/fsc-ccf.ca\/fr\/wp-json\/wp\/v2\/types\/reference"}],"version-history":[{"count":0,"href":"https:\/\/fsc-ccf.ca\/fr\/wp-json\/wp\/v2\/reference\/128930\/revisions"}],"wp:attachment":[{"href":"https:\/\/fsc-ccf.ca\/fr\/wp-json\/wp\/v2\/media?parent=128930"}],"wp:term":[{"taxonomy":"reference-tag","embeddable":true,"href":"https:\/\/fsc-ccf.ca\/fr\/wp-json\/wp\/v2\/reference-tag?post=128930"},{"taxonomy":"reference-type","embeddable":true,"href":"https:\/\/fsc-ccf.ca\/fr\/wp-json\/wp\/v2\/reference-type?post=128930"}],"curies":[{"name":"wp","href":"https:\/\/api.w.org\/{rel}","templated":true}]}}