			{"id":128505,"date":"2020-08-11T18:13:53","date_gmt":"2020-08-11T22:13:53","guid":{"rendered":"https:\/\/fsc-ccf.ca\/references\/moving-in-the-right-direction-labour-mobility-labour-shortage-and-canadas-human-potential-2\/"},"modified":"2020-08-11T18:13:53","modified_gmt":"2020-08-11T22:13:53","slug":"moving-in-the-right-direction-labour-mobility-labour-shortage-and-canadas-human-potential-2","status":"publish","type":"reference","link":"https:\/\/fsc-ccf.ca\/fr\/references\/moving-in-the-right-direction-labour-mobility-labour-shortage-and-canadas-human-potential-2\/","title":{"rendered":"Moving in the right direction? Labour mobility, labour shortage and Canada\u2019s human potential"},"content":{"rendered":"<p>Il est un moment historique pour les march\u00e9s du travail au Canada. la mobilit\u00e9 de la main-d&#8217;\u0153uvre interprovinciale est plus \u00e9lev\u00e9 que jamais auparavant dans l&#8217;histoire de ce pays. Ce mouvement de masse des Canadiens entre les provinces et les territoires est juste un indicateur tr\u00e8s visible et le d\u00e9but d&#8217;une tendance nationale encore plus historique, un march\u00e9 du travail de serrage. Ce ph\u00e9nom\u00e8ne d\u00e9mographique pr\u00e9sentera d&#8217;\u00e9normes d\u00e9fis et opportunit\u00e9s pour le Canada car elle \u00e0 d&#8217;autres pays d\u00e9velopp\u00e9s. A ce moment charni\u00e8re de l&#8217;histoire, les d\u00e9cideurs politiques ont la possibilit\u00e9 d&#8217;anticiper et d&#8217;influencer le march\u00e9 du travail afin de r\u00e9aliser des r\u00e9sultats optimaux pour tous les Canadiens. Ce qui est requis est une strat\u00e9gie potentiel humain pour le Canada. Ce document passe en revue une entr\u00e9e sur le march\u00e9 du travail en profondeur, la mobilit\u00e9 de la main-d&#8217;\u0153uvre interprovincial, puis se poursuit pour discuter des tendances du march\u00e9 du travail et des pr\u00e9occupations plus larges. Enfin, les auteurs pr\u00e9sentent des recommandations d&#8217;action sp\u00e9cifiques qui n\u00e9cessitent l&#8217;attention des dirigeants du gouvernement dans l&#8217;imm\u00e9diat. Traduit a\u0300 l'aide de Google Translate<\/p>\n","protected":false},"excerpt":{"rendered":"<p>Il est un moment historique pour les march\u00e9s du travail au Canada. la mobilit\u00e9 de la main-d&#8217;\u0153uvre interprovinciale est plus \u00e9lev\u00e9 que jamais auparavant dans l&#8217;histoire de ce pays. Ce mouvement de masse des Canadiens entre les provinces et les territoires est juste un indicateur tr\u00e8s visible et le d\u00e9but d&#8217;une tendance nationale encore plus historique, un march\u00e9 du travail de serrage. Ce ph\u00e9nom\u00e8ne d\u00e9mographique pr\u00e9sentera d&#8217;\u00e9normes d\u00e9fis et opportunit\u00e9s pour le Canada car elle \u00e0 d&#8217;autres pays d\u00e9velopp\u00e9s. A ce moment charni\u00e8re de l&#8217;histoire, les d\u00e9cideurs politiques ont la possibilit\u00e9 d&#8217;anticiper et d&#8217;influencer le march\u00e9 du travail afin de r\u00e9aliser des r\u00e9sultats optimaux pour tous les Canadiens. Ce qui est requis est une strat\u00e9gie potentiel humain pour le Canada. Ce document passe en revue une entr\u00e9e sur le march\u00e9 du travail en profondeur, la mobilit\u00e9 de la main-d&#8217;\u0153uvre interprovincial, puis se poursuit pour discuter des tendances du march\u00e9 du travail et des pr\u00e9occupations plus larges. Enfin, les auteurs pr\u00e9sentent des recommandations d&#8217;action sp\u00e9cifiques qui n\u00e9cessitent l&#8217;attention des dirigeants du gouvernement dans l&#8217;imm\u00e9diat. [googletranslate_fr]<\/p>\n","protected":false},"template":"","reference-tag":[],"reference-type":[436],"class_list":["post-128505","reference","type-reference","status-publish","hentry","reference-type-white-paper"],"acf":{"citation":"Pereira, A., Shinewald, B., Wise, A., Yates, S., and Young, R. (2007). Moving in the right direction? Labour mobility, labour shortage and Canada\u2019s human potential. Task Force Report. n.p., n.p.: Action Canada. Retrieved from http:\/\/www.actioncanada.ca\/wp-content\/uploads\/2014\/04\/moving-in-the-right-direction-0607.pdf.","authors":"Pereira, A., Shinewald, B., Wise, A., Yates, S., and Young, R.","org":"","year":"2007","title_fr":null,"editors_hidden":"","publication":"","publication_fr":null,"volume":"","issue":"","Series":"","SeriesNumber":"","page_range":"","publisher_city":"n.p.","publisher_state":"n.p.","publisher":"Action Canada","abstract_en":null,"abstract_fr":null,"keywords":"","paywall":"0","doi":"","isbn":"","url":"http:\/\/www.actioncanada.ca\/wp-content\/uploads\/2014\/04\/moving-in-the-right-direction-0607.pdf","url_fr":null,"url_amazon":"","TRACK":"0"},"yoast_head":"<!-- This site is optimized with the Yoast SEO plugin v27.5 - https:\/\/yoast.com\/product\/yoast-seo-wordpress\/ -->\n<title>Moving in the right direction? Labour mobility, labour shortage and Canada\u2019s human potential - Future Skills Centre \u2022 Centre des Comp\u00e9tences futures<\/title>\n<meta name=\"robots\" content=\"index, follow, max-snippet:-1, max-image-preview:large, max-video-preview:-1\" \/>\n<link rel=\"canonical\" href=\"https:\/\/fsc-ccf.ca\/fr\/references\/moving-in-the-right-direction-labour-mobility-labour-shortage-and-canadas-human-potential-2\/\" \/>\n<meta name=\"twitter:label1\" content=\"Est. reading time\" \/>\n\t<meta name=\"twitter:data1\" content=\"1 minute\" \/>\n<script type=\"application\/ld+json\" class=\"yoast-schema-graph\">{\"@context\":\"https:\\\/\\\/schema.org\",\"@graph\":[{\"@type\":\"WebPage\",\"@id\":\"https:\\\/\\\/fsc-ccf.ca\\\/fr\\\/references\\\/moving-in-the-right-direction-labour-mobility-labour-shortage-and-canadas-human-potential-2\\\/\",\"url\":\"https:\\\/\\\/fsc-ccf.ca\\\/fr\\\/references\\\/moving-in-the-right-direction-labour-mobility-labour-shortage-and-canadas-human-potential-2\\\/\",\"name\":\"Moving in the right direction? Labour mobility, labour shortage and Canada\u2019s human potential - Future Skills Centre \u2022 Centre des Comp\u00e9tences futures\",\"isPartOf\":{\"@id\":\"https:\\\/\\\/fsc-ccf.ca\\\/fr\\\/#website\"},\"datePublished\":\"2020-08-11T22:13:53+00:00\",\"breadcrumb\":{\"@id\":\"https:\\\/\\\/fsc-ccf.ca\\\/fr\\\/references\\\/moving-in-the-right-direction-labour-mobility-labour-shortage-and-canadas-human-potential-2\\\/#breadcrumb\"},\"inLanguage\":\"fr-FR\",\"potentialAction\":[{\"@type\":\"ReadAction\",\"target\":[\"https:\\\/\\\/fsc-ccf.ca\\\/fr\\\/references\\\/moving-in-the-right-direction-labour-mobility-labour-shortage-and-canadas-human-potential-2\\\/\"]}]},{\"@type\":\"BreadcrumbList\",\"@id\":\"https:\\\/\\\/fsc-ccf.ca\\\/fr\\\/references\\\/moving-in-the-right-direction-labour-mobility-labour-shortage-and-canadas-human-potential-2\\\/#breadcrumb\",\"itemListElement\":[{\"@type\":\"ListItem\",\"position\":1,\"name\":\"Home\",\"item\":\"https:\\\/\\\/fsc-ccf.ca\\\/fr\\\/\"},{\"@type\":\"ListItem\",\"position\":2,\"name\":\"References\",\"item\":\"https:\\\/\\\/fsc-ccf.ca\\\/fr\\\/references\\\/\"},{\"@type\":\"ListItem\",\"position\":3,\"name\":\"Moving in the right direction? Labour mobility, labour shortage and Canada\u2019s human potential\"}]},{\"@type\":\"WebSite\",\"@id\":\"https:\\\/\\\/fsc-ccf.ca\\\/fr\\\/#website\",\"url\":\"https:\\\/\\\/fsc-ccf.ca\\\/fr\\\/\",\"name\":\"Future Skills Centre \u2022 Centre des Comp\u00e9tences futures\",\"description\":\"\",\"publisher\":{\"@id\":\"https:\\\/\\\/fsc-ccf.ca\\\/fr\\\/#organization\"},\"potentialAction\":[{\"@type\":\"SearchAction\",\"target\":{\"@type\":\"EntryPoint\",\"urlTemplate\":\"https:\\\/\\\/fsc-ccf.ca\\\/fr\\\/?s={search_term_string}\"},\"query-input\":{\"@type\":\"PropertyValueSpecification\",\"valueRequired\":true,\"valueName\":\"search_term_string\"}}],\"inLanguage\":\"fr-FR\"},{\"@type\":\"Organization\",\"@id\":\"https:\\\/\\\/fsc-ccf.ca\\\/fr\\\/#organization\",\"name\":\"Future Skills Centre \u2022 Centre des Comp\u00e9tences futures\",\"url\":\"https:\\\/\\\/fsc-ccf.ca\\\/fr\\\/\",\"logo\":{\"@type\":\"ImageObject\",\"inLanguage\":\"fr-FR\",\"@id\":\"https:\\\/\\\/fsc-ccf.ca\\\/fr\\\/#\\\/schema\\\/logo\\\/image\\\/\",\"url\":\"https:\\\/\\\/fsc-ccf.ca\\\/wp-content\\\/uploads\\\/2019\\\/08\\\/FSC_logo_colour_rgb_positive_ENG.png\",\"contentUrl\":\"https:\\\/\\\/fsc-ccf.ca\\\/wp-content\\\/uploads\\\/2019\\\/08\\\/FSC_logo_colour_rgb_positive_ENG.png\",\"width\":618,\"height\":528,\"caption\":\"Future Skills Centre \u2022 Centre des Comp\u00e9tences futures\"},\"image\":{\"@id\":\"https:\\\/\\\/fsc-ccf.ca\\\/fr\\\/#\\\/schema\\\/logo\\\/image\\\/\"},\"sameAs\":[\"https:\\\/\\\/www.facebook.com\\\/2161871137193201\\\/\",\"https:\\\/\\\/x.com\\\/fsc_ccf_en\",\"https:\\\/\\\/www.instagram.com\\\/fsc_ccf\\\/\",\"https:\\\/\\\/www.linkedin.com\\\/company\\\/fsc-ccf\\\/\"]}]}<\/script>\n<!-- \/ Yoast SEO plugin. -->","yoast_head_json":{"title":"Moving in the right direction? Labour mobility, labour shortage and Canada\u2019s human potential - Future Skills Centre \u2022 Centre des Comp\u00e9tences futures","robots":{"index":"index","follow":"follow","max-snippet":"max-snippet:-1","max-image-preview":"max-image-preview:large","max-video-preview":"max-video-preview:-1"},"canonical":"https:\/\/fsc-ccf.ca\/fr\/references\/moving-in-the-right-direction-labour-mobility-labour-shortage-and-canadas-human-potential-2\/","twitter_misc":{"Est. reading time":"1 minute"},"schema":{"@context":"https:\/\/schema.org","@graph":[{"@type":"WebPage","@id":"https:\/\/fsc-ccf.ca\/fr\/references\/moving-in-the-right-direction-labour-mobility-labour-shortage-and-canadas-human-potential-2\/","url":"https:\/\/fsc-ccf.ca\/fr\/references\/moving-in-the-right-direction-labour-mobility-labour-shortage-and-canadas-human-potential-2\/","name":"Moving in the right direction? Labour mobility, labour shortage and Canada\u2019s human potential - Future Skills Centre \u2022 Centre des Comp\u00e9tences futures","isPartOf":{"@id":"https:\/\/fsc-ccf.ca\/fr\/#website"},"datePublished":"2020-08-11T22:13:53+00:00","breadcrumb":{"@id":"https:\/\/fsc-ccf.ca\/fr\/references\/moving-in-the-right-direction-labour-mobility-labour-shortage-and-canadas-human-potential-2\/#breadcrumb"},"inLanguage":"fr-FR","potentialAction":[{"@type":"ReadAction","target":["https:\/\/fsc-ccf.ca\/fr\/references\/moving-in-the-right-direction-labour-mobility-labour-shortage-and-canadas-human-potential-2\/"]}]},{"@type":"BreadcrumbList","@id":"https:\/\/fsc-ccf.ca\/fr\/references\/moving-in-the-right-direction-labour-mobility-labour-shortage-and-canadas-human-potential-2\/#breadcrumb","itemListElement":[{"@type":"ListItem","position":1,"name":"Home","item":"https:\/\/fsc-ccf.ca\/fr\/"},{"@type":"ListItem","position":2,"name":"References","item":"https:\/\/fsc-ccf.ca\/fr\/references\/"},{"@type":"ListItem","position":3,"name":"Moving in the right direction? Labour mobility, labour shortage and Canada\u2019s human potential"}]},{"@type":"WebSite","@id":"https:\/\/fsc-ccf.ca\/fr\/#website","url":"https:\/\/fsc-ccf.ca\/fr\/","name":"Future Skills Centre \u2022 Centre des Comp\u00e9tences futures","description":"","publisher":{"@id":"https:\/\/fsc-ccf.ca\/fr\/#organization"},"potentialAction":[{"@type":"SearchAction","target":{"@type":"EntryPoint","urlTemplate":"https:\/\/fsc-ccf.ca\/fr\/?s={search_term_string}"},"query-input":{"@type":"PropertyValueSpecification","valueRequired":true,"valueName":"search_term_string"}}],"inLanguage":"fr-FR"},{"@type":"Organization","@id":"https:\/\/fsc-ccf.ca\/fr\/#organization","name":"Future Skills Centre \u2022 Centre des Comp\u00e9tences futures","url":"https:\/\/fsc-ccf.ca\/fr\/","logo":{"@type":"ImageObject","inLanguage":"fr-FR","@id":"https:\/\/fsc-ccf.ca\/fr\/#\/schema\/logo\/image\/","url":"https:\/\/fsc-ccf.ca\/wp-content\/uploads\/2019\/08\/FSC_logo_colour_rgb_positive_ENG.png","contentUrl":"https:\/\/fsc-ccf.ca\/wp-content\/uploads\/2019\/08\/FSC_logo_colour_rgb_positive_ENG.png","width":618,"height":528,"caption":"Future Skills Centre \u2022 Centre des Comp\u00e9tences futures"},"image":{"@id":"https:\/\/fsc-ccf.ca\/fr\/#\/schema\/logo\/image\/"},"sameAs":["https:\/\/www.facebook.com\/2161871137193201\/","https:\/\/x.com\/fsc_ccf_en","https:\/\/www.instagram.com\/fsc_ccf\/","https:\/\/www.linkedin.com\/company\/fsc-ccf\/"]}]}},"_links":{"self":[{"href":"https:\/\/fsc-ccf.ca\/fr\/wp-json\/wp\/v2\/reference\/128505","targetHints":{"allow":["GET"]}}],"collection":[{"href":"https:\/\/fsc-ccf.ca\/fr\/wp-json\/wp\/v2\/reference"}],"about":[{"href":"https:\/\/fsc-ccf.ca\/fr\/wp-json\/wp\/v2\/types\/reference"}],"version-history":[{"count":0,"href":"https:\/\/fsc-ccf.ca\/fr\/wp-json\/wp\/v2\/reference\/128505\/revisions"}],"wp:attachment":[{"href":"https:\/\/fsc-ccf.ca\/fr\/wp-json\/wp\/v2\/media?parent=128505"}],"wp:term":[{"taxonomy":"reference-tag","embeddable":true,"href":"https:\/\/fsc-ccf.ca\/fr\/wp-json\/wp\/v2\/reference-tag?post=128505"},{"taxonomy":"reference-type","embeddable":true,"href":"https:\/\/fsc-ccf.ca\/fr\/wp-json\/wp\/v2\/reference-type?post=128505"}],"curies":[{"name":"wp","href":"https:\/\/api.w.org\/{rel}","templated":true}]}}