			{"id":128482,"date":"2020-08-11T18:13:42","date_gmt":"2020-08-11T22:13:42","guid":{"rendered":"https:\/\/fsc-ccf.ca\/references\/skills-at-work-how-skills-and-their-use-matter-in-the-labour-market-2\/"},"modified":"2020-08-11T18:13:42","modified_gmt":"2020-08-11T22:13:42","slug":"skills-at-work-how-skills-and-their-use-matter-in-the-labour-market-2","status":"publish","type":"reference","link":"https:\/\/fsc-ccf.ca\/fr\/references\/skills-at-work-how-skills-and-their-use-matter-in-the-labour-market-2\/","title":{"rendered":"Skills at Work: How skills and their use matter in the labour market"},"content":{"rendered":"<p>Le capital humain est la cl\u00e9 de la croissance \u00e9conomique. Non seulement est-elle li\u00e9e \u00e0 la performance \u00e9conomique globale, mais aussi aux r\u00e9sultats sur le march\u00e9 du travail de chacun. Cependant, une population qualifi\u00e9e ne suffit pas pour atteindre une croissance forte et inclusive, que les comp\u00e9tences doivent \u00eatre mises en service productif au travail. Merci \u00e0 la disponibilit\u00e9 des mesures \u00e0 la fois la comp\u00e9tence et l&#8217;utilisation de nombreux types de comp\u00e9tences, l&#8217;Enqu\u00eate sur les comp\u00e9tences des adultes offre une occasion unique de faire progresser les connaissances dans ce domaine et ce document pr\u00e9sente et analyse des preuves sur ces deux dimensions avec un accent particulier sur leurs incidences sur la politique du march\u00e9 du travail. Cet article explore le r\u00f4le jou\u00e9 sur le march\u00e9 du travail par la ma\u00eetrise des comp\u00e9tences dans les domaines de la litt\u00e9ratie, la num\u00e9ratie et la r\u00e9solution de probl\u00e8mes dans des environnements riches en technologie. Il a \u00e9galement montre comment les comp\u00e9tences utilisent non seulement la comp\u00e9tence, affecte un certain nombre de ph\u00e9nom\u00e8nes cl\u00e9s du march\u00e9 du travail, comme l&#8217;\u00e9cart salarial entre hommes et femmes. Enfin, les informations de moissonneuses-batteuses de papier sur la ma\u00eetrise des comp\u00e9tences, le niveau d&#8217;instruction, l&#8217;utilisation des comp\u00e9tences et des exigences de qualification pour construire des indicateurs de qualification et les comp\u00e9tences non-concordance et d&#8217;explorer les causes et les cons\u00e9quences. Traduit a\u0300 l'aide de Google Translate<\/p>\n","protected":false},"excerpt":{"rendered":"<p>Le capital humain est la cl\u00e9 de la croissance \u00e9conomique. Non seulement est-elle li\u00e9e \u00e0 la performance \u00e9conomique globale, mais aussi aux r\u00e9sultats sur le march\u00e9 du travail de chacun. Cependant, une population qualifi\u00e9e ne suffit pas pour atteindre une croissance forte et inclusive, que les comp\u00e9tences doivent \u00eatre mises en service productif au travail. Merci \u00e0 la disponibilit\u00e9 des mesures \u00e0 la fois la comp\u00e9tence et l&#8217;utilisation de nombreux types de comp\u00e9tences, l&#8217;Enqu\u00eate sur les comp\u00e9tences des adultes offre une occasion unique de faire progresser les connaissances dans ce domaine et ce document pr\u00e9sente et analyse des preuves sur ces deux dimensions avec un accent particulier sur leurs incidences sur la politique du march\u00e9 du travail. Cet article explore le r\u00f4le jou\u00e9 sur le march\u00e9 du travail par la ma\u00eetrise des comp\u00e9tences dans les domaines de la litt\u00e9ratie, la num\u00e9ratie et la r\u00e9solution de probl\u00e8mes dans des environnements riches en technologie. Il a \u00e9galement montre comment les comp\u00e9tences utilisent non seulement la comp\u00e9tence, affecte un certain nombre de ph\u00e9nom\u00e8nes cl\u00e9s du march\u00e9 du travail, comme l&#8217;\u00e9cart salarial entre hommes et femmes. Enfin, les informations de moissonneuses-batteuses de papier sur la ma\u00eetrise des comp\u00e9tences, le niveau d&#8217;instruction, l&#8217;utilisation des comp\u00e9tences et des exigences de qualification pour construire des indicateurs de qualification et les comp\u00e9tences non-concordance et d&#8217;explorer les causes et les cons\u00e9quences. [googletranslate_fr]<\/p>\n","protected":false},"template":"","reference-tag":[],"reference-type":[436],"class_list":["post-128482","reference","type-reference","status-publish","hentry","reference-type-white-paper"],"acf":{"citation":"Quintini, G. (2014). Skills at Work: How skills and their use matter in the labour market. OECD Social, Employment and Migration Working Papers:158. Paris, France: OECD Publishing. Retrieved from https:\/\/www.oecd-ilibrary.org\/docserver\/5jz44fdfjm7j-en.pdf?expires=1569855516&id=id&accname=guest&checksum=315410F0FDBA212F326AE3472E08F847.","authors":"Quintini, G.","org":"","year":"2014","title_fr":null,"editors_hidden":"","publication":"","publication_fr":null,"volume":"","issue":"","Series":"","SeriesNumber":"","page_range":"","publisher_city":"Paris","publisher_state":"France","publisher":"OECD Publishing","abstract_en":null,"abstract_fr":null,"keywords":"","paywall":"0","doi":"","isbn":"","url":"https:\/\/www.oecd-ilibrary.org\/docserver\/5jz44fdfjm7j-en.pdf?expires=1569855516&id=id&accname=guest&checksum=315410F0FDBA212F326AE3472E08F847","url_fr":null,"url_amazon":"","TRACK":"0"},"yoast_head":"<!-- This site is optimized with the Yoast SEO plugin v27.5 - https:\/\/yoast.com\/product\/yoast-seo-wordpress\/ -->\n<title>Skills at Work: How skills and their use matter in the labour market - Future Skills Centre \u2022 Centre des Comp\u00e9tences futures<\/title>\n<meta name=\"robots\" content=\"index, follow, max-snippet:-1, max-image-preview:large, max-video-preview:-1\" \/>\n<link rel=\"canonical\" href=\"https:\/\/fsc-ccf.ca\/fr\/references\/skills-at-work-how-skills-and-their-use-matter-in-the-labour-market-2\/\" \/>\n<meta name=\"twitter:label1\" content=\"Est. reading time\" \/>\n\t<meta name=\"twitter:data1\" content=\"1 minute\" \/>\n<script type=\"application\/ld+json\" class=\"yoast-schema-graph\">{\"@context\":\"https:\\\/\\\/schema.org\",\"@graph\":[{\"@type\":\"WebPage\",\"@id\":\"https:\\\/\\\/fsc-ccf.ca\\\/fr\\\/references\\\/skills-at-work-how-skills-and-their-use-matter-in-the-labour-market-2\\\/\",\"url\":\"https:\\\/\\\/fsc-ccf.ca\\\/fr\\\/references\\\/skills-at-work-how-skills-and-their-use-matter-in-the-labour-market-2\\\/\",\"name\":\"Skills at Work: How skills and their use matter in the labour market - Future Skills Centre \u2022 Centre des Comp\u00e9tences futures\",\"isPartOf\":{\"@id\":\"https:\\\/\\\/fsc-ccf.ca\\\/fr\\\/#website\"},\"datePublished\":\"2020-08-11T22:13:42+00:00\",\"breadcrumb\":{\"@id\":\"https:\\\/\\\/fsc-ccf.ca\\\/fr\\\/references\\\/skills-at-work-how-skills-and-their-use-matter-in-the-labour-market-2\\\/#breadcrumb\"},\"inLanguage\":\"fr-FR\",\"potentialAction\":[{\"@type\":\"ReadAction\",\"target\":[\"https:\\\/\\\/fsc-ccf.ca\\\/fr\\\/references\\\/skills-at-work-how-skills-and-their-use-matter-in-the-labour-market-2\\\/\"]}]},{\"@type\":\"BreadcrumbList\",\"@id\":\"https:\\\/\\\/fsc-ccf.ca\\\/fr\\\/references\\\/skills-at-work-how-skills-and-their-use-matter-in-the-labour-market-2\\\/#breadcrumb\",\"itemListElement\":[{\"@type\":\"ListItem\",\"position\":1,\"name\":\"Home\",\"item\":\"https:\\\/\\\/fsc-ccf.ca\\\/fr\\\/\"},{\"@type\":\"ListItem\",\"position\":2,\"name\":\"References\",\"item\":\"https:\\\/\\\/fsc-ccf.ca\\\/fr\\\/references\\\/\"},{\"@type\":\"ListItem\",\"position\":3,\"name\":\"Skills at Work: How skills and their use matter in the labour market\"}]},{\"@type\":\"WebSite\",\"@id\":\"https:\\\/\\\/fsc-ccf.ca\\\/fr\\\/#website\",\"url\":\"https:\\\/\\\/fsc-ccf.ca\\\/fr\\\/\",\"name\":\"Future Skills Centre \u2022 Centre des Comp\u00e9tences futures\",\"description\":\"\",\"publisher\":{\"@id\":\"https:\\\/\\\/fsc-ccf.ca\\\/fr\\\/#organization\"},\"potentialAction\":[{\"@type\":\"SearchAction\",\"target\":{\"@type\":\"EntryPoint\",\"urlTemplate\":\"https:\\\/\\\/fsc-ccf.ca\\\/fr\\\/?s={search_term_string}\"},\"query-input\":{\"@type\":\"PropertyValueSpecification\",\"valueRequired\":true,\"valueName\":\"search_term_string\"}}],\"inLanguage\":\"fr-FR\"},{\"@type\":\"Organization\",\"@id\":\"https:\\\/\\\/fsc-ccf.ca\\\/fr\\\/#organization\",\"name\":\"Future Skills Centre \u2022 Centre des Comp\u00e9tences futures\",\"url\":\"https:\\\/\\\/fsc-ccf.ca\\\/fr\\\/\",\"logo\":{\"@type\":\"ImageObject\",\"inLanguage\":\"fr-FR\",\"@id\":\"https:\\\/\\\/fsc-ccf.ca\\\/fr\\\/#\\\/schema\\\/logo\\\/image\\\/\",\"url\":\"https:\\\/\\\/fsc-ccf.ca\\\/wp-content\\\/uploads\\\/2019\\\/08\\\/FSC_logo_colour_rgb_positive_ENG.png\",\"contentUrl\":\"https:\\\/\\\/fsc-ccf.ca\\\/wp-content\\\/uploads\\\/2019\\\/08\\\/FSC_logo_colour_rgb_positive_ENG.png\",\"width\":618,\"height\":528,\"caption\":\"Future Skills Centre \u2022 Centre des Comp\u00e9tences futures\"},\"image\":{\"@id\":\"https:\\\/\\\/fsc-ccf.ca\\\/fr\\\/#\\\/schema\\\/logo\\\/image\\\/\"},\"sameAs\":[\"https:\\\/\\\/www.facebook.com\\\/2161871137193201\\\/\",\"https:\\\/\\\/x.com\\\/fsc_ccf_en\",\"https:\\\/\\\/www.instagram.com\\\/fsc_ccf\\\/\",\"https:\\\/\\\/www.linkedin.com\\\/company\\\/fsc-ccf\\\/\"]}]}<\/script>\n<!-- \/ Yoast SEO plugin. -->","yoast_head_json":{"title":"Skills at Work: How skills and their use matter in the labour market - Future Skills Centre \u2022 Centre des Comp\u00e9tences futures","robots":{"index":"index","follow":"follow","max-snippet":"max-snippet:-1","max-image-preview":"max-image-preview:large","max-video-preview":"max-video-preview:-1"},"canonical":"https:\/\/fsc-ccf.ca\/fr\/references\/skills-at-work-how-skills-and-their-use-matter-in-the-labour-market-2\/","twitter_misc":{"Est. reading time":"1 minute"},"schema":{"@context":"https:\/\/schema.org","@graph":[{"@type":"WebPage","@id":"https:\/\/fsc-ccf.ca\/fr\/references\/skills-at-work-how-skills-and-their-use-matter-in-the-labour-market-2\/","url":"https:\/\/fsc-ccf.ca\/fr\/references\/skills-at-work-how-skills-and-their-use-matter-in-the-labour-market-2\/","name":"Skills at Work: How skills and their use matter in the labour market - Future Skills Centre \u2022 Centre des Comp\u00e9tences futures","isPartOf":{"@id":"https:\/\/fsc-ccf.ca\/fr\/#website"},"datePublished":"2020-08-11T22:13:42+00:00","breadcrumb":{"@id":"https:\/\/fsc-ccf.ca\/fr\/references\/skills-at-work-how-skills-and-their-use-matter-in-the-labour-market-2\/#breadcrumb"},"inLanguage":"fr-FR","potentialAction":[{"@type":"ReadAction","target":["https:\/\/fsc-ccf.ca\/fr\/references\/skills-at-work-how-skills-and-their-use-matter-in-the-labour-market-2\/"]}]},{"@type":"BreadcrumbList","@id":"https:\/\/fsc-ccf.ca\/fr\/references\/skills-at-work-how-skills-and-their-use-matter-in-the-labour-market-2\/#breadcrumb","itemListElement":[{"@type":"ListItem","position":1,"name":"Home","item":"https:\/\/fsc-ccf.ca\/fr\/"},{"@type":"ListItem","position":2,"name":"References","item":"https:\/\/fsc-ccf.ca\/fr\/references\/"},{"@type":"ListItem","position":3,"name":"Skills at Work: How skills and their use matter in the labour market"}]},{"@type":"WebSite","@id":"https:\/\/fsc-ccf.ca\/fr\/#website","url":"https:\/\/fsc-ccf.ca\/fr\/","name":"Future Skills Centre \u2022 Centre des Comp\u00e9tences futures","description":"","publisher":{"@id":"https:\/\/fsc-ccf.ca\/fr\/#organization"},"potentialAction":[{"@type":"SearchAction","target":{"@type":"EntryPoint","urlTemplate":"https:\/\/fsc-ccf.ca\/fr\/?s={search_term_string}"},"query-input":{"@type":"PropertyValueSpecification","valueRequired":true,"valueName":"search_term_string"}}],"inLanguage":"fr-FR"},{"@type":"Organization","@id":"https:\/\/fsc-ccf.ca\/fr\/#organization","name":"Future Skills Centre \u2022 Centre des Comp\u00e9tences futures","url":"https:\/\/fsc-ccf.ca\/fr\/","logo":{"@type":"ImageObject","inLanguage":"fr-FR","@id":"https:\/\/fsc-ccf.ca\/fr\/#\/schema\/logo\/image\/","url":"https:\/\/fsc-ccf.ca\/wp-content\/uploads\/2019\/08\/FSC_logo_colour_rgb_positive_ENG.png","contentUrl":"https:\/\/fsc-ccf.ca\/wp-content\/uploads\/2019\/08\/FSC_logo_colour_rgb_positive_ENG.png","width":618,"height":528,"caption":"Future Skills Centre \u2022 Centre des Comp\u00e9tences futures"},"image":{"@id":"https:\/\/fsc-ccf.ca\/fr\/#\/schema\/logo\/image\/"},"sameAs":["https:\/\/www.facebook.com\/2161871137193201\/","https:\/\/x.com\/fsc_ccf_en","https:\/\/www.instagram.com\/fsc_ccf\/","https:\/\/www.linkedin.com\/company\/fsc-ccf\/"]}]}},"_links":{"self":[{"href":"https:\/\/fsc-ccf.ca\/fr\/wp-json\/wp\/v2\/reference\/128482","targetHints":{"allow":["GET"]}}],"collection":[{"href":"https:\/\/fsc-ccf.ca\/fr\/wp-json\/wp\/v2\/reference"}],"about":[{"href":"https:\/\/fsc-ccf.ca\/fr\/wp-json\/wp\/v2\/types\/reference"}],"version-history":[{"count":0,"href":"https:\/\/fsc-ccf.ca\/fr\/wp-json\/wp\/v2\/reference\/128482\/revisions"}],"wp:attachment":[{"href":"https:\/\/fsc-ccf.ca\/fr\/wp-json\/wp\/v2\/media?parent=128482"}],"wp:term":[{"taxonomy":"reference-tag","embeddable":true,"href":"https:\/\/fsc-ccf.ca\/fr\/wp-json\/wp\/v2\/reference-tag?post=128482"},{"taxonomy":"reference-type","embeddable":true,"href":"https:\/\/fsc-ccf.ca\/fr\/wp-json\/wp\/v2\/reference-type?post=128482"}],"curies":[{"name":"wp","href":"https:\/\/api.w.org\/{rel}","templated":true}]}}