			{"id":128345,"date":"2020-08-11T18:12:42","date_gmt":"2020-08-11T22:12:42","guid":{"rendered":"https:\/\/fsc-ccf.ca\/references\/the-global-economic-burden-of-non-communicable-diseases-2\/"},"modified":"2020-08-11T18:12:42","modified_gmt":"2020-08-11T22:12:42","slug":"the-global-economic-burden-of-non-communicable-diseases-2","status":"publish","type":"reference","link":"https:\/\/fsc-ccf.ca\/fr\/references\/the-global-economic-burden-of-non-communicable-diseases-2\/","title":{"rendered":"The global economic burden of non-communicable diseases"},"content":{"rendered":"<p>En tant que d\u00e9cideurs recherche des moyens de r\u00e9duire la pauvret\u00e9 et l&#8217;in\u00e9galit\u00e9 des revenus et de parvenir \u00e0 une croissance durable du revenu qu&#8217;ils sont encourag\u00e9s \u00e0 se concentrer sur un nouveau d\u00e9fi \u00e0 la sant\u00e9, le bien-\u00eatre et le d\u00e9veloppement: les maladies non transmissibles (MNT).<br \/>\nApr\u00e8s tout, 63% de tous les d\u00e9c\u00e8s STIM dans le monde actuellement de maladies non transmissibles &#8211; maladies cardio-vasculaires, principalement les cancers, les maladies respiratoires chroniques et le diab\u00e8te. Ces d\u00e9c\u00e8s sont largement distribu\u00e9s parmi la population mondiale &#8211; du revenu \u00e9lev\u00e9 aux pays \u00e0 faible revenu et de jeunes aux plus \u00e2g\u00e9s (environ un quart de tous les d\u00e9c\u00e8s de maladies non transmissibles surviennent en dessous de 60 ans, soit environ 9 millions de d\u00e9c\u00e8s par an). Les maladies non transmissibles ont un impact important, la sous-cotation de la productivit\u00e9 et de stimuler les d\u00e9penses de sant\u00e9. De plus, le nombre de personnes touch\u00e9es par les maladies non transmissibles devrait augmenter consid\u00e9rablement au cours des d\u00e9cennies \u00e0 venir, ce qui refl\u00e8te un vieillissement et l&#8217;augmentation de la population mondiale.<br \/>\nDans cet esprit, l&#8217;Organisation des Nations Unies tiendra sa premi\u00e8re r\u00e9union de haut niveau sur les maladies non transmissibles les 19-20 Septembre 2011 &#8211; c&#8217;est seulement la deuxi\u00e8me fois qu&#8217;une r\u00e9union de l&#8217;ONU de haut niveau est d\u00e9di\u00e9 \u00e0 un sujet de sant\u00e9 (le premier \u00e9tant le temps sur le VIH \/ SIDA en 2001). Au fil des ans, beaucoup de travail a \u00e9t\u00e9 fait estimer le co\u00fbt humain des maladies non transmissibles, mais le travail sur l&#8217;estimation du co\u00fbt \u00e9conomique est beaucoup moins avanc\u00e9.<br \/>\nDans ce rapport, le Forum \u00e9conomique mondial (WEF) et l&#8217;\u00c9cole de sant\u00e9 publique de Harvard tentent d&#8217;informer et de stimuler le d\u00e9bat plus loin en d\u00e9veloppant de nouvelles estimations de la charge \u00e9conomique mondiale des maladies non transmissibles en 2010, et la projection de la taille de la charge par 2030. Trois approches distinctes sont utilis\u00e9es pour calculer la charge \u00e9conomique: (1) le co\u00fbt standard de la m\u00e9thode de la maladie; (2) simulation macro\u00e9conomique et (3) la valeur d&#8217;une vie statistique. Ce rapport inclut non seulement les quatre grandes maladies non transmissibles (au centre de la r\u00e9union de l&#8217;ONU), mais aussi une maladie mentale, ce qui est un contributeur majeur \u00e0 la charge de l&#8217;\u00e9chelle mondiale de la maladie. Cette \u00e9valuation a lieu dans le contexte des d\u00e9penses mondiales de sant\u00e9 \u00e9normes, de s\u00e9rieuses inqui\u00e9tudes au sujet des finances publiques d\u00e9j\u00e0 tendues et les inqui\u00e9tudes sur la croissance \u00e9conomique atone. Le rapport tente \u00e9galement de saisir la pens\u00e9e de la communaut\u00e9 des affaires de l&#8217;impact des maladies non transmissibles sur leurs entreprises Traduit a\u0300 l'aide de Google Translate<\/p>\n","protected":false},"excerpt":{"rendered":"<p>En tant que d\u00e9cideurs recherche des moyens de r\u00e9duire la pauvret\u00e9 et l&#8217;in\u00e9galit\u00e9 des revenus et de parvenir \u00e0 une croissance durable du revenu qu&#8217;ils sont encourag\u00e9s \u00e0 se concentrer sur un nouveau d\u00e9fi \u00e0 la sant\u00e9, le bien-\u00eatre et le d\u00e9veloppement: les maladies non transmissibles (MNT).<br \/>\nApr\u00e8s tout, 63% de tous les d\u00e9c\u00e8s STIM dans le monde actuellement de maladies non transmissibles &#8211; maladies cardio-vasculaires, principalement les cancers, les maladies respiratoires chroniques et le diab\u00e8te. Ces d\u00e9c\u00e8s sont largement distribu\u00e9s parmi la population mondiale &#8211; du revenu \u00e9lev\u00e9 aux pays \u00e0 faible revenu et de jeunes aux plus \u00e2g\u00e9s (environ un quart de tous les d\u00e9c\u00e8s de maladies non transmissibles surviennent en dessous de 60 ans, soit environ 9 millions de d\u00e9c\u00e8s par an). Les maladies non transmissibles ont un impact important, la sous-cotation de la productivit\u00e9 et de stimuler les d\u00e9penses de sant\u00e9. De plus, le nombre de personnes touch\u00e9es par les maladies non transmissibles devrait augmenter consid\u00e9rablement au cours des d\u00e9cennies \u00e0 venir, ce qui refl\u00e8te un vieillissement et l&#8217;augmentation de la population mondiale.<br \/>\nDans cet esprit, l&#8217;Organisation des Nations Unies tiendra sa premi\u00e8re r\u00e9union de haut niveau sur les maladies non transmissibles les 19-20 Septembre 2011 &#8211; c&#8217;est seulement la deuxi\u00e8me fois qu&#8217;une r\u00e9union de l&#8217;ONU de haut niveau est d\u00e9di\u00e9 \u00e0 un sujet de sant\u00e9 (le premier \u00e9tant le temps sur le VIH \/ SIDA en 2001). Au fil des ans, beaucoup de travail a \u00e9t\u00e9 fait estimer le co\u00fbt humain des maladies non transmissibles, mais le travail sur l&#8217;estimation du co\u00fbt \u00e9conomique est beaucoup moins avanc\u00e9.<br \/>\nDans ce rapport, le Forum \u00e9conomique mondial (WEF) et l&#8217;\u00c9cole de sant\u00e9 publique de Harvard tentent d&#8217;informer et de stimuler le d\u00e9bat plus loin en d\u00e9veloppant de nouvelles estimations de la charge \u00e9conomique mondiale des maladies non transmissibles en 2010, et la projection de la taille de la charge par 2030. Trois approches distinctes sont utilis\u00e9es pour calculer la charge \u00e9conomique: (1) le co\u00fbt standard de la m\u00e9thode de la maladie; (2) simulation macro\u00e9conomique et (3) la valeur d&#8217;une vie statistique. Ce rapport inclut non seulement les quatre grandes maladies non transmissibles (au centre de la r\u00e9union de l&#8217;ONU), mais aussi une maladie mentale, ce qui est un contributeur majeur \u00e0 la charge de l&#8217;\u00e9chelle mondiale de la maladie. Cette \u00e9valuation a lieu dans le contexte des d\u00e9penses mondiales de sant\u00e9 \u00e9normes, de s\u00e9rieuses inqui\u00e9tudes au sujet des finances publiques d\u00e9j\u00e0 tendues et les inqui\u00e9tudes sur la croissance \u00e9conomique atone. Le rapport tente \u00e9galement de saisir la pens\u00e9e de la communaut\u00e9 des affaires de l&#8217;impact des maladies non transmissibles sur leurs entreprises [googletranslate_fr]<\/p>\n","protected":false},"template":"","reference-tag":[],"reference-type":[436],"class_list":["post-128345","reference","type-reference","status-publish","hentry","reference-type-white-paper"],"acf":{"citation":"World Economic Forum (WEF) (2011). The global economic burden of non-communicable diseases. Geneva, Switzerland: World Economic Forum (WEF). Retrieved from http:\/\/www3.weforum.org\/docs\/WEF_Harvard_HE_GlobalEconomicBurdenNonCommunicableDiseases_2011.pdf.","authors":"World Economic Forum","org":"World Economic Forum (WEF)","year":"2011","title_fr":null,"editors_hidden":"","publication":"","publication_fr":null,"volume":"","issue":"","Series":"","SeriesNumber":"","page_range":"","publisher_city":"Geneva","publisher_state":"Switzerland","publisher":"World Economic Forum (WEF)","abstract_en":null,"abstract_fr":null,"keywords":"","paywall":"0","doi":"","isbn":"","url":"http:\/\/www3.weforum.org\/docs\/WEF_Harvard_HE_GlobalEconomicBurdenNonCommunicableDiseases_2011.pdf","url_fr":null,"url_amazon":"","TRACK":"0"},"yoast_head":"<!-- This site is optimized with the Yoast SEO plugin v27.5 - https:\/\/yoast.com\/product\/yoast-seo-wordpress\/ -->\n<title>The global economic burden of non-communicable diseases - Future Skills Centre \u2022 Centre des Comp\u00e9tences futures<\/title>\n<meta name=\"robots\" content=\"index, follow, max-snippet:-1, max-image-preview:large, max-video-preview:-1\" \/>\n<link rel=\"canonical\" href=\"https:\/\/fsc-ccf.ca\/fr\/references\/the-global-economic-burden-of-non-communicable-diseases-2\/\" \/>\n<meta name=\"twitter:label1\" content=\"Est. reading time\" \/>\n\t<meta name=\"twitter:data1\" content=\"2 minutes\" \/>\n<script type=\"application\/ld+json\" class=\"yoast-schema-graph\">{\"@context\":\"https:\\\/\\\/schema.org\",\"@graph\":[{\"@type\":\"WebPage\",\"@id\":\"https:\\\/\\\/fsc-ccf.ca\\\/fr\\\/references\\\/the-global-economic-burden-of-non-communicable-diseases-2\\\/\",\"url\":\"https:\\\/\\\/fsc-ccf.ca\\\/fr\\\/references\\\/the-global-economic-burden-of-non-communicable-diseases-2\\\/\",\"name\":\"The global economic burden of non-communicable diseases - Future Skills Centre \u2022 Centre des Comp\u00e9tences futures\",\"isPartOf\":{\"@id\":\"https:\\\/\\\/fsc-ccf.ca\\\/fr\\\/#website\"},\"datePublished\":\"2020-08-11T22:12:42+00:00\",\"breadcrumb\":{\"@id\":\"https:\\\/\\\/fsc-ccf.ca\\\/fr\\\/references\\\/the-global-economic-burden-of-non-communicable-diseases-2\\\/#breadcrumb\"},\"inLanguage\":\"fr-FR\",\"potentialAction\":[{\"@type\":\"ReadAction\",\"target\":[\"https:\\\/\\\/fsc-ccf.ca\\\/fr\\\/references\\\/the-global-economic-burden-of-non-communicable-diseases-2\\\/\"]}]},{\"@type\":\"BreadcrumbList\",\"@id\":\"https:\\\/\\\/fsc-ccf.ca\\\/fr\\\/references\\\/the-global-economic-burden-of-non-communicable-diseases-2\\\/#breadcrumb\",\"itemListElement\":[{\"@type\":\"ListItem\",\"position\":1,\"name\":\"Home\",\"item\":\"https:\\\/\\\/fsc-ccf.ca\\\/fr\\\/\"},{\"@type\":\"ListItem\",\"position\":2,\"name\":\"References\",\"item\":\"https:\\\/\\\/fsc-ccf.ca\\\/fr\\\/references\\\/\"},{\"@type\":\"ListItem\",\"position\":3,\"name\":\"The global economic burden of non-communicable diseases\"}]},{\"@type\":\"WebSite\",\"@id\":\"https:\\\/\\\/fsc-ccf.ca\\\/fr\\\/#website\",\"url\":\"https:\\\/\\\/fsc-ccf.ca\\\/fr\\\/\",\"name\":\"Future Skills Centre \u2022 Centre des Comp\u00e9tences futures\",\"description\":\"\",\"publisher\":{\"@id\":\"https:\\\/\\\/fsc-ccf.ca\\\/fr\\\/#organization\"},\"potentialAction\":[{\"@type\":\"SearchAction\",\"target\":{\"@type\":\"EntryPoint\",\"urlTemplate\":\"https:\\\/\\\/fsc-ccf.ca\\\/fr\\\/?s={search_term_string}\"},\"query-input\":{\"@type\":\"PropertyValueSpecification\",\"valueRequired\":true,\"valueName\":\"search_term_string\"}}],\"inLanguage\":\"fr-FR\"},{\"@type\":\"Organization\",\"@id\":\"https:\\\/\\\/fsc-ccf.ca\\\/fr\\\/#organization\",\"name\":\"Future Skills Centre \u2022 Centre des Comp\u00e9tences futures\",\"url\":\"https:\\\/\\\/fsc-ccf.ca\\\/fr\\\/\",\"logo\":{\"@type\":\"ImageObject\",\"inLanguage\":\"fr-FR\",\"@id\":\"https:\\\/\\\/fsc-ccf.ca\\\/fr\\\/#\\\/schema\\\/logo\\\/image\\\/\",\"url\":\"https:\\\/\\\/fsc-ccf.ca\\\/wp-content\\\/uploads\\\/2019\\\/08\\\/FSC_logo_colour_rgb_positive_ENG.png\",\"contentUrl\":\"https:\\\/\\\/fsc-ccf.ca\\\/wp-content\\\/uploads\\\/2019\\\/08\\\/FSC_logo_colour_rgb_positive_ENG.png\",\"width\":618,\"height\":528,\"caption\":\"Future Skills Centre \u2022 Centre des Comp\u00e9tences futures\"},\"image\":{\"@id\":\"https:\\\/\\\/fsc-ccf.ca\\\/fr\\\/#\\\/schema\\\/logo\\\/image\\\/\"},\"sameAs\":[\"https:\\\/\\\/www.facebook.com\\\/2161871137193201\\\/\",\"https:\\\/\\\/x.com\\\/fsc_ccf_en\",\"https:\\\/\\\/www.instagram.com\\\/fsc_ccf\\\/\",\"https:\\\/\\\/www.linkedin.com\\\/company\\\/fsc-ccf\\\/\"]}]}<\/script>\n<!-- \/ Yoast SEO plugin. -->","yoast_head_json":{"title":"The global economic burden of non-communicable diseases - Future Skills Centre \u2022 Centre des Comp\u00e9tences futures","robots":{"index":"index","follow":"follow","max-snippet":"max-snippet:-1","max-image-preview":"max-image-preview:large","max-video-preview":"max-video-preview:-1"},"canonical":"https:\/\/fsc-ccf.ca\/fr\/references\/the-global-economic-burden-of-non-communicable-diseases-2\/","twitter_misc":{"Est. reading time":"2 minutes"},"schema":{"@context":"https:\/\/schema.org","@graph":[{"@type":"WebPage","@id":"https:\/\/fsc-ccf.ca\/fr\/references\/the-global-economic-burden-of-non-communicable-diseases-2\/","url":"https:\/\/fsc-ccf.ca\/fr\/references\/the-global-economic-burden-of-non-communicable-diseases-2\/","name":"The global economic burden of non-communicable diseases - Future Skills Centre \u2022 Centre des Comp\u00e9tences futures","isPartOf":{"@id":"https:\/\/fsc-ccf.ca\/fr\/#website"},"datePublished":"2020-08-11T22:12:42+00:00","breadcrumb":{"@id":"https:\/\/fsc-ccf.ca\/fr\/references\/the-global-economic-burden-of-non-communicable-diseases-2\/#breadcrumb"},"inLanguage":"fr-FR","potentialAction":[{"@type":"ReadAction","target":["https:\/\/fsc-ccf.ca\/fr\/references\/the-global-economic-burden-of-non-communicable-diseases-2\/"]}]},{"@type":"BreadcrumbList","@id":"https:\/\/fsc-ccf.ca\/fr\/references\/the-global-economic-burden-of-non-communicable-diseases-2\/#breadcrumb","itemListElement":[{"@type":"ListItem","position":1,"name":"Home","item":"https:\/\/fsc-ccf.ca\/fr\/"},{"@type":"ListItem","position":2,"name":"References","item":"https:\/\/fsc-ccf.ca\/fr\/references\/"},{"@type":"ListItem","position":3,"name":"The global economic burden of non-communicable diseases"}]},{"@type":"WebSite","@id":"https:\/\/fsc-ccf.ca\/fr\/#website","url":"https:\/\/fsc-ccf.ca\/fr\/","name":"Future Skills Centre \u2022 Centre des Comp\u00e9tences futures","description":"","publisher":{"@id":"https:\/\/fsc-ccf.ca\/fr\/#organization"},"potentialAction":[{"@type":"SearchAction","target":{"@type":"EntryPoint","urlTemplate":"https:\/\/fsc-ccf.ca\/fr\/?s={search_term_string}"},"query-input":{"@type":"PropertyValueSpecification","valueRequired":true,"valueName":"search_term_string"}}],"inLanguage":"fr-FR"},{"@type":"Organization","@id":"https:\/\/fsc-ccf.ca\/fr\/#organization","name":"Future Skills Centre \u2022 Centre des Comp\u00e9tences futures","url":"https:\/\/fsc-ccf.ca\/fr\/","logo":{"@type":"ImageObject","inLanguage":"fr-FR","@id":"https:\/\/fsc-ccf.ca\/fr\/#\/schema\/logo\/image\/","url":"https:\/\/fsc-ccf.ca\/wp-content\/uploads\/2019\/08\/FSC_logo_colour_rgb_positive_ENG.png","contentUrl":"https:\/\/fsc-ccf.ca\/wp-content\/uploads\/2019\/08\/FSC_logo_colour_rgb_positive_ENG.png","width":618,"height":528,"caption":"Future Skills Centre \u2022 Centre des Comp\u00e9tences futures"},"image":{"@id":"https:\/\/fsc-ccf.ca\/fr\/#\/schema\/logo\/image\/"},"sameAs":["https:\/\/www.facebook.com\/2161871137193201\/","https:\/\/x.com\/fsc_ccf_en","https:\/\/www.instagram.com\/fsc_ccf\/","https:\/\/www.linkedin.com\/company\/fsc-ccf\/"]}]}},"_links":{"self":[{"href":"https:\/\/fsc-ccf.ca\/fr\/wp-json\/wp\/v2\/reference\/128345","targetHints":{"allow":["GET"]}}],"collection":[{"href":"https:\/\/fsc-ccf.ca\/fr\/wp-json\/wp\/v2\/reference"}],"about":[{"href":"https:\/\/fsc-ccf.ca\/fr\/wp-json\/wp\/v2\/types\/reference"}],"version-history":[{"count":0,"href":"https:\/\/fsc-ccf.ca\/fr\/wp-json\/wp\/v2\/reference\/128345\/revisions"}],"wp:attachment":[{"href":"https:\/\/fsc-ccf.ca\/fr\/wp-json\/wp\/v2\/media?parent=128345"}],"wp:term":[{"taxonomy":"reference-tag","embeddable":true,"href":"https:\/\/fsc-ccf.ca\/fr\/wp-json\/wp\/v2\/reference-tag?post=128345"},{"taxonomy":"reference-type","embeddable":true,"href":"https:\/\/fsc-ccf.ca\/fr\/wp-json\/wp\/v2\/reference-type?post=128345"}],"curies":[{"name":"wp","href":"https:\/\/api.w.org\/{rel}","templated":true}]}}