			{"id":128335,"date":"2020-08-11T18:12:38","date_gmt":"2020-08-11T22:12:38","guid":{"rendered":"https:\/\/fsc-ccf.ca\/references\/realizing-human-potential-in-the-fourth-industrial-revolution-an-agenda-for-leaders-to-shape-the-future-of-education-gender-and-work-2\/"},"modified":"2020-08-11T18:12:38","modified_gmt":"2020-08-11T22:12:38","slug":"realizing-human-potential-in-the-fourth-industrial-revolution-an-agenda-for-leaders-to-shape-the-future-of-education-gender-and-work-2","status":"publish","type":"reference","link":"https:\/\/fsc-ccf.ca\/fr\/references\/realizing-human-potential-in-the-fourth-industrial-revolution-an-agenda-for-leaders-to-shape-the-future-of-education-gender-and-work-2\/","title":{"rendered":"Realizing human potential in the fourth industrial revolution: An agenda for leaders to shape the future of education, gender and work"},"content":{"rendered":"<p>Trois grandes tendances ont une incidence sur la fa\u00e7on dont le capital humain est d\u00e9velopp\u00e9 et d\u00e9ploy\u00e9 dans le monde entier. 1) La mondialisation et la technologie acc\u00e9l\u00e8rent la cr\u00e9ation et la destruction d&#8217;emplois. 2) syst\u00e8mes d&#8217;\u00e9ducation et de formation, ayant en grande partie statiques sont rest\u00e9s pendant des d\u00e9cennies, ne sont pas suivre le rythme de ces changements. 3) les normes culturelles surann\u00e9s et \u00e0 l&#8217;inertie institutionnelle cr\u00e9ent des obstacles pour la moiti\u00e9 des talents du monde. Ces facteurs exacerbent ensemble l&#8217;in\u00e9galit\u00e9 des revenus et alimentent l&#8217;agitation politique et sociale. Mais cela ne doit pas \u00eatre couru d&#8217;avance. Les dirigeants peuvent aller de l&#8217;avant de cette transition en agissant aujourd&#8217;hui. Ce livre blanc expose un programme d&#8217;action commun sur la transformation des \u00e9cosyst\u00e8mes d&#8217;\u00e9ducation, faire progresser l&#8217;\u00e9conomie de soins et de faciliter la transition vers un nouveau monde du travail. Il est le r\u00e9sultat du dialogue du Forum \u00e9conomique mondial de la s\u00e9rie sur Fa\u00e7onner l&#8217;avenir de l&#8217;\u00e9ducation, le genre et le travail, l&#8217;\u00e9laboration des documents d\u00e9pos\u00e9s par les dirigeants et les experts qui se sont engag\u00e9s dans le dialogue, ainsi que les derni\u00e8res r\u00e9flexions des organisations internationales, think tanks, les entreprises et d&#8217;autres parties prenantes. Traduit a\u0300 l'aide de Google Translate<\/p>\n","protected":false},"excerpt":{"rendered":"<p>Trois grandes tendances ont une incidence sur la fa\u00e7on dont le capital humain est d\u00e9velopp\u00e9 et d\u00e9ploy\u00e9 dans le monde entier. 1) La mondialisation et la technologie acc\u00e9l\u00e8rent la cr\u00e9ation et la destruction d&#8217;emplois. 2) syst\u00e8mes d&#8217;\u00e9ducation et de formation, ayant en grande partie statiques sont rest\u00e9s pendant des d\u00e9cennies, ne sont pas suivre le rythme de ces changements. 3) les normes culturelles surann\u00e9s et \u00e0 l&#8217;inertie institutionnelle cr\u00e9ent des obstacles pour la moiti\u00e9 des talents du monde. Ces facteurs exacerbent ensemble l&#8217;in\u00e9galit\u00e9 des revenus et alimentent l&#8217;agitation politique et sociale. Mais cela ne doit pas \u00eatre couru d&#8217;avance. Les dirigeants peuvent aller de l&#8217;avant de cette transition en agissant aujourd&#8217;hui. Ce livre blanc expose un programme d&#8217;action commun sur la transformation des \u00e9cosyst\u00e8mes d&#8217;\u00e9ducation, faire progresser l&#8217;\u00e9conomie de soins et de faciliter la transition vers un nouveau monde du travail. Il est le r\u00e9sultat du dialogue du Forum \u00e9conomique mondial de la s\u00e9rie sur Fa\u00e7onner l&#8217;avenir de l&#8217;\u00e9ducation, le genre et le travail, l&#8217;\u00e9laboration des documents d\u00e9pos\u00e9s par les dirigeants et les experts qui se sont engag\u00e9s dans le dialogue, ainsi que les derni\u00e8res r\u00e9flexions des organisations internationales, think tanks, les entreprises et d&#8217;autres parties prenantes. [googletranslate_fr]<\/p>\n","protected":false},"template":"","reference-tag":[],"reference-type":[436],"class_list":["post-128335","reference","type-reference","status-publish","hentry","reference-type-white-paper"],"acf":{"citation":"World Economic Forum (WEF) (2017). Realizing human potential in the fourth industrial revolution: An agenda for leaders to shape the future of education, gender and work. White Paper. Cologny and Geneva, Switzerland: World Economic Forum (WEF). Retrieved from http:\/\/www3.weforum.org\/docs\/WEF_EGW_Whitepaper.pdf.","authors":"World Economic Forum","org":"World Economic Forum (WEF)","year":"2017","title_fr":null,"editors_hidden":"","publication":"","publication_fr":null,"volume":"","issue":"","Series":"","SeriesNumber":"","page_range":"","publisher_city":"Cologny and Geneva","publisher_state":"Switzerland","publisher":"World Economic Forum (WEF)","abstract_en":null,"abstract_fr":null,"keywords":"","paywall":"0","doi":"","isbn":"","url":"http:\/\/www3.weforum.org\/docs\/WEF_EGW_Whitepaper.pdf","url_fr":null,"url_amazon":"","TRACK":"0"},"yoast_head":"<!-- This site is optimized with the Yoast SEO plugin v27.5 - https:\/\/yoast.com\/product\/yoast-seo-wordpress\/ -->\n<title>Realizing human potential in the fourth industrial revolution: An agenda for leaders to shape the future of education, gender and work - Future Skills Centre \u2022 Centre des Comp\u00e9tences futures<\/title>\n<meta name=\"robots\" content=\"index, follow, max-snippet:-1, max-image-preview:large, max-video-preview:-1\" \/>\n<link rel=\"canonical\" href=\"https:\/\/fsc-ccf.ca\/fr\/references\/realizing-human-potential-in-the-fourth-industrial-revolution-an-agenda-for-leaders-to-shape-the-future-of-education-gender-and-work-2\/\" \/>\n<meta name=\"twitter:label1\" content=\"Est. reading time\" \/>\n\t<meta name=\"twitter:data1\" content=\"1 minute\" \/>\n<script type=\"application\/ld+json\" class=\"yoast-schema-graph\">{\"@context\":\"https:\\\/\\\/schema.org\",\"@graph\":[{\"@type\":\"WebPage\",\"@id\":\"https:\\\/\\\/fsc-ccf.ca\\\/fr\\\/references\\\/realizing-human-potential-in-the-fourth-industrial-revolution-an-agenda-for-leaders-to-shape-the-future-of-education-gender-and-work-2\\\/\",\"url\":\"https:\\\/\\\/fsc-ccf.ca\\\/fr\\\/references\\\/realizing-human-potential-in-the-fourth-industrial-revolution-an-agenda-for-leaders-to-shape-the-future-of-education-gender-and-work-2\\\/\",\"name\":\"Realizing human potential in the fourth industrial revolution: An agenda for leaders to shape the future of education, gender and work - Future Skills Centre \u2022 Centre des Comp\u00e9tences futures\",\"isPartOf\":{\"@id\":\"https:\\\/\\\/fsc-ccf.ca\\\/fr\\\/#website\"},\"datePublished\":\"2020-08-11T22:12:38+00:00\",\"breadcrumb\":{\"@id\":\"https:\\\/\\\/fsc-ccf.ca\\\/fr\\\/references\\\/realizing-human-potential-in-the-fourth-industrial-revolution-an-agenda-for-leaders-to-shape-the-future-of-education-gender-and-work-2\\\/#breadcrumb\"},\"inLanguage\":\"fr-FR\",\"potentialAction\":[{\"@type\":\"ReadAction\",\"target\":[\"https:\\\/\\\/fsc-ccf.ca\\\/fr\\\/references\\\/realizing-human-potential-in-the-fourth-industrial-revolution-an-agenda-for-leaders-to-shape-the-future-of-education-gender-and-work-2\\\/\"]}]},{\"@type\":\"BreadcrumbList\",\"@id\":\"https:\\\/\\\/fsc-ccf.ca\\\/fr\\\/references\\\/realizing-human-potential-in-the-fourth-industrial-revolution-an-agenda-for-leaders-to-shape-the-future-of-education-gender-and-work-2\\\/#breadcrumb\",\"itemListElement\":[{\"@type\":\"ListItem\",\"position\":1,\"name\":\"Home\",\"item\":\"https:\\\/\\\/fsc-ccf.ca\\\/fr\\\/\"},{\"@type\":\"ListItem\",\"position\":2,\"name\":\"References\",\"item\":\"https:\\\/\\\/fsc-ccf.ca\\\/fr\\\/references\\\/\"},{\"@type\":\"ListItem\",\"position\":3,\"name\":\"Realizing human potential in the fourth industrial revolution: An agenda for leaders to shape the future of education, gender and work\"}]},{\"@type\":\"WebSite\",\"@id\":\"https:\\\/\\\/fsc-ccf.ca\\\/fr\\\/#website\",\"url\":\"https:\\\/\\\/fsc-ccf.ca\\\/fr\\\/\",\"name\":\"Future Skills Centre \u2022 Centre des Comp\u00e9tences futures\",\"description\":\"\",\"publisher\":{\"@id\":\"https:\\\/\\\/fsc-ccf.ca\\\/fr\\\/#organization\"},\"potentialAction\":[{\"@type\":\"SearchAction\",\"target\":{\"@type\":\"EntryPoint\",\"urlTemplate\":\"https:\\\/\\\/fsc-ccf.ca\\\/fr\\\/?s={search_term_string}\"},\"query-input\":{\"@type\":\"PropertyValueSpecification\",\"valueRequired\":true,\"valueName\":\"search_term_string\"}}],\"inLanguage\":\"fr-FR\"},{\"@type\":\"Organization\",\"@id\":\"https:\\\/\\\/fsc-ccf.ca\\\/fr\\\/#organization\",\"name\":\"Future Skills Centre \u2022 Centre des Comp\u00e9tences futures\",\"url\":\"https:\\\/\\\/fsc-ccf.ca\\\/fr\\\/\",\"logo\":{\"@type\":\"ImageObject\",\"inLanguage\":\"fr-FR\",\"@id\":\"https:\\\/\\\/fsc-ccf.ca\\\/fr\\\/#\\\/schema\\\/logo\\\/image\\\/\",\"url\":\"https:\\\/\\\/fsc-ccf.ca\\\/wp-content\\\/uploads\\\/2019\\\/08\\\/FSC_logo_colour_rgb_positive_ENG.png\",\"contentUrl\":\"https:\\\/\\\/fsc-ccf.ca\\\/wp-content\\\/uploads\\\/2019\\\/08\\\/FSC_logo_colour_rgb_positive_ENG.png\",\"width\":618,\"height\":528,\"caption\":\"Future Skills Centre \u2022 Centre des Comp\u00e9tences futures\"},\"image\":{\"@id\":\"https:\\\/\\\/fsc-ccf.ca\\\/fr\\\/#\\\/schema\\\/logo\\\/image\\\/\"},\"sameAs\":[\"https:\\\/\\\/www.facebook.com\\\/2161871137193201\\\/\",\"https:\\\/\\\/x.com\\\/fsc_ccf_en\",\"https:\\\/\\\/www.instagram.com\\\/fsc_ccf\\\/\",\"https:\\\/\\\/www.linkedin.com\\\/company\\\/fsc-ccf\\\/\"]}]}<\/script>\n<!-- \/ Yoast SEO plugin. -->","yoast_head_json":{"title":"Realizing human potential in the fourth industrial revolution: An agenda for leaders to shape the future of education, gender and work - Future Skills Centre \u2022 Centre des Comp\u00e9tences futures","robots":{"index":"index","follow":"follow","max-snippet":"max-snippet:-1","max-image-preview":"max-image-preview:large","max-video-preview":"max-video-preview:-1"},"canonical":"https:\/\/fsc-ccf.ca\/fr\/references\/realizing-human-potential-in-the-fourth-industrial-revolution-an-agenda-for-leaders-to-shape-the-future-of-education-gender-and-work-2\/","twitter_misc":{"Est. reading time":"1 minute"},"schema":{"@context":"https:\/\/schema.org","@graph":[{"@type":"WebPage","@id":"https:\/\/fsc-ccf.ca\/fr\/references\/realizing-human-potential-in-the-fourth-industrial-revolution-an-agenda-for-leaders-to-shape-the-future-of-education-gender-and-work-2\/","url":"https:\/\/fsc-ccf.ca\/fr\/references\/realizing-human-potential-in-the-fourth-industrial-revolution-an-agenda-for-leaders-to-shape-the-future-of-education-gender-and-work-2\/","name":"Realizing human potential in the fourth industrial revolution: An agenda for leaders to shape the future of education, gender and work - Future Skills Centre \u2022 Centre des Comp\u00e9tences futures","isPartOf":{"@id":"https:\/\/fsc-ccf.ca\/fr\/#website"},"datePublished":"2020-08-11T22:12:38+00:00","breadcrumb":{"@id":"https:\/\/fsc-ccf.ca\/fr\/references\/realizing-human-potential-in-the-fourth-industrial-revolution-an-agenda-for-leaders-to-shape-the-future-of-education-gender-and-work-2\/#breadcrumb"},"inLanguage":"fr-FR","potentialAction":[{"@type":"ReadAction","target":["https:\/\/fsc-ccf.ca\/fr\/references\/realizing-human-potential-in-the-fourth-industrial-revolution-an-agenda-for-leaders-to-shape-the-future-of-education-gender-and-work-2\/"]}]},{"@type":"BreadcrumbList","@id":"https:\/\/fsc-ccf.ca\/fr\/references\/realizing-human-potential-in-the-fourth-industrial-revolution-an-agenda-for-leaders-to-shape-the-future-of-education-gender-and-work-2\/#breadcrumb","itemListElement":[{"@type":"ListItem","position":1,"name":"Home","item":"https:\/\/fsc-ccf.ca\/fr\/"},{"@type":"ListItem","position":2,"name":"References","item":"https:\/\/fsc-ccf.ca\/fr\/references\/"},{"@type":"ListItem","position":3,"name":"Realizing human potential in the fourth industrial revolution: An agenda for leaders to shape the future of education, gender and work"}]},{"@type":"WebSite","@id":"https:\/\/fsc-ccf.ca\/fr\/#website","url":"https:\/\/fsc-ccf.ca\/fr\/","name":"Future Skills Centre \u2022 Centre des Comp\u00e9tences futures","description":"","publisher":{"@id":"https:\/\/fsc-ccf.ca\/fr\/#organization"},"potentialAction":[{"@type":"SearchAction","target":{"@type":"EntryPoint","urlTemplate":"https:\/\/fsc-ccf.ca\/fr\/?s={search_term_string}"},"query-input":{"@type":"PropertyValueSpecification","valueRequired":true,"valueName":"search_term_string"}}],"inLanguage":"fr-FR"},{"@type":"Organization","@id":"https:\/\/fsc-ccf.ca\/fr\/#organization","name":"Future Skills Centre \u2022 Centre des Comp\u00e9tences futures","url":"https:\/\/fsc-ccf.ca\/fr\/","logo":{"@type":"ImageObject","inLanguage":"fr-FR","@id":"https:\/\/fsc-ccf.ca\/fr\/#\/schema\/logo\/image\/","url":"https:\/\/fsc-ccf.ca\/wp-content\/uploads\/2019\/08\/FSC_logo_colour_rgb_positive_ENG.png","contentUrl":"https:\/\/fsc-ccf.ca\/wp-content\/uploads\/2019\/08\/FSC_logo_colour_rgb_positive_ENG.png","width":618,"height":528,"caption":"Future Skills Centre \u2022 Centre des Comp\u00e9tences futures"},"image":{"@id":"https:\/\/fsc-ccf.ca\/fr\/#\/schema\/logo\/image\/"},"sameAs":["https:\/\/www.facebook.com\/2161871137193201\/","https:\/\/x.com\/fsc_ccf_en","https:\/\/www.instagram.com\/fsc_ccf\/","https:\/\/www.linkedin.com\/company\/fsc-ccf\/"]}]}},"_links":{"self":[{"href":"https:\/\/fsc-ccf.ca\/fr\/wp-json\/wp\/v2\/reference\/128335","targetHints":{"allow":["GET"]}}],"collection":[{"href":"https:\/\/fsc-ccf.ca\/fr\/wp-json\/wp\/v2\/reference"}],"about":[{"href":"https:\/\/fsc-ccf.ca\/fr\/wp-json\/wp\/v2\/types\/reference"}],"version-history":[{"count":0,"href":"https:\/\/fsc-ccf.ca\/fr\/wp-json\/wp\/v2\/reference\/128335\/revisions"}],"wp:attachment":[{"href":"https:\/\/fsc-ccf.ca\/fr\/wp-json\/wp\/v2\/media?parent=128335"}],"wp:term":[{"taxonomy":"reference-tag","embeddable":true,"href":"https:\/\/fsc-ccf.ca\/fr\/wp-json\/wp\/v2\/reference-tag?post=128335"},{"taxonomy":"reference-type","embeddable":true,"href":"https:\/\/fsc-ccf.ca\/fr\/wp-json\/wp\/v2\/reference-type?post=128335"}],"curies":[{"name":"wp","href":"https:\/\/api.w.org\/{rel}","templated":true}]}}