			{"id":128166,"date":"2020-08-11T18:11:26","date_gmt":"2020-08-11T22:11:26","guid":{"rendered":"https:\/\/fsc-ccf.ca\/references\/diagnostic-intersectoriel-sur-ladequation-formation-competence-emploi-des-professions-en-technologies-de-linformation-et-des-communications-2\/"},"modified":"2020-08-11T18:11:25","modified_gmt":"2020-08-11T22:11:25","slug":"diagnostic-intersectoriel-sur-ladequation-formation-competence-emploi-des-professions-en-technologies-de-linformation-et-des-communications-2","status":"publish","type":"reference","link":"https:\/\/fsc-ccf.ca\/fr\/references\/diagnostic-intersectoriel-sur-ladequation-formation-competence-emploi-des-professions-en-technologies-de-linformation-et-des-communications-2\/","title":{"rendered":"Diagnostic intersectoriel sur l&#8217;ad\u00e9quation formation-comp\u00e9tence-emploi des professions en technologies de l&#8217;information et des communications"},"content":{"rendered":"<p>Dans le cadre de sa strat\u00e9gie en mati\u00e8re d\u2019ad\u00e9quation entre la formation et l\u2019emploi, le Conseil emploi m\u00e9tropole (CEM) a entrepris de r\u00e9aliser des diagnostics portant sur les besoins en main-d\u2019\u0153uvre et l\u2019offre de formation pour certains secteurs d\u2019activit\u00e9 d\u2019importance de la r\u00e9gion m\u00e9tropolitaine de recensement (RMR) de Montr\u00e9al. La pr\u00e9sente \u00e9tude, \u00e0 laquelle se sont associ\u00e9s TechnoMontr\u00e9al et TECHNOComp\u00e9tences, vise \u00e0 \u00e9tablir un diagnostic pour 18 professions cl\u00e9s en technologies de l\u2019information et des communications (TIC) dans huit secteurs d\u2019activit\u00e9 \u00e9conomique.<\/p>\n","protected":false},"excerpt":{"rendered":"<p>Dans le cadre de sa strat\u00e9gie en mati\u00e8re d\u2019ad\u00e9quation entre la formation et l\u2019emploi, le Conseil emploi m\u00e9tropole (CEM) a entrepris de r\u00e9aliser des diagnostics portant sur les besoins en main-d\u2019\u0153uvre et l\u2019offre de formation pour certains secteurs d\u2019activit\u00e9 d\u2019importance de la r\u00e9gion m\u00e9tropolitaine de recensement (RMR) de Montr\u00e9al. La pr\u00e9sente \u00e9tude, \u00e0 laquelle se sont associ\u00e9s TechnoMontr\u00e9al et TECHNOComp\u00e9tences, vise \u00e0 \u00e9tablir un diagnostic pour 18 professions cl\u00e9s en technologies de l\u2019information et des communications (TIC) dans huit secteurs d\u2019activit\u00e9 \u00e9conomique.<\/p>\n","protected":false},"template":"","reference-tag":[],"reference-type":[436],"class_list":["post-128166","reference","type-reference","status-publish","hentry","reference-type-white-paper"],"acf":{"citation":"TechnoMontr\u00e9al et TECHNOComp\u00e9tences et Conseil emploi m\u00e9tropole (2018). Diagnostic intersectoriel sur l'ad\u00e9quation formation-comp\u00e9tence-emploi des professions en technologies de l'information et des communications. Montr\u00e9al, QC: TechnoMontr\u00e9al, TECHNOComp\u00e9tences, et Conseil emploi m\u00e9tropole. Retrieved from http:\/\/www.technomontreal.com\/sites\/default\/files\/Tch-MT_diagnostic-final-low-spred.pdf.","authors":"TechnoMontr\u00e9al et TECHNOComp\u00e9tences et Conseil emploi m\u00e9tropole","org":"TechnoMontr\u00e9al, TECHNOComp\u00e9tences, et Conseil emploi m\u00e9tropole","year":"2018","title_fr":null,"editors_hidden":"","publication":"","publication_fr":null,"volume":"","issue":"","Series":"","SeriesNumber":"","page_range":"","publisher_city":"Montr\u00e9al","publisher_state":"QC","publisher":"TechnoMontr\u00e9al, TECHNOComp\u00e9tences, et Conseil emploi m\u00e9tropole","abstract_en":null,"abstract_fr":null,"keywords":"","paywall":"0","doi":"","isbn":"","url":"http:\/\/www.technomontreal.com\/sites\/default\/files\/Tch-MT_diagnostic-final-low-spred.pdf","url_fr":null,"url_amazon":"","TRACK":"0"},"yoast_head":"<!-- This site is optimized with the Yoast SEO plugin v27.5 - https:\/\/yoast.com\/product\/yoast-seo-wordpress\/ -->\n<title>Diagnostic intersectoriel sur l&#039;ad\u00e9quation formation-comp\u00e9tence-emploi des professions en technologies de l&#039;information et des communications - Future Skills Centre \u2022 Centre des Comp\u00e9tences futures<\/title>\n<meta name=\"robots\" content=\"index, follow, max-snippet:-1, max-image-preview:large, max-video-preview:-1\" \/>\n<link rel=\"canonical\" href=\"https:\/\/fsc-ccf.ca\/fr\/references\/diagnostic-intersectoriel-sur-ladequation-formation-competence-emploi-des-professions-en-technologies-de-linformation-et-des-communications-2\/\" \/>\n<meta name=\"twitter:label1\" content=\"Est. reading time\" \/>\n\t<meta name=\"twitter:data1\" content=\"1 minute\" \/>\n<script type=\"application\/ld+json\" class=\"yoast-schema-graph\">{\"@context\":\"https:\\\/\\\/schema.org\",\"@graph\":[{\"@type\":\"WebPage\",\"@id\":\"https:\\\/\\\/fsc-ccf.ca\\\/fr\\\/references\\\/diagnostic-intersectoriel-sur-ladequation-formation-competence-emploi-des-professions-en-technologies-de-linformation-et-des-communications-2\\\/\",\"url\":\"https:\\\/\\\/fsc-ccf.ca\\\/fr\\\/references\\\/diagnostic-intersectoriel-sur-ladequation-formation-competence-emploi-des-professions-en-technologies-de-linformation-et-des-communications-2\\\/\",\"name\":\"Diagnostic intersectoriel sur l'ad\u00e9quation formation-comp\u00e9tence-emploi des professions en technologies de l'information et des communications - Future Skills Centre \u2022 Centre des Comp\u00e9tences futures\",\"isPartOf\":{\"@id\":\"https:\\\/\\\/fsc-ccf.ca\\\/fr\\\/#website\"},\"datePublished\":\"2020-08-11T22:11:26+00:00\",\"breadcrumb\":{\"@id\":\"https:\\\/\\\/fsc-ccf.ca\\\/fr\\\/references\\\/diagnostic-intersectoriel-sur-ladequation-formation-competence-emploi-des-professions-en-technologies-de-linformation-et-des-communications-2\\\/#breadcrumb\"},\"inLanguage\":\"fr-FR\",\"potentialAction\":[{\"@type\":\"ReadAction\",\"target\":[\"https:\\\/\\\/fsc-ccf.ca\\\/fr\\\/references\\\/diagnostic-intersectoriel-sur-ladequation-formation-competence-emploi-des-professions-en-technologies-de-linformation-et-des-communications-2\\\/\"]}]},{\"@type\":\"BreadcrumbList\",\"@id\":\"https:\\\/\\\/fsc-ccf.ca\\\/fr\\\/references\\\/diagnostic-intersectoriel-sur-ladequation-formation-competence-emploi-des-professions-en-technologies-de-linformation-et-des-communications-2\\\/#breadcrumb\",\"itemListElement\":[{\"@type\":\"ListItem\",\"position\":1,\"name\":\"Home\",\"item\":\"https:\\\/\\\/fsc-ccf.ca\\\/fr\\\/\"},{\"@type\":\"ListItem\",\"position\":2,\"name\":\"References\",\"item\":\"https:\\\/\\\/fsc-ccf.ca\\\/fr\\\/references\\\/\"},{\"@type\":\"ListItem\",\"position\":3,\"name\":\"Diagnostic intersectoriel sur l&#8217;ad\u00e9quation formation-comp\u00e9tence-emploi des professions en technologies de l&#8217;information et des communications\"}]},{\"@type\":\"WebSite\",\"@id\":\"https:\\\/\\\/fsc-ccf.ca\\\/fr\\\/#website\",\"url\":\"https:\\\/\\\/fsc-ccf.ca\\\/fr\\\/\",\"name\":\"Future Skills Centre \u2022 Centre des Comp\u00e9tences futures\",\"description\":\"\",\"publisher\":{\"@id\":\"https:\\\/\\\/fsc-ccf.ca\\\/fr\\\/#organization\"},\"potentialAction\":[{\"@type\":\"SearchAction\",\"target\":{\"@type\":\"EntryPoint\",\"urlTemplate\":\"https:\\\/\\\/fsc-ccf.ca\\\/fr\\\/?s={search_term_string}\"},\"query-input\":{\"@type\":\"PropertyValueSpecification\",\"valueRequired\":true,\"valueName\":\"search_term_string\"}}],\"inLanguage\":\"fr-FR\"},{\"@type\":\"Organization\",\"@id\":\"https:\\\/\\\/fsc-ccf.ca\\\/fr\\\/#organization\",\"name\":\"Future Skills Centre \u2022 Centre des Comp\u00e9tences futures\",\"url\":\"https:\\\/\\\/fsc-ccf.ca\\\/fr\\\/\",\"logo\":{\"@type\":\"ImageObject\",\"inLanguage\":\"fr-FR\",\"@id\":\"https:\\\/\\\/fsc-ccf.ca\\\/fr\\\/#\\\/schema\\\/logo\\\/image\\\/\",\"url\":\"https:\\\/\\\/fsc-ccf.ca\\\/wp-content\\\/uploads\\\/2019\\\/08\\\/FSC_logo_colour_rgb_positive_ENG.png\",\"contentUrl\":\"https:\\\/\\\/fsc-ccf.ca\\\/wp-content\\\/uploads\\\/2019\\\/08\\\/FSC_logo_colour_rgb_positive_ENG.png\",\"width\":618,\"height\":528,\"caption\":\"Future Skills Centre \u2022 Centre des Comp\u00e9tences futures\"},\"image\":{\"@id\":\"https:\\\/\\\/fsc-ccf.ca\\\/fr\\\/#\\\/schema\\\/logo\\\/image\\\/\"},\"sameAs\":[\"https:\\\/\\\/www.facebook.com\\\/2161871137193201\\\/\",\"https:\\\/\\\/x.com\\\/fsc_ccf_en\",\"https:\\\/\\\/www.instagram.com\\\/fsc_ccf\\\/\",\"https:\\\/\\\/www.linkedin.com\\\/company\\\/fsc-ccf\\\/\"]}]}<\/script>\n<!-- \/ Yoast SEO plugin. -->","yoast_head_json":{"title":"Diagnostic intersectoriel sur l'ad\u00e9quation formation-comp\u00e9tence-emploi des professions en technologies de l'information et des communications - Future Skills Centre \u2022 Centre des Comp\u00e9tences futures","robots":{"index":"index","follow":"follow","max-snippet":"max-snippet:-1","max-image-preview":"max-image-preview:large","max-video-preview":"max-video-preview:-1"},"canonical":"https:\/\/fsc-ccf.ca\/fr\/references\/diagnostic-intersectoriel-sur-ladequation-formation-competence-emploi-des-professions-en-technologies-de-linformation-et-des-communications-2\/","twitter_misc":{"Est. reading time":"1 minute"},"schema":{"@context":"https:\/\/schema.org","@graph":[{"@type":"WebPage","@id":"https:\/\/fsc-ccf.ca\/fr\/references\/diagnostic-intersectoriel-sur-ladequation-formation-competence-emploi-des-professions-en-technologies-de-linformation-et-des-communications-2\/","url":"https:\/\/fsc-ccf.ca\/fr\/references\/diagnostic-intersectoriel-sur-ladequation-formation-competence-emploi-des-professions-en-technologies-de-linformation-et-des-communications-2\/","name":"Diagnostic intersectoriel sur l'ad\u00e9quation formation-comp\u00e9tence-emploi des professions en technologies de l'information et des communications - Future Skills Centre \u2022 Centre des Comp\u00e9tences futures","isPartOf":{"@id":"https:\/\/fsc-ccf.ca\/fr\/#website"},"datePublished":"2020-08-11T22:11:26+00:00","breadcrumb":{"@id":"https:\/\/fsc-ccf.ca\/fr\/references\/diagnostic-intersectoriel-sur-ladequation-formation-competence-emploi-des-professions-en-technologies-de-linformation-et-des-communications-2\/#breadcrumb"},"inLanguage":"fr-FR","potentialAction":[{"@type":"ReadAction","target":["https:\/\/fsc-ccf.ca\/fr\/references\/diagnostic-intersectoriel-sur-ladequation-formation-competence-emploi-des-professions-en-technologies-de-linformation-et-des-communications-2\/"]}]},{"@type":"BreadcrumbList","@id":"https:\/\/fsc-ccf.ca\/fr\/references\/diagnostic-intersectoriel-sur-ladequation-formation-competence-emploi-des-professions-en-technologies-de-linformation-et-des-communications-2\/#breadcrumb","itemListElement":[{"@type":"ListItem","position":1,"name":"Home","item":"https:\/\/fsc-ccf.ca\/fr\/"},{"@type":"ListItem","position":2,"name":"References","item":"https:\/\/fsc-ccf.ca\/fr\/references\/"},{"@type":"ListItem","position":3,"name":"Diagnostic intersectoriel sur l&#8217;ad\u00e9quation formation-comp\u00e9tence-emploi des professions en technologies de l&#8217;information et des communications"}]},{"@type":"WebSite","@id":"https:\/\/fsc-ccf.ca\/fr\/#website","url":"https:\/\/fsc-ccf.ca\/fr\/","name":"Future Skills Centre \u2022 Centre des Comp\u00e9tences futures","description":"","publisher":{"@id":"https:\/\/fsc-ccf.ca\/fr\/#organization"},"potentialAction":[{"@type":"SearchAction","target":{"@type":"EntryPoint","urlTemplate":"https:\/\/fsc-ccf.ca\/fr\/?s={search_term_string}"},"query-input":{"@type":"PropertyValueSpecification","valueRequired":true,"valueName":"search_term_string"}}],"inLanguage":"fr-FR"},{"@type":"Organization","@id":"https:\/\/fsc-ccf.ca\/fr\/#organization","name":"Future Skills Centre \u2022 Centre des Comp\u00e9tences futures","url":"https:\/\/fsc-ccf.ca\/fr\/","logo":{"@type":"ImageObject","inLanguage":"fr-FR","@id":"https:\/\/fsc-ccf.ca\/fr\/#\/schema\/logo\/image\/","url":"https:\/\/fsc-ccf.ca\/wp-content\/uploads\/2019\/08\/FSC_logo_colour_rgb_positive_ENG.png","contentUrl":"https:\/\/fsc-ccf.ca\/wp-content\/uploads\/2019\/08\/FSC_logo_colour_rgb_positive_ENG.png","width":618,"height":528,"caption":"Future Skills Centre \u2022 Centre des Comp\u00e9tences futures"},"image":{"@id":"https:\/\/fsc-ccf.ca\/fr\/#\/schema\/logo\/image\/"},"sameAs":["https:\/\/www.facebook.com\/2161871137193201\/","https:\/\/x.com\/fsc_ccf_en","https:\/\/www.instagram.com\/fsc_ccf\/","https:\/\/www.linkedin.com\/company\/fsc-ccf\/"]}]}},"_links":{"self":[{"href":"https:\/\/fsc-ccf.ca\/fr\/wp-json\/wp\/v2\/reference\/128166","targetHints":{"allow":["GET"]}}],"collection":[{"href":"https:\/\/fsc-ccf.ca\/fr\/wp-json\/wp\/v2\/reference"}],"about":[{"href":"https:\/\/fsc-ccf.ca\/fr\/wp-json\/wp\/v2\/types\/reference"}],"version-history":[{"count":0,"href":"https:\/\/fsc-ccf.ca\/fr\/wp-json\/wp\/v2\/reference\/128166\/revisions"}],"wp:attachment":[{"href":"https:\/\/fsc-ccf.ca\/fr\/wp-json\/wp\/v2\/media?parent=128166"}],"wp:term":[{"taxonomy":"reference-tag","embeddable":true,"href":"https:\/\/fsc-ccf.ca\/fr\/wp-json\/wp\/v2\/reference-tag?post=128166"},{"taxonomy":"reference-type","embeddable":true,"href":"https:\/\/fsc-ccf.ca\/fr\/wp-json\/wp\/v2\/reference-type?post=128166"}],"curies":[{"name":"wp","href":"https:\/\/api.w.org\/{rel}","templated":true}]}}