			{"id":128023,"date":"2020-08-11T18:10:23","date_gmt":"2020-08-11T22:10:23","guid":{"rendered":"https:\/\/fsc-ccf.ca\/references\/workforce-2025-the-future-of-the-world-of-work-2\/"},"modified":"2020-08-11T18:10:23","modified_gmt":"2020-08-11T22:10:23","slug":"workforce-2025-the-future-of-the-world-of-work-2","status":"publish","type":"reference","link":"https:\/\/fsc-ccf.ca\/fr\/references\/workforce-2025-the-future-of-the-world-of-work-2\/","title":{"rendered":"Workforce 2025: The future of the world of work"},"content":{"rendered":"<p>l&#8217;agilit\u00e9 de la main-d&#8217;\u0153uvre est d\u00e9finie comme la capacit\u00e9 des employ\u00e9s et les organisations \u00e0 rester fermes et maintenir la productivit\u00e9 face au changement. Lorsque nous faisons r\u00e9f\u00e9rence \u00e0 une main-d&#8217;\u0153uvre flexible, nous parlons d&#8217;un mod\u00e8le de dotation qui met en vedette les travailleurs non traditionnels *. Un tel mod\u00e8le permet \u00e0 une organisation d&#8217;embaucher sur un au besoin \/ \u00e0 la demande, \u00e0 titre temporaire pour remplir des contrats \u00e0 court ou \u00e0 long terme qui comblent les lacunes de comp\u00e9tences. Ce ne sont pas les \u00ab temps \u00bb du pass\u00e9; \u00e0 la place, ils vont de col bleu, l&#8217;industrie l\u00e9g\u00e8re \u00e0 l&#8217;informatique hautement qualifi\u00e9s, l&#8217;ing\u00e9nierie, la comptabilit\u00e9 et les professionnels des ressources humaines. Les d\u00e9tails de la fa\u00e7on dont les organisations appliquent la d\u00e9finition d\u00e9pend de leur industrie. En cons\u00e9quence, il y a plusieurs fa\u00e7ons d&#8217;\u00eatre un employ\u00e9 non permanent. Traduit a\u0300 l'aide de Google Translate<\/p>\n","protected":false},"excerpt":{"rendered":"<p>l&#8217;agilit\u00e9 de la main-d&#8217;\u0153uvre est d\u00e9finie comme la capacit\u00e9 des employ\u00e9s et les organisations \u00e0 rester fermes et maintenir la productivit\u00e9 face au changement. Lorsque nous faisons r\u00e9f\u00e9rence \u00e0 une main-d&#8217;\u0153uvre flexible, nous parlons d&#8217;un mod\u00e8le de dotation qui met en vedette les travailleurs non traditionnels *. Un tel mod\u00e8le permet \u00e0 une organisation d&#8217;embaucher sur un au besoin \/ \u00e0 la demande, \u00e0 titre temporaire pour remplir des contrats \u00e0 court ou \u00e0 long terme qui comblent les lacunes de comp\u00e9tences. Ce ne sont pas les \u00ab temps \u00bb du pass\u00e9; \u00e0 la place, ils vont de col bleu, l&#8217;industrie l\u00e9g\u00e8re \u00e0 l&#8217;informatique hautement qualifi\u00e9s, l&#8217;ing\u00e9nierie, la comptabilit\u00e9 et les professionnels des ressources humaines. Les d\u00e9tails de la fa\u00e7on dont les organisations appliquent la d\u00e9finition d\u00e9pend de leur industrie. En cons\u00e9quence, il y a plusieurs fa\u00e7ons d&#8217;\u00eatre un employ\u00e9 non permanent. [googletranslate_fr]<\/p>\n","protected":false},"template":"","reference-tag":[],"reference-type":[436],"class_list":["post-128023","reference","type-reference","status-publish","hentry","reference-type-white-paper"],"acf":{"citation":"Randstad Canada (2017). Workforce 2025: The future of the world of work. Toronto, ON: Randstad Canada. Retrieved from http:\/\/content.randstad.ca\/hubfs\/workforce2025\/Workforce-2025-Randstad-Part1.pdf.","authors":"Randstad Canada","org":"Randstad Canada","year":"2017","title_fr":null,"editors_hidden":"","publication":"","publication_fr":null,"volume":"","issue":"","Series":"","SeriesNumber":"","page_range":"","publisher_city":"Toronto","publisher_state":"ON","publisher":"Randstad Canada","abstract_en":null,"abstract_fr":null,"keywords":"","paywall":"0","doi":"","isbn":"","url":"http:\/\/content.randstad.ca\/hubfs\/workforce2025\/Workforce-2025-Randstad-Part1.pdf","url_fr":null,"url_amazon":"","TRACK":"0"},"yoast_head":"<!-- This site is optimized with the Yoast SEO plugin v27.5 - https:\/\/yoast.com\/product\/yoast-seo-wordpress\/ -->\n<title>Workforce 2025: The future of the world of work - Future Skills Centre \u2022 Centre des Comp\u00e9tences futures<\/title>\n<meta name=\"robots\" content=\"index, follow, max-snippet:-1, max-image-preview:large, max-video-preview:-1\" \/>\n<link rel=\"canonical\" href=\"https:\/\/fsc-ccf.ca\/fr\/references\/workforce-2025-the-future-of-the-world-of-work-2\/\" \/>\n<meta name=\"twitter:label1\" content=\"Est. reading time\" \/>\n\t<meta name=\"twitter:data1\" content=\"1 minute\" \/>\n<script type=\"application\/ld+json\" class=\"yoast-schema-graph\">{\"@context\":\"https:\\\/\\\/schema.org\",\"@graph\":[{\"@type\":\"WebPage\",\"@id\":\"https:\\\/\\\/fsc-ccf.ca\\\/fr\\\/references\\\/workforce-2025-the-future-of-the-world-of-work-2\\\/\",\"url\":\"https:\\\/\\\/fsc-ccf.ca\\\/fr\\\/references\\\/workforce-2025-the-future-of-the-world-of-work-2\\\/\",\"name\":\"Workforce 2025: The future of the world of work - Future Skills Centre \u2022 Centre des Comp\u00e9tences futures\",\"isPartOf\":{\"@id\":\"https:\\\/\\\/fsc-ccf.ca\\\/fr\\\/#website\"},\"datePublished\":\"2020-08-11T22:10:23+00:00\",\"breadcrumb\":{\"@id\":\"https:\\\/\\\/fsc-ccf.ca\\\/fr\\\/references\\\/workforce-2025-the-future-of-the-world-of-work-2\\\/#breadcrumb\"},\"inLanguage\":\"fr-FR\",\"potentialAction\":[{\"@type\":\"ReadAction\",\"target\":[\"https:\\\/\\\/fsc-ccf.ca\\\/fr\\\/references\\\/workforce-2025-the-future-of-the-world-of-work-2\\\/\"]}]},{\"@type\":\"BreadcrumbList\",\"@id\":\"https:\\\/\\\/fsc-ccf.ca\\\/fr\\\/references\\\/workforce-2025-the-future-of-the-world-of-work-2\\\/#breadcrumb\",\"itemListElement\":[{\"@type\":\"ListItem\",\"position\":1,\"name\":\"Home\",\"item\":\"https:\\\/\\\/fsc-ccf.ca\\\/fr\\\/\"},{\"@type\":\"ListItem\",\"position\":2,\"name\":\"References\",\"item\":\"https:\\\/\\\/fsc-ccf.ca\\\/fr\\\/references\\\/\"},{\"@type\":\"ListItem\",\"position\":3,\"name\":\"Workforce 2025: The future of the world of work\"}]},{\"@type\":\"WebSite\",\"@id\":\"https:\\\/\\\/fsc-ccf.ca\\\/fr\\\/#website\",\"url\":\"https:\\\/\\\/fsc-ccf.ca\\\/fr\\\/\",\"name\":\"Future Skills Centre \u2022 Centre des Comp\u00e9tences futures\",\"description\":\"\",\"publisher\":{\"@id\":\"https:\\\/\\\/fsc-ccf.ca\\\/fr\\\/#organization\"},\"potentialAction\":[{\"@type\":\"SearchAction\",\"target\":{\"@type\":\"EntryPoint\",\"urlTemplate\":\"https:\\\/\\\/fsc-ccf.ca\\\/fr\\\/?s={search_term_string}\"},\"query-input\":{\"@type\":\"PropertyValueSpecification\",\"valueRequired\":true,\"valueName\":\"search_term_string\"}}],\"inLanguage\":\"fr-FR\"},{\"@type\":\"Organization\",\"@id\":\"https:\\\/\\\/fsc-ccf.ca\\\/fr\\\/#organization\",\"name\":\"Future Skills Centre \u2022 Centre des Comp\u00e9tences futures\",\"url\":\"https:\\\/\\\/fsc-ccf.ca\\\/fr\\\/\",\"logo\":{\"@type\":\"ImageObject\",\"inLanguage\":\"fr-FR\",\"@id\":\"https:\\\/\\\/fsc-ccf.ca\\\/fr\\\/#\\\/schema\\\/logo\\\/image\\\/\",\"url\":\"https:\\\/\\\/fsc-ccf.ca\\\/wp-content\\\/uploads\\\/2019\\\/08\\\/FSC_logo_colour_rgb_positive_ENG.png\",\"contentUrl\":\"https:\\\/\\\/fsc-ccf.ca\\\/wp-content\\\/uploads\\\/2019\\\/08\\\/FSC_logo_colour_rgb_positive_ENG.png\",\"width\":618,\"height\":528,\"caption\":\"Future Skills Centre \u2022 Centre des Comp\u00e9tences futures\"},\"image\":{\"@id\":\"https:\\\/\\\/fsc-ccf.ca\\\/fr\\\/#\\\/schema\\\/logo\\\/image\\\/\"},\"sameAs\":[\"https:\\\/\\\/www.facebook.com\\\/2161871137193201\\\/\",\"https:\\\/\\\/x.com\\\/fsc_ccf_en\",\"https:\\\/\\\/www.instagram.com\\\/fsc_ccf\\\/\",\"https:\\\/\\\/www.linkedin.com\\\/company\\\/fsc-ccf\\\/\"]}]}<\/script>\n<!-- \/ Yoast SEO plugin. -->","yoast_head_json":{"title":"Workforce 2025: The future of the world of work - Future Skills Centre \u2022 Centre des Comp\u00e9tences futures","robots":{"index":"index","follow":"follow","max-snippet":"max-snippet:-1","max-image-preview":"max-image-preview:large","max-video-preview":"max-video-preview:-1"},"canonical":"https:\/\/fsc-ccf.ca\/fr\/references\/workforce-2025-the-future-of-the-world-of-work-2\/","twitter_misc":{"Est. reading time":"1 minute"},"schema":{"@context":"https:\/\/schema.org","@graph":[{"@type":"WebPage","@id":"https:\/\/fsc-ccf.ca\/fr\/references\/workforce-2025-the-future-of-the-world-of-work-2\/","url":"https:\/\/fsc-ccf.ca\/fr\/references\/workforce-2025-the-future-of-the-world-of-work-2\/","name":"Workforce 2025: The future of the world of work - Future Skills Centre \u2022 Centre des Comp\u00e9tences futures","isPartOf":{"@id":"https:\/\/fsc-ccf.ca\/fr\/#website"},"datePublished":"2020-08-11T22:10:23+00:00","breadcrumb":{"@id":"https:\/\/fsc-ccf.ca\/fr\/references\/workforce-2025-the-future-of-the-world-of-work-2\/#breadcrumb"},"inLanguage":"fr-FR","potentialAction":[{"@type":"ReadAction","target":["https:\/\/fsc-ccf.ca\/fr\/references\/workforce-2025-the-future-of-the-world-of-work-2\/"]}]},{"@type":"BreadcrumbList","@id":"https:\/\/fsc-ccf.ca\/fr\/references\/workforce-2025-the-future-of-the-world-of-work-2\/#breadcrumb","itemListElement":[{"@type":"ListItem","position":1,"name":"Home","item":"https:\/\/fsc-ccf.ca\/fr\/"},{"@type":"ListItem","position":2,"name":"References","item":"https:\/\/fsc-ccf.ca\/fr\/references\/"},{"@type":"ListItem","position":3,"name":"Workforce 2025: The future of the world of work"}]},{"@type":"WebSite","@id":"https:\/\/fsc-ccf.ca\/fr\/#website","url":"https:\/\/fsc-ccf.ca\/fr\/","name":"Future Skills Centre \u2022 Centre des Comp\u00e9tences futures","description":"","publisher":{"@id":"https:\/\/fsc-ccf.ca\/fr\/#organization"},"potentialAction":[{"@type":"SearchAction","target":{"@type":"EntryPoint","urlTemplate":"https:\/\/fsc-ccf.ca\/fr\/?s={search_term_string}"},"query-input":{"@type":"PropertyValueSpecification","valueRequired":true,"valueName":"search_term_string"}}],"inLanguage":"fr-FR"},{"@type":"Organization","@id":"https:\/\/fsc-ccf.ca\/fr\/#organization","name":"Future Skills Centre \u2022 Centre des Comp\u00e9tences futures","url":"https:\/\/fsc-ccf.ca\/fr\/","logo":{"@type":"ImageObject","inLanguage":"fr-FR","@id":"https:\/\/fsc-ccf.ca\/fr\/#\/schema\/logo\/image\/","url":"https:\/\/fsc-ccf.ca\/wp-content\/uploads\/2019\/08\/FSC_logo_colour_rgb_positive_ENG.png","contentUrl":"https:\/\/fsc-ccf.ca\/wp-content\/uploads\/2019\/08\/FSC_logo_colour_rgb_positive_ENG.png","width":618,"height":528,"caption":"Future Skills Centre \u2022 Centre des Comp\u00e9tences futures"},"image":{"@id":"https:\/\/fsc-ccf.ca\/fr\/#\/schema\/logo\/image\/"},"sameAs":["https:\/\/www.facebook.com\/2161871137193201\/","https:\/\/x.com\/fsc_ccf_en","https:\/\/www.instagram.com\/fsc_ccf\/","https:\/\/www.linkedin.com\/company\/fsc-ccf\/"]}]}},"_links":{"self":[{"href":"https:\/\/fsc-ccf.ca\/fr\/wp-json\/wp\/v2\/reference\/128023","targetHints":{"allow":["GET"]}}],"collection":[{"href":"https:\/\/fsc-ccf.ca\/fr\/wp-json\/wp\/v2\/reference"}],"about":[{"href":"https:\/\/fsc-ccf.ca\/fr\/wp-json\/wp\/v2\/types\/reference"}],"version-history":[{"count":0,"href":"https:\/\/fsc-ccf.ca\/fr\/wp-json\/wp\/v2\/reference\/128023\/revisions"}],"wp:attachment":[{"href":"https:\/\/fsc-ccf.ca\/fr\/wp-json\/wp\/v2\/media?parent=128023"}],"wp:term":[{"taxonomy":"reference-tag","embeddable":true,"href":"https:\/\/fsc-ccf.ca\/fr\/wp-json\/wp\/v2\/reference-tag?post=128023"},{"taxonomy":"reference-type","embeddable":true,"href":"https:\/\/fsc-ccf.ca\/fr\/wp-json\/wp\/v2\/reference-type?post=128023"}],"curies":[{"name":"wp","href":"https:\/\/api.w.org\/{rel}","templated":true}]}}