			{"id":128011,"date":"2020-08-11T18:10:18","date_gmt":"2020-08-11T22:10:18","guid":{"rendered":"https:\/\/fsc-ccf.ca\/references\/working-and-learning-a-diversity-of-patterns-2\/"},"modified":"2020-08-11T18:10:18","modified_gmt":"2020-08-11T22:10:18","slug":"working-and-learning-a-diversity-of-patterns-2","status":"publish","type":"reference","link":"https:\/\/fsc-ccf.ca\/fr\/references\/working-and-learning-a-diversity-of-patterns-2\/","title":{"rendered":"Working and learning: A diversity of patterns"},"content":{"rendered":"<p>La combinaison de travail et d&#8217;\u00e9tude a \u00e9t\u00e9 salu\u00e9e comme cruciale pour faire en sorte que les jeunes puissent acqu\u00e9rir les comp\u00e9tences requises sur le march\u00e9 du travail afin que les transitions entre l&#8217;\u00e9cole et le travail sont plus courtes et plus lisse. Cet article comble une lacune importante dans la disponibilit\u00e9 des donn\u00e9es comparables au niveau international. Utilisation de l&#8217;Enqu\u00eate sur les comp\u00e9tences des adultes 2012 (PIAAC), il dresse un tableau complet de travail et d&#8217;\u00e9tude dans 23 pays \/ r\u00e9gions. Fondamentalement, il se d\u00e9compose la part totale des \u00e9tudiants qui travaillent par le contexte dans lequel ils travaillent (EFP, apprentissage ou arrangements priv\u00e9s) et \u00e9value le lien entre le domaine d&#8217;\u00e9tudes et le travail des \u00e9l\u00e8ves. Le document \u00e9value aussi comment les comp\u00e9tences des \u00e9l\u00e8ves sont utilis\u00e9s dans le lieu de travail par rapport aux autres travailleurs et identifie les facteurs socio-d\u00e9mographiques et les institutions du march\u00e9 du travail qui augmentent la probabilit\u00e9 de travail et d&#8217;\u00e9tude. Enfin, alors qu&#8217;il est impossible d&#8217;examiner la relation entre le travail et l&#8217;\u00e9tude et les r\u00e9sultats futurs du march\u00e9 du travail au niveau individuel, des corr\u00e9lations globales sont d\u00e9voil\u00e9es. Traduit a\u0300 l'aide de Google Translate<\/p>\n","protected":false},"excerpt":{"rendered":"<p>La combinaison de travail et d&#8217;\u00e9tude a \u00e9t\u00e9 salu\u00e9e comme cruciale pour faire en sorte que les jeunes puissent acqu\u00e9rir les comp\u00e9tences requises sur le march\u00e9 du travail afin que les transitions entre l&#8217;\u00e9cole et le travail sont plus courtes et plus lisse. Cet article comble une lacune importante dans la disponibilit\u00e9 des donn\u00e9es comparables au niveau international. Utilisation de l&#8217;Enqu\u00eate sur les comp\u00e9tences des adultes 2012 (PIAAC), il dresse un tableau complet de travail et d&#8217;\u00e9tude dans 23 pays \/ r\u00e9gions. Fondamentalement, il se d\u00e9compose la part totale des \u00e9tudiants qui travaillent par le contexte dans lequel ils travaillent (EFP, apprentissage ou arrangements priv\u00e9s) et \u00e9value le lien entre le domaine d&#8217;\u00e9tudes et le travail des \u00e9l\u00e8ves. Le document \u00e9value aussi comment les comp\u00e9tences des \u00e9l\u00e8ves sont utilis\u00e9s dans le lieu de travail par rapport aux autres travailleurs et identifie les facteurs socio-d\u00e9mographiques et les institutions du march\u00e9 du travail qui augmentent la probabilit\u00e9 de travail et d&#8217;\u00e9tude. Enfin, alors qu&#8217;il est impossible d&#8217;examiner la relation entre le travail et l&#8217;\u00e9tude et les r\u00e9sultats futurs du march\u00e9 du travail au niveau individuel, des corr\u00e9lations globales sont d\u00e9voil\u00e9es. [googletranslate_fr]<\/p>\n","protected":false},"template":"","reference-tag":[],"reference-type":[436],"class_list":["post-128011","reference","type-reference","status-publish","hentry","reference-type-white-paper"],"acf":{"citation":"Quintini, G. (2015). Working and learning: A diversity of patterns. OECD Social, Employment and Migration Working Papers:169. Paris, France: OECD Publishing.","authors":"Quintini, G.","org":"Organisation for Economic Co-operation and Development (OECD)","year":"2015","title_fr":null,"editors_hidden":"","publication":"","publication_fr":null,"volume":"","issue":"","Series":"","SeriesNumber":"","page_range":"","publisher_city":"Paris","publisher_state":"France","publisher":"OECD Publishing","abstract_en":null,"abstract_fr":null,"keywords":"","paywall":"0","doi":"","isbn":"","url":"","url_fr":null,"url_amazon":"","TRACK":"0"},"yoast_head":"<!-- This site is optimized with the Yoast SEO plugin v27.5 - https:\/\/yoast.com\/product\/yoast-seo-wordpress\/ -->\n<title>Working and learning: A diversity of patterns - Future Skills Centre \u2022 Centre des Comp\u00e9tences futures<\/title>\n<meta name=\"robots\" content=\"index, follow, max-snippet:-1, max-image-preview:large, max-video-preview:-1\" \/>\n<link rel=\"canonical\" href=\"https:\/\/fsc-ccf.ca\/fr\/references\/working-and-learning-a-diversity-of-patterns-2\/\" \/>\n<meta name=\"twitter:label1\" content=\"Est. reading time\" \/>\n\t<meta name=\"twitter:data1\" content=\"1 minute\" \/>\n<script type=\"application\/ld+json\" class=\"yoast-schema-graph\">{\"@context\":\"https:\\\/\\\/schema.org\",\"@graph\":[{\"@type\":\"WebPage\",\"@id\":\"https:\\\/\\\/fsc-ccf.ca\\\/fr\\\/references\\\/working-and-learning-a-diversity-of-patterns-2\\\/\",\"url\":\"https:\\\/\\\/fsc-ccf.ca\\\/fr\\\/references\\\/working-and-learning-a-diversity-of-patterns-2\\\/\",\"name\":\"Working and learning: A diversity of patterns - Future Skills Centre \u2022 Centre des Comp\u00e9tences futures\",\"isPartOf\":{\"@id\":\"https:\\\/\\\/fsc-ccf.ca\\\/fr\\\/#website\"},\"datePublished\":\"2020-08-11T22:10:18+00:00\",\"breadcrumb\":{\"@id\":\"https:\\\/\\\/fsc-ccf.ca\\\/fr\\\/references\\\/working-and-learning-a-diversity-of-patterns-2\\\/#breadcrumb\"},\"inLanguage\":\"fr-FR\",\"potentialAction\":[{\"@type\":\"ReadAction\",\"target\":[\"https:\\\/\\\/fsc-ccf.ca\\\/fr\\\/references\\\/working-and-learning-a-diversity-of-patterns-2\\\/\"]}]},{\"@type\":\"BreadcrumbList\",\"@id\":\"https:\\\/\\\/fsc-ccf.ca\\\/fr\\\/references\\\/working-and-learning-a-diversity-of-patterns-2\\\/#breadcrumb\",\"itemListElement\":[{\"@type\":\"ListItem\",\"position\":1,\"name\":\"Home\",\"item\":\"https:\\\/\\\/fsc-ccf.ca\\\/fr\\\/\"},{\"@type\":\"ListItem\",\"position\":2,\"name\":\"References\",\"item\":\"https:\\\/\\\/fsc-ccf.ca\\\/fr\\\/references\\\/\"},{\"@type\":\"ListItem\",\"position\":3,\"name\":\"Working and learning: A diversity of patterns\"}]},{\"@type\":\"WebSite\",\"@id\":\"https:\\\/\\\/fsc-ccf.ca\\\/fr\\\/#website\",\"url\":\"https:\\\/\\\/fsc-ccf.ca\\\/fr\\\/\",\"name\":\"Future Skills Centre \u2022 Centre des Comp\u00e9tences futures\",\"description\":\"\",\"publisher\":{\"@id\":\"https:\\\/\\\/fsc-ccf.ca\\\/fr\\\/#organization\"},\"potentialAction\":[{\"@type\":\"SearchAction\",\"target\":{\"@type\":\"EntryPoint\",\"urlTemplate\":\"https:\\\/\\\/fsc-ccf.ca\\\/fr\\\/?s={search_term_string}\"},\"query-input\":{\"@type\":\"PropertyValueSpecification\",\"valueRequired\":true,\"valueName\":\"search_term_string\"}}],\"inLanguage\":\"fr-FR\"},{\"@type\":\"Organization\",\"@id\":\"https:\\\/\\\/fsc-ccf.ca\\\/fr\\\/#organization\",\"name\":\"Future Skills Centre \u2022 Centre des Comp\u00e9tences futures\",\"url\":\"https:\\\/\\\/fsc-ccf.ca\\\/fr\\\/\",\"logo\":{\"@type\":\"ImageObject\",\"inLanguage\":\"fr-FR\",\"@id\":\"https:\\\/\\\/fsc-ccf.ca\\\/fr\\\/#\\\/schema\\\/logo\\\/image\\\/\",\"url\":\"https:\\\/\\\/fsc-ccf.ca\\\/wp-content\\\/uploads\\\/2019\\\/08\\\/FSC_logo_colour_rgb_positive_ENG.png\",\"contentUrl\":\"https:\\\/\\\/fsc-ccf.ca\\\/wp-content\\\/uploads\\\/2019\\\/08\\\/FSC_logo_colour_rgb_positive_ENG.png\",\"width\":618,\"height\":528,\"caption\":\"Future Skills Centre \u2022 Centre des Comp\u00e9tences futures\"},\"image\":{\"@id\":\"https:\\\/\\\/fsc-ccf.ca\\\/fr\\\/#\\\/schema\\\/logo\\\/image\\\/\"},\"sameAs\":[\"https:\\\/\\\/www.facebook.com\\\/2161871137193201\\\/\",\"https:\\\/\\\/x.com\\\/fsc_ccf_en\",\"https:\\\/\\\/www.instagram.com\\\/fsc_ccf\\\/\",\"https:\\\/\\\/www.linkedin.com\\\/company\\\/fsc-ccf\\\/\"]}]}<\/script>\n<!-- \/ Yoast SEO plugin. -->","yoast_head_json":{"title":"Working and learning: A diversity of patterns - Future Skills Centre \u2022 Centre des Comp\u00e9tences futures","robots":{"index":"index","follow":"follow","max-snippet":"max-snippet:-1","max-image-preview":"max-image-preview:large","max-video-preview":"max-video-preview:-1"},"canonical":"https:\/\/fsc-ccf.ca\/fr\/references\/working-and-learning-a-diversity-of-patterns-2\/","twitter_misc":{"Est. reading time":"1 minute"},"schema":{"@context":"https:\/\/schema.org","@graph":[{"@type":"WebPage","@id":"https:\/\/fsc-ccf.ca\/fr\/references\/working-and-learning-a-diversity-of-patterns-2\/","url":"https:\/\/fsc-ccf.ca\/fr\/references\/working-and-learning-a-diversity-of-patterns-2\/","name":"Working and learning: A diversity of patterns - Future Skills Centre \u2022 Centre des Comp\u00e9tences futures","isPartOf":{"@id":"https:\/\/fsc-ccf.ca\/fr\/#website"},"datePublished":"2020-08-11T22:10:18+00:00","breadcrumb":{"@id":"https:\/\/fsc-ccf.ca\/fr\/references\/working-and-learning-a-diversity-of-patterns-2\/#breadcrumb"},"inLanguage":"fr-FR","potentialAction":[{"@type":"ReadAction","target":["https:\/\/fsc-ccf.ca\/fr\/references\/working-and-learning-a-diversity-of-patterns-2\/"]}]},{"@type":"BreadcrumbList","@id":"https:\/\/fsc-ccf.ca\/fr\/references\/working-and-learning-a-diversity-of-patterns-2\/#breadcrumb","itemListElement":[{"@type":"ListItem","position":1,"name":"Home","item":"https:\/\/fsc-ccf.ca\/fr\/"},{"@type":"ListItem","position":2,"name":"References","item":"https:\/\/fsc-ccf.ca\/fr\/references\/"},{"@type":"ListItem","position":3,"name":"Working and learning: A diversity of patterns"}]},{"@type":"WebSite","@id":"https:\/\/fsc-ccf.ca\/fr\/#website","url":"https:\/\/fsc-ccf.ca\/fr\/","name":"Future Skills Centre \u2022 Centre des Comp\u00e9tences futures","description":"","publisher":{"@id":"https:\/\/fsc-ccf.ca\/fr\/#organization"},"potentialAction":[{"@type":"SearchAction","target":{"@type":"EntryPoint","urlTemplate":"https:\/\/fsc-ccf.ca\/fr\/?s={search_term_string}"},"query-input":{"@type":"PropertyValueSpecification","valueRequired":true,"valueName":"search_term_string"}}],"inLanguage":"fr-FR"},{"@type":"Organization","@id":"https:\/\/fsc-ccf.ca\/fr\/#organization","name":"Future Skills Centre \u2022 Centre des Comp\u00e9tences futures","url":"https:\/\/fsc-ccf.ca\/fr\/","logo":{"@type":"ImageObject","inLanguage":"fr-FR","@id":"https:\/\/fsc-ccf.ca\/fr\/#\/schema\/logo\/image\/","url":"https:\/\/fsc-ccf.ca\/wp-content\/uploads\/2019\/08\/FSC_logo_colour_rgb_positive_ENG.png","contentUrl":"https:\/\/fsc-ccf.ca\/wp-content\/uploads\/2019\/08\/FSC_logo_colour_rgb_positive_ENG.png","width":618,"height":528,"caption":"Future Skills Centre \u2022 Centre des Comp\u00e9tences futures"},"image":{"@id":"https:\/\/fsc-ccf.ca\/fr\/#\/schema\/logo\/image\/"},"sameAs":["https:\/\/www.facebook.com\/2161871137193201\/","https:\/\/x.com\/fsc_ccf_en","https:\/\/www.instagram.com\/fsc_ccf\/","https:\/\/www.linkedin.com\/company\/fsc-ccf\/"]}]}},"_links":{"self":[{"href":"https:\/\/fsc-ccf.ca\/fr\/wp-json\/wp\/v2\/reference\/128011","targetHints":{"allow":["GET"]}}],"collection":[{"href":"https:\/\/fsc-ccf.ca\/fr\/wp-json\/wp\/v2\/reference"}],"about":[{"href":"https:\/\/fsc-ccf.ca\/fr\/wp-json\/wp\/v2\/types\/reference"}],"version-history":[{"count":0,"href":"https:\/\/fsc-ccf.ca\/fr\/wp-json\/wp\/v2\/reference\/128011\/revisions"}],"wp:attachment":[{"href":"https:\/\/fsc-ccf.ca\/fr\/wp-json\/wp\/v2\/media?parent=128011"}],"wp:term":[{"taxonomy":"reference-tag","embeddable":true,"href":"https:\/\/fsc-ccf.ca\/fr\/wp-json\/wp\/v2\/reference-tag?post=128011"},{"taxonomy":"reference-type","embeddable":true,"href":"https:\/\/fsc-ccf.ca\/fr\/wp-json\/wp\/v2\/reference-type?post=128011"}],"curies":[{"name":"wp","href":"https:\/\/api.w.org\/{rel}","templated":true}]}}