			{"id":127933,"date":"2020-08-11T18:09:44","date_gmt":"2020-08-11T22:09:44","guid":{"rendered":"https:\/\/fsc-ccf.ca\/references\/employment-implications-of-green-growth-linking-jobs-growth-and-green-policies-oecd-report-for-the-g7-environment-ministers-2\/"},"modified":"2020-08-11T18:09:43","modified_gmt":"2020-08-11T22:09:43","slug":"employment-implications-of-green-growth-linking-jobs-growth-and-green-policies-oecd-report-for-the-g7-environment-ministers-2","status":"publish","type":"reference","link":"https:\/\/fsc-ccf.ca\/fr\/references\/employment-implications-of-green-growth-linking-jobs-growth-and-green-policies-oecd-report-for-the-g7-environment-ministers-2\/","title":{"rendered":"Employment implications of green growth: Linking jobs, growth, and green policies: OECD report for the G7 environment ministers"},"content":{"rendered":"<p>Faits saillants: \u2022 politiques vertes Ambitieux qui am\u00e9liorent la qualit\u00e9 de l&#8217;environnement tout en maintenant la croissance \u00e9conomique ne doivent pas nuire \u00e0 l&#8217;emploi, si l&#8217;ensemble ils sont bien mis en \u0153uvre. \u2022 Les politiques vertes peuvent obtenir la cr\u00e9ation d&#8217;emplois dans un certain nombre de secteurs \u00e9conomiques \u00ab verts \u00bb et par une transition de l&#8217;\u00e9conomie vers des secteurs plus des services de main-d&#8217;\u0153uvre, alors que la destruction de l&#8217;emploi se produit en particulier dans les secteurs \u00ab bruns \u00bb dont les activit\u00e9s se remplac\u00e9s par des secteurs verts. Les effets d&#8217;entra\u00eenement sur l&#8217;emploi dans d&#8217;autres secteurs peuvent \u00e9galement \u00eatre importants. \u2022 L&#8217;utilisation des recettes publiques de la r\u00e9forme de la fiscalit\u00e9 environnementale pour la r\u00e9duction des imp\u00f4ts du travail, att\u00e9nuer les cons\u00e9quences ind\u00e9sirables et le financement distributifs l&#8217;\u00e9ducation et des programmes de formation peut \u00eatre cruciale pour obtenir des r\u00e9sultats positifs de l&#8217;emploi global des politiques vertes. \u2022 Les march\u00e9s du travail qui fonctionnent bien sont importants pour une transition sans heurts et les travailleurs R\u00e9int\u00e9grer qui perdent leur emploi. \u2022 Les outils de la politique du march\u00e9 du travail existants sont largement suffisantes mais peuvent \u00eatre appliqu\u00e9es plus efficacement. Syst\u00e8mes d&#8217;\u00e9ducation et de formation qui pr\u00e9parent les travailleurs pour les besoins futurs de la demande de main-d&#8217;\u0153uvre sont particuli\u00e8rement importants pour faciliter la transition. Une attention particuli\u00e8re devrait \u00e9galement \u00eatre accord\u00e9e aux r\u00e9gions avec une forte proportion de travailleurs dans les secteurs \u00ab bruns \u00bb. \u2022 Des recherches suppl\u00e9mentaires sont n\u00e9cessaires pour quantifier toutes les dimensions de l&#8217;emploi des politiques vertes, notamment en ce qui concerne les effets dans le secteur au niveau des entreprises, des politiques circulaires de l&#8217;\u00e9conomie et les grandes interactions avec les tendances socio-\u00e9conomiques. Traduit a\u0300 l'aide de Google Translate<\/p>\n","protected":false},"excerpt":{"rendered":"<p>Faits saillants: \u2022 politiques vertes Ambitieux qui am\u00e9liorent la qualit\u00e9 de l&#8217;environnement tout en maintenant la croissance \u00e9conomique ne doivent pas nuire \u00e0 l&#8217;emploi, si l&#8217;ensemble ils sont bien mis en \u0153uvre. \u2022 Les politiques vertes peuvent obtenir la cr\u00e9ation d&#8217;emplois dans un certain nombre de secteurs \u00e9conomiques \u00ab verts \u00bb et par une transition de l&#8217;\u00e9conomie vers des secteurs plus des services de main-d&#8217;\u0153uvre, alors que la destruction de l&#8217;emploi se produit en particulier dans les secteurs \u00ab bruns \u00bb dont les activit\u00e9s se remplac\u00e9s par des secteurs verts. Les effets d&#8217;entra\u00eenement sur l&#8217;emploi dans d&#8217;autres secteurs peuvent \u00e9galement \u00eatre importants. \u2022 L&#8217;utilisation des recettes publiques de la r\u00e9forme de la fiscalit\u00e9 environnementale pour la r\u00e9duction des imp\u00f4ts du travail, att\u00e9nuer les cons\u00e9quences ind\u00e9sirables et le financement distributifs l&#8217;\u00e9ducation et des programmes de formation peut \u00eatre cruciale pour obtenir des r\u00e9sultats positifs de l&#8217;emploi global des politiques vertes. \u2022 Les march\u00e9s du travail qui fonctionnent bien sont importants pour une transition sans heurts et les travailleurs R\u00e9int\u00e9grer qui perdent leur emploi. \u2022 Les outils de la politique du march\u00e9 du travail existants sont largement suffisantes mais peuvent \u00eatre appliqu\u00e9es plus efficacement. Syst\u00e8mes d&#8217;\u00e9ducation et de formation qui pr\u00e9parent les travailleurs pour les besoins futurs de la demande de main-d&#8217;\u0153uvre sont particuli\u00e8rement importants pour faciliter la transition. Une attention particuli\u00e8re devrait \u00e9galement \u00eatre accord\u00e9e aux r\u00e9gions avec une forte proportion de travailleurs dans les secteurs \u00ab bruns \u00bb. \u2022 Des recherches suppl\u00e9mentaires sont n\u00e9cessaires pour quantifier toutes les dimensions de l&#8217;emploi des politiques vertes, notamment en ce qui concerne les effets dans le secteur au niveau des entreprises, des politiques circulaires de l&#8217;\u00e9conomie et les grandes interactions avec les tendances socio-\u00e9conomiques. [googletranslate_fr]<\/p>\n","protected":false},"template":"","reference-tag":[],"reference-type":[436],"class_list":["post-127933","reference","type-reference","status-publish","hentry","reference-type-white-paper"],"acf":{"citation":"Organisation for Economic Cooperation and Development (OECD) (2017). Employment implications of green growth: Linking jobs, growth, and green policies: OECD report for the G7 environment ministers. Paris, France: OECD Publishing. Retrieved from https:\/\/www.oecd.org\/environment\/Employment-Implications-of-Green-Growth-OECD-Report-G7-Environment-Ministers.pdf.","authors":"Organisation for Economic Cooperation and Development","org":"Organisation for Economic Co-operation and Development (OECD)","year":"2017","title_fr":null,"editors_hidden":"","publication":"","publication_fr":null,"volume":"","issue":"","Series":"","SeriesNumber":"","page_range":"","publisher_city":"Paris","publisher_state":"France","publisher":"OECD Publishing","abstract_en":null,"abstract_fr":null,"keywords":"","paywall":"0","doi":"","isbn":"","url":"https:\/\/www.oecd.org\/environment\/Employment-Implications-of-Green-Growth-OECD-Report-G7-Environment-Ministers.pdf","url_fr":null,"url_amazon":"","TRACK":"0"},"yoast_head":"<!-- This site is optimized with the Yoast SEO plugin v27.5 - https:\/\/yoast.com\/product\/yoast-seo-wordpress\/ -->\n<title>Employment implications of green growth: Linking jobs, growth, and green policies: OECD report for the G7 environment ministers - Future Skills Centre \u2022 Centre des Comp\u00e9tences futures<\/title>\n<meta name=\"robots\" content=\"index, follow, max-snippet:-1, max-image-preview:large, max-video-preview:-1\" \/>\n<link rel=\"canonical\" href=\"https:\/\/fsc-ccf.ca\/fr\/references\/employment-implications-of-green-growth-linking-jobs-growth-and-green-policies-oecd-report-for-the-g7-environment-ministers-2\/\" \/>\n<meta name=\"twitter:label1\" content=\"Est. reading time\" \/>\n\t<meta name=\"twitter:data1\" content=\"2 minutes\" \/>\n<script type=\"application\/ld+json\" class=\"yoast-schema-graph\">{\"@context\":\"https:\\\/\\\/schema.org\",\"@graph\":[{\"@type\":\"WebPage\",\"@id\":\"https:\\\/\\\/fsc-ccf.ca\\\/fr\\\/references\\\/employment-implications-of-green-growth-linking-jobs-growth-and-green-policies-oecd-report-for-the-g7-environment-ministers-2\\\/\",\"url\":\"https:\\\/\\\/fsc-ccf.ca\\\/fr\\\/references\\\/employment-implications-of-green-growth-linking-jobs-growth-and-green-policies-oecd-report-for-the-g7-environment-ministers-2\\\/\",\"name\":\"Employment implications of green growth: Linking jobs, growth, and green policies: OECD report for the G7 environment ministers - Future Skills Centre \u2022 Centre des Comp\u00e9tences futures\",\"isPartOf\":{\"@id\":\"https:\\\/\\\/fsc-ccf.ca\\\/fr\\\/#website\"},\"datePublished\":\"2020-08-11T22:09:44+00:00\",\"breadcrumb\":{\"@id\":\"https:\\\/\\\/fsc-ccf.ca\\\/fr\\\/references\\\/employment-implications-of-green-growth-linking-jobs-growth-and-green-policies-oecd-report-for-the-g7-environment-ministers-2\\\/#breadcrumb\"},\"inLanguage\":\"fr-FR\",\"potentialAction\":[{\"@type\":\"ReadAction\",\"target\":[\"https:\\\/\\\/fsc-ccf.ca\\\/fr\\\/references\\\/employment-implications-of-green-growth-linking-jobs-growth-and-green-policies-oecd-report-for-the-g7-environment-ministers-2\\\/\"]}]},{\"@type\":\"BreadcrumbList\",\"@id\":\"https:\\\/\\\/fsc-ccf.ca\\\/fr\\\/references\\\/employment-implications-of-green-growth-linking-jobs-growth-and-green-policies-oecd-report-for-the-g7-environment-ministers-2\\\/#breadcrumb\",\"itemListElement\":[{\"@type\":\"ListItem\",\"position\":1,\"name\":\"Home\",\"item\":\"https:\\\/\\\/fsc-ccf.ca\\\/fr\\\/\"},{\"@type\":\"ListItem\",\"position\":2,\"name\":\"References\",\"item\":\"https:\\\/\\\/fsc-ccf.ca\\\/fr\\\/references\\\/\"},{\"@type\":\"ListItem\",\"position\":3,\"name\":\"Employment implications of green growth: Linking jobs, growth, and green policies: OECD report for the G7 environment ministers\"}]},{\"@type\":\"WebSite\",\"@id\":\"https:\\\/\\\/fsc-ccf.ca\\\/fr\\\/#website\",\"url\":\"https:\\\/\\\/fsc-ccf.ca\\\/fr\\\/\",\"name\":\"Future Skills Centre \u2022 Centre des Comp\u00e9tences futures\",\"description\":\"\",\"publisher\":{\"@id\":\"https:\\\/\\\/fsc-ccf.ca\\\/fr\\\/#organization\"},\"potentialAction\":[{\"@type\":\"SearchAction\",\"target\":{\"@type\":\"EntryPoint\",\"urlTemplate\":\"https:\\\/\\\/fsc-ccf.ca\\\/fr\\\/?s={search_term_string}\"},\"query-input\":{\"@type\":\"PropertyValueSpecification\",\"valueRequired\":true,\"valueName\":\"search_term_string\"}}],\"inLanguage\":\"fr-FR\"},{\"@type\":\"Organization\",\"@id\":\"https:\\\/\\\/fsc-ccf.ca\\\/fr\\\/#organization\",\"name\":\"Future Skills Centre \u2022 Centre des Comp\u00e9tences futures\",\"url\":\"https:\\\/\\\/fsc-ccf.ca\\\/fr\\\/\",\"logo\":{\"@type\":\"ImageObject\",\"inLanguage\":\"fr-FR\",\"@id\":\"https:\\\/\\\/fsc-ccf.ca\\\/fr\\\/#\\\/schema\\\/logo\\\/image\\\/\",\"url\":\"https:\\\/\\\/fsc-ccf.ca\\\/wp-content\\\/uploads\\\/2019\\\/08\\\/FSC_logo_colour_rgb_positive_ENG.png\",\"contentUrl\":\"https:\\\/\\\/fsc-ccf.ca\\\/wp-content\\\/uploads\\\/2019\\\/08\\\/FSC_logo_colour_rgb_positive_ENG.png\",\"width\":618,\"height\":528,\"caption\":\"Future Skills Centre \u2022 Centre des Comp\u00e9tences futures\"},\"image\":{\"@id\":\"https:\\\/\\\/fsc-ccf.ca\\\/fr\\\/#\\\/schema\\\/logo\\\/image\\\/\"},\"sameAs\":[\"https:\\\/\\\/www.facebook.com\\\/2161871137193201\\\/\",\"https:\\\/\\\/x.com\\\/fsc_ccf_en\",\"https:\\\/\\\/www.instagram.com\\\/fsc_ccf\\\/\",\"https:\\\/\\\/www.linkedin.com\\\/company\\\/fsc-ccf\\\/\"]}]}<\/script>\n<!-- \/ Yoast SEO plugin. -->","yoast_head_json":{"title":"Employment implications of green growth: Linking jobs, growth, and green policies: OECD report for the G7 environment ministers - Future Skills Centre \u2022 Centre des Comp\u00e9tences futures","robots":{"index":"index","follow":"follow","max-snippet":"max-snippet:-1","max-image-preview":"max-image-preview:large","max-video-preview":"max-video-preview:-1"},"canonical":"https:\/\/fsc-ccf.ca\/fr\/references\/employment-implications-of-green-growth-linking-jobs-growth-and-green-policies-oecd-report-for-the-g7-environment-ministers-2\/","twitter_misc":{"Est. reading time":"2 minutes"},"schema":{"@context":"https:\/\/schema.org","@graph":[{"@type":"WebPage","@id":"https:\/\/fsc-ccf.ca\/fr\/references\/employment-implications-of-green-growth-linking-jobs-growth-and-green-policies-oecd-report-for-the-g7-environment-ministers-2\/","url":"https:\/\/fsc-ccf.ca\/fr\/references\/employment-implications-of-green-growth-linking-jobs-growth-and-green-policies-oecd-report-for-the-g7-environment-ministers-2\/","name":"Employment implications of green growth: Linking jobs, growth, and green policies: OECD report for the G7 environment ministers - Future Skills Centre \u2022 Centre des Comp\u00e9tences futures","isPartOf":{"@id":"https:\/\/fsc-ccf.ca\/fr\/#website"},"datePublished":"2020-08-11T22:09:44+00:00","breadcrumb":{"@id":"https:\/\/fsc-ccf.ca\/fr\/references\/employment-implications-of-green-growth-linking-jobs-growth-and-green-policies-oecd-report-for-the-g7-environment-ministers-2\/#breadcrumb"},"inLanguage":"fr-FR","potentialAction":[{"@type":"ReadAction","target":["https:\/\/fsc-ccf.ca\/fr\/references\/employment-implications-of-green-growth-linking-jobs-growth-and-green-policies-oecd-report-for-the-g7-environment-ministers-2\/"]}]},{"@type":"BreadcrumbList","@id":"https:\/\/fsc-ccf.ca\/fr\/references\/employment-implications-of-green-growth-linking-jobs-growth-and-green-policies-oecd-report-for-the-g7-environment-ministers-2\/#breadcrumb","itemListElement":[{"@type":"ListItem","position":1,"name":"Home","item":"https:\/\/fsc-ccf.ca\/fr\/"},{"@type":"ListItem","position":2,"name":"References","item":"https:\/\/fsc-ccf.ca\/fr\/references\/"},{"@type":"ListItem","position":3,"name":"Employment implications of green growth: Linking jobs, growth, and green policies: OECD report for the G7 environment ministers"}]},{"@type":"WebSite","@id":"https:\/\/fsc-ccf.ca\/fr\/#website","url":"https:\/\/fsc-ccf.ca\/fr\/","name":"Future Skills Centre \u2022 Centre des Comp\u00e9tences futures","description":"","publisher":{"@id":"https:\/\/fsc-ccf.ca\/fr\/#organization"},"potentialAction":[{"@type":"SearchAction","target":{"@type":"EntryPoint","urlTemplate":"https:\/\/fsc-ccf.ca\/fr\/?s={search_term_string}"},"query-input":{"@type":"PropertyValueSpecification","valueRequired":true,"valueName":"search_term_string"}}],"inLanguage":"fr-FR"},{"@type":"Organization","@id":"https:\/\/fsc-ccf.ca\/fr\/#organization","name":"Future Skills Centre \u2022 Centre des Comp\u00e9tences futures","url":"https:\/\/fsc-ccf.ca\/fr\/","logo":{"@type":"ImageObject","inLanguage":"fr-FR","@id":"https:\/\/fsc-ccf.ca\/fr\/#\/schema\/logo\/image\/","url":"https:\/\/fsc-ccf.ca\/wp-content\/uploads\/2019\/08\/FSC_logo_colour_rgb_positive_ENG.png","contentUrl":"https:\/\/fsc-ccf.ca\/wp-content\/uploads\/2019\/08\/FSC_logo_colour_rgb_positive_ENG.png","width":618,"height":528,"caption":"Future Skills Centre \u2022 Centre des Comp\u00e9tences futures"},"image":{"@id":"https:\/\/fsc-ccf.ca\/fr\/#\/schema\/logo\/image\/"},"sameAs":["https:\/\/www.facebook.com\/2161871137193201\/","https:\/\/x.com\/fsc_ccf_en","https:\/\/www.instagram.com\/fsc_ccf\/","https:\/\/www.linkedin.com\/company\/fsc-ccf\/"]}]}},"_links":{"self":[{"href":"https:\/\/fsc-ccf.ca\/fr\/wp-json\/wp\/v2\/reference\/127933","targetHints":{"allow":["GET"]}}],"collection":[{"href":"https:\/\/fsc-ccf.ca\/fr\/wp-json\/wp\/v2\/reference"}],"about":[{"href":"https:\/\/fsc-ccf.ca\/fr\/wp-json\/wp\/v2\/types\/reference"}],"version-history":[{"count":0,"href":"https:\/\/fsc-ccf.ca\/fr\/wp-json\/wp\/v2\/reference\/127933\/revisions"}],"wp:attachment":[{"href":"https:\/\/fsc-ccf.ca\/fr\/wp-json\/wp\/v2\/media?parent=127933"}],"wp:term":[{"taxonomy":"reference-tag","embeddable":true,"href":"https:\/\/fsc-ccf.ca\/fr\/wp-json\/wp\/v2\/reference-tag?post=127933"},{"taxonomy":"reference-type","embeddable":true,"href":"https:\/\/fsc-ccf.ca\/fr\/wp-json\/wp\/v2\/reference-type?post=127933"}],"curies":[{"name":"wp","href":"https:\/\/api.w.org\/{rel}","templated":true}]}}