			{"id":127765,"date":"2020-08-11T18:08:29","date_gmt":"2020-08-11T22:08:29","guid":{"rendered":"https:\/\/fsc-ccf.ca\/references\/the-economic-value-of-intermediate-vocational-education-and-qualifications-2\/"},"modified":"2020-08-11T18:08:29","modified_gmt":"2020-08-11T22:08:29","slug":"the-economic-value-of-intermediate-vocational-education-and-qualifications-2","status":"publish","type":"reference","link":"https:\/\/fsc-ccf.ca\/fr\/references\/the-economic-value-of-intermediate-vocational-education-and-qualifications-2\/","title":{"rendered":"The economic value of intermediate vocational education and qualifications"},"content":{"rendered":"<p>Le pr\u00e9sent rapport examine les donn\u00e9es disponibles sur la valeur \u00e9conomique des qualifications professionnelles interm\u00e9diaires, regardant les rendements des salaires priv\u00e9s (et bri\u00e8vement l&#8217;am\u00e9lioration de la probabilit\u00e9 d&#8217;\u00eatre en emploi) li\u00e9s \u00e0 ces qualifications. La question que l&#8217;examen voudrait r\u00e9pondre est: \u00ab quelle est la valeur \u00e9conomique de l&#8217;acquisition de qualifications professionnelles interm\u00e9diaires \u00e0 un individu en particulier, en moyenne? Autrement dit, de combien sera son salaire augmenter suite \u00e0 l&#8217;acquisition d&#8217;une telle qualification? Cette valeur peut varier, selon que la nouvelle qualification acquise est la nouvelle qualification la plus \u00e9lev\u00e9e de l&#8217;individu et donc les am\u00e8ne \u00e0 un niveau plus \u00e9lev\u00e9 de r\u00e9alisation de ils avaient d\u00e9j\u00e0 atteint, ou si les qualifications individuelles ont d\u00e9j\u00e0 eu lieu au m\u00eame niveau, voire \u00e0 un niveau sup\u00e9rieur \u00e0 la nouvelle qualification acquise. L&#8217;examen sera donc la distinction entre ces situations. Ceci est particuli\u00e8rement important lorsque l&#8217;on consid\u00e8re les qualifications professionnelles, car ils peuvent souvent \u00eatre acquises \u00e0 un niveau ou au-dessous des individus plus haute qualification acad\u00e9mique existante. Traduit a\u0300 l'aide de Google Translate<\/p>\n","protected":false},"excerpt":{"rendered":"<p>Le pr\u00e9sent rapport examine les donn\u00e9es disponibles sur la valeur \u00e9conomique des qualifications professionnelles interm\u00e9diaires, regardant les rendements des salaires priv\u00e9s (et bri\u00e8vement l&#8217;am\u00e9lioration de la probabilit\u00e9 d&#8217;\u00eatre en emploi) li\u00e9s \u00e0 ces qualifications. La question que l&#8217;examen voudrait r\u00e9pondre est: \u00ab quelle est la valeur \u00e9conomique de l&#8217;acquisition de qualifications professionnelles interm\u00e9diaires \u00e0 un individu en particulier, en moyenne? Autrement dit, de combien sera son salaire augmenter suite \u00e0 l&#8217;acquisition d&#8217;une telle qualification? Cette valeur peut varier, selon que la nouvelle qualification acquise est la nouvelle qualification la plus \u00e9lev\u00e9e de l&#8217;individu et donc les am\u00e8ne \u00e0 un niveau plus \u00e9lev\u00e9 de r\u00e9alisation de ils avaient d\u00e9j\u00e0 atteint, ou si les qualifications individuelles ont d\u00e9j\u00e0 eu lieu au m\u00eame niveau, voire \u00e0 un niveau sup\u00e9rieur \u00e0 la nouvelle qualification acquise. L&#8217;examen sera donc la distinction entre ces situations. Ceci est particuli\u00e8rement important lorsque l&#8217;on consid\u00e8re les qualifications professionnelles, car ils peuvent souvent \u00eatre acquises \u00e0 un niveau ou au-dessous des individus plus haute qualification acad\u00e9mique existante. [googletranslate_fr]<\/p>\n","protected":false},"template":"","reference-tag":[],"reference-type":[436],"class_list":["post-127765","reference","type-reference","status-publish","hentry","reference-type-white-paper"],"acf":{"citation":"McIntosh, S. and Garrett, R. (2009). The economic value of intermediate vocational education and qualifications. Evidence Report:11. London, UK: UK Commission for Employment and Skills (UKCES). Retrieved from https:\/\/webarchive.nationalarchives.gov.uk\/20140108131718\/http:\/\/www.ukces.org.uk\/assets\/ukces\/docs\/publications\/evidence-report-11-the-economic-value-of-intermediate-vocational-education-and-qualifications.pdf.","authors":"McIntosh, S. and Garrett, R.","org":"UK Commission for Employment and Skills (UKCES)","year":"2009","title_fr":null,"editors_hidden":"","publication":"","publication_fr":null,"volume":"","issue":"","Series":"","SeriesNumber":"","page_range":"","publisher_city":"London","publisher_state":"UK","publisher":"UK Commission for Employment and Skills (UKCES)","abstract_en":null,"abstract_fr":null,"keywords":"","paywall":"0","doi":"","isbn":"","url":"https:\/\/webarchive.nationalarchives.gov.uk\/20140108131718\/http:\/\/www.ukces.org.uk\/assets\/ukces\/docs\/publications\/evidence-report-11-the-economic-value-of-intermediate-vocational-education-and-qualifications.pdf","url_fr":null,"url_amazon":"","TRACK":"0"},"yoast_head":"<!-- This site is optimized with the Yoast SEO plugin v27.5 - https:\/\/yoast.com\/product\/yoast-seo-wordpress\/ -->\n<title>The economic value of intermediate vocational education and qualifications - Future Skills Centre \u2022 Centre des Comp\u00e9tences futures<\/title>\n<meta name=\"robots\" content=\"index, follow, max-snippet:-1, max-image-preview:large, max-video-preview:-1\" \/>\n<link rel=\"canonical\" href=\"https:\/\/fsc-ccf.ca\/fr\/references\/the-economic-value-of-intermediate-vocational-education-and-qualifications-2\/\" \/>\n<meta name=\"twitter:label1\" content=\"Est. reading time\" \/>\n\t<meta name=\"twitter:data1\" content=\"1 minute\" \/>\n<script type=\"application\/ld+json\" class=\"yoast-schema-graph\">{\"@context\":\"https:\\\/\\\/schema.org\",\"@graph\":[{\"@type\":\"WebPage\",\"@id\":\"https:\\\/\\\/fsc-ccf.ca\\\/fr\\\/references\\\/the-economic-value-of-intermediate-vocational-education-and-qualifications-2\\\/\",\"url\":\"https:\\\/\\\/fsc-ccf.ca\\\/fr\\\/references\\\/the-economic-value-of-intermediate-vocational-education-and-qualifications-2\\\/\",\"name\":\"The economic value of intermediate vocational education and qualifications - Future Skills Centre \u2022 Centre des Comp\u00e9tences futures\",\"isPartOf\":{\"@id\":\"https:\\\/\\\/fsc-ccf.ca\\\/fr\\\/#website\"},\"datePublished\":\"2020-08-11T22:08:29+00:00\",\"breadcrumb\":{\"@id\":\"https:\\\/\\\/fsc-ccf.ca\\\/fr\\\/references\\\/the-economic-value-of-intermediate-vocational-education-and-qualifications-2\\\/#breadcrumb\"},\"inLanguage\":\"fr-FR\",\"potentialAction\":[{\"@type\":\"ReadAction\",\"target\":[\"https:\\\/\\\/fsc-ccf.ca\\\/fr\\\/references\\\/the-economic-value-of-intermediate-vocational-education-and-qualifications-2\\\/\"]}]},{\"@type\":\"BreadcrumbList\",\"@id\":\"https:\\\/\\\/fsc-ccf.ca\\\/fr\\\/references\\\/the-economic-value-of-intermediate-vocational-education-and-qualifications-2\\\/#breadcrumb\",\"itemListElement\":[{\"@type\":\"ListItem\",\"position\":1,\"name\":\"Home\",\"item\":\"https:\\\/\\\/fsc-ccf.ca\\\/fr\\\/\"},{\"@type\":\"ListItem\",\"position\":2,\"name\":\"References\",\"item\":\"https:\\\/\\\/fsc-ccf.ca\\\/fr\\\/references\\\/\"},{\"@type\":\"ListItem\",\"position\":3,\"name\":\"The economic value of intermediate vocational education and qualifications\"}]},{\"@type\":\"WebSite\",\"@id\":\"https:\\\/\\\/fsc-ccf.ca\\\/fr\\\/#website\",\"url\":\"https:\\\/\\\/fsc-ccf.ca\\\/fr\\\/\",\"name\":\"Future Skills Centre \u2022 Centre des Comp\u00e9tences futures\",\"description\":\"\",\"publisher\":{\"@id\":\"https:\\\/\\\/fsc-ccf.ca\\\/fr\\\/#organization\"},\"potentialAction\":[{\"@type\":\"SearchAction\",\"target\":{\"@type\":\"EntryPoint\",\"urlTemplate\":\"https:\\\/\\\/fsc-ccf.ca\\\/fr\\\/?s={search_term_string}\"},\"query-input\":{\"@type\":\"PropertyValueSpecification\",\"valueRequired\":true,\"valueName\":\"search_term_string\"}}],\"inLanguage\":\"fr-FR\"},{\"@type\":\"Organization\",\"@id\":\"https:\\\/\\\/fsc-ccf.ca\\\/fr\\\/#organization\",\"name\":\"Future Skills Centre \u2022 Centre des Comp\u00e9tences futures\",\"url\":\"https:\\\/\\\/fsc-ccf.ca\\\/fr\\\/\",\"logo\":{\"@type\":\"ImageObject\",\"inLanguage\":\"fr-FR\",\"@id\":\"https:\\\/\\\/fsc-ccf.ca\\\/fr\\\/#\\\/schema\\\/logo\\\/image\\\/\",\"url\":\"https:\\\/\\\/fsc-ccf.ca\\\/wp-content\\\/uploads\\\/2019\\\/08\\\/FSC_logo_colour_rgb_positive_ENG.png\",\"contentUrl\":\"https:\\\/\\\/fsc-ccf.ca\\\/wp-content\\\/uploads\\\/2019\\\/08\\\/FSC_logo_colour_rgb_positive_ENG.png\",\"width\":618,\"height\":528,\"caption\":\"Future Skills Centre \u2022 Centre des Comp\u00e9tences futures\"},\"image\":{\"@id\":\"https:\\\/\\\/fsc-ccf.ca\\\/fr\\\/#\\\/schema\\\/logo\\\/image\\\/\"},\"sameAs\":[\"https:\\\/\\\/www.facebook.com\\\/2161871137193201\\\/\",\"https:\\\/\\\/x.com\\\/fsc_ccf_en\",\"https:\\\/\\\/www.instagram.com\\\/fsc_ccf\\\/\",\"https:\\\/\\\/www.linkedin.com\\\/company\\\/fsc-ccf\\\/\"]}]}<\/script>\n<!-- \/ Yoast SEO plugin. -->","yoast_head_json":{"title":"The economic value of intermediate vocational education and qualifications - Future Skills Centre \u2022 Centre des Comp\u00e9tences futures","robots":{"index":"index","follow":"follow","max-snippet":"max-snippet:-1","max-image-preview":"max-image-preview:large","max-video-preview":"max-video-preview:-1"},"canonical":"https:\/\/fsc-ccf.ca\/fr\/references\/the-economic-value-of-intermediate-vocational-education-and-qualifications-2\/","twitter_misc":{"Est. reading time":"1 minute"},"schema":{"@context":"https:\/\/schema.org","@graph":[{"@type":"WebPage","@id":"https:\/\/fsc-ccf.ca\/fr\/references\/the-economic-value-of-intermediate-vocational-education-and-qualifications-2\/","url":"https:\/\/fsc-ccf.ca\/fr\/references\/the-economic-value-of-intermediate-vocational-education-and-qualifications-2\/","name":"The economic value of intermediate vocational education and qualifications - Future Skills Centre \u2022 Centre des Comp\u00e9tences futures","isPartOf":{"@id":"https:\/\/fsc-ccf.ca\/fr\/#website"},"datePublished":"2020-08-11T22:08:29+00:00","breadcrumb":{"@id":"https:\/\/fsc-ccf.ca\/fr\/references\/the-economic-value-of-intermediate-vocational-education-and-qualifications-2\/#breadcrumb"},"inLanguage":"fr-FR","potentialAction":[{"@type":"ReadAction","target":["https:\/\/fsc-ccf.ca\/fr\/references\/the-economic-value-of-intermediate-vocational-education-and-qualifications-2\/"]}]},{"@type":"BreadcrumbList","@id":"https:\/\/fsc-ccf.ca\/fr\/references\/the-economic-value-of-intermediate-vocational-education-and-qualifications-2\/#breadcrumb","itemListElement":[{"@type":"ListItem","position":1,"name":"Home","item":"https:\/\/fsc-ccf.ca\/fr\/"},{"@type":"ListItem","position":2,"name":"References","item":"https:\/\/fsc-ccf.ca\/fr\/references\/"},{"@type":"ListItem","position":3,"name":"The economic value of intermediate vocational education and qualifications"}]},{"@type":"WebSite","@id":"https:\/\/fsc-ccf.ca\/fr\/#website","url":"https:\/\/fsc-ccf.ca\/fr\/","name":"Future Skills Centre \u2022 Centre des Comp\u00e9tences futures","description":"","publisher":{"@id":"https:\/\/fsc-ccf.ca\/fr\/#organization"},"potentialAction":[{"@type":"SearchAction","target":{"@type":"EntryPoint","urlTemplate":"https:\/\/fsc-ccf.ca\/fr\/?s={search_term_string}"},"query-input":{"@type":"PropertyValueSpecification","valueRequired":true,"valueName":"search_term_string"}}],"inLanguage":"fr-FR"},{"@type":"Organization","@id":"https:\/\/fsc-ccf.ca\/fr\/#organization","name":"Future Skills Centre \u2022 Centre des Comp\u00e9tences futures","url":"https:\/\/fsc-ccf.ca\/fr\/","logo":{"@type":"ImageObject","inLanguage":"fr-FR","@id":"https:\/\/fsc-ccf.ca\/fr\/#\/schema\/logo\/image\/","url":"https:\/\/fsc-ccf.ca\/wp-content\/uploads\/2019\/08\/FSC_logo_colour_rgb_positive_ENG.png","contentUrl":"https:\/\/fsc-ccf.ca\/wp-content\/uploads\/2019\/08\/FSC_logo_colour_rgb_positive_ENG.png","width":618,"height":528,"caption":"Future Skills Centre \u2022 Centre des Comp\u00e9tences futures"},"image":{"@id":"https:\/\/fsc-ccf.ca\/fr\/#\/schema\/logo\/image\/"},"sameAs":["https:\/\/www.facebook.com\/2161871137193201\/","https:\/\/x.com\/fsc_ccf_en","https:\/\/www.instagram.com\/fsc_ccf\/","https:\/\/www.linkedin.com\/company\/fsc-ccf\/"]}]}},"_links":{"self":[{"href":"https:\/\/fsc-ccf.ca\/fr\/wp-json\/wp\/v2\/reference\/127765","targetHints":{"allow":["GET"]}}],"collection":[{"href":"https:\/\/fsc-ccf.ca\/fr\/wp-json\/wp\/v2\/reference"}],"about":[{"href":"https:\/\/fsc-ccf.ca\/fr\/wp-json\/wp\/v2\/types\/reference"}],"version-history":[{"count":0,"href":"https:\/\/fsc-ccf.ca\/fr\/wp-json\/wp\/v2\/reference\/127765\/revisions"}],"wp:attachment":[{"href":"https:\/\/fsc-ccf.ca\/fr\/wp-json\/wp\/v2\/media?parent=127765"}],"wp:term":[{"taxonomy":"reference-tag","embeddable":true,"href":"https:\/\/fsc-ccf.ca\/fr\/wp-json\/wp\/v2\/reference-tag?post=127765"},{"taxonomy":"reference-type","embeddable":true,"href":"https:\/\/fsc-ccf.ca\/fr\/wp-json\/wp\/v2\/reference-type?post=127765"}],"curies":[{"name":"wp","href":"https:\/\/api.w.org\/{rel}","templated":true}]}}