			{"id":126656,"date":"2020-08-11T18:00:16","date_gmt":"2020-08-11T22:00:16","guid":{"rendered":"https:\/\/fsc-ccf.ca\/references\/evening-the-keel-measuring-and-responding-to-precarity-in-the-canadian-labour-economy-2\/"},"modified":"2020-08-11T18:00:15","modified_gmt":"2020-08-11T22:00:15","slug":"evening-the-keel-measuring-and-responding-to-precarity-in-the-canadian-labour-economy-2","status":"publish","type":"reference","link":"https:\/\/fsc-ccf.ca\/fr\/references\/evening-the-keel-measuring-and-responding-to-precarity-in-the-canadian-labour-economy-2\/","title":{"rendered":"Evening the keel: Measuring and responding to precarity in the Canadian labour economy"},"content":{"rendered":"<p>Cet article soutient que le d\u00e9calage entre les r\u00e9alit\u00e9s du travail dans la nouvelle \u00e9conomie et la r\u00e9glementation est d&#8217;avoir des cons\u00e9quences sanitaires et sociales n\u00e9gatives \u00e0 tous les niveaux de la soci\u00e9t\u00e9 canadienne. Pour rem\u00e9dier \u00e0 cette demande refonte radicale des approches politiques, mais les lois et les normes d&#8217;emploi actuelles suppose le march\u00e9 du travail est une entit\u00e9 statique. Les d\u00e9cideurs politiques devraient se concentrer sur l&#8217;am\u00e9lioration de la fa\u00e7on dont les donn\u00e9es sur le march\u00e9 du travail sont collect\u00e9es pour produire des recommandations fond\u00e9es sur des donn\u00e9es probantes et sur la r\u00e9\u00e9valuation des hypoth\u00e8ses \u00e9conomiques n\u00e9o-classiques qui sous-tendent ce cadre obsol\u00e8te. Nous soutenons l&#8217;expansion du travail pr\u00e9caire est en train de transformer l&#8217;\u00e9conomie et la soci\u00e9t\u00e9 canadienne, et formuler des recommandations pour les donn\u00e9es, la politique et l&#8217;administration \u00e0 r\u00e9pondre \u00e0 cette tendance. Traduit a\u0300 l'aide de Google Translate<\/p>\n","protected":false},"excerpt":{"rendered":"<p>Cet article soutient que le d\u00e9calage entre les r\u00e9alit\u00e9s du travail dans la nouvelle \u00e9conomie et la r\u00e9glementation est d&#8217;avoir des cons\u00e9quences sanitaires et sociales n\u00e9gatives \u00e0 tous les niveaux de la soci\u00e9t\u00e9 canadienne. Pour rem\u00e9dier \u00e0 cette demande refonte radicale des approches politiques, mais les lois et les normes d&#8217;emploi actuelles suppose le march\u00e9 du travail est une entit\u00e9 statique. Les d\u00e9cideurs politiques devraient se concentrer sur l&#8217;am\u00e9lioration de la fa\u00e7on dont les donn\u00e9es sur le march\u00e9 du travail sont collect\u00e9es pour produire des recommandations fond\u00e9es sur des donn\u00e9es probantes et sur la r\u00e9\u00e9valuation des hypoth\u00e8ses \u00e9conomiques n\u00e9o-classiques qui sous-tendent ce cadre obsol\u00e8te. Nous soutenons l&#8217;expansion du travail pr\u00e9caire est en train de transformer l&#8217;\u00e9conomie et la soci\u00e9t\u00e9 canadienne, et formuler des recommandations pour les donn\u00e9es, la politique et l&#8217;administration \u00e0 r\u00e9pondre \u00e0 cette tendance. [googletranslate_fr]<\/p>\n","protected":false},"template":"","reference-tag":[],"reference-type":[435],"class_list":["post-126656","reference","type-reference","status-publish","hentry","reference-type-journal-article"],"acf":{"citation":"Zhang, S. and Zuberi, D. (2017). Evening the keel: Measuring and responding to precarity in the Canadian labour economy. Canadian Public Administration, 60(1), 28-47. Retrieved from https:\/\/onlinelibrary.wiley.com\/doi\/full\/10.1111\/capa.12206.","authors":"Zhang, S. and Zuberi, D.","org":"","year":"2017","title_fr":null,"editors_hidden":"","publication":"Canadian Public Administration","publication_fr":null,"volume":"60","issue":"1","Series":"","SeriesNumber":"","page_range":"28-47","publisher_city":"","publisher_state":"","publisher":"","abstract_en":null,"abstract_fr":null,"keywords":"","paywall":"0","doi":"10.1111\/capa.12206","isbn":"","url":"https:\/\/onlinelibrary.wiley.com\/doi\/full\/10.1111\/capa.12206","url_fr":null,"url_amazon":"","TRACK":"0"},"yoast_head":"<!-- This site is optimized with the Yoast SEO plugin v27.5 - https:\/\/yoast.com\/product\/yoast-seo-wordpress\/ -->\n<title>Evening the keel: Measuring and responding to precarity in the Canadian labour economy - Future Skills Centre \u2022 Centre des Comp\u00e9tences futures<\/title>\n<meta name=\"robots\" content=\"index, follow, max-snippet:-1, max-image-preview:large, max-video-preview:-1\" \/>\n<link rel=\"canonical\" href=\"https:\/\/fsc-ccf.ca\/fr\/references\/evening-the-keel-measuring-and-responding-to-precarity-in-the-canadian-labour-economy-2\/\" \/>\n<meta name=\"twitter:label1\" content=\"Est. reading time\" \/>\n\t<meta name=\"twitter:data1\" content=\"1 minute\" \/>\n<script type=\"application\/ld+json\" class=\"yoast-schema-graph\">{\"@context\":\"https:\\\/\\\/schema.org\",\"@graph\":[{\"@type\":\"WebPage\",\"@id\":\"https:\\\/\\\/fsc-ccf.ca\\\/fr\\\/references\\\/evening-the-keel-measuring-and-responding-to-precarity-in-the-canadian-labour-economy-2\\\/\",\"url\":\"https:\\\/\\\/fsc-ccf.ca\\\/fr\\\/references\\\/evening-the-keel-measuring-and-responding-to-precarity-in-the-canadian-labour-economy-2\\\/\",\"name\":\"Evening the keel: Measuring and responding to precarity in the Canadian labour economy - Future Skills Centre \u2022 Centre des Comp\u00e9tences futures\",\"isPartOf\":{\"@id\":\"https:\\\/\\\/fsc-ccf.ca\\\/fr\\\/#website\"},\"datePublished\":\"2020-08-11T22:00:16+00:00\",\"breadcrumb\":{\"@id\":\"https:\\\/\\\/fsc-ccf.ca\\\/fr\\\/references\\\/evening-the-keel-measuring-and-responding-to-precarity-in-the-canadian-labour-economy-2\\\/#breadcrumb\"},\"inLanguage\":\"fr-FR\",\"potentialAction\":[{\"@type\":\"ReadAction\",\"target\":[\"https:\\\/\\\/fsc-ccf.ca\\\/fr\\\/references\\\/evening-the-keel-measuring-and-responding-to-precarity-in-the-canadian-labour-economy-2\\\/\"]}]},{\"@type\":\"BreadcrumbList\",\"@id\":\"https:\\\/\\\/fsc-ccf.ca\\\/fr\\\/references\\\/evening-the-keel-measuring-and-responding-to-precarity-in-the-canadian-labour-economy-2\\\/#breadcrumb\",\"itemListElement\":[{\"@type\":\"ListItem\",\"position\":1,\"name\":\"Home\",\"item\":\"https:\\\/\\\/fsc-ccf.ca\\\/fr\\\/\"},{\"@type\":\"ListItem\",\"position\":2,\"name\":\"References\",\"item\":\"https:\\\/\\\/fsc-ccf.ca\\\/fr\\\/references\\\/\"},{\"@type\":\"ListItem\",\"position\":3,\"name\":\"Evening the keel: Measuring and responding to precarity in the Canadian labour economy\"}]},{\"@type\":\"WebSite\",\"@id\":\"https:\\\/\\\/fsc-ccf.ca\\\/fr\\\/#website\",\"url\":\"https:\\\/\\\/fsc-ccf.ca\\\/fr\\\/\",\"name\":\"Future Skills Centre \u2022 Centre des Comp\u00e9tences futures\",\"description\":\"\",\"publisher\":{\"@id\":\"https:\\\/\\\/fsc-ccf.ca\\\/fr\\\/#organization\"},\"potentialAction\":[{\"@type\":\"SearchAction\",\"target\":{\"@type\":\"EntryPoint\",\"urlTemplate\":\"https:\\\/\\\/fsc-ccf.ca\\\/fr\\\/?s={search_term_string}\"},\"query-input\":{\"@type\":\"PropertyValueSpecification\",\"valueRequired\":true,\"valueName\":\"search_term_string\"}}],\"inLanguage\":\"fr-FR\"},{\"@type\":\"Organization\",\"@id\":\"https:\\\/\\\/fsc-ccf.ca\\\/fr\\\/#organization\",\"name\":\"Future Skills Centre \u2022 Centre des Comp\u00e9tences futures\",\"url\":\"https:\\\/\\\/fsc-ccf.ca\\\/fr\\\/\",\"logo\":{\"@type\":\"ImageObject\",\"inLanguage\":\"fr-FR\",\"@id\":\"https:\\\/\\\/fsc-ccf.ca\\\/fr\\\/#\\\/schema\\\/logo\\\/image\\\/\",\"url\":\"https:\\\/\\\/fsc-ccf.ca\\\/wp-content\\\/uploads\\\/2019\\\/08\\\/FSC_logo_colour_rgb_positive_ENG.png\",\"contentUrl\":\"https:\\\/\\\/fsc-ccf.ca\\\/wp-content\\\/uploads\\\/2019\\\/08\\\/FSC_logo_colour_rgb_positive_ENG.png\",\"width\":618,\"height\":528,\"caption\":\"Future Skills Centre \u2022 Centre des Comp\u00e9tences futures\"},\"image\":{\"@id\":\"https:\\\/\\\/fsc-ccf.ca\\\/fr\\\/#\\\/schema\\\/logo\\\/image\\\/\"},\"sameAs\":[\"https:\\\/\\\/www.facebook.com\\\/2161871137193201\\\/\",\"https:\\\/\\\/x.com\\\/fsc_ccf_en\",\"https:\\\/\\\/www.instagram.com\\\/fsc_ccf\\\/\",\"https:\\\/\\\/www.linkedin.com\\\/company\\\/fsc-ccf\\\/\"]}]}<\/script>\n<!-- \/ Yoast SEO plugin. -->","yoast_head_json":{"title":"Evening the keel: Measuring and responding to precarity in the Canadian labour economy - Future Skills Centre \u2022 Centre des Comp\u00e9tences futures","robots":{"index":"index","follow":"follow","max-snippet":"max-snippet:-1","max-image-preview":"max-image-preview:large","max-video-preview":"max-video-preview:-1"},"canonical":"https:\/\/fsc-ccf.ca\/fr\/references\/evening-the-keel-measuring-and-responding-to-precarity-in-the-canadian-labour-economy-2\/","twitter_misc":{"Est. reading time":"1 minute"},"schema":{"@context":"https:\/\/schema.org","@graph":[{"@type":"WebPage","@id":"https:\/\/fsc-ccf.ca\/fr\/references\/evening-the-keel-measuring-and-responding-to-precarity-in-the-canadian-labour-economy-2\/","url":"https:\/\/fsc-ccf.ca\/fr\/references\/evening-the-keel-measuring-and-responding-to-precarity-in-the-canadian-labour-economy-2\/","name":"Evening the keel: Measuring and responding to precarity in the Canadian labour economy - Future Skills Centre \u2022 Centre des Comp\u00e9tences futures","isPartOf":{"@id":"https:\/\/fsc-ccf.ca\/fr\/#website"},"datePublished":"2020-08-11T22:00:16+00:00","breadcrumb":{"@id":"https:\/\/fsc-ccf.ca\/fr\/references\/evening-the-keel-measuring-and-responding-to-precarity-in-the-canadian-labour-economy-2\/#breadcrumb"},"inLanguage":"fr-FR","potentialAction":[{"@type":"ReadAction","target":["https:\/\/fsc-ccf.ca\/fr\/references\/evening-the-keel-measuring-and-responding-to-precarity-in-the-canadian-labour-economy-2\/"]}]},{"@type":"BreadcrumbList","@id":"https:\/\/fsc-ccf.ca\/fr\/references\/evening-the-keel-measuring-and-responding-to-precarity-in-the-canadian-labour-economy-2\/#breadcrumb","itemListElement":[{"@type":"ListItem","position":1,"name":"Home","item":"https:\/\/fsc-ccf.ca\/fr\/"},{"@type":"ListItem","position":2,"name":"References","item":"https:\/\/fsc-ccf.ca\/fr\/references\/"},{"@type":"ListItem","position":3,"name":"Evening the keel: Measuring and responding to precarity in the Canadian labour economy"}]},{"@type":"WebSite","@id":"https:\/\/fsc-ccf.ca\/fr\/#website","url":"https:\/\/fsc-ccf.ca\/fr\/","name":"Future Skills Centre \u2022 Centre des Comp\u00e9tences futures","description":"","publisher":{"@id":"https:\/\/fsc-ccf.ca\/fr\/#organization"},"potentialAction":[{"@type":"SearchAction","target":{"@type":"EntryPoint","urlTemplate":"https:\/\/fsc-ccf.ca\/fr\/?s={search_term_string}"},"query-input":{"@type":"PropertyValueSpecification","valueRequired":true,"valueName":"search_term_string"}}],"inLanguage":"fr-FR"},{"@type":"Organization","@id":"https:\/\/fsc-ccf.ca\/fr\/#organization","name":"Future Skills Centre \u2022 Centre des Comp\u00e9tences futures","url":"https:\/\/fsc-ccf.ca\/fr\/","logo":{"@type":"ImageObject","inLanguage":"fr-FR","@id":"https:\/\/fsc-ccf.ca\/fr\/#\/schema\/logo\/image\/","url":"https:\/\/fsc-ccf.ca\/wp-content\/uploads\/2019\/08\/FSC_logo_colour_rgb_positive_ENG.png","contentUrl":"https:\/\/fsc-ccf.ca\/wp-content\/uploads\/2019\/08\/FSC_logo_colour_rgb_positive_ENG.png","width":618,"height":528,"caption":"Future Skills Centre \u2022 Centre des Comp\u00e9tences futures"},"image":{"@id":"https:\/\/fsc-ccf.ca\/fr\/#\/schema\/logo\/image\/"},"sameAs":["https:\/\/www.facebook.com\/2161871137193201\/","https:\/\/x.com\/fsc_ccf_en","https:\/\/www.instagram.com\/fsc_ccf\/","https:\/\/www.linkedin.com\/company\/fsc-ccf\/"]}]}},"_links":{"self":[{"href":"https:\/\/fsc-ccf.ca\/fr\/wp-json\/wp\/v2\/reference\/126656","targetHints":{"allow":["GET"]}}],"collection":[{"href":"https:\/\/fsc-ccf.ca\/fr\/wp-json\/wp\/v2\/reference"}],"about":[{"href":"https:\/\/fsc-ccf.ca\/fr\/wp-json\/wp\/v2\/types\/reference"}],"version-history":[{"count":0,"href":"https:\/\/fsc-ccf.ca\/fr\/wp-json\/wp\/v2\/reference\/126656\/revisions"}],"wp:attachment":[{"href":"https:\/\/fsc-ccf.ca\/fr\/wp-json\/wp\/v2\/media?parent=126656"}],"wp:term":[{"taxonomy":"reference-tag","embeddable":true,"href":"https:\/\/fsc-ccf.ca\/fr\/wp-json\/wp\/v2\/reference-tag?post=126656"},{"taxonomy":"reference-type","embeddable":true,"href":"https:\/\/fsc-ccf.ca\/fr\/wp-json\/wp\/v2\/reference-type?post=126656"}],"curies":[{"name":"wp","href":"https:\/\/api.w.org\/{rel}","templated":true}]}}