			{"id":125712,"date":"2020-08-11T17:53:12","date_gmt":"2020-08-11T21:53:12","guid":{"rendered":"https:\/\/fsc-ccf.ca\/references\/what-happened-to-long-term-employment-the-role-of-worker-power-and-environmental-turbulence-in-explaining-declines-in-worker-tenure-2\/"},"modified":"2020-08-11T17:53:11","modified_gmt":"2020-08-11T21:53:11","slug":"what-happened-to-long-term-employment-the-role-of-worker-power-and-environmental-turbulence-in-explaining-declines-in-worker-tenure-2","status":"publish","type":"reference","link":"https:\/\/fsc-ccf.ca\/fr\/references\/what-happened-to-long-term-employment-the-role-of-worker-power-and-environmental-turbulence-in-explaining-declines-in-worker-tenure-2\/","title":{"rendered":"What happened to long-term employment? The role of worker power and environmental turbulence in explaining declines in worker tenure"},"content":{"rendered":"<p>Les r\u00e9centes baisses de la dur\u00e9e moyenne du temps que les travailleurs am\u00e9ricains passent avec un employeur donn\u00e9 repr\u00e9sentent un changement important dans la nature de la relation de travail, mais il est l&#8217;une dont les causes sont mal comprises. J&#8217;explore ces causes \u00e0 l&#8217;aide de donn\u00e9es de l&#8217;Enqu\u00eate sur la population actuelle du r\u00e9gime des hommes \u00e2g\u00e9s de 30-65, \u00e0 partir des ann\u00e9es 1979-2008.<br \/>\nJe soutiens que les relations de travail \u00e0 long terme se produisent principalement lorsque les travailleurs pression sur les employeurs pour fermer l&#8217;emploi de la concurrence sur le march\u00e9, ce qui r\u00e9duit l&#8217;attrait de la mobilit\u00e9 externe par rapport aux possibilit\u00e9s internes et accro\u00eetre la s\u00e9curit\u00e9 de l&#8217;emploi. Je puis explorer la fa\u00e7on dont deux changements dans les organisations de environnements, soit une baisse de la force syndicale et une turbulence accrue des changements technologiques et la mondialisation pourraient avoir les travailleurs touch\u00e9s par la capacit\u00e9 d&#8217;obtenir de telles relations d&#8217;emploi ferm\u00e9 au cours des 30 derni\u00e8res ann\u00e9es.<br \/>\nMes r\u00e9sultats soutiennent l&#8217;argument que les baisses de r\u00e9gime refl\u00e8te la puissance r\u00e9duite des travailleurs pour assurer les relations de travail ferm\u00e9s. Les baisses r\u00e9centes des tenures ont \u00e9t\u00e9 concentr\u00e9s dans les grandes organisations, et beaucoup de ces baisses sont expliqu\u00e9es par le contr\u00f4le des taux de syndicalisation de l&#8217;industrie en \u00e9volution. Je trouve peu de preuves que la concurrence \u00e9trang\u00e8re ou changement technologique mobilit\u00e9 touch\u00e9s. Les r\u00e9sultats sont robustes \u00e0 des mesures de l&#8217;\u00e9volution des taux de croissance de l&#8217;industrie et dans l&#8217;industrie r\u00e9organisation. Des analyses compl\u00e9mentaires sugg\u00e8rent que les mises \u00e0 pied sont associ\u00e9s \u00e0 diff\u00e9rentes pressions de l&#8217;industrie que la permanence et que la mobilit\u00e9 volontaire peut avoir jou\u00e9 un r\u00f4le important dans la baisse de l&#8217;anciennet\u00e9. Traduit a\u0300 l'aide de Google Translate<\/p>\n","protected":false},"excerpt":{"rendered":"<p>Les r\u00e9centes baisses de la dur\u00e9e moyenne du temps que les travailleurs am\u00e9ricains passent avec un employeur donn\u00e9 repr\u00e9sentent un changement important dans la nature de la relation de travail, mais il est l&#8217;une dont les causes sont mal comprises. J&#8217;explore ces causes \u00e0 l&#8217;aide de donn\u00e9es de l&#8217;Enqu\u00eate sur la population actuelle du r\u00e9gime des hommes \u00e2g\u00e9s de 30-65, \u00e0 partir des ann\u00e9es 1979-2008.<br \/>\nJe soutiens que les relations de travail \u00e0 long terme se produisent principalement lorsque les travailleurs pression sur les employeurs pour fermer l&#8217;emploi de la concurrence sur le march\u00e9, ce qui r\u00e9duit l&#8217;attrait de la mobilit\u00e9 externe par rapport aux possibilit\u00e9s internes et accro\u00eetre la s\u00e9curit\u00e9 de l&#8217;emploi. Je puis explorer la fa\u00e7on dont deux changements dans les organisations de environnements, soit une baisse de la force syndicale et une turbulence accrue des changements technologiques et la mondialisation pourraient avoir les travailleurs touch\u00e9s par la capacit\u00e9 d&#8217;obtenir de telles relations d&#8217;emploi ferm\u00e9 au cours des 30 derni\u00e8res ann\u00e9es.<br \/>\nMes r\u00e9sultats soutiennent l&#8217;argument que les baisses de r\u00e9gime refl\u00e8te la puissance r\u00e9duite des travailleurs pour assurer les relations de travail ferm\u00e9s. Les baisses r\u00e9centes des tenures ont \u00e9t\u00e9 concentr\u00e9s dans les grandes organisations, et beaucoup de ces baisses sont expliqu\u00e9es par le contr\u00f4le des taux de syndicalisation de l&#8217;industrie en \u00e9volution. Je trouve peu de preuves que la concurrence \u00e9trang\u00e8re ou changement technologique mobilit\u00e9 touch\u00e9s. Les r\u00e9sultats sont robustes \u00e0 des mesures de l&#8217;\u00e9volution des taux de croissance de l&#8217;industrie et dans l&#8217;industrie r\u00e9organisation. Des analyses compl\u00e9mentaires sugg\u00e8rent que les mises \u00e0 pied sont associ\u00e9s \u00e0 diff\u00e9rentes pressions de l&#8217;industrie que la permanence et que la mobilit\u00e9 volontaire peut avoir jou\u00e9 un r\u00f4le important dans la baisse de l&#8217;anciennet\u00e9. [googletranslate_fr]<\/p>\n","protected":false},"template":"","reference-tag":[],"reference-type":[435],"class_list":["post-125712","reference","type-reference","status-publish","hentry","reference-type-journal-article"],"acf":{"citation":"Bidwell, M. (2013). What happened to long-term employment? The role of worker power and environmental turbulence in explaining declines in worker tenure. Organization Science, 24(4), 965-1290. Retrieved from https:\/\/pubsonline.informs.org\/doi\/abs\/10.1287\/orsc.1120.0816.","authors":"Bidwell, M.","org":"","year":"2013","title_fr":null,"editors_hidden":"","publication":"Organization Science","publication_fr":null,"volume":"24","issue":"4","Series":"","SeriesNumber":"","page_range":"965-1290","publisher_city":"","publisher_state":"","publisher":"","abstract_en":null,"abstract_fr":null,"keywords":"","paywall":"0","doi":"10.1287\/orsc.1120.0816","isbn":"","url":"https:\/\/pubsonline.informs.org\/doi\/abs\/10.1287\/orsc.1120.0816","url_fr":null,"url_amazon":"","TRACK":"0"},"yoast_head":"<!-- This site is optimized with the Yoast SEO plugin v27.5 - https:\/\/yoast.com\/product\/yoast-seo-wordpress\/ -->\n<title>What happened to long-term employment? The role of worker power and environmental turbulence in explaining declines in worker tenure - Future Skills Centre \u2022 Centre des Comp\u00e9tences futures<\/title>\n<meta name=\"robots\" content=\"index, follow, max-snippet:-1, max-image-preview:large, max-video-preview:-1\" \/>\n<link rel=\"canonical\" href=\"https:\/\/fsc-ccf.ca\/fr\/references\/what-happened-to-long-term-employment-the-role-of-worker-power-and-environmental-turbulence-in-explaining-declines-in-worker-tenure-2\/\" \/>\n<meta name=\"twitter:label1\" content=\"Est. reading time\" \/>\n\t<meta name=\"twitter:data1\" content=\"2 minutes\" \/>\n<script type=\"application\/ld+json\" class=\"yoast-schema-graph\">{\"@context\":\"https:\\\/\\\/schema.org\",\"@graph\":[{\"@type\":\"WebPage\",\"@id\":\"https:\\\/\\\/fsc-ccf.ca\\\/fr\\\/references\\\/what-happened-to-long-term-employment-the-role-of-worker-power-and-environmental-turbulence-in-explaining-declines-in-worker-tenure-2\\\/\",\"url\":\"https:\\\/\\\/fsc-ccf.ca\\\/fr\\\/references\\\/what-happened-to-long-term-employment-the-role-of-worker-power-and-environmental-turbulence-in-explaining-declines-in-worker-tenure-2\\\/\",\"name\":\"What happened to long-term employment? The role of worker power and environmental turbulence in explaining declines in worker tenure - Future Skills Centre \u2022 Centre des Comp\u00e9tences futures\",\"isPartOf\":{\"@id\":\"https:\\\/\\\/fsc-ccf.ca\\\/fr\\\/#website\"},\"datePublished\":\"2020-08-11T21:53:12+00:00\",\"breadcrumb\":{\"@id\":\"https:\\\/\\\/fsc-ccf.ca\\\/fr\\\/references\\\/what-happened-to-long-term-employment-the-role-of-worker-power-and-environmental-turbulence-in-explaining-declines-in-worker-tenure-2\\\/#breadcrumb\"},\"inLanguage\":\"fr-FR\",\"potentialAction\":[{\"@type\":\"ReadAction\",\"target\":[\"https:\\\/\\\/fsc-ccf.ca\\\/fr\\\/references\\\/what-happened-to-long-term-employment-the-role-of-worker-power-and-environmental-turbulence-in-explaining-declines-in-worker-tenure-2\\\/\"]}]},{\"@type\":\"BreadcrumbList\",\"@id\":\"https:\\\/\\\/fsc-ccf.ca\\\/fr\\\/references\\\/what-happened-to-long-term-employment-the-role-of-worker-power-and-environmental-turbulence-in-explaining-declines-in-worker-tenure-2\\\/#breadcrumb\",\"itemListElement\":[{\"@type\":\"ListItem\",\"position\":1,\"name\":\"Home\",\"item\":\"https:\\\/\\\/fsc-ccf.ca\\\/fr\\\/\"},{\"@type\":\"ListItem\",\"position\":2,\"name\":\"References\",\"item\":\"https:\\\/\\\/fsc-ccf.ca\\\/fr\\\/references\\\/\"},{\"@type\":\"ListItem\",\"position\":3,\"name\":\"What happened to long-term employment? The role of worker power and environmental turbulence in explaining declines in worker tenure\"}]},{\"@type\":\"WebSite\",\"@id\":\"https:\\\/\\\/fsc-ccf.ca\\\/fr\\\/#website\",\"url\":\"https:\\\/\\\/fsc-ccf.ca\\\/fr\\\/\",\"name\":\"Future Skills Centre \u2022 Centre des Comp\u00e9tences futures\",\"description\":\"\",\"publisher\":{\"@id\":\"https:\\\/\\\/fsc-ccf.ca\\\/fr\\\/#organization\"},\"potentialAction\":[{\"@type\":\"SearchAction\",\"target\":{\"@type\":\"EntryPoint\",\"urlTemplate\":\"https:\\\/\\\/fsc-ccf.ca\\\/fr\\\/?s={search_term_string}\"},\"query-input\":{\"@type\":\"PropertyValueSpecification\",\"valueRequired\":true,\"valueName\":\"search_term_string\"}}],\"inLanguage\":\"fr-FR\"},{\"@type\":\"Organization\",\"@id\":\"https:\\\/\\\/fsc-ccf.ca\\\/fr\\\/#organization\",\"name\":\"Future Skills Centre \u2022 Centre des Comp\u00e9tences futures\",\"url\":\"https:\\\/\\\/fsc-ccf.ca\\\/fr\\\/\",\"logo\":{\"@type\":\"ImageObject\",\"inLanguage\":\"fr-FR\",\"@id\":\"https:\\\/\\\/fsc-ccf.ca\\\/fr\\\/#\\\/schema\\\/logo\\\/image\\\/\",\"url\":\"https:\\\/\\\/fsc-ccf.ca\\\/wp-content\\\/uploads\\\/2019\\\/08\\\/FSC_logo_colour_rgb_positive_ENG.png\",\"contentUrl\":\"https:\\\/\\\/fsc-ccf.ca\\\/wp-content\\\/uploads\\\/2019\\\/08\\\/FSC_logo_colour_rgb_positive_ENG.png\",\"width\":618,\"height\":528,\"caption\":\"Future Skills Centre \u2022 Centre des Comp\u00e9tences futures\"},\"image\":{\"@id\":\"https:\\\/\\\/fsc-ccf.ca\\\/fr\\\/#\\\/schema\\\/logo\\\/image\\\/\"},\"sameAs\":[\"https:\\\/\\\/www.facebook.com\\\/2161871137193201\\\/\",\"https:\\\/\\\/x.com\\\/fsc_ccf_en\",\"https:\\\/\\\/www.instagram.com\\\/fsc_ccf\\\/\",\"https:\\\/\\\/www.linkedin.com\\\/company\\\/fsc-ccf\\\/\"]}]}<\/script>\n<!-- \/ Yoast SEO plugin. -->","yoast_head_json":{"title":"What happened to long-term employment? The role of worker power and environmental turbulence in explaining declines in worker tenure - Future Skills Centre \u2022 Centre des Comp\u00e9tences futures","robots":{"index":"index","follow":"follow","max-snippet":"max-snippet:-1","max-image-preview":"max-image-preview:large","max-video-preview":"max-video-preview:-1"},"canonical":"https:\/\/fsc-ccf.ca\/fr\/references\/what-happened-to-long-term-employment-the-role-of-worker-power-and-environmental-turbulence-in-explaining-declines-in-worker-tenure-2\/","twitter_misc":{"Est. reading time":"2 minutes"},"schema":{"@context":"https:\/\/schema.org","@graph":[{"@type":"WebPage","@id":"https:\/\/fsc-ccf.ca\/fr\/references\/what-happened-to-long-term-employment-the-role-of-worker-power-and-environmental-turbulence-in-explaining-declines-in-worker-tenure-2\/","url":"https:\/\/fsc-ccf.ca\/fr\/references\/what-happened-to-long-term-employment-the-role-of-worker-power-and-environmental-turbulence-in-explaining-declines-in-worker-tenure-2\/","name":"What happened to long-term employment? The role of worker power and environmental turbulence in explaining declines in worker tenure - Future Skills Centre \u2022 Centre des Comp\u00e9tences futures","isPartOf":{"@id":"https:\/\/fsc-ccf.ca\/fr\/#website"},"datePublished":"2020-08-11T21:53:12+00:00","breadcrumb":{"@id":"https:\/\/fsc-ccf.ca\/fr\/references\/what-happened-to-long-term-employment-the-role-of-worker-power-and-environmental-turbulence-in-explaining-declines-in-worker-tenure-2\/#breadcrumb"},"inLanguage":"fr-FR","potentialAction":[{"@type":"ReadAction","target":["https:\/\/fsc-ccf.ca\/fr\/references\/what-happened-to-long-term-employment-the-role-of-worker-power-and-environmental-turbulence-in-explaining-declines-in-worker-tenure-2\/"]}]},{"@type":"BreadcrumbList","@id":"https:\/\/fsc-ccf.ca\/fr\/references\/what-happened-to-long-term-employment-the-role-of-worker-power-and-environmental-turbulence-in-explaining-declines-in-worker-tenure-2\/#breadcrumb","itemListElement":[{"@type":"ListItem","position":1,"name":"Home","item":"https:\/\/fsc-ccf.ca\/fr\/"},{"@type":"ListItem","position":2,"name":"References","item":"https:\/\/fsc-ccf.ca\/fr\/references\/"},{"@type":"ListItem","position":3,"name":"What happened to long-term employment? The role of worker power and environmental turbulence in explaining declines in worker tenure"}]},{"@type":"WebSite","@id":"https:\/\/fsc-ccf.ca\/fr\/#website","url":"https:\/\/fsc-ccf.ca\/fr\/","name":"Future Skills Centre \u2022 Centre des Comp\u00e9tences futures","description":"","publisher":{"@id":"https:\/\/fsc-ccf.ca\/fr\/#organization"},"potentialAction":[{"@type":"SearchAction","target":{"@type":"EntryPoint","urlTemplate":"https:\/\/fsc-ccf.ca\/fr\/?s={search_term_string}"},"query-input":{"@type":"PropertyValueSpecification","valueRequired":true,"valueName":"search_term_string"}}],"inLanguage":"fr-FR"},{"@type":"Organization","@id":"https:\/\/fsc-ccf.ca\/fr\/#organization","name":"Future Skills Centre \u2022 Centre des Comp\u00e9tences futures","url":"https:\/\/fsc-ccf.ca\/fr\/","logo":{"@type":"ImageObject","inLanguage":"fr-FR","@id":"https:\/\/fsc-ccf.ca\/fr\/#\/schema\/logo\/image\/","url":"https:\/\/fsc-ccf.ca\/wp-content\/uploads\/2019\/08\/FSC_logo_colour_rgb_positive_ENG.png","contentUrl":"https:\/\/fsc-ccf.ca\/wp-content\/uploads\/2019\/08\/FSC_logo_colour_rgb_positive_ENG.png","width":618,"height":528,"caption":"Future Skills Centre \u2022 Centre des Comp\u00e9tences futures"},"image":{"@id":"https:\/\/fsc-ccf.ca\/fr\/#\/schema\/logo\/image\/"},"sameAs":["https:\/\/www.facebook.com\/2161871137193201\/","https:\/\/x.com\/fsc_ccf_en","https:\/\/www.instagram.com\/fsc_ccf\/","https:\/\/www.linkedin.com\/company\/fsc-ccf\/"]}]}},"_links":{"self":[{"href":"https:\/\/fsc-ccf.ca\/fr\/wp-json\/wp\/v2\/reference\/125712","targetHints":{"allow":["GET"]}}],"collection":[{"href":"https:\/\/fsc-ccf.ca\/fr\/wp-json\/wp\/v2\/reference"}],"about":[{"href":"https:\/\/fsc-ccf.ca\/fr\/wp-json\/wp\/v2\/types\/reference"}],"version-history":[{"count":0,"href":"https:\/\/fsc-ccf.ca\/fr\/wp-json\/wp\/v2\/reference\/125712\/revisions"}],"wp:attachment":[{"href":"https:\/\/fsc-ccf.ca\/fr\/wp-json\/wp\/v2\/media?parent=125712"}],"wp:term":[{"taxonomy":"reference-tag","embeddable":true,"href":"https:\/\/fsc-ccf.ca\/fr\/wp-json\/wp\/v2\/reference-tag?post=125712"},{"taxonomy":"reference-type","embeddable":true,"href":"https:\/\/fsc-ccf.ca\/fr\/wp-json\/wp\/v2\/reference-type?post=125712"}],"curies":[{"name":"wp","href":"https:\/\/api.w.org\/{rel}","templated":true}]}}