			{"id":316596,"date":"2025-06-12T13:33:35","date_gmt":"2025-06-12T17:33:35","guid":{"rendered":"https:\/\/fsc-ccf.ca\/projects\/cradle-canadian-remote-access-for-dementia-learning-experiences\/"},"modified":"2025-06-12T14:00:39","modified_gmt":"2025-06-12T18:00:39","slug":"cradle","status":"publish","type":"project","link":"https:\/\/fsc-ccf.ca\/fr\/projets\/cradle\/","title":{"rendered":"Programme canadien d\u2019acc\u00e8s \u00e0 distance aux exp\u00e9riences d\u2019apprentissage sur la d\u00e9mence (CRADLE+)"},"content":{"rendered":"\n<div class=\"tabs style-white\" id=\"main-tabs\">\n    <ul id=\"tabs-nav\">\n\n    <\/ul>\n    <div class=\"tabs-content\">\n        \n\n\n<div class=\"tab tab-content\" data-title=\"Perspectives du CCF\" data-tab=\"\" id=\"\" data-show-reports=\"no\">\n        \n\n<div class=\"wp-block-group container container--with-overflow is-layout-constrained wp-block-group-is-layout-constrained\">\n<div class=\"wp-block-columns is-layout-flex wp-container-core-columns-is-layout-28f84493 wp-block-columns-is-layout-flex\">\n<div class=\"wp-block-column is-layout-flow wp-block-column-is-layout-flow\"><div class=\"insight-report__sidebar\">\n    <div class=\"insight-report__sidebar--container\">\n        <div class=\"insight-report__sidebar--details\">\n                            <div class=\"insight-report__partner\">\n                    <p class=\"is-style-slug insight-report__partner-title\">\n                        <img decoding=\"async\" src=\"https:\/\/fsc-ccf.ca\/wp-content\/themes\/ob-fsc-2.0\/images\/icons\/partners.svg\" alt=\"\"\n                            class=\"insight-report__partner-icon\"> <strong>Partenaires<\/strong>\n                    <\/p>\n                    \n                        <p class=\"insight-report__partner-p\"><a href=\"https:\/\/fsc-ccf.ca\/fr\/partner\/conestoga-college\/\"\n                                target=\"_blank\" rel=\"noreferrer noopener\">Conestoga College<\/a><\/p>\n                    \n                <\/div>\n            \n                            <div class=\"insight-report__location\">\n                    <p class=\"is-style-slug  insight-report__location-title\">\n                        <img decoding=\"async\" src=\"https:\/\/fsc-ccf.ca\/wp-content\/themes\/ob-fsc-2.0\/images\/icons\/location.svg\" alt=\"\"\n                            class=\"insight-report__location-icon\"> <strong>Emplacements<\/strong>\n                    <\/p>\n                                            <p class=\"insight-report__location-p\">Partout au Canada<\/p>\n                    \n                <\/div>\n                                        <div class=\"insight-report__investment\">\n                    <p class=\"is-style-slug insight-report__investment-title\">\n                        <img decoding=\"async\" src=\"https:\/\/fsc-ccf.ca\/wp-content\/themes\/ob-fsc-2.0\/images\/icons\/investment.svg\" alt=\"\"\n                            class=\"insight-report__investment-icon\"> <strong>FONDS VERS\u00c9S<\/strong>\n                    <\/p>\n                    <p class=\"insight-report__investment-p\">\n                        2\u2009 858\u2009 590 $<\/p>\n\n                <\/div>\n                        <div class=\"insight-report__published\">\n                <p class=\"insight-report__published-title\">\n                    <img decoding=\"async\" src=\"https:\/\/fsc-ccf.ca\/wp-content\/themes\/ob-fsc-2.0\/images\/icons\/published.svg\" alt=\"\"\n                        class=\"insight-report__published-icon\"> Publi\u00e9                <\/p>\n                <p class=\"insight-report__published-p\">Juin 2025<\/p>\n\n            <\/div>\n                            <div class=\"insight-report__contributors\">\n\n                    <p class=\"is-style-slug insight-report__investment-title insight-report__contributors-title\">\n                        <img decoding=\"async\" src=\"https:\/\/fsc-ccf.ca\/wp-content\/themes\/ob-fsc-2.0\/images\/icons\/contributors.svg\" alt=\"\"\n                            class=\"insight-report__investment-icon\"> <strong>Collaborateur<\/strong>\n                    <\/p>\n                    <div class=\"insight-report__contributors-p\">\n                        <p>Chloe-Marie Brown,<br \/>\n<em>Analyste des politiques,<br \/>\nCentre des Comp\u00e9tences futures<\/em><\/p>\n<\/div>\n                <\/div>\n                    <\/div>\n\n        <div class=\"insight-report__sidebar--sticky\">\n                            <div class=\"insight-report__sidebar--button-container\">\n                    <a href=\"https:\/\/fsc-ccf.ca\/wp-content\/uploads\/2025\/06\/programme-canadien-dacces-a-distance-aux-experiences-dapprentissage-sur-la-demence-cradle-2.pdf\"\n                        class=\"insight-report__sidebar--button\" target=\"_blank\"><span>T\u00e9l\u00e9charger<\/span><br>\n                        le rapport de perspective                        <img decoding=\"async\" src=\"https:\/\/fsc-ccf.ca\/wp-content\/themes\/ob-fsc-2.0\/images\/icons\/download-i-r-arrow.svg\"\n                            alt=\"\" class=\"insight-report__sidebar--button-img\"><\/a>\n                <\/div>\n            \n            <div class=\"insight-report__sidebar--anchors-container\">\n                <div class=\"insight-report__sidebar--anchors\">\n                    <p class=\"insight-report__sidebar--anchors--text\"><span>DANS CE RAPPORT<\/span><\/p>\n                                            <a href=\"#executive-summary\"\n                            class=\"insight-report__sidebar--anchors-anchor\"><span>Sommaire<\/span><\/a>                        <a href=\"#the-issue\"\n                            class=\"insight-report__sidebar--anchors-anchor\"><span>L\u2019enjeu<\/span><\/a>                        <a href=\"#what-were-investigating\"\n                            class=\"insight-report__sidebar--anchors-anchor\"><span>Ce que nous examinons<\/span><\/a>                        <a href=\"#what-were-learning\"\n                            class=\"insight-report__sidebar--anchors-anchor\"><span>Ce que nous apprenons<\/span><\/a>                        <a href=\"#why-it-matters\"\n                            class=\"insight-report__sidebar--anchors-anchor\"><span>Pourquoi c\u2019est important<\/span><\/a>                <\/div>\n            <\/div>\n        <\/div>\n\n    <\/div>\n\n<\/div><\/div>\n\n\n\n<div class=\"wp-block-column is-layout-flow wp-block-column-is-layout-flow\" style=\"flex-basis:75%\">\n<div class=\"wp-block-group is-layout-constrained wp-block-group-is-layout-constrained\">\n<div class=\"wp-block-columns is-layout-flex wp-container-core-columns-is-layout-28f84493 wp-block-columns-is-layout-flex\">\n<div class=\"wp-block-column is-layout-flow wp-block-column-is-layout-flow\"><\/div>\n<\/div>\n<\/div>\n\n\n\n<div id=\"executive-summary\" class=\"wp-block-ob-blocks-anchor-point\"><\/div>\n\n\n\n<div class=\"wp-block-columns is-layout-flex wp-container-core-columns-is-layout-28f84493 wp-block-columns-is-layout-flex\">\n<div class=\"wp-block-column is-layout-flow wp-block-column-is-layout-flow\" style=\"flex-basis:100%\">\n<h3 class=\"wp-block-heading has-black-color has-text-color\" id=\"TheChallenge\"><img decoding=\"async\" class=\"wp-image-240812\" style=\"width: 24px;margin-right: 10px;position: relative; top: -2px;\" src=\"https:\/\/fsc-ccf.ca\/wp-content\/uploads\/2024\/07\/Frame.svg\" alt=\"\"> Sommaire<\/h3>\n\n\n\n<p class=\"has-black-color has-text-color\">Les travailleurs de la sant\u00e9 non r\u00e9glement\u00e9s (TSNR), qui comprennent les pr\u00e9pos\u00e9es et pr\u00e9pos\u00e9s aux services de soutien \u00e0 la personne, les aides familiaux \u00e0 domicile et les aides personnels, repr\u00e9sentent la plus grande main-d\u2019\u0153uvre r\u00e9mun\u00e9r\u00e9e dans le secteur des soins de sant\u00e9 au Canada, avec plus d\u2019un million de personnes travaillant dans des milieux comme les foyers, les maisons de soins infirmiers et les r\u00e9sidences pour personnes \u00e2g\u00e9es. Ce projet visait l\u2019expansion d\u2019un programme d\u00e9j\u00e0 \u00e9tabli connu sous le nom de Programme canadien d\u2019acc\u00e8s \u00e0 distance aux exp\u00e9riences d\u2019apprentissage sur la d\u00e9mence (CRADLE), un programme de formation gratuit et accessible sur les soins pour la d\u00e9mence destin\u00e9 aux TSNR.<\/p>\n\n\n\n<p>L\u2019expansion \u2014 CRADLE+ \u2014 a ajout\u00e9 des modules suppl\u00e9mentaires, traduit le contenu en paskw\u00e2wiyin\u00eemowin (cri des Plaines) et en anishinaabemowin (ojibw\u00e9), et a d\u00e9velopp\u00e9 une campagne de recrutement cibl\u00e9e pour rejoindre les TSNR dans les r\u00e9gions rurales et \u00e9loign\u00e9es.<\/p>\n\n\n\n<p>Le projet CRADLE+ a d\u00e9montr\u00e9 la capacit\u00e9 \u00e9volutive des mod\u00e8les de formation en ligne pour l\u2019\u00e9ducation aux soins de sant\u00e9 afin d\u2019am\u00e9liorer la qualit\u00e9 des services dans le secteur des soins. Les organismes de financement et les responsables de politiques devraient noter la relation directe entre l\u2019\u00e9ducation accessible et l\u2019am\u00e9lioration de la satisfaction des prestataires et la stabilit\u00e9 professionnelle, comme en t\u00e9moignent les conditions d\u2019emploi am\u00e9lior\u00e9es des participantes et participants apr\u00e8s la formation.<\/p>\n\n\n\n<p class=\"has-black-color has-text-color\">La mise en \u0153uvre r\u00e9ussie et les r\u00e9sultats du projet CRADLE+ ont permis de r\u00e9pondre aux besoins \u00e9ducatifs imm\u00e9diats d\u2019un large \u00e9ventail d\u2019aidantes et aidants et de jeter les bases d\u2019un acc\u00e8s \u00e9largi \u00e0 une formation professionnelle inclusive. Le succ\u00e8s de ce projet s\u2019est \u00e9galement r\u00e9v\u00e9l\u00e9 riche en enseignements pour des secteurs et des industries autres que les soins de sant\u00e9.<\/p>\n\n\n\n<div class=\"wp-block-group key-insights-grey has-background is-layout-constrained wp-block-group-is-layout-constrained\" style=\"background-color:#0000000d\">\n<div class=\"wp-block-columns is-layout-flex wp-container-core-columns-is-layout-28f84493 wp-block-columns-is-layout-flex\">\n<div class=\"wp-block-column is-layout-flow wp-block-column-is-layout-flow\">\n<h5 class=\"wp-block-heading\"><strong><strong>Perspectives cl\u00e9s<\/strong><\/strong><\/h5>\n\n\n\n<p class=\"is-style-default is-flex\"><img decoding=\"async\" class=\"wp-image-243230\" style=\"width: 40px;margin-right: 16px;\" src=\"https:\/\/fsc-ccf.ca\/wp-content\/uploads\/2024\/07\/No.svg\" alt=\"\">En janvier 2024, on comptait 33\u2009571\u00a0travailleuses et travailleurs du secteur des soins non r\u00e9glement\u00e9s inscrits \u00e0 CRADLE+.<\/p>\n\n\n\n<p class=\"is-flex\"><img decoding=\"async\" class=\"wp-image-243230\" style=\"width: 40px; margin-right: 16px;\" src=\"https:\/\/fsc-ccf.ca\/wp-content\/uploads\/2024\/07\/No-1.svg\" alt=\"\">La formation continue est n\u00e9cessaire pour enseigner aux TSNR comment utiliser les comp\u00e9tences essentielles existantes pour fournir des soins aux personnes atteintes de d\u00e9mence.<\/p>\n\n\n\n<p class=\"is-flex\"><img decoding=\"async\" class=\"wp-image-243230\" style=\"width: 40px; margin-right: 16px;\" src=\"https:\/\/fsc-ccf.ca\/wp-content\/uploads\/2024\/07\/No-2.svg\" alt=\"\">Le recrutement cibl\u00e9 a attir\u00e9 des travailleuses et des travailleurs des soins non r\u00e9glement\u00e9s provenant de r\u00e9gions rurales et \u00e9loign\u00e9es.<\/p>\n<\/div>\n<\/div>\n<\/div>\n<\/div>\n<\/div>\n\n\n\n<div id=\"the-issue\" class=\"wp-block-ob-blocks-anchor-point\"><\/div>\n\n\n\n<div class=\"wp-block-columns is-layout-flex wp-container-core-columns-is-layout-28f84493 wp-block-columns-is-layout-flex\">\n<div class=\"wp-block-column gradient-top purple is-layout-flow wp-block-column-is-layout-flow\" style=\"flex-basis:100%\">\n<h3 class=\"wp-block-heading has-black-color has-text-color\" id=\"TheChallenge\"><img decoding=\"async\" class=\"wp-image-240812\" style=\"width: 12px;height: 24px;margin-right: 10px;position: relative; top: -2px;\" src=\"https:\/\/fsc-ccf.ca\/wp-content\/uploads\/2024\/07\/Vector-2.svg\" alt=\"\"> L\u2019enjeu<\/h3>\n\n\n\n<div class=\"wp-block-group flex-print is-layout-constrained wp-block-group-is-layout-constrained\">\n<div class=\"wp-block-group is-layout-constrained wp-block-group-is-layout-constrained\">\n<p>La d\u00e9mence est un terme g\u00e9n\u00e9rique d\u00e9signant un \u00e9ventail de sympt\u00f4mes qui perturbent les activit\u00e9s quotidiennes en raison d\u2019une perte importante de m\u00e9moire, de cognition et de fonction sociale. On s\u2019attend \u00e0 ce que d\u2019ici 2030, pr\u00e8s d\u2019un <a href=\"https:\/\/alzheimer.ca\/fr\/au-sujet-des-troubles-neurocognitifs\/que-sont-les-troubles-neurocognitifs\/chiffres\">million de personnes<\/a> soient atteintes de d\u00e9mence au Canada.<\/p>\n\n\n\n<p>Malgr\u00e9 leur nombre important, les TSNR (y compris les pr\u00e9pos\u00e9es et les pr\u00e9pos\u00e9s aux services de soutien \u00e0 la personne, les aides familiaux \u00e0 domicile, les aides personnels, etc.) re\u00e7oivent souvent une formation initiale minimale sur la d\u00e9mence, ce qui les laisse mal pr\u00e9par\u00e9s pour r\u00e9pondre aux besoins de la client\u00e8le atteinte de d\u00e9mence. Les possibilit\u00e9s de formation ont \u00e9t\u00e9 particuli\u00e8rement rares dans les zones rurales et \u00e9loign\u00e9es, o\u00f9 travaillent environ un tiers des TSNR. Les quelques programmes de formation disponibles sont souvent co\u00fbteux, ont de faibles taux de r\u00e9tention, ne sont pas sp\u00e9cialis\u00e9s dans les soins aux personnes atteintes de d\u00e9mence et sont g\u00e9n\u00e9ralement offerts seulement dans les deux langues officielles, malgr\u00e9 le grand nombre de travailleuses et travailleurs dont la langue maternelle n\u2019est ni l\u2019anglais ni le fran\u00e7ais.<\/p>\n<\/div>\n\n\n\n<figure class=\"wp-block-image size-large img-gradient purple\"><img loading=\"lazy\" decoding=\"async\" width=\"1024\" height=\"576\" src=\"https:\/\/fsc-ccf.ca\/wp-content\/uploads\/2020\/04\/conestoga-inline2-1-1024x576.jpg\" alt=\"Two seniors sitting in armchairs in a hospital setting\" class=\"wp-image-15838\" srcset=\"https:\/\/fsc-ccf.ca\/wp-content\/uploads\/2020\/04\/conestoga-inline2-1-1024x576.jpg 1024w, https:\/\/fsc-ccf.ca\/wp-content\/uploads\/2020\/04\/conestoga-inline2-1-300x169.jpg 300w, https:\/\/fsc-ccf.ca\/wp-content\/uploads\/2020\/04\/conestoga-inline2-1-768x432.jpg 768w, https:\/\/fsc-ccf.ca\/wp-content\/uploads\/2020\/04\/conestoga-inline2-1-1536x864.jpg 1536w, https:\/\/fsc-ccf.ca\/wp-content\/uploads\/2020\/04\/conestoga-inline2-1-10x6.jpg 10w, https:\/\/fsc-ccf.ca\/wp-content\/uploads\/2020\/04\/conestoga-inline2-1.jpg 1920w\" sizes=\"auto, (max-width: 1024px) 100vw, 1024px\" \/><\/figure>\n<\/div>\n<\/div>\n<\/div>\n\n\n\n<div style=\"height:36px\" aria-hidden=\"true\" class=\"wp-block-spacer\"><\/div>\n\n\n\n<div id=\"what-were-investigating\" class=\"wp-block-ob-blocks-anchor-point\"><\/div>\n\n\n\n<div class=\"wp-block-columns is-layout-flex wp-container-core-columns-is-layout-28f84493 wp-block-columns-is-layout-flex\">\n<div class=\"wp-block-column gradient-top purple is-layout-flow wp-block-column-is-layout-flow\" style=\"flex-basis:100%\">\n<h3 class=\"wp-block-heading has-black-color has-text-color\" id=\"EnterIMM\"><img decoding=\"async\" class=\"wp-image-240812\" style=\"width: 24px;height: 24px;margin-right: 10px;position: relative; top: -2px;\" src=\"https:\/\/fsc-ccf.ca\/wp-content\/uploads\/2024\/07\/Fill-1.svg\" alt=\"\">Ce que nous examinons<\/h3>\n\n\n\n<p>En r\u00e9ponse \u00e0 ces enjeux, le Canadian Institute for Seniors Care at Conestoga College a lanc\u00e9 CRADLE avec l\u2019appui du Centre des Comp\u00e9tences futures. CRADLE est un programme pancanadien en ligne qui offre une formation accessible, compl\u00e8te et sp\u00e9cialis\u00e9e sur les soins pour la d\u00e9mence, sp\u00e9cialement con\u00e7ue pour les TSNR. \u00c0 l\u2019origine, le programme CRADLE se composait de forums de discussion et de cinq brefs modules interactifs en ligne, disponibles en anglais, en fran\u00e7ais, en mandarin et en tagalog.<\/p>\n\n\n\n<p>CRADLE+ a \u00e9largi le programme CRADLE original en ajoutant cinq modules suppl\u00e9mentaires con\u00e7us en collaboration avec les employeurs, les autorit\u00e9s sanitaires et les groupes de d\u00e9fense des droits qui fournissent des soins et des services aux communaut\u00e9s rurales. Les cinq modules suppl\u00e9mentaires comprenaient des exemples de cas qui mod\u00e9lisaient les priorit\u00e9s et les d\u00e9fis du monde r\u00e9el en mati\u00e8re de soins, tels que le refus de la client\u00e8le de manger, l\u2019errance et la d\u00e9tresse, le d\u00e9sint\u00e9r\u00eat pour les activit\u00e9s et le refus des visites de soins, ainsi que l\u2019\u00e9puisement professionnel des prestataires de soins.<\/p>\n\n\n\n<p>Les responsables de la coordination du projet ont \u00e9galement men\u00e9 un sondage aupr\u00e8s des participantes et participants afin de mieux comprendre les connaissances et les comp\u00e9tences des prestataires de soins canadiens afin d\u2019orienter l\u2019\u00e9laboration de leurs modules et de leur strat\u00e9gie de recrutement cibl\u00e9e. Le sondage portait sur les donn\u00e9es d\u00e9mographiques, les comp\u00e9tences essentielles en milieu de travail, les connaissances g\u00e9n\u00e9rales sur la d\u00e9mence, ainsi que les facteurs facilitants et les obstacles \u00e0 la participation \u00e0 la formation continue.<\/p>\n\n\n\n<p>Une partie de l\u2019expansion de CRADLE+ comprenait la traduction de tous les modules en cri des Plaines et en ojibw\u00e9, ainsi qu\u2019une campagne de recrutement cibl\u00e9e pour accro\u00eetre la port\u00e9e dans les r\u00e9gions rurales et \u00e9loign\u00e9es.<\/p>\n<\/div>\n<\/div>\n\n\n\n<div id=\"what-were-learning\" class=\"wp-block-ob-blocks-anchor-point\"><\/div>\n\n\n\n<div class=\"wp-block-columns is-layout-flex wp-container-core-columns-is-layout-28f84493 wp-block-columns-is-layout-flex\">\n<div class=\"wp-block-column gradient-top purple is-layout-flow wp-block-column-is-layout-flow\" style=\"flex-basis:100%\">\n<h3 class=\"wp-block-heading has-black-color has-text-color\" id=\"TheResult\"><img decoding=\"async\" class=\"wp-image-240819\" style=\"width: 24px;height: 24px;margin-right: 10px;position: relative; top: -2px;\" src=\"https:\/\/fsc-ccf.ca\/wp-content\/uploads\/2024\/07\/Fill-1-1.svg\" alt=\"\"> Ce que nous apprenons<\/h3>\n\n\n\n<p><strong>Le programme r\u00e9pond aux besoins des travailleuses et travailleurs des soins non r\u00e9glement\u00e9s<\/strong><\/p>\n\n\n\n<p>CRADLE et CRADLE+ ont enregistr\u00e9 33\u2009571\u00a0TSNR en janvier 2024. Les TSNR interrog\u00e9s ont exprim\u00e9 leur appr\u00e9ciation de l\u2019accessibilit\u00e9 du programme, mettant l\u2019accent sur la capacit\u00e9 de travailler \u00e0 leur propre rythme, le contenu informatif des modules, la navigation conviviale et l\u2019avantage significatif d\u2019acc\u00e9der au cours sans payer de frais. Il convient de noter, en particulier, que les outils les plus fr\u00e9quemment utilis\u00e9s \u00e9taient les groupes de discussion en ligne pour les participantes et participants aux sondages.<\/p>\n\n\n\n<p><\/p>\n\n\n\n<p><strong>Investir dans la sensibilisation est payant<\/strong><\/p>\n\n\n\n<p>Le programme a mis en \u0153uvre un large \u00e9ventail de strat\u00e9gies pour atteindre efficacement les populations cibles d\u00e9sign\u00e9es. Ces approches comprenaient\u00a0:<\/p>\n\n\n\n<ul class=\"wp-block-list\">\n<li>L\u2019utilisation de publicit\u00e9s payantes\u2009;<\/li>\n\n\n\n<li>La distribution de d\u00e9pliants aux agences de placement et aux prestataires de services d\u2019\u00e9tablissement\u2009;<\/li>\n\n\n\n<li>Le d\u00e9marchage \u00e0 froid dans les foyers de soins de longue dur\u00e9e\u2009;<\/li>\n\n\n\n<li>La formation d\u2019un comit\u00e9 consultatif\u2009;<\/li>\n\n\n\n<li>L\u2019organisation d\u2019une conf\u00e9rence virtuelle internationale sur les soins aux personnes atteintes de d\u00e9mence\u2009;<\/li>\n\n\n\n<li>L\u2019engagement actif sur des plateformes de m\u00e9dias sociaux comme X et LinkedIn\u2009;<\/li>\n\n\n\n<li>La participation \u00e0 des activit\u00e9s de mobilisation des connaissances comme des webinaires, des bulletins d\u2019information et des r\u00e9unions.<\/li>\n<\/ul>\n\n\n\n<p>Bien que le CRADLE original ait rencontr\u00e9 des d\u00e9fis en raison de la faible adoption par les TSNR dans les r\u00e9gions rurales et \u00e9loign\u00e9es, l\u2019expansion a r\u00e9ussi \u00e0 r\u00e9soudre ce probl\u00e8me en mettant en \u0153uvre une strat\u00e9gie de marketing cibl\u00e9e con\u00e7ue pour atteindre lTSNR dans ces r\u00e9gions sp\u00e9cifiques.<\/p>\n\n\n\n<p><\/p>\n\n\n\n<p><strong>IL est n\u00e9cessaire d\u2019offrir l\u2019\u00e9ducation sur la d\u00e9mence aux membres de la famille<\/strong><\/p>\n\n\n\n<p>Les participantes et participants ont exprim\u00e9 le besoin d\u2019\u00e9duquer les membres de la famille sur la d\u00e9mence. En pratique, pour fournir des soins aux personnes atteintes de d\u00e9mence, les TSNR travaillent en collaboration avec les membres de la famille\u2009; cependant, les membres de la famille n\u2019ont pas besoin de savoir les m\u00eames choses que les prestataires de soins r\u00e9mun\u00e9r\u00e9s. Il est crucial que les proches aient des connaissances de base sur ce qu\u2019est un diagnostic de d\u00e9mence, sur l\u2019\u00e9volution pr\u00e9vue de la maladie, sur les partenaires de l\u2019\u00e9quipe de soins, sur les services financ\u00e9s par la province pour aider les membres de la famille, sur les strat\u00e9gies de communication \u00e0 utiliser avec les proches, sur la planification de la fin de vie et sur les soins personnels.<\/p>\n<\/div>\n<\/div>\n\n\n\n<div id=\"why-it-matters\" class=\"wp-block-ob-blocks-anchor-point\"><\/div>\n\n\n\n<div class=\"wp-block-columns is-layout-flex wp-container-core-columns-is-layout-28f84493 wp-block-columns-is-layout-flex\">\n<div class=\"wp-block-column gradient-top purple is-layout-flow wp-block-column-is-layout-flow\" style=\"flex-basis:100%\">\n<h3 class=\"wp-block-heading has-black-color has-text-color\" id=\"TheImpact\"><img decoding=\"async\" class=\"wp-image-240819\" style=\"width: 22px;height: 22px;margin-right: 10px;position: relative; top: -2px;\" src=\"https:\/\/fsc-ccf.ca\/wp-content\/uploads\/2024\/07\/Fill-1-2.svg\" alt=\"\"> Pourquoi c\u2019est important<\/h3>\n\n\n\n<div style=\"height:38px\" aria-hidden=\"true\" class=\"wp-block-spacer\"><\/div>\n\n\n\n<div class=\"wp-block-columns is-layout-flex wp-container-core-columns-is-layout-28f84493 wp-block-columns-is-layout-flex\">\n<div class=\"wp-block-column margin-bottom-0 is-layout-flow wp-block-column-is-layout-flow\" style=\"flex-basis:60%\">\n<p>La population canadienne vieillit. On s\u2019attend \u00e0 ce qu\u2019il puisse y avoir <a href=\"https:\/\/alzheimer.ca\/sites\/default\/files\/documents\/%E2%80%98Landmark%E2%80%99%20study%20projects%20187%25%20increase%20in%20people%20living%20with%20dementia%20in%20Canada%20by%202050.pdf\">1,7&nbsp;million de personnes<\/a> vivant avec la d\u00e9mence au Canada d\u2019ici 2050, ce qui n\u00e9cessiterait le soutien des TSNR \u00e0 travers le pays. Il est essentiel de renforcer et d\u2019accro\u00eetre la main-d\u2019\u0153uvre en soins de sant\u00e9 dans les \u00e9tablissements de soins de longue dur\u00e9e et de soins communautaires au moyen de programmes de formation et d\u2019efforts de recrutement. Le contenu doit \u00eatre offert dans des formats accessibles et en plusieurs langues.<\/p>\n\n\n\n<p>Ce projet a d\u00e9montr\u00e9 l\u2019utilit\u00e9 d\u2019investir \u00e9galement dans des strat\u00e9gies de recrutement cibl\u00e9es pour mieux faire connaitre les ressources disponibles. D\u2019autres programmes de formation qui cherchent \u00e0 \u00e9tendre leur port\u00e9e devraient envisager d\u2019investir dans des efforts de marketing.<\/p>\n<\/div>\n\n\n\n<div class=\"wp-block-column margin-bottom-0 is-layout-flow wp-block-column-is-layout-flow\" style=\"flex-basis:40%\">\n<div class=\"wp-block-group light-purple-bg-20 insights-report-aside is-vertical is-content-justification-left is-nowrap is-layout-flex wp-container-core-group-is-layout-87328470 wp-block-group-is-layout-flex\">\n<div class=\"wp-block-columns gap-10 is-layout-flex wp-container-core-columns-is-layout-28f84493 wp-block-columns-is-layout-flex\">\n<div class=\"wp-block-column no-spacer is-layout-flow wp-block-column-is-layout-flow\" style=\"flex-basis:100%\">\n<div class=\"wp-block-group is-horizontal is-content-justification-left is-layout-flex wp-container-core-group-is-layout-1a09bdc8 wp-block-group-is-layout-flex\">\n<div style=\"height:20px;width:0px\" aria-hidden=\"true\" class=\"wp-block-spacer wp-container-content-62aae154\"><\/div>\n\n\n\n<figure class=\"wp-block-image size-large is-style-default\"><img loading=\"lazy\" decoding=\"async\" width=\"1024\" height=\"683\" src=\"https:\/\/fsc-ccf.ca\/wp-content\/uploads\/2023\/05\/2-Digital-tools-and-the-skills-african-american-woman-writing-computer-code-2022-02-01-22-37-02-utc-1024x683.jpg\" alt=\"Person coding on their computer in an office at night, with multiple monitors in front of them.\" class=\"wp-image-261792\" srcset=\"https:\/\/fsc-ccf.ca\/wp-content\/uploads\/2023\/05\/2-Digital-tools-and-the-skills-african-american-woman-writing-computer-code-2022-02-01-22-37-02-utc-1024x683.jpg 1024w, https:\/\/fsc-ccf.ca\/wp-content\/uploads\/2023\/05\/2-Digital-tools-and-the-skills-african-american-woman-writing-computer-code-2022-02-01-22-37-02-utc-300x200.jpg 300w, https:\/\/fsc-ccf.ca\/wp-content\/uploads\/2023\/05\/2-Digital-tools-and-the-skills-african-american-woman-writing-computer-code-2022-02-01-22-37-02-utc-768x512.jpg 768w, https:\/\/fsc-ccf.ca\/wp-content\/uploads\/2023\/05\/2-Digital-tools-and-the-skills-african-american-woman-writing-computer-code-2022-02-01-22-37-02-utc-1536x1024.jpg 1536w, https:\/\/fsc-ccf.ca\/wp-content\/uploads\/2023\/05\/2-Digital-tools-and-the-skills-african-american-woman-writing-computer-code-2022-02-01-22-37-02-utc-2048x1365.jpg 2048w, https:\/\/fsc-ccf.ca\/wp-content\/uploads\/2023\/05\/2-Digital-tools-and-the-skills-african-american-woman-writing-computer-code-2022-02-01-22-37-02-utc-10x7.jpg 10w, https:\/\/fsc-ccf.ca\/wp-content\/uploads\/2023\/05\/2-Digital-tools-and-the-skills-african-american-woman-writing-computer-code-2022-02-01-22-37-02-utc-2000x1333.jpg 2000w\" sizes=\"auto, (max-width: 1024px) 100vw, 1024px\" \/><\/figure>\n\n\n\n<div style=\"height:24px;width:0px\" aria-hidden=\"true\" class=\"wp-block-spacer wp-container-content-541a6b20\"><\/div>\n\n\n\n<p class=\"has-black-color has-text-color\"><strong>\u00c9tat des comp\u00e9tences<\/strong> <strong>: <br>Outils num\u00e9riques dans l\u2019\u00e9cosyst\u00e8me des comp\u00e9tences<\/strong><\/p>\n\n\n\n<p class=\"is-style-default has-normal-font-size\">Le r\u00f4le que les outils num\u00e9riques et les services de carri\u00e8re virtuels peuvent jouer pour am\u00e9liorer l\u2019acc\u00e8s \u00e0 la formation et au d\u00e9veloppement de carri\u00e8re est tr\u00e8s prometteur, en particulier pour les personnes confront\u00e9es \u00e0 des obstacles g\u00e9ographiques ou \u00e0 des contraintes telles que la garde d\u2019enfants ou d\u2019autres responsabilit\u00e9s professionnelles.\u00a0<\/p>\n<\/div>\n<\/div>\n<\/div>\n\n\n\n<div class=\"wp-block-ob-blocks-single-button alignleft  wp-block-ob-blocks-button--animated width-100\"><a class=\"btn btn--purple new_tab_blank\" href=\"https:\/\/fsc-ccf.ca\/fr\/projets\/state-of-skills-digital-tools\/\" target=\"_blank\" rel=\"noreferrer noopener\">Lire le rapport<\/a><\/div>\n<\/div>\n<\/div>\n<\/div>\n<\/div>\n<\/div>\n<\/div>\n<\/div>\n<\/div>\n\n\n<\/div>\n\n\n\n<div class=\"tab tab-content\" data-title=\"T\u00e9l\u00e9chargements de rapports\" data-tab=\"\" id=\"\" data-show-reports=\"yes\">\n        \n\n<div class=\"wp-block-columns container container--with-overflow is-layout-flex wp-container-core-columns-is-layout-28f84493 wp-block-columns-is-layout-flex\">\n<div class=\"wp-block-column is-layout-flow wp-block-column-is-layout-flow\">\n\n\t\t<div class=\"display-reports display-tab\">\n\n\t\t\t\t\t\t<!-- PDF: 316608 | https:\/\/fsc-ccf.ca\/wp-content\/uploads\/2025\/06\/programme-canadien-dacces-a-distance-aux-experiences-dapprentissage-sur-la-demence-cradle-2.pdf -->\t\t\t\t<div class=\"display-reports__report\">\n\t\t\t\t\t<div class=\"display-reports__report-img\" style=\"background-image: url('https:\/\/fsc-ccf.ca\/wp-content\/themes\/ob-fsc-2.0\/images\/report-cover.png')\"><\/div>\n\t\t\t\t\t<div>\n\t\t\t\t\t\t<div class=\"display-reports__report-tags-container\">\n\t\t\t\t\t\t\t<p class=\"display-reports__report-tags-primary\">Rapport de Perspectives<\/p>\n\t\t\t\t\t\t\t<p class=\"display-reports__report-tags-secondary\">PDF<\/p>\n\t\t\t\t\t\t<\/div>\n\t\t\t\t\t\t<h2 class=\"display-reports__report-title\">Perspectives du CCF<\/h2>\n\t\t\t\t\t<\/div>\n\t\t\t\t\t<div class=\"display-reports__report-link-container\">\n\t\t\t\t\t\t<a href=\"https:\/\/fsc-ccf.ca\/wp-content\/uploads\/2025\/06\/programme-canadien-dacces-a-distance-aux-experiences-dapprentissage-sur-la-demence-cradle-2.pdf\"\n\t\t\t\t\t\t\tclass=\"display-reports__report-link\">T\u00e9l\u00e9charger\t\t\t\t\t\t\t<img decoding=\"async\" src=\"https:\/\/fsc-ccf.ca\/wp-content\/themes\/ob-fsc-2.0\/images\/icons\/download-i-r-arrow.svg\" alt=\"\"\n\t\t\t\t\t\t\t\tclass=\"display-reports__report-link-arrow\">\n\t\t\t\t\t\t<\/a>\n\t\t\t\t\t<\/div>\n\t\t\t\t<\/div>\n\t\t\t\t\t\t\t\t\t\t\t<div class=\"display-reports__report\">\n\t\t\t\t\t\t<div class=\"display-reports__report-img\" style=\"background-image: url('https:\/\/fsc-ccf.ca\/wp-content\/uploads\/2020\/04\/conestoga-inline2-1.jpg')\"><\/div>\n\t\t\t\t\t\t<div>\n\t\t\t\t\t\t\t<div class=\"display-reports__report-tags-container\">\n\t\t\t\t\t\t\t\t<p class=\"display-reports__report-tags-primary\">Rapport d\u2019\u00e9valuation<\/p>\n\t\t\t\t\t\t\t\t\t\t\t\t\t\t\t\t\t<p class=\"display-reports__report-tags-secondary\">\n\t\t\t\t\t\t\t\t\t\tPDF\t\t\t\t\t\t\t\t\t<\/p>\n\t\t\t\t\t\t\t\t\t\t\t\t\t\t\t\t\t<p class=\"display-reports__report-tags-secondary\">\n\t\t\t\t\t\t\t\t\t\tEn anglais seulement\t\t\t\t\t\t\t\t\t<\/p>\n\t\t\t\t\t\t\t\t\t\t\t\t\t\t\t<\/div>\n\t\t\t\t\t\t\t<h2 class=\"display-reports__report-title\">Evaluation of the Scaling up the Canadian Remote Access for Dementia Learning Experiences (CRADLE+) Project<\/h2>\n\t\t\t\t\t\t<\/div>\n\t\t\t\t\t\t<div class=\"display-reports__report-link-container\">\n\t\t\t\t\t\t\t<a href=\"https:\/\/fsc-ccf.ca\/wp-content\/uploads\/2025\/03\/FSC_CRADLE-Evaluation-Report.pdf\"\n\t\t\t\t\t\t\t\tclass=\"display-reports__report-link\">T\u00e9l\u00e9charger\t\t\t\t\t\t\t\t<img decoding=\"async\" src=\"https:\/\/fsc-ccf.ca\/wp-content\/themes\/ob-fsc-2.0\/images\/icons\/download-i-r-arrow.svg\" alt=\"\"\n\t\t\t\t\t\t\t\t\tclass=\"display-reports__report-link-arrow\">\n\t\t\t\t\t\t\t<\/a>\n\t\t\t\t\t\t<\/div>\n\t\t\t\t\t<\/div>\n\t\t\t\t\t\t\t\t\t<div class=\"display-reports__report\">\n\t\t\t\t\t\t<div class=\"display-reports__report-img\" style=\"background-image: url('https:\/\/fsc-ccf.ca\/wp-content\/uploads\/2020\/04\/conestoga-inline2-1.jpg')\"><\/div>\n\t\t\t\t\t\t<div>\n\t\t\t\t\t\t\t<div class=\"display-reports__report-tags-container\">\n\t\t\t\t\t\t\t\t<p class=\"display-reports__report-tags-primary\">Rapport d\u2019\u00e9valuation<\/p>\n\t\t\t\t\t\t\t\t\t\t\t\t\t\t\t\t\t<p class=\"display-reports__report-tags-secondary\">\n\t\t\t\t\t\t\t\t\t\tPDF\t\t\t\t\t\t\t\t\t<\/p>\n\t\t\t\t\t\t\t\t\t\t\t\t\t\t\t\t\t<p class=\"display-reports__report-tags-secondary\">\n\t\t\t\t\t\t\t\t\t\tEn anglais seulement\t\t\t\t\t\t\t\t\t<\/p>\n\t\t\t\t\t\t\t\t\t\t\t\t\t\t\t<\/div>\n\t\t\t\t\t\t\t<h2 class=\"display-reports__report-title\">Canadian Remote Access for Dementia Learning Experiences: A Summary of Canadian Care Providers\u2019 Dementia-Related Knowledge and Skills<\/h2>\n\t\t\t\t\t\t<\/div>\n\t\t\t\t\t\t<div class=\"display-reports__report-link-container\">\n\t\t\t\t\t\t\t<a href=\"https:\/\/fsc-ccf.ca\/wp-content\/uploads\/2024\/04\/FSC_CRADLESummaryReport.pdf\"\n\t\t\t\t\t\t\t\tclass=\"display-reports__report-link\">T\u00e9l\u00e9charger\t\t\t\t\t\t\t\t<img decoding=\"async\" src=\"https:\/\/fsc-ccf.ca\/wp-content\/themes\/ob-fsc-2.0\/images\/icons\/download-i-r-arrow.svg\" alt=\"\"\n\t\t\t\t\t\t\t\t\tclass=\"display-reports__report-link-arrow\">\n\t\t\t\t\t\t\t<\/a>\n\t\t\t\t\t\t<\/div>\n\t\t\t\t\t<\/div>\n\t\t\t\t\n\t\t\t\t\t<\/div>\n<\/div>\n<\/div>\n\n\n<\/div>\n\n    <\/div>\n<\/div>\n\n\n<div style=\"height:100px\" aria-hidden=\"true\" class=\"wp-block-spacer\"><\/div>\n\n\n\n<p class=\"padding-16 no-margin-bottom has-black-color has-text-color has-background\" style=\"background-color:#0000000d\">Des questions sur notre travail ? Souhaitez-vous avoir acc\u00e8s \u00e0 un rapport en anglais ou en fran\u00e7ais ? Veuillez contacter <a href=\"mailto:communications@fsc-ccf.ca\">communications@fsc-ccf.ca<\/a>.<\/p>\n\n\n\n<div style=\"height:30px\" aria-hidden=\"true\" class=\"wp-block-spacer\"><\/div>\n\n\n<div class=\"page-block cards-grid full-width-block card-style--default display-style--default page-block--white  \" >\n\t<div class=\"container container--with-overflow\">\n\t\t<h2 class=\"cards-grid__section-title heading-content section-title\">Plus de CCF<\/h2>\t\t\t\t<div class=\"overflow\">\n\t\t\t\n\t\t\t<div class=\"overflow__content cards-grid__grid large\">\n\t\t\t\n\t\t\t<div class=\"content-card content-card--research\">\n\t\t\t<div class=\"content-card__image\">\n\t\t\t<a href=\"https:\/\/fsc-ccf.ca\/fr\/recherche\/comment-les-educateurs-sadaptent-ils-a-la-revolution-de-lia\/\" target=\"_self\"><img decoding=\"async\" src=\"https:\/\/fsc-ccf.ca\/wp-content\/uploads\/2024\/10\/mature-teacher-speaking-about-code-2024-06-18-02-38-27-utc-scaled.jpg\" alt=\"Teacher of Computer Science standing in front of students in modern classroom and conducting lesson\"><\/a>\n\t\t<\/div>\n\t\t\t<div class=\"content-card__content\">\n\t\t<div class=\"content-card__text\">\n\t\t\t\t\t\t\t<div class=\"content-card__type\">\n\t\t\t\t\t<span href=\"https:\/\/fsc-ccf.ca\/fr\/recherche\/\">Recherche<\/span>\t\t\t\t<\/div>\n\t\t\t\n\t\t\t\n\t\t\t\t\t\t<h3 class=\"content-card__title\">\n\t\t\t\t<a href=\"https:\/\/fsc-ccf.ca\/fr\/recherche\/comment-les-educateurs-sadaptent-ils-a-la-revolution-de-lia\/\" target=\"_self\">Comment les \u00e9ducateurs s\u2019adaptent-ils \u00e0 la r\u00e9volution de l\u2019IA?<\/a>\n\t\t\t<\/h3>\n\n\t\t\t<div class=\"metadata metadata--event\">\n\t<ul>\n\t\t<li class=\"metadata__date\">\n\t\t\t<div class=\"metadata__icon\"><svg width=\"10\" height=\"12\" viewBox=\"0 0 10 12\" fill=\"none\" xmlns=\"http:\/\/www.w3.org\/2000\/svg\">\n<path id=\"calendar_today\" d=\"M1.11111 11.5477C0.805556 11.5477 0.543982 11.4358 0.326389 11.212C0.108796 10.9882 0 10.7191 0 10.4049V2.40486C0 2.09057 0.108796 1.82152 0.326389 1.59771C0.543982 1.3739 0.805556 1.262 1.11111 1.262H1.66667V0.119141H2.77778V1.262H7.22222V0.119141H8.33333V1.262H8.88889C9.19444 1.262 9.45602 1.3739 9.67361 1.59771C9.8912 1.82152 10 2.09057 10 2.40486V10.4049C10 10.7191 9.8912 10.9882 9.67361 11.212C9.45602 11.4358 9.19444 11.5477 8.88889 11.5477H1.11111ZM1.11111 10.4049H8.88889V4.69057H1.11111V10.4049Z\" fill=\"#71136C\"\/>\n<\/svg>\n<\/div>\n\t\t\tOctobre 2024\t\t<\/li>\n\n\t\t\t\t\t<li class=\"metadata__partners\">\n\t\t\t\t<div class=\"metadata__icon\"><svg width=\"12\" height=\"9\" viewBox=\"0 0 12 9\" fill=\"none\" xmlns=\"http:\/\/www.w3.org\/2000\/svg\">\n<path id=\"Parnter Icon\" d=\"M0 9.00014V7.50014C0 7.19657 0.0795454 6.91755 0.238636 6.66309C0.397727 6.40862 0.609091 6.21443 0.872727 6.0805C1.43636 5.80371 2.00909 5.59612 2.59091 5.45773C3.17273 5.31934 3.76364 5.25014 4.36364 5.25014C4.96364 5.25014 5.55455 5.31934 6.13636 5.45773C6.71818 5.59612 7.29091 5.80371 7.85455 6.0805C8.11818 6.21443 8.32955 6.40862 8.48864 6.66309C8.64773 6.91755 8.72727 7.19657 8.72727 7.50014V9.00014H0ZM9.81818 9.00014V7.393C9.81818 7.00014 9.70682 6.62291 9.48409 6.2613C9.26136 5.89969 8.94546 5.58943 8.53636 5.3305C9 5.38407 9.43636 5.47559 9.84546 5.60505C10.2545 5.73451 10.6364 5.893 10.9909 6.0805C11.3182 6.25907 11.5682 6.45773 11.7409 6.67648C11.9136 6.89523 12 7.13407 12 7.393V9.00014H9.81818ZM4.36364 4.71443C3.76364 4.71443 3.25 4.5046 2.82273 4.08496C2.39545 3.66532 2.18182 3.16085 2.18182 2.57157C2.18182 1.98228 2.39545 1.47782 2.82273 1.05818C3.25 0.638532 3.76364 0.428711 4.36364 0.428711C4.96364 0.428711 5.47727 0.638532 5.90455 1.05818C6.33182 1.47782 6.54545 1.98228 6.54545 2.57157C6.54545 3.16085 6.33182 3.66532 5.90455 4.08496C5.47727 4.5046 4.96364 4.71443 4.36364 4.71443ZM9.81818 2.57157C9.81818 3.16085 9.60455 3.66532 9.17727 4.08496C8.75 4.5046 8.23636 4.71443 7.63636 4.71443C7.53636 4.71443 7.40909 4.70326 7.25455 4.68094C7.1 4.65862 6.97273 4.63407 6.87273 4.60728C7.11818 4.32157 7.30682 4.0046 7.43864 3.65639C7.57045 3.30818 7.63636 2.94657 7.63636 2.57157C7.63636 2.19657 7.57045 1.83496 7.43864 1.48675C7.30682 1.13853 7.11818 0.821568 6.87273 0.535854C7 0.491211 7.12727 0.462193 7.25455 0.4488C7.38182 0.435407 7.50909 0.428711 7.63636 0.428711C8.23636 0.428711 8.75 0.638532 9.17727 1.05818C9.60455 1.47782 9.81818 1.98228 9.81818 2.57157Z\" fill=\"#71136C\"\/>\n<\/svg>\n<\/div>\n\t\t\t\t<div class=\"metadata__list\">\n\t\t\t\t\t<span>Signal49 Recherche<\/span>\t\t\t\t<\/div>\n\t\t\t<\/li>\n\t\t\t<\/ul>\n<\/div>\t\t\t<div class=\"content-card__deck\">\n\t\t\t\tDans cette \u00e9tude, nous explorons la mesure dans laquelle les \u00e9ducateurs de l\u2019enseignement postsecondaire utilisent les outils d\u2019IA g\u00e9n\u00e9rative dans leur pratique p\u00e9dagogique et discutons de leurs pr\u00e9occupations concernant cette nouvelle technologie.\t\t\t<\/div>\n\n\t\t\t\t\t\t\t\t\t\t\t\t\t<ul class=\"content-card__terms\">\n\t\t\t\t\t\t\t\t\t\t\t\t\t\t\t\t\t<li>\n\t\t\t\t\t\t\t\t\t\t\t\t\t\t\t\t\t<span class=\"term-square\" style=\"background-color:#04b8ad\"><\/span>\n\t\t\t\t\t\t\t\t\t\t\t\t\t\t\t\t<a href=\"https:\/\/fsc-ccf.ca\/fr\/themes\/technologie-et-automatisation\/\">Technologie et automatisation<\/a>\n\t\t\t\t\t\t\t<\/li>\n\t\t\t\t\t\t\t\t\t\t\t\t\t\t\t<\/ul>\n\t\t\t\t\t\t\n\t\t<\/div>\n\t\t\n\t<details class=\"related-reports\">\n\t\t<summary class=\"related-reports__summary\">\n\t\t\t<span class=\"related-reports__count\">1<\/span>\n\t\t\t<span class=\"related-reports__title\">Rapports associ\u00e9s<\/span>\n\t\t\t<span class=\"related-reports__icon\"><\/span>\n\t\t<\/summary>\n\t\t<ul class=\"related-reports__reports\">\n\t\t\t\t\t\t\t\t<li class=\"related-reports__report\">\n\t\t\t\t\t\t<a href=\"https:\/\/fsc-ccf.ca\/wp-content\/uploads\/2024\/10\/educateurs-s-adaptent-ils-a-la-revolution-de-l-ia_2024.pdf\" target=\"_blank\">\n\t\t\t\t\t\t\t<div class=\"related-reports__tags\">\n\t\t\t\t\t\t\t\t<span class=\"related-reports__tag related-reports__tag--primary\">Rapport de recherche complet<\/span><span class=\"related-reports__tag related-reports__tag--secondary\">PDF<\/span>\t\t\t\t\t\t\t<\/div>\n\n\t\t\t\t\t\t\tComment les \u00e9ducateurs s\u2019adaptent-ils \u00e0 la r\u00e9volution de l\u2019IA?\t\t\t\t\t\t<\/a>\n\t\t\t\t\t<\/li>\n\t\t\t\t\t\t\t\t<\/ul>\n\t<\/details>\n\t<\/div>\n<\/div><div class=\"content-card content-card--project\">\n\t\t\t<div class=\"content-card__image\">\n\t\t\t<a href=\"https:\/\/fsc-ccf.ca\/fr\/projets\/bridging-psychometrics\/\" target=\"_self\"><img decoding=\"async\" src=\"https:\/\/fsc-ccf.ca\/wp-content\/uploads\/2024\/08\/business-team-working-in-a-start-up-office-2023-11-27-04-51-19-utc-800x600.jpg\" alt=\"Project managers and employees brainstorming while sitting on the office floor\"><\/a>\n\t\t<\/div>\n\t\t\t<div class=\"content-card__content\">\n\t\t<div class=\"content-card__text\">\n\t\t\t\t\t\t\t<div class=\"content-card__type\">\n\t\t\t\t\t<span href=\"https:\/\/fsc-ccf.ca\/fr\/projets\/\">Projet<\/span>\t\t\t\t<\/div>\n\t\t\t\n\t\t\t\n\t\t\t\t\t\t<h3 class=\"content-card__title\">\n\t\t\t\t<a href=\"https:\/\/fsc-ccf.ca\/fr\/projets\/bridging-psychometrics\/\" target=\"_self\">Lier la psychom\u00e9trie et les comp\u00e9tences dans un projet d\u2019emploi des jeunes soutenu par la technologie \u2014 Project Integrate<\/a>\n\t\t\t<\/h3>\n\n\t\t\t<div class=\"metadata metadata--event\">\n\t<ul>\n\t\t<li class=\"metadata__date\">\n\t\t\t<div class=\"metadata__icon\"><svg width=\"10\" height=\"12\" viewBox=\"0 0 10 12\" fill=\"none\" xmlns=\"http:\/\/www.w3.org\/2000\/svg\">\n<path id=\"calendar_today\" d=\"M1.11111 11.5477C0.805556 11.5477 0.543982 11.4358 0.326389 11.212C0.108796 10.9882 0 10.7191 0 10.4049V2.40486C0 2.09057 0.108796 1.82152 0.326389 1.59771C0.543982 1.3739 0.805556 1.262 1.11111 1.262H1.66667V0.119141H2.77778V1.262H7.22222V0.119141H8.33333V1.262H8.88889C9.19444 1.262 9.45602 1.3739 9.67361 1.59771C9.8912 1.82152 10 2.09057 10 2.40486V10.4049C10 10.7191 9.8912 10.9882 9.67361 11.212C9.45602 11.4358 9.19444 11.5477 8.88889 11.5477H1.11111ZM1.11111 10.4049H8.88889V4.69057H1.11111V10.4049Z\" fill=\"#71136C\"\/>\n<\/svg>\n<\/div>\n\t\t\tAo\u00fbt 2025\t\t<\/li>\n\n\t\t\t\t\t<li class=\"metadata__partners\">\n\t\t\t\t<div class=\"metadata__icon\"><svg width=\"12\" height=\"9\" viewBox=\"0 0 12 9\" fill=\"none\" xmlns=\"http:\/\/www.w3.org\/2000\/svg\">\n<path id=\"Parnter Icon\" d=\"M0 9.00014V7.50014C0 7.19657 0.0795454 6.91755 0.238636 6.66309C0.397727 6.40862 0.609091 6.21443 0.872727 6.0805C1.43636 5.80371 2.00909 5.59612 2.59091 5.45773C3.17273 5.31934 3.76364 5.25014 4.36364 5.25014C4.96364 5.25014 5.55455 5.31934 6.13636 5.45773C6.71818 5.59612 7.29091 5.80371 7.85455 6.0805C8.11818 6.21443 8.32955 6.40862 8.48864 6.66309C8.64773 6.91755 8.72727 7.19657 8.72727 7.50014V9.00014H0ZM9.81818 9.00014V7.393C9.81818 7.00014 9.70682 6.62291 9.48409 6.2613C9.26136 5.89969 8.94546 5.58943 8.53636 5.3305C9 5.38407 9.43636 5.47559 9.84546 5.60505C10.2545 5.73451 10.6364 5.893 10.9909 6.0805C11.3182 6.25907 11.5682 6.45773 11.7409 6.67648C11.9136 6.89523 12 7.13407 12 7.393V9.00014H9.81818ZM4.36364 4.71443C3.76364 4.71443 3.25 4.5046 2.82273 4.08496C2.39545 3.66532 2.18182 3.16085 2.18182 2.57157C2.18182 1.98228 2.39545 1.47782 2.82273 1.05818C3.25 0.638532 3.76364 0.428711 4.36364 0.428711C4.96364 0.428711 5.47727 0.638532 5.90455 1.05818C6.33182 1.47782 6.54545 1.98228 6.54545 2.57157C6.54545 3.16085 6.33182 3.66532 5.90455 4.08496C5.47727 4.5046 4.96364 4.71443 4.36364 4.71443ZM9.81818 2.57157C9.81818 3.16085 9.60455 3.66532 9.17727 4.08496C8.75 4.5046 8.23636 4.71443 7.63636 4.71443C7.53636 4.71443 7.40909 4.70326 7.25455 4.68094C7.1 4.65862 6.97273 4.63407 6.87273 4.60728C7.11818 4.32157 7.30682 4.0046 7.43864 3.65639C7.57045 3.30818 7.63636 2.94657 7.63636 2.57157C7.63636 2.19657 7.57045 1.83496 7.43864 1.48675C7.30682 1.13853 7.11818 0.821568 6.87273 0.535854C7 0.491211 7.12727 0.462193 7.25455 0.4488C7.38182 0.435407 7.50909 0.428711 7.63636 0.428711C8.23636 0.428711 8.75 0.638532 9.17727 1.05818C9.60455 1.47782 9.81818 1.98228 9.81818 2.57157Z\" fill=\"#71136C\"\/>\n<\/svg>\n<\/div>\n\t\t\t\t<div class=\"metadata__list\">\n\t\t\t\t\t<span>Ontario Tourism Education Corporation (OTEC)<\/span>\t\t\t\t<\/div>\n\t\t\t<\/li>\n\t\t\t<\/ul>\n<\/div>\t\t\t<div class=\"content-card__deck\">\n\t\t\t\tLe projet visait \u00e0 mieux comprendre comment les outils num\u00e9riques pourraient appuyer les d\u00e9cisions de carri\u00e8re des jeunes au Canada et faciliter le travail des fournisseurs de services d\u2019emploi.\t\t\t<\/div>\n\n\t\t\t\t\t\t\t\t\t\t\t\t\t<ul class=\"content-card__terms\">\n\t\t\t\t\t\t\t\t\t\t\t\t\t\t\t\t\t<li>\n\t\t\t\t\t\t\t\t\t\t\t\t\t\t\t\t\t<span class=\"term-square\" style=\"background-color:#04b8ad\"><\/span>\n\t\t\t\t\t\t\t\t\t\t\t\t\t\t\t\t<a href=\"https:\/\/fsc-ccf.ca\/fr\/themes\/technologie-et-automatisation\/\">Technologie et automatisation<\/a>\n\t\t\t\t\t\t\t<\/li>\n\t\t\t\t\t\t\t\t\t\t\t\t\t\t\t<\/ul>\n\t\t\t\t\t\t\n\t\t<\/div>\n\t\t\n\t<details class=\"related-reports\">\n\t\t<summary class=\"related-reports__summary\">\n\t\t\t<span class=\"related-reports__count\">3<\/span>\n\t\t\t<span class=\"related-reports__title\">Rapports associ\u00e9s<\/span>\n\t\t\t<span class=\"related-reports__icon\"><\/span>\n\t\t<\/summary>\n\t\t<ul class=\"related-reports__reports\">\n\t\t\t\t\t\t\t\t<li class=\"related-reports__report\">\n\t\t\t\t\t\t<a href=\"https:\/\/fsc-ccf.ca\/wp-content\/uploads\/2025\/09\/FSC-20210526-OTEC-INTEGRATE-FinalActivityReport.pdf\" target=\"_blank\">\n\t\t\t\t\t\t\t<div class=\"related-reports__tags\">\n\t\t\t\t\t\t\t\t<span class=\"related-reports__tag related-reports__tag--primary\">Rapport final<\/span><span class=\"related-reports__tag related-reports__tag--secondary\">PDF<\/span><span class=\"related-reports__tag related-reports__tag--secondary\">En anglais seulement<\/span>\t\t\t\t\t\t\t<\/div>\n\n\t\t\t\t\t\t\tProject Integrate: Final Report\t\t\t\t\t\t<\/a>\n\t\t\t\t\t<\/li>\n\t\t\t\t\t\t\t\t<li class=\"related-reports__report\">\n\t\t\t\t\t\t<a href=\"https:\/\/fsc-ccf.ca\/wp-content\/uploads\/2025\/06\/FSC_ProjectIntegrate-BlueprintRecommendationsReport.pdf\" target=\"_blank\">\n\t\t\t\t\t\t\t<div class=\"related-reports__tags\">\n\t\t\t\t\t\t\t\t<span class=\"related-reports__tag related-reports__tag--primary\">Rapport d\u2019\u00e9valuation<\/span><span class=\"related-reports__tag related-reports__tag--secondary\">PDF<\/span><span class=\"related-reports__tag related-reports__tag--secondary\">En anglais seulement<\/span>\t\t\t\t\t\t\t<\/div>\n\n\t\t\t\t\t\t\tProject Integrate: A Blueprint for a Technology-enabled Employment Pathway for Youth\t\t\t\t\t\t<\/a>\n\t\t\t\t\t<\/li>\n\t\t\t\t\t\t\t\t\t\t<li class=\"related-reports__report\">\n\t\t\t\t\t<a href=\"https:\/\/fsc-ccf.ca\/wp-content\/uploads\/2025\/09\/lier-la-psychometrie-et-les-competences-dans-un-projet-demploi-des-jeunes-soutenu-par-la-technologie-project-integrate.pdf\" target=\"_blank\">\n\t\t\t\t\t\t<div class=\"related-reports__tags\">\n\t\t\t\t\t\t\t<span class=\"related-reports__tag related-reports__tag--primary\">Rapport de Perspectives<\/span><span class=\"related-reports__tag related-reports__tag--secondary\">PDF<\/span>\t\t\t\t\t\t<\/div>\n\n\t\t\t\t\t\tT\u00e9l\u00e9charger le rapport de perspective\t\t\t\t\t<\/a>\n\t\t\t\t<\/li>\n\t\t\t\t\t<\/ul>\n\t<\/details>\n\t<\/div>\n<\/div><div class=\"content-card content-card--project\">\n\t\t\t<div class=\"content-card__image\">\n\t\t\t<a href=\"https:\/\/fsc-ccf.ca\/fr\/projets\/competences-yukon\/\" target=\"_self\"><img decoding=\"async\" src=\"https:\/\/fsc-ccf.ca\/wp-content\/uploads\/2021\/03\/yukon-university-image-800x600.png\" alt=\"Image of Yukon landscape.\"><\/a>\n\t\t<\/div>\n\t\t\t<div class=\"content-card__content\">\n\t\t<div class=\"content-card__text\">\n\t\t\t\t\t\t\t<div class=\"content-card__type\">\n\t\t\t\t\t<span href=\"https:\/\/fsc-ccf.ca\/fr\/projets\/\">Projet<\/span>\t\t\t\t<\/div>\n\t\t\t\n\t\t\t\n\t\t\t\t\t\t<h3 class=\"content-card__title\">\n\t\t\t\t<a href=\"https:\/\/fsc-ccf.ca\/fr\/projets\/competences-yukon\/\" target=\"_self\">Recherche et engagement en mati\u00e8re de comp\u00e9tences au Yukon<\/a>\n\t\t\t<\/h3>\n\n\t\t\t<div class=\"metadata metadata--event\">\n\t<ul>\n\t\t<li class=\"metadata__date\">\n\t\t\t<div class=\"metadata__icon\"><svg width=\"10\" height=\"12\" viewBox=\"0 0 10 12\" fill=\"none\" xmlns=\"http:\/\/www.w3.org\/2000\/svg\">\n<path id=\"calendar_today\" d=\"M1.11111 11.5477C0.805556 11.5477 0.543982 11.4358 0.326389 11.212C0.108796 10.9882 0 10.7191 0 10.4049V2.40486C0 2.09057 0.108796 1.82152 0.326389 1.59771C0.543982 1.3739 0.805556 1.262 1.11111 1.262H1.66667V0.119141H2.77778V1.262H7.22222V0.119141H8.33333V1.262H8.88889C9.19444 1.262 9.45602 1.3739 9.67361 1.59771C9.8912 1.82152 10 2.09057 10 2.40486V10.4049C10 10.7191 9.8912 10.9882 9.67361 11.212C9.45602 11.4358 9.19444 11.5477 8.88889 11.5477H1.11111ZM1.11111 10.4049H8.88889V4.69057H1.11111V10.4049Z\" fill=\"#71136C\"\/>\n<\/svg>\n<\/div>\n\t\t\tAvril 2021\t\t<\/li>\n\n\t\t\t\t\t<li class=\"metadata__partners\">\n\t\t\t\t<div class=\"metadata__icon\"><svg width=\"12\" height=\"9\" viewBox=\"0 0 12 9\" fill=\"none\" xmlns=\"http:\/\/www.w3.org\/2000\/svg\">\n<path id=\"Parnter Icon\" d=\"M0 9.00014V7.50014C0 7.19657 0.0795454 6.91755 0.238636 6.66309C0.397727 6.40862 0.609091 6.21443 0.872727 6.0805C1.43636 5.80371 2.00909 5.59612 2.59091 5.45773C3.17273 5.31934 3.76364 5.25014 4.36364 5.25014C4.96364 5.25014 5.55455 5.31934 6.13636 5.45773C6.71818 5.59612 7.29091 5.80371 7.85455 6.0805C8.11818 6.21443 8.32955 6.40862 8.48864 6.66309C8.64773 6.91755 8.72727 7.19657 8.72727 7.50014V9.00014H0ZM9.81818 9.00014V7.393C9.81818 7.00014 9.70682 6.62291 9.48409 6.2613C9.26136 5.89969 8.94546 5.58943 8.53636 5.3305C9 5.38407 9.43636 5.47559 9.84546 5.60505C10.2545 5.73451 10.6364 5.893 10.9909 6.0805C11.3182 6.25907 11.5682 6.45773 11.7409 6.67648C11.9136 6.89523 12 7.13407 12 7.393V9.00014H9.81818ZM4.36364 4.71443C3.76364 4.71443 3.25 4.5046 2.82273 4.08496C2.39545 3.66532 2.18182 3.16085 2.18182 2.57157C2.18182 1.98228 2.39545 1.47782 2.82273 1.05818C3.25 0.638532 3.76364 0.428711 4.36364 0.428711C4.96364 0.428711 5.47727 0.638532 5.90455 1.05818C6.33182 1.47782 6.54545 1.98228 6.54545 2.57157C6.54545 3.16085 6.33182 3.66532 5.90455 4.08496C5.47727 4.5046 4.96364 4.71443 4.36364 4.71443ZM9.81818 2.57157C9.81818 3.16085 9.60455 3.66532 9.17727 4.08496C8.75 4.5046 8.23636 4.71443 7.63636 4.71443C7.53636 4.71443 7.40909 4.70326 7.25455 4.68094C7.1 4.65862 6.97273 4.63407 6.87273 4.60728C7.11818 4.32157 7.30682 4.0046 7.43864 3.65639C7.57045 3.30818 7.63636 2.94657 7.63636 2.57157C7.63636 2.19657 7.57045 1.83496 7.43864 1.48675C7.30682 1.13853 7.11818 0.821568 6.87273 0.535854C7 0.491211 7.12727 0.462193 7.25455 0.4488C7.38182 0.435407 7.50909 0.428711 7.63636 0.428711C8.23636 0.428711 8.75 0.638532 9.17727 1.05818C9.60455 1.47782 9.81818 1.98228 9.81818 2.57157Z\" fill=\"#71136C\"\/>\n<\/svg>\n<\/div>\n\t\t\t\t<div class=\"metadata__list\">\n\t\t\t\t\t<span>Yukon University<\/span>\t\t\t\t<\/div>\n\t\t\t<\/li>\n\t\t\t<\/ul>\n<\/div>\t\t\t<div class=\"content-card__deck\">\n\t\t\t\tCette recherche permettra d\u2019aider le Yukon \u00e0 se remettre de l\u2019impact \u00e9conomique de la COVID-19 et \u00e0 d\u00e9velopper sa r\u00e9silience pour se pr\u00e9parer aux chocs futurs.\t\t\t<\/div>\n\n\t\t\t\t\t\t\t\t\t\t\t\t\t<ul class=\"content-card__terms\">\n\t\t\t\t\t\t\t\t\t\t\t\t\t\t\t\t\t<li>\n\t\t\t\t\t\t\t\t\t\t\t\t\t\t\t\t\t<span class=\"term-square\" style=\"background-color:#d218c0\"><\/span>\n\t\t\t\t\t\t\t\t\t\t\t\t\t\t\t\t<a href=\"https:\/\/fsc-ccf.ca\/fr\/themes\/economie-inclusive\/\">\u00c9conomie inclusive<\/a>\n\t\t\t\t\t\t\t<\/li>\n\t\t\t\t\t\t\t\t\t\t\t\t\t\t\t\t\t\t\t\t<\/ul>\n\t\t\t\t\t\t\n\t\t<\/div>\n\t\t\t<\/div>\n<\/div>\t\t\t<\/div>\n\t\t\t\t\t<\/div>\n\t\t\t\t\t\t<a href=\"https:\/\/fsc-ccf.ca\/fr\/projects-and-research-archive\/\" class=\"cards-grid__view-all heading-content\"><span>Afficher tout<\/span><span class=\"triangle triangle--right\"><\/span><\/a>\n\t\t\t\t\t\t<\/div>\n<\/div>\n\n\n\n<p class=\"padding-16 no-margin-bottom citation has-black-color has-text-color has-background\" style=\"background-color:#0000000d\"><strong>Comment Citer Ce Rapport<\/strong><br>Brown, C.M. (2024). Rapport de perspectives de projet\u00a0: CRADLE, Programme canadien d\u2019acc\u00e8s \u00e0 distance aux exp\u00e9riences d\u2019apprentissage sur la d\u00e9mence. Conestoga College Institute of Technology and Advanced Learning. Toronto\u00a0: Centre des Comp\u00e9tences futures.<\/p>\n","protected":false},"excerpt":{"rendered":"<p>Ce projet visait l\u2019expansion d\u2019un programme d\u00e9j\u00e0 \u00e9tabli connu sous le nom de Programme canadien d\u2019acc\u00e8s \u00e0 distance aux exp\u00e9riences d\u2019apprentissage sur la d\u00e9mence (CRADLE), un programme de formation gratuit et accessible sur les soins pour la d\u00e9mence destin\u00e9 aux TSNR.<\/p>\n","protected":false},"menu_order":0,"template":"custom-project-insight-report.php","tags":[],"region":[1319],"project_type":[],"populations":[1639,1636],"themes":[1548,1537,1631],"class_list":["post-316596","project","type-project","status-publish","hentry","region-across-canada-fr","populations-rural-remote-northern-communities-fr","populations-indigenous-peoples-fr","themes-economie-inclusive","themes-innovation-mise-echelle","themes-services-carriere"],"acf":{"partners":[{"ID":21281,"post_author":"1","post_date":"2020-04-28 06:29:21","post_date_gmt":"2020-04-28 10:29:21","post_content":"","post_title":"Conestoga College","post_excerpt":"","post_status":"publish","comment_status":"closed","ping_status":"closed","post_password":"","post_name":"conestoga-college","to_ping":"","pinged":"","post_modified":"2020-04-28 06:29:24","post_modified_gmt":"2020-04-28 10:29:24","post_content_filtered":"","post_parent":0,"guid":"https:\/\/fsc-ccf.ca\/?post_type=partner&#038;p=21281","menu_order":0,"post_type":"partner","post_mime_type":"","comment_count":"0","filter":"raw"}],"anchors":[{"anchor_name":"Sommaire","anchor_link":"#executive-summary"},{"anchor_name":"L\u2019enjeu","anchor_link":"#the-issue"},{"anchor_name":"Ce que nous examinons","anchor_link":"#what-were-investigating"},{"anchor_name":"Ce que nous apprenons","anchor_link":"#what-were-learning"},{"anchor_name":"Pourquoi c\u2019est important","anchor_link":"#why-it-matters"}],"contributors":"<p>Chloe-Marie Brown,<br \/>\n<em>Analyste des politiques,<br \/>\nCentre des Comp\u00e9tences futures<\/em><\/p>\n","scorecard_content":false,"reports_rows":{"report":[{"title":"Evaluation of the Scaling up the Canadian Remote Access for Dementia Learning Experiences (CRADLE+) Project","image":"https:\/\/fsc-ccf.ca\/wp-content\/uploads\/2020\/04\/conestoga-inline2-1.jpg","primary_tag":"Rapport d\u2019\u00e9valuation","secondary_tags":[{"tag":"PDF"},{"tag":"En anglais seulement"}],"link":"https:\/\/fsc-ccf.ca\/wp-content\/uploads\/2025\/03\/FSC_CRADLE-Evaluation-Report.pdf","file":false},{"title":"Canadian Remote Access for Dementia Learning Experiences: A Summary of Canadian Care Providers\u2019 Dementia-Related Knowledge and Skills","image":"https:\/\/fsc-ccf.ca\/wp-content\/uploads\/2020\/04\/conestoga-inline2-1.jpg","primary_tag":"Rapport d\u2019\u00e9valuation","secondary_tags":[{"tag":"PDF"},{"tag":"En anglais seulement"}],"link":"https:\/\/fsc-ccf.ca\/wp-content\/uploads\/2024\/04\/FSC_CRADLESummaryReport.pdf","file":false}]},"source":"","primary_theme":false,"hero_image":false,"slider_image":false,"authors":"","authors_colour":[],"show_post_date":[],"report":true,"file_secondary_tags":false,"report_image":false,"external_linkout":[],"investment":"2\u2009 858\u2009 590 $","file_upload":false,"report_sort_name":"","report_link":"","thumbnail_image":{"ID":15839,"id":15839,"title":"conestoga-inline2","filename":"conestoga-inline2-1.jpg","filesize":309940,"url":"https:\/\/fsc-ccf.ca\/wp-content\/uploads\/2020\/04\/conestoga-inline2-1.jpg","link":"https:\/\/fsc-ccf.ca\/fr\/projets\/cradle\/conestoga-inline2-2-2\/","alt":"Two seniors sitting in armchairs in a hospital setting","author":"1","description":"","caption":"","name":"conestoga-inline2-2-2","status":"inherit","uploaded_to":316596,"date":"2020-04-21 17:36:07","modified":"2021-05-17 15:34:24","menu_order":0,"mime_type":"image\/jpeg","type":"image","subtype":"jpeg","icon":"https:\/\/fsc-ccf.ca\/wp-includes\/images\/media\/default.png","width":1920,"height":1080,"sizes":{"thumbnail":"https:\/\/fsc-ccf.ca\/wp-content\/uploads\/2020\/04\/conestoga-inline2-1-150x150.jpg","thumbnail-width":150,"thumbnail-height":150,"medium":"https:\/\/fsc-ccf.ca\/wp-content\/uploads\/2020\/04\/conestoga-inline2-1-300x169.jpg","medium-width":300,"medium-height":169,"medium_large":"https:\/\/fsc-ccf.ca\/wp-content\/uploads\/2020\/04\/conestoga-inline2-1-768x432.jpg","medium_large-width":768,"medium_large-height":432,"large":"https:\/\/fsc-ccf.ca\/wp-content\/uploads\/2020\/04\/conestoga-inline2-1-1024x576.jpg","large-width":1024,"large-height":576,"1536x1536":"https:\/\/fsc-ccf.ca\/wp-content\/uploads\/2020\/04\/conestoga-inline2-1-1536x864.jpg","1536x1536-width":1536,"1536x1536-height":864,"2048x2048":"https:\/\/fsc-ccf.ca\/wp-content\/uploads\/2020\/04\/conestoga-inline2-1.jpg","2048x2048-width":1920,"2048x2048-height":1080,"preview":"https:\/\/fsc-ccf.ca\/wp-content\/uploads\/2020\/04\/conestoga-inline2-1-10x6.jpg","preview-width":10,"preview-height":6,"content-card-thumbnail":"https:\/\/fsc-ccf.ca\/wp-content\/uploads\/2020\/04\/conestoga-inline2-1-800x600.jpg","content-card-thumbnail-width":800,"content-card-thumbnail-height":600,"slider-image":"https:\/\/fsc-ccf.ca\/wp-content\/uploads\/2020\/04\/conestoga-inline2-1-1600x1080.jpg","slider-image-width":1600,"slider-image-height":1080,"hero-image":"https:\/\/fsc-ccf.ca\/wp-content\/uploads\/2020\/04\/conestoga-inline2-1.jpg","hero-image-width":1920,"hero-image-height":1080,"inline-image":"https:\/\/fsc-ccf.ca\/wp-content\/uploads\/2020\/04\/conestoga-inline2-1-1024x512.jpg","inline-image-width":1024,"inline-image-height":512,"content-card-thumbnail-vertical":"https:\/\/fsc-ccf.ca\/wp-content\/uploads\/2020\/04\/conestoga-inline2-1.jpg","content-card-thumbnail-vertical-width":400,"content-card-thumbnail-vertical-height":225}}},"yoast_head":"<!-- This site is optimized with the Yoast SEO plugin v27.4 - https:\/\/yoast.com\/product\/yoast-seo-wordpress\/ -->\n<title>Programme canadien d\u2019acc\u00e8s \u00e0 distance aux exp\u00e9riences d\u2019apprentissage sur la d\u00e9mence (CRADLE+) - Future Skills Centre \u2022 Centre des Comp\u00e9tences futures<\/title>\n<meta name=\"description\" content=\"Ce projet visait l\u2019expansion d\u2019un programme d\u00e9j\u00e0 \u00e9tabli connu sous le nom de Programme canadien d\u2019acc\u00e8s \u00e0 distance aux exp\u00e9riences d\u2019apprentissage sur la d\u00e9mence (CRADLE), un programme de formation gratuit et accessible sur les soins pour la d\u00e9mence destin\u00e9 aux TSNR.\" \/>\n<meta name=\"robots\" content=\"index, follow, max-snippet:-1, max-image-preview:large, max-video-preview:-1\" \/>\n<link rel=\"canonical\" href=\"https:\/\/fsc-ccf.ca\/fr\/projets\/cradle\/\" \/>\n<meta name=\"twitter:label1\" content=\"Est. reading time\" \/>\n\t<meta name=\"twitter:data1\" content=\"9 minutes\" \/>\n<script type=\"application\/ld+json\" class=\"yoast-schema-graph\">{\"@context\":\"https:\\\/\\\/schema.org\",\"@graph\":[{\"@type\":\"WebPage\",\"@id\":\"https:\\\/\\\/fsc-ccf.ca\\\/fr\\\/projets\\\/cradle\\\/\",\"url\":\"https:\\\/\\\/fsc-ccf.ca\\\/fr\\\/projets\\\/cradle\\\/\",\"name\":\"Programme canadien d\u2019acc\u00e8s \u00e0 distance aux exp\u00e9riences d\u2019apprentissage sur la d\u00e9mence (CRADLE+) - Future Skills Centre \u2022 Centre des Comp\u00e9tences futures\",\"isPartOf\":{\"@id\":\"https:\\\/\\\/fsc-ccf.ca\\\/fr\\\/#website\"},\"primaryImageOfPage\":{\"@id\":\"https:\\\/\\\/fsc-ccf.ca\\\/fr\\\/projets\\\/cradle\\\/#primaryimage\"},\"image\":{\"@id\":\"https:\\\/\\\/fsc-ccf.ca\\\/fr\\\/projets\\\/cradle\\\/#primaryimage\"},\"thumbnailUrl\":\"https:\\\/\\\/fsc-ccf.ca\\\/wp-content\\\/uploads\\\/2024\\\/07\\\/Frame.svg\",\"datePublished\":\"2025-06-12T17:33:35+00:00\",\"dateModified\":\"2025-06-12T18:00:39+00:00\",\"description\":\"Ce projet visait l\u2019expansion d\u2019un programme d\u00e9j\u00e0 \u00e9tabli connu sous le nom de Programme canadien d\u2019acc\u00e8s \u00e0 distance aux exp\u00e9riences d\u2019apprentissage sur la d\u00e9mence (CRADLE), un programme de formation gratuit et accessible sur les soins pour la d\u00e9mence destin\u00e9 aux TSNR.\",\"breadcrumb\":{\"@id\":\"https:\\\/\\\/fsc-ccf.ca\\\/fr\\\/projets\\\/cradle\\\/#breadcrumb\"},\"inLanguage\":\"fr-FR\",\"potentialAction\":[{\"@type\":\"ReadAction\",\"target\":[\"https:\\\/\\\/fsc-ccf.ca\\\/fr\\\/projets\\\/cradle\\\/\"]}]},{\"@type\":\"ImageObject\",\"inLanguage\":\"fr-FR\",\"@id\":\"https:\\\/\\\/fsc-ccf.ca\\\/fr\\\/projets\\\/cradle\\\/#primaryimage\",\"url\":\"https:\\\/\\\/fsc-ccf.ca\\\/wp-content\\\/uploads\\\/2024\\\/07\\\/Frame.svg\",\"contentUrl\":\"https:\\\/\\\/fsc-ccf.ca\\\/wp-content\\\/uploads\\\/2024\\\/07\\\/Frame.svg\"},{\"@type\":\"BreadcrumbList\",\"@id\":\"https:\\\/\\\/fsc-ccf.ca\\\/fr\\\/projets\\\/cradle\\\/#breadcrumb\",\"itemListElement\":[{\"@type\":\"ListItem\",\"position\":1,\"name\":\"Home\",\"item\":\"https:\\\/\\\/fsc-ccf.ca\\\/fr\\\/\"},{\"@type\":\"ListItem\",\"position\":2,\"name\":\"Projets\",\"item\":\"https:\\\/\\\/fsc-ccf.ca\\\/fr\\\/projets\\\/\"},{\"@type\":\"ListItem\",\"position\":3,\"name\":\"Programme canadien d\u2019acc\u00e8s \u00e0 distance aux exp\u00e9riences d\u2019apprentissage sur la d\u00e9mence (CRADLE+)\"}]},{\"@type\":\"WebSite\",\"@id\":\"https:\\\/\\\/fsc-ccf.ca\\\/fr\\\/#website\",\"url\":\"https:\\\/\\\/fsc-ccf.ca\\\/fr\\\/\",\"name\":\"Future Skills Centre \u2022 Centre des Comp\u00e9tences futures\",\"description\":\"\",\"publisher\":{\"@id\":\"https:\\\/\\\/fsc-ccf.ca\\\/fr\\\/#organization\"},\"potentialAction\":[{\"@type\":\"SearchAction\",\"target\":{\"@type\":\"EntryPoint\",\"urlTemplate\":\"https:\\\/\\\/fsc-ccf.ca\\\/fr\\\/?s={search_term_string}\"},\"query-input\":{\"@type\":\"PropertyValueSpecification\",\"valueRequired\":true,\"valueName\":\"search_term_string\"}}],\"inLanguage\":\"fr-FR\"},{\"@type\":\"Organization\",\"@id\":\"https:\\\/\\\/fsc-ccf.ca\\\/fr\\\/#organization\",\"name\":\"Future Skills Centre \u2022 Centre des Comp\u00e9tences futures\",\"url\":\"https:\\\/\\\/fsc-ccf.ca\\\/fr\\\/\",\"logo\":{\"@type\":\"ImageObject\",\"inLanguage\":\"fr-FR\",\"@id\":\"https:\\\/\\\/fsc-ccf.ca\\\/fr\\\/#\\\/schema\\\/logo\\\/image\\\/\",\"url\":\"https:\\\/\\\/fsc-ccf.ca\\\/wp-content\\\/uploads\\\/2019\\\/08\\\/FSC_logo_colour_rgb_positive_ENG.png\",\"contentUrl\":\"https:\\\/\\\/fsc-ccf.ca\\\/wp-content\\\/uploads\\\/2019\\\/08\\\/FSC_logo_colour_rgb_positive_ENG.png\",\"width\":618,\"height\":528,\"caption\":\"Future Skills Centre \u2022 Centre des Comp\u00e9tences futures\"},\"image\":{\"@id\":\"https:\\\/\\\/fsc-ccf.ca\\\/fr\\\/#\\\/schema\\\/logo\\\/image\\\/\"},\"sameAs\":[\"https:\\\/\\\/www.facebook.com\\\/2161871137193201\\\/\",\"https:\\\/\\\/x.com\\\/fsc_ccf_en\",\"https:\\\/\\\/www.instagram.com\\\/fsc_ccf\\\/\",\"https:\\\/\\\/www.linkedin.com\\\/company\\\/fsc-ccf\\\/\"]}]}<\/script>\n<!-- \/ Yoast SEO plugin. -->","yoast_head_json":{"title":"Programme canadien d\u2019acc\u00e8s \u00e0 distance aux exp\u00e9riences d\u2019apprentissage sur la d\u00e9mence (CRADLE+) - Future Skills Centre \u2022 Centre des Comp\u00e9tences futures","description":"Ce projet visait l\u2019expansion d\u2019un programme d\u00e9j\u00e0 \u00e9tabli connu sous le nom de Programme canadien d\u2019acc\u00e8s \u00e0 distance aux exp\u00e9riences d\u2019apprentissage sur la d\u00e9mence (CRADLE), un programme de formation gratuit et accessible sur les soins pour la d\u00e9mence destin\u00e9 aux TSNR.","robots":{"index":"index","follow":"follow","max-snippet":"max-snippet:-1","max-image-preview":"max-image-preview:large","max-video-preview":"max-video-preview:-1"},"canonical":"https:\/\/fsc-ccf.ca\/fr\/projets\/cradle\/","twitter_misc":{"Est. reading time":"9 minutes"},"schema":{"@context":"https:\/\/schema.org","@graph":[{"@type":"WebPage","@id":"https:\/\/fsc-ccf.ca\/fr\/projets\/cradle\/","url":"https:\/\/fsc-ccf.ca\/fr\/projets\/cradle\/","name":"Programme canadien d\u2019acc\u00e8s \u00e0 distance aux exp\u00e9riences d\u2019apprentissage sur la d\u00e9mence (CRADLE+) - Future Skills Centre \u2022 Centre des Comp\u00e9tences futures","isPartOf":{"@id":"https:\/\/fsc-ccf.ca\/fr\/#website"},"primaryImageOfPage":{"@id":"https:\/\/fsc-ccf.ca\/fr\/projets\/cradle\/#primaryimage"},"image":{"@id":"https:\/\/fsc-ccf.ca\/fr\/projets\/cradle\/#primaryimage"},"thumbnailUrl":"https:\/\/fsc-ccf.ca\/wp-content\/uploads\/2024\/07\/Frame.svg","datePublished":"2025-06-12T17:33:35+00:00","dateModified":"2025-06-12T18:00:39+00:00","description":"Ce projet visait l\u2019expansion d\u2019un programme d\u00e9j\u00e0 \u00e9tabli connu sous le nom de Programme canadien d\u2019acc\u00e8s \u00e0 distance aux exp\u00e9riences d\u2019apprentissage sur la d\u00e9mence (CRADLE), un programme de formation gratuit et accessible sur les soins pour la d\u00e9mence destin\u00e9 aux TSNR.","breadcrumb":{"@id":"https:\/\/fsc-ccf.ca\/fr\/projets\/cradle\/#breadcrumb"},"inLanguage":"fr-FR","potentialAction":[{"@type":"ReadAction","target":["https:\/\/fsc-ccf.ca\/fr\/projets\/cradle\/"]}]},{"@type":"ImageObject","inLanguage":"fr-FR","@id":"https:\/\/fsc-ccf.ca\/fr\/projets\/cradle\/#primaryimage","url":"https:\/\/fsc-ccf.ca\/wp-content\/uploads\/2024\/07\/Frame.svg","contentUrl":"https:\/\/fsc-ccf.ca\/wp-content\/uploads\/2024\/07\/Frame.svg"},{"@type":"BreadcrumbList","@id":"https:\/\/fsc-ccf.ca\/fr\/projets\/cradle\/#breadcrumb","itemListElement":[{"@type":"ListItem","position":1,"name":"Home","item":"https:\/\/fsc-ccf.ca\/fr\/"},{"@type":"ListItem","position":2,"name":"Projets","item":"https:\/\/fsc-ccf.ca\/fr\/projets\/"},{"@type":"ListItem","position":3,"name":"Programme canadien d\u2019acc\u00e8s \u00e0 distance aux exp\u00e9riences d\u2019apprentissage sur la d\u00e9mence (CRADLE+)"}]},{"@type":"WebSite","@id":"https:\/\/fsc-ccf.ca\/fr\/#website","url":"https:\/\/fsc-ccf.ca\/fr\/","name":"Future Skills Centre \u2022 Centre des Comp\u00e9tences futures","description":"","publisher":{"@id":"https:\/\/fsc-ccf.ca\/fr\/#organization"},"potentialAction":[{"@type":"SearchAction","target":{"@type":"EntryPoint","urlTemplate":"https:\/\/fsc-ccf.ca\/fr\/?s={search_term_string}"},"query-input":{"@type":"PropertyValueSpecification","valueRequired":true,"valueName":"search_term_string"}}],"inLanguage":"fr-FR"},{"@type":"Organization","@id":"https:\/\/fsc-ccf.ca\/fr\/#organization","name":"Future Skills Centre \u2022 Centre des Comp\u00e9tences futures","url":"https:\/\/fsc-ccf.ca\/fr\/","logo":{"@type":"ImageObject","inLanguage":"fr-FR","@id":"https:\/\/fsc-ccf.ca\/fr\/#\/schema\/logo\/image\/","url":"https:\/\/fsc-ccf.ca\/wp-content\/uploads\/2019\/08\/FSC_logo_colour_rgb_positive_ENG.png","contentUrl":"https:\/\/fsc-ccf.ca\/wp-content\/uploads\/2019\/08\/FSC_logo_colour_rgb_positive_ENG.png","width":618,"height":528,"caption":"Future Skills Centre \u2022 Centre des Comp\u00e9tences futures"},"image":{"@id":"https:\/\/fsc-ccf.ca\/fr\/#\/schema\/logo\/image\/"},"sameAs":["https:\/\/www.facebook.com\/2161871137193201\/","https:\/\/x.com\/fsc_ccf_en","https:\/\/www.instagram.com\/fsc_ccf\/","https:\/\/www.linkedin.com\/company\/fsc-ccf\/"]}]}},"_links":{"self":[{"href":"https:\/\/fsc-ccf.ca\/fr\/wp-json\/wp\/v2\/project\/316596","targetHints":{"allow":["GET"]}}],"collection":[{"href":"https:\/\/fsc-ccf.ca\/fr\/wp-json\/wp\/v2\/project"}],"about":[{"href":"https:\/\/fsc-ccf.ca\/fr\/wp-json\/wp\/v2\/types\/project"}],"version-history":[{"count":1,"href":"https:\/\/fsc-ccf.ca\/fr\/wp-json\/wp\/v2\/project\/316596\/revisions"}],"predecessor-version":[{"id":316598,"href":"https:\/\/fsc-ccf.ca\/fr\/wp-json\/wp\/v2\/project\/316596\/revisions\/316598"}],"wp:attachment":[{"href":"https:\/\/fsc-ccf.ca\/fr\/wp-json\/wp\/v2\/media?parent=316596"}],"wp:term":[{"taxonomy":"post_tag","embeddable":true,"href":"https:\/\/fsc-ccf.ca\/fr\/wp-json\/wp\/v2\/tags?post=316596"},{"taxonomy":"region","embeddable":true,"href":"https:\/\/fsc-ccf.ca\/fr\/wp-json\/wp\/v2\/region?post=316596"},{"taxonomy":"project_type","embeddable":true,"href":"https:\/\/fsc-ccf.ca\/fr\/wp-json\/wp\/v2\/project_type?post=316596"},{"taxonomy":"populations","embeddable":true,"href":"https:\/\/fsc-ccf.ca\/fr\/wp-json\/wp\/v2\/populations?post=316596"},{"taxonomy":"themes","embeddable":true,"href":"https:\/\/fsc-ccf.ca\/fr\/wp-json\/wp\/v2\/themes?post=316596"}],"curies":[{"name":"wp","href":"https:\/\/api.w.org\/{rel}","templated":true}]}}