			{"id":301438,"date":"2024-09-06T14:39:06","date_gmt":"2024-09-06T18:39:06","guid":{"rendered":"https:\/\/fsc-ccf.ca\/projects\/workforce-2030\/"},"modified":"2025-01-27T14:45:45","modified_gmt":"2025-01-27T19:45:45","slug":"workforce-2030","status":"publish","type":"project","link":"https:\/\/fsc-ccf.ca\/fr\/projets\/workforce-2030\/","title":{"rendered":"Main-d\u2019\u0153uvre\u00a02030\u00a0: Une mont\u00e9e en comp\u00e9tences rapide pour les m\u00e9tiers de la construction \u00e9cologique"},"content":{"rendered":"\n<div class=\"tabs style-white\" id=\"main-tabs\">\n    <ul id=\"tabs-nav\">\n\n    <\/ul>\n    <div class=\"tabs-content\">\n        \n\n\n<div class=\"tab tab-content\" data-title=\"Perspectives du CCF\" data-tab=\"\" id=\"\" data-show-reports=\"no\">\n        \n\n<div class=\"wp-block-group container container--with-overflow is-layout-constrained wp-block-group-is-layout-constrained\">\n<div class=\"wp-block-columns is-layout-flex wp-container-core-columns-is-layout-28f84493 wp-block-columns-is-layout-flex\">\n<div class=\"wp-block-column is-layout-flow wp-block-column-is-layout-flow\"><div class=\"insight-report__sidebar\">\n    <div class=\"insight-report__sidebar--container\">\n        <div class=\"insight-report__sidebar--details\">\n                            <div class=\"insight-report__partner\">\n                    <p class=\"is-style-slug insight-report__partner-title\">\n                        <img decoding=\"async\" src=\"https:\/\/fsc-ccf.ca\/wp-content\/themes\/ob-fsc-2.0\/images\/icons\/partners.svg\" alt=\"\"\n                            class=\"insight-report__partner-icon\"> <strong>Partenaires<\/strong>\n                    <\/p>\n                    \n                        <p class=\"insight-report__partner-p\"><a href=\"https:\/\/fsc-ccf.ca\/fr\/partner\/cagbc\/\"\n                                target=\"_blank\" rel=\"noreferrer noopener\">Canada Green Building Council (CaGBC)<\/a><\/p>\n                    \n                <\/div>\n            \n                            <div class=\"insight-report__location\">\n                    <p class=\"is-style-slug  insight-report__location-title\">\n                        <img decoding=\"async\" src=\"https:\/\/fsc-ccf.ca\/wp-content\/themes\/ob-fsc-2.0\/images\/icons\/location.svg\" alt=\"\"\n                            class=\"insight-report__location-icon\"> <strong>Emplacements<\/strong>\n                    <\/p>\n                                            <p class=\"insight-report__location-p\">Ontario<\/p>\n                    \n                <\/div>\n                                        <div class=\"insight-report__investment\">\n                    <p class=\"is-style-slug insight-report__investment-title\">\n                        <img decoding=\"async\" src=\"https:\/\/fsc-ccf.ca\/wp-content\/themes\/ob-fsc-2.0\/images\/icons\/investment.svg\" alt=\"\"\n                            class=\"insight-report__investment-icon\"> <strong>FONDS VERS\u00c9S<\/strong>\n                    <\/p>\n                    <p class=\"insight-report__investment-p\">\n                        1 230 307 $<\/p>\n\n                <\/div>\n                        <div class=\"insight-report__published\">\n                <p class=\"insight-report__published-title\">\n                    <img decoding=\"async\" src=\"https:\/\/fsc-ccf.ca\/wp-content\/themes\/ob-fsc-2.0\/images\/icons\/published.svg\" alt=\"\"\n                        class=\"insight-report__published-icon\"> Publi\u00e9                <\/p>\n                <p class=\"insight-report__published-p\">Septembre 2024<\/p>\n\n            <\/div>\n                            <div class=\"insight-report__contributors\">\n\n                    <p class=\"is-style-slug insight-report__investment-title insight-report__contributors-title\">\n                        <img decoding=\"async\" src=\"https:\/\/fsc-ccf.ca\/wp-content\/themes\/ob-fsc-2.0\/images\/icons\/contributors.svg\" alt=\"\"\n                            class=\"insight-report__investment-icon\"> <strong>Collaborateur<\/strong>\n                    <\/p>\n                    <div class=\"insight-report__contributors-p\">\n                        <p>Steve Richter,<br \/>\n<em>Analyste principale des politiques \u2013 bilingue<\/em><\/span><\/p>\n<\/div>\n                <\/div>\n                    <\/div>\n\n        <div class=\"insight-report__sidebar--sticky\">\n                            <div class=\"insight-report__sidebar--button-container\">\n                    <a href=\"https:\/\/fsc-ccf.ca\/wp-content\/uploads\/2025\/01\/main-doeuvre-2030-une-montee-en-competences-rapide-pour-les-metiers-de-la-construction-ecologique.pdf\"\n                        class=\"insight-report__sidebar--button\" target=\"_blank\"><span>T\u00e9l\u00e9charger<\/span><br>\n                        le rapport de perspective                        <img decoding=\"async\" src=\"https:\/\/fsc-ccf.ca\/wp-content\/themes\/ob-fsc-2.0\/images\/icons\/download-i-r-arrow.svg\"\n                            alt=\"\" class=\"insight-report__sidebar--button-img\"><\/a>\n                <\/div>\n            \n            <div class=\"insight-report__sidebar--anchors-container\">\n                <div class=\"insight-report__sidebar--anchors\">\n                    <p class=\"insight-report__sidebar--anchors--text\"><span>DANS CE RAPPORT<\/span><\/p>\n                                            <a href=\"#executive-summary\"\n                            class=\"insight-report__sidebar--anchors-anchor\"><span>Sommaire<\/span><\/a>                        <a href=\"#the-issue\"\n                            class=\"insight-report__sidebar--anchors-anchor\"><span>L\u2019enjeu<\/span><\/a>                        <a href=\"#what-were-investigating\"\n                            class=\"insight-report__sidebar--anchors-anchor\"><span>Ce que nous examinons<\/span><\/a>                        <a href=\"#what-were-learning\"\n                            class=\"insight-report__sidebar--anchors-anchor\"><span>Ce que nous apprenons<\/span><\/a>                        <a href=\"#why-it-matters\"\n                            class=\"insight-report__sidebar--anchors-anchor\"><span>Pourquoi c\u2019est important<\/span><\/a>                        <a href=\"#whats-next\"\n                            class=\"insight-report__sidebar--anchors-anchor\"><span>Prochaines \u00e9tapes<\/span><\/a>                <\/div>\n            <\/div>\n        <\/div>\n\n    <\/div>\n\n<\/div><\/div>\n\n\n\n<div class=\"wp-block-column is-layout-flow wp-block-column-is-layout-flow\" style=\"flex-basis:75%\">\n<div class=\"wp-block-group is-layout-constrained wp-block-group-is-layout-constrained\">\n<div class=\"wp-block-columns is-layout-flex wp-container-core-columns-is-layout-28f84493 wp-block-columns-is-layout-flex\">\n<div class=\"wp-block-column is-layout-flow wp-block-column-is-layout-flow\"><\/div>\n<\/div>\n<\/div>\n\n\n\n\n\n\n\n<div id=\"executive-summary\" class=\"wp-block-ob-blocks-anchor-point\"><\/div>\n\n\n\n<div class=\"wp-block-columns is-layout-flex wp-container-core-columns-is-layout-28f84493 wp-block-columns-is-layout-flex\">\n<div class=\"wp-block-column is-layout-flow wp-block-column-is-layout-flow\" style=\"flex-basis:100%\">\n<h3 class=\"wp-block-heading has-black-color has-text-color\" id=\"TheChallenge\"><img decoding=\"async\" class=\"wp-image-240812\" style=\"width: 24px;margin-right: 10px;position: relative;top: -2px\" src=\"https:\/\/fsc-ccf.ca\/wp-content\/uploads\/2024\/07\/Frame.svg\" alt=\"\"> Sommaire<\/h3>\n\n\n\n<p>D\u2019ici 2030, le Conseil du b\u00e2timent durable du Canada (CBDC) estime qu\u2019avec la mise en place d\u2019un cadre et d\u2019investissements appropri\u00e9s, l\u2019industrie canadienne des b\u00e2timents durables pourrait soutenir environ 1,5&nbsp;million d\u2019emplois directs. Rien qu\u2019en Ontario, plus de 100 000&nbsp;nouveaux travailleurs de la construction seront n\u00e9cessaires au cours des dix prochaines ann\u00e9es pour faire face \u00e0 la demande future et aux d\u00e9parts \u00e0 la retraite.<\/p>\n\n\n\n<p>Le rapport \u00ab Main-d\u2019\u0153uvre\u00a02030\u00a0: L\u2019initiative \u00ab Mont\u00e9e en comp\u00e9tences rapide pour les m\u00e9tiers de la construction \u00e9cologique \u00bb vise \u00e0 former de nouveaux travailleurs pour l\u2019industrie de la construction \u00e9cologique. Le projet visait \u00e0 faire passer les travailleurs de secteurs tels que le commerce de d\u00e9tail et l\u2019h\u00f4tellerie \u00e0 des fonctions li\u00e9es \u00e0 la construction \u00e9cologique en r\u00e9visant la conception des programmes d\u2019\u00e9tudes avec le soutien des partenaires de l\u2019industrie et de l\u2019\u00e9ducation. Le succ\u00e8s de cette initiative est d\u00fb \u00e0 l\u2019ajout du contenu de la formation sur les b\u00e2timents \u00e9cologiques et \u00e0 faible \u00e9mission de carbone \u00e0 la programmation existante.<\/p>\n\n\n\n<p>Le projet a permis de former 587&nbsp;participants, d\u00e9passant ainsi son objectif de 500. Il est important de noter que le projet a donn\u00e9 la priorit\u00e9 aux communaut\u00e9s marginalis\u00e9es, plus de 90&nbsp;% des participants \u00e0 la formation appartenant \u00e0 un groupe d\u00e9favoris\u00e9.<\/p>\n\n\n\n<p>Le mod\u00e8le de collaboration qui implique \u00e0 la fois l\u2019industrie et les partenaires de formation a permis de garantir que les programmes d\u2019\u00e9tudes et le contenu des comp\u00e9tences correspondent aux besoins des employeurs. L\u2019accent mis sur la demande a conduit \u00e0 des am\u00e9liorations importantes de l\u2019employabilit\u00e9 et des comp\u00e9tences, les salons de l\u2019emploi contribuant \u00e0 des placements concrets.<\/p>\n\n\n\n<p>Dans l\u2019ensemble, le projet a d\u00e9montr\u00e9 comment progresser vers la diversification du r\u00e9servoir de main-d\u2019\u0153uvre potentielle tout en aidant les employeurs \u00e0 faire face aux p\u00e9nuries de main-d\u2019\u0153uvre dans un secteur critique. Le projet a fait ressortir un certain nombre d\u2019enseignements, de lacunes et de moyens efficaces de fournir des comp\u00e9tences en mati\u00e8re de construction \u00e0 faible \u00e9mission de carbone aux travailleurs vuln\u00e9rables afin de r\u00e9pondre aux besoins de l\u2019industrie de la construction \u00e9cologique et, surtout, de progresser dans la r\u00e9alisation des objectifs climatiques ambitieux du Canada.<\/p>\n\n\n\n<div class=\"wp-block-group key-insights-grey has-background is-layout-constrained wp-block-group-is-layout-constrained\" style=\"background-color:#0000000d\">\n<div class=\"wp-block-columns is-layout-flex wp-container-core-columns-is-layout-28f84493 wp-block-columns-is-layout-flex\">\n<div class=\"wp-block-column is-layout-flow wp-block-column-is-layout-flow\">\n<h5 class=\"wp-block-heading\"><strong>Perspectives cl\u00e9s<\/strong><\/h5>\n\n\n\n<p class=\"is-style-default is-flex\"><img decoding=\"async\" class=\"wp-image-243230\" style=\"width: 40px;margin-right: 16px\" src=\"https:\/\/fsc-ccf.ca\/wp-content\/uploads\/2024\/07\/No.svg\" alt=\"\">La formation aux comp\u00e9tences en mati\u00e8re de faibles \u00e9missions de carbone peut \u00eatre int\u00e9gr\u00e9e dans des programmes existants afin de cr\u00e9er d\u2019importants gains d\u2019efficacit\u00e9 dans l\u2019acquisition des comp\u00e9tences.<\/p>\n\n\n\n<p class=\"is-flex\"><img decoding=\"async\" class=\"wp-image-243230\" style=\"width: 40px;margin-right: 16px\" src=\"https:\/\/fsc-ccf.ca\/wp-content\/uploads\/2024\/07\/No-1.svg\" alt=\"\">L\u2019offre d\u2019un soutien \u00e0 la recherche d\u2019emploi parall\u00e8lement \u00e0 la formation a permis d\u2019am\u00e9liorer de mani\u00e8re consid\u00e9rable les r\u00e9sultats pour les populations marginalis\u00e9es\u00a0: 52 participants ont obtenu des entretiens, dont 14 des emplois \u00e0 temps plein ou des stages r\u00e9mun\u00e9r\u00e9s.<\/p>\n\n\n\n<p class=\"is-flex\"><img decoding=\"async\" class=\"wp-image-243230\" style=\"width: 40px;margin-right: 16px\" src=\"https:\/\/fsc-ccf.ca\/wp-content\/uploads\/2024\/07\/No-2.svg\" alt=\"\">Les participants ont insist\u00e9 sur la n\u00e9cessit\u00e9 de renforcer les mesures de soutien afin d\u2019am\u00e9liorer la participation \u00e0 la formation des groupes marginalis\u00e9s, par exemple le soutien au transport ou l\u2019organisation de cours hybrides pour les parents c\u00e9libataires ou les personnes vivant dans des r\u00e9gions \u00e9loign\u00e9es.<\/p>\n<\/div>\n<\/div>\n<\/div>\n<\/div>\n<\/div>\n\n\n\n<div id=\"the-issue\" class=\"wp-block-ob-blocks-anchor-point\"><\/div>\n\n\n\n<div class=\"wp-block-columns is-layout-flex wp-container-core-columns-is-layout-28f84493 wp-block-columns-is-layout-flex\">\n<div class=\"wp-block-column gradient-top purple is-layout-flow wp-block-column-is-layout-flow\" style=\"flex-basis:100%\">\n<h3 class=\"wp-block-heading has-black-color has-text-color\" id=\"TheChallenge\"><img decoding=\"async\" class=\"wp-image-240812\" style=\"width: 12px;height: 24px;margin-right: 10px;position: relative;top: -2px\" src=\"https:\/\/fsc-ccf.ca\/wp-content\/uploads\/2024\/07\/Vector-2.svg\" alt=\"\"> L\u2019enjeu<\/h3>\n\n\n\n<div class=\"wp-block-group flex-print is-layout-constrained wp-block-group-is-layout-constrained\">\n<div class=\"wp-block-group is-layout-constrained wp-block-group-is-layout-constrained\">\n<p>Pour parvenir \u00e0 la carboneutralit\u00e9, il est primordial de d\u00e9velopper des comp\u00e9tences \u00e0 faible \u00e9mission de carbone dans le domaine de la construction de b\u00e2timents. Il sera essentiel que le secteur de la construction adopte des pratiques qui r\u00e9duisent l\u2019impact sur l\u2019environnement, d\u2019o\u00f9 un important potentiel d\u2019augmentation des emplois dans le secteur de la construction \u00e9cologique. Le Conseil du b\u00e2timent durable du Canada (CBDC) estime qu\u2019avec un cadre et des investissements appropri\u00e9s, l\u2019industrie canadienne des b\u00e2timents \u00e9cologiques a le potentiel de cr\u00e9er environ 1,5&nbsp;million d\u2019emplois directs. Ceci inclut l\u2019adoption d\u2019une conception \u00e9conome en \u00e9nergie, la s\u00e9lection de mat\u00e9riaux durables et des techniques de construction avanc\u00e9es qui minimisent l\u2019empreinte carbone.&nbsp;<\/p>\n\n\n\n<p>L\u2019un des piliers du secteur de la construction \u00e9cologique est de disposer d\u2019une main-d\u2019\u0153uvre ad\u00e9quate. Cependant, le secteur de la construction est confront\u00e9 \u00e0 des p\u00e9nuries persistantes de main-d\u2019\u0153uvre et de comp\u00e9tences. Rien qu\u2019en Ontario, plus de 100 000&nbsp;nouveaux travailleurs de la construction seront n\u00e9cessaires au cours de la prochaine d\u00e9cennie pour faire face \u00e0 la demande future et \u00e0 l\u2019augmentation du nombre de d\u00e9parts \u00e0 la retraite.<\/p>\n\n\n\n<p>Ce projet vise \u00e0 r\u00e9soudre ces probl\u00e8mes en int\u00e9grant strat\u00e9giquement les programmes d\u2019\u00e9tudes existants avec de nouveaux cours con\u00e7us pour combler les lacunes en mati\u00e8re de comp\u00e9tences \u00e0 faible \u00e9mission de carbone, en collaborant avec les partenaires de l\u2019industrie et de l\u2019\u00e9ducation afin d\u2019offrir aux participants des voies d\u2019acc\u00e8s efficaces \u00e0 l\u2019emploi. Les efforts se sont concentr\u00e9s sur la formation des personnes issues de communaut\u00e9s marginalis\u00e9es et sur le soutien de leur transition vers le secteur de la construction \u00e9cologique.<\/p>\n<\/div>\n\n\n\n<figure class=\"wp-block-image alignleft size-large is-resized img-gradient purple\"><img loading=\"lazy\" decoding=\"async\" width=\"1024\" height=\"575\" src=\"https:\/\/fsc-ccf.ca\/wp-content\/uploads\/2021\/03\/cagbc-image-1024x575.jpg\" alt=\"Group photo of construction graduates wearing hard hats.\" class=\"wp-image-166563\" style=\"width:652px;height:auto\"\/><\/figure>\n<\/div>\n<\/div>\n<\/div>\n\n\n\n<div style=\"height:36px\" aria-hidden=\"true\" class=\"wp-block-spacer\"><\/div>\n\n\n\n<div id=\"what-were-investigating\" class=\"wp-block-ob-blocks-anchor-point\"><\/div>\n\n\n\n<div class=\"wp-block-columns is-layout-flex wp-container-core-columns-is-layout-28f84493 wp-block-columns-is-layout-flex\">\n<div class=\"wp-block-column gradient-top purple is-layout-flow wp-block-column-is-layout-flow\" style=\"flex-basis:100%\">\n<h3 class=\"wp-block-heading has-black-color has-text-color\" id=\"EnterIMM\"><img decoding=\"async\" class=\"wp-image-240812\" style=\"width: 24px;height: 24px;margin-right: 10px;position: relative;top: -2px\" src=\"https:\/\/fsc-ccf.ca\/wp-content\/uploads\/2024\/07\/Fill-1.svg\" alt=\"\"> Ce que nous examinons<\/h3>\n\n\n\n<p>Le projet visait \u00e0 assurer la transition des travailleurs touch\u00e9s par le projet COVID vers des emplois \u00e0 forte demande. Le recrutement s\u2019est concentr\u00e9 sur la main-d\u2019\u0153uvre issue de communaut\u00e9s marginalis\u00e9es, en particulier les personnes sans exp\u00e9rience professionnelle ou d\u00e9plac\u00e9es du commerce de d\u00e9tail, de l\u2019h\u00f4tellerie et de la fabrication, et en priorit\u00e9 sur les groupes sous-repr\u00e9sent\u00e9s dans le secteur de la construction, en particulier les femmes et les jeunes racialis\u00e9s.<\/p>\n\n\n\n<p>Le Conseil du b\u00e2timent durable du Canada (CBDC) s\u2019est associ\u00e9 \u00e0 quatre partenaires de formation, tous exp\u00e9riment\u00e9s dans le domaine des groupes d\u00e9favoris\u00e9s. Tous les partenaires \u00e9taient pr\u00eats \u00e0 revoir les programmes de leurs cours de construction afin d\u2019y int\u00e9grer la th\u00e9orie et la pratique de la r\u00e9duction des \u00e9missions de carbone. L\u2019objectif \u00e9tait de tester l\u2019int\u00e9gration des programmes de formation existants dans les nouveaux programmes de formation \u00e0 la construction \u00e9cologique, afin de cr\u00e9er de nouveaux modules de formation r\u00e9pondant directement aux lacunes identifi\u00e9es par l\u2019industrie. En particulier, les concepts et les pratiques de construction \u00e9cologique et \u00e0 faible \u00e9mission de carbone ont \u00e9t\u00e9 int\u00e9gr\u00e9s dans des programmes pr\u00e9existants s\u00e9lectionn\u00e9s qui \u00e9taient d\u00e9j\u00e0 sp\u00e9cifiquement destin\u00e9s aux apprenants confront\u00e9s \u00e0 de multiples obstacles \u00e0 la formation (par exemple, les communaut\u00e9s marginalis\u00e9es, les personnes confront\u00e9es \u00e0 des obstacles \u00e0 l\u2019emploi, celles ayant une exp\u00e9rience acad\u00e9mique minimale et les personnes n\u2019ayant aucune exp\u00e9rience dans les m\u00e9tiers). Cela a impliqu\u00e9 des initiatives de formation pour les op\u00e9rateurs potentiels et les superviseurs du site. Au total, sept cours ont \u00e9t\u00e9 mis \u00e0 jour pour inclure des comp\u00e9tences en mati\u00e8re de construction \u00e9cologique et \u00e0 faible \u00e9mission de carbone, et deux nouveaux programmes de formation ont \u00e9t\u00e9 cr\u00e9\u00e9s \u00e0 partir de z\u00e9ro, pour un total de neuf cours.<\/p>\n\n\n\n<p>Globalement, le projet visait \u00e0 mieux comprendre les implications de l\u2019adaptation des programmes d\u2019\u00e9tudes existants pour y inclure des \u00e9l\u00e9ments li\u00e9s aux faibles \u00e9missions de carbone et, en fin de compte, \u00e0 augmenter l\u2019offre de travailleurs qualifi\u00e9s dans les nouvelles techniques de construction \u00e9cologique.<\/p>\n<\/div>\n<\/div>\n\n\n\n<div id=\"what-were-learning\" class=\"wp-block-ob-blocks-anchor-point\"><\/div>\n\n\n\n<div class=\"wp-block-columns is-layout-flex wp-container-core-columns-is-layout-28f84493 wp-block-columns-is-layout-flex\">\n<div class=\"wp-block-column gradient-top purple is-layout-flow wp-block-column-is-layout-flow\" style=\"flex-basis:100%\">\n<h3 class=\"wp-block-heading has-black-color has-text-color\" id=\"TheResult\"><img decoding=\"async\" class=\"wp-image-240819\" style=\"width: 24px;height: 24px;margin-right: 10px;position: relative;top: -2px\" src=\"https:\/\/fsc-ccf.ca\/wp-content\/uploads\/2024\/07\/Fill-1-1.svg\" alt=\"\"> C<strong>e que nous apprenons<\/strong><\/h3>\n\n\n\n<p>Le projet a permis de former plus de 500&nbsp;participants aux derni\u00e8res techniques de construction \u00e9cologique, dont 90&nbsp;% se sont identifi\u00e9s comme \u00e9tant des personnes racialis\u00e9es ou des femmes. D\u00e8s le d\u00e9but, l\u2019\u00e9quipe a pr\u00e9vu une r\u00e9troaction coh\u00e9rente, avec une moyenne de 91&nbsp;% (T4 2022) et 96&nbsp;% (T1 2023) des participants d\u00e9clarant qu\u2019ils \u00ab recommanderaient le programme \u00e0 un ami \u00bb.&nbsp;<\/p>\n\n\n\n<p><\/p>\n\n\n\n<p><strong>Les comp\u00e9tences de base sont des piliers n\u00e9cessaires \u00e0 l\u2019acquisition de nouvelles comp\u00e9tences \u00e9cologiques<\/strong><br>Quelques partenaires ont indiqu\u00e9 que le contenu sur la construction \u00e9cologique et \u00e0 faible \u00e9mission de carbone n\u2019avait pas trouv\u00e9 d\u2019\u00e9cho aupr\u00e8s des participants, car il leur manquait des comp\u00e9tences cl\u00e9s et des connaissances de base en mati\u00e8re de construction et de b\u00e2timent pour comprendre le contenu.\u00a0\u00a0<\/p>\n\n\n\n<p><\/p>\n\n\n\n<p><strong>L\u2019aide \u00e0 la recherche d\u2019emploi est un compl\u00e9ment essentiel \u00e0 la formation<\/strong><br>Tous les partenaires se sont rapidement rendu compte qu\u2019il serait inad\u00e9quat de former les populations les plus vuln\u00e9rables sans leur fournir un soutien ad\u00e9quat pour leur permettre d\u2019acc\u00e9der \u00e0 l\u2019emploi ou d\u2019acqu\u00e9rir des comp\u00e9tences suppl\u00e9mentaires. Suite aux commentaires des participants qui demandaient un soutien suppl\u00e9mentaire &#8211; comme un contact direct avec des employeurs potentiels &#8211; l\u2019\u00e9quipe du projet a pivot\u00e9 en cr\u00e9ant deux salons de l\u2019emploi et en invitant des partenaires de l\u2019industrie et des syndicats. Ces deux salons ont permis \u00e0 52\u00a0participants d\u2019obtenir des entretiens et \u00e0 14 d\u2019entre eux d\u2019\u00eatre embauch\u00e9s soit \u00e0 temps plein, soit dans le cadre de stages r\u00e9mun\u00e9r\u00e9s.\u00a0<\/p>\n\n\n\n<p><\/p>\n\n\n\n<p><strong>La formation tout au long de la structure hi\u00e9rarchique peut favoriser des retomb\u00e9es positives<\/strong><br>Au cours de la phase de r\u00e9vision, l\u2019\u00e9quipe a reconnu que, pour promouvoir davantage la n\u00e9cessit\u00e9 pour l\u2019industrie du b\u00e2timent d\u2019ajouter des comp\u00e9tences \u00e9cologiques, elle devait d\u00e9velopper du mat\u00e9riel de cours pour le niveau superviseur. En introduisant une composante de formation pour les superviseurs de site, ce nouveau volet visait \u00e0 accro\u00eetre la probabilit\u00e9 que les ouvriers ou les op\u00e9rateurs utilisent efficacement les comp\u00e9tences qu\u2019ils venaient d\u2019acqu\u00e9rir, ce qui pouvait avoir des r\u00e9percussions sur les ouvriers qui n\u2019avaient pas encore \u00e9t\u00e9 expos\u00e9s \u00e0 ces concepts et \u00e0 ces pratiques.<\/p>\n\n\n\n<p><\/p>\n\n\n\n<p><strong>Des mesures de soutien globales sont n\u00e9cessaires pour promouvoir l\u2019utilisation de la formation<\/strong><br>La plupart des commentaires des participants ont port\u00e9 sur l\u2019importance d\u2019am\u00e9liorer les mesures d\u2019accompagnement, y compris la modification de l\u2019engagement de se pr\u00e9senter en personne pour soutenir les parents ayant de jeunes enfants et ceux qui vivent dans des r\u00e9gions \u00e9loign\u00e9es, ou de prendre en charge les frais de transport des participants.<\/p>\n\n\n\n<div style=\"height:38px\" aria-hidden=\"true\" class=\"wp-block-spacer\"><\/div>\n<\/div>\n<\/div>\n\n\n\n<div id=\"why-it-matters\" class=\"wp-block-ob-blocks-anchor-point\"><\/div>\n\n\n\n<div class=\"wp-block-columns is-layout-flex wp-container-core-columns-is-layout-28f84493 wp-block-columns-is-layout-flex\">\n<div class=\"wp-block-column gradient-top purple is-layout-flow wp-block-column-is-layout-flow\" style=\"flex-basis:100%\">\n<h3 class=\"wp-block-heading has-black-color has-text-color\" id=\"TheImpact\"><img decoding=\"async\" class=\"wp-image-240819\" style=\"width: 22px;height: 22px;margin-right: 10px;position: relative;top: -2px\" src=\"https:\/\/fsc-ccf.ca\/wp-content\/uploads\/2024\/07\/Fill-1-2.svg\" alt=\"\"> <strong>Pourquoi c\u2019est important<\/strong><\/h3>\n\n\n\n<p>Il est essentiel de progresser dans le d\u00e9veloppement de comp\u00e9tences en mati\u00e8re de faibles \u00e9missions de carbone dans le secteur de la construction \u00e9cologique, et ce pour plusieurs raisons imp\u00e9rieuses. Tout d\u2019abord, le secteur de la construction est \u00e0 l\u2019avant-garde de ces progr\u00e8s, et il est donc imp\u00e9ratif d\u2019adopter des pratiques qui att\u00e9nuent l\u2019impact sur l\u2019environnement. L\u2019adoption d\u2019une conception \u00e9conome en \u00e9nergie, de mat\u00e9riaux durables et de techniques de construction avanc\u00e9es cr\u00e9e un pr\u00e9c\u00e9dent en mati\u00e8re de d\u00e9veloppement durable.<\/p>\n\n\n\n<p>Deuxi\u00e8mement, il est essentiel de trouver les bons m\u00e9canismes pour investir dans des initiatives de perfectionnement, car cela permet de s\u2019assurer que la main-d\u2019\u0153uvre dispose des connaissances et de l\u2019expertise n\u00e9cessaires pour mettre en \u0153uvre ces pratiques durables de mani\u00e8re efficace. Ce projet a fait ressortir que le contenu de la formation aux comp\u00e9tences en mati\u00e8re de faibles \u00e9missions de carbone n\u2019a pas toujours besoin d\u2019\u00eatre d\u00e9velopp\u00e9 \u00e0 partir de z\u00e9ro. Les projets qui cherchent \u00e0 mettre \u00e0 jour leur mat\u00e9riel de formation sectoriel feraient bien d\u2019examiner comment et o\u00f9 leur mat\u00e9riel doit \u00eatre mis \u00e0 jour.&nbsp;<\/p>\n\n\n\n<p>\u00c0 cet \u00e9gard, le projet a permis de tirer des enseignements importants sur la mani\u00e8re d\u2019am\u00e9liorer l\u2019efficacit\u00e9 des programmes con\u00e7us pour am\u00e9liorer la diversit\u00e9 et l\u2019\u00e9quit\u00e9 au sein de la main-d\u2019\u0153uvre.<\/p>\n\n\n\n<div style=\"height:59px\" aria-hidden=\"true\" class=\"wp-block-spacer\"><\/div>\n\n\n\n<div id=\"whats-next\" class=\"wp-block-ob-blocks-anchor-point\"><\/div>\n\n\n\n<h3 class=\"wp-block-heading has-black-color has-text-color\" id=\"TheImpact\"><img decoding=\"async\" class=\"wp-image-240819\" style=\"width: 22px;height: 14px;margin-right: 10px;position: relative;top: -2px\" src=\"https:\/\/fsc-ccf.ca\/wp-content\/uploads\/2024\/07\/Vector-3.svg\" alt=\"\"> <strong>Prochaines \u00e9tape<\/strong>s<\/h3>\n\n\n\n<p>Les partenaires de mise en \u0153uvre continueront \u00e0 offrir la plupart des programmes de formation avec la th\u00e9orie int\u00e9gr\u00e9e de la construction \u00e9cologique et \u00e0 faible \u00e9mission de carbone d\u00e9velopp\u00e9e dans le cadre de ce projet. En outre, le nouveau cours de formation des superviseurs de site est d\u00e9sormais pleinement op\u00e9rationnel.<\/p>\n\n\n\n<p>En outre, dans le cadre de l\u2019un des ateliers de la coalition Main-d\u2019\u0153uvre&nbsp;2030, le Conseil du b\u00e2timent durable du Canada (CBDC) a \u00e9tudi\u00e9 les possibilit\u00e9s pour les employeurs d\u2019offrir un plus grand soutien aux partenaires de mise en \u0153uvre afin de fournir de meilleurs services d\u2019emploi aux participants \u00e0 la formation et de faciliter leur transition dans le secteur. En outre, le partenaire responsable de l\u2019organisation du salon de l\u2019emploi a l\u2019intention de continuer \u00e0 le proposer chaque ann\u00e9e, compte tenu de l\u2019accueil favorable qu\u2019il a re\u00e7u de la part de toutes les parties concern\u00e9es.<\/p>\n\n\n\n<p>Enfin, le Conseil du b\u00e2timent durable du Canada (CBDC) continue de travailler activement \u00e0 la formation de la main-d\u2019\u0153uvre du secteur de la construction et du b\u00e2timent aux concepts de la construction \u00e9cologique et \u00e0 faible \u00e9mission de carbone, mais elle passe maintenant \u00e0 la formation de professionnels interm\u00e9diaires afin de d\u00e9velopper ces connaissances et d\u2019accro\u00eetre les capacit\u00e9s au niveau des superviseurs du secteur.<\/p>\n<\/div>\n<\/div>\n<\/div>\n<\/div>\n<\/div>\n\n\n<\/div>\n\n\n\n<div class=\"tab tab-content\" data-title=\"T\u00e9l\u00e9chargements de rapports\" data-tab=\"\" id=\"\" data-show-reports=\"yes\">\n        \n\n<div class=\"wp-block-columns container container--with-overflow is-layout-flex wp-container-core-columns-is-layout-28f84493 wp-block-columns-is-layout-flex\">\n<div class=\"wp-block-column is-layout-flow wp-block-column-is-layout-flow\">\n\n\t\t<div class=\"display-reports display-tab\">\n\n\t\t\t\t\t\t<!-- PDF: 308509 | https:\/\/fsc-ccf.ca\/wp-content\/uploads\/2025\/01\/main-doeuvre-2030-une-montee-en-competences-rapide-pour-les-metiers-de-la-construction-ecologique.pdf -->\t\t\t\t<div class=\"display-reports__report\">\n\t\t\t\t\t<div class=\"display-reports__report-img\" style=\"background-image: url('https:\/\/fsc-ccf.ca\/wp-content\/themes\/ob-fsc-2.0\/images\/report-cover.png')\"><\/div>\n\t\t\t\t\t<div>\n\t\t\t\t\t\t<div class=\"display-reports__report-tags-container\">\n\t\t\t\t\t\t\t<p class=\"display-reports__report-tags-primary\">Rapport de Perspectives<\/p>\n\t\t\t\t\t\t\t<p class=\"display-reports__report-tags-secondary\">PDF<\/p>\n\t\t\t\t\t\t<\/div>\n\t\t\t\t\t\t<h2 class=\"display-reports__report-title\">Perspectives du CCF<\/h2>\n\t\t\t\t\t<\/div>\n\t\t\t\t\t<div class=\"display-reports__report-link-container\">\n\t\t\t\t\t\t<a href=\"https:\/\/fsc-ccf.ca\/wp-content\/uploads\/2025\/01\/main-doeuvre-2030-une-montee-en-competences-rapide-pour-les-metiers-de-la-construction-ecologique.pdf\"\n\t\t\t\t\t\t\tclass=\"display-reports__report-link\">T\u00e9l\u00e9charger\t\t\t\t\t\t\t<img decoding=\"async\" src=\"https:\/\/fsc-ccf.ca\/wp-content\/themes\/ob-fsc-2.0\/images\/icons\/download-i-r-arrow.svg\" alt=\"\"\n\t\t\t\t\t\t\t\tclass=\"display-reports__report-link-arrow\">\n\t\t\t\t\t\t<\/a>\n\t\t\t\t\t<\/div>\n\t\t\t\t<\/div>\n\t\t\t\t\t\t\t\t\t\t\t<div class=\"display-reports__report\">\n\t\t\t\t\t\t<div class=\"display-reports__report-img\" style=\"background-image: url('https:\/\/fsc-ccf.ca\/wp-content\/uploads\/2021\/03\/cagbc-image-scaled-e1616777427871.jpg')\"><\/div>\n\t\t\t\t\t\t<div>\n\t\t\t\t\t\t\t<div class=\"display-reports__report-tags-container\">\n\t\t\t\t\t\t\t\t<p class=\"display-reports__report-tags-primary\">Expos\u00e9 des connaissances<\/p>\n\t\t\t\t\t\t\t\t\t\t\t\t\t\t\t\t\t<p class=\"display-reports__report-tags-secondary\">\n\t\t\t\t\t\t\t\t\t\tPDF\t\t\t\t\t\t\t\t\t<\/p>\n\t\t\t\t\t\t\t\t\t\t\t\t\t\t\t\t\t<p class=\"display-reports__report-tags-secondary\">\n\t\t\t\t\t\t\t\t\t\tEn anglais seulement\t\t\t\t\t\t\t\t\t<\/p>\n\t\t\t\t\t\t\t\t\t\t\t\t\t\t\t<\/div>\n\t\t\t\t\t\t\t<h2 class=\"display-reports__report-title\">Canada Green Building Council\u2019s Rapid Upskilling for Green Building Occupations<\/h2>\n\t\t\t\t\t\t<\/div>\n\t\t\t\t\t\t<div class=\"display-reports__report-link-container\">\n\t\t\t\t\t\t\t<a href=\"https:\/\/fsc-ccf.ca\/wp-content\/uploads\/2024\/04\/FSC_Learning_Support_Brief_CAGBC_2023-12-04.pdf\"\n\t\t\t\t\t\t\t\tclass=\"display-reports__report-link\">T\u00e9l\u00e9charger\t\t\t\t\t\t\t\t<img decoding=\"async\" src=\"https:\/\/fsc-ccf.ca\/wp-content\/themes\/ob-fsc-2.0\/images\/icons\/download-i-r-arrow.svg\" alt=\"\"\n\t\t\t\t\t\t\t\t\tclass=\"display-reports__report-link-arrow\">\n\t\t\t\t\t\t\t<\/a>\n\t\t\t\t\t\t<\/div>\n\t\t\t\t\t<\/div>\n\t\t\t\t\n\t\t\t\t\t<\/div>\n<\/div>\n<\/div>\n\n\n<\/div>\n\n    <\/div>\n<\/div>\n\n\n<div style=\"height:42px\" aria-hidden=\"true\" class=\"wp-block-spacer\"><\/div>\n\n\n\n<p class=\"padding-16 no-margin-bottom has-black-color has-text-color has-background\" style=\"background-color:#0000000d\">Des questions sur notre travail ? Souhaitez-vous avoir acc\u00e8s \u00e0 un rapport en anglais ou en fran\u00e7ais ? Veuillez contacter\u00a0<a href=\"mailto:communications@fsc-ccf.ca\">communications@fsc-ccf.ca<\/a>.<\/p>\n\n\n\n<p class=\"padding-16 no-margin-bottom citation has-black-color has-text-color has-background\" style=\"background-color:#0000000d\"><strong>Comment Citer Ce Rapport<\/strong><br>Richter, S. (2024). Project Insights Report\u00a0: Main-d\u2019\u0153uvre 2030\u00a0: Rapid Upskilling for Green Building Occupations, Canada Green Buildings Council. Toronto\u00a0: Centre des Comp\u00e9tences futures. https:\/\/fsc-ccf.ca\/fr\/projets\/workforce-2030\/<\/p>\n","protected":false},"excerpt":{"rendered":"<p>D\u2019ici 2030, le Conseil du b\u00e2timent durable du Canada (CBDC) estime qu\u2019avec la mise en place d\u2019un cadre et d\u2019investissements appropri\u00e9s, l\u2019industrie canadienne des b\u00e2timents durables pourrait soutenir environ 1,5\u00a0million d\u2019emplois directs.<\/p>\n","protected":false},"menu_order":0,"template":"custom-project-insight-report.php","tags":[],"region":[131],"project_type":[],"populations":[1640],"themes":[1548,1455,1553],"class_list":["post-301438","project","type-project","status-publish","hentry","region-ontario-fr","populations-mid-career-workers-fr","themes-economie-inclusive","themes-emplois-durables","themes-parcours-vers-lemploi"],"acf":{"anchors":[{"anchor_name":"Sommaire","anchor_link":"#executive-summary"},{"anchor_name":"L\u2019enjeu","anchor_link":"#the-issue"},{"anchor_name":"Ce que nous examinons","anchor_link":"#what-were-investigating"},{"anchor_name":"Ce que nous apprenons","anchor_link":"#what-were-learning"},{"anchor_name":"Pourquoi c\u2019est important","anchor_link":"#why-it-matters"},{"anchor_name":"Prochaines \u00e9tapes","anchor_link":"#whats-next"}],"scorecard_content":false,"reports_rows":{"report":[{"title":"Canada Green Building Council\u2019s Rapid Upskilling for Green Building Occupations","image":"https:\/\/fsc-ccf.ca\/wp-content\/uploads\/2021\/03\/cagbc-image-scaled-e1616777427871.jpg","primary_tag":"Expos\u00e9 des connaissances","secondary_tags":[{"tag":"PDF"},{"tag":"En anglais seulement"}],"link":"https:\/\/fsc-ccf.ca\/wp-content\/uploads\/2024\/04\/FSC_Learning_Support_Brief_CAGBC_2023-12-04.pdf","file":false}]},"hero_image":false,"slider_image":false,"contributors":"<p>Steve Richter,<br \/>\n<em>Analyste principale des politiques \u2013 bilingue<\/em><\/span><\/p>\n","authors":"","authors_colour":[],"show_post_date":[],"report":true,"report_image":false,"external_linkout":[],"investment":"1 230 307 $","file_upload":false,"report_sort_name":"","report_link":"","partners":[{"ID":166754,"post_author":"16","post_date":"2021-03-25 11:33:46","post_date_gmt":"2021-03-25 15:33:46","post_content":"","post_title":"Canada Green Building Council (CaGBC)","post_excerpt":"","post_status":"publish","comment_status":"closed","ping_status":"closed","post_password":"","post_name":"cagbc","to_ping":"","pinged":"","post_modified":"2021-03-25 11:33:46","post_modified_gmt":"2021-03-25 15:33:46","post_content_filtered":"","post_parent":0,"guid":"https:\/\/fsc-ccf.ca\/partner\/cagbc\/","menu_order":0,"post_type":"partner","post_mime_type":"","comment_count":"0","filter":"raw"}],"thumbnail_image":{"ID":166564,"id":166564,"title":"cagbc-image","filename":"cagbc-image-scaled-e1616777427871.jpg","filesize":319198,"url":"https:\/\/fsc-ccf.ca\/wp-content\/uploads\/2021\/03\/cagbc-image-scaled-e1616777427871.jpg","link":"https:\/\/fsc-ccf.ca\/fr\/cagbc-image-2\/","alt":"Group photo of construction graduates wearing hard hats.","author":"1","description":"","caption":"","name":"cagbc-image-2","status":"inherit","uploaded_to":0,"date":"2021-03-23 01:37:02","modified":"2021-04-02 22:45:40","menu_order":0,"mime_type":"image\/jpeg","type":"image","subtype":"jpeg","icon":"https:\/\/fsc-ccf.ca\/wp-includes\/images\/media\/default.png","width":2560,"height":1438,"sizes":{"thumbnail":"https:\/\/fsc-ccf.ca\/wp-content\/uploads\/2021\/03\/cagbc-image-150x150.jpg","thumbnail-width":150,"thumbnail-height":150,"medium":"https:\/\/fsc-ccf.ca\/wp-content\/uploads\/2021\/03\/cagbc-image-300x168.jpg","medium-width":300,"medium-height":168,"medium_large":"https:\/\/fsc-ccf.ca\/wp-content\/uploads\/2021\/03\/cagbc-image-768x431.jpg","medium_large-width":768,"medium_large-height":431,"large":"https:\/\/fsc-ccf.ca\/wp-content\/uploads\/2021\/03\/cagbc-image-1024x575.jpg","large-width":1024,"large-height":575,"1536x1536":"https:\/\/fsc-ccf.ca\/wp-content\/uploads\/2021\/03\/cagbc-image-1536x863.jpg","1536x1536-width":1536,"1536x1536-height":863,"2048x2048":"https:\/\/fsc-ccf.ca\/wp-content\/uploads\/2021\/03\/cagbc-image-2048x1150.jpg","2048x2048-width":2048,"2048x2048-height":1150,"preview":"https:\/\/fsc-ccf.ca\/wp-content\/uploads\/2021\/03\/cagbc-image-10x6.jpg","preview-width":10,"preview-height":6,"content-card-thumbnail":"https:\/\/fsc-ccf.ca\/wp-content\/uploads\/2021\/03\/cagbc-image-800x600.jpg","content-card-thumbnail-width":800,"content-card-thumbnail-height":600,"slider-image":"https:\/\/fsc-ccf.ca\/wp-content\/uploads\/2021\/03\/cagbc-image-1600x1200.jpg","slider-image-width":1600,"slider-image-height":1200,"hero-image":"https:\/\/fsc-ccf.ca\/wp-content\/uploads\/2021\/03\/cagbc-image-2000x1123.jpg","hero-image-width":2000,"hero-image-height":1123,"inline-image":"https:\/\/fsc-ccf.ca\/wp-content\/uploads\/2021\/03\/cagbc-image-1024x512.jpg","inline-image-width":1024,"inline-image-height":512,"content-card-thumbnail-vertical":"https:\/\/fsc-ccf.ca\/wp-content\/uploads\/2021\/03\/cagbc-image-400x600.jpg","content-card-thumbnail-vertical-width":400,"content-card-thumbnail-vertical-height":600}}},"yoast_head":"<!-- This site is optimized with the Yoast SEO plugin v27.5 - https:\/\/yoast.com\/product\/yoast-seo-wordpress\/ -->\n<title>Main-d\u2019\u0153uvre\u00a02030\u00a0: Une mont\u00e9e en comp\u00e9tences rapide pour les m\u00e9tiers de la construction \u00e9cologique - Future Skills Centre \u2022 Centre des Comp\u00e9tences futures<\/title>\n<meta name=\"description\" content=\"D\u2019ici 2030, le Conseil du b\u00e2timent durable du Canada (CBDC) estime qu\u2019avec la mise en place d\u2019un cadre et d\u2019investissements appropri\u00e9s, l\u2019industrie canadienne des b\u00e2timents durables pourrait soutenir environ 1,5\u00a0million d\u2019emplois directs.\" \/>\n<meta name=\"robots\" content=\"index, follow, max-snippet:-1, max-image-preview:large, max-video-preview:-1\" \/>\n<link rel=\"canonical\" href=\"https:\/\/fsc-ccf.ca\/fr\/projets\/workforce-2030\/\" \/>\n<meta name=\"twitter:label1\" content=\"Est. reading time\" \/>\n\t<meta name=\"twitter:data1\" content=\"11 minutes\" \/>\n<script type=\"application\/ld+json\" class=\"yoast-schema-graph\">{\"@context\":\"https:\\\/\\\/schema.org\",\"@graph\":[{\"@type\":\"WebPage\",\"@id\":\"https:\\\/\\\/fsc-ccf.ca\\\/fr\\\/projets\\\/workforce-2030\\\/\",\"url\":\"https:\\\/\\\/fsc-ccf.ca\\\/fr\\\/projets\\\/workforce-2030\\\/\",\"name\":\"Main-d\u2019\u0153uvre\u00a02030\u00a0: Une mont\u00e9e en comp\u00e9tences rapide pour les m\u00e9tiers de la construction \u00e9cologique - Future Skills Centre \u2022 Centre des Comp\u00e9tences futures\",\"isPartOf\":{\"@id\":\"https:\\\/\\\/fsc-ccf.ca\\\/fr\\\/#website\"},\"primaryImageOfPage\":{\"@id\":\"https:\\\/\\\/fsc-ccf.ca\\\/fr\\\/projets\\\/workforce-2030\\\/#primaryimage\"},\"image\":{\"@id\":\"https:\\\/\\\/fsc-ccf.ca\\\/fr\\\/projets\\\/workforce-2030\\\/#primaryimage\"},\"thumbnailUrl\":\"https:\\\/\\\/fsc-ccf.ca\\\/wp-content\\\/uploads\\\/2024\\\/07\\\/Frame.svg\",\"datePublished\":\"2024-09-06T18:39:06+00:00\",\"dateModified\":\"2025-01-27T19:45:45+00:00\",\"description\":\"D\u2019ici 2030, le Conseil du b\u00e2timent durable du Canada (CBDC) estime qu\u2019avec la mise en place d\u2019un cadre et d\u2019investissements appropri\u00e9s, l\u2019industrie canadienne des b\u00e2timents durables pourrait soutenir environ 1,5\u00a0million d\u2019emplois directs.\",\"breadcrumb\":{\"@id\":\"https:\\\/\\\/fsc-ccf.ca\\\/fr\\\/projets\\\/workforce-2030\\\/#breadcrumb\"},\"inLanguage\":\"fr-FR\",\"potentialAction\":[{\"@type\":\"ReadAction\",\"target\":[\"https:\\\/\\\/fsc-ccf.ca\\\/fr\\\/projets\\\/workforce-2030\\\/\"]}]},{\"@type\":\"ImageObject\",\"inLanguage\":\"fr-FR\",\"@id\":\"https:\\\/\\\/fsc-ccf.ca\\\/fr\\\/projets\\\/workforce-2030\\\/#primaryimage\",\"url\":\"https:\\\/\\\/fsc-ccf.ca\\\/wp-content\\\/uploads\\\/2024\\\/07\\\/Frame.svg\",\"contentUrl\":\"https:\\\/\\\/fsc-ccf.ca\\\/wp-content\\\/uploads\\\/2024\\\/07\\\/Frame.svg\"},{\"@type\":\"BreadcrumbList\",\"@id\":\"https:\\\/\\\/fsc-ccf.ca\\\/fr\\\/projets\\\/workforce-2030\\\/#breadcrumb\",\"itemListElement\":[{\"@type\":\"ListItem\",\"position\":1,\"name\":\"Home\",\"item\":\"https:\\\/\\\/fsc-ccf.ca\\\/fr\\\/\"},{\"@type\":\"ListItem\",\"position\":2,\"name\":\"Projets\",\"item\":\"https:\\\/\\\/fsc-ccf.ca\\\/fr\\\/projets\\\/\"},{\"@type\":\"ListItem\",\"position\":3,\"name\":\"Main-d\u2019\u0153uvre\u00a02030\u00a0: Une mont\u00e9e en comp\u00e9tences rapide pour les m\u00e9tiers de la construction \u00e9cologique\"}]},{\"@type\":\"WebSite\",\"@id\":\"https:\\\/\\\/fsc-ccf.ca\\\/fr\\\/#website\",\"url\":\"https:\\\/\\\/fsc-ccf.ca\\\/fr\\\/\",\"name\":\"Future Skills Centre \u2022 Centre des Comp\u00e9tences futures\",\"description\":\"\",\"publisher\":{\"@id\":\"https:\\\/\\\/fsc-ccf.ca\\\/fr\\\/#organization\"},\"potentialAction\":[{\"@type\":\"SearchAction\",\"target\":{\"@type\":\"EntryPoint\",\"urlTemplate\":\"https:\\\/\\\/fsc-ccf.ca\\\/fr\\\/?s={search_term_string}\"},\"query-input\":{\"@type\":\"PropertyValueSpecification\",\"valueRequired\":true,\"valueName\":\"search_term_string\"}}],\"inLanguage\":\"fr-FR\"},{\"@type\":\"Organization\",\"@id\":\"https:\\\/\\\/fsc-ccf.ca\\\/fr\\\/#organization\",\"name\":\"Future Skills Centre \u2022 Centre des Comp\u00e9tences futures\",\"url\":\"https:\\\/\\\/fsc-ccf.ca\\\/fr\\\/\",\"logo\":{\"@type\":\"ImageObject\",\"inLanguage\":\"fr-FR\",\"@id\":\"https:\\\/\\\/fsc-ccf.ca\\\/fr\\\/#\\\/schema\\\/logo\\\/image\\\/\",\"url\":\"https:\\\/\\\/fsc-ccf.ca\\\/wp-content\\\/uploads\\\/2019\\\/08\\\/FSC_logo_colour_rgb_positive_ENG.png\",\"contentUrl\":\"https:\\\/\\\/fsc-ccf.ca\\\/wp-content\\\/uploads\\\/2019\\\/08\\\/FSC_logo_colour_rgb_positive_ENG.png\",\"width\":618,\"height\":528,\"caption\":\"Future Skills Centre \u2022 Centre des Comp\u00e9tences futures\"},\"image\":{\"@id\":\"https:\\\/\\\/fsc-ccf.ca\\\/fr\\\/#\\\/schema\\\/logo\\\/image\\\/\"},\"sameAs\":[\"https:\\\/\\\/www.facebook.com\\\/2161871137193201\\\/\",\"https:\\\/\\\/x.com\\\/fsc_ccf_en\",\"https:\\\/\\\/www.instagram.com\\\/fsc_ccf\\\/\",\"https:\\\/\\\/www.linkedin.com\\\/company\\\/fsc-ccf\\\/\"]}]}<\/script>\n<!-- \/ Yoast SEO plugin. -->","yoast_head_json":{"title":"Main-d\u2019\u0153uvre\u00a02030\u00a0: Une mont\u00e9e en comp\u00e9tences rapide pour les m\u00e9tiers de la construction \u00e9cologique - Future Skills Centre \u2022 Centre des Comp\u00e9tences futures","description":"D\u2019ici 2030, le Conseil du b\u00e2timent durable du Canada (CBDC) estime qu\u2019avec la mise en place d\u2019un cadre et d\u2019investissements appropri\u00e9s, l\u2019industrie canadienne des b\u00e2timents durables pourrait soutenir environ 1,5\u00a0million d\u2019emplois directs.","robots":{"index":"index","follow":"follow","max-snippet":"max-snippet:-1","max-image-preview":"max-image-preview:large","max-video-preview":"max-video-preview:-1"},"canonical":"https:\/\/fsc-ccf.ca\/fr\/projets\/workforce-2030\/","twitter_misc":{"Est. reading time":"11 minutes"},"schema":{"@context":"https:\/\/schema.org","@graph":[{"@type":"WebPage","@id":"https:\/\/fsc-ccf.ca\/fr\/projets\/workforce-2030\/","url":"https:\/\/fsc-ccf.ca\/fr\/projets\/workforce-2030\/","name":"Main-d\u2019\u0153uvre\u00a02030\u00a0: Une mont\u00e9e en comp\u00e9tences rapide pour les m\u00e9tiers de la construction \u00e9cologique - Future Skills Centre \u2022 Centre des Comp\u00e9tences futures","isPartOf":{"@id":"https:\/\/fsc-ccf.ca\/fr\/#website"},"primaryImageOfPage":{"@id":"https:\/\/fsc-ccf.ca\/fr\/projets\/workforce-2030\/#primaryimage"},"image":{"@id":"https:\/\/fsc-ccf.ca\/fr\/projets\/workforce-2030\/#primaryimage"},"thumbnailUrl":"https:\/\/fsc-ccf.ca\/wp-content\/uploads\/2024\/07\/Frame.svg","datePublished":"2024-09-06T18:39:06+00:00","dateModified":"2025-01-27T19:45:45+00:00","description":"D\u2019ici 2030, le Conseil du b\u00e2timent durable du Canada (CBDC) estime qu\u2019avec la mise en place d\u2019un cadre et d\u2019investissements appropri\u00e9s, l\u2019industrie canadienne des b\u00e2timents durables pourrait soutenir environ 1,5\u00a0million d\u2019emplois directs.","breadcrumb":{"@id":"https:\/\/fsc-ccf.ca\/fr\/projets\/workforce-2030\/#breadcrumb"},"inLanguage":"fr-FR","potentialAction":[{"@type":"ReadAction","target":["https:\/\/fsc-ccf.ca\/fr\/projets\/workforce-2030\/"]}]},{"@type":"ImageObject","inLanguage":"fr-FR","@id":"https:\/\/fsc-ccf.ca\/fr\/projets\/workforce-2030\/#primaryimage","url":"https:\/\/fsc-ccf.ca\/wp-content\/uploads\/2024\/07\/Frame.svg","contentUrl":"https:\/\/fsc-ccf.ca\/wp-content\/uploads\/2024\/07\/Frame.svg"},{"@type":"BreadcrumbList","@id":"https:\/\/fsc-ccf.ca\/fr\/projets\/workforce-2030\/#breadcrumb","itemListElement":[{"@type":"ListItem","position":1,"name":"Home","item":"https:\/\/fsc-ccf.ca\/fr\/"},{"@type":"ListItem","position":2,"name":"Projets","item":"https:\/\/fsc-ccf.ca\/fr\/projets\/"},{"@type":"ListItem","position":3,"name":"Main-d\u2019\u0153uvre\u00a02030\u00a0: Une mont\u00e9e en comp\u00e9tences rapide pour les m\u00e9tiers de la construction \u00e9cologique"}]},{"@type":"WebSite","@id":"https:\/\/fsc-ccf.ca\/fr\/#website","url":"https:\/\/fsc-ccf.ca\/fr\/","name":"Future Skills Centre \u2022 Centre des Comp\u00e9tences futures","description":"","publisher":{"@id":"https:\/\/fsc-ccf.ca\/fr\/#organization"},"potentialAction":[{"@type":"SearchAction","target":{"@type":"EntryPoint","urlTemplate":"https:\/\/fsc-ccf.ca\/fr\/?s={search_term_string}"},"query-input":{"@type":"PropertyValueSpecification","valueRequired":true,"valueName":"search_term_string"}}],"inLanguage":"fr-FR"},{"@type":"Organization","@id":"https:\/\/fsc-ccf.ca\/fr\/#organization","name":"Future Skills Centre \u2022 Centre des Comp\u00e9tences futures","url":"https:\/\/fsc-ccf.ca\/fr\/","logo":{"@type":"ImageObject","inLanguage":"fr-FR","@id":"https:\/\/fsc-ccf.ca\/fr\/#\/schema\/logo\/image\/","url":"https:\/\/fsc-ccf.ca\/wp-content\/uploads\/2019\/08\/FSC_logo_colour_rgb_positive_ENG.png","contentUrl":"https:\/\/fsc-ccf.ca\/wp-content\/uploads\/2019\/08\/FSC_logo_colour_rgb_positive_ENG.png","width":618,"height":528,"caption":"Future Skills Centre \u2022 Centre des Comp\u00e9tences futures"},"image":{"@id":"https:\/\/fsc-ccf.ca\/fr\/#\/schema\/logo\/image\/"},"sameAs":["https:\/\/www.facebook.com\/2161871137193201\/","https:\/\/x.com\/fsc_ccf_en","https:\/\/www.instagram.com\/fsc_ccf\/","https:\/\/www.linkedin.com\/company\/fsc-ccf\/"]}]}},"_links":{"self":[{"href":"https:\/\/fsc-ccf.ca\/fr\/wp-json\/wp\/v2\/project\/301438","targetHints":{"allow":["GET"]}}],"collection":[{"href":"https:\/\/fsc-ccf.ca\/fr\/wp-json\/wp\/v2\/project"}],"about":[{"href":"https:\/\/fsc-ccf.ca\/fr\/wp-json\/wp\/v2\/types\/project"}],"version-history":[{"count":2,"href":"https:\/\/fsc-ccf.ca\/fr\/wp-json\/wp\/v2\/project\/301438\/revisions"}],"predecessor-version":[{"id":301444,"href":"https:\/\/fsc-ccf.ca\/fr\/wp-json\/wp\/v2\/project\/301438\/revisions\/301444"}],"wp:attachment":[{"href":"https:\/\/fsc-ccf.ca\/fr\/wp-json\/wp\/v2\/media?parent=301438"}],"wp:term":[{"taxonomy":"post_tag","embeddable":true,"href":"https:\/\/fsc-ccf.ca\/fr\/wp-json\/wp\/v2\/tags?post=301438"},{"taxonomy":"region","embeddable":true,"href":"https:\/\/fsc-ccf.ca\/fr\/wp-json\/wp\/v2\/region?post=301438"},{"taxonomy":"project_type","embeddable":true,"href":"https:\/\/fsc-ccf.ca\/fr\/wp-json\/wp\/v2\/project_type?post=301438"},{"taxonomy":"populations","embeddable":true,"href":"https:\/\/fsc-ccf.ca\/fr\/wp-json\/wp\/v2\/populations?post=301438"},{"taxonomy":"themes","embeddable":true,"href":"https:\/\/fsc-ccf.ca\/fr\/wp-json\/wp\/v2\/themes?post=301438"}],"curies":[{"name":"wp","href":"https:\/\/api.w.org\/{rel}","templated":true}]}}