			{"id":284394,"date":"2023-06-23T19:18:00","date_gmt":"2023-06-23T23:18:00","guid":{"rendered":"https:\/\/fsc-ccf.ca\/?post_type=project&#038;p=284394"},"modified":"2024-12-17T14:27:20","modified_gmt":"2024-12-17T19:27:20","slug":"cerb-impact","status":"publish","type":"project","link":"https:\/\/fsc-ccf.ca\/fr\/projets\/cerb-impact\/","title":{"rendered":"Comprendre l\u2019impact de la Prestation canadienne d\u2019urgence (PCU) : Plus qu\u2019un simple programme de soutien du revenu ?"},"content":{"rendered":"\n<div class=\"tabs style-white\" id=\"main-tabs\">\n    <ul id=\"tabs-nav\">\n\n    <\/ul>\n    <div class=\"tabs-content\">\n        \n\n\n<div class=\"tab tab-content\" data-title=\"Perspectives du CCF\" data-tab=\"\" id=\"\" data-show-reports=\"no\">\n        \n\n<div class=\"wp-block-group container container--with-overflow is-layout-constrained wp-block-group-is-layout-constrained\">\n<div class=\"wp-block-columns is-layout-flex wp-container-core-columns-is-layout-28f84493 wp-block-columns-is-layout-flex\">\n<div class=\"wp-block-column is-layout-flow wp-block-column-is-layout-flow\"><div class=\"insight-report__sidebar\">\n    <div class=\"insight-report__sidebar--container\">\n        <div class=\"insight-report__sidebar--details\">\n                            <div class=\"insight-report__partner\">\n                    <p class=\"is-style-slug insight-report__partner-title\">\n                        <img decoding=\"async\" src=\"https:\/\/fsc-ccf.ca\/wp-content\/themes\/ob-fsc-2.0\/images\/icons\/partners.svg\" alt=\"\"\n                            class=\"insight-report__partner-icon\"> <strong>Partenaires<\/strong>\n                    <\/p>\n                    \n                        <p class=\"insight-report__partner-p\"><a href=\"https:\/\/fsc-ccf.ca\/fr\/partner\/canadian-centre-for-policy-alternatives\/\"\n                                target=\"_blank\" rel=\"noreferrer noopener\">Canadian Centre for Policy Alternatives<\/a><\/p>\n                    \n                <\/div>\n            \n                            <div class=\"insight-report__location\">\n                    <p class=\"is-style-slug  insight-report__location-title\">\n                        <img decoding=\"async\" src=\"https:\/\/fsc-ccf.ca\/wp-content\/themes\/ob-fsc-2.0\/images\/icons\/location.svg\" alt=\"\"\n                            class=\"insight-report__location-icon\"> <strong>Emplacements<\/strong>\n                    <\/p>\n                                            <p class=\"insight-report__location-p\">Partout au Canada<\/p>\n                    \n                <\/div>\n                                        <div class=\"insight-report__investment\">\n                    <p class=\"is-style-slug insight-report__investment-title\">\n                        <img decoding=\"async\" src=\"https:\/\/fsc-ccf.ca\/wp-content\/themes\/ob-fsc-2.0\/images\/icons\/investment.svg\" alt=\"\"\n                            class=\"insight-report__investment-icon\"> <strong>FONDS VERS\u00c9S<\/strong>\n                    <\/p>\n                    <p class=\"insight-report__investment-p\">\n                        78,100.00 $<\/p>\n\n                <\/div>\n                        <div class=\"insight-report__published\">\n                <p class=\"insight-report__published-title\">\n                    <img decoding=\"async\" src=\"https:\/\/fsc-ccf.ca\/wp-content\/themes\/ob-fsc-2.0\/images\/icons\/published.svg\" alt=\"\"\n                        class=\"insight-report__published-icon\"> Publi\u00e9                <\/p>\n                <p class=\"insight-report__published-p\">Juin 2023<\/p>\n\n            <\/div>\n                    <\/div>\n\n        <div class=\"insight-report__sidebar--sticky\">\n                            <div class=\"insight-report__sidebar--button-container\">\n                    <a href=\"https:\/\/fsc-ccf.ca\/wp-content\/uploads\/2024\/12\/comprendre-limpact-de-la-prestation-canadienne-durgence-pcu-plus-quun-simple-programme-de-soutien-du-revenu.pdf\"\n                        class=\"insight-report__sidebar--button\" target=\"_blank\"><span>T\u00e9l\u00e9charger<\/span><br>\n                        le rapport de perspective                        <img decoding=\"async\" src=\"https:\/\/fsc-ccf.ca\/wp-content\/themes\/ob-fsc-2.0\/images\/icons\/download-i-r-arrow.svg\"\n                            alt=\"\" class=\"insight-report__sidebar--button-img\"><\/a>\n                <\/div>\n            \n            <div class=\"insight-report__sidebar--anchors-container\">\n                <div class=\"insight-report__sidebar--anchors\">\n                    <p class=\"insight-report__sidebar--anchors--text\"><span>DANS CE RAPPORT<\/span><\/p>\n                                            <a href=\"#the-issue\"\n                            class=\"insight-report__sidebar--anchors-anchor\"><span>L&#8217;enju<\/span><\/a>                        <a href=\"#what-were-investigating\"\n                            class=\"insight-report__sidebar--anchors-anchor\"><span>Ce que nous examinons<\/span><\/a>                        <a href=\"#what-were-learning\"\n                            class=\"insight-report__sidebar--anchors-anchor\"><span>Ce que nous apprenons<\/span><\/a>                        <a href=\"#why-it-matters\"\n                            class=\"insight-report__sidebar--anchors-anchor\"><span>Pourquoi c\u2019est important<\/span><\/a>                        <a href=\"#whats-next\"\n                            class=\"insight-report__sidebar--anchors-anchor\"><span>Prochaines \u00e9tapes<\/span><\/a>                <\/div>\n            <\/div>\n        <\/div>\n\n    <\/div>\n\n<\/div><\/div>\n\n\n\n<div class=\"wp-block-column is-layout-flow wp-block-column-is-layout-flow\" style=\"flex-basis:75%\">\n<div class=\"wp-block-group is-layout-constrained wp-block-group-is-layout-constrained\">\n<div class=\"wp-block-columns is-layout-flex wp-container-core-columns-is-layout-28f84493 wp-block-columns-is-layout-flex\">\n<div class=\"wp-block-column is-layout-flow wp-block-column-is-layout-flow\"><\/div>\n<\/div>\n<\/div>\n\n\n\n\n\t\t<div class=\"display-reports display-featured\">\n\t\t\t<div class=\"display-reports__report display-reports__report-main display-reports__report-featured\">\n\t\t\t\t<div class=\"display-reports__report-img\" style=\"background-image: url('https:\/\/fsc-ccf.ca\/wp-content\/uploads\/2023\/06\/Screenshot-2024-08-28-at-11.10.07\u202fAM.png')\"><\/div>\n\t\t\t\t<div class=\"display-reports__featured-co\">\n\t\t\t\t\t<div class=\"display-reports__report-tags-container\">\n\t\t\t\t\t\t<p class=\"display-reports__report-tags-primary\">Rapport de recherche complet<\/p>\n\t\t\t\t\t\t\t\t\t\t\t\t\t<p class=\"display-reports__report-tags-secondary\">\n\t\t\t\t\t\t\t\tPDF\t\t\t\t\t\t\t<\/p>\n\t\t\t\t\t\t\t\t\t\t\t<\/div>\n\t\t\t\t\t<h2 class=\"display-reports__report-title\">PRESTATION CANADIENNE D\u2019URGENCE : PLUS QU\u2019UN SIMPLE PROGRAMME DE SOUTIEN AU REVENU<\/h2>\n\t\t\t\t\t<div class=\"display-reports__report-link-container\">\n\t\t\t\t\t\t<a href=\"https:\/\/fsc-ccf.ca\/wp-content\/uploads\/2023\/06\/CCPA_QOW_4_Exec_Summary_2023-05-17-1.pdf\" class=\"display-reports__report-link\">T\u00e9l\u00e9charger le rapport de recherche <img decoding=\"async\" src=\"https:\/\/fsc-ccf.ca\/wp-content\/themes\/ob-fsc-2.0\/images\/icons\/download-i-r-arrow.svg\" alt=\"\" class=\"display-reports__report-link-arrow\">\n\t\t\t\t\t\t<\/a>\n\t\t\t\t\t<\/div>\n\t\t\t\t<\/div>\n\t\t\t<\/div>\n\t\t<\/div>\n\t\n\n\n<div style=\"height:32px\" aria-hidden=\"true\" class=\"wp-block-spacer\"><\/div>\n\n\n\n<div id=\"executive-summary\" class=\"wp-block-ob-blocks-anchor-point\"><\/div>\n\n\n\n<div class=\"wp-block-columns is-layout-flex wp-container-core-columns-is-layout-28f84493 wp-block-columns-is-layout-flex\">\n<div class=\"wp-block-column is-layout-flow wp-block-column-is-layout-flow\" style=\"flex-basis:100%\">\n<h3 class=\"wp-block-heading has-black-color has-text-color\" id=\"TheChallenge\"><img decoding=\"async\" class=\"wp-image-240812\" style=\"width: 24px;margin-right: 10px;position: relative;top: -2px\" src=\"https:\/\/fsc-ccf.ca\/wp-content\/uploads\/2024\/07\/Frame.svg\" alt=\"\"> <strong><strong>Sommaire<\/strong><\/strong><\/h3>\n\n\n\n<p>Au d\u00e9but de la pand\u00e9mie de la COVID-19 en mars 2020, le taux de ch\u00f4mage au Canada atteignait l\u2019un de ses niveaux les plus \u00e9lev\u00e9s, \u00e0 savoir 14,1&nbsp;%. Face \u00e0 cette situation, le gouvernement f\u00e9d\u00e9ral a mis en place la prestation canadienne d\u2019urgence (PCU), qui offre une aide financi\u00e8re de 2 000&nbsp;dollars par mois \u00e0 la main-d\u2019\u0153uvre directement touch\u00e9e par la COVID-19.&nbsp;<\/p>\n\n\n\n<p>Le Centre canadien de politiques alternatives (CCPA) a men\u00e9 des recherches pour comprendre l\u2019impact de la PCU sur les b\u00e9n\u00e9ficiaires et la mani\u00e8re dont il a influenc\u00e9 leur d\u00e9cision de se concentrer sur les comp\u00e9tences, l\u2019\u00e9ducation et la formation et de rechercher de nouvelles opportunit\u00e9s de travail. Des groupes de discussion et une enqu\u00eate en ligne ont \u00e9t\u00e9 organis\u00e9s aupr\u00e8s de 1 500&nbsp;r\u00e9pondants dans tout le Canada.<\/p>\n\n\n\n<p>Dans l\u2019ensemble, la PCU a \u00e9t\u00e9 une exp\u00e9rience positive pour les b\u00e9n\u00e9ficiaires, car elle leur a apport\u00e9 la stabilit\u00e9 financi\u00e8re dont ils avaient tant besoin et a contribu\u00e9 \u00e0 r\u00e9duire le stress pendant la COVID-19. La PCU a \u00e9galement permis aux b\u00e9n\u00e9ficiaires de disposer du temps et du soutien n\u00e9cessaires pour envisager une formation compl\u00e9mentaire, un d\u00e9veloppement des comp\u00e9tences et d\u2019autres possibilit\u00e9s d\u2019emploi, 40&nbsp;% des personnes interrog\u00e9es ayant suivi une forme de formation.<\/p>\n\n\n\n<p>La PCU a jou\u00e9 un r\u00f4le cl\u00e9 pour aider les b\u00e9n\u00e9ficiaires \u00e0 r\u00e9int\u00e9grer le march\u00e9 du travail. La plupart des participants estiment que la PCU leur a permis de r\u00e9int\u00e9grer le march\u00e9 du travail comme ils le souhaitaient. La prestation a \u00e9galement contribu\u00e9 \u00e0 soutenir des changements de carri\u00e8re positifs, 41&nbsp;% des participants ayant fait \u00e9tat d\u2019un certain type de changement de carri\u00e8re. Bien que la PCU ait fourni une aide financi\u00e8re imm\u00e9diate, le programme a \u00e9galement permis aux b\u00e9n\u00e9ficiaires d\u2019\u00e9valuer leur situation professionnelle et de poursuivre des \u00e9tudes et des formations suppl\u00e9mentaires. Il s\u2019agit l\u00e0 d\u2019un avantage inattendu de la CPU qui a permis \u00e0 de nombreux b\u00e9n\u00e9ficiaires de r\u00e9int\u00e9grer le march\u00e9 du travail. L\u2019int\u00e9gration d\u2019une composante d\u2019\u00e9ducation ou d\u2019am\u00e9lioration des comp\u00e9tences dans les programmes d\u2019aide au revenu pourrait aider davantage les personnes \u00e0 r\u00e9int\u00e9grer le march\u00e9 du travail apr\u00e8s avoir perdu leur emploi.<\/p>\n\n\n\n<div class=\"wp-block-group key-insights-grey has-background is-layout-constrained wp-block-group-is-layout-constrained\" style=\"background-color:#0000000d\">\n<div class=\"wp-block-columns is-layout-flex wp-container-core-columns-is-layout-28f84493 wp-block-columns-is-layout-flex\">\n<div class=\"wp-block-column is-layout-flow wp-block-column-is-layout-flow\">\n<h5 class=\"wp-block-heading\"><strong>Perspective cl\u00e9<\/strong><\/h5>\n\n\n\n<p class=\"is-style-default is-flex\"><img decoding=\"async\" class=\"wp-image-243230\" style=\"width: 40px;margin-right: 16px\" src=\"https:\/\/fsc-ccf.ca\/wp-content\/uploads\/2024\/07\/No.svg\" alt=\"\">40% des r\u00e9pondants \u00e0 l\u2019enqu\u00eate qui ont re\u00e7u une PCU ont suivi une formation ou un enseignement pendant qu\u2019ils recevaient la prestation.<br><\/p>\n\n\n\n<p class=\"is-flex\"><img decoding=\"async\" class=\"wp-image-243230\" style=\"width: 40px;margin-right: 16px\" src=\"https:\/\/fsc-ccf.ca\/wp-content\/uploads\/2024\/07\/No-1.svg\" alt=\"\">Les participants ont d\u00e9clar\u00e9 que la stabilit\u00e9 financi\u00e8re et le temps libre dont ils disposaient gr\u00e2ce \u00e0 la PCU leur permettaient de r\u00e9fl\u00e9chir \u00e0 leur r\u00f4le actuel et d\u2019investir dans une nouvelle carri\u00e8re.<br><\/p>\n\n\n\n<p class=\"is-flex\"><img decoding=\"async\" class=\"wp-image-243230\" style=\"width: 40px;margin-right: 16px\" src=\"https:\/\/fsc-ccf.ca\/wp-content\/uploads\/2024\/07\/No-2.svg\" alt=\"\">La PCU a jou\u00e9 un r\u00f4le cl\u00e9 dans le soutien d\u2019une transition harmonieuse vers le retour \u00e0 la vie active, 66&nbsp;% des r\u00e9pondants indiquant que la PCU leur a permis de r\u00e9int\u00e9grer le march\u00e9 du travail d\u2019une mani\u00e8re qui correspondait le mieux \u00e0 leurs besoins.<\/p>\n<\/div>\n<\/div>\n<\/div>\n<\/div>\n<\/div>\n\n\n\n<div id=\"the-issue\" class=\"wp-block-ob-blocks-anchor-point\"><\/div>\n\n\n\n<div class=\"wp-block-columns is-layout-flex wp-container-core-columns-is-layout-28f84493 wp-block-columns-is-layout-flex\">\n<div class=\"wp-block-column gradient-top purple is-layout-flow wp-block-column-is-layout-flow\" style=\"flex-basis:100%\">\n<h3 class=\"wp-block-heading has-black-color has-text-color\" id=\"TheChallenge\"><img decoding=\"async\" class=\"wp-image-240812\" style=\"width: 12px;height: 24px;margin-right: 10px;position: relative;top: -2px\" src=\"https:\/\/fsc-ccf.ca\/wp-content\/uploads\/2024\/07\/Vector-2.svg\" alt=\"\"> <strong>L\u2019enjeu<\/strong><\/h3>\n\n\n\n<div class=\"wp-block-group flex-print is-layout-constrained wp-block-group-is-layout-constrained\">\n<div class=\"wp-block-group is-layout-constrained wp-block-group-is-layout-constrained\">\n<p>De nombreuses personnes ont perdu leur emploi ou se sont retrouv\u00e9es au ch\u00f4mage pendant la majeure partie de la pand\u00e9mie, le taux de ch\u00f4mage atteignant 14,1&nbsp;%. Il \u00e9tait clair qu\u2019un nouveau soutien financier \u00e9tait n\u00e9cessaire pour r\u00e9pondre \u00e0 l\u2019impact de la COVID-19, car beaucoup de ceux qui ont soudainement perdu leur emploi n\u2019\u00e9taient pas admissibles \u00e0 l\u2019assurance-emploi (AE). Les pertes d\u2019emploi ont touch\u00e9 de mani\u00e8re disproportionn\u00e9e les travailleurs \u00e0 faible revenu, les jeunes et les personnes issues de communaut\u00e9s marginalis\u00e9es. Le programme d\u2019assurance-emploi d\u00e9j\u00e0 disponible n\u2019a pas \u00e9t\u00e9 con\u00e7u pour \u00eatre administr\u00e9 rapidement ou pour couvrir de larges groupes de la population active. En cons\u00e9quence, le gouvernement f\u00e9d\u00e9ral a lanc\u00e9 la PCU, facilitant ainsi la demande de prestations et augmentant le nombre de personnes b\u00e9n\u00e9ficiant d\u2019une allocation de soutien au revenu. La prestation a \u00e9t\u00e9 disponible du 15&nbsp;mars au 26&nbsp;septembre 2020 et a permis de verser 2 000&nbsp;dollars \u00e0 la main-d\u2019\u0153uvre salari\u00e9e et autonome directement touch\u00e9e par la COVID-19. Pour avoir droit \u00e0 la prestation, la personne doit vivre au Canada, \u00eatre \u00e2g\u00e9e d\u2019au moins 15&nbsp;ans, avoir perdu son emploi en raison de la COVID-19 et avoir gagn\u00e9 un revenu d\u2019au moins 5 000&nbsp;dollars (avant imp\u00f4ts) en 2019 ou au cours de la p\u00e9riode de 12&nbsp;mois pr\u00e9c\u00e9dant le d\u00e9p\u00f4t de la demande.<\/p>\n\n\n\n<p>La PCU a \u00e9t\u00e9 cr\u00e9\u00e9e pour servir de passerelle financi\u00e8re aux personnes subissant des pertes \u00e9conomiques importantes et pour les aider \u00e0 traverser une p\u00e9riode de grande incertitude. Cependant, il existe peu de donn\u00e9es qui examinent syst\u00e9matiquement l\u2019exp\u00e9rience des personnes qui ont b\u00e9n\u00e9fici\u00e9 de cette prestation et son impact au-del\u00e0 de l\u2019apport d\u2019un soutien financier. L\u2019objectif de ce projet de recherche \u00e9tait de comprendre l\u2019effet du programme sur les b\u00e9n\u00e9ficiaires et d\u2019examiner le r\u00f4le de la PCU dans les d\u00e9cisions prises par les b\u00e9n\u00e9ficiaires pour suivre une formation, un enseignement, un d\u00e9veloppement des comp\u00e9tences et de nouvelles opportunit\u00e9s de travail au cours de cette p\u00e9riode. L\u2019examen des prestations d\u2019intervention d\u2019urgence, comme la PCU, permet de mieux comprendre l\u2019\u00e9tat actuel du filet de s\u00e9curit\u00e9 du revenu au Canada et la mani\u00e8re dont il peut \u00eatre fa\u00e7onn\u00e9 pour mieux soutenir le parcours des personnes vers une plus grande stabilit\u00e9 \u00e9conomique.<\/p>\n<\/div>\n\n\n\n<figure class=\"wp-block-image size-full img-gradient purple\"><img loading=\"lazy\" decoding=\"async\" width=\"1024\" height=\"578\" src=\"https:\/\/fsc-ccf.ca\/wp-content\/uploads\/2024\/08\/SN-Solving-Group-of-working-professionals-1024x578-1.jpg\" alt=\"\" class=\"wp-image-283557\" srcset=\"https:\/\/fsc-ccf.ca\/wp-content\/uploads\/2024\/08\/SN-Solving-Group-of-working-professionals-1024x578-1.jpg 1024w, https:\/\/fsc-ccf.ca\/wp-content\/uploads\/2024\/08\/SN-Solving-Group-of-working-professionals-1024x578-1-300x169.jpg 300w, https:\/\/fsc-ccf.ca\/wp-content\/uploads\/2024\/08\/SN-Solving-Group-of-working-professionals-1024x578-1-768x434.jpg 768w, https:\/\/fsc-ccf.ca\/wp-content\/uploads\/2024\/08\/SN-Solving-Group-of-working-professionals-1024x578-1-10x6.jpg 10w\" sizes=\"auto, (max-width: 1024px) 100vw, 1024px\" \/><\/figure>\n<\/div>\n<\/div>\n<\/div>\n\n\n\n<div style=\"height:36px\" aria-hidden=\"true\" class=\"wp-block-spacer\"><\/div>\n\n\n\n<div id=\"what-were-investigating\" class=\"wp-block-ob-blocks-anchor-point\"><\/div>\n\n\n\n<div class=\"wp-block-columns is-layout-flex wp-container-core-columns-is-layout-28f84493 wp-block-columns-is-layout-flex\">\n<div class=\"wp-block-column gradient-top purple is-layout-flow wp-block-column-is-layout-flow\" style=\"flex-basis:100%\">\n<h3 class=\"wp-block-heading has-black-color has-text-color\" id=\"EnterIMM\"><img decoding=\"async\" class=\"wp-image-240812\" style=\"width: 24px;height: 24px;margin-right: 10px;position: relative;top: -2px\" src=\"https:\/\/fsc-ccf.ca\/wp-content\/uploads\/2024\/07\/Fill-1.svg\" alt=\"\"> <strong>Ce que nous examinons<\/strong><\/h3>\n\n\n\n<p>Ce projet a interrog\u00e9 les personnes au Canada qui ont b\u00e9n\u00e9fici\u00e9 de la PCU afin de comprendre son impact et la mani\u00e8re dont il a influenc\u00e9 la d\u00e9cision des b\u00e9n\u00e9ficiaires de mettre l\u2019accent sur les comp\u00e9tences, l\u2019\u00e9ducation et la formation et de rechercher de nouvelles opportunit\u00e9s de travail. Quatre groupes de discussion (trois en anglais et un en fran\u00e7ais) ont \u00e9t\u00e9 organis\u00e9s en Colombie-Britannique, en Alberta, en Ontario, au Qu\u00e9bec et dans les provinces de l\u2019Atlantique afin d\u2019explorer les questions cl\u00e9s pour les b\u00e9n\u00e9ficiaires de la PCU et de contribuer au contenu et \u00e0 la conception de l\u2019enqu\u00eate en ligne. L\u2019enqu\u00eate en ligne a \u00e9t\u00e9 disponible du 18 au 25&nbsp;novembre 2022 et a compt\u00e9 1 500&nbsp;r\u00e9pondants, tous des Canadiens ayant b\u00e9n\u00e9fici\u00e9 de la PCU.&nbsp;<\/p>\n\n\n\n<p>Les domaines cl\u00e9s explor\u00e9s dans l\u2019enqu\u00eate comprenaient l\u2019impact de la PCU sur&nbsp;:<\/p>\n\n\n\n<p>\u2022 Le changement d\u2019emploi, y compris le suivi de l\u2019\u00e9volution de la qualit\u00e9 de l\u2019emploi, de l\u2019ad\u00e9quation de l\u2019emploi et du revenu, ainsi que l\u2019identification des voies d\u2019acc\u00e8s au changement d\u2019emploi.<\/p>\n\n\n\n<p>\u2022 \u00c9ducation, recyclage et d\u00e9veloppement des comp\u00e9tences.<\/p>\n\n\n\n<p>\u2022 Incidence des obligations de soins sur la capacit\u00e9 \u00e0 se former ou \u00e0 changer d\u2019emploi.<\/p>\n\n\n\n<p>\u2022 La vie personnelle, y compris la sant\u00e9 mentale et physique, et la capacit\u00e9 \u00e0 g\u00e9rer le stress de la pand\u00e9mie.<\/p>\n<\/div>\n<\/div>\n\n\n\n<div id=\"what-were-learning\" class=\"wp-block-ob-blocks-anchor-point\"><\/div>\n\n\n\n<div class=\"wp-block-columns is-layout-flex wp-container-core-columns-is-layout-28f84493 wp-block-columns-is-layout-flex\">\n<div class=\"wp-block-column gradient-top purple is-layout-flow wp-block-column-is-layout-flow\" style=\"flex-basis:100%\">\n<h3 class=\"wp-block-heading has-black-color has-text-color\" id=\"TheResult\"><img decoding=\"async\" class=\"wp-image-240819\" style=\"width: 24px;height: 24px;margin-right: 10px;position: relative;top: -2px\" src=\"https:\/\/fsc-ccf.ca\/wp-content\/uploads\/2024\/07\/Fill-1-1.svg\" alt=\"\"> <strong>Ce que nous apprenons<\/strong><\/h3>\n\n\n\n<p><strong>Les participantes et participants se sont montr\u00e9s tr\u00e8s positifs \u00e0 l\u2019\u00e9gard de la PCU.<\/strong>&nbsp;<\/p>\n\n\n\n<p>Plus de 70&nbsp;% d\u2019entre eux se sont d\u00e9clar\u00e9s satisfaits de la proc\u00e9dure de demande et du temps que la PCU a mis \u00e0 leur disposition pour les aider, eux et leur famille. Les participantes et participants ont exprim\u00e9 leur satisfaction quant \u00e0 la conception du programme, en particulier par rapport \u00e0 d\u2019autres programmes d\u2019aide au revenu. La rapidit\u00e9 de mise en \u0153uvre, la clart\u00e9 des crit\u00e8res d\u2019admissibilit\u00e9 et la simplicit\u00e9 du processus de demande ont permis de r\u00e9duire le stress des demandeurs par rapport \u00e0 d\u2019autres programmes d\u2019aide gouvernementaux comme l\u2019aide sociale ou l\u2019assurance-emploi. Les participantes et les participants ont not\u00e9 que le transfert inconditionnel de la prestation, qui permet aux b\u00e9n\u00e9ficiaires d\u2019utiliser les fonds comme bon leur semble, constitue un \u00e9l\u00e9ment distinctif de la PCU.&nbsp;<\/p>\n\n\n\n<p><strong>La PCU a trait\u00e9 les probl\u00e8mes financiers et ceux li\u00e9s \u00e0 la pand\u00e9mie.<\/strong>&nbsp;<\/p>\n\n\n\n<p>La plupart des personnes interrog\u00e9es (70&nbsp;%) ont d\u00e9crit la PCU comme une source de stabilit\u00e9 ayant un impact positif sur la situation financi\u00e8re de leur m\u00e9nage, couvrant les d\u00e9penses de base telles que la nourriture, les factures du m\u00e9nage et le logement, et les aidant \u00e0 ne pas s\u2019endetter. Toutefois, certains r\u00e9pondants ont d\u00e9clar\u00e9 que le financement n\u2019\u00e9tait pas suffisant pour couvrir plus que les besoins de base d\u2019une personne, et que davantage de fonds devraient \u00eatre disponibles pour les personnes \u00e0 charge dans les futurs programmes. Les personnes interrog\u00e9es ont \u00e9galement d\u00e9clar\u00e9 que la PCU les avait aid\u00e9es \u00e0 g\u00e9rer le stress de la pand\u00e9mie et de la perte d\u2019emploi (67&nbsp;%), leur avait permis de s\u2019occuper de membres de leur famille malades (60&nbsp;%) et avait eu un impact positif sur leur sant\u00e9 mentale (64&nbsp;%), ce qui \u00e9tait particuli\u00e8rement important pour les personnes issues de l\u2019immigration, des communaut\u00e9s&nbsp;2SLGBTQIA+ et des communaut\u00e9s racialis\u00e9es.&nbsp;<\/p>\n\n\n\n<p><strong>La PCU a permis aux b\u00e9n\u00e9ficiaires de poursuivre des \u00e9tudes et une formation qu\u2019ils n\u2019auraient pas pu suivre autrement.<\/strong>&nbsp;<\/p>\n\n\n\n<p>Les personnes interrog\u00e9es estiment que la stabilit\u00e9 financi\u00e8re et le temps libre leur ont permis de r\u00e9fl\u00e9chir \u00e0 la question de savoir s\u2019ils voulaient reprendre leur emploi ou s\u2019investir dans une nouvelle voie professionnelle. Environ 40&nbsp;% d\u2019entre eux ont suivi un type de formation ou d\u2019enseignement comme des cours gratuits en ligne, des programmes de certification, ou ont compl\u00e9t\u00e9 une formation ant\u00e9rieure qu\u2019ils avaient mise en suspens. Cette proportion \u00e9tait particuli\u00e8rement \u00e9lev\u00e9e chez les jeunes \u00e2g\u00e9s de 18 \u00e0 29&nbsp;ans. La principale raison invoqu\u00e9e est l\u2019am\u00e9lioration des perspectives d\u2019\u00e9ducation ou d\u2019emploi.&nbsp;<\/p>\n\n\n\n<p><strong>La PCU a aid\u00e9 \u00e0 la r\u00e9int\u00e9gration sur le march\u00e9 du travail.&nbsp;<\/strong><\/p>\n\n\n\n<p>La plupart des participants ont reconnu qu\u2019il s\u2019agissait d\u2019un facteur cl\u00e9 qui les avait aid\u00e9s \u00e0 retrouver un emploi et \u00e0 rechercher de nouvelles possibilit\u00e9s d\u2019emploi. Parmi les participants qui ont repris le travail, 66&nbsp;% ont reconnu que la PCU leur avait permis de r\u00e9int\u00e9grer le march\u00e9 du travail de la mani\u00e8re qui leur convenait le mieux. La plupart des participants ont retrouv\u00e9 l\u2019emploi qu\u2019ils occupaient avant la COVID-19. M\u00eame si la majorit\u00e9 (82 %) \u00e9tait heureuse de revenir, 63&nbsp;% ont d\u00e9clar\u00e9 qu\u2019elles ne pensaient pas qu\u2019il existait d\u2019autres possibilit\u00e9s d\u2019emploi et 53&nbsp;% ont indiqu\u00e9 qu\u2019elles ne disposaient pas de l\u2019\u00e9ducation ou de la formation n\u00e9cessaire pour changer d\u2019emploi.<\/p>\n\n\n\n<p>Les personnes souhaitant changer d\u2019emploi ont d\u00e9clar\u00e9 que la PCU les avait aid\u00e9es \u00e0 chercher un nouvel emploi mieux adapt\u00e9 \u00e0 leurs int\u00e9r\u00eats et \u00e0 leurs besoins. Un peu moins de la moiti\u00e9 des r\u00e9pondants (41&nbsp;%) ont indiqu\u00e9 que leur situation professionnelle avait chang\u00e9 au moment de leur retour sur le march\u00e9 du travail, par exemple en raison de nouvelles responsabilit\u00e9s, d\u2019un nouvel employeur ou d\u2019un nouveau secteur d\u2019activit\u00e9, et ont fait \u00e9tat d\u2019une am\u00e9lioration de leur situation professionnelle en cons\u00e9quence.<\/p>\n<\/div>\n<\/div>\n\n\n\n<div id=\"why-it-matters\" class=\"wp-block-ob-blocks-anchor-point\"><\/div>\n\n\n\n<div class=\"wp-block-columns is-layout-flex wp-container-core-columns-is-layout-28f84493 wp-block-columns-is-layout-flex\">\n<div class=\"wp-block-column gradient-top purple is-layout-flow wp-block-column-is-layout-flow\" style=\"flex-basis:100%\">\n<h3 class=\"wp-block-heading has-black-color has-text-color\" id=\"TheImpact\"><img decoding=\"async\" class=\"wp-image-240819\" style=\"width: 22px;height: 22px;margin-right: 10px;position: relative;top: -2px\" src=\"https:\/\/fsc-ccf.ca\/wp-content\/uploads\/2024\/07\/Fill-1-2.svg\" alt=\"\"> <strong>Pourquoi c\u2019est important<\/strong><\/h3>\n\n\n\n<div style=\"height:38px\" aria-hidden=\"true\" class=\"wp-block-spacer\"><\/div>\n\n\n\n<div class=\"wp-block-columns is-layout-flex wp-container-core-columns-is-layout-28f84493 wp-block-columns-is-layout-flex\">\n<div class=\"wp-block-column margin-bottom-0 is-layout-flow wp-block-column-is-layout-flow\" style=\"flex-basis:100%\">\n<p>Ce projet illustre les succ\u00e8s de la prestation CPU, qui a permis d\u2019apporter un soutien financier et suppl\u00e9mentaire aux b\u00e9n\u00e9ficiaires pendant une p\u00e9riode sans pr\u00e9c\u00e9dent et stressante. Tout en apportant une aide financi\u00e8re imm\u00e9diate dont les b\u00e9n\u00e9ficiaires avaient grand besoin, ces prestations leur ont \u00e9galement permis d\u2019\u00e9valuer leur situation professionnelle et de poursuivre des \u00e9tudes et des formations. De nombreux b\u00e9n\u00e9ficiaires de la PCU n\u2019auraient pas \u00e9t\u00e9 en mesure de poursuivre des \u00e9tudes ou des formations suppl\u00e9mentaires sans cette prestation.<\/p>\n\n\n\n<p>Les r\u00e9sultats soulignent que les programmes d\u2019aide au revenu peuvent fournir les conditions n\u00e9cessaires pour poursuivre des \u00e9tudes et des formations qui, en fin de compte, contribuent \u00e0 am\u00e9liorer les perspectives d\u2019emploi. L\u2019octroi d\u2019une aide financi\u00e8re r\u00e9guli\u00e8re est un facteur cl\u00e9 pour encourager les gens \u00e0 poursuivre leurs \u00e9tudes ou \u00e0 am\u00e9liorer leurs comp\u00e9tences. Un effort conscient pour int\u00e9grer une composante d\u2019\u00e9ducation ou d\u2019am\u00e9lioration des comp\u00e9tences dans les aides au revenu pourrait aider davantage les personnes \u00e0 r\u00e9int\u00e9grer le march\u00e9 du travail apr\u00e8s une perte d\u2019emploi. Alors que le gouvernement canadien continue de se pencher sur ses programmes de r\u00e9cession, il est essentiel d\u2019identifier et d\u2019inclure des \u00e9l\u00e9ments qui aident \u00e0 la r\u00e9int\u00e9gration de la main-d\u2019\u0153uvre. La PCU est un excellent exemple de la mani\u00e8re dont les programmes d\u2019aide au revenu peuvent avoir un impact positif sur les r\u00e9sultats en mati\u00e8re de formation et d\u2019emploi. Les d\u00e9cideurs politiques devraient prendre en compte l\u2019impact positif de la combinaison de l\u2019aide au revenu avec une formation ou un enseignement abordable lorsqu\u2019ils con\u00e7oivent d\u2019autres prestations.<\/p>\n<\/div>\n<\/div>\n\n\n\n<p><\/p>\n<\/div>\n<\/div>\n\n\n\n<div id=\"whats-next\" class=\"wp-block-ob-blocks-anchor-point short-content\"><\/div>\n\n\n\n<div class=\"wp-block-columns is-layout-flex wp-container-core-columns-is-layout-28f84493 wp-block-columns-is-layout-flex\">\n<div class=\"wp-block-column gradient-top purple is-layout-flow wp-block-column-is-layout-flow\" style=\"flex-basis:100%\">\n<h3 class=\"wp-block-heading has-black-color has-text-color\" id=\"TheImpact\"><img decoding=\"async\" class=\"wp-image-240819\" style=\"width: 22px;height: 14px;margin-right: 10px;position: relative;top: -2px\" src=\"https:\/\/fsc-ccf.ca\/wp-content\/uploads\/2024\/07\/Vector-3.svg\" alt=\"\"> <strong>Prochaines \u00e9tapes<\/strong><\/h3>\n\n\n\n<p>Ce projet fait partie de la s\u00e9rie \u00ab<a href=\"https:\/\/fsc-ccf.ca\/fr\/research-insights-key-themes\/quality-of-work\/\" target=\"_blank\" rel=\"noreferrer noopener\">\u2009Qualit\u00e9 de l\u2019emploi\u2009<\/a>\u00bb du Centre des Comp\u00e9tences futures, qui explore les diff\u00e9rents aspects de la qualit\u00e9 de l\u2019emploi et leur interaction avec les d\u00e9fis du march\u00e9 du travail, notamment les p\u00e9nuries actuelles de comp\u00e9tences et de main-d\u2019\u0153uvre dans tous les secteurs. Dans le cadre d\u2019une strat\u00e9gie g\u00e9n\u00e9rale visant \u00e0 am\u00e9liorer la qualit\u00e9 de l\u2019emploi pour les personnes, il faudra veiller \u00e0 ce que les travailleurs en situation d\u2019emploi vuln\u00e9rable aient acc\u00e8s \u00e0 des droits et avantages similaires \u00e0 ceux des autres professionnels et \u00e0 ce qu\u2019ils aient acc\u00e8s \u00e0 des initiatives d\u2019am\u00e9lioration et de requalification des comp\u00e9tences afin de pouvoir acc\u00e9der \u00e0 de meilleures possibilit\u00e9s d\u2019emploi dans d\u2019autres professions et d\u2019autres secteurs.<\/p>\n\n\n\n<p>La s\u00e9rie sur la&nbsp;<a href=\"https:\/\/fsc-ccf.ca\/fr\/research-insights-key-themes\/quality-of-work\/\" target=\"_blank\" rel=\"noreferrer noopener\">qualit\u00e9 de l\u2019emploi<\/a>&nbsp;explore les pratiques actuelles en mati\u00e8re de r\u00e9mun\u00e9ration et d\u2019avantages sociaux, de s\u00e9curit\u00e9 de l\u2019emploi, d\u2019environnement de travail, de d\u00e9veloppement professionnel et d\u2019environnement social g\u00e9n\u00e9ral pour la main-d\u2019\u0153uvre, les employeurs et les d\u00e9cideurs politiques. Les initiatives de recherche financ\u00e9es par le CCF visent \u00e0 combler les principales lacunes en mati\u00e8re de politique et de pratique li\u00e9es aux questions de qualit\u00e9 de l\u2019emploi dans le contexte canadien. Le CCF collabore avec les partenaires financ\u00e9s afin d\u2019obtenir des donn\u00e9es sur l\u2019ensemble des projets.<\/p>\n\n\n\n<div style=\"height:50px\" aria-hidden=\"true\" class=\"wp-block-spacer\"><\/div>\n<\/div>\n<\/div>\n<\/div>\n<\/div>\n<\/div>\n\n\n<\/div>\n\n\n\n<div class=\"tab tab-content\" data-title=\"T\u00e9l\u00e9chargements de rapports\" data-tab=\"\" id=\"\" data-show-reports=\"yes\">\n        \n\n<div class=\"wp-block-columns container container--with-overflow is-layout-flex wp-container-core-columns-is-layout-28f84493 wp-block-columns-is-layout-flex\">\n<div class=\"wp-block-column is-layout-flow wp-block-column-is-layout-flow\">\n\n\t\t<div class=\"display-reports display-tab\">\n\n\t\t\t\t\t\t\t<div class=\"display-reports__report display-reports__report-main\">\n\t\t\t\t\t<div class=\"display-reports__report-img\" style=\"background-image: url('https:\/\/fsc-ccf.ca\/wp-content\/uploads\/2023\/06\/Screenshot-2024-08-28-at-11.10.07\u202fAM.png')\"><\/div>\n\t\t\t\t\t<div class=\"display-reports__co\">\n\t\t\t\t\t\t<div class=\"display-reports__report-tags-container\">\n\t\t\t\t\t\t\t<p class=\"display-reports__report-tags-primary\">Rapport de recherche complet<\/p>\n\t\t\t\t\t\t\t<p class=\"display-reports__report-tags-secondary\">\n\t\t\t\t\t\t\t\tPDF\t\t\t\t\t\t\t<\/p>\n\t\t\t\t\t\t<\/div>\n\t\t\t\t\t\t<h2 class=\"display-reports__report-title\">PRESTATION CANADIENNE D\u2019URGENCE : PLUS QU\u2019UN SIMPLE PROGRAMME DE SOUTIEN AU REVENU<\/h2>\n\t\t\t\t\t<\/div>\n\t\t\t\t\t<div class=\"display-reports__report-link-container\">\n\t\t\t\t\t\t<a href=\"https:\/\/fsc-ccf.ca\/wp-content\/uploads\/2023\/06\/CCPA_QOW_4_Exec_Summary_2023-05-17-1.pdf\"\n\t\t\t\t\t\t\tclass=\"display-reports__report-link\">T\u00e9l\u00e9charger\t\t\t\t\t\t\t<img decoding=\"async\" src=\"https:\/\/fsc-ccf.ca\/wp-content\/themes\/ob-fsc-2.0\/images\/icons\/download-i-r-arrow.svg\" alt=\"\"\n\t\t\t\t\t\t\t\tclass=\"display-reports__report-link-arrow\">\n\t\t\t\t\t\t<\/a>\n\t\t\t\t\t<\/div>\n\t\t\t\t<\/div>\n\t\t\t\t\t\t<!-- PDF: 305376 | https:\/\/fsc-ccf.ca\/wp-content\/uploads\/2024\/12\/comprendre-limpact-de-la-prestation-canadienne-durgence-pcu-plus-quun-simple-programme-de-soutien-du-revenu.pdf -->\t\t\t\t<div class=\"display-reports__report\">\n\t\t\t\t\t<div class=\"display-reports__report-img\" style=\"background-image: url('https:\/\/fsc-ccf.ca\/wp-content\/themes\/ob-fsc-2.0\/images\/report-cover.png')\"><\/div>\n\t\t\t\t\t<div>\n\t\t\t\t\t\t<div class=\"display-reports__report-tags-container\">\n\t\t\t\t\t\t\t<p class=\"display-reports__report-tags-primary\">Rapport de Perspectives<\/p>\n\t\t\t\t\t\t\t<p class=\"display-reports__report-tags-secondary\">PDF<\/p>\n\t\t\t\t\t\t<\/div>\n\t\t\t\t\t\t<h2 class=\"display-reports__report-title\">Perspectives du CCF<\/h2>\n\t\t\t\t\t<\/div>\n\t\t\t\t\t<div class=\"display-reports__report-link-container\">\n\t\t\t\t\t\t<a href=\"https:\/\/fsc-ccf.ca\/wp-content\/uploads\/2024\/12\/comprendre-limpact-de-la-prestation-canadienne-durgence-pcu-plus-quun-simple-programme-de-soutien-du-revenu.pdf\"\n\t\t\t\t\t\t\tclass=\"display-reports__report-link\">T\u00e9l\u00e9charger\t\t\t\t\t\t\t<img decoding=\"async\" src=\"https:\/\/fsc-ccf.ca\/wp-content\/themes\/ob-fsc-2.0\/images\/icons\/download-i-r-arrow.svg\" alt=\"\"\n\t\t\t\t\t\t\t\tclass=\"display-reports__report-link-arrow\">\n\t\t\t\t\t\t<\/a>\n\t\t\t\t\t<\/div>\n\t\t\t\t<\/div>\n\t\t\t\t\t\t\n\t\t\t\t\t<\/div>\n<\/div>\n<\/div>\n\n\n<\/div>\n\n    <\/div>\n<\/div>\n\n<div class=\"page-block cards-grid full-width-block card-style--default display-style--default page-block--white  \" >\n\t<div class=\"container container--with-overflow\">\n\t\t<h2 class=\"cards-grid__section-title heading-content section-title\">Plus de CCF<\/h2>\t\t\t\t<div class=\"overflow\">\n\t\t\t\n\t\t\t<div class=\"overflow__content cards-grid__grid large\">\n\t\t\t\n\t\t\t<div class=\"content-card content-card--project\">\n\t\t\t<div class=\"content-card__image\">\n\t\t\t<a href=\"https:\/\/fsc-ccf.ca\/fr\/projets\/peche-nordique\/\" target=\"_self\"><img decoding=\"async\" src=\"https:\/\/fsc-ccf.ca\/wp-content\/uploads\/2021\/03\/ocean-wise-conservation-association-image-800x600.jpg\" alt=\"Two young individuals in a boat holding up a plankton net. \"><\/a>\n\t\t<\/div>\n\t\t\t<div class=\"content-card__content\">\n\t\t<div class=\"content-card__text\">\n\t\t\t\t\t\t\t<div class=\"content-card__type\">\n\t\t\t\t\t<span href=\"https:\/\/fsc-ccf.ca\/fr\/projets\/\">Projet<\/span>\t\t\t\t<\/div>\n\t\t\t\n\t\t\t\n\t\t\t\t\t\t<h3 class=\"content-card__title\">\n\t\t\t\t<a href=\"https:\/\/fsc-ccf.ca\/fr\/projets\/peche-nordique\/\" target=\"_self\">Assurer une p\u00eache nordique durable<\/a>\n\t\t\t<\/h3>\n\n\t\t\t<div class=\"metadata metadata--event\">\n\t<ul>\n\t\t<li class=\"metadata__date\">\n\t\t\t<div class=\"metadata__icon\"><svg width=\"10\" height=\"12\" viewBox=\"0 0 10 12\" fill=\"none\" xmlns=\"http:\/\/www.w3.org\/2000\/svg\">\n<path id=\"calendar_today\" d=\"M1.11111 11.5477C0.805556 11.5477 0.543982 11.4358 0.326389 11.212C0.108796 10.9882 0 10.7191 0 10.4049V2.40486C0 2.09057 0.108796 1.82152 0.326389 1.59771C0.543982 1.3739 0.805556 1.262 1.11111 1.262H1.66667V0.119141H2.77778V1.262H7.22222V0.119141H8.33333V1.262H8.88889C9.19444 1.262 9.45602 1.3739 9.67361 1.59771C9.8912 1.82152 10 2.09057 10 2.40486V10.4049C10 10.7191 9.8912 10.9882 9.67361 11.212C9.45602 11.4358 9.19444 11.5477 8.88889 11.5477H1.11111ZM1.11111 10.4049H8.88889V4.69057H1.11111V10.4049Z\" fill=\"#71136C\"\/>\n<\/svg>\n<\/div>\n\t\t\tAvril 2021\t\t<\/li>\n\n\t\t\t\t\t<li class=\"metadata__partners\">\n\t\t\t\t<div class=\"metadata__icon\"><svg width=\"12\" height=\"9\" viewBox=\"0 0 12 9\" fill=\"none\" xmlns=\"http:\/\/www.w3.org\/2000\/svg\">\n<path id=\"Parnter Icon\" d=\"M0 9.00014V7.50014C0 7.19657 0.0795454 6.91755 0.238636 6.66309C0.397727 6.40862 0.609091 6.21443 0.872727 6.0805C1.43636 5.80371 2.00909 5.59612 2.59091 5.45773C3.17273 5.31934 3.76364 5.25014 4.36364 5.25014C4.96364 5.25014 5.55455 5.31934 6.13636 5.45773C6.71818 5.59612 7.29091 5.80371 7.85455 6.0805C8.11818 6.21443 8.32955 6.40862 8.48864 6.66309C8.64773 6.91755 8.72727 7.19657 8.72727 7.50014V9.00014H0ZM9.81818 9.00014V7.393C9.81818 7.00014 9.70682 6.62291 9.48409 6.2613C9.26136 5.89969 8.94546 5.58943 8.53636 5.3305C9 5.38407 9.43636 5.47559 9.84546 5.60505C10.2545 5.73451 10.6364 5.893 10.9909 6.0805C11.3182 6.25907 11.5682 6.45773 11.7409 6.67648C11.9136 6.89523 12 7.13407 12 7.393V9.00014H9.81818ZM4.36364 4.71443C3.76364 4.71443 3.25 4.5046 2.82273 4.08496C2.39545 3.66532 2.18182 3.16085 2.18182 2.57157C2.18182 1.98228 2.39545 1.47782 2.82273 1.05818C3.25 0.638532 3.76364 0.428711 4.36364 0.428711C4.96364 0.428711 5.47727 0.638532 5.90455 1.05818C6.33182 1.47782 6.54545 1.98228 6.54545 2.57157C6.54545 3.16085 6.33182 3.66532 5.90455 4.08496C5.47727 4.5046 4.96364 4.71443 4.36364 4.71443ZM9.81818 2.57157C9.81818 3.16085 9.60455 3.66532 9.17727 4.08496C8.75 4.5046 8.23636 4.71443 7.63636 4.71443C7.53636 4.71443 7.40909 4.70326 7.25455 4.68094C7.1 4.65862 6.97273 4.63407 6.87273 4.60728C7.11818 4.32157 7.30682 4.0046 7.43864 3.65639C7.57045 3.30818 7.63636 2.94657 7.63636 2.57157C7.63636 2.19657 7.57045 1.83496 7.43864 1.48675C7.30682 1.13853 7.11818 0.821568 6.87273 0.535854C7 0.491211 7.12727 0.462193 7.25455 0.4488C7.38182 0.435407 7.50909 0.428711 7.63636 0.428711C8.23636 0.428711 8.75 0.638532 9.17727 1.05818C9.60455 1.47782 9.81818 1.98228 9.81818 2.57157Z\" fill=\"#71136C\"\/>\n<\/svg>\n<\/div>\n\t\t\t\t<div class=\"metadata__list\">\n\t\t\t\t\t<span>Ocean Wise Conservation Association<\/span>\t\t\t\t<\/div>\n\t\t\t<\/li>\n\t\t\t<\/ul>\n<\/div>\t\t\t<div class=\"content-card__deck\">\n\t\t\t\tCe partenariat soutient les p\u00eacheries arctiques \u00e0 petite \u00e9chelle en introduisant et en promouvant les produits r\u00e9colt\u00e9s localement sur le march\u00e9 canadien des fruits de mer durables.\t\t\t<\/div>\n\n\t\t\t\t\t\t\t\t\t\t\t\t\t<ul class=\"content-card__terms\">\n\t\t\t\t\t\t\t\t\t\t\t\t<li>\n\t\t\t\t\t\t\t\t\t\t\t\t\t\t\t\t\t<span class=\"term-square\" style=\"background-color:#d218c0\"><\/span>\n\t\t\t\t\t\t\t\t\t\t\t\t\t\t\t\t<a href=\"https:\/\/fsc-ccf.ca\/fr\/themes\/economie-inclusive\/\">\u00c9conomie inclusive<\/a>\n\t\t\t\t\t\t\t<\/li>\n\t\t\t\t\t\t\t\t\t\t\t\t\t\t\t\t\t\t\t\t<\/ul>\n\t\t\t\t\t\t\n\t\t<\/div>\n\t\t\t<\/div>\n<\/div><div class=\"content-card content-card--research\">\n\t\t\t<div class=\"content-card__image\">\n\t\t\t<a href=\"https:\/\/fsc-ccf.ca\/fr\/recherche\/corps-et-ame-limpact-de-la-pandemie-sur-la-sante-physique-et-mentale\/\" target=\"_self\"><img decoding=\"async\" src=\"https:\/\/fsc-ccf.ca\/wp-content\/uploads\/2021\/06\/Environics_Mind-and-Body-Social-No-Text1-800x600.png\" alt=\"Women looking pensively \"><\/a>\n\t\t<\/div>\n\t\t\t<div class=\"content-card__content\">\n\t\t<div class=\"content-card__text\">\n\t\t\t\t\t\t\t<div class=\"content-card__type\">\n\t\t\t\t\t<span href=\"https:\/\/fsc-ccf.ca\/fr\/recherche\/\">Recherche<\/span>\t\t\t\t<\/div>\n\t\t\t\n\t\t\t\n\t\t\t\t\t\t<h3 class=\"content-card__title\">\n\t\t\t\t<a href=\"https:\/\/fsc-ccf.ca\/fr\/recherche\/corps-et-ame-limpact-de-la-pandemie-sur-la-sante-physique-et-mentale\/\" target=\"_self\">Corps et \u00e2me : l\u2019impact de la pand\u00e9mie sur la sant\u00e9 physique et mentale<\/a>\n\t\t\t<\/h3>\n\n\t\t\t<div class=\"metadata metadata--event\">\n\t<ul>\n\t\t<li class=\"metadata__date\">\n\t\t\t<div class=\"metadata__icon\"><svg width=\"10\" height=\"12\" viewBox=\"0 0 10 12\" fill=\"none\" xmlns=\"http:\/\/www.w3.org\/2000\/svg\">\n<path id=\"calendar_today\" d=\"M1.11111 11.5477C0.805556 11.5477 0.543982 11.4358 0.326389 11.212C0.108796 10.9882 0 10.7191 0 10.4049V2.40486C0 2.09057 0.108796 1.82152 0.326389 1.59771C0.543982 1.3739 0.805556 1.262 1.11111 1.262H1.66667V0.119141H2.77778V1.262H7.22222V0.119141H8.33333V1.262H8.88889C9.19444 1.262 9.45602 1.3739 9.67361 1.59771C9.8912 1.82152 10 2.09057 10 2.40486V10.4049C10 10.7191 9.8912 10.9882 9.67361 11.212C9.45602 11.4358 9.19444 11.5477 8.88889 11.5477H1.11111ZM1.11111 10.4049H8.88889V4.69057H1.11111V10.4049Z\" fill=\"#71136C\"\/>\n<\/svg>\n<\/div>\n\t\t\tJuin 2021\t\t<\/li>\n\n\t\t\t\t\t<li class=\"metadata__partners\">\n\t\t\t\t<div class=\"metadata__icon\"><svg width=\"12\" height=\"9\" viewBox=\"0 0 12 9\" fill=\"none\" xmlns=\"http:\/\/www.w3.org\/2000\/svg\">\n<path id=\"Parnter Icon\" d=\"M0 9.00014V7.50014C0 7.19657 0.0795454 6.91755 0.238636 6.66309C0.397727 6.40862 0.609091 6.21443 0.872727 6.0805C1.43636 5.80371 2.00909 5.59612 2.59091 5.45773C3.17273 5.31934 3.76364 5.25014 4.36364 5.25014C4.96364 5.25014 5.55455 5.31934 6.13636 5.45773C6.71818 5.59612 7.29091 5.80371 7.85455 6.0805C8.11818 6.21443 8.32955 6.40862 8.48864 6.66309C8.64773 6.91755 8.72727 7.19657 8.72727 7.50014V9.00014H0ZM9.81818 9.00014V7.393C9.81818 7.00014 9.70682 6.62291 9.48409 6.2613C9.26136 5.89969 8.94546 5.58943 8.53636 5.3305C9 5.38407 9.43636 5.47559 9.84546 5.60505C10.2545 5.73451 10.6364 5.893 10.9909 6.0805C11.3182 6.25907 11.5682 6.45773 11.7409 6.67648C11.9136 6.89523 12 7.13407 12 7.393V9.00014H9.81818ZM4.36364 4.71443C3.76364 4.71443 3.25 4.5046 2.82273 4.08496C2.39545 3.66532 2.18182 3.16085 2.18182 2.57157C2.18182 1.98228 2.39545 1.47782 2.82273 1.05818C3.25 0.638532 3.76364 0.428711 4.36364 0.428711C4.96364 0.428711 5.47727 0.638532 5.90455 1.05818C6.33182 1.47782 6.54545 1.98228 6.54545 2.57157C6.54545 3.16085 6.33182 3.66532 5.90455 4.08496C5.47727 4.5046 4.96364 4.71443 4.36364 4.71443ZM9.81818 2.57157C9.81818 3.16085 9.60455 3.66532 9.17727 4.08496C8.75 4.5046 8.23636 4.71443 7.63636 4.71443C7.53636 4.71443 7.40909 4.70326 7.25455 4.68094C7.1 4.65862 6.97273 4.63407 6.87273 4.60728C7.11818 4.32157 7.30682 4.0046 7.43864 3.65639C7.57045 3.30818 7.63636 2.94657 7.63636 2.57157C7.63636 2.19657 7.57045 1.83496 7.43864 1.48675C7.30682 1.13853 7.11818 0.821568 6.87273 0.535854C7 0.491211 7.12727 0.462193 7.25455 0.4488C7.38182 0.435407 7.50909 0.428711 7.63636 0.428711C8.23636 0.428711 8.75 0.638532 9.17727 1.05818C9.60455 1.47782 9.81818 1.98228 9.81818 2.57157Z\" fill=\"#71136C\"\/>\n<\/svg>\n<\/div>\n\t\t\t\t<div class=\"metadata__list\">\n\t\t\t\t\t<span>Diversity Institute, <\/span><span>Environics Institute<\/span>\t\t\t\t<\/div>\n\t\t\t<\/li>\n\t\t\t<\/ul>\n<\/div>\t\t\t<div class=\"content-card__deck\">\n\t\t\t\tLa deuxi\u00e8me phase du Sondage sur l\u2019emploi et les comp\u00e9tences a \u00e9t\u00e9 men\u00e9e \u00e0 la fin de l\u2019ann\u00e9e 2020, alors que la deuxi\u00e8me vague de la pand\u00e9mie prenait de l\u2019ampleur au Canada et que le nombre de nouveaux cas de COVID-19 augmentait r\u00e9guli\u00e8rement. \t\t\t<\/div>\n\n\t\t\t\t\t\t\t\t\t\t\t\t\t<ul class=\"content-card__terms\">\n\t\t\t\t\t\t\t\t\t\t\t\t<li>\n\t\t\t\t\t\t\t\t\t\t\t\t\t\t\t\t\t<span class=\"term-square\" style=\"background-color:#d218c0\"><\/span>\n\t\t\t\t\t\t\t\t\t\t\t\t\t\t\t\t<a href=\"https:\/\/fsc-ccf.ca\/fr\/themes\/economie-inclusive\/\">\u00c9conomie inclusive<\/a>\n\t\t\t\t\t\t\t<\/li>\n\t\t\t\t\t\t\t\t\t\t\t\t\t\t\t<\/ul>\n\t\t\t\t\t\t\n\t\t<\/div>\n\t\t\n\t<details class=\"related-reports\">\n\t\t<summary class=\"related-reports__summary\">\n\t\t\t<span class=\"related-reports__count\">1<\/span>\n\t\t\t<span class=\"related-reports__title\">Rapports associ\u00e9s<\/span>\n\t\t\t<span class=\"related-reports__icon\"><\/span>\n\t\t<\/summary>\n\t\t<ul class=\"related-reports__reports\">\n\t\t\t\t\t\t\t\t<li class=\"related-reports__report\">\n\t\t\t\t\t\t<a href=\"https:\/\/fsc-ccf.ca\/wp-content\/uploads\/2021\/06\/CCF_Corps-et-a\u0302me-limpact-de-la-pande\u0301mie-sur-la-sante\u0301-physique-et-mentale_Juin-2021_FR.pdf\" target=\"_blank\">\n\t\t\t\t\t\t\t<div class=\"related-reports__tags\">\n\t\t\t\t\t\t\t\t<span class=\"related-reports__tag related-reports__tag--primary\">Rapport de recherche complet<\/span><span class=\"related-reports__tag related-reports__tag--secondary\">PDF<\/span>\t\t\t\t\t\t\t<\/div>\n\n\t\t\t\t\t\t\tCorps et \u00e2me : l\u2019impact de la pand\u00e9mie sur la sant\u00e9 physique et mentale\t\t\t\t\t\t<\/a>\n\t\t\t\t\t<\/li>\n\t\t\t\t\t\t\t\t<\/ul>\n\t<\/details>\n\t<\/div>\n<\/div><div class=\"content-card content-card--research\">\n\t\t\t<div class=\"content-card__image\">\n\t\t\t<a href=\"https:\/\/fsc-ccf.ca\/fr\/recherche\/portrait-de-la-situation-lacquisition-de-nouvelles-competences-et-lemploi-chez-les-autochtones-au-canada\/\" target=\"_self\"><img decoding=\"async\" src=\"https:\/\/fsc-ccf.ca\/wp-content\/uploads\/2020\/06\/indigenous-business-21-hero-800x600.jpg\" alt=\"Family of indigenous Canadians\"><\/a>\n\t\t<\/div>\n\t\t\t<div class=\"content-card__content\">\n\t\t<div class=\"content-card__text\">\n\t\t\t\t\t\t\t<div class=\"content-card__type\">\n\t\t\t\t\t<span href=\"https:\/\/fsc-ccf.ca\/fr\/recherche\/\">Recherche<\/span>\t\t\t\t<\/div>\n\t\t\t\n\t\t\t\n\t\t\t\t\t\t<h3 class=\"content-card__title\">\n\t\t\t\t<a href=\"https:\/\/fsc-ccf.ca\/fr\/recherche\/portrait-de-la-situation-lacquisition-de-nouvelles-competences-et-lemploi-chez-les-autochtones-au-canada\/\" target=\"_self\">Portrait de la situation : l\u2019acquisition de nouvelles comp\u00e9tences et l\u2019emploi chez les Autochtones au Canada<\/a>\n\t\t\t<\/h3>\n\n\t\t\t<div class=\"metadata metadata--event\">\n\t<ul>\n\t\t<li class=\"metadata__date\">\n\t\t\t<div class=\"metadata__icon\"><svg width=\"10\" height=\"12\" viewBox=\"0 0 10 12\" fill=\"none\" xmlns=\"http:\/\/www.w3.org\/2000\/svg\">\n<path id=\"calendar_today\" d=\"M1.11111 11.5477C0.805556 11.5477 0.543982 11.4358 0.326389 11.212C0.108796 10.9882 0 10.7191 0 10.4049V2.40486C0 2.09057 0.108796 1.82152 0.326389 1.59771C0.543982 1.3739 0.805556 1.262 1.11111 1.262H1.66667V0.119141H2.77778V1.262H7.22222V0.119141H8.33333V1.262H8.88889C9.19444 1.262 9.45602 1.3739 9.67361 1.59771C9.8912 1.82152 10 2.09057 10 2.40486V10.4049C10 10.7191 9.8912 10.9882 9.67361 11.212C9.45602 11.4358 9.19444 11.5477 8.88889 11.5477H1.11111ZM1.11111 10.4049H8.88889V4.69057H1.11111V10.4049Z\" fill=\"#71136C\"\/>\n<\/svg>\n<\/div>\n\t\t\tJuin 2020\t\t<\/li>\n\n\t\t\t\t\t<li class=\"metadata__partners\">\n\t\t\t\t<div class=\"metadata__icon\"><svg width=\"12\" height=\"9\" viewBox=\"0 0 12 9\" fill=\"none\" xmlns=\"http:\/\/www.w3.org\/2000\/svg\">\n<path id=\"Parnter Icon\" d=\"M0 9.00014V7.50014C0 7.19657 0.0795454 6.91755 0.238636 6.66309C0.397727 6.40862 0.609091 6.21443 0.872727 6.0805C1.43636 5.80371 2.00909 5.59612 2.59091 5.45773C3.17273 5.31934 3.76364 5.25014 4.36364 5.25014C4.96364 5.25014 5.55455 5.31934 6.13636 5.45773C6.71818 5.59612 7.29091 5.80371 7.85455 6.0805C8.11818 6.21443 8.32955 6.40862 8.48864 6.66309C8.64773 6.91755 8.72727 7.19657 8.72727 7.50014V9.00014H0ZM9.81818 9.00014V7.393C9.81818 7.00014 9.70682 6.62291 9.48409 6.2613C9.26136 5.89969 8.94546 5.58943 8.53636 5.3305C9 5.38407 9.43636 5.47559 9.84546 5.60505C10.2545 5.73451 10.6364 5.893 10.9909 6.0805C11.3182 6.25907 11.5682 6.45773 11.7409 6.67648C11.9136 6.89523 12 7.13407 12 7.393V9.00014H9.81818ZM4.36364 4.71443C3.76364 4.71443 3.25 4.5046 2.82273 4.08496C2.39545 3.66532 2.18182 3.16085 2.18182 2.57157C2.18182 1.98228 2.39545 1.47782 2.82273 1.05818C3.25 0.638532 3.76364 0.428711 4.36364 0.428711C4.96364 0.428711 5.47727 0.638532 5.90455 1.05818C6.33182 1.47782 6.54545 1.98228 6.54545 2.57157C6.54545 3.16085 6.33182 3.66532 5.90455 4.08496C5.47727 4.5046 4.96364 4.71443 4.36364 4.71443ZM9.81818 2.57157C9.81818 3.16085 9.60455 3.66532 9.17727 4.08496C8.75 4.5046 8.23636 4.71443 7.63636 4.71443C7.53636 4.71443 7.40909 4.70326 7.25455 4.68094C7.1 4.65862 6.97273 4.63407 6.87273 4.60728C7.11818 4.32157 7.30682 4.0046 7.43864 3.65639C7.57045 3.30818 7.63636 2.94657 7.63636 2.57157C7.63636 2.19657 7.57045 1.83496 7.43864 1.48675C7.30682 1.13853 7.11818 0.821568 6.87273 0.535854C7 0.491211 7.12727 0.462193 7.25455 0.4488C7.38182 0.435407 7.50909 0.428711 7.63636 0.428711C8.23636 0.428711 8.75 0.638532 9.17727 1.05818C9.60455 1.47782 9.81818 1.98228 9.81818 2.57157Z\" fill=\"#71136C\"\/>\n<\/svg>\n<\/div>\n\t\t\t\t<div class=\"metadata__list\">\n\t\t\t\t\t<span>Forum des politiques publiques, <\/span><span>Diversity Institute<\/span>\t\t\t\t<\/div>\n\t\t\t<\/li>\n\t\t\t<\/ul>\n<\/div>\t\t\t<div class=\"content-card__deck\">\n\t\t\t\tLes entreprises autochtones gagnent en force et, plus important encore, cr\u00e9ent des emplois pour d\u2019autres membres de leur communaut\u00e9. De plus, le travail ind\u00e9pendant et l\u2019entrepreneuriat gagnent en popularit\u00e9. Ainsi, s\u2019il y a une possibilit\u00e9 pour la prochaine g\u00e9n\u00e9ration et pour les travailleurs adultes d\u2019aujourd\u2019hui de faire un bond dans l\u2019avenir du travail au Canada, cela pourra se bien passer gr\u00e2ce aux entreprises dirig\u00e9es par les Autochtones.\t\t\t<\/div>\n\n\t\t\t\t\t\t\t\t\t\t\t\t\t<ul class=\"content-card__terms\">\n\t\t\t\t\t\t\t\t\t\t\t\t<li>\n\t\t\t\t\t\t\t\t\t\t\t\t\t\t\t\t\t<span class=\"term-square\" style=\"background-color:#d218c0\"><\/span>\n\t\t\t\t\t\t\t\t\t\t\t\t\t\t\t\t<a href=\"https:\/\/fsc-ccf.ca\/fr\/themes\/economie-inclusive\/\">\u00c9conomie inclusive<\/a>\n\t\t\t\t\t\t\t<\/li>\n\t\t\t\t\t\t\t\t\t\t\t\t\t\t\t\t\t\t\t\t<\/ul>\n\t\t\t\t\t\t\n\t\t<\/div>\n\t\t\n\t<details class=\"related-reports\">\n\t\t<summary class=\"related-reports__summary\">\n\t\t\t<span class=\"related-reports__count\">1<\/span>\n\t\t\t<span class=\"related-reports__title\">Rapports associ\u00e9s<\/span>\n\t\t\t<span class=\"related-reports__icon\"><\/span>\n\t\t<\/summary>\n\t\t<ul class=\"related-reports__reports\">\n\t\t\t\t\t\t\t\t<li class=\"related-reports__report\">\n\t\t\t\t\t\t<a href=\"https:\/\/fsc-ccf.ca\/wp-content\/uploads\/2020\/06\/Lu2019acquisitionDeNouvellesComp\u00e9tencesEtLu2019emploiChezLesAutochtones-FPP-Juin2020-FR2.pdf\" target=\"_blank\">\n\t\t\t\t\t\t\t<div class=\"related-reports__tags\">\n\t\t\t\t\t\t\t\t<span class=\"related-reports__tag related-reports__tag--primary\">Rapport de recherche complet<\/span><span class=\"related-reports__tag related-reports__tag--secondary\">PDF<\/span>\t\t\t\t\t\t\t<\/div>\n\n\t\t\t\t\t\t\tPortrait de la situation : l\u2019acquisition de nouvelles comp\u00e9tences et l\u2019emploi chez les Autochtones au Canada\t\t\t\t\t\t<\/a>\n\t\t\t\t\t<\/li>\n\t\t\t\t\t\t\t\t<\/ul>\n\t<\/details>\n\t<\/div>\n<\/div>\t\t\t<\/div>\n\t\t\t\t\t<\/div>\n\t\t\t\t\t\t<!-- I know this is a messy conditional but can't figure out how to pull in the correct FR translations otherwise -->\n\t\t\t\t\t\t\t\t\t<a href=\"https:\/\/fsc-ccf.ca\/fr\/\/projects?lang=fr\" class=\"cards-grid__view-all heading-content\"><span>Afficher tout <\/span><span class=\"triangle triangle--right\"><\/span><\/a>\n\t\t\t\t\t\t\t\t\t\t<\/div>\n<\/div>\n\n\n\n<div style=\"height:1px\" aria-hidden=\"true\" class=\"wp-block-spacer\"><\/div>\n\n\n\n<p class=\"padding-16 no-margin-bottom has-black-color has-text-color has-background\" style=\"background-color:#0000000d\">Aviez-vous des questions \u00e0 propos de ce rapport ? Contactez-nous \u00e0&nbsp;<a href=\"mailto:communications@fsc-ccf.ca\" target=\"_blank\" rel=\"noreferrer noopener\">communications@fsc-ccf.ca<\/a><\/p>\n\n\n\n<p class=\"padding-16 no-margin-bottom citation has-black-color has-text-color has-background\" style=\"background-color:#0000000d\"><strong>COMMENT CITER CE RAPPORT<\/strong><br>Chan, G., McDonough, L. (2024) Project Insights Report: A Program for Young Moms in Northern Manitoba. Toronto: Future Skills Centre. https:\/\/fsc-ccf.ca\/projects\/a-program-for-young-moms-in-northern-manitoba\/<\/p>\n","protected":false},"excerpt":{"rendered":"<p>Au d\u00e9but de la pand\u00e9mie de la COVID-19 en mars 2020, le taux de ch\u00f4mage au Canada atteignait l\u2019un de ses niveaux les plus \u00e9lev\u00e9s, \u00e0 savoir 14,1\u00a0%.<\/p>\n","protected":false},"menu_order":0,"template":"custom-project-insight-report.php","tags":[],"region":[1319],"project_type":[],"populations":[],"themes":[1548,1538,1506],"class_list":["post-284394","project","type-project","status-publish","hentry","region-across-canada-fr","themes-economie-inclusive","themes-inclusive-economy","themes-qualite-de-lemploi"],"acf":{"reports_rows":{"report":false},"scorecard_content":false,"hero_image":false,"thumbnail_image":{"ID":11442,"id":11442,"title":"SN-Solving-Group-of-working-professionals","filename":"SN-Solving-Group-of-working-professionals.jpg","filesize":238660,"url":"https:\/\/fsc-ccf.ca\/wp-content\/uploads\/2020\/01\/SN-Solving-Group-of-working-professionals.jpg","link":"https:\/\/fsc-ccf.ca\/fr\/recherche\/resoudre-le-casse-tete-des-competences-la-bonne-information-la-piece-manquante\/sn-solving-group-of-working-professionals-2\/","alt":"Diverse group of processionals dicussing project","author":"1","description":"","caption":"","name":"sn-solving-group-of-working-professionals-2","status":"inherit","uploaded_to":11478,"date":"2020-01-19 00:55:36","modified":"2020-01-19 00:56:48","menu_order":0,"mime_type":"image\/jpeg","type":"image","subtype":"jpeg","icon":"https:\/\/fsc-ccf.ca\/wp-includes\/images\/media\/default.png","width":1393,"height":786,"sizes":{"thumbnail":"https:\/\/fsc-ccf.ca\/wp-content\/uploads\/2020\/01\/SN-Solving-Group-of-working-professionals-150x150.jpg","thumbnail-width":150,"thumbnail-height":150,"medium":"https:\/\/fsc-ccf.ca\/wp-content\/uploads\/2020\/01\/SN-Solving-Group-of-working-professionals-300x169.jpg","medium-width":300,"medium-height":169,"medium_large":"https:\/\/fsc-ccf.ca\/wp-content\/uploads\/2020\/01\/SN-Solving-Group-of-working-professionals-768x433.jpg","medium_large-width":768,"medium_large-height":433,"large":"https:\/\/fsc-ccf.ca\/wp-content\/uploads\/2020\/01\/SN-Solving-Group-of-working-professionals-1024x578.jpg","large-width":1024,"large-height":578,"1536x1536":"https:\/\/fsc-ccf.ca\/wp-content\/uploads\/2020\/01\/SN-Solving-Group-of-working-professionals.jpg","1536x1536-width":1393,"1536x1536-height":786,"2048x2048":"https:\/\/fsc-ccf.ca\/wp-content\/uploads\/2020\/01\/SN-Solving-Group-of-working-professionals.jpg","2048x2048-width":1393,"2048x2048-height":786,"preview":"https:\/\/fsc-ccf.ca\/wp-content\/uploads\/2020\/01\/SN-Solving-Group-of-working-professionals-10x6.jpg","preview-width":10,"preview-height":6,"content-card-thumbnail":"https:\/\/fsc-ccf.ca\/wp-content\/uploads\/2020\/01\/SN-Solving-Group-of-working-professionals-800x600.jpg","content-card-thumbnail-width":800,"content-card-thumbnail-height":600,"slider-image":"https:\/\/fsc-ccf.ca\/wp-content\/uploads\/2020\/01\/SN-Solving-Group-of-working-professionals-1600x1200.jpg","slider-image-width":1600,"slider-image-height":1200,"hero-image":"https:\/\/fsc-ccf.ca\/wp-content\/uploads\/2020\/01\/SN-Solving-Group-of-working-professionals.jpg","hero-image-width":1393,"hero-image-height":786,"inline-image":"https:\/\/fsc-ccf.ca\/wp-content\/uploads\/2020\/01\/SN-Solving-Group-of-working-professionals-1024x512.jpg","inline-image-width":1024,"inline-image-height":512,"content-card-thumbnail-vertical":"https:\/\/fsc-ccf.ca\/wp-content\/uploads\/2020\/01\/SN-Solving-Group-of-working-professionals.jpg","content-card-thumbnail-vertical-width":400,"content-card-thumbnail-vertical-height":226}},"slider_image":false,"report":true,"file_upload":{"ID":284868,"id":284868,"title":"PRESTATION CANADIENNE D\u2019URGENCE : PLUS QU\u2019UN SIMPLE PROGRAMME DE SOUTIEN AU REVENU","filename":"CCPA_QOW_4_Exec_Summary_2023-05-17-1.pdf","filesize":862855,"url":"https:\/\/fsc-ccf.ca\/wp-content\/uploads\/2023\/06\/CCPA_QOW_4_Exec_Summary_2023-05-17-1.pdf","link":"https:\/\/fsc-ccf.ca\/fr\/projets\/cerb-impact\/ccpa_qow_4_exec_summary_2023-05-17-2\/","alt":"","author":"1","description":"","caption":"","name":"ccpa_qow_4_exec_summary_2023-05-17-2","status":"inherit","uploaded_to":284394,"date":"2024-08-28 15:11:25","modified":"2024-08-28 15:11:46","menu_order":0,"mime_type":"application\/pdf","type":"application","subtype":"pdf","icon":"https:\/\/fsc-ccf.ca\/wp-includes\/images\/media\/document.png"},"report_sort_name":"","report_image":"https:\/\/fsc-ccf.ca\/wp-content\/uploads\/2023\/06\/Screenshot-2024-08-28-at-11.10.07\u202fAM.png","report_link":"","anchors":[{"anchor_name":"L'enju","anchor_link":"#the-issue"},{"anchor_name":"Ce que nous examinons","anchor_link":"#what-were-investigating"},{"anchor_name":"Ce que nous apprenons","anchor_link":"#what-were-learning"},{"anchor_name":"Pourquoi c\u2019est important","anchor_link":"#why-it-matters"},{"anchor_name":"Prochaines \u00e9tapes","anchor_link":"#whats-next"}],"contributors":"","authors":"","authors_colour":[],"show_post_date":[],"external_linkout":[],"investment":"78,100.00 $","partners":[{"ID":283583,"post_author":"1","post_date":"2024-08-13 12:03:29","post_date_gmt":"2024-08-13 16:03:29","post_content":"","post_title":"Canadian Centre for Policy Alternatives","post_excerpt":"","post_status":"publish","comment_status":"closed","ping_status":"closed","post_password":"","post_name":"canadian-centre-for-policy-alternatives","to_ping":"","pinged":"","post_modified":"2024-08-13 12:04:57","post_modified_gmt":"2024-08-13 16:04:57","post_content_filtered":"","post_parent":0,"guid":"https:\/\/fsc-ccf.ca\/?post_type=partner&#038;p=283583","menu_order":0,"post_type":"partner","post_mime_type":"","comment_count":"0","filter":"raw"}]},"yoast_head":"<!-- This site is optimized with the Yoast SEO plugin v27.5 - https:\/\/yoast.com\/product\/yoast-seo-wordpress\/ -->\n<title>Comprendre l\u2019impact de la Prestation canadienne d\u2019urgence (PCU) : Plus qu\u2019un simple programme de soutien du revenu ? - Future Skills Centre \u2022 Centre des Comp\u00e9tences futures<\/title>\n<meta name=\"description\" content=\"Au d\u00e9but de la pand\u00e9mie de la COVID-19 en mars 2020, le taux de ch\u00f4mage au Canada atteignait l\u2019un de ses niveaux les plus \u00e9lev\u00e9s, \u00e0 savoir 14,1\u00a0%.\" \/>\n<meta name=\"robots\" content=\"index, follow, max-snippet:-1, max-image-preview:large, max-video-preview:-1\" \/>\n<link rel=\"canonical\" href=\"https:\/\/fsc-ccf.ca\/fr\/projets\/cerb-impact\/\" \/>\n<meta name=\"twitter:label1\" content=\"Est. reading time\" \/>\n\t<meta name=\"twitter:data1\" content=\"12 minutes\" \/>\n<script type=\"application\/ld+json\" class=\"yoast-schema-graph\">{\"@context\":\"https:\\\/\\\/schema.org\",\"@graph\":[{\"@type\":\"WebPage\",\"@id\":\"https:\\\/\\\/fsc-ccf.ca\\\/fr\\\/projets\\\/cerb-impact\\\/\",\"url\":\"https:\\\/\\\/fsc-ccf.ca\\\/fr\\\/projets\\\/cerb-impact\\\/\",\"name\":\"Comprendre l\u2019impact de la Prestation canadienne d\u2019urgence (PCU) : Plus qu\u2019un simple programme de soutien du revenu ? - Future Skills Centre \u2022 Centre des Comp\u00e9tences futures\",\"isPartOf\":{\"@id\":\"https:\\\/\\\/fsc-ccf.ca\\\/fr\\\/#website\"},\"primaryImageOfPage\":{\"@id\":\"https:\\\/\\\/fsc-ccf.ca\\\/fr\\\/projets\\\/cerb-impact\\\/#primaryimage\"},\"image\":{\"@id\":\"https:\\\/\\\/fsc-ccf.ca\\\/fr\\\/projets\\\/cerb-impact\\\/#primaryimage\"},\"thumbnailUrl\":\"https:\\\/\\\/fsc-ccf.ca\\\/wp-content\\\/uploads\\\/2024\\\/07\\\/Frame.svg\",\"datePublished\":\"2023-06-23T23:18:00+00:00\",\"dateModified\":\"2024-12-17T19:27:20+00:00\",\"description\":\"Au d\u00e9but de la pand\u00e9mie de la COVID-19 en mars 2020, le taux de ch\u00f4mage au Canada atteignait l\u2019un de ses niveaux les plus \u00e9lev\u00e9s, \u00e0 savoir 14,1\u00a0%.\",\"breadcrumb\":{\"@id\":\"https:\\\/\\\/fsc-ccf.ca\\\/fr\\\/projets\\\/cerb-impact\\\/#breadcrumb\"},\"inLanguage\":\"fr-FR\",\"potentialAction\":[{\"@type\":\"ReadAction\",\"target\":[\"https:\\\/\\\/fsc-ccf.ca\\\/fr\\\/projets\\\/cerb-impact\\\/\"]}]},{\"@type\":\"ImageObject\",\"inLanguage\":\"fr-FR\",\"@id\":\"https:\\\/\\\/fsc-ccf.ca\\\/fr\\\/projets\\\/cerb-impact\\\/#primaryimage\",\"url\":\"https:\\\/\\\/fsc-ccf.ca\\\/wp-content\\\/uploads\\\/2024\\\/07\\\/Frame.svg\",\"contentUrl\":\"https:\\\/\\\/fsc-ccf.ca\\\/wp-content\\\/uploads\\\/2024\\\/07\\\/Frame.svg\"},{\"@type\":\"BreadcrumbList\",\"@id\":\"https:\\\/\\\/fsc-ccf.ca\\\/fr\\\/projets\\\/cerb-impact\\\/#breadcrumb\",\"itemListElement\":[{\"@type\":\"ListItem\",\"position\":1,\"name\":\"Home\",\"item\":\"https:\\\/\\\/fsc-ccf.ca\\\/fr\\\/\"},{\"@type\":\"ListItem\",\"position\":2,\"name\":\"Projets\",\"item\":\"https:\\\/\\\/fsc-ccf.ca\\\/fr\\\/projets\\\/\"},{\"@type\":\"ListItem\",\"position\":3,\"name\":\"Comprendre l\u2019impact de la Prestation canadienne d\u2019urgence (PCU) : Plus qu\u2019un simple programme de soutien du revenu ?\"}]},{\"@type\":\"WebSite\",\"@id\":\"https:\\\/\\\/fsc-ccf.ca\\\/fr\\\/#website\",\"url\":\"https:\\\/\\\/fsc-ccf.ca\\\/fr\\\/\",\"name\":\"Future Skills Centre \u2022 Centre des Comp\u00e9tences futures\",\"description\":\"\",\"publisher\":{\"@id\":\"https:\\\/\\\/fsc-ccf.ca\\\/fr\\\/#organization\"},\"potentialAction\":[{\"@type\":\"SearchAction\",\"target\":{\"@type\":\"EntryPoint\",\"urlTemplate\":\"https:\\\/\\\/fsc-ccf.ca\\\/fr\\\/?s={search_term_string}\"},\"query-input\":{\"@type\":\"PropertyValueSpecification\",\"valueRequired\":true,\"valueName\":\"search_term_string\"}}],\"inLanguage\":\"fr-FR\"},{\"@type\":\"Organization\",\"@id\":\"https:\\\/\\\/fsc-ccf.ca\\\/fr\\\/#organization\",\"name\":\"Future Skills Centre \u2022 Centre des Comp\u00e9tences futures\",\"url\":\"https:\\\/\\\/fsc-ccf.ca\\\/fr\\\/\",\"logo\":{\"@type\":\"ImageObject\",\"inLanguage\":\"fr-FR\",\"@id\":\"https:\\\/\\\/fsc-ccf.ca\\\/fr\\\/#\\\/schema\\\/logo\\\/image\\\/\",\"url\":\"https:\\\/\\\/fsc-ccf.ca\\\/wp-content\\\/uploads\\\/2019\\\/08\\\/FSC_logo_colour_rgb_positive_ENG.png\",\"contentUrl\":\"https:\\\/\\\/fsc-ccf.ca\\\/wp-content\\\/uploads\\\/2019\\\/08\\\/FSC_logo_colour_rgb_positive_ENG.png\",\"width\":618,\"height\":528,\"caption\":\"Future Skills Centre \u2022 Centre des Comp\u00e9tences futures\"},\"image\":{\"@id\":\"https:\\\/\\\/fsc-ccf.ca\\\/fr\\\/#\\\/schema\\\/logo\\\/image\\\/\"},\"sameAs\":[\"https:\\\/\\\/www.facebook.com\\\/2161871137193201\\\/\",\"https:\\\/\\\/x.com\\\/fsc_ccf_en\",\"https:\\\/\\\/www.instagram.com\\\/fsc_ccf\\\/\",\"https:\\\/\\\/www.linkedin.com\\\/company\\\/fsc-ccf\\\/\"]}]}<\/script>\n<!-- \/ Yoast SEO plugin. -->","yoast_head_json":{"title":"Comprendre l\u2019impact de la Prestation canadienne d\u2019urgence (PCU) : Plus qu\u2019un simple programme de soutien du revenu ? - Future Skills Centre \u2022 Centre des Comp\u00e9tences futures","description":"Au d\u00e9but de la pand\u00e9mie de la COVID-19 en mars 2020, le taux de ch\u00f4mage au Canada atteignait l\u2019un de ses niveaux les plus \u00e9lev\u00e9s, \u00e0 savoir 14,1\u00a0%.","robots":{"index":"index","follow":"follow","max-snippet":"max-snippet:-1","max-image-preview":"max-image-preview:large","max-video-preview":"max-video-preview:-1"},"canonical":"https:\/\/fsc-ccf.ca\/fr\/projets\/cerb-impact\/","twitter_misc":{"Est. reading time":"12 minutes"},"schema":{"@context":"https:\/\/schema.org","@graph":[{"@type":"WebPage","@id":"https:\/\/fsc-ccf.ca\/fr\/projets\/cerb-impact\/","url":"https:\/\/fsc-ccf.ca\/fr\/projets\/cerb-impact\/","name":"Comprendre l\u2019impact de la Prestation canadienne d\u2019urgence (PCU) : Plus qu\u2019un simple programme de soutien du revenu ? - Future Skills Centre \u2022 Centre des Comp\u00e9tences futures","isPartOf":{"@id":"https:\/\/fsc-ccf.ca\/fr\/#website"},"primaryImageOfPage":{"@id":"https:\/\/fsc-ccf.ca\/fr\/projets\/cerb-impact\/#primaryimage"},"image":{"@id":"https:\/\/fsc-ccf.ca\/fr\/projets\/cerb-impact\/#primaryimage"},"thumbnailUrl":"https:\/\/fsc-ccf.ca\/wp-content\/uploads\/2024\/07\/Frame.svg","datePublished":"2023-06-23T23:18:00+00:00","dateModified":"2024-12-17T19:27:20+00:00","description":"Au d\u00e9but de la pand\u00e9mie de la COVID-19 en mars 2020, le taux de ch\u00f4mage au Canada atteignait l\u2019un de ses niveaux les plus \u00e9lev\u00e9s, \u00e0 savoir 14,1\u00a0%.","breadcrumb":{"@id":"https:\/\/fsc-ccf.ca\/fr\/projets\/cerb-impact\/#breadcrumb"},"inLanguage":"fr-FR","potentialAction":[{"@type":"ReadAction","target":["https:\/\/fsc-ccf.ca\/fr\/projets\/cerb-impact\/"]}]},{"@type":"ImageObject","inLanguage":"fr-FR","@id":"https:\/\/fsc-ccf.ca\/fr\/projets\/cerb-impact\/#primaryimage","url":"https:\/\/fsc-ccf.ca\/wp-content\/uploads\/2024\/07\/Frame.svg","contentUrl":"https:\/\/fsc-ccf.ca\/wp-content\/uploads\/2024\/07\/Frame.svg"},{"@type":"BreadcrumbList","@id":"https:\/\/fsc-ccf.ca\/fr\/projets\/cerb-impact\/#breadcrumb","itemListElement":[{"@type":"ListItem","position":1,"name":"Home","item":"https:\/\/fsc-ccf.ca\/fr\/"},{"@type":"ListItem","position":2,"name":"Projets","item":"https:\/\/fsc-ccf.ca\/fr\/projets\/"},{"@type":"ListItem","position":3,"name":"Comprendre l\u2019impact de la Prestation canadienne d\u2019urgence (PCU) : Plus qu\u2019un simple programme de soutien du revenu ?"}]},{"@type":"WebSite","@id":"https:\/\/fsc-ccf.ca\/fr\/#website","url":"https:\/\/fsc-ccf.ca\/fr\/","name":"Future Skills Centre \u2022 Centre des Comp\u00e9tences futures","description":"","publisher":{"@id":"https:\/\/fsc-ccf.ca\/fr\/#organization"},"potentialAction":[{"@type":"SearchAction","target":{"@type":"EntryPoint","urlTemplate":"https:\/\/fsc-ccf.ca\/fr\/?s={search_term_string}"},"query-input":{"@type":"PropertyValueSpecification","valueRequired":true,"valueName":"search_term_string"}}],"inLanguage":"fr-FR"},{"@type":"Organization","@id":"https:\/\/fsc-ccf.ca\/fr\/#organization","name":"Future Skills Centre \u2022 Centre des Comp\u00e9tences futures","url":"https:\/\/fsc-ccf.ca\/fr\/","logo":{"@type":"ImageObject","inLanguage":"fr-FR","@id":"https:\/\/fsc-ccf.ca\/fr\/#\/schema\/logo\/image\/","url":"https:\/\/fsc-ccf.ca\/wp-content\/uploads\/2019\/08\/FSC_logo_colour_rgb_positive_ENG.png","contentUrl":"https:\/\/fsc-ccf.ca\/wp-content\/uploads\/2019\/08\/FSC_logo_colour_rgb_positive_ENG.png","width":618,"height":528,"caption":"Future Skills Centre \u2022 Centre des Comp\u00e9tences futures"},"image":{"@id":"https:\/\/fsc-ccf.ca\/fr\/#\/schema\/logo\/image\/"},"sameAs":["https:\/\/www.facebook.com\/2161871137193201\/","https:\/\/x.com\/fsc_ccf_en","https:\/\/www.instagram.com\/fsc_ccf\/","https:\/\/www.linkedin.com\/company\/fsc-ccf\/"]}]}},"_links":{"self":[{"href":"https:\/\/fsc-ccf.ca\/fr\/wp-json\/wp\/v2\/project\/284394","targetHints":{"allow":["GET"]}}],"collection":[{"href":"https:\/\/fsc-ccf.ca\/fr\/wp-json\/wp\/v2\/project"}],"about":[{"href":"https:\/\/fsc-ccf.ca\/fr\/wp-json\/wp\/v2\/types\/project"}],"version-history":[{"count":10,"href":"https:\/\/fsc-ccf.ca\/fr\/wp-json\/wp\/v2\/project\/284394\/revisions"}],"predecessor-version":[{"id":305467,"href":"https:\/\/fsc-ccf.ca\/fr\/wp-json\/wp\/v2\/project\/284394\/revisions\/305467"}],"wp:attachment":[{"href":"https:\/\/fsc-ccf.ca\/fr\/wp-json\/wp\/v2\/media?parent=284394"}],"wp:term":[{"taxonomy":"post_tag","embeddable":true,"href":"https:\/\/fsc-ccf.ca\/fr\/wp-json\/wp\/v2\/tags?post=284394"},{"taxonomy":"region","embeddable":true,"href":"https:\/\/fsc-ccf.ca\/fr\/wp-json\/wp\/v2\/region?post=284394"},{"taxonomy":"project_type","embeddable":true,"href":"https:\/\/fsc-ccf.ca\/fr\/wp-json\/wp\/v2\/project_type?post=284394"},{"taxonomy":"populations","embeddable":true,"href":"https:\/\/fsc-ccf.ca\/fr\/wp-json\/wp\/v2\/populations?post=284394"},{"taxonomy":"themes","embeddable":true,"href":"https:\/\/fsc-ccf.ca\/fr\/wp-json\/wp\/v2\/themes?post=284394"}],"curies":[{"name":"wp","href":"https:\/\/api.w.org\/{rel}","templated":true}]}}