			{"id":315457,"date":"2024-09-19T09:38:23","date_gmt":"2024-09-19T13:38:23","guid":{"rendered":"https:\/\/fsc-ccf.ca\/?post_type=podcast&#038;p=315457"},"modified":"2025-05-23T11:15:04","modified_gmt":"2025-05-23T15:15:04","slug":"stimuler-lavenir-soutenir-les-talents-noirs-sur-le-marche-du-travail-canadien","status":"publish","type":"podcast","link":"https:\/\/fsc-ccf.ca\/fr\/podcast\/stimuler-lavenir-soutenir-les-talents-noirs-sur-le-marche-du-travail-canadien\/","title":{"rendered":"Stimuler l\u2019avenir : soutenir les talents noirs sur le march\u00e9 du travail canadien"},"content":{"rendered":"\n<div class=\"wp-block-columns is-layout-flex wp-container-core-columns-is-layout-28f84493 wp-block-columns-is-layout-flex\">\n<div class=\"wp-block-column is-layout-flow wp-block-column-is-layout-flow\"><div class=\"podcast__sidebar\">\n    <div class=\"podcast__sidebar--container\">\n        <div class=\"podcast__sidebar--details\"> \n\t\t\t\t\t\t<div class=\"podcast__meta\">\n\t\t\t\t<div class=\"podcast__meta--icon\">\n\t\t\t\t\t<img decoding=\"async\" src=\"https:\/\/fsc-ccf.ca\/wp-content\/themes\/ob-fsc-2.0\/images\/icons\/language.svg\" alt=\"\">\n\t\t\t\t<\/div>\n\t\t\t\t<h4 class=\"podcast__meta--title\">\n\t\t\t\t\t Langue\t\t\t\t<\/h4>\n\t\t\t\t<p class=\"podcast__meta--item\">\n\t\t\t\t\t\t\t\t\t\t\tAnglais\t\t\t\t\t\t\t\t\t<\/p>\n\t\t\t<\/div>\n\n\t\t\t\t\t\t<div class=\"podcast__meta\">\n\t\t\t\t<div class=\"podcast__meta--icon\">\n\t\t\t\t\t<img decoding=\"async\" src=\"https:\/\/fsc-ccf.ca\/wp-content\/themes\/ob-fsc-2.0\/images\/icons\/runtime.svg\" alt=\"\">\n\t\t\t\t<\/div>\n\t\t\t\t<h4 class=\"podcast__meta--title\">\n\t\t\t\t\t Dur\u00e9e\t\t\t\t<\/h4>\n\t\t\t\t<p class=\"podcast__meta--item\">43 minutes<\/p>\n\t\t\t<\/div>\n\t\t\n\t\t\t            <div class=\"podcast__meta\">\n\t\t\t\t<div class=\"podcast__meta--icon\">\n\t\t\t\t\t<img decoding=\"async\" src=\"https:\/\/fsc-ccf.ca\/wp-content\/themes\/ob-fsc-2.0\/images\/icons\/published.svg\" alt=\"\">\n\t\t\t\t<\/div>\n                <h4 class=\"podcast__meta--title\">\n                     Publi\u00e9                <\/h4>\n                <p class=\"podcast__meta--item\">Septembre 2024<\/p>\n            <\/div>\n                            <div class=\"podcast__contributors\">\n\t\t\t\t\t<h4 class=\"podcast__sidebar--anchors--text\">Dans ce balado<\/h4>\n\n\t\t\t\t\t\t\t\t\t\t\t<div class=\"podcast__contributor\">\n\t\t\t\t\t\t\t<div class=\"podcast__contributor--icon\">\n\t\t\t\t\t\t\t\t\t\t\t\t\t\t\t\t\t<img decoding=\"async\" src=\"https:\/\/fsc-ccf.ca\/wp-content\/themes\/ob-fsc-2.0\/images\/icons\/profile.svg\" alt=\"\">\n\t\t\t\t\t\t\t\t\t\t\t\t\t\t\t<\/div>\n\t\t\t\t\t\t\t<h4 class=\"podcast__contributor--name\">\n\t\t\t\t\t\t\t\tHeather McIntosh\t\t\t\t\t\t\t<\/h4>\n\t\t\t\t\t\t\t\t\t\t\t\t\t\t\t\t\t\t\t\t\t\t<p class=\"podcast__contributor--job-title\">\n\t\t\t\t\t\t\t\t\tHost\t\t\t\t\t\t\t\t<\/p>\n\t\t\t\t\t\t\t\t\t\t\t\t\t<\/div>\n\t\t\t\t\t\t\t\t\t\t\t<div class=\"podcast__contributor\">\n\t\t\t\t\t\t\t<div class=\"podcast__contributor--icon\">\n\t\t\t\t\t\t\t\t\t\t\t\t\t\t\t\t\t<img decoding=\"async\" src=\"https:\/\/fsc-ccf.ca\/wp-content\/themes\/ob-fsc-2.0\/images\/icons\/profile.svg\" alt=\"\">\n\t\t\t\t\t\t\t\t\t\t\t\t\t\t\t<\/div>\n\t\t\t\t\t\t\t<h4 class=\"podcast__contributor--name\">\n\t\t\t\t\t\t\t\tKofi Hope\t\t\t\t\t\t\t<\/h4>\n\t\t\t\t\t\t\t\t\t\t\t\t\t\t\t<p class=\"podcast__contributor--company\">\n\t\t\t\t\t\t\t\t\tMonumental\t\t\t\t\t\t\t\t<\/p>\n\t\t\t\t\t\t\t\t\t\t\t\t\t\t\t\t\t\t\t\t\t\t<p class=\"podcast__contributor--job-title\">\n\t\t\t\t\t\t\t\t\tChef de la direction et cofondateur\t\t\t\t\t\t\t\t<\/p>\n\t\t\t\t\t\t\t\t\t\t\t\t\t<\/div>\n\t\t\t\t\t\t\t\t\t\t\t<div class=\"podcast__contributor\">\n\t\t\t\t\t\t\t<div class=\"podcast__contributor--icon\">\n\t\t\t\t\t\t\t\t\t\t\t\t\t\t\t\t\t<img decoding=\"async\" src=\"https:\/\/fsc-ccf.ca\/wp-content\/themes\/ob-fsc-2.0\/images\/icons\/profile.svg\" alt=\"\">\n\t\t\t\t\t\t\t\t\t\t\t\t\t\t\t<\/div>\n\t\t\t\t\t\t\t<h4 class=\"podcast__contributor--name\">\n\t\t\t\t\t\t\t\tAndr\u00e9 McDonald\t\t\t\t\t\t\t<\/h4>\n\t\t\t\t\t\t\t\t\t\t\t\t\t\t\t<p class=\"podcast__contributor--company\">\n\t\t\t\t\t\t\t\t\tUniversit\u00e9 de l\u2019Alberta\t\t\t\t\t\t\t\t<\/p>\n\t\t\t\t\t\t\t\t\t\t\t\t\t\t\t\t\t\t\t\t\t\t<p class=\"podcast__contributor--job-title\">\n\t\t\t\t\t\t\t\t\tProfesseur, g\u00e9nie m\u00e9canique, vice-pr\u00e9sident associ\u00e9, Strategic Research Initiatives and Performance\t\t\t\t\t\t\t\t<\/p>\n\t\t\t\t\t\t\t\t\t\t\t\t\t<\/div>\n\t\t\t\t\t\t\t\t\t\t\t<div class=\"podcast__contributor\">\n\t\t\t\t\t\t\t<div class=\"podcast__contributor--icon\">\n\t\t\t\t\t\t\t\t\t\t\t\t\t\t\t\t\t<img decoding=\"async\" src=\"https:\/\/fsc-ccf.ca\/wp-content\/themes\/ob-fsc-2.0\/images\/icons\/profile.svg\" alt=\"\">\n\t\t\t\t\t\t\t\t\t\t\t\t\t\t\t<\/div>\n\t\t\t\t\t\t\t<h4 class=\"podcast__contributor--name\">\n\t\t\t\t\t\t\t\tMohamed Elmi\t\t\t\t\t\t\t<\/h4>\n\t\t\t\t\t\t\t\t\t\t\t\t\t\t\t<p class=\"podcast__contributor--company\">\n\t\t\t\t\t\t\t\t\tDiversity Institute\t\t\t\t\t\t\t\t<\/p>\n\t\t\t\t\t\t\t\t\t\t\t\t\t\t\t\t\t\t\t\t\t\t<p class=\"podcast__contributor--job-title\">\n\t\t\t\t\t\t\t\t\tDirecteur g\u00e9n\u00e9ral\t\t\t\t\t\t\t\t<\/p>\n\t\t\t\t\t\t\t\t\t\t\t\t\t<\/div>\n\t\t\t\t\t                   \n                <\/div>\n            \n\t\t\t\t\t\t\t\t\t\t<div class=\"podcast__transcript\">\n\t\t\t\t\t<a class=\"button-gloss\" href=\"https:\/\/fsc-ccf.ca\/wp-content\/uploads\/2024\/10\/fsc-podcast-transcript-s4e4-fr.pdf\" target=\"_blank\">T\u00e9l\u00e9charger la transcription (FR)<img decoding=\"async\" src=\"https:\/\/fsc-ccf.ca\/wp-content\/themes\/ob-fsc-2.0\/images\/icons\/download-i-r-arrow.svg\" alt=\"\"><\/a>\n\t\t\t\t<\/div>\n\t\t\t        <\/div>\n\n    <\/div>\n\n<\/div><\/div>\n\n\n\n<div class=\"wp-block-column is-layout-flow wp-block-column-is-layout-flow\" style=\"flex-basis:66%\">\n<iframe src=\"https:\/\/www.buzzsprout.com\/1265264\/episodes\/15775029-s4-ep-04-empowering-futures-supporting-black-talent-in-the-canadian-labour-market?client_source=small_player&amp;iframe=true&amp;referrer=https:\/\/www.buzzsprout.com\/1265264\/15775029-s4-ep-04-empowering-futures-supporting-black-talent-in-the-canadian-labour-market.js?container_id=buzzsprout-player-15775029&amp;player=small\" loading=\"lazy\" width=\"100%\" height=\"200\" frameborder=\"0\" scrolling=\"no\" title=\"The Future Skills Podcast, S4 Ep. 04: Empowering Futures: Supporting Black Talent in the Canadian Labour Market\"><\/iframe>\n\n\n\n<p class=\"wp-embed-aspect-21-9 wp-has-aspect-ratio\">D\u2019ici 2041, la population noire du Canada devrait compter plus de 3 millions de personnes. Malgr\u00e9 une prise de conscience croissante des causes profondes de l\u2019in\u00e9galit\u00e9 que subissent les communaut\u00e9s noires, il n\u2019y a toujours pas d\u2019interventions proportionnelles dans l\u2019\u00e9cosyst\u00e8me des comp\u00e9tences. Dans cet \u00e9pisode, nos invit\u00e9s d\u00e9crivent l\u2019importance de programmes cibl\u00e9s et culturellement pertinents pour aider les communaut\u00e9s noires du Canada \u00e0 s\u2019\u00e9panouir sur le plan de l\u2019\u00e9ducation et de l\u2019emploi.<\/p>\n\n\n\n<p>Nos invit\u00e9s d\u00e9peignent un avenir o\u00f9 l\u2019\u00e9cart entre les niveaux d\u2019\u00e9ducation et de salaire de la population noire et ceux des autres populations sera combl\u00e9 et o\u00f9 le racisme contre les Noirs dans les \u00e9coles et dans le miliau de travail sera \u00e9radiqu\u00e9. Ils d\u00e9crivent les aspects des programmes de d\u00e9veloppement de la main-d\u2019oeuvre qui ont r\u00e9ussi, notamment le renforcement du capital social, le mentorat, le d\u00e9veloppement socio\u00e9motionnel et la participation \u00e0 la vie de la collectivit\u00e9.<\/p>\n\n\n\n<p class=\"wp-embed-aspect-21-9 wp-has-aspect-ratio\">(\u00e9pisode en anglais)<\/p>\n<\/div>\n<\/div>\n","protected":false},"menu_order":0,"template":"","region":[],"populations":[1637,1638],"themes":[1548],"class_list":["post-315457","podcast","type-podcast","status-publish","hentry","populations-black-communities-fr","populations-racialized-peoples-fr","themes-economie-inclusive"],"acf":{"episode":"4","language":"en","runtime":"43","contributors":[{"name":"Heather McIntosh","company":"","job_title":"Host","image":false},{"name":"Kofi Hope","company":"Monumental","job_title":"Chef de la direction et cofondateur","image":false},{"name":"Andr\u00e9 McDonald","company":"Universit\u00e9 de l\u2019Alberta","job_title":"Professeur, g\u00e9nie m\u00e9canique, vice-pr\u00e9sident associ\u00e9, Strategic Research Initiatives and Performance","image":false},{"name":"Mohamed Elmi","company":"Diversity Institute","job_title":"Directeur g\u00e9n\u00e9ral","image":false}],"transcript":{"ID":293029,"id":293029,"title":"fsc-podcast-transcript-s4e4-fr","filename":"fsc-podcast-transcript-s4e4-fr.pdf","filesize":454917,"url":"https:\/\/fsc-ccf.ca\/wp-content\/uploads\/2024\/10\/fsc-podcast-transcript-s4e4-fr.pdf","link":"https:\/\/fsc-ccf.ca\/fr\/podcast\/stimuler-lavenir-soutenir-les-talents-noirs-sur-le-marche-du-travail-canadien\/fsc-podcast-transcript-s4e4-fr\/","alt":"","author":"8","description":"","caption":"","name":"fsc-podcast-transcript-s4e4-fr","status":"inherit","uploaded_to":315457,"date":"2024-10-10 14:41:55","modified":"2025-05-14 15:48:11","menu_order":0,"mime_type":"application\/pdf","type":"application","subtype":"pdf","icon":"https:\/\/fsc-ccf.ca\/wp-includes\/images\/media\/document.png"},"transcript_download_button":"T\u00e9l\u00e9charger la transcription (FR)","season":"4","thumbnail_image":{"ID":315622,"id":315622,"title":"FS Podcast 2","filename":"FS-Podcast-2.jpeg","filesize":54222,"url":"https:\/\/fsc-ccf.ca\/wp-content\/uploads\/2025\/02\/FS-Podcast-2.jpeg","link":"https:\/\/fsc-ccf.ca\/fr\/podcast\/donnees-sur-le-marche-du-travail-et-les-perturbations-perspectives-du-ccf-cannexus-25\/fs-podcast-2-2\/","alt":"","author":"16","description":"","caption":"","name":"fs-podcast-2-2","status":"inherit","uploaded_to":315450,"date":"2025-05-21 17:00:41","modified":"2025-05-21 17:00:41","menu_order":0,"mime_type":"image\/jpeg","type":"image","subtype":"jpeg","icon":"https:\/\/fsc-ccf.ca\/wp-includes\/images\/media\/default.png","width":640,"height":640,"sizes":{"thumbnail":"https:\/\/fsc-ccf.ca\/wp-content\/uploads\/2025\/02\/FS-Podcast-2-150x150.jpeg","thumbnail-width":150,"thumbnail-height":150,"medium":"https:\/\/fsc-ccf.ca\/wp-content\/uploads\/2025\/02\/FS-Podcast-2-300x300.jpeg","medium-width":300,"medium-height":300,"medium_large":"https:\/\/fsc-ccf.ca\/wp-content\/uploads\/2025\/02\/FS-Podcast-2.jpeg","medium_large-width":640,"medium_large-height":640,"large":"https:\/\/fsc-ccf.ca\/wp-content\/uploads\/2025\/02\/FS-Podcast-2.jpeg","large-width":640,"large-height":640,"1536x1536":"https:\/\/fsc-ccf.ca\/wp-content\/uploads\/2025\/02\/FS-Podcast-2.jpeg","1536x1536-width":640,"1536x1536-height":640,"2048x2048":"https:\/\/fsc-ccf.ca\/wp-content\/uploads\/2025\/02\/FS-Podcast-2.jpeg","2048x2048-width":640,"2048x2048-height":640,"preview":"https:\/\/fsc-ccf.ca\/wp-content\/uploads\/2025\/02\/FS-Podcast-2-10x10.jpeg","preview-width":10,"preview-height":10,"content-card-thumbnail":"https:\/\/fsc-ccf.ca\/wp-content\/uploads\/2025\/02\/FS-Podcast-2-640x600.jpeg","content-card-thumbnail-width":640,"content-card-thumbnail-height":600,"slider-image":"https:\/\/fsc-ccf.ca\/wp-content\/uploads\/2025\/02\/FS-Podcast-2.jpeg","slider-image-width":640,"slider-image-height":640,"hero-image":"https:\/\/fsc-ccf.ca\/wp-content\/uploads\/2025\/02\/FS-Podcast-2.jpeg","hero-image-width":640,"hero-image-height":640,"inline-image":"https:\/\/fsc-ccf.ca\/wp-content\/uploads\/2025\/02\/FS-Podcast-2-640x512.jpeg","inline-image-width":640,"inline-image-height":512,"content-card-thumbnail-vertical":"https:\/\/fsc-ccf.ca\/wp-content\/uploads\/2025\/02\/FS-Podcast-2-400x600.jpeg","content-card-thumbnail-vertical-width":400,"content-card-thumbnail-vertical-height":600}}},"yoast_head":"<!-- This site is optimized with the Yoast SEO plugin v27.5 - https:\/\/yoast.com\/product\/yoast-seo-wordpress\/ -->\n<title>Stimuler l\u2019avenir : soutenir les talents noirs sur le march\u00e9 du travail canadien - Future Skills Centre \u2022 Centre des Comp\u00e9tences futures<\/title>\n<meta name=\"robots\" content=\"index, follow, max-snippet:-1, max-image-preview:large, max-video-preview:-1\" \/>\n<link rel=\"canonical\" href=\"https:\/\/fsc-ccf.ca\/fr\/podcast\/stimuler-lavenir-soutenir-les-talents-noirs-sur-le-marche-du-travail-canadien\/\" \/>\n<meta name=\"twitter:label1\" content=\"Est. reading time\" \/>\n\t<meta name=\"twitter:data1\" content=\"1 minute\" \/>\n<script type=\"application\/ld+json\" class=\"yoast-schema-graph\">{\"@context\":\"https:\\\/\\\/schema.org\",\"@graph\":[{\"@type\":\"WebPage\",\"@id\":\"https:\\\/\\\/fsc-ccf.ca\\\/fr\\\/podcast\\\/stimuler-lavenir-soutenir-les-talents-noirs-sur-le-marche-du-travail-canadien\\\/\",\"url\":\"https:\\\/\\\/fsc-ccf.ca\\\/fr\\\/podcast\\\/stimuler-lavenir-soutenir-les-talents-noirs-sur-le-marche-du-travail-canadien\\\/\",\"name\":\"Stimuler l\u2019avenir : soutenir les talents noirs sur le march\u00e9 du travail canadien - Future Skills Centre \u2022 Centre des Comp\u00e9tences futures\",\"isPartOf\":{\"@id\":\"https:\\\/\\\/fsc-ccf.ca\\\/fr\\\/#website\"},\"datePublished\":\"2024-09-19T13:38:23+00:00\",\"dateModified\":\"2025-05-23T15:15:04+00:00\",\"breadcrumb\":{\"@id\":\"https:\\\/\\\/fsc-ccf.ca\\\/fr\\\/podcast\\\/stimuler-lavenir-soutenir-les-talents-noirs-sur-le-marche-du-travail-canadien\\\/#breadcrumb\"},\"inLanguage\":\"fr-FR\",\"potentialAction\":[{\"@type\":\"ReadAction\",\"target\":[\"https:\\\/\\\/fsc-ccf.ca\\\/fr\\\/podcast\\\/stimuler-lavenir-soutenir-les-talents-noirs-sur-le-marche-du-travail-canadien\\\/\"]}]},{\"@type\":\"BreadcrumbList\",\"@id\":\"https:\\\/\\\/fsc-ccf.ca\\\/fr\\\/podcast\\\/stimuler-lavenir-soutenir-les-talents-noirs-sur-le-marche-du-travail-canadien\\\/#breadcrumb\",\"itemListElement\":[{\"@type\":\"ListItem\",\"position\":1,\"name\":\"Home\",\"item\":\"https:\\\/\\\/fsc-ccf.ca\\\/fr\\\/\"},{\"@type\":\"ListItem\",\"position\":2,\"name\":\"Podcasts\",\"item\":\"https:\\\/\\\/fsc-ccf.ca\\\/fr\\\/podcast\\\/\"},{\"@type\":\"ListItem\",\"position\":3,\"name\":\"Stimuler l\u2019avenir : soutenir les talents noirs sur le march\u00e9 du travail canadien\"}]},{\"@type\":\"WebSite\",\"@id\":\"https:\\\/\\\/fsc-ccf.ca\\\/fr\\\/#website\",\"url\":\"https:\\\/\\\/fsc-ccf.ca\\\/fr\\\/\",\"name\":\"Future Skills Centre \u2022 Centre des Comp\u00e9tences futures\",\"description\":\"\",\"publisher\":{\"@id\":\"https:\\\/\\\/fsc-ccf.ca\\\/fr\\\/#organization\"},\"potentialAction\":[{\"@type\":\"SearchAction\",\"target\":{\"@type\":\"EntryPoint\",\"urlTemplate\":\"https:\\\/\\\/fsc-ccf.ca\\\/fr\\\/?s={search_term_string}\"},\"query-input\":{\"@type\":\"PropertyValueSpecification\",\"valueRequired\":true,\"valueName\":\"search_term_string\"}}],\"inLanguage\":\"fr-FR\"},{\"@type\":\"Organization\",\"@id\":\"https:\\\/\\\/fsc-ccf.ca\\\/fr\\\/#organization\",\"name\":\"Future Skills Centre \u2022 Centre des Comp\u00e9tences futures\",\"url\":\"https:\\\/\\\/fsc-ccf.ca\\\/fr\\\/\",\"logo\":{\"@type\":\"ImageObject\",\"inLanguage\":\"fr-FR\",\"@id\":\"https:\\\/\\\/fsc-ccf.ca\\\/fr\\\/#\\\/schema\\\/logo\\\/image\\\/\",\"url\":\"https:\\\/\\\/fsc-ccf.ca\\\/wp-content\\\/uploads\\\/2019\\\/08\\\/FSC_logo_colour_rgb_positive_ENG.png\",\"contentUrl\":\"https:\\\/\\\/fsc-ccf.ca\\\/wp-content\\\/uploads\\\/2019\\\/08\\\/FSC_logo_colour_rgb_positive_ENG.png\",\"width\":618,\"height\":528,\"caption\":\"Future Skills Centre \u2022 Centre des Comp\u00e9tences futures\"},\"image\":{\"@id\":\"https:\\\/\\\/fsc-ccf.ca\\\/fr\\\/#\\\/schema\\\/logo\\\/image\\\/\"},\"sameAs\":[\"https:\\\/\\\/www.facebook.com\\\/2161871137193201\\\/\",\"https:\\\/\\\/x.com\\\/fsc_ccf_en\",\"https:\\\/\\\/www.instagram.com\\\/fsc_ccf\\\/\",\"https:\\\/\\\/www.linkedin.com\\\/company\\\/fsc-ccf\\\/\"]}]}<\/script>\n<!-- \/ Yoast SEO plugin. -->","yoast_head_json":{"title":"Stimuler l\u2019avenir : soutenir les talents noirs sur le march\u00e9 du travail canadien - Future Skills Centre \u2022 Centre des Comp\u00e9tences futures","robots":{"index":"index","follow":"follow","max-snippet":"max-snippet:-1","max-image-preview":"max-image-preview:large","max-video-preview":"max-video-preview:-1"},"canonical":"https:\/\/fsc-ccf.ca\/fr\/podcast\/stimuler-lavenir-soutenir-les-talents-noirs-sur-le-marche-du-travail-canadien\/","twitter_misc":{"Est. reading time":"1 minute"},"schema":{"@context":"https:\/\/schema.org","@graph":[{"@type":"WebPage","@id":"https:\/\/fsc-ccf.ca\/fr\/podcast\/stimuler-lavenir-soutenir-les-talents-noirs-sur-le-marche-du-travail-canadien\/","url":"https:\/\/fsc-ccf.ca\/fr\/podcast\/stimuler-lavenir-soutenir-les-talents-noirs-sur-le-marche-du-travail-canadien\/","name":"Stimuler l\u2019avenir : soutenir les talents noirs sur le march\u00e9 du travail canadien - Future Skills Centre \u2022 Centre des Comp\u00e9tences futures","isPartOf":{"@id":"https:\/\/fsc-ccf.ca\/fr\/#website"},"datePublished":"2024-09-19T13:38:23+00:00","dateModified":"2025-05-23T15:15:04+00:00","breadcrumb":{"@id":"https:\/\/fsc-ccf.ca\/fr\/podcast\/stimuler-lavenir-soutenir-les-talents-noirs-sur-le-marche-du-travail-canadien\/#breadcrumb"},"inLanguage":"fr-FR","potentialAction":[{"@type":"ReadAction","target":["https:\/\/fsc-ccf.ca\/fr\/podcast\/stimuler-lavenir-soutenir-les-talents-noirs-sur-le-marche-du-travail-canadien\/"]}]},{"@type":"BreadcrumbList","@id":"https:\/\/fsc-ccf.ca\/fr\/podcast\/stimuler-lavenir-soutenir-les-talents-noirs-sur-le-marche-du-travail-canadien\/#breadcrumb","itemListElement":[{"@type":"ListItem","position":1,"name":"Home","item":"https:\/\/fsc-ccf.ca\/fr\/"},{"@type":"ListItem","position":2,"name":"Podcasts","item":"https:\/\/fsc-ccf.ca\/fr\/podcast\/"},{"@type":"ListItem","position":3,"name":"Stimuler l\u2019avenir : soutenir les talents noirs sur le march\u00e9 du travail canadien"}]},{"@type":"WebSite","@id":"https:\/\/fsc-ccf.ca\/fr\/#website","url":"https:\/\/fsc-ccf.ca\/fr\/","name":"Future Skills Centre \u2022 Centre des Comp\u00e9tences futures","description":"","publisher":{"@id":"https:\/\/fsc-ccf.ca\/fr\/#organization"},"potentialAction":[{"@type":"SearchAction","target":{"@type":"EntryPoint","urlTemplate":"https:\/\/fsc-ccf.ca\/fr\/?s={search_term_string}"},"query-input":{"@type":"PropertyValueSpecification","valueRequired":true,"valueName":"search_term_string"}}],"inLanguage":"fr-FR"},{"@type":"Organization","@id":"https:\/\/fsc-ccf.ca\/fr\/#organization","name":"Future Skills Centre \u2022 Centre des Comp\u00e9tences futures","url":"https:\/\/fsc-ccf.ca\/fr\/","logo":{"@type":"ImageObject","inLanguage":"fr-FR","@id":"https:\/\/fsc-ccf.ca\/fr\/#\/schema\/logo\/image\/","url":"https:\/\/fsc-ccf.ca\/wp-content\/uploads\/2019\/08\/FSC_logo_colour_rgb_positive_ENG.png","contentUrl":"https:\/\/fsc-ccf.ca\/wp-content\/uploads\/2019\/08\/FSC_logo_colour_rgb_positive_ENG.png","width":618,"height":528,"caption":"Future Skills Centre \u2022 Centre des Comp\u00e9tences futures"},"image":{"@id":"https:\/\/fsc-ccf.ca\/fr\/#\/schema\/logo\/image\/"},"sameAs":["https:\/\/www.facebook.com\/2161871137193201\/","https:\/\/x.com\/fsc_ccf_en","https:\/\/www.instagram.com\/fsc_ccf\/","https:\/\/www.linkedin.com\/company\/fsc-ccf\/"]}]}},"_links":{"self":[{"href":"https:\/\/fsc-ccf.ca\/fr\/wp-json\/wp\/v2\/podcast\/315457","targetHints":{"allow":["GET"]}}],"collection":[{"href":"https:\/\/fsc-ccf.ca\/fr\/wp-json\/wp\/v2\/podcast"}],"about":[{"href":"https:\/\/fsc-ccf.ca\/fr\/wp-json\/wp\/v2\/types\/podcast"}],"version-history":[{"count":2,"href":"https:\/\/fsc-ccf.ca\/fr\/wp-json\/wp\/v2\/podcast\/315457\/revisions"}],"predecessor-version":[{"id":315806,"href":"https:\/\/fsc-ccf.ca\/fr\/wp-json\/wp\/v2\/podcast\/315457\/revisions\/315806"}],"wp:attachment":[{"href":"https:\/\/fsc-ccf.ca\/fr\/wp-json\/wp\/v2\/media?parent=315457"}],"wp:term":[{"taxonomy":"region","embeddable":true,"href":"https:\/\/fsc-ccf.ca\/fr\/wp-json\/wp\/v2\/region?post=315457"},{"taxonomy":"populations","embeddable":true,"href":"https:\/\/fsc-ccf.ca\/fr\/wp-json\/wp\/v2\/populations?post=315457"},{"taxonomy":"themes","embeddable":true,"href":"https:\/\/fsc-ccf.ca\/fr\/wp-json\/wp\/v2\/themes?post=315457"}],"curies":[{"name":"wp","href":"https:\/\/api.w.org\/{rel}","templated":true}]}}