			{"id":216081,"date":"2021-08-18T12:51:43","date_gmt":"2021-08-18T16:51:43","guid":{"rendered":"https:\/\/fsc-ccf.ca\/fsc-newsroom\/"},"modified":"2021-11-30T11:17:26","modified_gmt":"2021-11-30T16:17:26","slug":"fsc-newsroom","status":"publish","type":"page","link":"https:\/\/fsc-ccf.ca\/fr\/fsc-newsroom\/","title":{"rendered":"Salle de presse"},"content":{"rendered":"\n<div style=\"height:30px\" aria-hidden=\"true\" class=\"wp-block-spacer\"><\/div>\n\n\n\n<div class=\"wp-block-columns is-layout-flex wp-container-core-columns-is-layout-28f84493 wp-block-columns-is-layout-flex\">\n<div class=\"wp-block-column is-layout-flow wp-block-column-is-layout-flow\">\n<h1 class=\"wp-block-heading\"><strong>Salle de presse<\/strong><\/h1>\n\n\n\n<p class=\"is-style-default\">Faites d\u00e9filer vers le bas pour trouver les derni\u00e8res nouvelles sur le d\u00e9veloppement des comp\u00e9tences au Canada et le travail du Centre des Comp\u00e9tences futures, y compris les communiqu\u00e9s de presse, le contenu multim\u00e9dia et d\u2019autres ressources pour les journalistes.<\/p>\n\n\n\n<div style=\"height:33px\" aria-hidden=\"true\" class=\"wp-block-spacer\"><\/div>\n\n\n\n<h4 class=\"wp-block-heading\"><strong>Personne-ressource pour les m\u00e9dias<\/strong><\/h4>\n\n\n\n<p>Eglantine&nbsp;Ronfard<br>Gestionnaire des communications bilingue<br>Centre des Comp\u00e9tences futures<br><a href=\"mailto:communications@fsc-ccf.ca\">communications@fsc-ccf.ca<br><\/a>647-262-3706<\/p>\n<\/div>\n\n\n\n<div class=\"wp-block-column is-layout-flow wp-block-column-is-layout-flow\">\n<figure class=\"wp-block-image size-large\"><img loading=\"lazy\" decoding=\"async\" width=\"1024\" height=\"683\" src=\"https:\/\/fsc-ccf.ca\/wp-content\/uploads\/2021\/08\/cowomen-QziaoZM0M44-unsplash-1024x683.jpeg\" alt=\"\" class=\"wp-image-216392\" srcset=\"https:\/\/fsc-ccf.ca\/wp-content\/uploads\/2021\/08\/cowomen-QziaoZM0M44-unsplash-1024x683.jpeg 1024w, https:\/\/fsc-ccf.ca\/wp-content\/uploads\/2021\/08\/cowomen-QziaoZM0M44-unsplash-300x200.jpeg 300w, https:\/\/fsc-ccf.ca\/wp-content\/uploads\/2021\/08\/cowomen-QziaoZM0M44-unsplash-768x512.jpeg 768w, https:\/\/fsc-ccf.ca\/wp-content\/uploads\/2021\/08\/cowomen-QziaoZM0M44-unsplash-1536x1024.jpeg 1536w, https:\/\/fsc-ccf.ca\/wp-content\/uploads\/2021\/08\/cowomen-QziaoZM0M44-unsplash-scaled.jpeg 2048w, https:\/\/fsc-ccf.ca\/wp-content\/uploads\/2021\/08\/cowomen-QziaoZM0M44-unsplash-10x7.jpeg 10w, https:\/\/fsc-ccf.ca\/wp-content\/uploads\/2021\/08\/cowomen-QziaoZM0M44-unsplash-2000x1333.jpeg 2000w\" sizes=\"auto, (max-width: 1024px) 100vw, 1024px\" \/><\/figure>\n<\/div>\n<\/div>\n\n\n\n<div style=\"height:35px\" aria-hidden=\"true\" class=\"wp-block-spacer\"><\/div>\n\n\n<div class=\"page-block cards-grid full-width-block card-style--default display-style--default page-block--grey  \" >\n\t<div class=\"container container--with-overflow\">\n\t\t<h2 class=\"cards-grid__section-title heading-content section-title\">Communiqu\u00e9s de presse<\/h2>\t\t\t\t<div class=\"overflow\">\n\t\t\t\n\t\t\t<div class=\"overflow__content cards-grid__grid large\">\n\t\t\t\n\t\t\t<div class=\"content-card content-card--engagement\">\n\t\t\t<div class=\"content-card__image\">\n\t\t\t<a href=\"https:\/\/fsc-ccf.ca\/fr\/engage\/replicate-announcement\/\" target=\"_self\"><img decoding=\"async\" src=\"https:\/\/fsc-ccf.ca\/wp-content\/uploads\/2026\/02\/replicate-2026-web-header-800x600.png\" alt=\"\"><\/a>\n\t\t<\/div>\n\t\t\t<div class=\"content-card__content\">\n\t\t<div class=\"content-card__text\">\n\t\t\t\t\t\t\t<div class=\"content-card__type\">\n\t\t\t\t\t<span>Communiqu\u00e9 de presse<\/span>\t\t\t\t<\/div>\n\t\t\t\n\t\t\t\n\t\t\t\t\t\t<h3 class=\"content-card__title\">\n\t\t\t\t<a href=\"https:\/\/fsc-ccf.ca\/fr\/engage\/replicate-announcement\/\" target=\"_self\">Le Centre des Comp\u00e9tences futures reproduit des programmes de formation professionnelle qui ont fait leurs preuves partout au Canada<\/a>\n\t\t\t<\/h3>\n\n\t\t\t<div class=\"metadata metadata--event\">\n\t<ul>\n\t\t<li class=\"metadata__date\">\n\t\t\t<div class=\"metadata__icon\"><svg width=\"10\" height=\"12\" viewBox=\"0 0 10 12\" fill=\"none\" xmlns=\"http:\/\/www.w3.org\/2000\/svg\">\n<path id=\"calendar_today\" d=\"M1.11111 11.5477C0.805556 11.5477 0.543982 11.4358 0.326389 11.212C0.108796 10.9882 0 10.7191 0 10.4049V2.40486C0 2.09057 0.108796 1.82152 0.326389 1.59771C0.543982 1.3739 0.805556 1.262 1.11111 1.262H1.66667V0.119141H2.77778V1.262H7.22222V0.119141H8.33333V1.262H8.88889C9.19444 1.262 9.45602 1.3739 9.67361 1.59771C9.8912 1.82152 10 2.09057 10 2.40486V10.4049C10 10.7191 9.8912 10.9882 9.67361 11.212C9.45602 11.4358 9.19444 11.5477 8.88889 11.5477H1.11111ZM1.11111 10.4049H8.88889V4.69057H1.11111V10.4049Z\" fill=\"#71136C\"\/>\n<\/svg>\n<\/div>\n\t\t\tMars 4, 2026\t\t<\/li>\n\n\t\t\n\t\t\n\t\t\t<\/ul>\n<\/div>\t\t\t<div class=\"content-card__deck\">\n\t\t\t\tAlors que le Canada fait face \u00e0 une p\u00e9nurie critique de main-d\u2019\u0153uvre dans des secteurs cl\u00e9s, le Centre des Comp\u00e9tences futures (CCF) annonce un investissement de 5,5\u00a0millions de dollars pour constituer une main-d\u2019\u0153uvre solide et r\u00e9siliente, capable de stimuler la productivit\u00e9 et la prosp\u00e9rit\u00e9 \u00e9conomique \u00e0 long terme du Canada. Gr\u00e2ce \u00e0 l\u2019initiative Replicate, financ\u00e9e par le Programme des comp\u00e9tences futures du gouvernement du Canada, le CCF \u00e9largit l&#8217;acc\u00e8s \u00e0\u00a0 des solutions de formation \u00e9prouv\u00e9es afin que davantage de personnes au Canada, en particulier les jeunes, puissent trouver un emploi stable et s\u2019adapter \u00e0 une \u00e9conomie en pleine \u00e9volution.\u00a0\t\t\t<\/div>\n\n\t\t\t\t\t\t\t\t\t\t\t\t\t<ul class=\"content-card__terms\">\n\t\t\t\t\t\t\t\t\t<\/ul>\n\t\t\t\t\t\t\n\t\t<\/div>\n\t\t\t<\/div>\n<\/div><div class=\"content-card content-card--engagement\">\n\t\t\t<div class=\"content-card__image\">\n\t\t\t<a href=\"https:\/\/ici.radio-canada.ca\/ohdio\/premiere\/emissions\/le-6-a-9\/segments\/rattrapage\/2057238\/un-sommet-sur-avenir-economique-winnipeg\" target=\"_blank\"><img decoding=\"async\" src=\"https:\/\/fsc-ccf.ca\/wp-content\/uploads\/2025\/04\/LABOUR3-760x600.jpg\" alt=\"Two workers in hard hats using a tablet\"><\/a>\n\t\t<\/div>\n\t\t\t<div class=\"content-card__content\">\n\t\t<div class=\"content-card__text\">\n\t\t\t\t\t\t\t<div class=\"content-card__type\">\n\t\t\t\t\t<span>Communiqu\u00e9 de presse<\/span>\t\t\t\t<\/div>\n\t\t\t\n\t\t\t\n\t\t\t\t\t\t<h3 class=\"content-card__title\">\n\t\t\t\t<a href=\"https:\/\/ici.radio-canada.ca\/ohdio\/premiere\/emissions\/le-6-a-9\/segments\/rattrapage\/2057238\/un-sommet-sur-avenir-economique-winnipeg\" target=\"_blank\">Winnipeg accueille son premier sommet ECONx au Centre des congr\u00e8s RBC<img decoding=\"async\" src=\"https:\/\/fsc-ccf.ca\/wp-content\/themes\/ob-fsc-2.0\/images\/icons\/external-link.svg\" alt=\"external link icon\"\/><\/a>\n\t\t\t<\/h3>\n\n\t\t\t<div class=\"metadata metadata--event\">\n\t<ul>\n\t\t<li class=\"metadata__date\">\n\t\t\t<div class=\"metadata__icon\"><svg width=\"10\" height=\"12\" viewBox=\"0 0 10 12\" fill=\"none\" xmlns=\"http:\/\/www.w3.org\/2000\/svg\">\n<path id=\"calendar_today\" d=\"M1.11111 11.5477C0.805556 11.5477 0.543982 11.4358 0.326389 11.212C0.108796 10.9882 0 10.7191 0 10.4049V2.40486C0 2.09057 0.108796 1.82152 0.326389 1.59771C0.543982 1.3739 0.805556 1.262 1.11111 1.262H1.66667V0.119141H2.77778V1.262H7.22222V0.119141H8.33333V1.262H8.88889C9.19444 1.262 9.45602 1.3739 9.67361 1.59771C9.8912 1.82152 10 2.09057 10 2.40486V10.4049C10 10.7191 9.8912 10.9882 9.67361 11.212C9.45602 11.4358 9.19444 11.5477 8.88889 11.5477H1.11111ZM1.11111 10.4049H8.88889V4.69057H1.11111V10.4049Z\" fill=\"#71136C\"\/>\n<\/svg>\n<\/div>\n\t\t\tAvril 30, 2025\t\t<\/li>\n\n\t\t\n\t\t\t\t\t<li class=\"metadata__regions\">\n\t\t\t\t<div class=\"metadata__icon\"><svg width=\"10\" height=\"12\" viewBox=\"0 0 10 12\" fill=\"none\" xmlns=\"http:\/\/www.w3.org\/2000\/svg\">\n<path id=\"location_on\" d=\"M5 5.83333C5.34375 5.83333 5.63802 5.7191 5.88281 5.49062C6.1276 5.26215 6.25 4.9875 6.25 4.66667C6.25 4.34583 6.1276 4.07118 5.88281 3.84271C5.63802 3.61424 5.34375 3.5 5 3.5C4.65625 3.5 4.36198 3.61424 4.11719 3.84271C3.8724 4.07118 3.75 4.34583 3.75 4.66667C3.75 4.9875 3.8724 5.26215 4.11719 5.49062C4.36198 5.7191 4.65625 5.83333 5 5.83333ZM5 11.6667C3.32292 10.3347 2.07031 9.09757 1.24219 7.95521C0.414062 6.81285 0 5.75556 0 4.78333C0 3.325 0.502604 2.16319 1.50781 1.29792C2.51302 0.432639 3.67708 0 5 0C6.32292 0 7.48698 0.432639 8.49219 1.29792C9.4974 2.16319 10 3.325 10 4.78333C10 5.75556 9.58594 6.81285 8.75781 7.95521C7.92969 9.09757 6.67708 10.3347 5 11.6667Z\" fill=\"#71136C\"\/>\n<\/svg>\n<\/div>\n\t\t\t\t<div class=\"metadata__list\">\n\t\t\t\t\t<span>Partout au Canada<\/span>\t\t\t\t<\/div>\n\t\t\t<\/li>\n\t\t\n\t\t\t<\/ul>\n<\/div>\t\t\t<div class=\"content-card__deck\">\n\t\t\t\tContenu de: Radio Canada\nApril 29, 2025\nMardi, Winnipeg accueille pour la premi\u00e8re fois ECONx, un sommet \u00e9conomique portant sur son avenir, au Centre des congr\u00e8s RBC. Le directeur g\u00e9n\u00e9ral du Centre des Comp\u00e9tences futures, Noel Baldwin, explique que le but est de discuter et concevoir le futur de Winnipeg.\t\t\t<\/div>\n\n\t\t\t\t\t\t\t\t\t\t\t\t\t<ul class=\"content-card__terms\">\n\t\t\t\t\t\t\t\t\t\t\t\t\t\t\t\t\t<li>\n\t\t\t\t\t\t\t\t\t\t\t\t\t\t\t\t\t<span class=\"term-square\" style=\"background-color:#d218c0\"><\/span>\n\t\t\t\t\t\t\t\t\t\t\t\t\t\t\t\t<a href=\"https:\/\/fsc-ccf.ca\/fr\/themes\/economie-inclusive\/\">\u00c9conomie inclusive<\/a>\n\t\t\t\t\t\t\t<\/li>\n\t\t\t\t\t\t\t\t\t\t\t\t\t\t\t<\/ul>\n\t\t\t\t\t\t\n\t\t<\/div>\n\t\t\t<\/div>\n<\/div><div class=\"content-card content-card--engagement\">\n\t\t\t<div class=\"content-card__image\">\n\t\t\t<a href=\"https:\/\/fsc-ccf.ca\/fr\/engage\/solutions-expansion-announcement\/\" target=\"_self\"><img decoding=\"async\" src=\"https:\/\/fsc-ccf.ca\/wp-content\/uploads\/2025\/02\/header-1-800x580.png\" alt=\"\"><\/a>\n\t\t<\/div>\n\t\t\t<div class=\"content-card__content\">\n\t\t<div class=\"content-card__text\">\n\t\t\t\t\t\t\t<div class=\"content-card__type\">\n\t\t\t\t\t<span>Communiqu\u00e9 de presse<\/span>\t\t\t\t<\/div>\n\t\t\t\n\t\t\t\n\t\t\t\t\t\t<h3 class=\"content-card__title\">\n\t\t\t\t<a href=\"https:\/\/fsc-ccf.ca\/fr\/engage\/solutions-expansion-announcement\/\" target=\"_self\">D\u00e9veloppement des comp\u00e9tences : le Centre des Comp\u00e9tences futures investit dans la mont\u00e9e en puissance de solutions innovantes pour toucher davantage de Canadiennes et de Canadiens<\/a>\n\t\t\t<\/h3>\n\n\t\t\t<div class=\"metadata metadata--event\">\n\t<ul>\n\t\t<li class=\"metadata__date\">\n\t\t\t<div class=\"metadata__icon\"><svg width=\"10\" height=\"12\" viewBox=\"0 0 10 12\" fill=\"none\" xmlns=\"http:\/\/www.w3.org\/2000\/svg\">\n<path id=\"calendar_today\" d=\"M1.11111 11.5477C0.805556 11.5477 0.543982 11.4358 0.326389 11.212C0.108796 10.9882 0 10.7191 0 10.4049V2.40486C0 2.09057 0.108796 1.82152 0.326389 1.59771C0.543982 1.3739 0.805556 1.262 1.11111 1.262H1.66667V0.119141H2.77778V1.262H7.22222V0.119141H8.33333V1.262H8.88889C9.19444 1.262 9.45602 1.3739 9.67361 1.59771C9.8912 1.82152 10 2.09057 10 2.40486V10.4049C10 10.7191 9.8912 10.9882 9.67361 11.212C9.45602 11.4358 9.19444 11.5477 8.88889 11.5477H1.11111ZM1.11111 10.4049H8.88889V4.69057H1.11111V10.4049Z\" fill=\"#71136C\"\/>\n<\/svg>\n<\/div>\n\t\t\tMars 3, 2025\t\t<\/li>\n\n\t\t\n\t\t\n\t\t\t<\/ul>\n<\/div>\t\t\t<div class=\"content-card__deck\">\n\t\t\t\tCCF a le plaisir d\u2019annoncer la mobilisation d\u2019un nouvel investissement de 14,3 millions de dollars destin\u00e9 \u00e0 consolider plus d\u2019une dizaine de m\u00e9thodes innovantes en mati\u00e8re de perfectionnement des comp\u00e9tences.\t\t\t<\/div>\n\n\t\t\t\t\t\t\t\t\t\t\t\t\t<ul class=\"content-card__terms\">\n\t\t\t\t\t\t\t\t\t<\/ul>\n\t\t\t\t\t\t\n\t\t<\/div>\n\t\t\t<\/div>\n<\/div>\t\t\t<\/div>\n\t\t\t\t\t<\/div>\n\t\t\t\t\t\t<a href=\"https:\/\/fsc-ccf.ca\/fr\/engagement_type\/communique-de-presse\/\" class=\"cards-grid__view-all heading-content\"><span>Voir tous les communiqu\u00e9s de presse<\/span><span class=\"triangle triangle--right\"><\/span><\/a>\n\t\t\t\t\t\t<\/div>\n<\/div>\n\n\n\n<div class=\"wp-block-columns are-vertically-aligned-center is-layout-flex wp-container-core-columns-is-layout-28f84493 wp-block-columns-is-layout-flex\">\n<div class=\"wp-block-column is-vertically-aligned-center is-layout-flow wp-block-column-is-layout-flow\">\n<div class=\"wp-block-columns wp-block-columns--two wp-block-columns--regular is-layout-flex wp-container-core-columns-is-layout-28f84493 wp-block-columns-is-layout-flex\">\n<div class=\"wp-block-column is-layout-flow wp-block-column-is-layout-flow\">\n<div class=\"wp-block-image is-style-default\"><figure class=\"alignleft size-large\"><img loading=\"lazy\" decoding=\"async\" width=\"1024\" height=\"683\" src=\"https:\/\/fsc-ccf.ca\/wp-content\/uploads\/2021\/04\/pexels-marcus-aurelius-4063789-1024x683.jpg\" alt=\"Two colleagues\" class=\"wp-image-176240\" srcset=\"https:\/\/fsc-ccf.ca\/wp-content\/uploads\/2021\/04\/pexels-marcus-aurelius-4063789-1024x683.jpg 1024w, https:\/\/fsc-ccf.ca\/wp-content\/uploads\/2021\/04\/pexels-marcus-aurelius-4063789-300x200.jpg 300w, https:\/\/fsc-ccf.ca\/wp-content\/uploads\/2021\/04\/pexels-marcus-aurelius-4063789-768x512.jpg 768w, https:\/\/fsc-ccf.ca\/wp-content\/uploads\/2021\/04\/pexels-marcus-aurelius-4063789-1536x1024.jpg 1536w, https:\/\/fsc-ccf.ca\/wp-content\/uploads\/2021\/04\/pexels-marcus-aurelius-4063789-scaled.jpg 2048w, https:\/\/fsc-ccf.ca\/wp-content\/uploads\/2021\/04\/pexels-marcus-aurelius-4063789-10x7.jpg 10w, https:\/\/fsc-ccf.ca\/wp-content\/uploads\/2021\/04\/pexels-marcus-aurelius-4063789-2000x1333.jpg 2000w\" sizes=\"auto, (max-width: 1024px) 100vw, 1024px\" \/><\/figure><\/div>\n<\/div>\n<\/div>\n<\/div>\n\n\n\n<div class=\"wp-block-column is-vertically-aligned-center is-layout-flow wp-block-column-is-layout-flow\">\n<div style=\"height:119px\" aria-hidden=\"true\" class=\"wp-block-spacer\"><\/div>\n\n\n\n<h2 class=\"wp-block-heading\"><strong>Dossier de presse<\/strong><\/h2>\n\n\n\n<p class=\"has-medium-font-size\">Cliquez sur le bouton ici pour acc\u00e9der au dossier de presse sp\u00e9cialement con\u00e7u pour les m\u00e9dias.<\/p>\n\n\n\n<div class=\"wp-block-ob-blocks-single-button alignleft  wp-block-ob-blocks-button--animated\"><a class=\"btn btn--purple\" href=\"https:\/\/drive.google.com\/drive\/folders\/1ez04YI9sgXwxtiu3_g1muu9wK7ZLIeFW\" target=\"_blank\" rel=\"noreferrer noopener\">T\u00e9l\u00e9charger<\/a><\/div>\n\n\n\n<p class=\"is-style-midsize\"><\/p>\n<\/div>\n<\/div>\n\n\n\n<div style=\"height:35px\" aria-hidden=\"true\" class=\"wp-block-spacer\"><\/div>\n\n\n\n<div class=\"wp-block-columns has-pale-grey-background-color has-background is-layout-flex wp-container-core-columns-is-layout-28f84493 wp-block-columns-is-layout-flex\">\n<div class=\"wp-block-column is-layout-flow wp-block-column-is-layout-flow\" style=\"flex-basis:100%\">\n<div style=\"height:30px\" aria-hidden=\"true\" class=\"wp-block-spacer\"><\/div>\n\n\n\n<h2 class=\"alignfull has-text-align-center wp-block-heading\"><strong>Autres ressources m\u00e9diatiques<\/strong><\/h2>\n<\/div>\n<\/div>\n\n\n\n<div class=\"wp-block-columns has-pale-grey-background-color has-background is-layout-flex wp-container-core-columns-is-layout-28f84493 wp-block-columns-is-layout-flex\">\n<div class=\"wp-block-column is-layout-flow wp-block-column-is-layout-flow\">\n<p class=\"has-text-align-left is-style-midsize\"><strong>Experts<\/strong><\/p>\n\n\n\n<p class=\"has-text-align-left\">Adressez-vous \u00e0 nos experts de premier plan qui sont disponibles pour commenter les questions li\u00e9es \u00e0 l\u2019\u00e9volution du march\u00e9 du travail, au d\u00e9veloppement des comp\u00e9tences et \u00e0 la formation, \u00e0 l\u2019avenir du travail, \u00e0 l\u2019information sur le march\u00e9 du travail, \u00e0 la reprise apr\u00e8s la COVID-19 et aux questions connexes.<\/p>\n\n\n\n<div class=\"wp-block-ob-blocks-single-button alignleft  wp-block-ob-blocks-button--view-all\"><div class=\"btn btn--view-all\"><a href=\"https:\/\/fsc-ccf.ca\/fr\/meet-our-experts\/\" target=\"_blank\" rel=\"noreferrer noopener\"><strong>Rencontrez nos experts<\/strong>&#65279;<\/a><span class=\"triangle\"><\/span><\/div><\/div>\n<\/div>\n\n\n\n<div class=\"wp-block-column is-layout-flow wp-block-column-is-layout-flow\">\n<p class=\"has-text-align-left is-style-midsize\"><strong><strong>Directeur g\u00e9n\u00e9ral<\/strong><\/strong><\/p>\n\n\n\n<p class=\"has-text-align-left is-style-midsize\">Pedro&nbsp;Barata est le directeur g\u00e9n\u00e9ral de CCF. Il travaille avec les principaux partenaires et intervenants du projet pour faire progresser le mandat du CCF et aider les Canadiens et Canadiennes \u00e0 s\u2019adapter au monde du travail en \u00e9volution et \u00e0 la nouvelle \u00e9conomie.<\/p>\n\n\n\n<div class=\"wp-block-ob-blocks-single-button alignleft  wp-block-ob-blocks-button--view-all\"><div class=\"btn btn--view-all\"><a href=\"https:\/\/fsc-ccf.ca\/fr\/team\/pedro-barata\/\" target=\"_blank\" rel=\"noreferrer noopener\"><strong>Rencontrez notre directeur g\u00e9n\u00e9ral<\/strong>&#65279;<\/a><span class=\"triangle\"><\/span><\/div><\/div>\n<\/div>\n\n\n\n<div class=\"wp-block-column is-layout-flow wp-block-column-is-layout-flow\" style=\"flex-basis:200%\">\n<p class=\"is-style-midsize\"><strong><strong>Contenu multim\u00e9dia<\/strong><\/strong><\/p>\n\n\n\n<p class=\"is-style-default\">Acc\u00e9dez \u00e0 notre contenu multim\u00e9dia, notamment aux&nbsp;:<\/p>\n\n\n\n<ul class=\"wp-block-list\"><li>photos<\/li><li>logos&nbsp;<\/li><li>lignes directrices sur la marque<\/li><\/ul>\n\n\n\n<div class=\"wp-block-ob-blocks-single-button alignleft  wp-block-ob-blocks-button--view-all\"><div class=\"btn btn--view-all\"><a href=\"https:\/\/drive.google.com\/drive\/folders\/1ez04YI9sgXwxtiu3_g1muu9wK7ZLIeFW\" target=\"_blank\" rel=\"noreferrer noopener\"><strong>T\u00e9l\u00e9charger du contenu<\/strong>&#65279;<\/a><span class=\"triangle\"><\/span><\/div><\/div>\n<\/div>\n<\/div>\n\n\n\n<div style=\"height:14px\" aria-hidden=\"true\" class=\"wp-block-spacer\"><\/div>\n\n\n<div class=\"page-block cards-grid full-width-block card-style--default display-style--default page-block--white  \" >\n\t<div class=\"container container--with-overflow\">\n\t\t<h2 class=\"cards-grid__section-title heading-content section-title\">Le CCF dans les nouvelles <\/h2>\t\t\t\t<div class=\"overflow\">\n\t\t\t\n\t\t\t<div class=\"overflow__content cards-grid__grid large\">\n\t\t\t\n\t\t\t<div class=\"content-card content-card--engagement\">\n\t\t\t<div class=\"content-card__image\">\n\t\t\t<a href=\"https:\/\/www.thestar.com\/politics\/federal\/2021\/11\/30\/young-adults-hit-hard-by-pandemics-economic-impact-survey-suggests.html\" target=\"_blank\"><img decoding=\"async\" src=\"https:\/\/fsc-ccf.ca\/wp-content\/uploads\/2021\/03\/not-9-to-5-image-800x600.jpg\" alt=\"A server taking an order in a restaurant with a face mask on.\"><\/a>\n\t\t<\/div>\n\t\t\t<div class=\"content-card__content\">\n\t\t<div class=\"content-card__text\">\n\t\t\t\t\t\t\t<div class=\"content-card__type\">\n\t\t\t\t\t<span>Presse<\/span>\t\t\t\t<\/div>\n\t\t\t\n\t\t\t\n\t\t\t\t\t\t<h3 class=\"content-card__title\">\n\t\t\t\t<a href=\"https:\/\/www.thestar.com\/politics\/federal\/2021\/11\/30\/young-adults-hit-hard-by-pandemics-economic-impact-survey-suggests.html\" target=\"_blank\">Young adults hit hard by pandemic\u2019s economic impact, survey suggests<img decoding=\"async\" src=\"https:\/\/fsc-ccf.ca\/wp-content\/themes\/ob-fsc-2.0\/images\/icons\/external-link.svg\" alt=\"external link icon\"\/><\/a>\n\t\t\t<\/h3>\n\n\t\t\t<div class=\"metadata metadata--event\">\n\t<ul>\n\t\t<li class=\"metadata__date\">\n\t\t\t<div class=\"metadata__icon\"><svg width=\"10\" height=\"12\" viewBox=\"0 0 10 12\" fill=\"none\" xmlns=\"http:\/\/www.w3.org\/2000\/svg\">\n<path id=\"calendar_today\" d=\"M1.11111 11.5477C0.805556 11.5477 0.543982 11.4358 0.326389 11.212C0.108796 10.9882 0 10.7191 0 10.4049V2.40486C0 2.09057 0.108796 1.82152 0.326389 1.59771C0.543982 1.3739 0.805556 1.262 1.11111 1.262H1.66667V0.119141H2.77778V1.262H7.22222V0.119141H8.33333V1.262H8.88889C9.19444 1.262 9.45602 1.3739 9.67361 1.59771C9.8912 1.82152 10 2.09057 10 2.40486V10.4049C10 10.7191 9.8912 10.9882 9.67361 11.212C9.45602 11.4358 9.19444 11.5477 8.88889 11.5477H1.11111ZM1.11111 10.4049H8.88889V4.69057H1.11111V10.4049Z\" fill=\"#71136C\"\/>\n<\/svg>\n<\/div>\n\t\t\tNovembre 30, 2021\t\t<\/li>\n\n\t\t\n\t\t\n\t\t\t<\/ul>\n<\/div>\t\t\t<div class=\"content-card__deck\">\n\t\t\t\t(Anglais seulement)&nbsp; par Raisa Patel \u2014&nbsp;Toronto Star, 30 novembre 2021\t\t\t<\/div>\n\n\t\t\t\t\t\t\t\t\t\t\t\t\t<ul class=\"content-card__terms\">\n\t\t\t\t\t\t\t\t\t\t\t\t<li>\n\t\t\t\t\t\t\t\t\t\t\t\t\t\t\t\t\t<span class=\"term-square\" style=\"background-color:#d218c0\"><\/span>\n\t\t\t\t\t\t\t\t\t\t\t\t\t\t\t\t<a href=\"https:\/\/fsc-ccf.ca\/fr\/themes\/economie-inclusive\/\">\u00c9conomie inclusive<\/a>\n\t\t\t\t\t\t\t<\/li>\n\t\t\t\t\t\t\t\t\t\t\t\t\t\t\t\t\t\t<li>\n\t\t\t\t\t\t\t\t\t\t\t\t\t\t\t\t\t<span class=\"term-square\" style=\"background-color:#d218c0\"><\/span>\n\t\t\t\t\t\t\t\t\t\t\t\t\t\t\t\t<a href=\"https:\/\/fsc-ccf.ca\/fr\/themes\/inclusive-economy\/\">Inclusive Economy<\/a>\n\t\t\t\t\t\t\t<\/li>\n\t\t\t\t\t\t\t\t\t\t\t\t\t\t\t<\/ul>\n\t\t\t\t\t\t\n\t\t<\/div>\n\t\t\t<\/div>\n<\/div><div class=\"content-card content-card--engagement\">\n\t\t\t<div class=\"content-card__image\">\n\t\t\t<a href=\"https:\/\/policyoptions.irpp.org\/magazines\/october-2021\/a-fresh-look-at-the-reasons-why-women-and-men-are-self-employed\/\" target=\"_blank\"><img decoding=\"async\" src=\"https:\/\/fsc-ccf.ca\/wp-content\/uploads\/2021\/10\/A-fresh-look-at-the-reasons-why-women-and-men-are-self-employed-800x600.jpeg\" alt=\"person putting something in a box\"><\/a>\n\t\t<\/div>\n\t\t\t<div class=\"content-card__content\">\n\t\t<div class=\"content-card__text\">\n\t\t\t\t\t\t\t<div class=\"content-card__type\">\n\t\t\t\t\t<span>Presse<\/span>\t\t\t\t<\/div>\n\t\t\t\n\t\t\t\n\t\t\t\t\t\t<h3 class=\"content-card__title\">\n\t\t\t\t<a href=\"https:\/\/policyoptions.irpp.org\/magazines\/october-2021\/a-fresh-look-at-the-reasons-why-women-and-men-are-self-employed\/\" target=\"_blank\">A fresh look at the reasons why women and men are self-employed<img decoding=\"async\" src=\"https:\/\/fsc-ccf.ca\/wp-content\/themes\/ob-fsc-2.0\/images\/icons\/external-link.svg\" alt=\"external link icon\"\/><\/a>\n\t\t\t<\/h3>\n\n\t\t\t<div class=\"metadata metadata--event\">\n\t<ul>\n\t\t<li class=\"metadata__date\">\n\t\t\t<div class=\"metadata__icon\"><svg width=\"10\" height=\"12\" viewBox=\"0 0 10 12\" fill=\"none\" xmlns=\"http:\/\/www.w3.org\/2000\/svg\">\n<path id=\"calendar_today\" d=\"M1.11111 11.5477C0.805556 11.5477 0.543982 11.4358 0.326389 11.212C0.108796 10.9882 0 10.7191 0 10.4049V2.40486C0 2.09057 0.108796 1.82152 0.326389 1.59771C0.543982 1.3739 0.805556 1.262 1.11111 1.262H1.66667V0.119141H2.77778V1.262H7.22222V0.119141H8.33333V1.262H8.88889C9.19444 1.262 9.45602 1.3739 9.67361 1.59771C9.8912 1.82152 10 2.09057 10 2.40486V10.4049C10 10.7191 9.8912 10.9882 9.67361 11.212C9.45602 11.4358 9.19444 11.5477 8.88889 11.5477H1.11111ZM1.11111 10.4049H8.88889V4.69057H1.11111V10.4049Z\" fill=\"#71136C\"\/>\n<\/svg>\n<\/div>\n\t\t\tOctobre 27, 2021\t\t<\/li>\n\n\t\t\n\t\t\n\t\t\t<\/ul>\n<\/div>\t\t\t<div class=\"content-card__deck\">\n\t\t\t\t(Anglais seulement) October 25, 2021 \u2014\u00a0Policy Options, by\u00a0Aherthy Jeyasundaram\t\t\t<\/div>\n\n\t\t\t\t\t\t\t\t\t\t\t\t\t<ul class=\"content-card__terms\">\n\t\t\t\t\t\t\t\t\t\t\t\t<li>\n\t\t\t\t\t\t\t\t\t\t\t\t\t\t\t\t\t<span class=\"term-square\" style=\"background-color:#d218c0\"><\/span>\n\t\t\t\t\t\t\t\t\t\t\t\t\t\t\t\t<a href=\"https:\/\/fsc-ccf.ca\/fr\/themes\/economie-inclusive\/\">\u00c9conomie inclusive<\/a>\n\t\t\t\t\t\t\t<\/li>\n\t\t\t\t\t\t\t\t\t\t\t\t\t\t\t\t\t\t<li>\n\t\t\t\t\t\t\t\t\t\t\t\t\t\t\t\t\t<span class=\"term-square\" style=\"background-color:#ec008c\"><\/span>\n\t\t\t\t\t\t\t\t\t\t\t\t\t\t\t\t<a href=\"https:\/\/fsc-ccf.ca\/fr\/themes\/parcours-vers-lemploi\/\">Parcours vers L\u2019emploi<\/a>\n\t\t\t\t\t\t\t<\/li>\n\t\t\t\t\t\t\t\t\t\t\t\t\t\t\t\t\t\t<li>\n\t\t\t\t\t\t\t\t\t\t\t\t\t\t\t\t\t<span class=\"term-square\" style=\"background-color:#ec008c\"><\/span>\n\t\t\t\t\t\t\t\t\t\t\t\t\t\t\t\t<a href=\"https:\/\/fsc-ccf.ca\/fr\/themes\/pathways-to-jobs\/\">Pathways to Jobs<\/a>\n\t\t\t\t\t\t\t<\/li>\n\t\t\t\t\t\t\t\t\t\t\t\t\t\t\t<\/ul>\n\t\t\t\t\t\t\n\t\t<\/div>\n\t\t\t<\/div>\n<\/div><div class=\"content-card content-card--engagement\">\n\t\t\t<div class=\"content-card__image\">\n\t\t\t<a href=\"https:\/\/podcasts.apple.com\/ca\/podcast\/future-of-work\/id1524387045?i=1000532271530\" target=\"_blank\"><img decoding=\"async\" src=\"https:\/\/fsc-ccf.ca\/wp-content\/uploads\/2021\/08\/Screen-Shot-2021-08-20-at-10.22.35-AM.png\" alt=\"Bandwidth podcast graphic\"><\/a>\n\t\t<\/div>\n\t\t\t<div class=\"content-card__content\">\n\t\t<div class=\"content-card__text\">\n\t\t\t\t\t\t\t<div class=\"content-card__type\">\n\t\t\t\t\t<span>Baladodiffusion<\/span>\t\t\t\t<\/div>\n\t\t\t\n\t\t\t\n\t\t\t\t\t\t<h3 class=\"content-card__title\">\n\t\t\t\t<a href=\"https:\/\/podcasts.apple.com\/ca\/podcast\/future-of-work\/id1524387045?i=1000532271530\" target=\"_blank\">Bandwidth: The Future of Work with Pedro Barata<img decoding=\"async\" src=\"https:\/\/fsc-ccf.ca\/wp-content\/themes\/ob-fsc-2.0\/images\/icons\/external-link.svg\" alt=\"external link icon\"\/><\/a>\n\t\t\t<\/h3>\n\n\t\t\t<div class=\"metadata metadata--event\">\n\t<ul>\n\t\t<li class=\"metadata__date\">\n\t\t\t<div class=\"metadata__icon\"><svg width=\"10\" height=\"12\" viewBox=\"0 0 10 12\" fill=\"none\" xmlns=\"http:\/\/www.w3.org\/2000\/svg\">\n<path id=\"calendar_today\" d=\"M1.11111 11.5477C0.805556 11.5477 0.543982 11.4358 0.326389 11.212C0.108796 10.9882 0 10.7191 0 10.4049V2.40486C0 2.09057 0.108796 1.82152 0.326389 1.59771C0.543982 1.3739 0.805556 1.262 1.11111 1.262H1.66667V0.119141H2.77778V1.262H7.22222V0.119141H8.33333V1.262H8.88889C9.19444 1.262 9.45602 1.3739 9.67361 1.59771C9.8912 1.82152 10 2.09057 10 2.40486V10.4049C10 10.7191 9.8912 10.9882 9.67361 11.212C9.45602 11.4358 9.19444 11.5477 8.88889 11.5477H1.11111ZM1.11111 10.4049H8.88889V4.69057H1.11111V10.4049Z\" fill=\"#71136C\"\/>\n<\/svg>\n<\/div>\n\t\t\tAo\u00fbt 20, 2021\t\t<\/li>\n\n\t\t\n\t\t\n\t\t\t<\/ul>\n<\/div>\t\t\t<div class=\"content-card__deck\">\n\t\t\t\t(Anglais seulement) Takara Small interviews Pedro Barata on the Bandwidth podcast. They discuss how organizations are preparing to return to work and the pandemic&#8217;s impact&#8230;\t\t\t<\/div>\n\n\t\t\t\t\t\t\t\t\t\t\t\t\t<ul class=\"content-card__terms\">\n\t\t\t\t\t\t\t\t\t<\/ul>\n\t\t\t\t\t\t\n\t\t<\/div>\n\t\t\t<\/div>\n<\/div>\t\t\t<\/div>\n\t\t\t\t\t<\/div>\n\t\t\t<\/div>\n<\/div>\n\n\n\n<p class=\"is-style-large-paragraph\"><\/p>\n","protected":false},"excerpt":{"rendered":"<p>Salle de presse Faites d\u00e9filer vers le bas pour trouver les derni\u00e8res nouvelles sur le d\u00e9veloppement des comp\u00e9tences au Canada et le travail du Centre&#8230;<\/p>\n","protected":false},"author":16,"featured_media":0,"parent":0,"menu_order":0,"comment_status":"closed","ping_status":"closed","template":"page-blocks-only.php","meta":{"_acf_changed":false,"footnotes":""},"class_list":["post-216081","page","type-page","status-publish","hentry"],"acf":{"thumbnail_image":{"ID":216392,"id":216392,"title":"cowomen-QziaoZM0M44-unsplash","filename":"cowomen-QziaoZM0M44-unsplash-scaled.jpeg","filesize":233728,"url":"https:\/\/fsc-ccf.ca\/wp-content\/uploads\/2021\/08\/cowomen-QziaoZM0M44-unsplash-scaled.jpeg","link":"https:\/\/fsc-ccf.ca\/fr\/fsc-newsroom\/cowomen-qziaozm0m44-unsplash-2\/","alt":"Person smiles while sitting next to a microphone, facing another person","author":"16","description":"","caption":"","name":"cowomen-qziaozm0m44-unsplash-2","status":"inherit","uploaded_to":216081,"date":"2021-08-20 15:46:28","modified":"2021-08-20 15:47:22","menu_order":0,"mime_type":"image\/jpeg","type":"image","subtype":"jpeg","icon":"https:\/\/fsc-ccf.ca\/wp-includes\/images\/media\/default.png","width":2048,"height":1365,"sizes":{"thumbnail":"https:\/\/fsc-ccf.ca\/wp-content\/uploads\/2021\/08\/cowomen-QziaoZM0M44-unsplash-150x150.jpeg","thumbnail-width":150,"thumbnail-height":150,"medium":"https:\/\/fsc-ccf.ca\/wp-content\/uploads\/2021\/08\/cowomen-QziaoZM0M44-unsplash-300x200.jpeg","medium-width":300,"medium-height":200,"medium_large":"https:\/\/fsc-ccf.ca\/wp-content\/uploads\/2021\/08\/cowomen-QziaoZM0M44-unsplash-768x512.jpeg","medium_large-width":768,"medium_large-height":512,"large":"https:\/\/fsc-ccf.ca\/wp-content\/uploads\/2021\/08\/cowomen-QziaoZM0M44-unsplash-1024x683.jpeg","large-width":1024,"large-height":683,"1536x1536":"https:\/\/fsc-ccf.ca\/wp-content\/uploads\/2021\/08\/cowomen-QziaoZM0M44-unsplash-1536x1024.jpeg","1536x1536-width":1536,"1536x1536-height":1024,"2048x2048":"https:\/\/fsc-ccf.ca\/wp-content\/uploads\/2021\/08\/cowomen-QziaoZM0M44-unsplash-2048x1365.jpeg","2048x2048-width":2048,"2048x2048-height":1365,"preview":"https:\/\/fsc-ccf.ca\/wp-content\/uploads\/2021\/08\/cowomen-QziaoZM0M44-unsplash-10x7.jpeg","preview-width":10,"preview-height":7,"content-card-thumbnail":"https:\/\/fsc-ccf.ca\/wp-content\/uploads\/2021\/08\/cowomen-QziaoZM0M44-unsplash-800x600.jpeg","content-card-thumbnail-width":800,"content-card-thumbnail-height":600,"slider-image":"https:\/\/fsc-ccf.ca\/wp-content\/uploads\/2021\/08\/cowomen-QziaoZM0M44-unsplash-1600x1200.jpeg","slider-image-width":1600,"slider-image-height":1200,"hero-image":"https:\/\/fsc-ccf.ca\/wp-content\/uploads\/2021\/08\/cowomen-QziaoZM0M44-unsplash-2000x1333.jpeg","hero-image-width":2000,"hero-image-height":1333,"inline-image":"https:\/\/fsc-ccf.ca\/wp-content\/uploads\/2021\/08\/cowomen-QziaoZM0M44-unsplash-1024x512.jpeg","inline-image-width":1024,"inline-image-height":512,"content-card-thumbnail-vertical":"https:\/\/fsc-ccf.ca\/wp-content\/uploads\/2021\/08\/cowomen-QziaoZM0M44-unsplash-400x600.jpeg","content-card-thumbnail-vertical-width":400,"content-card-thumbnail-vertical-height":600}},"slider_image":false,"subtitle":"","highlight":"pink"},"yoast_head":"<!-- This site is optimized with the Yoast SEO plugin v27.5 - https:\/\/yoast.com\/product\/yoast-seo-wordpress\/ -->\n<title>Salle de presse - Future Skills Centre \u2022 Centre des Comp\u00e9tences futures<\/title>\n<meta name=\"description\" content=\"Salle de presse Faites d\u00e9filer vers le bas pour trouver les derni\u00e8res nouvelles sur le d\u00e9veloppement des comp\u00e9tences au Canada et le travail du Centre des\" \/>\n<meta name=\"robots\" content=\"index, follow, max-snippet:-1, max-image-preview:large, max-video-preview:-1\" \/>\n<link rel=\"canonical\" href=\"https:\/\/fsc-ccf.ca\/fr\/fsc-newsroom\/\" \/>\n<meta name=\"twitter:label1\" content=\"Est. reading time\" \/>\n\t<meta name=\"twitter:data1\" content=\"2 minutes\" \/>\n<script type=\"application\/ld+json\" class=\"yoast-schema-graph\">{\"@context\":\"https:\\\/\\\/schema.org\",\"@graph\":[{\"@type\":\"WebPage\",\"@id\":\"https:\\\/\\\/fsc-ccf.ca\\\/fr\\\/fsc-newsroom\\\/\",\"url\":\"https:\\\/\\\/fsc-ccf.ca\\\/fr\\\/fsc-newsroom\\\/\",\"name\":\"Salle de presse - Future Skills Centre \u2022 Centre des Comp\u00e9tences futures\",\"isPartOf\":{\"@id\":\"https:\\\/\\\/fsc-ccf.ca\\\/fr\\\/#website\"},\"primaryImageOfPage\":{\"@id\":\"https:\\\/\\\/fsc-ccf.ca\\\/fr\\\/fsc-newsroom\\\/#primaryimage\"},\"image\":{\"@id\":\"https:\\\/\\\/fsc-ccf.ca\\\/fr\\\/fsc-newsroom\\\/#primaryimage\"},\"thumbnailUrl\":\"https:\\\/\\\/fsc-ccf.ca\\\/wp-content\\\/uploads\\\/2021\\\/08\\\/cowomen-QziaoZM0M44-unsplash-1024x683.jpeg\",\"datePublished\":\"2021-08-18T16:51:43+00:00\",\"dateModified\":\"2021-11-30T16:17:26+00:00\",\"description\":\"Salle de presse Faites d\u00e9filer vers le bas pour trouver les derni\u00e8res nouvelles sur le d\u00e9veloppement des comp\u00e9tences au Canada et le travail du Centre des\",\"breadcrumb\":{\"@id\":\"https:\\\/\\\/fsc-ccf.ca\\\/fr\\\/fsc-newsroom\\\/#breadcrumb\"},\"inLanguage\":\"fr-FR\",\"potentialAction\":[{\"@type\":\"ReadAction\",\"target\":[\"https:\\\/\\\/fsc-ccf.ca\\\/fr\\\/fsc-newsroom\\\/\"]}]},{\"@type\":\"ImageObject\",\"inLanguage\":\"fr-FR\",\"@id\":\"https:\\\/\\\/fsc-ccf.ca\\\/fr\\\/fsc-newsroom\\\/#primaryimage\",\"url\":\"https:\\\/\\\/fsc-ccf.ca\\\/wp-content\\\/uploads\\\/2021\\\/08\\\/cowomen-QziaoZM0M44-unsplash-1024x683.jpeg\",\"contentUrl\":\"https:\\\/\\\/fsc-ccf.ca\\\/wp-content\\\/uploads\\\/2021\\\/08\\\/cowomen-QziaoZM0M44-unsplash-1024x683.jpeg\"},{\"@type\":\"BreadcrumbList\",\"@id\":\"https:\\\/\\\/fsc-ccf.ca\\\/fr\\\/fsc-newsroom\\\/#breadcrumb\",\"itemListElement\":[{\"@type\":\"ListItem\",\"position\":1,\"name\":\"Home\",\"item\":\"https:\\\/\\\/fsc-ccf.ca\\\/fr\\\/\"},{\"@type\":\"ListItem\",\"position\":2,\"name\":\"Salle de presse\"}]},{\"@type\":\"WebSite\",\"@id\":\"https:\\\/\\\/fsc-ccf.ca\\\/fr\\\/#website\",\"url\":\"https:\\\/\\\/fsc-ccf.ca\\\/fr\\\/\",\"name\":\"Future Skills Centre \u2022 Centre des Comp\u00e9tences futures\",\"description\":\"\",\"publisher\":{\"@id\":\"https:\\\/\\\/fsc-ccf.ca\\\/fr\\\/#organization\"},\"potentialAction\":[{\"@type\":\"SearchAction\",\"target\":{\"@type\":\"EntryPoint\",\"urlTemplate\":\"https:\\\/\\\/fsc-ccf.ca\\\/fr\\\/?s={search_term_string}\"},\"query-input\":{\"@type\":\"PropertyValueSpecification\",\"valueRequired\":true,\"valueName\":\"search_term_string\"}}],\"inLanguage\":\"fr-FR\"},{\"@type\":\"Organization\",\"@id\":\"https:\\\/\\\/fsc-ccf.ca\\\/fr\\\/#organization\",\"name\":\"Future Skills Centre \u2022 Centre des Comp\u00e9tences futures\",\"url\":\"https:\\\/\\\/fsc-ccf.ca\\\/fr\\\/\",\"logo\":{\"@type\":\"ImageObject\",\"inLanguage\":\"fr-FR\",\"@id\":\"https:\\\/\\\/fsc-ccf.ca\\\/fr\\\/#\\\/schema\\\/logo\\\/image\\\/\",\"url\":\"https:\\\/\\\/fsc-ccf.ca\\\/wp-content\\\/uploads\\\/2019\\\/08\\\/FSC_logo_colour_rgb_positive_ENG.png\",\"contentUrl\":\"https:\\\/\\\/fsc-ccf.ca\\\/wp-content\\\/uploads\\\/2019\\\/08\\\/FSC_logo_colour_rgb_positive_ENG.png\",\"width\":618,\"height\":528,\"caption\":\"Future Skills Centre \u2022 Centre des Comp\u00e9tences futures\"},\"image\":{\"@id\":\"https:\\\/\\\/fsc-ccf.ca\\\/fr\\\/#\\\/schema\\\/logo\\\/image\\\/\"},\"sameAs\":[\"https:\\\/\\\/www.facebook.com\\\/2161871137193201\\\/\",\"https:\\\/\\\/x.com\\\/fsc_ccf_en\",\"https:\\\/\\\/www.instagram.com\\\/fsc_ccf\\\/\",\"https:\\\/\\\/www.linkedin.com\\\/company\\\/fsc-ccf\\\/\"]}]}<\/script>\n<!-- \/ Yoast SEO plugin. -->","yoast_head_json":{"title":"Salle de presse - Future Skills Centre \u2022 Centre des Comp\u00e9tences futures","description":"Salle de presse Faites d\u00e9filer vers le bas pour trouver les derni\u00e8res nouvelles sur le d\u00e9veloppement des comp\u00e9tences au Canada et le travail du Centre des","robots":{"index":"index","follow":"follow","max-snippet":"max-snippet:-1","max-image-preview":"max-image-preview:large","max-video-preview":"max-video-preview:-1"},"canonical":"https:\/\/fsc-ccf.ca\/fr\/fsc-newsroom\/","twitter_misc":{"Est. reading time":"2 minutes"},"schema":{"@context":"https:\/\/schema.org","@graph":[{"@type":"WebPage","@id":"https:\/\/fsc-ccf.ca\/fr\/fsc-newsroom\/","url":"https:\/\/fsc-ccf.ca\/fr\/fsc-newsroom\/","name":"Salle de presse - Future Skills Centre \u2022 Centre des Comp\u00e9tences futures","isPartOf":{"@id":"https:\/\/fsc-ccf.ca\/fr\/#website"},"primaryImageOfPage":{"@id":"https:\/\/fsc-ccf.ca\/fr\/fsc-newsroom\/#primaryimage"},"image":{"@id":"https:\/\/fsc-ccf.ca\/fr\/fsc-newsroom\/#primaryimage"},"thumbnailUrl":"https:\/\/fsc-ccf.ca\/wp-content\/uploads\/2021\/08\/cowomen-QziaoZM0M44-unsplash-1024x683.jpeg","datePublished":"2021-08-18T16:51:43+00:00","dateModified":"2021-11-30T16:17:26+00:00","description":"Salle de presse Faites d\u00e9filer vers le bas pour trouver les derni\u00e8res nouvelles sur le d\u00e9veloppement des comp\u00e9tences au Canada et le travail du Centre des","breadcrumb":{"@id":"https:\/\/fsc-ccf.ca\/fr\/fsc-newsroom\/#breadcrumb"},"inLanguage":"fr-FR","potentialAction":[{"@type":"ReadAction","target":["https:\/\/fsc-ccf.ca\/fr\/fsc-newsroom\/"]}]},{"@type":"ImageObject","inLanguage":"fr-FR","@id":"https:\/\/fsc-ccf.ca\/fr\/fsc-newsroom\/#primaryimage","url":"https:\/\/fsc-ccf.ca\/wp-content\/uploads\/2021\/08\/cowomen-QziaoZM0M44-unsplash-1024x683.jpeg","contentUrl":"https:\/\/fsc-ccf.ca\/wp-content\/uploads\/2021\/08\/cowomen-QziaoZM0M44-unsplash-1024x683.jpeg"},{"@type":"BreadcrumbList","@id":"https:\/\/fsc-ccf.ca\/fr\/fsc-newsroom\/#breadcrumb","itemListElement":[{"@type":"ListItem","position":1,"name":"Home","item":"https:\/\/fsc-ccf.ca\/fr\/"},{"@type":"ListItem","position":2,"name":"Salle de presse"}]},{"@type":"WebSite","@id":"https:\/\/fsc-ccf.ca\/fr\/#website","url":"https:\/\/fsc-ccf.ca\/fr\/","name":"Future Skills Centre \u2022 Centre des Comp\u00e9tences futures","description":"","publisher":{"@id":"https:\/\/fsc-ccf.ca\/fr\/#organization"},"potentialAction":[{"@type":"SearchAction","target":{"@type":"EntryPoint","urlTemplate":"https:\/\/fsc-ccf.ca\/fr\/?s={search_term_string}"},"query-input":{"@type":"PropertyValueSpecification","valueRequired":true,"valueName":"search_term_string"}}],"inLanguage":"fr-FR"},{"@type":"Organization","@id":"https:\/\/fsc-ccf.ca\/fr\/#organization","name":"Future Skills Centre \u2022 Centre des Comp\u00e9tences futures","url":"https:\/\/fsc-ccf.ca\/fr\/","logo":{"@type":"ImageObject","inLanguage":"fr-FR","@id":"https:\/\/fsc-ccf.ca\/fr\/#\/schema\/logo\/image\/","url":"https:\/\/fsc-ccf.ca\/wp-content\/uploads\/2019\/08\/FSC_logo_colour_rgb_positive_ENG.png","contentUrl":"https:\/\/fsc-ccf.ca\/wp-content\/uploads\/2019\/08\/FSC_logo_colour_rgb_positive_ENG.png","width":618,"height":528,"caption":"Future Skills Centre \u2022 Centre des Comp\u00e9tences futures"},"image":{"@id":"https:\/\/fsc-ccf.ca\/fr\/#\/schema\/logo\/image\/"},"sameAs":["https:\/\/www.facebook.com\/2161871137193201\/","https:\/\/x.com\/fsc_ccf_en","https:\/\/www.instagram.com\/fsc_ccf\/","https:\/\/www.linkedin.com\/company\/fsc-ccf\/"]}]}},"_links":{"self":[{"href":"https:\/\/fsc-ccf.ca\/fr\/wp-json\/wp\/v2\/pages\/216081","targetHints":{"allow":["GET"]}}],"collection":[{"href":"https:\/\/fsc-ccf.ca\/fr\/wp-json\/wp\/v2\/pages"}],"about":[{"href":"https:\/\/fsc-ccf.ca\/fr\/wp-json\/wp\/v2\/types\/page"}],"author":[{"embeddable":true,"href":"https:\/\/fsc-ccf.ca\/fr\/wp-json\/wp\/v2\/users\/16"}],"replies":[{"embeddable":true,"href":"https:\/\/fsc-ccf.ca\/fr\/wp-json\/wp\/v2\/comments?post=216081"}],"version-history":[{"count":39,"href":"https:\/\/fsc-ccf.ca\/fr\/wp-json\/wp\/v2\/pages\/216081\/revisions"}],"predecessor-version":[{"id":238782,"href":"https:\/\/fsc-ccf.ca\/fr\/wp-json\/wp\/v2\/pages\/216081\/revisions\/238782"}],"wp:attachment":[{"href":"https:\/\/fsc-ccf.ca\/fr\/wp-json\/wp\/v2\/media?parent=216081"}],"curies":[{"name":"wp","href":"https:\/\/api.w.org\/{rel}","templated":true}]}}