			{"id":217126,"date":"2021-08-22T07:01:31","date_gmt":"2021-08-22T11:01:31","guid":{"rendered":"https:\/\/fsc-ccf.ca\/network\/blandine-emilien\/"},"modified":"2021-09-14T14:44:12","modified_gmt":"2021-09-14T18:44:12","slug":"blandine-emilien","status":"publish","type":"network","link":"https:\/\/fsc-ccf.ca\/fr\/network\/blandine-emilien\/","title":{"rendered":"Blandine Emilien"},"content":{"rendered":"<p><span style=\"font-weight: 400;\">Blandine Emilien est professeure en gestion des ressources humaines\u00a0 (GRH) \u00e0 l\u2019\u00c9cole des Sciences de la gestion de l\u2019Universit\u00e9 du Qu\u00e9bec A\u00a0 Montr\u00e9al. \u00c9galement membre du CRIMT (Centre de recherche\u00a0 interuniversitaire sur la mondialisation et le travail), ses int\u00e9r\u00eats de\u00a0 recherche visent \u00e0 contribuer \u00e0 mieux \u00e0 comprendre dans quelle mesure\u00a0 des pratiques ad\u00e9quates en GRH- principalement la dotation en\u00a0 personnel, le d\u00e9veloppement des comp\u00e9tences et la gestion des talents\u00a0 \u2013 peuvent \u00eatre cr\u00e9\u00e9es et cultiv\u00e9es selon les besoins des organisations\u00a0 dans leurs contextes industriels et g\u00e9ographiques divers. Avec un regard\u00a0 comparatif, ses projets de recherche se sont initialement pench\u00e9s sur le\u00a0 secteur des centres d\u2019appels \u00e0 l\u2019ile Maurice et dans celui de l\u2019a\u00e9rospatiale\u00a0 au Canada et \u00e0 l\u2019\u00e9tranger. \u00c0 ce jour, le processus de recrutement de\u00a0 travailleurs migrants au sein de l\u2019industrie qu\u00e9b\u00e9coise de la\u00a0 transformation alimentaire qu\u00e9b\u00e9cois, l\u2019initiative de repenser la planification de la rel\u00e8ve et que la gestion des talents dans les\u00a0 conf\u00e9d\u00e9rations syndicales en tant qu\u2019employeurs du Qu\u00e9bec et du pays\u00a0 basque espagnol constituent ses terrains conceptuels et empiriques\u00a0 principaux. Blandine tente de comprendre comment, dans le cas\u00a0 d\u2019organisations, d\u2019industries ou de r\u00e9gions sp\u00e9cifiques, les pratiques de\u00a0 GRH \u00e9voluent avec une r\u00e9flexivit\u00e9 et une exp\u00e9rimentation des parties\u00a0 prenantes concern\u00e9es, au niveau des institutions internes ou externes\u00a0 aux organisations, en raison d\u2019une pr\u00e9occupation pour le travail d\u00e9ce<\/span><\/p>\n","protected":false},"template":"","class_list":["post-217126","network","type-network","status-publish","hentry"],"acf":{"title":"","fname":"","lname":"","position":"","org":""},"yoast_head":"<!-- This site is optimized with the Yoast SEO plugin v27.5 - https:\/\/yoast.com\/product\/yoast-seo-wordpress\/ -->\n<title>Blandine Emilien - Future Skills Centre \u2022 Centre des Comp\u00e9tences futures<\/title>\n<meta name=\"robots\" content=\"index, follow, max-snippet:-1, max-image-preview:large, max-video-preview:-1\" \/>\n<link rel=\"canonical\" href=\"https:\/\/fsc-ccf.ca\/fr\/network\/blandine-emilien\/\" \/>\n<meta name=\"twitter:label1\" content=\"Est. reading time\" \/>\n\t<meta name=\"twitter:data1\" content=\"1 minute\" \/>\n<script type=\"application\/ld+json\" class=\"yoast-schema-graph\">{\"@context\":\"https:\\\/\\\/schema.org\",\"@graph\":[{\"@type\":\"WebPage\",\"@id\":\"https:\\\/\\\/fsc-ccf.ca\\\/fr\\\/network\\\/blandine-emilien\\\/\",\"url\":\"https:\\\/\\\/fsc-ccf.ca\\\/fr\\\/network\\\/blandine-emilien\\\/\",\"name\":\"Blandine Emilien - Future Skills Centre \u2022 Centre des Comp\u00e9tences futures\",\"isPartOf\":{\"@id\":\"https:\\\/\\\/fsc-ccf.ca\\\/fr\\\/#website\"},\"datePublished\":\"2021-08-22T11:01:31+00:00\",\"dateModified\":\"2021-09-14T18:44:12+00:00\",\"breadcrumb\":{\"@id\":\"https:\\\/\\\/fsc-ccf.ca\\\/fr\\\/network\\\/blandine-emilien\\\/#breadcrumb\"},\"inLanguage\":\"fr-FR\",\"potentialAction\":[{\"@type\":\"ReadAction\",\"target\":[\"https:\\\/\\\/fsc-ccf.ca\\\/fr\\\/network\\\/blandine-emilien\\\/\"]}]},{\"@type\":\"BreadcrumbList\",\"@id\":\"https:\\\/\\\/fsc-ccf.ca\\\/fr\\\/network\\\/blandine-emilien\\\/#breadcrumb\",\"itemListElement\":[{\"@type\":\"ListItem\",\"position\":1,\"name\":\"Home\",\"item\":\"https:\\\/\\\/fsc-ccf.ca\\\/fr\\\/\"},{\"@type\":\"ListItem\",\"position\":2,\"name\":\"Network\",\"item\":\"https:\\\/\\\/fsc-ccf.ca\\\/fr\\\/network\\\/\"},{\"@type\":\"ListItem\",\"position\":3,\"name\":\"Blandine Emilien\"}]},{\"@type\":\"WebSite\",\"@id\":\"https:\\\/\\\/fsc-ccf.ca\\\/fr\\\/#website\",\"url\":\"https:\\\/\\\/fsc-ccf.ca\\\/fr\\\/\",\"name\":\"Future Skills Centre \u2022 Centre des Comp\u00e9tences futures\",\"description\":\"\",\"publisher\":{\"@id\":\"https:\\\/\\\/fsc-ccf.ca\\\/fr\\\/#organization\"},\"potentialAction\":[{\"@type\":\"SearchAction\",\"target\":{\"@type\":\"EntryPoint\",\"urlTemplate\":\"https:\\\/\\\/fsc-ccf.ca\\\/fr\\\/?s={search_term_string}\"},\"query-input\":{\"@type\":\"PropertyValueSpecification\",\"valueRequired\":true,\"valueName\":\"search_term_string\"}}],\"inLanguage\":\"fr-FR\"},{\"@type\":\"Organization\",\"@id\":\"https:\\\/\\\/fsc-ccf.ca\\\/fr\\\/#organization\",\"name\":\"Future Skills Centre \u2022 Centre des Comp\u00e9tences futures\",\"url\":\"https:\\\/\\\/fsc-ccf.ca\\\/fr\\\/\",\"logo\":{\"@type\":\"ImageObject\",\"inLanguage\":\"fr-FR\",\"@id\":\"https:\\\/\\\/fsc-ccf.ca\\\/fr\\\/#\\\/schema\\\/logo\\\/image\\\/\",\"url\":\"https:\\\/\\\/fsc-ccf.ca\\\/wp-content\\\/uploads\\\/2019\\\/08\\\/FSC_logo_colour_rgb_positive_ENG.png\",\"contentUrl\":\"https:\\\/\\\/fsc-ccf.ca\\\/wp-content\\\/uploads\\\/2019\\\/08\\\/FSC_logo_colour_rgb_positive_ENG.png\",\"width\":618,\"height\":528,\"caption\":\"Future Skills Centre \u2022 Centre des Comp\u00e9tences futures\"},\"image\":{\"@id\":\"https:\\\/\\\/fsc-ccf.ca\\\/fr\\\/#\\\/schema\\\/logo\\\/image\\\/\"},\"sameAs\":[\"https:\\\/\\\/www.facebook.com\\\/2161871137193201\\\/\",\"https:\\\/\\\/x.com\\\/fsc_ccf_en\",\"https:\\\/\\\/www.instagram.com\\\/fsc_ccf\\\/\",\"https:\\\/\\\/www.linkedin.com\\\/company\\\/fsc-ccf\\\/\"]}]}<\/script>\n<!-- \/ Yoast SEO plugin. -->","yoast_head_json":{"title":"Blandine Emilien - Future Skills Centre \u2022 Centre des Comp\u00e9tences futures","robots":{"index":"index","follow":"follow","max-snippet":"max-snippet:-1","max-image-preview":"max-image-preview:large","max-video-preview":"max-video-preview:-1"},"canonical":"https:\/\/fsc-ccf.ca\/fr\/network\/blandine-emilien\/","twitter_misc":{"Est. reading time":"1 minute"},"schema":{"@context":"https:\/\/schema.org","@graph":[{"@type":"WebPage","@id":"https:\/\/fsc-ccf.ca\/fr\/network\/blandine-emilien\/","url":"https:\/\/fsc-ccf.ca\/fr\/network\/blandine-emilien\/","name":"Blandine Emilien - Future Skills Centre \u2022 Centre des Comp\u00e9tences futures","isPartOf":{"@id":"https:\/\/fsc-ccf.ca\/fr\/#website"},"datePublished":"2021-08-22T11:01:31+00:00","dateModified":"2021-09-14T18:44:12+00:00","breadcrumb":{"@id":"https:\/\/fsc-ccf.ca\/fr\/network\/blandine-emilien\/#breadcrumb"},"inLanguage":"fr-FR","potentialAction":[{"@type":"ReadAction","target":["https:\/\/fsc-ccf.ca\/fr\/network\/blandine-emilien\/"]}]},{"@type":"BreadcrumbList","@id":"https:\/\/fsc-ccf.ca\/fr\/network\/blandine-emilien\/#breadcrumb","itemListElement":[{"@type":"ListItem","position":1,"name":"Home","item":"https:\/\/fsc-ccf.ca\/fr\/"},{"@type":"ListItem","position":2,"name":"Network","item":"https:\/\/fsc-ccf.ca\/fr\/network\/"},{"@type":"ListItem","position":3,"name":"Blandine Emilien"}]},{"@type":"WebSite","@id":"https:\/\/fsc-ccf.ca\/fr\/#website","url":"https:\/\/fsc-ccf.ca\/fr\/","name":"Future Skills Centre \u2022 Centre des Comp\u00e9tences futures","description":"","publisher":{"@id":"https:\/\/fsc-ccf.ca\/fr\/#organization"},"potentialAction":[{"@type":"SearchAction","target":{"@type":"EntryPoint","urlTemplate":"https:\/\/fsc-ccf.ca\/fr\/?s={search_term_string}"},"query-input":{"@type":"PropertyValueSpecification","valueRequired":true,"valueName":"search_term_string"}}],"inLanguage":"fr-FR"},{"@type":"Organization","@id":"https:\/\/fsc-ccf.ca\/fr\/#organization","name":"Future Skills Centre \u2022 Centre des Comp\u00e9tences futures","url":"https:\/\/fsc-ccf.ca\/fr\/","logo":{"@type":"ImageObject","inLanguage":"fr-FR","@id":"https:\/\/fsc-ccf.ca\/fr\/#\/schema\/logo\/image\/","url":"https:\/\/fsc-ccf.ca\/wp-content\/uploads\/2019\/08\/FSC_logo_colour_rgb_positive_ENG.png","contentUrl":"https:\/\/fsc-ccf.ca\/wp-content\/uploads\/2019\/08\/FSC_logo_colour_rgb_positive_ENG.png","width":618,"height":528,"caption":"Future Skills Centre \u2022 Centre des Comp\u00e9tences futures"},"image":{"@id":"https:\/\/fsc-ccf.ca\/fr\/#\/schema\/logo\/image\/"},"sameAs":["https:\/\/www.facebook.com\/2161871137193201\/","https:\/\/x.com\/fsc_ccf_en","https:\/\/www.instagram.com\/fsc_ccf\/","https:\/\/www.linkedin.com\/company\/fsc-ccf\/"]}]}},"_links":{"self":[{"href":"https:\/\/fsc-ccf.ca\/fr\/wp-json\/wp\/v2\/network\/217126","targetHints":{"allow":["GET"]}}],"collection":[{"href":"https:\/\/fsc-ccf.ca\/fr\/wp-json\/wp\/v2\/network"}],"about":[{"href":"https:\/\/fsc-ccf.ca\/fr\/wp-json\/wp\/v2\/types\/network"}],"version-history":[{"count":2,"href":"https:\/\/fsc-ccf.ca\/fr\/wp-json\/wp\/v2\/network\/217126\/revisions"}],"predecessor-version":[{"id":223522,"href":"https:\/\/fsc-ccf.ca\/fr\/wp-json\/wp\/v2\/network\/217126\/revisions\/223522"}],"wp:attachment":[{"href":"https:\/\/fsc-ccf.ca\/fr\/wp-json\/wp\/v2\/media?parent=217126"}],"curies":[{"name":"wp","href":"https:\/\/api.w.org\/{rel}","templated":true}]}}