			{"id":346845,"date":"2026-09-01T16:04:53","date_gmt":"2026-09-01T20:04:53","guid":{"rendered":"https:\/\/fsc-ccf.ca\/?post_type=event&#038;p=346845"},"modified":"2026-09-01T16:09:13","modified_gmt":"2026-09-01T20:09:13","slug":"fsc-at-future-proofing-the-marine-workforce","status":"publish","type":"event","link":"https:\/\/fsc-ccf.ca\/fr\/event\/fsc-at-future-proofing-the-marine-workforce\/","title":{"rendered":"Le CCF participera \u00e0 l\u2019\u00e9v\u00e9nement P\u00e9rennit\u00e9 de la main-d\u2019\u0153uvre maritime"},"content":{"rendered":"\n<p>Nous avons le plaisir d\u2019annoncer la pr\u00e9sence de Noel Baldwin, directeur g\u00e9n\u00e9ral du CCF, \u00e0 titre de conf\u00e9rencier principal lors de la conf\u00e9rence Imagine Marine 2026!<\/p>\n\n\n\n<p>Organis\u00e9e par la Fondation canadienne des carri\u00e8res maritimes, cette conf\u00e9rence porte sur le th\u00e8me P\u00e9rennit\u00e9 de la main-d\u2019\u0153uvre maritime : comp\u00e9tences, technologies et talents afin d\u2019affronter les p\u00e9nuries de main-d\u2019\u0153uvre et de comp\u00e9tences dans le secteur du transport maritime. Lors de sa pr\u00e9sentation principale, intitul\u00e9e Technologies, comp\u00e9tences et capital humain : la transformation du paysage de la main-d\u2019\u0153uvre au Canada, Noel soulignera la fa\u00e7on dont le d\u00e9veloppement strat\u00e9gique des comp\u00e9tences, l\u2019adoption des technologies et la collaboration intersectorielle pr\u00e9parent les travailleurs \u00e0 un march\u00e9 du travail en pleine \u00e9volution.<\/p>\n\n\n\n<p>Date :&nbsp; 22 et 23 septembre 2026<\/p>\n\n\n\n<p>Lieu : Rogers Centre Ottawa, Ottawa, ON<\/p>\n\n\n\n<p>&nbsp;Pour en savoir plus et s\u2019inscrire, <a href=\"https:\/\/imagine-marine.ca\/im-conference2026\">cliquez ici<\/a>!<\/p>\n","protected":false},"excerpt":{"rendered":"<p>Nous avons le plaisir d\u2019annoncer la pr\u00e9sence de Noel Baldwin, directeur g\u00e9n\u00e9ral du CCF, \u00e0 titre de conf\u00e9rencier principal lors de la conf\u00e9rence Imagine Marine 2026!<\/p>\n","protected":false},"menu_order":0,"template":"","tags":[],"region":[131],"populations":[],"themes":[1555,1629],"class_list":["post-346845","event","type-event","status-publish","hentry","region-ontario-fr","themes-competences-futures","themes-lmi-fr"],"acf":{"event_location":"University of Toronto","event_contact_name":"","event_contact_email":"","event_link":"https:\/\/www.eventbrite.com\/e\/urban-rez-presents-street-entrepreneurs-grand-finale-business-showcase-tickets-1994316836343 ","event_organizer":"Urban Rez","fsc_event":true,"start_date":"20260912","end_date":"20260912","slider_image":false,"thumbnail_image":{"ID":346818,"id":346818,"title":"8","filename":"8.png","filesize":1790428,"url":"https:\/\/fsc-ccf.ca\/wp-content\/uploads\/2026\/09\/8.png","link":"https:\/\/fsc-ccf.ca\/fr\/event\/fsc-at-future-proofing-the-marine-workforce\/8-2\/","alt":"","author":"24","description":"","caption":"","name":"8-2","status":"inherit","uploaded_to":346845,"date":"2026-09-01 20:02:13","modified":"2026-09-01 20:02:13","menu_order":0,"mime_type":"image\/png","type":"image","subtype":"png","icon":"https:\/\/fsc-ccf.ca\/wp-includes\/images\/media\/default.png","width":1080,"height":1080,"sizes":{"thumbnail":"https:\/\/fsc-ccf.ca\/wp-content\/uploads\/2026\/09\/8-150x150.png","thumbnail-width":150,"thumbnail-height":150,"medium":"https:\/\/fsc-ccf.ca\/wp-content\/uploads\/2026\/09\/8-300x300.png","medium-width":300,"medium-height":300,"medium_large":"https:\/\/fsc-ccf.ca\/wp-content\/uploads\/2026\/09\/8-768x768.png","medium_large-width":768,"medium_large-height":768,"large":"https:\/\/fsc-ccf.ca\/wp-content\/uploads\/2026\/09\/8-1024x1024.png","large-width":1024,"large-height":1024,"1536x1536":"https:\/\/fsc-ccf.ca\/wp-content\/uploads\/2026\/09\/8.png","1536x1536-width":1080,"1536x1536-height":1080,"2048x2048":"https:\/\/fsc-ccf.ca\/wp-content\/uploads\/2026\/09\/8.png","2048x2048-width":1080,"2048x2048-height":1080,"preview":"https:\/\/fsc-ccf.ca\/wp-content\/uploads\/2026\/09\/8-10x10.png","preview-width":10,"preview-height":10,"content-card-thumbnail":"https:\/\/fsc-ccf.ca\/wp-content\/uploads\/2026\/09\/8-800x600.png","content-card-thumbnail-width":800,"content-card-thumbnail-height":600,"slider-image":"https:\/\/fsc-ccf.ca\/wp-content\/uploads\/2026\/09\/8.png","slider-image-width":1080,"slider-image-height":1080,"hero-image":"https:\/\/fsc-ccf.ca\/wp-content\/uploads\/2026\/09\/8.png","hero-image-width":1080,"hero-image-height":1080,"inline-image":"https:\/\/fsc-ccf.ca\/wp-content\/uploads\/2026\/09\/8-1024x512.png","inline-image-width":1024,"inline-image-height":512,"content-card-thumbnail-vertical":"https:\/\/fsc-ccf.ca\/wp-content\/uploads\/2026\/09\/8-400x600.png","content-card-thumbnail-vertical-width":400,"content-card-thumbnail-vertical-height":600}}},"yoast_head":"<!-- This site is optimized with the Yoast SEO plugin v28.4 - https:\/\/yoast.com\/product\/yoast-seo-wordpress\/ -->\n<title>Le CCF participera \u00e0 l\u2019\u00e9v\u00e9nement P\u00e9rennit\u00e9 de la main-d\u2019\u0153uvre maritime - Future Skills Centre \u2022 Centre des Comp\u00e9tences futures<\/title>\n<meta name=\"robots\" content=\"index, follow, max-snippet:-1, max-image-preview:large, max-video-preview:-1\" \/>\n<link rel=\"canonical\" href=\"https:\/\/fsc-ccf.ca\/fr\/event\/fsc-at-future-proofing-the-marine-workforce\/\" \/>\n<meta name=\"twitter:label1\" content=\"Est. reading time\" \/>\n\t<meta name=\"twitter:data1\" content=\"1 minute\" \/>\n<script type=\"application\/ld+json\" class=\"yoast-schema-graph\">{\"@context\":\"https:\\\/\\\/schema.org\",\"@graph\":[{\"@type\":\"WebPage\",\"@id\":\"https:\\\/\\\/fsc-ccf.ca\\\/fr\\\/event\\\/fsc-at-future-proofing-the-marine-workforce\\\/\",\"url\":\"https:\\\/\\\/fsc-ccf.ca\\\/fr\\\/event\\\/fsc-at-future-proofing-the-marine-workforce\\\/\",\"name\":\"Le CCF participera \u00e0 l\u2019\u00e9v\u00e9nement P\u00e9rennit\u00e9 de la main-d\u2019\u0153uvre maritime - Future Skills Centre \u2022 Centre des Comp\u00e9tences futures\",\"isPartOf\":{\"@id\":\"https:\\\/\\\/fsc-ccf.ca\\\/fr\\\/#website\"},\"datePublished\":\"2026-09-01T20:04:53+00:00\",\"dateModified\":\"2026-09-01T20:09:13+00:00\",\"breadcrumb\":{\"@id\":\"https:\\\/\\\/fsc-ccf.ca\\\/fr\\\/event\\\/fsc-at-future-proofing-the-marine-workforce\\\/#breadcrumb\"},\"inLanguage\":\"fr-FR\",\"potentialAction\":[{\"@type\":\"ReadAction\",\"target\":[\"https:\\\/\\\/fsc-ccf.ca\\\/fr\\\/event\\\/fsc-at-future-proofing-the-marine-workforce\\\/\"]}]},{\"@type\":\"BreadcrumbList\",\"@id\":\"https:\\\/\\\/fsc-ccf.ca\\\/fr\\\/event\\\/fsc-at-future-proofing-the-marine-workforce\\\/#breadcrumb\",\"itemListElement\":[{\"@type\":\"ListItem\",\"position\":1,\"name\":\"Home\",\"item\":\"https:\\\/\\\/fsc-ccf.ca\\\/fr\\\/\"},{\"@type\":\"ListItem\",\"position\":2,\"name\":\"Events\",\"item\":\"https:\\\/\\\/fsc-ccf.ca\\\/fr\\\/event\\\/\"},{\"@type\":\"ListItem\",\"position\":3,\"name\":\"Le CCF participera \u00e0 l\u2019\u00e9v\u00e9nement P\u00e9rennit\u00e9 de la main-d\u2019\u0153uvre maritime\"}]},{\"@type\":\"WebSite\",\"@id\":\"https:\\\/\\\/fsc-ccf.ca\\\/fr\\\/#website\",\"url\":\"https:\\\/\\\/fsc-ccf.ca\\\/fr\\\/\",\"name\":\"Future Skills Centre \u2022 Centre des Comp\u00e9tences futures\",\"description\":\"\",\"publisher\":{\"@id\":\"https:\\\/\\\/fsc-ccf.ca\\\/fr\\\/#organization\"},\"potentialAction\":[{\"@type\":\"SearchAction\",\"target\":{\"@type\":\"EntryPoint\",\"urlTemplate\":\"https:\\\/\\\/fsc-ccf.ca\\\/fr\\\/?s={search_term_string}\"},\"query-input\":{\"@type\":\"PropertyValueSpecification\",\"valueRequired\":true,\"valueName\":\"search_term_string\"}}],\"inLanguage\":\"fr-FR\"},{\"@type\":\"Organization\",\"@id\":\"https:\\\/\\\/fsc-ccf.ca\\\/fr\\\/#organization\",\"name\":\"Future Skills Centre \u2022 Centre des Comp\u00e9tences futures\",\"url\":\"https:\\\/\\\/fsc-ccf.ca\\\/fr\\\/\",\"logo\":{\"@type\":\"ImageObject\",\"inLanguage\":\"fr-FR\",\"@id\":\"https:\\\/\\\/fsc-ccf.ca\\\/fr\\\/#\\\/schema\\\/logo\\\/image\\\/\",\"url\":\"https:\\\/\\\/fsc-ccf.ca\\\/wp-content\\\/uploads\\\/2019\\\/08\\\/FSC_logo_colour_rgb_positive_ENG.png\",\"contentUrl\":\"https:\\\/\\\/fsc-ccf.ca\\\/wp-content\\\/uploads\\\/2019\\\/08\\\/FSC_logo_colour_rgb_positive_ENG.png\",\"width\":618,\"height\":528,\"caption\":\"Future Skills Centre \u2022 Centre des Comp\u00e9tences futures\"},\"image\":{\"@id\":\"https:\\\/\\\/fsc-ccf.ca\\\/fr\\\/#\\\/schema\\\/logo\\\/image\\\/\"},\"sameAs\":[\"https:\\\/\\\/www.facebook.com\\\/2161871137193201\\\/\",\"https:\\\/\\\/x.com\\\/fsc_ccf_en\",\"https:\\\/\\\/www.instagram.com\\\/fsc_ccf\\\/\",\"https:\\\/\\\/www.linkedin.com\\\/company\\\/fsc-ccf\\\/\"]}]}<\/script>\n<!-- \/ Yoast SEO plugin. -->","yoast_head_json":{"title":"Le CCF participera \u00e0 l\u2019\u00e9v\u00e9nement P\u00e9rennit\u00e9 de la main-d\u2019\u0153uvre maritime - Future Skills Centre \u2022 Centre des Comp\u00e9tences futures","robots":{"index":"index","follow":"follow","max-snippet":"max-snippet:-1","max-image-preview":"max-image-preview:large","max-video-preview":"max-video-preview:-1"},"canonical":"https:\/\/fsc-ccf.ca\/fr\/event\/fsc-at-future-proofing-the-marine-workforce\/","twitter_misc":{"Est. reading time":"1 minute"},"schema":{"@context":"https:\/\/schema.org","@graph":[{"@type":"WebPage","@id":"https:\/\/fsc-ccf.ca\/fr\/event\/fsc-at-future-proofing-the-marine-workforce\/","url":"https:\/\/fsc-ccf.ca\/fr\/event\/fsc-at-future-proofing-the-marine-workforce\/","name":"Le CCF participera \u00e0 l\u2019\u00e9v\u00e9nement P\u00e9rennit\u00e9 de la main-d\u2019\u0153uvre maritime - Future Skills Centre \u2022 Centre des Comp\u00e9tences futures","isPartOf":{"@id":"https:\/\/fsc-ccf.ca\/fr\/#website"},"datePublished":"2026-09-01T20:04:53+00:00","dateModified":"2026-09-01T20:09:13+00:00","breadcrumb":{"@id":"https:\/\/fsc-ccf.ca\/fr\/event\/fsc-at-future-proofing-the-marine-workforce\/#breadcrumb"},"inLanguage":"fr-FR","potentialAction":[{"@type":"ReadAction","target":["https:\/\/fsc-ccf.ca\/fr\/event\/fsc-at-future-proofing-the-marine-workforce\/"]}]},{"@type":"BreadcrumbList","@id":"https:\/\/fsc-ccf.ca\/fr\/event\/fsc-at-future-proofing-the-marine-workforce\/#breadcrumb","itemListElement":[{"@type":"ListItem","position":1,"name":"Home","item":"https:\/\/fsc-ccf.ca\/fr\/"},{"@type":"ListItem","position":2,"name":"Events","item":"https:\/\/fsc-ccf.ca\/fr\/event\/"},{"@type":"ListItem","position":3,"name":"Le CCF participera \u00e0 l\u2019\u00e9v\u00e9nement P\u00e9rennit\u00e9 de la main-d\u2019\u0153uvre maritime"}]},{"@type":"WebSite","@id":"https:\/\/fsc-ccf.ca\/fr\/#website","url":"https:\/\/fsc-ccf.ca\/fr\/","name":"Future Skills Centre \u2022 Centre des Comp\u00e9tences futures","description":"","publisher":{"@id":"https:\/\/fsc-ccf.ca\/fr\/#organization"},"potentialAction":[{"@type":"SearchAction","target":{"@type":"EntryPoint","urlTemplate":"https:\/\/fsc-ccf.ca\/fr\/?s={search_term_string}"},"query-input":{"@type":"PropertyValueSpecification","valueRequired":true,"valueName":"search_term_string"}}],"inLanguage":"fr-FR"},{"@type":"Organization","@id":"https:\/\/fsc-ccf.ca\/fr\/#organization","name":"Future Skills Centre \u2022 Centre des Comp\u00e9tences futures","url":"https:\/\/fsc-ccf.ca\/fr\/","logo":{"@type":"ImageObject","inLanguage":"fr-FR","@id":"https:\/\/fsc-ccf.ca\/fr\/#\/schema\/logo\/image\/","url":"https:\/\/fsc-ccf.ca\/wp-content\/uploads\/2019\/08\/FSC_logo_colour_rgb_positive_ENG.png","contentUrl":"https:\/\/fsc-ccf.ca\/wp-content\/uploads\/2019\/08\/FSC_logo_colour_rgb_positive_ENG.png","width":618,"height":528,"caption":"Future Skills Centre \u2022 Centre des Comp\u00e9tences futures"},"image":{"@id":"https:\/\/fsc-ccf.ca\/fr\/#\/schema\/logo\/image\/"},"sameAs":["https:\/\/www.facebook.com\/2161871137193201\/","https:\/\/x.com\/fsc_ccf_en","https:\/\/www.instagram.com\/fsc_ccf\/","https:\/\/www.linkedin.com\/company\/fsc-ccf\/"]}]}},"_links":{"self":[{"href":"https:\/\/fsc-ccf.ca\/fr\/wp-json\/wp\/v2\/event\/346845","targetHints":{"allow":["GET"]}}],"collection":[{"href":"https:\/\/fsc-ccf.ca\/fr\/wp-json\/wp\/v2\/event"}],"about":[{"href":"https:\/\/fsc-ccf.ca\/fr\/wp-json\/wp\/v2\/types\/event"}],"version-history":[{"count":2,"href":"https:\/\/fsc-ccf.ca\/fr\/wp-json\/wp\/v2\/event\/346845\/revisions"}],"predecessor-version":[{"id":346855,"href":"https:\/\/fsc-ccf.ca\/fr\/wp-json\/wp\/v2\/event\/346845\/revisions\/346855"}],"wp:attachment":[{"href":"https:\/\/fsc-ccf.ca\/fr\/wp-json\/wp\/v2\/media?parent=346845"}],"wp:term":[{"taxonomy":"post_tag","embeddable":true,"href":"https:\/\/fsc-ccf.ca\/fr\/wp-json\/wp\/v2\/tags?post=346845"},{"taxonomy":"region","embeddable":true,"href":"https:\/\/fsc-ccf.ca\/fr\/wp-json\/wp\/v2\/region?post=346845"},{"taxonomy":"populations","embeddable":true,"href":"https:\/\/fsc-ccf.ca\/fr\/wp-json\/wp\/v2\/populations?post=346845"},{"taxonomy":"themes","embeddable":true,"href":"https:\/\/fsc-ccf.ca\/fr\/wp-json\/wp\/v2\/themes?post=346845"}],"curies":[{"name":"wp","href":"https:\/\/api.w.org\/{rel}","templated":true}]}}