			{"id":311991,"date":"2025-03-18T11:56:28","date_gmt":"2025-03-18T15:56:28","guid":{"rendered":"https:\/\/fsc-ccf.ca\/event\/pathways-to-jobs-microcredentials-work-integrated-learning-and-labour-market-information\/"},"modified":"2025-03-27T14:45:21","modified_gmt":"2025-03-27T18:45:21","slug":"pathways-to-jobs-microcredentials-work-integrated-learning-and-labour-market-information","status":"publish","type":"event","link":"https:\/\/fsc-ccf.ca\/fr\/event\/pathways-to-jobs-microcredentials-work-integrated-learning-and-labour-market-information\/","title":{"rendered":"Parcours vers l\u2019emploi\u00a0 : les microcertifications, l\u2019apprentissage int\u00e9gr\u00e9 au travail et l\u2019information sur le march\u00e9 du travail"},"content":{"rendered":"\n<h4 class=\"wp-block-heading\">Le march\u00e9 de l\u2019emploi \u00e9volue rapidement et la navigation dans les parcours professionnels n\u00e9cessite l\u2019acc\u00e8s aux comp\u00e9tences, aux exp\u00e9riences et aux donn\u00e9es appropri\u00e9es. Les microcertifications, l\u2019apprentissage int\u00e9gr\u00e9 au travail (AIT) et l\u2019information sur le march\u00e9 du travail (IMT) fa\u00e7onnent la mani\u00e8re dont les personnes acqui\u00e8rent des comp\u00e9tences pertinentes et acc\u00e8dent aux possibilit\u00e9s d\u2019emploi.<\/h4>\n\n\n\n<p>Rejoignez-nous pour ce webinaire d\u2019actualit\u00e9 afin d\u2019explorer comment ces trois \u00e9l\u00e9ments critiques soutiennent les personnes \u00e0 la recherche d\u2019un emploi, les employeurs et les prestataires de formation dans la cr\u00e9ation d\u2019une main-d\u2019\u0153uvre plus r\u00e9active et plus dynamique. Apprenez des experts, obtenez des perspectives exploitables et d\u00e9couvrez comment des approches innovantes comblent le foss\u00e9 entre l\u2019apprentissage et l\u2019emploi.<\/p>\n\n\n\n<p>Ce que vous en retirerez :&nbsp;<\/p>\n\n\n\n<ul class=\"wp-block-list\">\n<li>Comment les microcertifications am\u00e9liorent le d\u00e9veloppement des comp\u00e9tences<\/li>\n\n\n\n<li>Strat\u00e9gies pour tirer parti de l\u2019AIT afin d\u2019acqu\u00e9rir une exp\u00e9rience concr\u00e8te<\/li>\n\n\n\n<li>Une meilleure compr\u00e9hension de la mani\u00e8re dont l\u2019IMT \u00e9claire les d\u00e9cisions en mati\u00e8re de carri\u00e8re et de main-d\u2019\u0153uvre<\/li>\n<\/ul>\n\n\n\n<p>Que vous soyez un d\u00e9cideur politique, un \u00e9ducateur, un chef d\u2019entreprise ou un partenaire communautaire, ce webinaire offre des perspectives pr\u00e9cieuses pour favoriser un changement syst\u00e9mique.<\/p>\n\n\n\n<p>En plus du webinaire :<\/p>\n\n\n\n<p>Nous accueillons un groupe d\u2019apprentissage par les pairs (PLG) en collaboration avec <a href=\"https:\/\/researchimpact.ca\/\">Research Impact Canada<\/a>. Cet espace informel est con\u00e7u pour permettre aux participants de s\u2019engager dans des discussions ouvertes, de partager leurs exp\u00e9riences et d\u2019explorer des conseils et des ressources exploitables li\u00e9s aux applications pratiques des microcertifications, de l\u2019AIT et de l\u2019IMT.<\/p>\n\n\n\n<p>Qui devrait participer au groupe PLG\u2009?<\/p>\n\n\n\n<ul class=\"wp-block-list\">\n<li>\u00c9ducateurs et prestataires de formation<\/li>\n\n\n\n<li>Professionnels du d\u00e9veloppement de la main-d\u2019\u0153uvre<\/li>\n\n\n\n<li>Organisations communautaires<\/li>\n<\/ul>\n\n\n\n<p>Rejoignez-nous le 24 avril \u00e0 11 h (heure de l\u2019Est)Ne manquez pas cette occasion de vous connecter, d\u2019apprendre et de collaborer. Inscrivez-vous maintenant\u2009! <a href=\"https:\/\/lu.ma\/ivqait0e\">https:\/\/lu.ma\/ivqait0e<\/a><\/p>\n\n\n\n<p><\/p>\n\n\n\n<p><\/p>\n","protected":false},"excerpt":{"rendered":"<p>Le march\u00e9 de l\u2019emploi \u00e9volue rapidement et la navigation dans les parcours professionnels n\u00e9cessite l\u2019acc\u00e8s aux comp\u00e9tences, aux exp\u00e9riences et aux donn\u00e9es appropri\u00e9es. Les microcertifications, l\u2019apprentissage int\u00e9gr\u00e9 au travail (AIT) et l\u2019information sur le march\u00e9 du travail (IMT) fa\u00e7onnent la mani\u00e8re dont les personnes acqui\u00e8rent des comp\u00e9tences pertinentes et acc\u00e8dent aux possibilit\u00e9s d\u2019emploi.<\/p>\n","protected":false},"menu_order":0,"template":"","tags":[],"region":[1319],"populations":[],"themes":[1553],"class_list":["post-311991","event","type-event","status-publish","hentry","region-across-canada-fr","themes-parcours-vers-lemploi"],"acf":{"event_location":"","event_contact_name":"Ellie Bahhadi","event_contact_email":"elie.bahhadi@torontomu.ca","event_link":"https:\/\/fsc-ccf-ca.zoom.us\/webinar\/register\/WN_IN_Cd4a3SPCRz359_7w6HQ ","event_organizer":"Future Skills Centre","fsc_event":true,"start_date":"20250415","end_date":"20250415","thumbnail_image":{"ID":311993,"id":311993,"title":"WEB_FR Session Sq (2)","filename":"WEB_FR-Session-Sq-2.png","filesize":1563995,"url":"https:\/\/fsc-ccf.ca\/wp-content\/uploads\/2025\/03\/WEB_FR-Session-Sq-2.png","link":"https:\/\/fsc-ccf.ca\/fr\/event\/pathways-to-jobs-microcredentials-work-integrated-learning-and-labour-market-information\/web_fr-session-sq-2\/","alt":"","author":"24","description":"","caption":"","name":"web_fr-session-sq-2","status":"inherit","uploaded_to":311991,"date":"2025-03-18 15:59:07","modified":"2025-03-18 15:59:07","menu_order":0,"mime_type":"image\/png","type":"image","subtype":"png","icon":"https:\/\/fsc-ccf.ca\/wp-includes\/images\/media\/default.png","width":1080,"height":1080,"sizes":{"thumbnail":"https:\/\/fsc-ccf.ca\/wp-content\/uploads\/2025\/03\/WEB_FR-Session-Sq-2-150x150.png","thumbnail-width":150,"thumbnail-height":150,"medium":"https:\/\/fsc-ccf.ca\/wp-content\/uploads\/2025\/03\/WEB_FR-Session-Sq-2-300x300.png","medium-width":300,"medium-height":300,"medium_large":"https:\/\/fsc-ccf.ca\/wp-content\/uploads\/2025\/03\/WEB_FR-Session-Sq-2-768x768.png","medium_large-width":768,"medium_large-height":768,"large":"https:\/\/fsc-ccf.ca\/wp-content\/uploads\/2025\/03\/WEB_FR-Session-Sq-2-1024x1024.png","large-width":1024,"large-height":1024,"1536x1536":"https:\/\/fsc-ccf.ca\/wp-content\/uploads\/2025\/03\/WEB_FR-Session-Sq-2.png","1536x1536-width":1080,"1536x1536-height":1080,"2048x2048":"https:\/\/fsc-ccf.ca\/wp-content\/uploads\/2025\/03\/WEB_FR-Session-Sq-2.png","2048x2048-width":1080,"2048x2048-height":1080,"preview":"https:\/\/fsc-ccf.ca\/wp-content\/uploads\/2025\/03\/WEB_FR-Session-Sq-2-10x10.png","preview-width":10,"preview-height":10,"content-card-thumbnail":"https:\/\/fsc-ccf.ca\/wp-content\/uploads\/2025\/03\/WEB_FR-Session-Sq-2-800x600.png","content-card-thumbnail-width":800,"content-card-thumbnail-height":600,"slider-image":"https:\/\/fsc-ccf.ca\/wp-content\/uploads\/2025\/03\/WEB_FR-Session-Sq-2.png","slider-image-width":1080,"slider-image-height":1080,"hero-image":"https:\/\/fsc-ccf.ca\/wp-content\/uploads\/2025\/03\/WEB_FR-Session-Sq-2.png","hero-image-width":1080,"hero-image-height":1080,"inline-image":"https:\/\/fsc-ccf.ca\/wp-content\/uploads\/2025\/03\/WEB_FR-Session-Sq-2-1024x512.png","inline-image-width":1024,"inline-image-height":512,"content-card-thumbnail-vertical":"https:\/\/fsc-ccf.ca\/wp-content\/uploads\/2025\/03\/WEB_FR-Session-Sq-2-400x600.png","content-card-thumbnail-vertical-width":400,"content-card-thumbnail-vertical-height":600}},"slider_image":{"ID":311993,"id":311993,"title":"WEB_FR Session Sq (2)","filename":"WEB_FR-Session-Sq-2.png","filesize":1563995,"url":"https:\/\/fsc-ccf.ca\/wp-content\/uploads\/2025\/03\/WEB_FR-Session-Sq-2.png","link":"https:\/\/fsc-ccf.ca\/fr\/event\/pathways-to-jobs-microcredentials-work-integrated-learning-and-labour-market-information\/web_fr-session-sq-2\/","alt":"","author":"24","description":"","caption":"","name":"web_fr-session-sq-2","status":"inherit","uploaded_to":311991,"date":"2025-03-18 15:59:07","modified":"2025-03-18 15:59:07","menu_order":0,"mime_type":"image\/png","type":"image","subtype":"png","icon":"https:\/\/fsc-ccf.ca\/wp-includes\/images\/media\/default.png","width":1080,"height":1080,"sizes":{"thumbnail":"https:\/\/fsc-ccf.ca\/wp-content\/uploads\/2025\/03\/WEB_FR-Session-Sq-2-150x150.png","thumbnail-width":150,"thumbnail-height":150,"medium":"https:\/\/fsc-ccf.ca\/wp-content\/uploads\/2025\/03\/WEB_FR-Session-Sq-2-300x300.png","medium-width":300,"medium-height":300,"medium_large":"https:\/\/fsc-ccf.ca\/wp-content\/uploads\/2025\/03\/WEB_FR-Session-Sq-2-768x768.png","medium_large-width":768,"medium_large-height":768,"large":"https:\/\/fsc-ccf.ca\/wp-content\/uploads\/2025\/03\/WEB_FR-Session-Sq-2-1024x1024.png","large-width":1024,"large-height":1024,"1536x1536":"https:\/\/fsc-ccf.ca\/wp-content\/uploads\/2025\/03\/WEB_FR-Session-Sq-2.png","1536x1536-width":1080,"1536x1536-height":1080,"2048x2048":"https:\/\/fsc-ccf.ca\/wp-content\/uploads\/2025\/03\/WEB_FR-Session-Sq-2.png","2048x2048-width":1080,"2048x2048-height":1080,"preview":"https:\/\/fsc-ccf.ca\/wp-content\/uploads\/2025\/03\/WEB_FR-Session-Sq-2-10x10.png","preview-width":10,"preview-height":10,"content-card-thumbnail":"https:\/\/fsc-ccf.ca\/wp-content\/uploads\/2025\/03\/WEB_FR-Session-Sq-2-800x600.png","content-card-thumbnail-width":800,"content-card-thumbnail-height":600,"slider-image":"https:\/\/fsc-ccf.ca\/wp-content\/uploads\/2025\/03\/WEB_FR-Session-Sq-2.png","slider-image-width":1080,"slider-image-height":1080,"hero-image":"https:\/\/fsc-ccf.ca\/wp-content\/uploads\/2025\/03\/WEB_FR-Session-Sq-2.png","hero-image-width":1080,"hero-image-height":1080,"inline-image":"https:\/\/fsc-ccf.ca\/wp-content\/uploads\/2025\/03\/WEB_FR-Session-Sq-2-1024x512.png","inline-image-width":1024,"inline-image-height":512,"content-card-thumbnail-vertical":"https:\/\/fsc-ccf.ca\/wp-content\/uploads\/2025\/03\/WEB_FR-Session-Sq-2-400x600.png","content-card-thumbnail-vertical-width":400,"content-card-thumbnail-vertical-height":600}}},"yoast_head":"<!-- This site is optimized with the Yoast SEO plugin v27.4 - https:\/\/yoast.com\/product\/yoast-seo-wordpress\/ -->\n<title>Parcours vers l\u2019emploi\u00a0 : les microcertifications, l\u2019apprentissage int\u00e9gr\u00e9 au travail et l\u2019information sur le march\u00e9 du travail - Future Skills Centre \u2022 Centre des Comp\u00e9tences futures<\/title>\n<meta name=\"robots\" content=\"index, follow, max-snippet:-1, max-image-preview:large, max-video-preview:-1\" \/>\n<link rel=\"canonical\" href=\"https:\/\/fsc-ccf.ca\/fr\/event\/pathways-to-jobs-microcredentials-work-integrated-learning-and-labour-market-information\/\" \/>\n<meta name=\"twitter:label1\" content=\"Est. reading time\" \/>\n\t<meta name=\"twitter:data1\" content=\"2 minutes\" \/>\n<script type=\"application\/ld+json\" class=\"yoast-schema-graph\">{\"@context\":\"https:\\\/\\\/schema.org\",\"@graph\":[{\"@type\":\"WebPage\",\"@id\":\"https:\\\/\\\/fsc-ccf.ca\\\/fr\\\/event\\\/pathways-to-jobs-microcredentials-work-integrated-learning-and-labour-market-information\\\/\",\"url\":\"https:\\\/\\\/fsc-ccf.ca\\\/fr\\\/event\\\/pathways-to-jobs-microcredentials-work-integrated-learning-and-labour-market-information\\\/\",\"name\":\"Parcours vers l\u2019emploi\u00a0 : les microcertifications, l\u2019apprentissage int\u00e9gr\u00e9 au travail et l\u2019information sur le march\u00e9 du travail - Future Skills Centre \u2022 Centre des Comp\u00e9tences futures\",\"isPartOf\":{\"@id\":\"https:\\\/\\\/fsc-ccf.ca\\\/fr\\\/#website\"},\"datePublished\":\"2025-03-18T15:56:28+00:00\",\"dateModified\":\"2025-03-27T18:45:21+00:00\",\"breadcrumb\":{\"@id\":\"https:\\\/\\\/fsc-ccf.ca\\\/fr\\\/event\\\/pathways-to-jobs-microcredentials-work-integrated-learning-and-labour-market-information\\\/#breadcrumb\"},\"inLanguage\":\"fr-FR\",\"potentialAction\":[{\"@type\":\"ReadAction\",\"target\":[\"https:\\\/\\\/fsc-ccf.ca\\\/fr\\\/event\\\/pathways-to-jobs-microcredentials-work-integrated-learning-and-labour-market-information\\\/\"]}]},{\"@type\":\"BreadcrumbList\",\"@id\":\"https:\\\/\\\/fsc-ccf.ca\\\/fr\\\/event\\\/pathways-to-jobs-microcredentials-work-integrated-learning-and-labour-market-information\\\/#breadcrumb\",\"itemListElement\":[{\"@type\":\"ListItem\",\"position\":1,\"name\":\"Home\",\"item\":\"https:\\\/\\\/fsc-ccf.ca\\\/fr\\\/\"},{\"@type\":\"ListItem\",\"position\":2,\"name\":\"Events\",\"item\":\"https:\\\/\\\/fsc-ccf.ca\\\/fr\\\/event\\\/\"},{\"@type\":\"ListItem\",\"position\":3,\"name\":\"Parcours vers l\u2019emploi\u00a0 : les microcertifications, l\u2019apprentissage int\u00e9gr\u00e9 au travail et l\u2019information sur le march\u00e9 du travail\"}]},{\"@type\":\"WebSite\",\"@id\":\"https:\\\/\\\/fsc-ccf.ca\\\/fr\\\/#website\",\"url\":\"https:\\\/\\\/fsc-ccf.ca\\\/fr\\\/\",\"name\":\"Future Skills Centre \u2022 Centre des Comp\u00e9tences futures\",\"description\":\"\",\"publisher\":{\"@id\":\"https:\\\/\\\/fsc-ccf.ca\\\/fr\\\/#organization\"},\"potentialAction\":[{\"@type\":\"SearchAction\",\"target\":{\"@type\":\"EntryPoint\",\"urlTemplate\":\"https:\\\/\\\/fsc-ccf.ca\\\/fr\\\/?s={search_term_string}\"},\"query-input\":{\"@type\":\"PropertyValueSpecification\",\"valueRequired\":true,\"valueName\":\"search_term_string\"}}],\"inLanguage\":\"fr-FR\"},{\"@type\":\"Organization\",\"@id\":\"https:\\\/\\\/fsc-ccf.ca\\\/fr\\\/#organization\",\"name\":\"Future Skills Centre \u2022 Centre des Comp\u00e9tences futures\",\"url\":\"https:\\\/\\\/fsc-ccf.ca\\\/fr\\\/\",\"logo\":{\"@type\":\"ImageObject\",\"inLanguage\":\"fr-FR\",\"@id\":\"https:\\\/\\\/fsc-ccf.ca\\\/fr\\\/#\\\/schema\\\/logo\\\/image\\\/\",\"url\":\"https:\\\/\\\/fsc-ccf.ca\\\/wp-content\\\/uploads\\\/2019\\\/08\\\/FSC_logo_colour_rgb_positive_ENG.png\",\"contentUrl\":\"https:\\\/\\\/fsc-ccf.ca\\\/wp-content\\\/uploads\\\/2019\\\/08\\\/FSC_logo_colour_rgb_positive_ENG.png\",\"width\":618,\"height\":528,\"caption\":\"Future Skills Centre \u2022 Centre des Comp\u00e9tences futures\"},\"image\":{\"@id\":\"https:\\\/\\\/fsc-ccf.ca\\\/fr\\\/#\\\/schema\\\/logo\\\/image\\\/\"},\"sameAs\":[\"https:\\\/\\\/www.facebook.com\\\/2161871137193201\\\/\",\"https:\\\/\\\/x.com\\\/fsc_ccf_en\",\"https:\\\/\\\/www.instagram.com\\\/fsc_ccf\\\/\",\"https:\\\/\\\/www.linkedin.com\\\/company\\\/fsc-ccf\\\/\"]}]}<\/script>\n<!-- \/ Yoast SEO plugin. -->","yoast_head_json":{"title":"Parcours vers l\u2019emploi\u00a0 : les microcertifications, l\u2019apprentissage int\u00e9gr\u00e9 au travail et l\u2019information sur le march\u00e9 du travail - Future Skills Centre \u2022 Centre des Comp\u00e9tences futures","robots":{"index":"index","follow":"follow","max-snippet":"max-snippet:-1","max-image-preview":"max-image-preview:large","max-video-preview":"max-video-preview:-1"},"canonical":"https:\/\/fsc-ccf.ca\/fr\/event\/pathways-to-jobs-microcredentials-work-integrated-learning-and-labour-market-information\/","twitter_misc":{"Est. reading time":"2 minutes"},"schema":{"@context":"https:\/\/schema.org","@graph":[{"@type":"WebPage","@id":"https:\/\/fsc-ccf.ca\/fr\/event\/pathways-to-jobs-microcredentials-work-integrated-learning-and-labour-market-information\/","url":"https:\/\/fsc-ccf.ca\/fr\/event\/pathways-to-jobs-microcredentials-work-integrated-learning-and-labour-market-information\/","name":"Parcours vers l\u2019emploi\u00a0 : les microcertifications, l\u2019apprentissage int\u00e9gr\u00e9 au travail et l\u2019information sur le march\u00e9 du travail - Future Skills Centre \u2022 Centre des Comp\u00e9tences futures","isPartOf":{"@id":"https:\/\/fsc-ccf.ca\/fr\/#website"},"datePublished":"2025-03-18T15:56:28+00:00","dateModified":"2025-03-27T18:45:21+00:00","breadcrumb":{"@id":"https:\/\/fsc-ccf.ca\/fr\/event\/pathways-to-jobs-microcredentials-work-integrated-learning-and-labour-market-information\/#breadcrumb"},"inLanguage":"fr-FR","potentialAction":[{"@type":"ReadAction","target":["https:\/\/fsc-ccf.ca\/fr\/event\/pathways-to-jobs-microcredentials-work-integrated-learning-and-labour-market-information\/"]}]},{"@type":"BreadcrumbList","@id":"https:\/\/fsc-ccf.ca\/fr\/event\/pathways-to-jobs-microcredentials-work-integrated-learning-and-labour-market-information\/#breadcrumb","itemListElement":[{"@type":"ListItem","position":1,"name":"Home","item":"https:\/\/fsc-ccf.ca\/fr\/"},{"@type":"ListItem","position":2,"name":"Events","item":"https:\/\/fsc-ccf.ca\/fr\/event\/"},{"@type":"ListItem","position":3,"name":"Parcours vers l\u2019emploi\u00a0 : les microcertifications, l\u2019apprentissage int\u00e9gr\u00e9 au travail et l\u2019information sur le march\u00e9 du travail"}]},{"@type":"WebSite","@id":"https:\/\/fsc-ccf.ca\/fr\/#website","url":"https:\/\/fsc-ccf.ca\/fr\/","name":"Future Skills Centre \u2022 Centre des Comp\u00e9tences futures","description":"","publisher":{"@id":"https:\/\/fsc-ccf.ca\/fr\/#organization"},"potentialAction":[{"@type":"SearchAction","target":{"@type":"EntryPoint","urlTemplate":"https:\/\/fsc-ccf.ca\/fr\/?s={search_term_string}"},"query-input":{"@type":"PropertyValueSpecification","valueRequired":true,"valueName":"search_term_string"}}],"inLanguage":"fr-FR"},{"@type":"Organization","@id":"https:\/\/fsc-ccf.ca\/fr\/#organization","name":"Future Skills Centre \u2022 Centre des Comp\u00e9tences futures","url":"https:\/\/fsc-ccf.ca\/fr\/","logo":{"@type":"ImageObject","inLanguage":"fr-FR","@id":"https:\/\/fsc-ccf.ca\/fr\/#\/schema\/logo\/image\/","url":"https:\/\/fsc-ccf.ca\/wp-content\/uploads\/2019\/08\/FSC_logo_colour_rgb_positive_ENG.png","contentUrl":"https:\/\/fsc-ccf.ca\/wp-content\/uploads\/2019\/08\/FSC_logo_colour_rgb_positive_ENG.png","width":618,"height":528,"caption":"Future Skills Centre \u2022 Centre des Comp\u00e9tences futures"},"image":{"@id":"https:\/\/fsc-ccf.ca\/fr\/#\/schema\/logo\/image\/"},"sameAs":["https:\/\/www.facebook.com\/2161871137193201\/","https:\/\/x.com\/fsc_ccf_en","https:\/\/www.instagram.com\/fsc_ccf\/","https:\/\/www.linkedin.com\/company\/fsc-ccf\/"]}]}},"_links":{"self":[{"href":"https:\/\/fsc-ccf.ca\/fr\/wp-json\/wp\/v2\/event\/311991","targetHints":{"allow":["GET"]}}],"collection":[{"href":"https:\/\/fsc-ccf.ca\/fr\/wp-json\/wp\/v2\/event"}],"about":[{"href":"https:\/\/fsc-ccf.ca\/fr\/wp-json\/wp\/v2\/types\/event"}],"version-history":[{"count":1,"href":"https:\/\/fsc-ccf.ca\/fr\/wp-json\/wp\/v2\/event\/311991\/revisions"}],"predecessor-version":[{"id":311995,"href":"https:\/\/fsc-ccf.ca\/fr\/wp-json\/wp\/v2\/event\/311991\/revisions\/311995"}],"wp:attachment":[{"href":"https:\/\/fsc-ccf.ca\/fr\/wp-json\/wp\/v2\/media?parent=311991"}],"wp:term":[{"taxonomy":"post_tag","embeddable":true,"href":"https:\/\/fsc-ccf.ca\/fr\/wp-json\/wp\/v2\/tags?post=311991"},{"taxonomy":"region","embeddable":true,"href":"https:\/\/fsc-ccf.ca\/fr\/wp-json\/wp\/v2\/region?post=311991"},{"taxonomy":"populations","embeddable":true,"href":"https:\/\/fsc-ccf.ca\/fr\/wp-json\/wp\/v2\/populations?post=311991"},{"taxonomy":"themes","embeddable":true,"href":"https:\/\/fsc-ccf.ca\/fr\/wp-json\/wp\/v2\/themes?post=311991"}],"curies":[{"name":"wp","href":"https:\/\/api.w.org\/{rel}","templated":true}]}}