			{"id":311981,"date":"2025-03-18T11:36:08","date_gmt":"2025-03-18T15:36:08","guid":{"rendered":"https:\/\/fsc-ccf.ca\/event\/future-skills-centre-at-the-towards-a-renewed-vision-of-immigration-in-canada-a-national-conversation\/"},"modified":"2025-03-18T11:47:50","modified_gmt":"2025-03-18T15:47:50","slug":"future-skills-centre-at-the-towards-a-renewed-vision-of-immigration-in-canada-a-national-conversation","status":"publish","type":"event","link":"https:\/\/fsc-ccf.ca\/fr\/event\/future-skills-centre-at-the-towards-a-renewed-vision-of-immigration-in-canada-a-national-conversation\/","title":{"rendered":"Le Centre des Comp\u00e9tences futures participe \u00e0 la conf\u00e9rence \u00ab Vers une vision renouvel\u00e9e de l\u2019immigration au Canada \u00bb\u00a0: une discussion nationale"},"content":{"rendered":"\n<h4 class=\"wp-block-heading\">Nous avons le plaisir de vous annoncer que Tricia Williams, directrice de la recherche, de l\u2019\u00e9valuation et de la mobilisation des connaissances au CCF, participera \u00e0 un atelier national exclusif organis\u00e9 par World Education Services (WES) sur l\u2019avenir de l\u2019immigration au Canada.<\/h4>\n\n\n\n<p>Cette discussion rassemblera des leaders d\u2019opinion, des employeurs, des chercheurs et des d\u00e9cideurs politiques afin d\u2019explorer une vision renouvel\u00e9e de l\u2019immigration dans un contexte d\u2019\u00e9volution des politiques et de l\u2019opinion publique.<\/p>\n\n\n\n<p>Ne manquez pas les conclusions de cette importante discussion sur l\u2019\u00e9laboration d\u2019un syst\u00e8me d\u2019immigration plus fort et plus inclusif pour l\u2019avenir du Canada.<\/p>\n","protected":false},"excerpt":{"rendered":"<p>Nous avons le plaisir de vous annoncer que Tricia Williams, directrice de la recherche, de l\u2019\u00e9valuation et de la mobilisation des connaissances au CCF, participera \u00e0 un atelier national exclusif organis\u00e9 par World Education Services (WES) sur l\u2019avenir de l\u2019immigration au Canada.<\/p>\n","protected":false},"menu_order":0,"template":"","tags":[],"region":[1319],"populations":[],"themes":[1548],"class_list":["post-311981","event","type-event","status-publish","hentry","region-across-canada-fr","themes-economie-inclusive"],"acf":{"event_location":"Not open event","event_contact_name":"","event_contact_email":"","event_link":"Not open event","event_organizer":"World Education Services","fsc_event":true,"start_date":"20250403","end_date":"20250403","thumbnail_image":{"ID":311979,"id":311979,"title":"FSC-World Education Services-2025","filename":"FSC-World-Education-Services-2025.png","filesize":1605565,"url":"https:\/\/fsc-ccf.ca\/wp-content\/uploads\/2025\/03\/FSC-World-Education-Services-2025.png","link":"https:\/\/fsc-ccf.ca\/fr\/event\/future-skills-centre-at-the-towards-a-renewed-vision-of-immigration-in-canada-a-national-conversation\/fsc-world-education-services-2025-2\/","alt":"","author":"24","description":"","caption":"","name":"fsc-world-education-services-2025-2","status":"inherit","uploaded_to":311981,"date":"2025-03-18 15:35:28","modified":"2025-03-18 15:35:28","menu_order":0,"mime_type":"image\/png","type":"image","subtype":"png","icon":"https:\/\/fsc-ccf.ca\/wp-includes\/images\/media\/default.png","width":1080,"height":1080,"sizes":{"thumbnail":"https:\/\/fsc-ccf.ca\/wp-content\/uploads\/2025\/03\/FSC-World-Education-Services-2025-150x150.png","thumbnail-width":150,"thumbnail-height":150,"medium":"https:\/\/fsc-ccf.ca\/wp-content\/uploads\/2025\/03\/FSC-World-Education-Services-2025-300x300.png","medium-width":300,"medium-height":300,"medium_large":"https:\/\/fsc-ccf.ca\/wp-content\/uploads\/2025\/03\/FSC-World-Education-Services-2025-768x768.png","medium_large-width":768,"medium_large-height":768,"large":"https:\/\/fsc-ccf.ca\/wp-content\/uploads\/2025\/03\/FSC-World-Education-Services-2025-1024x1024.png","large-width":1024,"large-height":1024,"1536x1536":"https:\/\/fsc-ccf.ca\/wp-content\/uploads\/2025\/03\/FSC-World-Education-Services-2025.png","1536x1536-width":1080,"1536x1536-height":1080,"2048x2048":"https:\/\/fsc-ccf.ca\/wp-content\/uploads\/2025\/03\/FSC-World-Education-Services-2025.png","2048x2048-width":1080,"2048x2048-height":1080,"preview":"https:\/\/fsc-ccf.ca\/wp-content\/uploads\/2025\/03\/FSC-World-Education-Services-2025-10x10.png","preview-width":10,"preview-height":10,"content-card-thumbnail":"https:\/\/fsc-ccf.ca\/wp-content\/uploads\/2025\/03\/FSC-World-Education-Services-2025-800x600.png","content-card-thumbnail-width":800,"content-card-thumbnail-height":600,"slider-image":"https:\/\/fsc-ccf.ca\/wp-content\/uploads\/2025\/03\/FSC-World-Education-Services-2025.png","slider-image-width":1080,"slider-image-height":1080,"hero-image":"https:\/\/fsc-ccf.ca\/wp-content\/uploads\/2025\/03\/FSC-World-Education-Services-2025.png","hero-image-width":1080,"hero-image-height":1080,"inline-image":"https:\/\/fsc-ccf.ca\/wp-content\/uploads\/2025\/03\/FSC-World-Education-Services-2025-1024x512.png","inline-image-width":1024,"inline-image-height":512,"content-card-thumbnail-vertical":"https:\/\/fsc-ccf.ca\/wp-content\/uploads\/2025\/03\/FSC-World-Education-Services-2025-400x600.png","content-card-thumbnail-vertical-width":400,"content-card-thumbnail-vertical-height":600}},"slider_image":{"ID":311979,"id":311979,"title":"FSC-World Education Services-2025","filename":"FSC-World-Education-Services-2025.png","filesize":1605565,"url":"https:\/\/fsc-ccf.ca\/wp-content\/uploads\/2025\/03\/FSC-World-Education-Services-2025.png","link":"https:\/\/fsc-ccf.ca\/fr\/event\/future-skills-centre-at-the-towards-a-renewed-vision-of-immigration-in-canada-a-national-conversation\/fsc-world-education-services-2025-2\/","alt":"","author":"24","description":"","caption":"","name":"fsc-world-education-services-2025-2","status":"inherit","uploaded_to":311981,"date":"2025-03-18 15:35:28","modified":"2025-03-18 15:35:28","menu_order":0,"mime_type":"image\/png","type":"image","subtype":"png","icon":"https:\/\/fsc-ccf.ca\/wp-includes\/images\/media\/default.png","width":1080,"height":1080,"sizes":{"thumbnail":"https:\/\/fsc-ccf.ca\/wp-content\/uploads\/2025\/03\/FSC-World-Education-Services-2025-150x150.png","thumbnail-width":150,"thumbnail-height":150,"medium":"https:\/\/fsc-ccf.ca\/wp-content\/uploads\/2025\/03\/FSC-World-Education-Services-2025-300x300.png","medium-width":300,"medium-height":300,"medium_large":"https:\/\/fsc-ccf.ca\/wp-content\/uploads\/2025\/03\/FSC-World-Education-Services-2025-768x768.png","medium_large-width":768,"medium_large-height":768,"large":"https:\/\/fsc-ccf.ca\/wp-content\/uploads\/2025\/03\/FSC-World-Education-Services-2025-1024x1024.png","large-width":1024,"large-height":1024,"1536x1536":"https:\/\/fsc-ccf.ca\/wp-content\/uploads\/2025\/03\/FSC-World-Education-Services-2025.png","1536x1536-width":1080,"1536x1536-height":1080,"2048x2048":"https:\/\/fsc-ccf.ca\/wp-content\/uploads\/2025\/03\/FSC-World-Education-Services-2025.png","2048x2048-width":1080,"2048x2048-height":1080,"preview":"https:\/\/fsc-ccf.ca\/wp-content\/uploads\/2025\/03\/FSC-World-Education-Services-2025-10x10.png","preview-width":10,"preview-height":10,"content-card-thumbnail":"https:\/\/fsc-ccf.ca\/wp-content\/uploads\/2025\/03\/FSC-World-Education-Services-2025-800x600.png","content-card-thumbnail-width":800,"content-card-thumbnail-height":600,"slider-image":"https:\/\/fsc-ccf.ca\/wp-content\/uploads\/2025\/03\/FSC-World-Education-Services-2025.png","slider-image-width":1080,"slider-image-height":1080,"hero-image":"https:\/\/fsc-ccf.ca\/wp-content\/uploads\/2025\/03\/FSC-World-Education-Services-2025.png","hero-image-width":1080,"hero-image-height":1080,"inline-image":"https:\/\/fsc-ccf.ca\/wp-content\/uploads\/2025\/03\/FSC-World-Education-Services-2025-1024x512.png","inline-image-width":1024,"inline-image-height":512,"content-card-thumbnail-vertical":"https:\/\/fsc-ccf.ca\/wp-content\/uploads\/2025\/03\/FSC-World-Education-Services-2025-400x600.png","content-card-thumbnail-vertical-width":400,"content-card-thumbnail-vertical-height":600}}},"yoast_head":"<!-- This site is optimized with the Yoast SEO plugin v27.4 - https:\/\/yoast.com\/product\/yoast-seo-wordpress\/ -->\n<title>Le Centre des Comp\u00e9tences futures participe \u00e0 la conf\u00e9rence \u00ab Vers une vision renouvel\u00e9e de l\u2019immigration au Canada \u00bb\u00a0: une discussion nationale - Future Skills Centre \u2022 Centre des Comp\u00e9tences futures<\/title>\n<meta name=\"robots\" content=\"index, follow, max-snippet:-1, max-image-preview:large, max-video-preview:-1\" \/>\n<link rel=\"canonical\" href=\"https:\/\/fsc-ccf.ca\/fr\/event\/future-skills-centre-at-the-towards-a-renewed-vision-of-immigration-in-canada-a-national-conversation\/\" \/>\n<meta name=\"twitter:label1\" content=\"Est. reading time\" \/>\n\t<meta name=\"twitter:data1\" content=\"1 minute\" \/>\n<script type=\"application\/ld+json\" class=\"yoast-schema-graph\">{\"@context\":\"https:\\\/\\\/schema.org\",\"@graph\":[{\"@type\":\"WebPage\",\"@id\":\"https:\\\/\\\/fsc-ccf.ca\\\/fr\\\/event\\\/future-skills-centre-at-the-towards-a-renewed-vision-of-immigration-in-canada-a-national-conversation\\\/\",\"url\":\"https:\\\/\\\/fsc-ccf.ca\\\/fr\\\/event\\\/future-skills-centre-at-the-towards-a-renewed-vision-of-immigration-in-canada-a-national-conversation\\\/\",\"name\":\"Le Centre des Comp\u00e9tences futures participe \u00e0 la conf\u00e9rence \u00ab Vers une vision renouvel\u00e9e de l\u2019immigration au Canada \u00bb\u00a0: une discussion nationale - Future Skills Centre \u2022 Centre des Comp\u00e9tences futures\",\"isPartOf\":{\"@id\":\"https:\\\/\\\/fsc-ccf.ca\\\/fr\\\/#website\"},\"datePublished\":\"2025-03-18T15:36:08+00:00\",\"dateModified\":\"2025-03-18T15:47:50+00:00\",\"breadcrumb\":{\"@id\":\"https:\\\/\\\/fsc-ccf.ca\\\/fr\\\/event\\\/future-skills-centre-at-the-towards-a-renewed-vision-of-immigration-in-canada-a-national-conversation\\\/#breadcrumb\"},\"inLanguage\":\"fr-FR\",\"potentialAction\":[{\"@type\":\"ReadAction\",\"target\":[\"https:\\\/\\\/fsc-ccf.ca\\\/fr\\\/event\\\/future-skills-centre-at-the-towards-a-renewed-vision-of-immigration-in-canada-a-national-conversation\\\/\"]}]},{\"@type\":\"BreadcrumbList\",\"@id\":\"https:\\\/\\\/fsc-ccf.ca\\\/fr\\\/event\\\/future-skills-centre-at-the-towards-a-renewed-vision-of-immigration-in-canada-a-national-conversation\\\/#breadcrumb\",\"itemListElement\":[{\"@type\":\"ListItem\",\"position\":1,\"name\":\"Home\",\"item\":\"https:\\\/\\\/fsc-ccf.ca\\\/fr\\\/\"},{\"@type\":\"ListItem\",\"position\":2,\"name\":\"Events\",\"item\":\"https:\\\/\\\/fsc-ccf.ca\\\/fr\\\/event\\\/\"},{\"@type\":\"ListItem\",\"position\":3,\"name\":\"Le Centre des Comp\u00e9tences futures participe \u00e0 la conf\u00e9rence \u00ab Vers une vision renouvel\u00e9e de l\u2019immigration au Canada \u00bb\u00a0: une discussion nationale\"}]},{\"@type\":\"WebSite\",\"@id\":\"https:\\\/\\\/fsc-ccf.ca\\\/fr\\\/#website\",\"url\":\"https:\\\/\\\/fsc-ccf.ca\\\/fr\\\/\",\"name\":\"Future Skills Centre \u2022 Centre des Comp\u00e9tences futures\",\"description\":\"\",\"publisher\":{\"@id\":\"https:\\\/\\\/fsc-ccf.ca\\\/fr\\\/#organization\"},\"potentialAction\":[{\"@type\":\"SearchAction\",\"target\":{\"@type\":\"EntryPoint\",\"urlTemplate\":\"https:\\\/\\\/fsc-ccf.ca\\\/fr\\\/?s={search_term_string}\"},\"query-input\":{\"@type\":\"PropertyValueSpecification\",\"valueRequired\":true,\"valueName\":\"search_term_string\"}}],\"inLanguage\":\"fr-FR\"},{\"@type\":\"Organization\",\"@id\":\"https:\\\/\\\/fsc-ccf.ca\\\/fr\\\/#organization\",\"name\":\"Future Skills Centre \u2022 Centre des Comp\u00e9tences futures\",\"url\":\"https:\\\/\\\/fsc-ccf.ca\\\/fr\\\/\",\"logo\":{\"@type\":\"ImageObject\",\"inLanguage\":\"fr-FR\",\"@id\":\"https:\\\/\\\/fsc-ccf.ca\\\/fr\\\/#\\\/schema\\\/logo\\\/image\\\/\",\"url\":\"https:\\\/\\\/fsc-ccf.ca\\\/wp-content\\\/uploads\\\/2019\\\/08\\\/FSC_logo_colour_rgb_positive_ENG.png\",\"contentUrl\":\"https:\\\/\\\/fsc-ccf.ca\\\/wp-content\\\/uploads\\\/2019\\\/08\\\/FSC_logo_colour_rgb_positive_ENG.png\",\"width\":618,\"height\":528,\"caption\":\"Future Skills Centre \u2022 Centre des Comp\u00e9tences futures\"},\"image\":{\"@id\":\"https:\\\/\\\/fsc-ccf.ca\\\/fr\\\/#\\\/schema\\\/logo\\\/image\\\/\"},\"sameAs\":[\"https:\\\/\\\/www.facebook.com\\\/2161871137193201\\\/\",\"https:\\\/\\\/x.com\\\/fsc_ccf_en\",\"https:\\\/\\\/www.instagram.com\\\/fsc_ccf\\\/\",\"https:\\\/\\\/www.linkedin.com\\\/company\\\/fsc-ccf\\\/\"]}]}<\/script>\n<!-- \/ Yoast SEO plugin. -->","yoast_head_json":{"title":"Le Centre des Comp\u00e9tences futures participe \u00e0 la conf\u00e9rence \u00ab Vers une vision renouvel\u00e9e de l\u2019immigration au Canada \u00bb\u00a0: une discussion nationale - Future Skills Centre \u2022 Centre des Comp\u00e9tences futures","robots":{"index":"index","follow":"follow","max-snippet":"max-snippet:-1","max-image-preview":"max-image-preview:large","max-video-preview":"max-video-preview:-1"},"canonical":"https:\/\/fsc-ccf.ca\/fr\/event\/future-skills-centre-at-the-towards-a-renewed-vision-of-immigration-in-canada-a-national-conversation\/","twitter_misc":{"Est. reading time":"1 minute"},"schema":{"@context":"https:\/\/schema.org","@graph":[{"@type":"WebPage","@id":"https:\/\/fsc-ccf.ca\/fr\/event\/future-skills-centre-at-the-towards-a-renewed-vision-of-immigration-in-canada-a-national-conversation\/","url":"https:\/\/fsc-ccf.ca\/fr\/event\/future-skills-centre-at-the-towards-a-renewed-vision-of-immigration-in-canada-a-national-conversation\/","name":"Le Centre des Comp\u00e9tences futures participe \u00e0 la conf\u00e9rence \u00ab Vers une vision renouvel\u00e9e de l\u2019immigration au Canada \u00bb\u00a0: une discussion nationale - Future Skills Centre \u2022 Centre des Comp\u00e9tences futures","isPartOf":{"@id":"https:\/\/fsc-ccf.ca\/fr\/#website"},"datePublished":"2025-03-18T15:36:08+00:00","dateModified":"2025-03-18T15:47:50+00:00","breadcrumb":{"@id":"https:\/\/fsc-ccf.ca\/fr\/event\/future-skills-centre-at-the-towards-a-renewed-vision-of-immigration-in-canada-a-national-conversation\/#breadcrumb"},"inLanguage":"fr-FR","potentialAction":[{"@type":"ReadAction","target":["https:\/\/fsc-ccf.ca\/fr\/event\/future-skills-centre-at-the-towards-a-renewed-vision-of-immigration-in-canada-a-national-conversation\/"]}]},{"@type":"BreadcrumbList","@id":"https:\/\/fsc-ccf.ca\/fr\/event\/future-skills-centre-at-the-towards-a-renewed-vision-of-immigration-in-canada-a-national-conversation\/#breadcrumb","itemListElement":[{"@type":"ListItem","position":1,"name":"Home","item":"https:\/\/fsc-ccf.ca\/fr\/"},{"@type":"ListItem","position":2,"name":"Events","item":"https:\/\/fsc-ccf.ca\/fr\/event\/"},{"@type":"ListItem","position":3,"name":"Le Centre des Comp\u00e9tences futures participe \u00e0 la conf\u00e9rence \u00ab Vers une vision renouvel\u00e9e de l\u2019immigration au Canada \u00bb\u00a0: une discussion nationale"}]},{"@type":"WebSite","@id":"https:\/\/fsc-ccf.ca\/fr\/#website","url":"https:\/\/fsc-ccf.ca\/fr\/","name":"Future Skills Centre \u2022 Centre des Comp\u00e9tences futures","description":"","publisher":{"@id":"https:\/\/fsc-ccf.ca\/fr\/#organization"},"potentialAction":[{"@type":"SearchAction","target":{"@type":"EntryPoint","urlTemplate":"https:\/\/fsc-ccf.ca\/fr\/?s={search_term_string}"},"query-input":{"@type":"PropertyValueSpecification","valueRequired":true,"valueName":"search_term_string"}}],"inLanguage":"fr-FR"},{"@type":"Organization","@id":"https:\/\/fsc-ccf.ca\/fr\/#organization","name":"Future Skills Centre \u2022 Centre des Comp\u00e9tences futures","url":"https:\/\/fsc-ccf.ca\/fr\/","logo":{"@type":"ImageObject","inLanguage":"fr-FR","@id":"https:\/\/fsc-ccf.ca\/fr\/#\/schema\/logo\/image\/","url":"https:\/\/fsc-ccf.ca\/wp-content\/uploads\/2019\/08\/FSC_logo_colour_rgb_positive_ENG.png","contentUrl":"https:\/\/fsc-ccf.ca\/wp-content\/uploads\/2019\/08\/FSC_logo_colour_rgb_positive_ENG.png","width":618,"height":528,"caption":"Future Skills Centre \u2022 Centre des Comp\u00e9tences futures"},"image":{"@id":"https:\/\/fsc-ccf.ca\/fr\/#\/schema\/logo\/image\/"},"sameAs":["https:\/\/www.facebook.com\/2161871137193201\/","https:\/\/x.com\/fsc_ccf_en","https:\/\/www.instagram.com\/fsc_ccf\/","https:\/\/www.linkedin.com\/company\/fsc-ccf\/"]}]}},"_links":{"self":[{"href":"https:\/\/fsc-ccf.ca\/fr\/wp-json\/wp\/v2\/event\/311981","targetHints":{"allow":["GET"]}}],"collection":[{"href":"https:\/\/fsc-ccf.ca\/fr\/wp-json\/wp\/v2\/event"}],"about":[{"href":"https:\/\/fsc-ccf.ca\/fr\/wp-json\/wp\/v2\/types\/event"}],"version-history":[{"count":1,"href":"https:\/\/fsc-ccf.ca\/fr\/wp-json\/wp\/v2\/event\/311981\/revisions"}],"predecessor-version":[{"id":311982,"href":"https:\/\/fsc-ccf.ca\/fr\/wp-json\/wp\/v2\/event\/311981\/revisions\/311982"}],"wp:attachment":[{"href":"https:\/\/fsc-ccf.ca\/fr\/wp-json\/wp\/v2\/media?parent=311981"}],"wp:term":[{"taxonomy":"post_tag","embeddable":true,"href":"https:\/\/fsc-ccf.ca\/fr\/wp-json\/wp\/v2\/tags?post=311981"},{"taxonomy":"region","embeddable":true,"href":"https:\/\/fsc-ccf.ca\/fr\/wp-json\/wp\/v2\/region?post=311981"},{"taxonomy":"populations","embeddable":true,"href":"https:\/\/fsc-ccf.ca\/fr\/wp-json\/wp\/v2\/populations?post=311981"},{"taxonomy":"themes","embeddable":true,"href":"https:\/\/fsc-ccf.ca\/fr\/wp-json\/wp\/v2\/themes?post=311981"}],"curies":[{"name":"wp","href":"https:\/\/api.w.org\/{rel}","templated":true}]}}