			{"id":306090,"date":"2025-01-10T16:00:24","date_gmt":"2025-01-10T21:00:24","guid":{"rendered":"https:\/\/fsc-ccf.ca\/?post_type=event&#038;p=306090"},"modified":"2025-01-10T15:59:24","modified_gmt":"2025-01-10T20:59:24","slug":"le-centre-des-competences-futures-participe-au-forum-franco-ontarien-2025-la-revolution-de-lia","status":"publish","type":"event","link":"https:\/\/fsc-ccf.ca\/fr\/event\/le-centre-des-competences-futures-participe-au-forum-franco-ontarien-2025-la-revolution-de-lia\/","title":{"rendered":"Le Centre des Comp\u00e9tences futures participe au Forum Franco-Ontarien 2025 : La R\u00e9volution de l\u2019IA"},"content":{"rendered":"\n<p>Nous avons le plaisir d\u2019annoncer que Steve Richter, analyste principal des politiques bilingues au Centre des Comp\u00e9tences futures, participera en tant que pan\u00e9liste au prochain Forum franco-ontarien 2025 : La R\u00e9volution de l\u2019IA.<\/p>\n\n\n\n<p>Le forum de cette ann\u00e9e porte sur l\u2019adaptation et l\u2019adoption \u00e9thiques et responsables de l\u2019intelligence artificielle pour am\u00e9liorer l\u2019enseignement du fran\u00e7ais en milieu minoritaire. Les principaux sujets abord\u00e9s sont la p\u00e9dagogie num\u00e9rique, les politiques institutionnelles, l\u2019\u00e9quit\u00e9 et l\u2019accessibilit\u00e9, ainsi que l\u2019impact de l\u2019IA sur les aspirations professionnelles futures des \u00e9tudiants.<\/p>\n\n\n\n<p>Pour en savoir plus et s\u2019inscrire, visitez le site : https:\/\/www.ecampusontario.ca\/fr\/annual-franco-ontarian-forum\/<\/p>\n","protected":false},"excerpt":{"rendered":"<p>Nous avons le plaisir d\u2019annoncer que Steve Richter, analyste principal des politiques bilingues au Centre des Comp\u00e9tences futures, participera en tant que pan\u00e9liste au prochain Forum franco-ontarien 2025 : La R\u00e9volution de l\u2019IA.<\/p>\n","protected":false},"menu_order":0,"template":"","tags":[],"region":[1319],"populations":[],"themes":[1549,1548,1455,1553,1554],"class_list":["post-306090","event","type-event","status-publish","hentry","region-across-canada-fr","themes-adaptabilite-des-pme","themes-economie-inclusive","themes-emplois-durables","themes-parcours-vers-lemploi","themes-technologie-et-automatisation"],"acf":{"event_location":"The Quay in Toronto","event_contact_name":"","event_contact_email":"","event_link":"https:\/\/www.ecampusontario.ca\/fr\/annual-franco-ontarian-forum\/","event_organizer":"eCampus Ontario","fsc_event":false,"start_date":"20250206","end_date":"20250206","thumbnail_image":{"ID":306089,"id":306089,"title":"Forum Franco-Ontarien 2025","filename":"Forum-Franco-Ontarien-2025.png","filesize":2088289,"url":"https:\/\/fsc-ccf.ca\/wp-content\/uploads\/2025\/01\/Forum-Franco-Ontarien-2025.png","link":"https:\/\/fsc-ccf.ca\/fr\/event\/le-centre-des-competences-futures-participe-au-forum-franco-ontarien-2025-la-revolution-de-lia\/forum-franco-ontarien-2025-2\/","alt":"","author":"24","description":"","caption":"","name":"forum-franco-ontarien-2025-2","status":"inherit","uploaded_to":306090,"date":"2025-01-10 20:35:38","modified":"2025-01-10 20:35:38","menu_order":0,"mime_type":"image\/png","type":"image","subtype":"png","icon":"https:\/\/fsc-ccf.ca\/wp-includes\/images\/media\/default.png","width":1080,"height":1080,"sizes":{"thumbnail":"https:\/\/fsc-ccf.ca\/wp-content\/uploads\/2025\/01\/Forum-Franco-Ontarien-2025-150x150.png","thumbnail-width":150,"thumbnail-height":150,"medium":"https:\/\/fsc-ccf.ca\/wp-content\/uploads\/2025\/01\/Forum-Franco-Ontarien-2025-300x300.png","medium-width":300,"medium-height":300,"medium_large":"https:\/\/fsc-ccf.ca\/wp-content\/uploads\/2025\/01\/Forum-Franco-Ontarien-2025-768x768.png","medium_large-width":768,"medium_large-height":768,"large":"https:\/\/fsc-ccf.ca\/wp-content\/uploads\/2025\/01\/Forum-Franco-Ontarien-2025-1024x1024.png","large-width":1024,"large-height":1024,"1536x1536":"https:\/\/fsc-ccf.ca\/wp-content\/uploads\/2025\/01\/Forum-Franco-Ontarien-2025.png","1536x1536-width":1080,"1536x1536-height":1080,"2048x2048":"https:\/\/fsc-ccf.ca\/wp-content\/uploads\/2025\/01\/Forum-Franco-Ontarien-2025.png","2048x2048-width":1080,"2048x2048-height":1080,"preview":"https:\/\/fsc-ccf.ca\/wp-content\/uploads\/2025\/01\/Forum-Franco-Ontarien-2025-10x10.png","preview-width":10,"preview-height":10,"content-card-thumbnail":"https:\/\/fsc-ccf.ca\/wp-content\/uploads\/2025\/01\/Forum-Franco-Ontarien-2025-800x600.png","content-card-thumbnail-width":800,"content-card-thumbnail-height":600,"slider-image":"https:\/\/fsc-ccf.ca\/wp-content\/uploads\/2025\/01\/Forum-Franco-Ontarien-2025.png","slider-image-width":1080,"slider-image-height":1080,"hero-image":"https:\/\/fsc-ccf.ca\/wp-content\/uploads\/2025\/01\/Forum-Franco-Ontarien-2025.png","hero-image-width":1080,"hero-image-height":1080,"inline-image":"https:\/\/fsc-ccf.ca\/wp-content\/uploads\/2025\/01\/Forum-Franco-Ontarien-2025-1024x512.png","inline-image-width":1024,"inline-image-height":512,"content-card-thumbnail-vertical":"https:\/\/fsc-ccf.ca\/wp-content\/uploads\/2025\/01\/Forum-Franco-Ontarien-2025-400x600.png","content-card-thumbnail-vertical-width":400,"content-card-thumbnail-vertical-height":600}},"slider_image":{"ID":306089,"id":306089,"title":"Forum Franco-Ontarien 2025","filename":"Forum-Franco-Ontarien-2025.png","filesize":2088289,"url":"https:\/\/fsc-ccf.ca\/wp-content\/uploads\/2025\/01\/Forum-Franco-Ontarien-2025.png","link":"https:\/\/fsc-ccf.ca\/fr\/event\/le-centre-des-competences-futures-participe-au-forum-franco-ontarien-2025-la-revolution-de-lia\/forum-franco-ontarien-2025-2\/","alt":"","author":"24","description":"","caption":"","name":"forum-franco-ontarien-2025-2","status":"inherit","uploaded_to":306090,"date":"2025-01-10 20:35:38","modified":"2025-01-10 20:35:38","menu_order":0,"mime_type":"image\/png","type":"image","subtype":"png","icon":"https:\/\/fsc-ccf.ca\/wp-includes\/images\/media\/default.png","width":1080,"height":1080,"sizes":{"thumbnail":"https:\/\/fsc-ccf.ca\/wp-content\/uploads\/2025\/01\/Forum-Franco-Ontarien-2025-150x150.png","thumbnail-width":150,"thumbnail-height":150,"medium":"https:\/\/fsc-ccf.ca\/wp-content\/uploads\/2025\/01\/Forum-Franco-Ontarien-2025-300x300.png","medium-width":300,"medium-height":300,"medium_large":"https:\/\/fsc-ccf.ca\/wp-content\/uploads\/2025\/01\/Forum-Franco-Ontarien-2025-768x768.png","medium_large-width":768,"medium_large-height":768,"large":"https:\/\/fsc-ccf.ca\/wp-content\/uploads\/2025\/01\/Forum-Franco-Ontarien-2025-1024x1024.png","large-width":1024,"large-height":1024,"1536x1536":"https:\/\/fsc-ccf.ca\/wp-content\/uploads\/2025\/01\/Forum-Franco-Ontarien-2025.png","1536x1536-width":1080,"1536x1536-height":1080,"2048x2048":"https:\/\/fsc-ccf.ca\/wp-content\/uploads\/2025\/01\/Forum-Franco-Ontarien-2025.png","2048x2048-width":1080,"2048x2048-height":1080,"preview":"https:\/\/fsc-ccf.ca\/wp-content\/uploads\/2025\/01\/Forum-Franco-Ontarien-2025-10x10.png","preview-width":10,"preview-height":10,"content-card-thumbnail":"https:\/\/fsc-ccf.ca\/wp-content\/uploads\/2025\/01\/Forum-Franco-Ontarien-2025-800x600.png","content-card-thumbnail-width":800,"content-card-thumbnail-height":600,"slider-image":"https:\/\/fsc-ccf.ca\/wp-content\/uploads\/2025\/01\/Forum-Franco-Ontarien-2025.png","slider-image-width":1080,"slider-image-height":1080,"hero-image":"https:\/\/fsc-ccf.ca\/wp-content\/uploads\/2025\/01\/Forum-Franco-Ontarien-2025.png","hero-image-width":1080,"hero-image-height":1080,"inline-image":"https:\/\/fsc-ccf.ca\/wp-content\/uploads\/2025\/01\/Forum-Franco-Ontarien-2025-1024x512.png","inline-image-width":1024,"inline-image-height":512,"content-card-thumbnail-vertical":"https:\/\/fsc-ccf.ca\/wp-content\/uploads\/2025\/01\/Forum-Franco-Ontarien-2025-400x600.png","content-card-thumbnail-vertical-width":400,"content-card-thumbnail-vertical-height":600}}},"yoast_head":"<!-- This site is optimized with the Yoast SEO plugin v27.4 - https:\/\/yoast.com\/product\/yoast-seo-wordpress\/ -->\n<title>Le Centre des Comp\u00e9tences futures participe au Forum Franco-Ontarien 2025 : La R\u00e9volution de l\u2019IA - Future Skills Centre \u2022 Centre des Comp\u00e9tences futures<\/title>\n<meta name=\"robots\" content=\"index, follow, max-snippet:-1, max-image-preview:large, max-video-preview:-1\" \/>\n<link rel=\"canonical\" href=\"https:\/\/fsc-ccf.ca\/fr\/event\/le-centre-des-competences-futures-participe-au-forum-franco-ontarien-2025-la-revolution-de-lia\/\" \/>\n<meta name=\"twitter:label1\" content=\"Est. reading time\" \/>\n\t<meta name=\"twitter:data1\" content=\"1 minute\" \/>\n<script type=\"application\/ld+json\" class=\"yoast-schema-graph\">{\"@context\":\"https:\\\/\\\/schema.org\",\"@graph\":[{\"@type\":\"WebPage\",\"@id\":\"https:\\\/\\\/fsc-ccf.ca\\\/fr\\\/event\\\/le-centre-des-competences-futures-participe-au-forum-franco-ontarien-2025-la-revolution-de-lia\\\/\",\"url\":\"https:\\\/\\\/fsc-ccf.ca\\\/fr\\\/event\\\/le-centre-des-competences-futures-participe-au-forum-franco-ontarien-2025-la-revolution-de-lia\\\/\",\"name\":\"Le Centre des Comp\u00e9tences futures participe au Forum Franco-Ontarien 2025 : La R\u00e9volution de l\u2019IA - Future Skills Centre \u2022 Centre des Comp\u00e9tences futures\",\"isPartOf\":{\"@id\":\"https:\\\/\\\/fsc-ccf.ca\\\/fr\\\/#website\"},\"datePublished\":\"2025-01-10T21:00:24+00:00\",\"breadcrumb\":{\"@id\":\"https:\\\/\\\/fsc-ccf.ca\\\/fr\\\/event\\\/le-centre-des-competences-futures-participe-au-forum-franco-ontarien-2025-la-revolution-de-lia\\\/#breadcrumb\"},\"inLanguage\":\"fr-FR\",\"potentialAction\":[{\"@type\":\"ReadAction\",\"target\":[\"https:\\\/\\\/fsc-ccf.ca\\\/fr\\\/event\\\/le-centre-des-competences-futures-participe-au-forum-franco-ontarien-2025-la-revolution-de-lia\\\/\"]}]},{\"@type\":\"BreadcrumbList\",\"@id\":\"https:\\\/\\\/fsc-ccf.ca\\\/fr\\\/event\\\/le-centre-des-competences-futures-participe-au-forum-franco-ontarien-2025-la-revolution-de-lia\\\/#breadcrumb\",\"itemListElement\":[{\"@type\":\"ListItem\",\"position\":1,\"name\":\"Home\",\"item\":\"https:\\\/\\\/fsc-ccf.ca\\\/fr\\\/\"},{\"@type\":\"ListItem\",\"position\":2,\"name\":\"Events\",\"item\":\"https:\\\/\\\/fsc-ccf.ca\\\/fr\\\/event\\\/\"},{\"@type\":\"ListItem\",\"position\":3,\"name\":\"Le Centre des Comp\u00e9tences futures participe au Forum Franco-Ontarien 2025 : La R\u00e9volution de l\u2019IA\"}]},{\"@type\":\"WebSite\",\"@id\":\"https:\\\/\\\/fsc-ccf.ca\\\/fr\\\/#website\",\"url\":\"https:\\\/\\\/fsc-ccf.ca\\\/fr\\\/\",\"name\":\"Future Skills Centre \u2022 Centre des Comp\u00e9tences futures\",\"description\":\"\",\"publisher\":{\"@id\":\"https:\\\/\\\/fsc-ccf.ca\\\/fr\\\/#organization\"},\"potentialAction\":[{\"@type\":\"SearchAction\",\"target\":{\"@type\":\"EntryPoint\",\"urlTemplate\":\"https:\\\/\\\/fsc-ccf.ca\\\/fr\\\/?s={search_term_string}\"},\"query-input\":{\"@type\":\"PropertyValueSpecification\",\"valueRequired\":true,\"valueName\":\"search_term_string\"}}],\"inLanguage\":\"fr-FR\"},{\"@type\":\"Organization\",\"@id\":\"https:\\\/\\\/fsc-ccf.ca\\\/fr\\\/#organization\",\"name\":\"Future Skills Centre \u2022 Centre des Comp\u00e9tences futures\",\"url\":\"https:\\\/\\\/fsc-ccf.ca\\\/fr\\\/\",\"logo\":{\"@type\":\"ImageObject\",\"inLanguage\":\"fr-FR\",\"@id\":\"https:\\\/\\\/fsc-ccf.ca\\\/fr\\\/#\\\/schema\\\/logo\\\/image\\\/\",\"url\":\"https:\\\/\\\/fsc-ccf.ca\\\/wp-content\\\/uploads\\\/2019\\\/08\\\/FSC_logo_colour_rgb_positive_ENG.png\",\"contentUrl\":\"https:\\\/\\\/fsc-ccf.ca\\\/wp-content\\\/uploads\\\/2019\\\/08\\\/FSC_logo_colour_rgb_positive_ENG.png\",\"width\":618,\"height\":528,\"caption\":\"Future Skills Centre \u2022 Centre des Comp\u00e9tences futures\"},\"image\":{\"@id\":\"https:\\\/\\\/fsc-ccf.ca\\\/fr\\\/#\\\/schema\\\/logo\\\/image\\\/\"},\"sameAs\":[\"https:\\\/\\\/www.facebook.com\\\/2161871137193201\\\/\",\"https:\\\/\\\/x.com\\\/fsc_ccf_en\",\"https:\\\/\\\/www.instagram.com\\\/fsc_ccf\\\/\",\"https:\\\/\\\/www.linkedin.com\\\/company\\\/fsc-ccf\\\/\"]}]}<\/script>\n<!-- \/ Yoast SEO plugin. -->","yoast_head_json":{"title":"Le Centre des Comp\u00e9tences futures participe au Forum Franco-Ontarien 2025 : La R\u00e9volution de l\u2019IA - Future Skills Centre \u2022 Centre des Comp\u00e9tences futures","robots":{"index":"index","follow":"follow","max-snippet":"max-snippet:-1","max-image-preview":"max-image-preview:large","max-video-preview":"max-video-preview:-1"},"canonical":"https:\/\/fsc-ccf.ca\/fr\/event\/le-centre-des-competences-futures-participe-au-forum-franco-ontarien-2025-la-revolution-de-lia\/","twitter_misc":{"Est. reading time":"1 minute"},"schema":{"@context":"https:\/\/schema.org","@graph":[{"@type":"WebPage","@id":"https:\/\/fsc-ccf.ca\/fr\/event\/le-centre-des-competences-futures-participe-au-forum-franco-ontarien-2025-la-revolution-de-lia\/","url":"https:\/\/fsc-ccf.ca\/fr\/event\/le-centre-des-competences-futures-participe-au-forum-franco-ontarien-2025-la-revolution-de-lia\/","name":"Le Centre des Comp\u00e9tences futures participe au Forum Franco-Ontarien 2025 : La R\u00e9volution de l\u2019IA - Future Skills Centre \u2022 Centre des Comp\u00e9tences futures","isPartOf":{"@id":"https:\/\/fsc-ccf.ca\/fr\/#website"},"datePublished":"2025-01-10T21:00:24+00:00","breadcrumb":{"@id":"https:\/\/fsc-ccf.ca\/fr\/event\/le-centre-des-competences-futures-participe-au-forum-franco-ontarien-2025-la-revolution-de-lia\/#breadcrumb"},"inLanguage":"fr-FR","potentialAction":[{"@type":"ReadAction","target":["https:\/\/fsc-ccf.ca\/fr\/event\/le-centre-des-competences-futures-participe-au-forum-franco-ontarien-2025-la-revolution-de-lia\/"]}]},{"@type":"BreadcrumbList","@id":"https:\/\/fsc-ccf.ca\/fr\/event\/le-centre-des-competences-futures-participe-au-forum-franco-ontarien-2025-la-revolution-de-lia\/#breadcrumb","itemListElement":[{"@type":"ListItem","position":1,"name":"Home","item":"https:\/\/fsc-ccf.ca\/fr\/"},{"@type":"ListItem","position":2,"name":"Events","item":"https:\/\/fsc-ccf.ca\/fr\/event\/"},{"@type":"ListItem","position":3,"name":"Le Centre des Comp\u00e9tences futures participe au Forum Franco-Ontarien 2025 : La R\u00e9volution de l\u2019IA"}]},{"@type":"WebSite","@id":"https:\/\/fsc-ccf.ca\/fr\/#website","url":"https:\/\/fsc-ccf.ca\/fr\/","name":"Future Skills Centre \u2022 Centre des Comp\u00e9tences futures","description":"","publisher":{"@id":"https:\/\/fsc-ccf.ca\/fr\/#organization"},"potentialAction":[{"@type":"SearchAction","target":{"@type":"EntryPoint","urlTemplate":"https:\/\/fsc-ccf.ca\/fr\/?s={search_term_string}"},"query-input":{"@type":"PropertyValueSpecification","valueRequired":true,"valueName":"search_term_string"}}],"inLanguage":"fr-FR"},{"@type":"Organization","@id":"https:\/\/fsc-ccf.ca\/fr\/#organization","name":"Future Skills Centre \u2022 Centre des Comp\u00e9tences futures","url":"https:\/\/fsc-ccf.ca\/fr\/","logo":{"@type":"ImageObject","inLanguage":"fr-FR","@id":"https:\/\/fsc-ccf.ca\/fr\/#\/schema\/logo\/image\/","url":"https:\/\/fsc-ccf.ca\/wp-content\/uploads\/2019\/08\/FSC_logo_colour_rgb_positive_ENG.png","contentUrl":"https:\/\/fsc-ccf.ca\/wp-content\/uploads\/2019\/08\/FSC_logo_colour_rgb_positive_ENG.png","width":618,"height":528,"caption":"Future Skills Centre \u2022 Centre des Comp\u00e9tences futures"},"image":{"@id":"https:\/\/fsc-ccf.ca\/fr\/#\/schema\/logo\/image\/"},"sameAs":["https:\/\/www.facebook.com\/2161871137193201\/","https:\/\/x.com\/fsc_ccf_en","https:\/\/www.instagram.com\/fsc_ccf\/","https:\/\/www.linkedin.com\/company\/fsc-ccf\/"]}]}},"_links":{"self":[{"href":"https:\/\/fsc-ccf.ca\/fr\/wp-json\/wp\/v2\/event\/306090","targetHints":{"allow":["GET"]}}],"collection":[{"href":"https:\/\/fsc-ccf.ca\/fr\/wp-json\/wp\/v2\/event"}],"about":[{"href":"https:\/\/fsc-ccf.ca\/fr\/wp-json\/wp\/v2\/types\/event"}],"version-history":[{"count":2,"href":"https:\/\/fsc-ccf.ca\/fr\/wp-json\/wp\/v2\/event\/306090\/revisions"}],"predecessor-version":[{"id":306093,"href":"https:\/\/fsc-ccf.ca\/fr\/wp-json\/wp\/v2\/event\/306090\/revisions\/306093"}],"wp:attachment":[{"href":"https:\/\/fsc-ccf.ca\/fr\/wp-json\/wp\/v2\/media?parent=306090"}],"wp:term":[{"taxonomy":"post_tag","embeddable":true,"href":"https:\/\/fsc-ccf.ca\/fr\/wp-json\/wp\/v2\/tags?post=306090"},{"taxonomy":"region","embeddable":true,"href":"https:\/\/fsc-ccf.ca\/fr\/wp-json\/wp\/v2\/region?post=306090"},{"taxonomy":"populations","embeddable":true,"href":"https:\/\/fsc-ccf.ca\/fr\/wp-json\/wp\/v2\/populations?post=306090"},{"taxonomy":"themes","embeddable":true,"href":"https:\/\/fsc-ccf.ca\/fr\/wp-json\/wp\/v2\/themes?post=306090"}],"curies":[{"name":"wp","href":"https:\/\/api.w.org\/{rel}","templated":true}]}}