			{"id":306084,"date":"2025-01-10T15:21:40","date_gmt":"2025-01-10T20:21:40","guid":{"rendered":"https:\/\/fsc-ccf.ca\/?post_type=event&#038;p=306084"},"modified":"2025-01-10T15:18:46","modified_gmt":"2025-01-10T20:18:46","slug":"le-centre-des-competences-futures-participe-au-ungala-2025","status":"publish","type":"event","link":"https:\/\/fsc-ccf.ca\/fr\/event\/le-centre-des-competences-futures-participe-au-ungala-2025\/","title":{"rendered":"\u00a0Le Centre des Comp\u00e9tences futures participe au unGALA 2025"},"content":{"rendered":"\n<p>Nous sommes heureux d\u2019annoncer que Tricia Williams participera \u00e0 la prochaine conf\u00e9rence unGALA 2025, organis\u00e9e par l\u2019Institut Pembina, qui se tiendra le 23 janvier 2025. Cet \u00e9v\u00e9nement annuel r\u00e9unira des dirigeants du gouvernement, de l\u2019industrie, des universit\u00e9s et des organisations non gouvernementales pour discuter et c\u00e9l\u00e9brer l\u2019avenir de l\u2019\u00e9nergie propre au Canada.<\/p>\n\n\n\n<p>Ne manquez pas les mises \u00e0 jour, car nous attendons avec impatience les id\u00e9es et les discussions qui \u00e9mergeront de l\u2019unGALA de cette ann\u00e9e.<\/p>\n\n\n\n<p>Pour en savoir plus sur l\u2019\u00e9v\u00e9nement, cliquez ici : https:\/\/www.pembina.org\/event\/ungala-2025?utm_source=chatgpt.com<\/p>\n\n\n\n<p><\/p>\n","protected":false},"excerpt":{"rendered":"<p>Nous sommes heureux d\u2019annoncer que Tricia Williams participera \u00e0 la prochaine conf\u00e9rence unGALA 2025, organis\u00e9e par l\u2019Institut Pembina, qui se tiendra le 23 janvier 2025&#8230;.<\/p>\n","protected":false},"menu_order":0,"template":"","tags":[],"region":[1319],"populations":[],"themes":[1455],"class_list":["post-306084","event","type-event","status-publish","hentry","region-across-canada-fr","themes-emplois-durables"],"acf":{"event_location":"550 Bayview Ave, CRH Gallery at Evergreen Brick Works","event_contact_name":"","event_contact_email":"","event_link":"https:\/\/www.pembina.org\/event\/ungala-2025","event_organizer":"Pembina Institute","fsc_event":false,"start_date":"20250123","end_date":"20250123","thumbnail_image":{"ID":306082,"id":306082,"title":"The People\u2019s Social Impact Conference","filename":"The-Peoples-Social-Impact-Conference.png","filesize":2031102,"url":"https:\/\/fsc-ccf.ca\/wp-content\/uploads\/2025\/01\/The-Peoples-Social-Impact-Conference.png","link":"https:\/\/fsc-ccf.ca\/fr\/event\/le-centre-des-competences-futures-participe-au-ungala-2025\/the-peoples-social-impact-conference-2\/","alt":"","author":"24","description":"","caption":"","name":"the-peoples-social-impact-conference-2","status":"inherit","uploaded_to":306084,"date":"2025-01-10 20:15:13","modified":"2025-01-10 20:15:13","menu_order":0,"mime_type":"image\/png","type":"image","subtype":"png","icon":"https:\/\/fsc-ccf.ca\/wp-includes\/images\/media\/default.png","width":1080,"height":1080,"sizes":{"thumbnail":"https:\/\/fsc-ccf.ca\/wp-content\/uploads\/2025\/01\/The-Peoples-Social-Impact-Conference-150x150.png","thumbnail-width":150,"thumbnail-height":150,"medium":"https:\/\/fsc-ccf.ca\/wp-content\/uploads\/2025\/01\/The-Peoples-Social-Impact-Conference-300x300.png","medium-width":300,"medium-height":300,"medium_large":"https:\/\/fsc-ccf.ca\/wp-content\/uploads\/2025\/01\/The-Peoples-Social-Impact-Conference-768x768.png","medium_large-width":768,"medium_large-height":768,"large":"https:\/\/fsc-ccf.ca\/wp-content\/uploads\/2025\/01\/The-Peoples-Social-Impact-Conference-1024x1024.png","large-width":1024,"large-height":1024,"1536x1536":"https:\/\/fsc-ccf.ca\/wp-content\/uploads\/2025\/01\/The-Peoples-Social-Impact-Conference.png","1536x1536-width":1080,"1536x1536-height":1080,"2048x2048":"https:\/\/fsc-ccf.ca\/wp-content\/uploads\/2025\/01\/The-Peoples-Social-Impact-Conference.png","2048x2048-width":1080,"2048x2048-height":1080,"preview":"https:\/\/fsc-ccf.ca\/wp-content\/uploads\/2025\/01\/The-Peoples-Social-Impact-Conference-10x10.png","preview-width":10,"preview-height":10,"content-card-thumbnail":"https:\/\/fsc-ccf.ca\/wp-content\/uploads\/2025\/01\/The-Peoples-Social-Impact-Conference-800x600.png","content-card-thumbnail-width":800,"content-card-thumbnail-height":600,"slider-image":"https:\/\/fsc-ccf.ca\/wp-content\/uploads\/2025\/01\/The-Peoples-Social-Impact-Conference.png","slider-image-width":1080,"slider-image-height":1080,"hero-image":"https:\/\/fsc-ccf.ca\/wp-content\/uploads\/2025\/01\/The-Peoples-Social-Impact-Conference.png","hero-image-width":1080,"hero-image-height":1080,"inline-image":"https:\/\/fsc-ccf.ca\/wp-content\/uploads\/2025\/01\/The-Peoples-Social-Impact-Conference-1024x512.png","inline-image-width":1024,"inline-image-height":512,"content-card-thumbnail-vertical":"https:\/\/fsc-ccf.ca\/wp-content\/uploads\/2025\/01\/The-Peoples-Social-Impact-Conference-400x600.png","content-card-thumbnail-vertical-width":400,"content-card-thumbnail-vertical-height":600}},"slider_image":{"ID":306082,"id":306082,"title":"The People\u2019s Social Impact Conference","filename":"The-Peoples-Social-Impact-Conference.png","filesize":2031102,"url":"https:\/\/fsc-ccf.ca\/wp-content\/uploads\/2025\/01\/The-Peoples-Social-Impact-Conference.png","link":"https:\/\/fsc-ccf.ca\/fr\/event\/le-centre-des-competences-futures-participe-au-ungala-2025\/the-peoples-social-impact-conference-2\/","alt":"","author":"24","description":"","caption":"","name":"the-peoples-social-impact-conference-2","status":"inherit","uploaded_to":306084,"date":"2025-01-10 20:15:13","modified":"2025-01-10 20:15:13","menu_order":0,"mime_type":"image\/png","type":"image","subtype":"png","icon":"https:\/\/fsc-ccf.ca\/wp-includes\/images\/media\/default.png","width":1080,"height":1080,"sizes":{"thumbnail":"https:\/\/fsc-ccf.ca\/wp-content\/uploads\/2025\/01\/The-Peoples-Social-Impact-Conference-150x150.png","thumbnail-width":150,"thumbnail-height":150,"medium":"https:\/\/fsc-ccf.ca\/wp-content\/uploads\/2025\/01\/The-Peoples-Social-Impact-Conference-300x300.png","medium-width":300,"medium-height":300,"medium_large":"https:\/\/fsc-ccf.ca\/wp-content\/uploads\/2025\/01\/The-Peoples-Social-Impact-Conference-768x768.png","medium_large-width":768,"medium_large-height":768,"large":"https:\/\/fsc-ccf.ca\/wp-content\/uploads\/2025\/01\/The-Peoples-Social-Impact-Conference-1024x1024.png","large-width":1024,"large-height":1024,"1536x1536":"https:\/\/fsc-ccf.ca\/wp-content\/uploads\/2025\/01\/The-Peoples-Social-Impact-Conference.png","1536x1536-width":1080,"1536x1536-height":1080,"2048x2048":"https:\/\/fsc-ccf.ca\/wp-content\/uploads\/2025\/01\/The-Peoples-Social-Impact-Conference.png","2048x2048-width":1080,"2048x2048-height":1080,"preview":"https:\/\/fsc-ccf.ca\/wp-content\/uploads\/2025\/01\/The-Peoples-Social-Impact-Conference-10x10.png","preview-width":10,"preview-height":10,"content-card-thumbnail":"https:\/\/fsc-ccf.ca\/wp-content\/uploads\/2025\/01\/The-Peoples-Social-Impact-Conference-800x600.png","content-card-thumbnail-width":800,"content-card-thumbnail-height":600,"slider-image":"https:\/\/fsc-ccf.ca\/wp-content\/uploads\/2025\/01\/The-Peoples-Social-Impact-Conference.png","slider-image-width":1080,"slider-image-height":1080,"hero-image":"https:\/\/fsc-ccf.ca\/wp-content\/uploads\/2025\/01\/The-Peoples-Social-Impact-Conference.png","hero-image-width":1080,"hero-image-height":1080,"inline-image":"https:\/\/fsc-ccf.ca\/wp-content\/uploads\/2025\/01\/The-Peoples-Social-Impact-Conference-1024x512.png","inline-image-width":1024,"inline-image-height":512,"content-card-thumbnail-vertical":"https:\/\/fsc-ccf.ca\/wp-content\/uploads\/2025\/01\/The-Peoples-Social-Impact-Conference-400x600.png","content-card-thumbnail-vertical-width":400,"content-card-thumbnail-vertical-height":600}}},"yoast_head":"<!-- This site is optimized with the Yoast SEO plugin v27.4 - https:\/\/yoast.com\/product\/yoast-seo-wordpress\/ -->\n<title>\u00a0Le Centre des Comp\u00e9tences futures participe au unGALA 2025 - Future Skills Centre \u2022 Centre des Comp\u00e9tences futures<\/title>\n<meta name=\"robots\" content=\"index, follow, max-snippet:-1, max-image-preview:large, max-video-preview:-1\" \/>\n<link rel=\"canonical\" href=\"https:\/\/fsc-ccf.ca\/fr\/event\/le-centre-des-competences-futures-participe-au-ungala-2025\/\" \/>\n<meta name=\"twitter:label1\" content=\"Est. reading time\" \/>\n\t<meta name=\"twitter:data1\" content=\"1 minute\" \/>\n<script type=\"application\/ld+json\" class=\"yoast-schema-graph\">{\"@context\":\"https:\\\/\\\/schema.org\",\"@graph\":[{\"@type\":\"WebPage\",\"@id\":\"https:\\\/\\\/fsc-ccf.ca\\\/fr\\\/event\\\/le-centre-des-competences-futures-participe-au-ungala-2025\\\/\",\"url\":\"https:\\\/\\\/fsc-ccf.ca\\\/fr\\\/event\\\/le-centre-des-competences-futures-participe-au-ungala-2025\\\/\",\"name\":\"\u00a0Le Centre des Comp\u00e9tences futures participe au unGALA 2025 - Future Skills Centre \u2022 Centre des Comp\u00e9tences futures\",\"isPartOf\":{\"@id\":\"https:\\\/\\\/fsc-ccf.ca\\\/fr\\\/#website\"},\"datePublished\":\"2025-01-10T20:21:40+00:00\",\"breadcrumb\":{\"@id\":\"https:\\\/\\\/fsc-ccf.ca\\\/fr\\\/event\\\/le-centre-des-competences-futures-participe-au-ungala-2025\\\/#breadcrumb\"},\"inLanguage\":\"fr-FR\",\"potentialAction\":[{\"@type\":\"ReadAction\",\"target\":[\"https:\\\/\\\/fsc-ccf.ca\\\/fr\\\/event\\\/le-centre-des-competences-futures-participe-au-ungala-2025\\\/\"]}]},{\"@type\":\"BreadcrumbList\",\"@id\":\"https:\\\/\\\/fsc-ccf.ca\\\/fr\\\/event\\\/le-centre-des-competences-futures-participe-au-ungala-2025\\\/#breadcrumb\",\"itemListElement\":[{\"@type\":\"ListItem\",\"position\":1,\"name\":\"Home\",\"item\":\"https:\\\/\\\/fsc-ccf.ca\\\/fr\\\/\"},{\"@type\":\"ListItem\",\"position\":2,\"name\":\"Events\",\"item\":\"https:\\\/\\\/fsc-ccf.ca\\\/fr\\\/event\\\/\"},{\"@type\":\"ListItem\",\"position\":3,\"name\":\"\u00a0Le Centre des Comp\u00e9tences futures participe au unGALA 2025\"}]},{\"@type\":\"WebSite\",\"@id\":\"https:\\\/\\\/fsc-ccf.ca\\\/fr\\\/#website\",\"url\":\"https:\\\/\\\/fsc-ccf.ca\\\/fr\\\/\",\"name\":\"Future Skills Centre \u2022 Centre des Comp\u00e9tences futures\",\"description\":\"\",\"publisher\":{\"@id\":\"https:\\\/\\\/fsc-ccf.ca\\\/fr\\\/#organization\"},\"potentialAction\":[{\"@type\":\"SearchAction\",\"target\":{\"@type\":\"EntryPoint\",\"urlTemplate\":\"https:\\\/\\\/fsc-ccf.ca\\\/fr\\\/?s={search_term_string}\"},\"query-input\":{\"@type\":\"PropertyValueSpecification\",\"valueRequired\":true,\"valueName\":\"search_term_string\"}}],\"inLanguage\":\"fr-FR\"},{\"@type\":\"Organization\",\"@id\":\"https:\\\/\\\/fsc-ccf.ca\\\/fr\\\/#organization\",\"name\":\"Future Skills Centre \u2022 Centre des Comp\u00e9tences futures\",\"url\":\"https:\\\/\\\/fsc-ccf.ca\\\/fr\\\/\",\"logo\":{\"@type\":\"ImageObject\",\"inLanguage\":\"fr-FR\",\"@id\":\"https:\\\/\\\/fsc-ccf.ca\\\/fr\\\/#\\\/schema\\\/logo\\\/image\\\/\",\"url\":\"https:\\\/\\\/fsc-ccf.ca\\\/wp-content\\\/uploads\\\/2019\\\/08\\\/FSC_logo_colour_rgb_positive_ENG.png\",\"contentUrl\":\"https:\\\/\\\/fsc-ccf.ca\\\/wp-content\\\/uploads\\\/2019\\\/08\\\/FSC_logo_colour_rgb_positive_ENG.png\",\"width\":618,\"height\":528,\"caption\":\"Future Skills Centre \u2022 Centre des Comp\u00e9tences futures\"},\"image\":{\"@id\":\"https:\\\/\\\/fsc-ccf.ca\\\/fr\\\/#\\\/schema\\\/logo\\\/image\\\/\"},\"sameAs\":[\"https:\\\/\\\/www.facebook.com\\\/2161871137193201\\\/\",\"https:\\\/\\\/x.com\\\/fsc_ccf_en\",\"https:\\\/\\\/www.instagram.com\\\/fsc_ccf\\\/\",\"https:\\\/\\\/www.linkedin.com\\\/company\\\/fsc-ccf\\\/\"]}]}<\/script>\n<!-- \/ Yoast SEO plugin. -->","yoast_head_json":{"title":"\u00a0Le Centre des Comp\u00e9tences futures participe au unGALA 2025 - Future Skills Centre \u2022 Centre des Comp\u00e9tences futures","robots":{"index":"index","follow":"follow","max-snippet":"max-snippet:-1","max-image-preview":"max-image-preview:large","max-video-preview":"max-video-preview:-1"},"canonical":"https:\/\/fsc-ccf.ca\/fr\/event\/le-centre-des-competences-futures-participe-au-ungala-2025\/","twitter_misc":{"Est. reading time":"1 minute"},"schema":{"@context":"https:\/\/schema.org","@graph":[{"@type":"WebPage","@id":"https:\/\/fsc-ccf.ca\/fr\/event\/le-centre-des-competences-futures-participe-au-ungala-2025\/","url":"https:\/\/fsc-ccf.ca\/fr\/event\/le-centre-des-competences-futures-participe-au-ungala-2025\/","name":"\u00a0Le Centre des Comp\u00e9tences futures participe au unGALA 2025 - Future Skills Centre \u2022 Centre des Comp\u00e9tences futures","isPartOf":{"@id":"https:\/\/fsc-ccf.ca\/fr\/#website"},"datePublished":"2025-01-10T20:21:40+00:00","breadcrumb":{"@id":"https:\/\/fsc-ccf.ca\/fr\/event\/le-centre-des-competences-futures-participe-au-ungala-2025\/#breadcrumb"},"inLanguage":"fr-FR","potentialAction":[{"@type":"ReadAction","target":["https:\/\/fsc-ccf.ca\/fr\/event\/le-centre-des-competences-futures-participe-au-ungala-2025\/"]}]},{"@type":"BreadcrumbList","@id":"https:\/\/fsc-ccf.ca\/fr\/event\/le-centre-des-competences-futures-participe-au-ungala-2025\/#breadcrumb","itemListElement":[{"@type":"ListItem","position":1,"name":"Home","item":"https:\/\/fsc-ccf.ca\/fr\/"},{"@type":"ListItem","position":2,"name":"Events","item":"https:\/\/fsc-ccf.ca\/fr\/event\/"},{"@type":"ListItem","position":3,"name":"\u00a0Le Centre des Comp\u00e9tences futures participe au unGALA 2025"}]},{"@type":"WebSite","@id":"https:\/\/fsc-ccf.ca\/fr\/#website","url":"https:\/\/fsc-ccf.ca\/fr\/","name":"Future Skills Centre \u2022 Centre des Comp\u00e9tences futures","description":"","publisher":{"@id":"https:\/\/fsc-ccf.ca\/fr\/#organization"},"potentialAction":[{"@type":"SearchAction","target":{"@type":"EntryPoint","urlTemplate":"https:\/\/fsc-ccf.ca\/fr\/?s={search_term_string}"},"query-input":{"@type":"PropertyValueSpecification","valueRequired":true,"valueName":"search_term_string"}}],"inLanguage":"fr-FR"},{"@type":"Organization","@id":"https:\/\/fsc-ccf.ca\/fr\/#organization","name":"Future Skills Centre \u2022 Centre des Comp\u00e9tences futures","url":"https:\/\/fsc-ccf.ca\/fr\/","logo":{"@type":"ImageObject","inLanguage":"fr-FR","@id":"https:\/\/fsc-ccf.ca\/fr\/#\/schema\/logo\/image\/","url":"https:\/\/fsc-ccf.ca\/wp-content\/uploads\/2019\/08\/FSC_logo_colour_rgb_positive_ENG.png","contentUrl":"https:\/\/fsc-ccf.ca\/wp-content\/uploads\/2019\/08\/FSC_logo_colour_rgb_positive_ENG.png","width":618,"height":528,"caption":"Future Skills Centre \u2022 Centre des Comp\u00e9tences futures"},"image":{"@id":"https:\/\/fsc-ccf.ca\/fr\/#\/schema\/logo\/image\/"},"sameAs":["https:\/\/www.facebook.com\/2161871137193201\/","https:\/\/x.com\/fsc_ccf_en","https:\/\/www.instagram.com\/fsc_ccf\/","https:\/\/www.linkedin.com\/company\/fsc-ccf\/"]}]}},"_links":{"self":[{"href":"https:\/\/fsc-ccf.ca\/fr\/wp-json\/wp\/v2\/event\/306084","targetHints":{"allow":["GET"]}}],"collection":[{"href":"https:\/\/fsc-ccf.ca\/fr\/wp-json\/wp\/v2\/event"}],"about":[{"href":"https:\/\/fsc-ccf.ca\/fr\/wp-json\/wp\/v2\/types\/event"}],"version-history":[{"count":1,"href":"https:\/\/fsc-ccf.ca\/fr\/wp-json\/wp\/v2\/event\/306084\/revisions"}],"predecessor-version":[{"id":306085,"href":"https:\/\/fsc-ccf.ca\/fr\/wp-json\/wp\/v2\/event\/306084\/revisions\/306085"}],"wp:attachment":[{"href":"https:\/\/fsc-ccf.ca\/fr\/wp-json\/wp\/v2\/media?parent=306084"}],"wp:term":[{"taxonomy":"post_tag","embeddable":true,"href":"https:\/\/fsc-ccf.ca\/fr\/wp-json\/wp\/v2\/tags?post=306084"},{"taxonomy":"region","embeddable":true,"href":"https:\/\/fsc-ccf.ca\/fr\/wp-json\/wp\/v2\/region?post=306084"},{"taxonomy":"populations","embeddable":true,"href":"https:\/\/fsc-ccf.ca\/fr\/wp-json\/wp\/v2\/populations?post=306084"},{"taxonomy":"themes","embeddable":true,"href":"https:\/\/fsc-ccf.ca\/fr\/wp-json\/wp\/v2\/themes?post=306084"}],"curies":[{"name":"wp","href":"https:\/\/api.w.org\/{rel}","templated":true}]}}