			{"id":250557,"date":"2022-09-07T17:49:17","date_gmt":"2022-09-07T21:49:17","guid":{"rendered":"https:\/\/fsc-ccf.ca\/event\/2022-futures-workforce-development-conference\/"},"modified":"2022-09-09T13:49:21","modified_gmt":"2022-09-09T17:49:21","slug":"2022-futures-workforce-development-conference","status":"publish","type":"event","link":"https:\/\/fsc-ccf.ca\/fr\/event\/2022-futures-workforce-development-conference\/","title":{"rendered":"Conf\u00e9rence\u00a02022 sur l\u2019avenir du d\u00e9veloppement de la main-d\u2019\u0153uvre"},"content":{"rendered":"\n<p>Cette ann\u00e9e, la conf\u00e9rence Futures \u00e9tait ax\u00e9e sur le renforcement des fondements de l\u2019inclusion, le d\u00e9veloppement professionnel pour les premi\u00e8res lignes et le partage des meilleures pratiques, avec des pr\u00e9sentations sp\u00e9ciales d\u2019intervenants internationaux. Les participants \u00e0 la conf\u00e9rence se sont r\u00e9unis pendant quatre demi-journ\u00e9es pour d\u00e9couvrir les derni\u00e8res tendances du march\u00e9 du travail, les meilleures pratiques en mati\u00e8re d\u2019engagement et le partage des connaissances pour am\u00e9liorer leur programmation et leur d\u00e9veloppement professionnel. Cet \u00e9v\u00e9nement virtuel a accueilli plus de 300\u00a0participants qui ont pris part \u00e0 des s\u00e9ances, des opportunit\u00e9s de r\u00e9seautage et un hall d\u2019exposition interactif avec des d\u00e9fis de jeux int\u00e9gr\u00e9s dans la conf\u00e9rence.<\/p>\n","protected":false},"excerpt":{"rendered":"<p>Cette ann\u00e9e, la conf\u00e9rence Futures \u00e9tait ax\u00e9e sur le renforcement des fondements de l\u2019inclusion, le d\u00e9veloppement professionnel pour les premi\u00e8res lignes et le partage des meilleures pratiques, avec des pr\u00e9sentations sp\u00e9ciales d\u2019intervenants internationaux. Les participants \u00e0 la conf\u00e9rence se sont r\u00e9unis pendant quatre demi-journ\u00e9es pour d\u00e9couvrir les derni\u00e8res tendances du march\u00e9 du travail, les meilleures pratiques en mati\u00e8re d\u2019engagement et le partage des connaissances pour am\u00e9liorer leur programmation et leur d\u00e9veloppement professionnel. Cet \u00e9v\u00e9nement virtuel a accueilli plus de 300 participants qui ont pris part \u00e0 des s\u00e9ances, des opportunit\u00e9s de r\u00e9seautage et un hall d\u2019exposition interactif avec des d\u00e9fis de jeux int\u00e9gr\u00e9s dans la conf\u00e9rence.<\/p>\n","protected":false},"menu_order":0,"template":"","tags":[1560],"region":[],"populations":[],"themes":[1553],"class_list":["post-250557","event","type-event","status-publish","hentry","tag-labour-market-and-skills-information-fr","themes-parcours-vers-lemploi"],"acf":{"event_location":"Blue Mountain, ON","event_contact_name":"","event_contact_email":"","event_link":"https:\/\/firstwork.org\/futures-2022\/","event_organizer":"First Work","fsc_event":false,"start_date":"20221026","end_date":"20221028","thumbnail_image":{"ID":250445,"id":250445,"title":"futures_2022_website_header_2-1","filename":"futures_2022_website_header_2-1.jpeg","filesize":137788,"url":"https:\/\/fsc-ccf.ca\/wp-content\/uploads\/2022\/09\/futures_2022_website_header_2-1.jpeg","link":"https:\/\/fsc-ccf.ca\/fr\/event\/2022-futures-workforce-development-conference\/futures_2022_website_header_2-1-2\/","alt":"","author":"1","description":"","caption":"","name":"futures_2022_website_header_2-1-2","status":"inherit","uploaded_to":250557,"date":"2022-09-07 21:49:09","modified":"2022-09-07 21:49:09","menu_order":0,"mime_type":"image\/jpeg","type":"image","subtype":"jpeg","icon":"https:\/\/fsc-ccf.ca\/wp-includes\/images\/media\/default.png","width":2560,"height":864,"sizes":{"thumbnail":"https:\/\/fsc-ccf.ca\/wp-content\/uploads\/2022\/09\/futures_2022_website_header_2-1-150x150.jpeg","thumbnail-width":150,"thumbnail-height":150,"medium":"https:\/\/fsc-ccf.ca\/wp-content\/uploads\/2022\/09\/futures_2022_website_header_2-1-300x101.jpeg","medium-width":300,"medium-height":101,"medium_large":"https:\/\/fsc-ccf.ca\/wp-content\/uploads\/2022\/09\/futures_2022_website_header_2-1-768x259.jpeg","medium_large-width":768,"medium_large-height":259,"large":"https:\/\/fsc-ccf.ca\/wp-content\/uploads\/2022\/09\/futures_2022_website_header_2-1-1024x346.jpeg","large-width":1024,"large-height":346,"1536x1536":"https:\/\/fsc-ccf.ca\/wp-content\/uploads\/2022\/09\/futures_2022_website_header_2-1-1536x518.jpeg","1536x1536-width":1536,"1536x1536-height":518,"2048x2048":"https:\/\/fsc-ccf.ca\/wp-content\/uploads\/2022\/09\/futures_2022_website_header_2-1-2048x691.jpeg","2048x2048-width":2048,"2048x2048-height":691,"preview":"https:\/\/fsc-ccf.ca\/wp-content\/uploads\/2022\/09\/futures_2022_website_header_2-1-10x3.jpeg","preview-width":10,"preview-height":3,"content-card-thumbnail":"https:\/\/fsc-ccf.ca\/wp-content\/uploads\/2022\/09\/futures_2022_website_header_2-1-800x600.jpeg","content-card-thumbnail-width":800,"content-card-thumbnail-height":600,"slider-image":"https:\/\/fsc-ccf.ca\/wp-content\/uploads\/2022\/09\/futures_2022_website_header_2-1-1600x864.jpeg","slider-image-width":1600,"slider-image-height":864,"hero-image":"https:\/\/fsc-ccf.ca\/wp-content\/uploads\/2022\/09\/futures_2022_website_header_2-1-2000x675.jpeg","hero-image-width":2000,"hero-image-height":675,"inline-image":"https:\/\/fsc-ccf.ca\/wp-content\/uploads\/2022\/09\/futures_2022_website_header_2-1-1024x512.jpeg","inline-image-width":1024,"inline-image-height":512,"content-card-thumbnail-vertical":"https:\/\/fsc-ccf.ca\/wp-content\/uploads\/2022\/09\/futures_2022_website_header_2-1-400x600.jpeg","content-card-thumbnail-vertical-width":400,"content-card-thumbnail-vertical-height":600}},"slider_image":false},"yoast_head":"<!-- This site is optimized with the Yoast SEO plugin v27.4 - https:\/\/yoast.com\/product\/yoast-seo-wordpress\/ -->\n<title>Conf\u00e9rence\u00a02022 sur l\u2019avenir du d\u00e9veloppement de la main-d\u2019\u0153uvre - Future Skills Centre \u2022 Centre des Comp\u00e9tences futures<\/title>\n<meta name=\"robots\" content=\"index, follow, max-snippet:-1, max-image-preview:large, max-video-preview:-1\" \/>\n<link rel=\"canonical\" href=\"https:\/\/fsc-ccf.ca\/fr\/event\/2022-futures-workforce-development-conference\/\" \/>\n<meta name=\"twitter:label1\" content=\"Est. reading time\" \/>\n\t<meta name=\"twitter:data1\" content=\"1 minute\" \/>\n<script type=\"application\/ld+json\" class=\"yoast-schema-graph\">{\"@context\":\"https:\\\/\\\/schema.org\",\"@graph\":[{\"@type\":\"WebPage\",\"@id\":\"https:\\\/\\\/fsc-ccf.ca\\\/fr\\\/event\\\/2022-futures-workforce-development-conference\\\/\",\"url\":\"https:\\\/\\\/fsc-ccf.ca\\\/fr\\\/event\\\/2022-futures-workforce-development-conference\\\/\",\"name\":\"Conf\u00e9rence\u00a02022 sur l\u2019avenir du d\u00e9veloppement de la main-d\u2019\u0153uvre - Future Skills Centre \u2022 Centre des Comp\u00e9tences futures\",\"isPartOf\":{\"@id\":\"https:\\\/\\\/fsc-ccf.ca\\\/fr\\\/#website\"},\"datePublished\":\"2022-09-07T21:49:17+00:00\",\"dateModified\":\"2022-09-09T17:49:21+00:00\",\"breadcrumb\":{\"@id\":\"https:\\\/\\\/fsc-ccf.ca\\\/fr\\\/event\\\/2022-futures-workforce-development-conference\\\/#breadcrumb\"},\"inLanguage\":\"fr-FR\",\"potentialAction\":[{\"@type\":\"ReadAction\",\"target\":[\"https:\\\/\\\/fsc-ccf.ca\\\/fr\\\/event\\\/2022-futures-workforce-development-conference\\\/\"]}]},{\"@type\":\"BreadcrumbList\",\"@id\":\"https:\\\/\\\/fsc-ccf.ca\\\/fr\\\/event\\\/2022-futures-workforce-development-conference\\\/#breadcrumb\",\"itemListElement\":[{\"@type\":\"ListItem\",\"position\":1,\"name\":\"Home\",\"item\":\"https:\\\/\\\/fsc-ccf.ca\\\/fr\\\/\"},{\"@type\":\"ListItem\",\"position\":2,\"name\":\"Events\",\"item\":\"https:\\\/\\\/fsc-ccf.ca\\\/fr\\\/event\\\/\"},{\"@type\":\"ListItem\",\"position\":3,\"name\":\"Conf\u00e9rence\u00a02022 sur l\u2019avenir du d\u00e9veloppement de la main-d\u2019\u0153uvre\"}]},{\"@type\":\"WebSite\",\"@id\":\"https:\\\/\\\/fsc-ccf.ca\\\/fr\\\/#website\",\"url\":\"https:\\\/\\\/fsc-ccf.ca\\\/fr\\\/\",\"name\":\"Future Skills Centre \u2022 Centre des Comp\u00e9tences futures\",\"description\":\"\",\"publisher\":{\"@id\":\"https:\\\/\\\/fsc-ccf.ca\\\/fr\\\/#organization\"},\"potentialAction\":[{\"@type\":\"SearchAction\",\"target\":{\"@type\":\"EntryPoint\",\"urlTemplate\":\"https:\\\/\\\/fsc-ccf.ca\\\/fr\\\/?s={search_term_string}\"},\"query-input\":{\"@type\":\"PropertyValueSpecification\",\"valueRequired\":true,\"valueName\":\"search_term_string\"}}],\"inLanguage\":\"fr-FR\"},{\"@type\":\"Organization\",\"@id\":\"https:\\\/\\\/fsc-ccf.ca\\\/fr\\\/#organization\",\"name\":\"Future Skills Centre \u2022 Centre des Comp\u00e9tences futures\",\"url\":\"https:\\\/\\\/fsc-ccf.ca\\\/fr\\\/\",\"logo\":{\"@type\":\"ImageObject\",\"inLanguage\":\"fr-FR\",\"@id\":\"https:\\\/\\\/fsc-ccf.ca\\\/fr\\\/#\\\/schema\\\/logo\\\/image\\\/\",\"url\":\"https:\\\/\\\/fsc-ccf.ca\\\/wp-content\\\/uploads\\\/2019\\\/08\\\/FSC_logo_colour_rgb_positive_ENG.png\",\"contentUrl\":\"https:\\\/\\\/fsc-ccf.ca\\\/wp-content\\\/uploads\\\/2019\\\/08\\\/FSC_logo_colour_rgb_positive_ENG.png\",\"width\":618,\"height\":528,\"caption\":\"Future Skills Centre \u2022 Centre des Comp\u00e9tences futures\"},\"image\":{\"@id\":\"https:\\\/\\\/fsc-ccf.ca\\\/fr\\\/#\\\/schema\\\/logo\\\/image\\\/\"},\"sameAs\":[\"https:\\\/\\\/www.facebook.com\\\/2161871137193201\\\/\",\"https:\\\/\\\/x.com\\\/fsc_ccf_en\",\"https:\\\/\\\/www.instagram.com\\\/fsc_ccf\\\/\",\"https:\\\/\\\/www.linkedin.com\\\/company\\\/fsc-ccf\\\/\"]}]}<\/script>\n<!-- \/ Yoast SEO plugin. -->","yoast_head_json":{"title":"Conf\u00e9rence\u00a02022 sur l\u2019avenir du d\u00e9veloppement de la main-d\u2019\u0153uvre - Future Skills Centre \u2022 Centre des Comp\u00e9tences futures","robots":{"index":"index","follow":"follow","max-snippet":"max-snippet:-1","max-image-preview":"max-image-preview:large","max-video-preview":"max-video-preview:-1"},"canonical":"https:\/\/fsc-ccf.ca\/fr\/event\/2022-futures-workforce-development-conference\/","twitter_misc":{"Est. reading time":"1 minute"},"schema":{"@context":"https:\/\/schema.org","@graph":[{"@type":"WebPage","@id":"https:\/\/fsc-ccf.ca\/fr\/event\/2022-futures-workforce-development-conference\/","url":"https:\/\/fsc-ccf.ca\/fr\/event\/2022-futures-workforce-development-conference\/","name":"Conf\u00e9rence\u00a02022 sur l\u2019avenir du d\u00e9veloppement de la main-d\u2019\u0153uvre - Future Skills Centre \u2022 Centre des Comp\u00e9tences futures","isPartOf":{"@id":"https:\/\/fsc-ccf.ca\/fr\/#website"},"datePublished":"2022-09-07T21:49:17+00:00","dateModified":"2022-09-09T17:49:21+00:00","breadcrumb":{"@id":"https:\/\/fsc-ccf.ca\/fr\/event\/2022-futures-workforce-development-conference\/#breadcrumb"},"inLanguage":"fr-FR","potentialAction":[{"@type":"ReadAction","target":["https:\/\/fsc-ccf.ca\/fr\/event\/2022-futures-workforce-development-conference\/"]}]},{"@type":"BreadcrumbList","@id":"https:\/\/fsc-ccf.ca\/fr\/event\/2022-futures-workforce-development-conference\/#breadcrumb","itemListElement":[{"@type":"ListItem","position":1,"name":"Home","item":"https:\/\/fsc-ccf.ca\/fr\/"},{"@type":"ListItem","position":2,"name":"Events","item":"https:\/\/fsc-ccf.ca\/fr\/event\/"},{"@type":"ListItem","position":3,"name":"Conf\u00e9rence\u00a02022 sur l\u2019avenir du d\u00e9veloppement de la main-d\u2019\u0153uvre"}]},{"@type":"WebSite","@id":"https:\/\/fsc-ccf.ca\/fr\/#website","url":"https:\/\/fsc-ccf.ca\/fr\/","name":"Future Skills Centre \u2022 Centre des Comp\u00e9tences futures","description":"","publisher":{"@id":"https:\/\/fsc-ccf.ca\/fr\/#organization"},"potentialAction":[{"@type":"SearchAction","target":{"@type":"EntryPoint","urlTemplate":"https:\/\/fsc-ccf.ca\/fr\/?s={search_term_string}"},"query-input":{"@type":"PropertyValueSpecification","valueRequired":true,"valueName":"search_term_string"}}],"inLanguage":"fr-FR"},{"@type":"Organization","@id":"https:\/\/fsc-ccf.ca\/fr\/#organization","name":"Future Skills Centre \u2022 Centre des Comp\u00e9tences futures","url":"https:\/\/fsc-ccf.ca\/fr\/","logo":{"@type":"ImageObject","inLanguage":"fr-FR","@id":"https:\/\/fsc-ccf.ca\/fr\/#\/schema\/logo\/image\/","url":"https:\/\/fsc-ccf.ca\/wp-content\/uploads\/2019\/08\/FSC_logo_colour_rgb_positive_ENG.png","contentUrl":"https:\/\/fsc-ccf.ca\/wp-content\/uploads\/2019\/08\/FSC_logo_colour_rgb_positive_ENG.png","width":618,"height":528,"caption":"Future Skills Centre \u2022 Centre des Comp\u00e9tences futures"},"image":{"@id":"https:\/\/fsc-ccf.ca\/fr\/#\/schema\/logo\/image\/"},"sameAs":["https:\/\/www.facebook.com\/2161871137193201\/","https:\/\/x.com\/fsc_ccf_en","https:\/\/www.instagram.com\/fsc_ccf\/","https:\/\/www.linkedin.com\/company\/fsc-ccf\/"]}]}},"_links":{"self":[{"href":"https:\/\/fsc-ccf.ca\/fr\/wp-json\/wp\/v2\/event\/250557","targetHints":{"allow":["GET"]}}],"collection":[{"href":"https:\/\/fsc-ccf.ca\/fr\/wp-json\/wp\/v2\/event"}],"about":[{"href":"https:\/\/fsc-ccf.ca\/fr\/wp-json\/wp\/v2\/types\/event"}],"version-history":[{"count":2,"href":"https:\/\/fsc-ccf.ca\/fr\/wp-json\/wp\/v2\/event\/250557\/revisions"}],"predecessor-version":[{"id":250599,"href":"https:\/\/fsc-ccf.ca\/fr\/wp-json\/wp\/v2\/event\/250557\/revisions\/250599"}],"wp:attachment":[{"href":"https:\/\/fsc-ccf.ca\/fr\/wp-json\/wp\/v2\/media?parent=250557"}],"wp:term":[{"taxonomy":"post_tag","embeddable":true,"href":"https:\/\/fsc-ccf.ca\/fr\/wp-json\/wp\/v2\/tags?post=250557"},{"taxonomy":"region","embeddable":true,"href":"https:\/\/fsc-ccf.ca\/fr\/wp-json\/wp\/v2\/region?post=250557"},{"taxonomy":"populations","embeddable":true,"href":"https:\/\/fsc-ccf.ca\/fr\/wp-json\/wp\/v2\/populations?post=250557"},{"taxonomy":"themes","embeddable":true,"href":"https:\/\/fsc-ccf.ca\/fr\/wp-json\/wp\/v2\/themes?post=250557"}],"curies":[{"name":"wp","href":"https:\/\/api.w.org\/{rel}","templated":true}]}}